{"id":19586,"date":"2025-03-07T11:00:17","date_gmt":"2025-03-07T16:00:17","guid":{"rendered":"https:\/\/mathmatters.cms.math.ca\/issue\/numero-du-7-mars-2025\/"},"modified":"2025-03-07T11:00:56","modified_gmt":"2025-03-07T16:00:56","slug":"numero-du-7-mars-2025","status":"publish","type":"issue","link":"https:\/\/mathmatters.cms.math.ca\/fr\/numero\/numero-du-7-mars-2025\/","title":{"rendered":"Num\u00e9ro du 7 mars 2025"},"content":{"rendered":"\t\t<div data-elementor-type=\"wp-post\" data-elementor-id=\"19586\" class=\"elementor elementor-19586 elementor-19538\" data-elementor-post-type=\"issue\">\n\t\t\t\t\t\t<section class=\"elementor-section elementor-top-section elementor-element elementor-element-82893cb elementor-section-boxed elementor-section-height-default elementor-section-height-default\" data-id=\"82893cb\" data-element_type=\"section\">\n\t\t\t\t\t\t<div class=\"elementor-container elementor-column-gap-default\">\n\t\t\t\t\t<div class=\"elementor-column elementor-col-100 elementor-top-column elementor-element elementor-element-25775c7\" data-id=\"25775c7\" data-element_type=\"column\">\n\t\t\t<div class=\"elementor-widget-wrap elementor-element-populated\">\n\t\t\t\t\t\t<div class=\"elementor-element elementor-element-1801f8a elementor-widget elementor-widget-shortcode\" data-id=\"1801f8a\" data-element_type=\"widget\" data-widget_type=\"shortcode.default\">\n\t\t\t\t<div class=\"elementor-widget-container\">\n\t\t\t\t\t\t\t<div class=\"elementor-shortcode\"><div class='notes_render_toc notes_noprint notes_toc_style_1' style='' id='notes_toc'>\n<div class='notes_toc_top_fade'><\/div>\n<div class='notes_toc_top_bar'>\n  <div class='notes_toc_title'>Table des mati\u00e8res<\/div>\n  <div class='notes_toc_issuedata'>\nNum\u00e9ro du 7 mars 2025 : tome&nbsp;2,&nbsp;no.&nbsp;9  <\/div>\n<\/div>\n<div class='notes_clearboth notes_topborder'><\/div>\n<div class='notes_toc_body'>\n  <div class='notes_toc_articles'>\n    <div class='notes_toc_article'>\n      <div class='notes_toc_section_name'>Communiqu\u00e9<\/div>\n      <div class='notes_toc_article_row'>\n        <div class='notes_toc_article_pdf'>\n        <\/div>\n        <a class='notes_toc_article_title_link' href='https:\/\/mathmatters.cms.math.ca\/fr\/article\/nouveaute-la-dre-emmy-murphy-recoit-le-prix-krieger-nelson-2025\/'>NOUVEAUT\u00c9\u00a0: La Dre Emmy Murphy re\u00e7oit le prix Krieger-Nelson 2025<\/a>      <\/div>\n    <\/div>\n    <div class='notes_toc_article'>\n      <div class='notes_toc_section_name'>R\u00e9unions de la SMC<\/div>\n      <div class='notes_toc_article_row'>\n        <div class='notes_toc_article_pdf'>\n        <\/div>\n        <a class='notes_toc_article_title_link' href='https:\/\/mathmatters.cms.math.ca\/fr\/article\/nouveaute-reunion-dete-2025-de-la-smc-6-9-juin-les-inscriptions-sont-ouvertes\/'>R\u00e9union d'\u00e9t\u00e9 2025 de la SMC, 6-9 juin | Les inscriptions sont ouvertes !<\/a>      <\/div>\n    <\/div>\n    <div class='notes_toc_article'>\n      <div class='notes_toc_article_row'>\n        <div class='notes_toc_article_pdf'>\n        <\/div>\n        <a class='notes_toc_article_title_link' href='https:\/\/mathmatters.cms.math.ca\/fr\/article\/nouveaute-reunion-dete-2025-de-la-smc-reservez-la-date\/'>R\u00e9union d'\u00e9t\u00e9 2025 de la SMC, 6-9 juin | R\u00e9servez la date!<\/a>      <\/div>\n    <\/div>\n    <div class='notes_toc_article'>\n      <div class='notes_toc_article_row'>\n        <div class='notes_toc_article_pdf'>\n        <\/div>\n        <a class='notes_toc_article_title_link' href='https:\/\/mathmatters.cms.math.ca\/fr\/article\/nouveaute-reunion-dete-2025-de-la-smc-appel-aux-sessions\/'>R\u00e9union d'et\u00e9 2025 de la SMC | Appel aux sessions scientifiques<\/a>      <\/div>\n    <\/div>\n    <div class='notes_toc_article'>\n      <div class='notes_toc_article_row'>\n        <div class='notes_toc_article_pdf'>\n        <\/div>\n        <a class='notes_toc_article_title_link' href='https:\/\/mathmatters.cms.math.ca\/fr\/article\/appel-aux-mini-cours\/'>R\u00e9union d'et\u00e9 2025 de la SMC | Appel aux mini-cours<\/a>      <\/div>\n    <\/div>\n    <div class='notes_toc_article'>\n      <div class='notes_toc_article_row'>\n        <div class='notes_toc_article_pdf'>\n        <\/div>\n        <a class='notes_toc_article_title_link' href='https:\/\/mathmatters.cms.math.ca\/fr\/article\/appel-aux-sessions-deducation\/'>R\u00e9union d'et\u00e9 2025 de la SMC | Appel aux sessions d'\u00e9ducation<\/a>      <\/div>\n    <\/div>\n    <div class='notes_toc_article'>\n      <div class='notes_toc_section_name'>Annonces<\/div>\n      <div class='notes_toc_article_row'>\n        <div class='notes_toc_article_pdf'>\n        <\/div>\n        <a class='notes_toc_article_title_link' href='https:\/\/mathmatters.cms.math.ca\/fr\/article\/nouveaute-comc-competitor-named-ellison-scholar\/'>NOUVEAUT\u00c9\u00a0: COMC Competitor named Ellison Scholar<\/a> <span class='notes_toc_author_name'>&mdash;&nbsp;Ellison Institute of Technology (EIT)<\/span>      <\/div>\n    <\/div>\n    <div class='notes_toc_article'>\n      <div class='notes_toc_article_row'>\n        <div class='notes_toc_article_pdf'>\n        <\/div>\n        <a class='notes_toc_article_title_link' href='https:\/\/mathmatters.cms.math.ca\/fr\/article\/nouveaute-exciting-summer-research-opportunity-for-undergraduate-students-in-statistical-sciences\/'>NOUVEAUT\u00c9\u00a0: Exciting Summer Research Opportunity for Undergraduate Students in Statistical Sciences<\/a> <span class='notes_toc_author_name'>&mdash;&nbsp;Kal Romain<\/span>      <\/div>\n    <\/div>\n    <div class='notes_toc_article'>\n      <div class='notes_toc_article_row'>\n        <div class='notes_toc_article_pdf'>\n        <\/div>\n        <a class='notes_toc_article_title_link' href='https:\/\/mathmatters.cms.math.ca\/fr\/article\/poste-postdoctoral-a-luniversite-laval\/'>Poste postdoctoral \u00e0 l'Universit\u00e9 Laval<\/a> <span class='notes_toc_author_name'>&mdash;&nbsp;Universit\u00e9 Laval<\/span>      <\/div>\n    <\/div>\n    <div class='notes_toc_article'>\n      <div class='notes_toc_article_row'>\n        <div class='notes_toc_article_pdf'>\n        <\/div>\n        <a class='notes_toc_article_title_link' href='https:\/\/mathmatters.cms.math.ca\/fr\/article\/nouveaute-mathematics-and-related-books-for-sale\/'>Mathematics and related books for sale<\/a> <span class='notes_toc_author_name'>&mdash;&nbsp;Karl Dilcher<\/span>      <\/div>\n    <\/div>\n    <div class='notes_toc_article'>\n      <div class='notes_toc_article_row'>\n        <div class='notes_toc_article_pdf'>\n        <\/div>\n        <a class='notes_toc_article_title_link' href='https:\/\/mathmatters.cms.math.ca\/fr\/article\/nouveaute-canadam-2025\/'>CanaDam 2025 - Inscriptions maintenant ouvertes!<\/a>      <\/div>\n    <\/div>\n    <div class='notes_toc_article'>\n      <div class='notes_toc_section_name'>Appel de mises en candidature<\/div>\n      <div class='notes_toc_article_row'>\n        <div class='notes_toc_article_pdf'>\n        <\/div>\n        <a class='notes_toc_article_title_link' href='https:\/\/mathmatters.cms.math.ca\/fr\/article\/nouveaute-appel-aux-mises-en-nomination-prix-adrien-pouliot-2025-date-limite-31-mars-2025\/'>Appel aux mises en nomination : Prix Adrien Pouliot 2025 | date limite 30 avril, 2025<\/a>      <\/div>\n    <\/div>\n    <div class='notes_toc_article'>\n      <div class='notes_toc_article_row'>\n        <div class='notes_toc_article_pdf'>\n        <\/div>\n        <a class='notes_toc_article_title_link' href='https:\/\/mathmatters.cms.math.ca\/fr\/article\/nouveaute-appel-aux-mises-en-nominations-fellows-de-la-smc-2025-date-limite-31-mars-2025\/'>Appel aux mises en nominations : Fellows de la SMC 2025 | date limite 31 mars, 2025<\/a>      <\/div>\n    <\/div>\n    <div class='notes_toc_article'>\n      <div class='notes_toc_article_row'>\n        <div class='notes_toc_article_pdf'>\n        <\/div>\n        <a class='notes_toc_article_title_link' href='https:\/\/mathmatters.cms.math.ca\/fr\/article\/nouveaute-appel-aux-mises-en-nomination-prix-graham-wright-pour-service-meritoire-2025\/'>Appel aux mises en nomination : Prix Graham Wright pour service m\u00e9ritoire 2025 | date limite 31 mars<\/a>      <\/div>\n    <\/div>\n    <div class='notes_toc_article'>\n      <div class='notes_toc_section_name'>Annonces<\/div>\n      <div class='notes_toc_article_row'>\n        <div class='notes_toc_article_pdf'>\n        <\/div>\n        <a class='notes_toc_article_title_link' href='https:\/\/mathmatters.cms.math.ca\/fr\/article\/camp-de-maths-dete-du-smc-2025-les-inscriptions-sont-ouvertes\/'>Camp d'\u00e9t\u00e9 de math\u00e9matiques 2026 de la SMC | Les inscriptions sont ouvertes<\/a>      <\/div>\n    <\/div>\n    <div class='notes_toc_article'>\n      <div class='notes_toc_section_name'>Appel de mises en candidature<\/div>\n      <div class='notes_toc_article_row'>\n        <div class='notes_toc_article_pdf'>\n        <\/div>\n        <a class='notes_toc_article_title_link' href='https:\/\/mathmatters.cms.math.ca\/fr\/article\/nouveaute-appel-du-comite-des-prix-internationaux\/'>Appel du Comit\u00e9 des prix internationaux<\/a> <span class='notes_toc_author_name'>&mdash;&nbsp;Javad Mashreghi<\/span>      <\/div>\n    <\/div>\n    <div class='notes_toc_article'>\n      <div class='notes_toc_article_row'>\n        <div class='notes_toc_article_pdf'>\n        <\/div>\n        <a class='notes_toc_article_title_link' href='https:\/\/mathmatters.cms.math.ca\/fr\/article\/nouveaute-appel-aux-candidatures-redacteur-en-chef-rec-crux-mathematicorum\/'>Appel aux mises en nomination : R\u00e9dacteur en chef (REC), Crux Mathematicorum | date limite 15 juillet<\/a>      <\/div>\n    <\/div>\n    <div class='notes_toc_article'>\n      <div class='notes_toc_section_name'>Comit\u00e9 \u00e9tudiant de la SMC<\/div>\n      <div class='notes_toc_article_row'>\n        <div class='notes_toc_article_pdf'>\n        <\/div>\n        <a class='notes_toc_article_title_link' href='https:\/\/mathmatters.cms.math.ca\/fr\/article\/nouveaute-hote-de-la-cumc-2025\/'>H\u00f4te de la CUMC 2025 !<\/a> <span class='notes_toc_author_name'>&mdash;&nbsp;Student Committee of the CMS<\/span>      <\/div>\n    <\/div>\n    <div class='notes_toc_article'>\n      <div class='notes_toc_article_row'>\n        <div class='notes_toc_article_pdf'>\n        <\/div>\n        <a class='notes_toc_article_title_link' href='https:\/\/mathmatters.cms.math.ca\/fr\/article\/nouveaute-appel-a-soumission-notes-from-the-margin\/'>Appel \u00e0 soumission - Notes from the Margin<\/a> <span class='notes_toc_author_name'>&mdash;&nbsp;J\u00e9r\u00e9my Champagne<\/span>      <\/div>\n    <\/div>\n    <div class='notes_toc_article'>\n      <div class='notes_toc_section_name'>CMS Student Committee<\/div>\n      <div class='notes_toc_article_row'>\n        <div class='notes_toc_article_pdf'>\n        <\/div>\n        <a class='notes_toc_article_title_link' href='https:\/\/mathmatters.cms.math.ca\/fr\/article\/studc-connect-with-us-on-discord\/'>Connect with us on Discord!<\/a> <span class='notes_toc_author_name'>&mdash;&nbsp;Student Committee of the CMS<\/span>      <\/div>\n    <\/div>\n    <div class='notes_toc_article'>\n      <div class='notes_toc_section_name'>Comit\u00e9 \u00e9tudiant de la SMC<\/div>\n      <div class='notes_toc_article_row'>\n        <div class='notes_toc_article_pdf'>\n        <\/div>\n        <a class='notes_toc_article_title_link' href='https:\/\/mathmatters.cms.math.ca\/fr\/article\/nouveaute-conferences-etudiantes\/'>Conf\u00e9rences \u00e9tudiantes<\/a> <span class='notes_toc_author_name'>&mdash;&nbsp;Student Committee of the CMS<\/span>      <\/div>\n    <\/div>\n<\/div>\n<\/div>\n<div class='notes_toc_bottom_fade'><\/div>\n<\/div>\n<\/div>\n\t\t\t\t\t\t<\/div>\n\t\t\t\t<\/div>\n\t\t\t\t\t<\/div>\n\t\t<\/div>\n\t\t\t\t\t<\/div>\n\t\t<\/section>\n\t\t\t\t<\/div>\n\t\t","protected":false},"parent":0,"menu_order":0,"template":"","class_list":["post-19586","issue","type-issue","status-publish","hentry"],"toolset-meta":{"field-group-for-issues":{"volume-number":{"type":"numeric","raw":"2"},"issue-number":{"type":"numeric","raw":"9"},"issue-month-number":{"type":"numeric","raw":"3"},"embargo-date":{"type":"date","raw":"","formatted":null},"issue-pdf":{"type":"file","raw":"","attachment_id":null}}},"_links":{"self":[{"href":"https:\/\/mathmatters.cms.math.ca\/fr\/wp-json\/wp\/v2\/issue\/19586","targetHints":{"allow":["GET"]}}],"collection":[{"href":"https:\/\/mathmatters.cms.math.ca\/fr\/wp-json\/wp\/v2\/issue"}],"about":[{"href":"https:\/\/mathmatters.cms.math.ca\/fr\/wp-json\/wp\/v2\/types\/issue"}],"version-history":[{"count":1,"href":"https:\/\/mathmatters.cms.math.ca\/fr\/wp-json\/wp\/v2\/issue\/19586\/revisions"}],"predecessor-version":[{"id":19587,"href":"https:\/\/mathmatters.cms.math.ca\/fr\/wp-json\/wp\/v2\/issue\/19586\/revisions\/19587"}],"wp:attachment":[{"href":"https:\/\/mathmatters.cms.math.ca\/fr\/wp-json\/wp\/v2\/media?parent=19586"}],"curies":[{"name":"wp","href":"https:\/\/api.w.org\/{rel}","templated":true}]}}