{"id":1671,"date":"2020-01-23T20:42:16","date_gmt":"2020-01-24T01:42:16","guid":{"rendered":"https:\/\/newsletter.cms.math.ca\/?page_id=1671"},"modified":"2024-03-27T15:03:28","modified_gmt":"2024-03-27T19:03:28","slug":"numeros","status":"publish","type":"page","link":"https:\/\/mathmatters.cms.math.ca\/fr\/numeros\/","title":{"rendered":"Num\u00e9ros"},"content":{"rendered":"\t\t<div data-elementor-type=\"wp-page\" data-elementor-id=\"1671\" class=\"elementor elementor-1671 elementor-366\" data-elementor-post-type=\"page\">\n\t\t\t\t\t\t<section class=\"elementor-section elementor-top-section elementor-element elementor-element-47dab6c elementor-section-boxed elementor-section-height-default elementor-section-height-default\" data-id=\"47dab6c\" data-element_type=\"section\">\n\t\t\t\t\t\t<div class=\"elementor-container elementor-column-gap-default\">\n\t\t\t\t\t<div class=\"elementor-column elementor-col-100 elementor-top-column elementor-element elementor-element-af5ccb5\" data-id=\"af5ccb5\" data-element_type=\"column\">\n\t\t\t<div class=\"elementor-widget-wrap elementor-element-populated\">\n\t\t\t\t\t\t<div class=\"elementor-element elementor-element-2c9c3dd elementor-widget elementor-widget-heading\" data-id=\"2c9c3dd\" data-element_type=\"widget\" data-widget_type=\"heading.default\">\n\t\t\t\t<div class=\"elementor-widget-container\">\n\t\t\t\t\t<h2 class=\"elementor-heading-title elementor-size-default\">Num\u00e9ros r\u00e9cents<\/h2>\t\t\t\t<\/div>\n\t\t\t\t<\/div>\n\t\t\t\t\t<\/div>\n\t\t<\/div>\n\t\t\t\t\t<\/div>\n\t\t<\/section>\n\t\t\t\t<section class=\"elementor-section elementor-top-section elementor-element elementor-element-6c5e889 elementor-section-boxed elementor-section-height-default elementor-section-height-default\" data-id=\"6c5e889\" data-element_type=\"section\">\n\t\t\t\t\t\t<div class=\"elementor-container elementor-column-gap-default\">\n\t\t\t\t\t<div class=\"elementor-column elementor-col-100 elementor-top-column elementor-element elementor-element-cd4cdc1\" data-id=\"cd4cdc1\" data-element_type=\"column\">\n\t\t\t<div class=\"elementor-widget-wrap elementor-element-populated\">\n\t\t\t\t\t\t<div class=\"elementor-element elementor-element-ad8c3ca elementor-widget elementor-widget-shortcode\" data-id=\"ad8c3ca\" data-element_type=\"widget\" id=\"notes_issues_dynamic\" data-widget_type=\"shortcode.default\">\n\t\t\t\t<div class=\"elementor-widget-container\">\n\t\t\t\t\t\t\t<div class=\"elementor-shortcode\"><div class='notes_issues_volident' id='notes_issues_volident_3'><a href='javascript:void(0);' title=\"afficher\/masquer le contenu\" onclick='notes_issues_vol_vh(3)'><img src='\/wp-content\/uploads\/2020\/01\/folder-closed.png' alt='afficher' class='notes_issues_toggles' id='notes_issues_toggle_show_3' style='display:none;'><img src='\/wp-content\/uploads\/2020\/01\/folder-open.png' alt='masquer' class='notes_issues_toggles' id='notes_issues_toggle_hide_3' >2026 - tome&nbsp;3   <\/a><\/div>\n  <div class='notes_issues_volcontents' id='notes_issues_volcontents_3'>\n  <div class='notes_issues_issident' id='notes_issues_issident_3_17'><a href='javascript:void(0);' title=\"afficher\/masquer le contenu\" onclick='notes_issues_iss_vh(3, 17)'><img src='\/wp-content\/uploads\/2020\/01\/folder-closed.png' alt='afficher' class='notes_issues_toggles' id='notes_issues_toggle_show_3_17' style='display:none;'><img src='\/wp-content\/uploads\/2020\/01\/folder-open.png' alt='masquer' class='notes_issues_toggles' id='notes_issues_toggle_hide_3_17' >[17] Num\u00e9ro du 1 mai 2026<\/a>\n<\/div>\n    <div class='notes_issues_isscontents' id='notes_issues_isscontents_3_17'>\n<div class='notes_render_toc notes_noprint notes_toc_style_2' style='' id='notes_toc'>\n<div class='notes_toc_body'>\n  <div class='notes_toc_articles'>\n    <div class='notes_toc_article'>\n      <div class='notes_toc_section_name'>R\u00e9unions de la SMC<\/div>\n      <div class='notes_toc_article_row'>\n        <div class='notes_toc_article_pdf'>\n        <\/div>\n        <a class='notes_toc_article_title_link' href='https:\/\/mathmatters.cms.math.ca\/fr\/article\/nouveaute-reunion-dete-2026-de-la-smc-5-8-juin-les-inscriptions-sont-maintenant-ouvertes\/'>R\u00e9union d\u2019\u00e9t\u00e9 2026 de la SMC, 5-8 juin | Les inscriptions sont maintenant ouvertes !<\/a>      <\/div>\n    <\/div>\n    <div class='notes_toc_article'>\n      <div class='notes_toc_article_row'>\n        <div class='notes_toc_article_pdf'>\n        <\/div>\n        <a class='notes_toc_article_title_link' href='https:\/\/mathmatters.cms.math.ca\/fr\/article\/reunion-dete-2026-de-la-smc-5-8-juin-appel-aux-orateurs\/'>R\u00e9union d\u2019\u00e9t\u00e9 2026 de la SMC, 5-8 juin | Appel aux orateurs<\/a>      <\/div>\n    <\/div>\n    <div class='notes_toc_article'>\n      <div class='notes_toc_section_name'>CMS Meetings<\/div>\n      <div class='notes_toc_article_row'>\n        <div class='notes_toc_article_pdf'>\n        <\/div>\n        <a class='notes_toc_article_title_link' href='https:\/\/mathmatters.cms.math.ca\/fr\/article\/2026-cms-winter-meeting-dec-11-14-call-for-education-sessions\/'>2026 CMS Winter Meeting, Dec 11-14 | Call for Education Sessions<\/a>      <\/div>\n    <\/div>\n    <div class='notes_toc_article'>\n      <div class='notes_toc_section_name'>R\u00e9unions de la SMC<\/div>\n      <div class='notes_toc_article_row'>\n        <div class='notes_toc_article_pdf'>\n        <\/div>\n        <a class='notes_toc_article_title_link' href='https:\/\/mathmatters.cms.math.ca\/fr\/article\/nouveaute-reunion-dhiver-2026-de-la-smc-11-14-decembre-appel-a-sessions\/'>R\u00e9union d'hiver 2026 de la SMC, 11-14 d\u00e9cembre | Appel \u00e0 sessions<\/a>      <\/div>\n    <\/div>\n    <div class='notes_toc_article'>\n      <div class='notes_toc_article_row'>\n        <div class='notes_toc_article_pdf'>\n        <\/div>\n        <a class='notes_toc_article_title_link' href='https:\/\/mathmatters.cms.math.ca\/fr\/article\/nouveaute-reunion-dhiver-2026-de-la-smc-11-14-decembre-reservez-la-date\/'>R\u00e9union d'hiver 2026 de la SMC, 11-14 d\u00e9cembre| R\u00e9servez la date!<\/a>      <\/div>\n    <\/div>\n    <div class='notes_toc_article'>\n      <div class='notes_toc_section_name'>Annonces<\/div>\n      <div class='notes_toc_article_row'>\n        <div class='notes_toc_article_pdf'>\n        <\/div>\n        <a class='notes_toc_article_title_link' href='https:\/\/mathmatters.cms.math.ca\/fr\/article\/nouveaute-international-workshop-on-operator-theory-and-its-applications-iwota-2026-an-icm-satellite-conference\/'>International Workshop on Operator Theory and its Applications (IWOTA 2026) - An ICM Satellite Conference<\/a> <span class='notes_toc_author_name'>&mdash;&nbsp;Conference Organizers<\/span>      <\/div>\n    <\/div>\n    <div class='notes_toc_article'>\n      <div class='notes_toc_article_row'>\n        <div class='notes_toc_article_pdf'>\n        <\/div>\n        <a class='notes_toc_article_title_link' href='https:\/\/mathmatters.cms.math.ca\/fr\/article\/camp-de-maths-dete-du-smc-2025-les-inscriptions-sont-ouvertes\/'>Camp d'\u00e9t\u00e9 de math\u00e9matiques 2026 de la SMC | Les inscriptions sont ouvertes<\/a>      <\/div>\n    <\/div>\n    <div class='notes_toc_article'>\n      <div class='notes_toc_article_row'>\n        <div class='notes_toc_article_pdf'>\n        <\/div>\n        <a class='notes_toc_article_title_link' href='https:\/\/mathmatters.cms.math.ca\/fr\/article\/nouveaute-2026-prairie-discrete-mathematics-workshop-may-7-8\/'>2026 Prairie Discrete Mathematics Workshop | May 7 - 8<\/a> <span class='notes_toc_author_name'>&mdash;&nbsp;Alice Lacaze-Masmonteil<\/span>      <\/div>\n    <\/div>\n    <div class='notes_toc_article'>\n      <div class='notes_toc_article_row'>\n        <div class='notes_toc_article_pdf'>\n<a href='https:\/\/mathmatters.cms.math.ca\/wp-content\/uploads\/2026\/01\/2026-FYMSiC-Conference-Information.pdf' title='Cliquer ici pour t\u00e9l\u00e9charger une copie PDF de l\u2019article'><img class='pdficon' style='height: 32px;' src='\/wp-content\/uploads\/2019\/12\/PDF-download.png' alt='PDF icon' title=\"T\u00e9l\u00e9charger une copie PDF de l'article\"><\/a>        <\/div>\n        <a class='notes_toc_article_title_link' href='https:\/\/mathmatters.cms.math.ca\/fr\/article\/nouveaute-2026-fymsic-conference-mcmaster-university-may-8-10-2026\/'>2026 FYMSiC Conference @ McMaster University (May 8 -- 10, 2026)<\/a> <span class='notes_toc_author_name'>&mdash;&nbsp;Rebecca Carter<\/span>      <\/div>\n    <\/div>\n    <div class='notes_toc_article'>\n      <div class='notes_toc_article_row'>\n        <div class='notes_toc_article_pdf'>\n        <\/div>\n        <a class='notes_toc_article_title_link' href='https:\/\/mathmatters.cms.math.ca\/fr\/article\/nouveaute-call-for-abstracts-analysis-and-applications-of-partial-differential-equations-alberta-mathematics-dialogue-amd\/'>Call for Abstracts - Analysis and Applications of Partial Differential Equations - Alberta Mathematics Dialogue (AMD)<\/a> <span class='notes_toc_author_name'>&mdash;&nbsp;Tianxu Wang<\/span>      <\/div>\n    <\/div>\n    <div class='notes_toc_article'>\n      <div class='notes_toc_section_name'>Appel de mises en candidature<\/div>\n      <div class='notes_toc_article_row'>\n        <div class='notes_toc_article_pdf'>\n        <\/div>\n        <a class='notes_toc_article_title_link' href='https:\/\/mathmatters.cms.math.ca\/fr\/article\/nouveaute-la-societe-mathematique-du-canada-lance-le-prix-dinclusivite-en-mathematiques\/'>Appel \u00e0 mises en candidature : Prix d'inclusivit\u00e9 en math\u00e9matiques 2026 | Date limite : 15 juin 2026<\/a>      <\/div>\n    <\/div>\n    <div class='notes_toc_article'>\n      <div class='notes_toc_section_name'>Comit\u00e9 \u00e9tudiant de la SMC<\/div>\n      <div class='notes_toc_article_row'>\n        <div class='notes_toc_article_pdf'>\n        <\/div>\n        <a class='notes_toc_article_title_link' href='https:\/\/mathmatters.cms.math.ca\/fr\/article\/nouveaute-reunion-dete-2026-de-la-smc-activites-etudiantes\/'>R\u00e9union d\u2019\u00e9t\u00e9 2026 de la SMC \u2013 Activit\u00e9s \u00e9tudiantes<\/a> <span class='notes_toc_author_name'>&mdash;&nbsp;CMS Student Committee (StudC)<\/span>      <\/div>\n    <\/div>\n<\/div>\n<\/div>\n<\/div>\n    <\/div>\n  <div class='notes_issues_issident' id='notes_issues_issident_3_16'><a href='javascript:void(0);' title=\"afficher\/masquer le contenu\" onclick='notes_issues_iss_vh(3, 16)'><img src='\/wp-content\/uploads\/2020\/01\/folder-closed.png' alt='afficher' class='notes_issues_toggles' id='notes_issues_toggle_show_3_16' ><img src='\/wp-content\/uploads\/2020\/01\/folder-open.png' alt='masquer' class='notes_issues_toggles' id='notes_issues_toggle_hide_3_16' style='display:none;'>[16] Num\u00e9ro du 24 avril 2026<\/a>\n<\/div>\n    <div class='notes_issues_isscontents' id='notes_issues_isscontents_3_16' style='display:none;'>\n<div class='notes_render_toc notes_noprint notes_toc_style_2' style='' id='notes_toc'>\n<div class='notes_toc_body'>\n  <div class='notes_toc_articles'>\n    <div class='notes_toc_article'>\n      <div class='notes_toc_section_name'>Communiqu\u00e9<\/div>\n      <div class='notes_toc_article_row'>\n        <div class='notes_toc_article_pdf'>\n        <\/div>\n        <a class='notes_toc_article_title_link' href='https:\/\/mathmatters.cms.math.ca\/fr\/article\/nouveaute-lequipe-de-maths-des-filles-du-canada-celebre-son-succes-a-loemf-2026\/'>NOUVEAUT\u00c9 : L\u2019\u00c9quipe de maths des filles du Canada c\u00e9l\u00e8bre son succ\u00e8s \u00e0 l\u2019OEMF 2026<\/a>      <\/div>\n    <\/div>\n    <div class='notes_toc_article'>\n      <div class='notes_toc_section_name'>R\u00e9unions de la SMC<\/div>\n      <div class='notes_toc_article_row'>\n        <div class='notes_toc_article_pdf'>\n        <\/div>\n        <a class='notes_toc_article_title_link' href='https:\/\/mathmatters.cms.math.ca\/fr\/article\/nouveau-appel-aux-mini-cours\/'>R\u00e9union d\u2019\u00e9t\u00e9 2026 de la SMC, 5-8 juin | Appel aux mini-cours<\/a>      <\/div>\n    <\/div>\n    <div class='notes_toc_article'>\n      <div class='notes_toc_article_row'>\n        <div class='notes_toc_article_pdf'>\n        <\/div>\n        <a class='notes_toc_article_title_link' href='https:\/\/mathmatters.cms.math.ca\/fr\/article\/nouveaute-reunion-dete-2026-de-la-smc-5-8-juin-les-inscriptions-sont-maintenant-ouvertes\/'>R\u00e9union d\u2019\u00e9t\u00e9 2026 de la SMC, 5-8 juin | Les inscriptions sont maintenant ouvertes !<\/a>      <\/div>\n    <\/div>\n    <div class='notes_toc_article'>\n      <div class='notes_toc_article_row'>\n        <div class='notes_toc_article_pdf'>\n        <\/div>\n        <a class='notes_toc_article_title_link' href='https:\/\/mathmatters.cms.math.ca\/fr\/article\/reunion-dete-2026-de-la-smc-5-8-juin-appel-aux-sessions-deducation\/'>R\u00e9union d\u2019\u00e9t\u00e9 2026 de la SMC, 5-8 juin | Appel aux sessions d'\u00e9ducation<\/a>      <\/div>\n    <\/div>\n    <div class='notes_toc_article'>\n      <div class='notes_toc_article_row'>\n        <div class='notes_toc_article_pdf'>\n        <\/div>\n        <a class='notes_toc_article_title_link' href='https:\/\/mathmatters.cms.math.ca\/fr\/article\/nouveaute-reunion-dete-2026-de-la-smc-5-8-juin-appel-a-sessions\/'>R\u00e9union d\u2019\u00e9t\u00e9 2026 de la SMC, 5-8 juin | Appel \u00e0 sessions - Date limite prolong\u00e9e<\/a>      <\/div>\n    <\/div>\n    <div class='notes_toc_article'>\n      <div class='notes_toc_article_row'>\n        <div class='notes_toc_article_pdf'>\n        <\/div>\n        <a class='notes_toc_article_title_link' href='https:\/\/mathmatters.cms.math.ca\/fr\/article\/reunion-dete-2026-de-la-smc-5-8-juin-appel-aux-orateurs\/'>R\u00e9union d\u2019\u00e9t\u00e9 2026 de la SMC, 5-8 juin | Appel aux orateurs<\/a>      <\/div>\n    <\/div>\n    <div class='notes_toc_article'>\n      <div class='notes_toc_article_row'>\n        <div class='notes_toc_article_pdf'>\n        <\/div>\n        <a class='notes_toc_article_title_link' href='https:\/\/mathmatters.cms.math.ca\/fr\/article\/nouveaute-reunion-dhiver-2026-de-la-smc-11-14-decembre-appel-a-sessions\/'>R\u00e9union d'hiver 2026 de la SMC, 11-14 d\u00e9cembre | Appel \u00e0 sessions<\/a>      <\/div>\n    <\/div>\n    <div class='notes_toc_article'>\n      <div class='notes_toc_article_row'>\n        <div class='notes_toc_article_pdf'>\n        <\/div>\n        <a class='notes_toc_article_title_link' href='https:\/\/mathmatters.cms.math.ca\/fr\/article\/nouveaute-reunion-dhiver-2026-de-la-smc-11-14-decembre-reservez-la-date\/'>R\u00e9union d'hiver 2026 de la SMC, 11-14 d\u00e9cembre| R\u00e9servez la date!<\/a>      <\/div>\n    <\/div>\n    <div class='notes_toc_article'>\n      <div class='notes_toc_section_name'>Annonces<\/div>\n      <div class='notes_toc_article_row'>\n        <div class='notes_toc_article_pdf'>\n        <\/div>\n        <a class='notes_toc_article_title_link' href='https:\/\/mathmatters.cms.math.ca\/fr\/article\/nouveaute-mathematics-of-human-environmental-systems-and-climate-change-impacts-summer-school\/'>Mathematics of Human-Environmental Systems and Climate Change Impacts Summer School<\/a> <span class='notes_toc_author_name'>&mdash;&nbsp;Mark Lewis<\/span>      <\/div>\n    <\/div>\n    <div class='notes_toc_article'>\n      <div class='notes_toc_article_row'>\n        <div class='notes_toc_article_pdf'>\n        <\/div>\n        <a class='notes_toc_article_title_link' href='https:\/\/mathmatters.cms.math.ca\/fr\/article\/nouveaute-international-workshop-on-operator-theory-and-its-applications-iwota-2026-an-icm-satellite-conference\/'>International Workshop on Operator Theory and its Applications (IWOTA 2026) - An ICM Satellite Conference<\/a> <span class='notes_toc_author_name'>&mdash;&nbsp;Conference Organizers<\/span>      <\/div>\n    <\/div>\n    <div class='notes_toc_article'>\n      <div class='notes_toc_article_row'>\n        <div class='notes_toc_article_pdf'>\n        <\/div>\n        <a class='notes_toc_article_title_link' href='https:\/\/mathmatters.cms.math.ca\/fr\/article\/nouveaute-conference-on-classical-analysis-in-memory-of-paul-koosis-may-1-2-2026\/'>Conference on Classical Analysis in Memory of Paul Koosis | May 1-2, 2026<\/a> <span class='notes_toc_author_name'>&mdash;&nbsp;Conference Organizers<\/span>      <\/div>\n    <\/div>\n    <div class='notes_toc_article'>\n      <div class='notes_toc_article_row'>\n        <div class='notes_toc_article_pdf'>\n        <\/div>\n        <a class='notes_toc_article_title_link' href='https:\/\/mathmatters.cms.math.ca\/fr\/article\/nouveaute-2026-prairie-discrete-mathematics-workshop-may-7-8\/'>2026 Prairie Discrete Mathematics Workshop | May 7 - 8<\/a> <span class='notes_toc_author_name'>&mdash;&nbsp;Alice Lacaze-Masmonteil<\/span>      <\/div>\n    <\/div>\n    <div class='notes_toc_article'>\n      <div class='notes_toc_article_row'>\n        <div class='notes_toc_article_pdf'>\n<a href='https:\/\/mathmatters.cms.math.ca\/wp-content\/uploads\/2026\/01\/2026-FYMSiC-Conference-Information.pdf' title='Cliquer ici pour t\u00e9l\u00e9charger une copie PDF de l\u2019article'><img class='pdficon' style='height: 32px;' src='\/wp-content\/uploads\/2019\/12\/PDF-download.png' alt='PDF icon' title=\"T\u00e9l\u00e9charger une copie PDF de l'article\"><\/a>        <\/div>\n        <a class='notes_toc_article_title_link' href='https:\/\/mathmatters.cms.math.ca\/fr\/article\/nouveaute-2026-fymsic-conference-mcmaster-university-may-8-10-2026\/'>2026 FYMSiC Conference @ McMaster University (May 8 -- 10, 2026)<\/a> <span class='notes_toc_author_name'>&mdash;&nbsp;Rebecca Carter<\/span>      <\/div>\n    <\/div>\n    <div class='notes_toc_article'>\n      <div class='notes_toc_article_row'>\n        <div class='notes_toc_article_pdf'>\n        <\/div>\n        <a class='notes_toc_article_title_link' href='https:\/\/mathmatters.cms.math.ca\/fr\/article\/camp-de-maths-dete-du-smc-2025-les-inscriptions-sont-ouvertes\/'>Camp d'\u00e9t\u00e9 de math\u00e9matiques 2026 de la SMC | Les inscriptions sont ouvertes<\/a>      <\/div>\n    <\/div>\n    <div class='notes_toc_article'>\n      <div class='notes_toc_article_row'>\n        <div class='notes_toc_article_pdf'>\n        <\/div>\n        <a class='notes_toc_article_title_link' href='https:\/\/mathmatters.cms.math.ca\/fr\/article\/nouveaute-call-for-abstracts-analysis-and-applications-of-partial-differential-equations-alberta-mathematics-dialogue-amd\/'>Call for Abstracts - Analysis and Applications of Partial Differential Equations - Alberta Mathematics Dialogue (AMD)<\/a> <span class='notes_toc_author_name'>&mdash;&nbsp;Tianxu Wang<\/span>      <\/div>\n    <\/div>\n    <div class='notes_toc_article'>\n      <div class='notes_toc_section_name'>Appel de mises en candidature<\/div>\n      <div class='notes_toc_article_row'>\n        <div class='notes_toc_article_pdf'>\n        <\/div>\n        <a class='notes_toc_article_title_link' href='https:\/\/mathmatters.cms.math.ca\/fr\/article\/nouveaute-appel-a-mises-en-candidature-prix-adrien-pouliot-2026-date-limite-30-avril-2026\/'>Appel \u00e0 mises en candidature : Prix Adrien Pouliot 2026 | Date limite : 30 avril 2026<\/a>      <\/div>\n    <\/div>\n    <div class='notes_toc_article'>\n      <div class='notes_toc_article_row'>\n        <div class='notes_toc_article_pdf'>\n        <\/div>\n        <a class='notes_toc_article_title_link' href='https:\/\/mathmatters.cms.math.ca\/fr\/article\/nouveaute-la-societe-mathematique-du-canada-lance-le-prix-dinclusivite-en-mathematiques\/'>Appel \u00e0 mises en candidature : Prix d'inclusivit\u00e9 en math\u00e9matiques 2026 | Date limite : 15 juin 2026<\/a>      <\/div>\n    <\/div>\n    <div class='notes_toc_article'>\n      <div class='notes_toc_section_name'>Comit\u00e9 \u00e9tudiant de la SMC<\/div>\n      <div class='notes_toc_article_row'>\n        <div class='notes_toc_article_pdf'>\n        <\/div>\n        <a class='notes_toc_article_title_link' href='https:\/\/mathmatters.cms.math.ca\/fr\/article\/nouveaute-reunion-dete-2026-de-la-smc-activites-etudiantes\/'>R\u00e9union d\u2019\u00e9t\u00e9 2026 de la SMC \u2013 Activit\u00e9s \u00e9tudiantes<\/a> <span class='notes_toc_author_name'>&mdash;&nbsp;CMS Student Committee (StudC)<\/span>      <\/div>\n    <\/div>\n<\/div>\n<\/div>\n<\/div>\n    <\/div>\n  <div class='notes_issues_issident' id='notes_issues_issident_3_15'><a href='javascript:void(0);' title=\"afficher\/masquer le contenu\" onclick='notes_issues_iss_vh(3, 15)'><img src='\/wp-content\/uploads\/2020\/01\/folder-closed.png' alt='afficher' class='notes_issues_toggles' id='notes_issues_toggle_show_3_15' ><img src='\/wp-content\/uploads\/2020\/01\/folder-open.png' alt='masquer' class='notes_issues_toggles' id='notes_issues_toggle_hide_3_15' style='display:none;'>[15] Num\u00e9ro du 17 avril 2026<\/a>\n<\/div>\n    <div class='notes_issues_isscontents' id='notes_issues_isscontents_3_15' style='display:none;'>\n<div class='notes_render_toc notes_noprint notes_toc_style_2' style='' id='notes_toc'>\n<div class='notes_toc_body'>\n  <div class='notes_toc_articles'>\n    <div class='notes_toc_article'>\n      <div class='notes_toc_section_name'>Communiqu\u00e9<\/div>\n      <div class='notes_toc_article_row'>\n        <div class='notes_toc_article_pdf'>\n        <\/div>\n        <a class='notes_toc_article_title_link' href='https:\/\/mathmatters.cms.math.ca\/fr\/article\/nouveaute-omc-omjc-2026-resultats-annonces\/'>NOUVEAUT\u00c9 : OMC\/OMJC 2026 : R\u00e9sultats annonc\u00e9s!<\/a>      <\/div>\n    <\/div>\n    <div class='notes_toc_article'>\n      <div class='notes_toc_section_name'>R\u00e9unions de la SMC<\/div>\n      <div class='notes_toc_article_row'>\n        <div class='notes_toc_article_pdf'>\n        <\/div>\n        <a class='notes_toc_article_title_link' href='https:\/\/mathmatters.cms.math.ca\/fr\/article\/nouveaute-reunion-dete-2026-de-la-smc-5-8-juin-les-inscriptions-sont-maintenant-ouvertes\/'>R\u00e9union d\u2019\u00e9t\u00e9 2026 de la SMC, 5-8 juin | Les inscriptions sont maintenant ouvertes !<\/a>      <\/div>\n    <\/div>\n    <div class='notes_toc_article'>\n      <div class='notes_toc_article_row'>\n        <div class='notes_toc_article_pdf'>\n        <\/div>\n        <a class='notes_toc_article_title_link' href='https:\/\/mathmatters.cms.math.ca\/fr\/article\/reunion-dete-2026-de-la-smc-5-8-juin-appel-aux-sessions-deducation\/'>R\u00e9union d\u2019\u00e9t\u00e9 2026 de la SMC, 5-8 juin | Appel aux sessions d'\u00e9ducation<\/a>      <\/div>\n    <\/div>\n    <div class='notes_toc_article'>\n      <div class='notes_toc_article_row'>\n        <div class='notes_toc_article_pdf'>\n        <\/div>\n        <a class='notes_toc_article_title_link' href='https:\/\/mathmatters.cms.math.ca\/fr\/article\/nouveaute-reunion-dete-2026-de-la-smc-5-8-juin-appel-a-sessions\/'>R\u00e9union d\u2019\u00e9t\u00e9 2026 de la SMC, 5-8 juin | Appel \u00e0 sessions - Date limite prolong\u00e9e<\/a>      <\/div>\n    <\/div>\n    <div class='notes_toc_article'>\n      <div class='notes_toc_article_row'>\n        <div class='notes_toc_article_pdf'>\n        <\/div>\n        <a class='notes_toc_article_title_link' href='https:\/\/mathmatters.cms.math.ca\/fr\/article\/reunion-dete-2026-de-la-smc-5-8-juin-appel-aux-orateurs\/'>R\u00e9union d\u2019\u00e9t\u00e9 2026 de la SMC, 5-8 juin | Appel aux orateurs<\/a>      <\/div>\n    <\/div>\n    <div class='notes_toc_article'>\n      <div class='notes_toc_article_row'>\n        <div class='notes_toc_article_pdf'>\n        <\/div>\n        <a class='notes_toc_article_title_link' href='https:\/\/mathmatters.cms.math.ca\/fr\/article\/nouveaute-reunion-dhiver-2026-de-la-smc-11-14-decembre-appel-a-sessions\/'>R\u00e9union d'hiver 2026 de la SMC, 11-14 d\u00e9cembre | Appel \u00e0 sessions<\/a>      <\/div>\n    <\/div>\n    <div class='notes_toc_article'>\n      <div class='notes_toc_article_row'>\n        <div class='notes_toc_article_pdf'>\n        <\/div>\n        <a class='notes_toc_article_title_link' href='https:\/\/mathmatters.cms.math.ca\/fr\/article\/nouveaute-reunion-dhiver-2026-de-la-smc-11-14-decembre-reservez-la-date\/'>R\u00e9union d'hiver 2026 de la SMC, 11-14 d\u00e9cembre| R\u00e9servez la date!<\/a>      <\/div>\n    <\/div>\n    <div class='notes_toc_article'>\n      <div class='notes_toc_section_name'>Crux Corner<\/div>\n      <div class='notes_toc_article_row'>\n        <div class='notes_toc_article_pdf'>\n        <\/div>\n        <a class='notes_toc_article_title_link' href='https:\/\/mathmatters.cms.math.ca\/fr\/article\/nouveaute-crux-mathematicorum-numero-de-mars-mettez-vous-au-defi-avec-le-journal-de-resolution-de-problemes-du-smc-2\/'>NOUVEAUT\u00c9 : Crux Mathematicorum \u2013 Num\u00e9ro de mars \u2013 Mettez vous au d\u00e9fi avec le journal de r\u00e9solution de probl\u00e8mes du SMC !<\/a>      <\/div>\n    <\/div>\n    <div class='notes_toc_article'>\n      <div class='notes_toc_section_name'>Annonces<\/div>\n      <div class='notes_toc_article_row'>\n        <div class='notes_toc_article_pdf'>\n        <\/div>\n        <a class='notes_toc_article_title_link' href='https:\/\/mathmatters.cms.math.ca\/fr\/article\/nouveaute-mathematics-of-human-environmental-systems-and-climate-change-impacts-summer-school\/'>Mathematics of Human-Environmental Systems and Climate Change Impacts Summer School<\/a> <span class='notes_toc_author_name'>&mdash;&nbsp;Mark Lewis<\/span>      <\/div>\n    <\/div>\n    <div class='notes_toc_article'>\n      <div class='notes_toc_article_row'>\n        <div class='notes_toc_article_pdf'>\n        <\/div>\n        <a class='notes_toc_article_title_link' href='https:\/\/mathmatters.cms.math.ca\/fr\/article\/nouveaute-international-workshop-on-operator-theory-and-its-applications-iwota-2026-an-icm-satellite-conference\/'>International Workshop on Operator Theory and its Applications (IWOTA 2026) - An ICM Satellite Conference<\/a> <span class='notes_toc_author_name'>&mdash;&nbsp;Conference Organizers<\/span>      <\/div>\n    <\/div>\n    <div class='notes_toc_article'>\n      <div class='notes_toc_article_row'>\n        <div class='notes_toc_article_pdf'>\n        <\/div>\n        <a class='notes_toc_article_title_link' href='https:\/\/mathmatters.cms.math.ca\/fr\/article\/nouveaute-conference-on-classical-analysis-in-memory-of-paul-koosis-may-1-2-2026\/'>Conference on Classical Analysis in Memory of Paul Koosis | May 1-2, 2026<\/a> <span class='notes_toc_author_name'>&mdash;&nbsp;Conference Organizers<\/span>      <\/div>\n    <\/div>\n    <div class='notes_toc_article'>\n      <div class='notes_toc_article_row'>\n        <div class='notes_toc_article_pdf'>\n        <\/div>\n        <a class='notes_toc_article_title_link' href='https:\/\/mathmatters.cms.math.ca\/fr\/article\/nouveaute-2026-prairie-discrete-mathematics-workshop-may-7-8\/'>2026 Prairie Discrete Mathematics Workshop | May 7 - 8<\/a> <span class='notes_toc_author_name'>&mdash;&nbsp;Alice Lacaze-Masmonteil<\/span>      <\/div>\n    <\/div>\n    <div class='notes_toc_article'>\n      <div class='notes_toc_article_row'>\n        <div class='notes_toc_article_pdf'>\n<a href='https:\/\/mathmatters.cms.math.ca\/wp-content\/uploads\/2026\/01\/2026-FYMSiC-Conference-Information.pdf' title='Cliquer ici pour t\u00e9l\u00e9charger une copie PDF de l\u2019article'><img class='pdficon' style='height: 32px;' src='\/wp-content\/uploads\/2019\/12\/PDF-download.png' alt='PDF icon' title=\"T\u00e9l\u00e9charger une copie PDF de l'article\"><\/a>        <\/div>\n        <a class='notes_toc_article_title_link' href='https:\/\/mathmatters.cms.math.ca\/fr\/article\/nouveaute-2026-fymsic-conference-mcmaster-university-may-8-10-2026\/'>2026 FYMSiC Conference @ McMaster University (May 8 -- 10, 2026)<\/a> <span class='notes_toc_author_name'>&mdash;&nbsp;Rebecca Carter<\/span>      <\/div>\n    <\/div>\n    <div class='notes_toc_article'>\n      <div class='notes_toc_article_row'>\n        <div class='notes_toc_article_pdf'>\n        <\/div>\n        <a class='notes_toc_article_title_link' href='https:\/\/mathmatters.cms.math.ca\/fr\/article\/camp-de-maths-dete-du-smc-2025-les-inscriptions-sont-ouvertes\/'>Camp d'\u00e9t\u00e9 de math\u00e9matiques 2026 de la SMC | Les inscriptions sont ouvertes<\/a>      <\/div>\n    <\/div>\n    <div class='notes_toc_article'>\n      <div class='notes_toc_article_row'>\n        <div class='notes_toc_article_pdf'>\n        <\/div>\n        <a class='notes_toc_article_title_link' href='https:\/\/mathmatters.cms.math.ca\/fr\/article\/nouveaute-call-for-abstracts-analysis-and-applications-of-partial-differential-equations-alberta-mathematics-dialogue-amd\/'>Call for Abstracts - Analysis and Applications of Partial Differential Equations - Alberta Mathematics Dialogue (AMD)<\/a> <span class='notes_toc_author_name'>&mdash;&nbsp;Tianxu Wang<\/span>      <\/div>\n    <\/div>\n    <div class='notes_toc_article'>\n      <div class='notes_toc_section_name'>Appel de mises en candidature<\/div>\n      <div class='notes_toc_article_row'>\n        <div class='notes_toc_article_pdf'>\n        <\/div>\n        <a class='notes_toc_article_title_link' href='https:\/\/mathmatters.cms.math.ca\/fr\/article\/nouveaute-appel-a-mises-en-candidature-prix-adrien-pouliot-2026-date-limite-30-avril-2026\/'>Appel \u00e0 mises en candidature : Prix Adrien Pouliot 2026 | Date limite : 30 avril 2026<\/a>      <\/div>\n    <\/div>\n    <div class='notes_toc_article'>\n      <div class='notes_toc_article_row'>\n        <div class='notes_toc_article_pdf'>\n        <\/div>\n        <a class='notes_toc_article_title_link' href='https:\/\/mathmatters.cms.math.ca\/fr\/article\/nouveaute-la-societe-mathematique-du-canada-lance-le-prix-dinclusivite-en-mathematiques\/'>Appel \u00e0 mises en candidature : Prix d'inclusivit\u00e9 en math\u00e9matiques 2026 | Date limite : 15 juin 2026<\/a>      <\/div>\n    <\/div>\n    <div class='notes_toc_article'>\n      <div class='notes_toc_section_name'>Comit\u00e9 \u00e9tudiant de la SMC<\/div>\n      <div class='notes_toc_article_row'>\n        <div class='notes_toc_article_pdf'>\n        <\/div>\n        <a class='notes_toc_article_title_link' href='https:\/\/mathmatters.cms.math.ca\/fr\/article\/nouveaute-reunion-dete-2026-de-la-smc-activites-etudiantes\/'>R\u00e9union d\u2019\u00e9t\u00e9 2026 de la SMC \u2013 Activit\u00e9s \u00e9tudiantes<\/a> <span class='notes_toc_author_name'>&mdash;&nbsp;CMS Student Committee (StudC)<\/span>      <\/div>\n    <\/div>\n<\/div>\n<\/div>\n<\/div>\n    <\/div>\n  <div class='notes_issues_issident' id='notes_issues_issident_3_14'><a href='javascript:void(0);' title=\"afficher\/masquer le contenu\" onclick='notes_issues_iss_vh(3, 14)'><img src='\/wp-content\/uploads\/2020\/01\/folder-closed.png' alt='afficher' class='notes_issues_toggles' id='notes_issues_toggle_show_3_14' ><img src='\/wp-content\/uploads\/2020\/01\/folder-open.png' alt='masquer' class='notes_issues_toggles' id='notes_issues_toggle_hide_3_14' style='display:none;'>[14] Num\u00e9ro du 10 avril 2026<\/a>\n<\/div>\n    <div class='notes_issues_isscontents' id='notes_issues_isscontents_3_14' style='display:none;'>\n<div class='notes_render_toc notes_noprint notes_toc_style_2' style='' id='notes_toc'>\n<div class='notes_toc_body'>\n  <div class='notes_toc_articles'>\n    <div class='notes_toc_article'>\n      <div class='notes_toc_section_name'>R\u00e9unions de la SMC<\/div>\n      <div class='notes_toc_article_row'>\n        <div class='notes_toc_article_pdf'>\n        <\/div>\n        <a class='notes_toc_article_title_link' href='https:\/\/mathmatters.cms.math.ca\/fr\/article\/nouveaute-reunion-dete-2026-de-la-smc-5-8-juin-les-inscriptions-sont-maintenant-ouvertes\/'>R\u00e9union d\u2019\u00e9t\u00e9 2026 de la SMC, 5-8 juin | Les inscriptions sont maintenant ouvertes !<\/a>      <\/div>\n    <\/div>\n    <div class='notes_toc_article'>\n      <div class='notes_toc_article_row'>\n        <div class='notes_toc_article_pdf'>\n        <\/div>\n        <a class='notes_toc_article_title_link' href='https:\/\/mathmatters.cms.math.ca\/fr\/article\/nouveaute-reunion-dete-2026-de-la-smc-5-8-juin-appel-a-sessions\/'>R\u00e9union d\u2019\u00e9t\u00e9 2026 de la SMC, 5-8 juin | Appel \u00e0 sessions - Date limite prolong\u00e9e<\/a>      <\/div>\n    <\/div>\n    <div class='notes_toc_article'>\n      <div class='notes_toc_article_row'>\n        <div class='notes_toc_article_pdf'>\n        <\/div>\n        <a class='notes_toc_article_title_link' href='https:\/\/mathmatters.cms.math.ca\/fr\/article\/reunion-dete-2026-de-la-smc-5-8-juin-appel-aux-sessions-deducation\/'>R\u00e9union d\u2019\u00e9t\u00e9 2026 de la SMC, 5-8 juin | Appel aux sessions d'\u00e9ducation<\/a>      <\/div>\n    <\/div>\n    <div class='notes_toc_article'>\n      <div class='notes_toc_article_row'>\n        <div class='notes_toc_article_pdf'>\n        <\/div>\n        <a class='notes_toc_article_title_link' href='https:\/\/mathmatters.cms.math.ca\/fr\/article\/nouveaute-reunion-dhiver-2026-de-la-smc-11-14-decembre-reservez-la-date\/'>R\u00e9union d'hiver 2026 de la SMC, 11-14 d\u00e9cembre| R\u00e9servez la date!<\/a>      <\/div>\n    <\/div>\n    <div class='notes_toc_article'>\n      <div class='notes_toc_section_name'>Annonces<\/div>\n      <div class='notes_toc_article_row'>\n        <div class='notes_toc_article_pdf'>\n        <\/div>\n        <a class='notes_toc_article_title_link' href='https:\/\/mathmatters.cms.math.ca\/fr\/article\/nouveaute-international-workshop-on-operator-theory-and-its-applications-iwota-2026-an-icm-satellite-conference\/'>International Workshop on Operator Theory and its Applications (IWOTA 2026) - An ICM Satellite Conference<\/a> <span class='notes_toc_author_name'>&mdash;&nbsp;Conference Organizers<\/span>      <\/div>\n    <\/div>\n    <div class='notes_toc_article'>\n      <div class='notes_toc_article_row'>\n        <div class='notes_toc_article_pdf'>\n        <\/div>\n        <a class='notes_toc_article_title_link' href='https:\/\/mathmatters.cms.math.ca\/fr\/article\/nouveaute-conference-on-classical-analysis-in-memory-of-paul-koosis-may-1-2-2026\/'>Conference on Classical Analysis in Memory of Paul Koosis | May 1-2, 2026<\/a> <span class='notes_toc_author_name'>&mdash;&nbsp;Conference Organizers<\/span>      <\/div>\n    <\/div>\n    <div class='notes_toc_article'>\n      <div class='notes_toc_article_row'>\n        <div class='notes_toc_article_pdf'>\n        <\/div>\n        <a class='notes_toc_article_title_link' href='https:\/\/mathmatters.cms.math.ca\/fr\/article\/nouveaute-mathematics-of-human-environmental-systems-and-climate-change-impacts-summer-school\/'>Mathematics of Human-Environmental Systems and Climate Change Impacts Summer School<\/a> <span class='notes_toc_author_name'>&mdash;&nbsp;Mark Lewis<\/span>      <\/div>\n    <\/div>\n    <div class='notes_toc_article'>\n      <div class='notes_toc_article_row'>\n        <div class='notes_toc_article_pdf'>\n        <\/div>\n        <a class='notes_toc_article_title_link' href='https:\/\/mathmatters.cms.math.ca\/fr\/article\/nouveaute-m2pi-math-to-power-industry\/'>M2PI (Math to Power Industry)<\/a> <span class='notes_toc_author_name'>&mdash;&nbsp;Raymond Spiteri<\/span>      <\/div>\n    <\/div>\n    <div class='notes_toc_article'>\n      <div class='notes_toc_article_row'>\n        <div class='notes_toc_article_pdf'>\n        <\/div>\n        <a class='notes_toc_article_title_link' href='https:\/\/mathmatters.cms.math.ca\/fr\/article\/nouveaute-2026-prairie-discrete-mathematics-workshop-may-7-8\/'>2026 Prairie Discrete Mathematics Workshop | May 7 - 8<\/a> <span class='notes_toc_author_name'>&mdash;&nbsp;Alice Lacaze-Masmonteil<\/span>      <\/div>\n    <\/div>\n    <div class='notes_toc_article'>\n      <div class='notes_toc_article_row'>\n        <div class='notes_toc_article_pdf'>\n        <\/div>\n        <a class='notes_toc_article_title_link' href='https:\/\/mathmatters.cms.math.ca\/fr\/article\/camp-de-maths-dete-du-smc-2025-les-inscriptions-sont-ouvertes\/'>Camp d'\u00e9t\u00e9 de math\u00e9matiques 2026 de la SMC | Les inscriptions sont ouvertes<\/a>      <\/div>\n    <\/div>\n    <div class='notes_toc_article'>\n      <div class='notes_toc_article_row'>\n        <div class='notes_toc_article_pdf'>\n<a href='https:\/\/mathmatters.cms.math.ca\/wp-content\/uploads\/2026\/01\/2026-FYMSiC-Conference-Information.pdf' title='Cliquer ici pour t\u00e9l\u00e9charger une copie PDF de l\u2019article'><img class='pdficon' style='height: 32px;' src='\/wp-content\/uploads\/2019\/12\/PDF-download.png' alt='PDF icon' title=\"T\u00e9l\u00e9charger une copie PDF de l'article\"><\/a>        <\/div>\n        <a class='notes_toc_article_title_link' href='https:\/\/mathmatters.cms.math.ca\/fr\/article\/nouveaute-2026-fymsic-conference-mcmaster-university-may-8-10-2026\/'>2026 FYMSiC Conference @ McMaster University (May 8 -- 10, 2026)<\/a> <span class='notes_toc_author_name'>&mdash;&nbsp;Rebecca Carter<\/span>      <\/div>\n    <\/div>\n    <div class='notes_toc_article'>\n      <div class='notes_toc_article_row'>\n        <div class='notes_toc_article_pdf'>\n        <\/div>\n        <a class='notes_toc_article_title_link' href='https:\/\/mathmatters.cms.math.ca\/fr\/article\/nouveaute-call-for-abstracts-analysis-and-applications-of-partial-differential-equations-alberta-mathematics-dialogue-amd\/'>Call for Abstracts - Analysis and Applications of Partial Differential Equations - Alberta Mathematics Dialogue (AMD)<\/a> <span class='notes_toc_author_name'>&mdash;&nbsp;Tianxu Wang<\/span>      <\/div>\n    <\/div>\n    <div class='notes_toc_article'>\n      <div class='notes_toc_section_name'>Appel de mises en candidature<\/div>\n      <div class='notes_toc_article_row'>\n        <div class='notes_toc_article_pdf'>\n        <\/div>\n        <a class='notes_toc_article_title_link' href='https:\/\/mathmatters.cms.math.ca\/fr\/article\/nouveaute-appel-a-mises-en-candidature-prix-adrien-pouliot-2026-date-limite-30-avril-2026\/'>Appel \u00e0 mises en candidature : Prix Adrien Pouliot 2026 | Date limite : 30 avril 2026<\/a>      <\/div>\n    <\/div>\n    <div class='notes_toc_article'>\n      <div class='notes_toc_article_row'>\n        <div class='notes_toc_article_pdf'>\n        <\/div>\n        <a class='notes_toc_article_title_link' href='https:\/\/mathmatters.cms.math.ca\/fr\/article\/nouveaute-appel-a-mises-en-candidatures-redacteurtrices-en-chef-pour-le-journal-canadien-de-mathematiques-jcm\/'>Appel aux mises en candidature : R\u00e9dacteur(trice)s en chef pour le Journal canadien de math\u00e9matiques (JCM) | date limite 15 avril 2026<\/a>      <\/div>\n    <\/div>\n    <div class='notes_toc_article'>\n      <div class='notes_toc_section_name'>Comit\u00e9 \u00e9tudiant de la SMC<\/div>\n      <div class='notes_toc_article_row'>\n        <div class='notes_toc_article_pdf'>\n        <\/div>\n        <a class='notes_toc_article_title_link' href='https:\/\/mathmatters.cms.math.ca\/fr\/article\/nouveaute-reunion-dete-2026-de-la-smc-activites-etudiantes\/'>R\u00e9union d\u2019\u00e9t\u00e9 2026 de la SMC \u2013 Activit\u00e9s \u00e9tudiantes<\/a> <span class='notes_toc_author_name'>&mdash;&nbsp;CMS Student Committee (StudC)<\/span>      <\/div>\n    <\/div>\n<\/div>\n<\/div>\n<\/div>\n    <\/div>\n  <div class='notes_issues_issident' id='notes_issues_issident_3_13'><a href='javascript:void(0);' title=\"afficher\/masquer le contenu\" onclick='notes_issues_iss_vh(3, 13)'><img src='\/wp-content\/uploads\/2020\/01\/folder-closed.png' alt='afficher' class='notes_issues_toggles' id='notes_issues_toggle_show_3_13' ><img src='\/wp-content\/uploads\/2020\/01\/folder-open.png' alt='masquer' class='notes_issues_toggles' id='notes_issues_toggle_hide_3_13' style='display:none;'>[13] Num\u00e9ro du 2 avril 2026<\/a>\n<\/div>\n    <div class='notes_issues_isscontents' id='notes_issues_isscontents_3_13' style='display:none;'>\n<div class='notes_render_toc notes_noprint notes_toc_style_2' style='' id='notes_toc'>\n<div class='notes_toc_body'>\n  <div class='notes_toc_articles'>\n    <div class='notes_toc_article'>\n      <div class='notes_toc_section_name'>Communiqu\u00e9<\/div>\n      <div class='notes_toc_article_row'>\n        <div class='notes_toc_article_pdf'>\n        <\/div>\n        <a class='notes_toc_article_title_link' href='https:\/\/mathmatters.cms.math.ca\/fr\/article\/nouveaute-le-dr-edward-bierstone-recevra-le-prix-david-borwein-2026\/'>NOUVEAUT\u00c9 : Le Dr Edward Bierstone recevra le prix David Borwein 2026<\/a>      <\/div>\n    <\/div>\n    <div class='notes_toc_article'>\n      <div class='notes_toc_article_row'>\n        <div class='notes_toc_article_pdf'>\n        <\/div>\n        <a class='notes_toc_article_title_link' href='https:\/\/mathmatters.cms.math.ca\/fr\/article\/nouveaute-le-dr-henri-darmon-recoit-le-prix-jeffery-williams-2026\/'>NOUVEAUT\u00c9 : Le Dr Henri Darmon re\u00e7oit le prix Jeffery-Williams 2026<\/a>      <\/div>\n    <\/div>\n    <div class='notes_toc_article'>\n      <div class='notes_toc_section_name'>R\u00e9unions de la SMC<\/div>\n      <div class='notes_toc_article_row'>\n        <div class='notes_toc_article_pdf'>\n        <\/div>\n        <a class='notes_toc_article_title_link' href='https:\/\/mathmatters.cms.math.ca\/fr\/article\/nouveaute-reunion-dete-2026-de-la-smc-5-8-juin-les-inscriptions-sont-maintenant-ouvertes\/'>R\u00e9union d\u2019\u00e9t\u00e9 2026 de la SMC, 5-8 juin | Les inscriptions sont maintenant ouvertes !<\/a>      <\/div>\n    <\/div>\n    <div class='notes_toc_article'>\n      <div class='notes_toc_article_row'>\n        <div class='notes_toc_article_pdf'>\n        <\/div>\n        <a class='notes_toc_article_title_link' href='https:\/\/mathmatters.cms.math.ca\/fr\/article\/nouveaute-reunion-dete-2026-de-la-smc-5-8-juin-appel-a-sessions\/'>R\u00e9union d\u2019\u00e9t\u00e9 2026 de la SMC, 5-8 juin | Appel \u00e0 sessions - Date limite prolong\u00e9e<\/a>      <\/div>\n    <\/div>\n    <div class='notes_toc_article'>\n      <div class='notes_toc_article_row'>\n        <div class='notes_toc_article_pdf'>\n        <\/div>\n        <a class='notes_toc_article_title_link' href='https:\/\/mathmatters.cms.math.ca\/fr\/article\/reunion-dete-2026-de-la-smc-5-8-juin-appel-aux-sessions-deducation\/'>R\u00e9union d\u2019\u00e9t\u00e9 2026 de la SMC, 5-8 juin | Appel aux sessions d'\u00e9ducation<\/a>      <\/div>\n    <\/div>\n    <div class='notes_toc_article'>\n      <div class='notes_toc_article_row'>\n        <div class='notes_toc_article_pdf'>\n        <\/div>\n        <a class='notes_toc_article_title_link' href='https:\/\/mathmatters.cms.math.ca\/fr\/article\/nouveaute-reunion-dhiver-2026-de-la-smc-11-14-decembre-reservez-la-date\/'>R\u00e9union d'hiver 2026 de la SMC, 11-14 d\u00e9cembre| R\u00e9servez la date!<\/a>      <\/div>\n    <\/div>\n    <div class='notes_toc_article'>\n      <div class='notes_toc_section_name'>Annonces<\/div>\n      <div class='notes_toc_article_row'>\n        <div class='notes_toc_article_pdf'>\n        <\/div>\n        <a class='notes_toc_article_title_link' href='https:\/\/mathmatters.cms.math.ca\/fr\/article\/nouveaute-mathematics-of-human-environmental-systems-and-climate-change-impacts-summer-school\/'>Mathematics of Human-Environmental Systems and Climate Change Impacts Summer School<\/a> <span class='notes_toc_author_name'>&mdash;&nbsp;Mark Lewis<\/span>      <\/div>\n    <\/div>\n    <div class='notes_toc_article'>\n      <div class='notes_toc_article_row'>\n        <div class='notes_toc_article_pdf'>\n        <\/div>\n        <a class='notes_toc_article_title_link' href='https:\/\/mathmatters.cms.math.ca\/fr\/article\/nouveaute-m2pi-math-to-power-industry\/'>M2PI (Math to Power Industry)<\/a> <span class='notes_toc_author_name'>&mdash;&nbsp;Raymond Spiteri<\/span>      <\/div>\n    <\/div>\n    <div class='notes_toc_article'>\n      <div class='notes_toc_article_row'>\n        <div class='notes_toc_article_pdf'>\n        <\/div>\n        <a class='notes_toc_article_title_link' href='https:\/\/mathmatters.cms.math.ca\/fr\/article\/nouveaute-international-workshop-on-operator-theory-and-its-applications-iwota-2026-an-icm-satellite-conference\/'>International Workshop on Operator Theory and its Applications (IWOTA 2026) - An ICM Satellite Conference<\/a> <span class='notes_toc_author_name'>&mdash;&nbsp;Conference Organizers<\/span>      <\/div>\n    <\/div>\n    <div class='notes_toc_article'>\n      <div class='notes_toc_article_row'>\n        <div class='notes_toc_article_pdf'>\n        <\/div>\n        <a class='notes_toc_article_title_link' href='https:\/\/mathmatters.cms.math.ca\/fr\/article\/nouveaute-conference-on-classical-analysis-in-memory-of-paul-koosis-may-1-2-2026\/'>Conference on Classical Analysis in Memory of Paul Koosis | May 1-2, 2026<\/a> <span class='notes_toc_author_name'>&mdash;&nbsp;Conference Organizers<\/span>      <\/div>\n    <\/div>\n    <div class='notes_toc_article'>\n      <div class='notes_toc_article_row'>\n        <div class='notes_toc_article_pdf'>\n<a href='https:\/\/mathmatters.cms.math.ca\/wp-content\/uploads\/2026\/01\/2026-FYMSiC-Conference-Information.pdf' title='Cliquer ici pour t\u00e9l\u00e9charger une copie PDF de l\u2019article'><img class='pdficon' style='height: 32px;' src='\/wp-content\/uploads\/2019\/12\/PDF-download.png' alt='PDF icon' title=\"T\u00e9l\u00e9charger une copie PDF de l'article\"><\/a>        <\/div>\n        <a class='notes_toc_article_title_link' href='https:\/\/mathmatters.cms.math.ca\/fr\/article\/nouveaute-2026-fymsic-conference-mcmaster-university-may-8-10-2026\/'>2026 FYMSiC Conference @ McMaster University (May 8 -- 10, 2026)<\/a> <span class='notes_toc_author_name'>&mdash;&nbsp;Rebecca Carter<\/span>      <\/div>\n    <\/div>\n    <div class='notes_toc_article'>\n      <div class='notes_toc_article_row'>\n        <div class='notes_toc_article_pdf'>\n        <\/div>\n        <a class='notes_toc_article_title_link' href='https:\/\/mathmatters.cms.math.ca\/fr\/article\/nouveaute-2026-prairie-discrete-mathematics-workshop-may-7-8\/'>2026 Prairie Discrete Mathematics Workshop | May 7 - 8<\/a> <span class='notes_toc_author_name'>&mdash;&nbsp;Alice Lacaze-Masmonteil<\/span>      <\/div>\n    <\/div>\n    <div class='notes_toc_article'>\n      <div class='notes_toc_article_row'>\n        <div class='notes_toc_article_pdf'>\n        <\/div>\n        <a class='notes_toc_article_title_link' href='https:\/\/mathmatters.cms.math.ca\/fr\/article\/camp-de-maths-dete-du-smc-2025-les-inscriptions-sont-ouvertes\/'>Camp d'\u00e9t\u00e9 de math\u00e9matiques 2026 de la SMC | Les inscriptions sont ouvertes<\/a>      <\/div>\n    <\/div>\n    <div class='notes_toc_article'>\n      <div class='notes_toc_article_row'>\n        <div class='notes_toc_article_pdf'>\n        <\/div>\n        <a class='notes_toc_article_title_link' href='https:\/\/mathmatters.cms.math.ca\/fr\/article\/nouveaute-call-for-abstracts-analysis-and-applications-of-partial-differential-equations-alberta-mathematics-dialogue-amd\/'>Call for Abstracts - Analysis and Applications of Partial Differential Equations - Alberta Mathematics Dialogue (AMD)<\/a> <span class='notes_toc_author_name'>&mdash;&nbsp;Tianxu Wang<\/span>      <\/div>\n    <\/div>\n    <div class='notes_toc_article'>\n      <div class='notes_toc_section_name'>Appel de mises en candidature<\/div>\n      <div class='notes_toc_article_row'>\n        <div class='notes_toc_article_pdf'>\n        <\/div>\n        <a class='notes_toc_article_title_link' href='https:\/\/mathmatters.cms.math.ca\/fr\/article\/nouveaute-appel-a-mises-en-candidature-prix-adrien-pouliot-2026-date-limite-30-avril-2026\/'>Appel \u00e0 mises en candidature : Prix Adrien Pouliot 2026 | Date limite : 30 avril 2026<\/a>      <\/div>\n    <\/div>\n    <div class='notes_toc_article'>\n      <div class='notes_toc_article_row'>\n        <div class='notes_toc_article_pdf'>\n        <\/div>\n        <a class='notes_toc_article_title_link' href='https:\/\/mathmatters.cms.math.ca\/fr\/article\/nouveaute-appel-a-mises-en-candidatures-redacteurtrices-en-chef-pour-le-journal-canadien-de-mathematiques-jcm\/'>Appel aux mises en candidature : R\u00e9dacteur(trice)s en chef pour le Journal canadien de math\u00e9matiques (JCM) | date limite 15 avril 2026<\/a>      <\/div>\n    <\/div>\n    <div class='notes_toc_article'>\n      <div class='notes_toc_section_name'>Comit\u00e9 \u00e9tudiant de la SMC<\/div>\n      <div class='notes_toc_article_row'>\n        <div class='notes_toc_article_pdf'>\n        <\/div>\n        <a class='notes_toc_article_title_link' href='https:\/\/mathmatters.cms.math.ca\/fr\/article\/nouveaute-reunion-dete-2026-de-la-smc-activites-etudiantes\/'>R\u00e9union d\u2019\u00e9t\u00e9 2026 de la SMC \u2013 Activit\u00e9s \u00e9tudiantes<\/a> <span class='notes_toc_author_name'>&mdash;&nbsp;CMS Student Committee (StudC)<\/span>      <\/div>\n    <\/div>\n<\/div>\n<\/div>\n<\/div>\n    <\/div>\n  <div class='notes_issues_issident' id='notes_issues_issident_3_12'><a href='javascript:void(0);' title=\"afficher\/masquer le contenu\" onclick='notes_issues_iss_vh(3, 12)'><img src='\/wp-content\/uploads\/2020\/01\/folder-closed.png' alt='afficher' class='notes_issues_toggles' id='notes_issues_toggle_show_3_12' ><img src='\/wp-content\/uploads\/2020\/01\/folder-open.png' alt='masquer' class='notes_issues_toggles' id='notes_issues_toggle_hide_3_12' style='display:none;'>[12] Num\u00e9ro du 27 mars 2026<\/a>\n<\/div>\n    <div class='notes_issues_isscontents' id='notes_issues_isscontents_3_12' style='display:none;'>\n<div class='notes_render_toc notes_noprint notes_toc_style_2' style='' id='notes_toc'>\n<div class='notes_toc_body'>\n  <div class='notes_toc_articles'>\n    <div class='notes_toc_article'>\n      <div class='notes_toc_section_name'>Communiqu\u00e9<\/div>\n      <div class='notes_toc_article_row'>\n        <div class='notes_toc_article_pdf'>\n        <\/div>\n        <a class='notes_toc_article_title_link' href='https:\/\/mathmatters.cms.math.ca\/fr\/article\/nouveaute-vitrine-des-carrieres-dre-pamela-brittain\/'>NOUVEAUT\u00c9 :  Vitrine des carri\u00e8res \u2013 Dre Pamela Brittain<\/a>      <\/div>\n    <\/div>\n    <div class='notes_toc_article'>\n      <div class='notes_toc_section_name'>R\u00e9unions de la SMC<\/div>\n      <div class='notes_toc_article_row'>\n        <div class='notes_toc_article_pdf'>\n        <\/div>\n        <a class='notes_toc_article_title_link' href='https:\/\/mathmatters.cms.math.ca\/fr\/article\/nouveaute-reunion-dete-2026-de-la-smc-5-8-juin-les-inscriptions-sont-maintenant-ouvertes\/'>R\u00e9union d\u2019\u00e9t\u00e9 2026 de la SMC, 5-8 juin | Les inscriptions sont maintenant ouvertes !<\/a>      <\/div>\n    <\/div>\n    <div class='notes_toc_article'>\n      <div class='notes_toc_article_row'>\n        <div class='notes_toc_article_pdf'>\n        <\/div>\n        <a class='notes_toc_article_title_link' href='https:\/\/mathmatters.cms.math.ca\/fr\/article\/reunion-dete-2026-de-la-smc-5-8-juin-appel-aux-sessions-deducation\/'>R\u00e9union d\u2019\u00e9t\u00e9 2026 de la SMC, 5-8 juin | Appel aux sessions d'\u00e9ducation<\/a>      <\/div>\n    <\/div>\n    <div class='notes_toc_article'>\n      <div class='notes_toc_article_row'>\n        <div class='notes_toc_article_pdf'>\n        <\/div>\n        <a class='notes_toc_article_title_link' href='https:\/\/mathmatters.cms.math.ca\/fr\/article\/nouveaute-reunion-dete-2026-de-la-smc-5-8-juin-appel-a-sessions\/'>R\u00e9union d\u2019\u00e9t\u00e9 2026 de la SMC, 5-8 juin | Appel \u00e0 sessions - Date limite prolong\u00e9e<\/a>      <\/div>\n    <\/div>\n    <div class='notes_toc_article'>\n      <div class='notes_toc_article_row'>\n        <div class='notes_toc_article_pdf'>\n        <\/div>\n        <a class='notes_toc_article_title_link' href='https:\/\/mathmatters.cms.math.ca\/fr\/article\/nouveaute-reunion-dhiver-2026-de-la-smc-11-14-decembre-reservez-la-date\/'>R\u00e9union d'hiver 2026 de la SMC, 11-14 d\u00e9cembre| R\u00e9servez la date!<\/a>      <\/div>\n    <\/div>\n    <div class='notes_toc_article'>\n      <div class='notes_toc_section_name'>Annonces<\/div>\n      <div class='notes_toc_article_row'>\n        <div class='notes_toc_article_pdf'>\n        <\/div>\n        <a class='notes_toc_article_title_link' href='https:\/\/mathmatters.cms.math.ca\/fr\/article\/nouveaute-m2pi-math-to-power-industry\/'>M2PI (Math to Power Industry)<\/a> <span class='notes_toc_author_name'>&mdash;&nbsp;Raymond Spiteri<\/span>      <\/div>\n    <\/div>\n    <div class='notes_toc_article'>\n      <div class='notes_toc_article_row'>\n        <div class='notes_toc_article_pdf'>\n        <\/div>\n        <a class='notes_toc_article_title_link' href='https:\/\/mathmatters.cms.math.ca\/fr\/article\/nouveaute-mathematics-of-human-environmental-systems-and-climate-change-impacts-summer-school\/'>Mathematics of Human-Environmental Systems and Climate Change Impacts Summer School<\/a> <span class='notes_toc_author_name'>&mdash;&nbsp;Mark Lewis<\/span>      <\/div>\n    <\/div>\n    <div class='notes_toc_article'>\n      <div class='notes_toc_article_row'>\n        <div class='notes_toc_article_pdf'>\n        <\/div>\n        <a class='notes_toc_article_title_link' href='https:\/\/mathmatters.cms.math.ca\/fr\/article\/nouveaute-international-workshop-on-operator-theory-and-its-applications-iwota-2026-an-icm-satellite-conference\/'>International Workshop on Operator Theory and its Applications (IWOTA 2026) - An ICM Satellite Conference<\/a> <span class='notes_toc_author_name'>&mdash;&nbsp;Conference Organizers<\/span>      <\/div>\n    <\/div>\n    <div class='notes_toc_article'>\n      <div class='notes_toc_article_row'>\n        <div class='notes_toc_article_pdf'>\n        <\/div>\n        <a class='notes_toc_article_title_link' href='https:\/\/mathmatters.cms.math.ca\/fr\/article\/nouveaute-conference-on-classical-analysis-in-memory-of-paul-koosis-may-1-2-2026\/'>Conference on Classical Analysis in Memory of Paul Koosis | May 1-2, 2026<\/a> <span class='notes_toc_author_name'>&mdash;&nbsp;Conference Organizers<\/span>      <\/div>\n    <\/div>\n    <div class='notes_toc_article'>\n      <div class='notes_toc_article_row'>\n        <div class='notes_toc_article_pdf'>\n        <\/div>\n        <a class='notes_toc_article_title_link' href='https:\/\/mathmatters.cms.math.ca\/fr\/article\/camp-de-maths-dete-du-smc-2025-les-inscriptions-sont-ouvertes\/'>Camp d'\u00e9t\u00e9 de math\u00e9matiques 2026 de la SMC | Les inscriptions sont ouvertes<\/a>      <\/div>\n    <\/div>\n    <div class='notes_toc_article'>\n      <div class='notes_toc_article_row'>\n        <div class='notes_toc_article_pdf'>\n<a href='https:\/\/mathmatters.cms.math.ca\/wp-content\/uploads\/2026\/01\/2026-FYMSiC-Conference-Information.pdf' title='Cliquer ici pour t\u00e9l\u00e9charger une copie PDF de l\u2019article'><img class='pdficon' style='height: 32px;' src='\/wp-content\/uploads\/2019\/12\/PDF-download.png' alt='PDF icon' title=\"T\u00e9l\u00e9charger une copie PDF de l'article\"><\/a>        <\/div>\n        <a class='notes_toc_article_title_link' href='https:\/\/mathmatters.cms.math.ca\/fr\/article\/nouveaute-2026-fymsic-conference-mcmaster-university-may-8-10-2026\/'>2026 FYMSiC Conference @ McMaster University (May 8 -- 10, 2026)<\/a> <span class='notes_toc_author_name'>&mdash;&nbsp;Rebecca Carter<\/span>      <\/div>\n    <\/div>\n    <div class='notes_toc_article'>\n      <div class='notes_toc_article_row'>\n        <div class='notes_toc_article_pdf'>\n        <\/div>\n        <a class='notes_toc_article_title_link' href='https:\/\/mathmatters.cms.math.ca\/fr\/article\/parrainage-de-conferences-linstitut-tutte-pour-les-mathematiques-et-le-calcul\/'>Parrainage de conf\u00e9rences \u2013 l\u2019Institut Tutte pour les math\u00e9matiques et le calcul<\/a> <span class='notes_toc_author_name'>&mdash;&nbsp;The Tutte Institute for Mathematics and Computing<\/span>      <\/div>\n    <\/div>\n    <div class='notes_toc_article'>\n      <div class='notes_toc_article_row'>\n        <div class='notes_toc_article_pdf'>\n        <\/div>\n        <a class='notes_toc_article_title_link' href='https:\/\/mathmatters.cms.math.ca\/fr\/article\/nouveaute-2026-prairie-discrete-mathematics-workshop-may-7-8\/'>2026 Prairie Discrete Mathematics Workshop | May 7 - 8<\/a> <span class='notes_toc_author_name'>&mdash;&nbsp;Alice Lacaze-Masmonteil<\/span>      <\/div>\n    <\/div>\n    <div class='notes_toc_article'>\n      <div class='notes_toc_article_row'>\n        <div class='notes_toc_article_pdf'>\n        <\/div>\n        <a class='notes_toc_article_title_link' href='https:\/\/mathmatters.cms.math.ca\/fr\/article\/nouveaute-call-for-abstracts-analysis-and-applications-of-partial-differential-equations-alberta-mathematics-dialogue-amd\/'>Call for Abstracts - Analysis and Applications of Partial Differential Equations - Alberta Mathematics Dialogue (AMD)<\/a> <span class='notes_toc_author_name'>&mdash;&nbsp;Tianxu Wang<\/span>      <\/div>\n    <\/div>\n    <div class='notes_toc_article'>\n      <div class='notes_toc_section_name'>Appel de mises en candidature<\/div>\n      <div class='notes_toc_article_row'>\n        <div class='notes_toc_article_pdf'>\n        <\/div>\n        <a class='notes_toc_article_title_link' href='https:\/\/mathmatters.cms.math.ca\/fr\/article\/nouveaute-appel-a-mises-en-candidature-prix-adrien-pouliot-2026-date-limite-30-avril-2026\/'>Appel \u00e0 mises en candidature : Prix Adrien Pouliot 2026 | Date limite : 30 avril 2026<\/a>      <\/div>\n    <\/div>\n    <div class='notes_toc_article'>\n      <div class='notes_toc_article_row'>\n        <div class='notes_toc_article_pdf'>\n        <\/div>\n        <a class='notes_toc_article_title_link' href='https:\/\/mathmatters.cms.math.ca\/fr\/article\/nouveaute-appel-a-mises-en-candidature-prix-graham-wright-2026-date-limite-31-mars-2026\/'>Appel \u00e0 mises en candidature : Prix Graham Wright 2026 | Date limite : 31 mars 2026<\/a>      <\/div>\n    <\/div>\n    <div class='notes_toc_article'>\n      <div class='notes_toc_article_row'>\n        <div class='notes_toc_article_pdf'>\n        <\/div>\n        <a class='notes_toc_article_title_link' href='https:\/\/mathmatters.cms.math.ca\/fr\/article\/nouveaute-appel-a-mises-en-candidature-fellows-2026-de-la-smc-date-limite-31-mars-2026\/'>Appel \u00e0 mises en candidature : Fellows 2026 de la SMC | Date limite : 31 mars 2026<\/a>      <\/div>\n    <\/div>\n    <div class='notes_toc_article'>\n      <div class='notes_toc_article_row'>\n        <div class='notes_toc_article_pdf'>\n        <\/div>\n        <a class='notes_toc_article_title_link' href='https:\/\/mathmatters.cms.math.ca\/fr\/article\/nouveaute-appel-a-mises-en-candidatures-redacteurtrices-en-chef-pour-le-journal-canadien-de-mathematiques-jcm\/'>Appel aux mises en candidature : R\u00e9dacteur(trice)s en chef pour le Journal canadien de math\u00e9matiques (JCM) | date limite 15 avril 2026<\/a>      <\/div>\n    <\/div>\n    <div class='notes_toc_article'>\n      <div class='notes_toc_section_name'>Comit\u00e9 \u00e9tudiant de la SMC<\/div>\n      <div class='notes_toc_article_row'>\n        <div class='notes_toc_article_pdf'>\n        <\/div>\n        <a class='notes_toc_article_title_link' href='https:\/\/mathmatters.cms.math.ca\/fr\/article\/nouveaute-reunion-dete-2026-de-la-smc-activites-etudiantes\/'>R\u00e9union d\u2019\u00e9t\u00e9 2026 de la SMC \u2013 Activit\u00e9s \u00e9tudiantes<\/a> <span class='notes_toc_author_name'>&mdash;&nbsp;CMS Student Committee (StudC)<\/span>      <\/div>\n    <\/div>\n<\/div>\n<\/div>\n<\/div>\n    <\/div>\n  <div class='notes_issues_issident' id='notes_issues_issident_3_11'><a href='javascript:void(0);' title=\"afficher\/masquer le contenu\" onclick='notes_issues_iss_vh(3, 11)'><img src='\/wp-content\/uploads\/2020\/01\/folder-closed.png' alt='afficher' class='notes_issues_toggles' id='notes_issues_toggle_show_3_11' ><img src='\/wp-content\/uploads\/2020\/01\/folder-open.png' alt='masquer' class='notes_issues_toggles' id='notes_issues_toggle_hide_3_11' style='display:none;'>[11] Num\u00e9ro du 20 mars 2026<\/a>\n<\/div>\n    <div class='notes_issues_isscontents' id='notes_issues_isscontents_3_11' style='display:none;'>\n<div class='notes_render_toc notes_noprint notes_toc_style_2' style='' id='notes_toc'>\n<div class='notes_toc_body'>\n  <div class='notes_toc_articles'>\n    <div class='notes_toc_article'>\n      <div class='notes_toc_section_name'>R\u00e9unions de la SMC<\/div>\n      <div class='notes_toc_article_row'>\n        <div class='notes_toc_article_pdf'>\n        <\/div>\n        <a class='notes_toc_article_title_link' href='https:\/\/mathmatters.cms.math.ca\/fr\/article\/nouveaute-reunion-dete-2026-de-la-smc-5-8-juin-les-inscriptions-sont-maintenant-ouvertes\/'>R\u00e9union d\u2019\u00e9t\u00e9 2026 de la SMC, 5-8 juin | Les inscriptions sont maintenant ouvertes !<\/a>      <\/div>\n    <\/div>\n    <div class='notes_toc_article'>\n      <div class='notes_toc_article_row'>\n        <div class='notes_toc_article_pdf'>\n        <\/div>\n        <a class='notes_toc_article_title_link' href='https:\/\/mathmatters.cms.math.ca\/fr\/article\/reunion-dete-2026-de-la-smc-5-8-juin-appel-aux-sessions-deducation\/'>R\u00e9union d\u2019\u00e9t\u00e9 2026 de la SMC, 5-8 juin | Appel aux sessions d'\u00e9ducation<\/a>      <\/div>\n    <\/div>\n    <div class='notes_toc_article'>\n      <div class='notes_toc_article_row'>\n        <div class='notes_toc_article_pdf'>\n        <\/div>\n        <a class='notes_toc_article_title_link' href='https:\/\/mathmatters.cms.math.ca\/fr\/article\/nouveaute-reunion-dete-2026-de-la-smc-5-8-juin-appel-a-sessions\/'>R\u00e9union d\u2019\u00e9t\u00e9 2026 de la SMC, 5-8 juin | Appel \u00e0 sessions - Date limite prolong\u00e9e<\/a>      <\/div>\n    <\/div>\n    <div class='notes_toc_article'>\n      <div class='notes_toc_article_row'>\n        <div class='notes_toc_article_pdf'>\n        <\/div>\n        <a class='notes_toc_article_title_link' href='https:\/\/mathmatters.cms.math.ca\/fr\/article\/nouveaute-reunion-dhiver-2026-de-la-smc-11-14-decembre-reservez-la-date\/'>R\u00e9union d'hiver 2026 de la SMC, 11-14 d\u00e9cembre| R\u00e9servez la date!<\/a>      <\/div>\n    <\/div>\n    <div class='notes_toc_article'>\n      <div class='notes_toc_section_name'>Annonces<\/div>\n      <div class='notes_toc_article_row'>\n        <div class='notes_toc_article_pdf'>\n        <\/div>\n        <a class='notes_toc_article_title_link' href='https:\/\/mathmatters.cms.math.ca\/fr\/article\/nouveaute-spring-inclusion-in-math-summit\/'>NOUVEAUT\u00c9 : Spring Inclusion in Math Summit<\/a> <span class='notes_toc_author_name'>&mdash;&nbsp;Sophie Spirkl, Avleen Kaur<\/span>      <\/div>\n    <\/div>\n    <div class='notes_toc_article'>\n      <div class='notes_toc_article_row'>\n        <div class='notes_toc_article_pdf'>\n        <\/div>\n        <a class='notes_toc_article_title_link' href='https:\/\/mathmatters.cms.math.ca\/fr\/article\/nouveaute-international-workshop-on-operator-theory-and-its-applications-iwota-2026-an-icm-satellite-conference\/'>International Workshop on Operator Theory and its Applications (IWOTA 2026) - An ICM Satellite Conference<\/a> <span class='notes_toc_author_name'>&mdash;&nbsp;Conference Organizers<\/span>      <\/div>\n    <\/div>\n    <div class='notes_toc_article'>\n      <div class='notes_toc_article_row'>\n        <div class='notes_toc_article_pdf'>\n        <\/div>\n        <a class='notes_toc_article_title_link' href='https:\/\/mathmatters.cms.math.ca\/fr\/article\/nouveaute-conference-on-classical-analysis-in-memory-of-paul-koosis-may-1-2-2026\/'>Conference on Classical Analysis in Memory of Paul Koosis | May 1-2, 2026<\/a> <span class='notes_toc_author_name'>&mdash;&nbsp;Conference Organizers<\/span>      <\/div>\n    <\/div>\n    <div class='notes_toc_article'>\n      <div class='notes_toc_article_row'>\n        <div class='notes_toc_article_pdf'>\n        <\/div>\n        <a class='notes_toc_article_title_link' href='https:\/\/mathmatters.cms.math.ca\/fr\/article\/nouveaute-mathematics-of-human-environmental-systems-and-climate-change-impacts-summer-school\/'>Mathematics of Human-Environmental Systems and Climate Change Impacts Summer School<\/a> <span class='notes_toc_author_name'>&mdash;&nbsp;Mark Lewis<\/span>      <\/div>\n    <\/div>\n    <div class='notes_toc_article'>\n      <div class='notes_toc_article_row'>\n        <div class='notes_toc_article_pdf'>\n        <\/div>\n        <a class='notes_toc_article_title_link' href='https:\/\/mathmatters.cms.math.ca\/fr\/article\/parrainage-de-conferences-linstitut-tutte-pour-les-mathematiques-et-le-calcul\/'>Parrainage de conf\u00e9rences \u2013 l\u2019Institut Tutte pour les math\u00e9matiques et le calcul<\/a> <span class='notes_toc_author_name'>&mdash;&nbsp;The Tutte Institute for Mathematics and Computing<\/span>      <\/div>\n    <\/div>\n    <div class='notes_toc_article'>\n      <div class='notes_toc_article_row'>\n        <div class='notes_toc_article_pdf'>\n        <\/div>\n        <a class='notes_toc_article_title_link' href='https:\/\/mathmatters.cms.math.ca\/fr\/article\/nouveaute-2026-prairie-discrete-mathematics-workshop-may-7-8\/'>2026 Prairie Discrete Mathematics Workshop | May 7 - 8<\/a> <span class='notes_toc_author_name'>&mdash;&nbsp;Alice Lacaze-Masmonteil<\/span>      <\/div>\n    <\/div>\n    <div class='notes_toc_article'>\n      <div class='notes_toc_article_row'>\n        <div class='notes_toc_article_pdf'>\n        <\/div>\n        <a class='notes_toc_article_title_link' href='https:\/\/mathmatters.cms.math.ca\/fr\/article\/camp-de-maths-dete-du-smc-2025-les-inscriptions-sont-ouvertes\/'>Camp d'\u00e9t\u00e9 de math\u00e9matiques 2026 de la SMC | Les inscriptions sont ouvertes<\/a>      <\/div>\n    <\/div>\n    <div class='notes_toc_article'>\n      <div class='notes_toc_article_row'>\n        <div class='notes_toc_article_pdf'>\n<a href='https:\/\/mathmatters.cms.math.ca\/wp-content\/uploads\/2026\/01\/2026-FYMSiC-Conference-Information.pdf' title='Cliquer ici pour t\u00e9l\u00e9charger une copie PDF de l\u2019article'><img class='pdficon' style='height: 32px;' src='\/wp-content\/uploads\/2019\/12\/PDF-download.png' alt='PDF icon' title=\"T\u00e9l\u00e9charger une copie PDF de l'article\"><\/a>        <\/div>\n        <a class='notes_toc_article_title_link' href='https:\/\/mathmatters.cms.math.ca\/fr\/article\/nouveaute-2026-fymsic-conference-mcmaster-university-may-8-10-2026\/'>2026 FYMSiC Conference @ McMaster University (May 8 -- 10, 2026)<\/a> <span class='notes_toc_author_name'>&mdash;&nbsp;Rebecca Carter<\/span>      <\/div>\n    <\/div>\n    <div class='notes_toc_article'>\n      <div class='notes_toc_article_row'>\n        <div class='notes_toc_article_pdf'>\n        <\/div>\n        <a class='notes_toc_article_title_link' href='https:\/\/mathmatters.cms.math.ca\/fr\/article\/nouveaute-call-for-abstracts-analysis-and-applications-of-partial-differential-equations-alberta-mathematics-dialogue-amd\/'>Call for Abstracts - Analysis and Applications of Partial Differential Equations - Alberta Mathematics Dialogue (AMD)<\/a> <span class='notes_toc_author_name'>&mdash;&nbsp;Tianxu Wang<\/span>      <\/div>\n    <\/div>\n    <div class='notes_toc_article'>\n      <div class='notes_toc_section_name'>Appel de mises en candidature<\/div>\n      <div class='notes_toc_article_row'>\n        <div class='notes_toc_article_pdf'>\n        <\/div>\n        <a class='notes_toc_article_title_link' href='https:\/\/mathmatters.cms.math.ca\/fr\/article\/nouveaute-appel-a-mises-en-candidature-prix-adrien-pouliot-2026-date-limite-30-avril-2026\/'>Appel \u00e0 mises en candidature : Prix Adrien Pouliot 2026 | Date limite : 30 avril 2026<\/a>      <\/div>\n    <\/div>\n    <div class='notes_toc_article'>\n      <div class='notes_toc_article_row'>\n        <div class='notes_toc_article_pdf'>\n        <\/div>\n        <a class='notes_toc_article_title_link' href='https:\/\/mathmatters.cms.math.ca\/fr\/article\/nouveaute-appel-a-mises-en-candidature-prix-graham-wright-2026-date-limite-31-mars-2026\/'>Appel \u00e0 mises en candidature : Prix Graham Wright 2026 | Date limite : 31 mars 2026<\/a>      <\/div>\n    <\/div>\n    <div class='notes_toc_article'>\n      <div class='notes_toc_article_row'>\n        <div class='notes_toc_article_pdf'>\n        <\/div>\n        <a class='notes_toc_article_title_link' href='https:\/\/mathmatters.cms.math.ca\/fr\/article\/nouveaute-appel-a-mises-en-candidature-fellows-2026-de-la-smc-date-limite-31-mars-2026\/'>Appel \u00e0 mises en candidature : Fellows 2026 de la SMC | Date limite : 31 mars 2026<\/a>      <\/div>\n    <\/div>\n    <div class='notes_toc_article'>\n      <div class='notes_toc_article_row'>\n        <div class='notes_toc_article_pdf'>\n        <\/div>\n        <a class='notes_toc_article_title_link' href='https:\/\/mathmatters.cms.math.ca\/fr\/article\/nouveaute-appel-a-mises-en-candidatures-redacteurtrices-en-chef-pour-le-journal-canadien-de-mathematiques-jcm\/'>Appel aux mises en candidature : R\u00e9dacteur(trice)s en chef pour le Journal canadien de math\u00e9matiques (JCM) | date limite 15 avril 2026<\/a>      <\/div>\n    <\/div>\n<\/div>\n<\/div>\n<\/div>\n    <\/div>\n  <div class='notes_issues_issident' id='notes_issues_issident_3_10'><a href='javascript:void(0);' title=\"afficher\/masquer le contenu\" onclick='notes_issues_iss_vh(3, 10)'><img src='\/wp-content\/uploads\/2020\/01\/folder-closed.png' alt='afficher' class='notes_issues_toggles' id='notes_issues_toggle_show_3_10' ><img src='\/wp-content\/uploads\/2020\/01\/folder-open.png' alt='masquer' class='notes_issues_toggles' id='notes_issues_toggle_hide_3_10' style='display:none;'>[10] Num\u00e9ro du 13 mars 2026<\/a>\n<\/div>\n    <div class='notes_issues_isscontents' id='notes_issues_isscontents_3_10' style='display:none;'>\n<div class='notes_render_toc notes_noprint notes_toc_style_2' style='' id='notes_toc'>\n<div class='notes_toc_body'>\n  <div class='notes_toc_articles'>\n    <div class='notes_toc_article'>\n      <div class='notes_toc_section_name'>Communiqu\u00e9<\/div>\n      <div class='notes_toc_article_row'>\n        <div class='notes_toc_article_pdf'>\n        <\/div>\n        <a class='notes_toc_article_title_link' href='https:\/\/mathmatters.cms.math.ca\/fr\/article\/nouveaute-le-dr-wesley-burr-recevra-le-prix-dexcellence-en-enseignement-2026\/'>NOUVEAUT\u00c9 : Le Dr Wesley Burr recevra le Prix d\u2019excellence en enseignement 2026<\/a>      <\/div>\n    <\/div>\n    <div class='notes_toc_article'>\n      <div class='notes_toc_section_name'>R\u00e9unions de la SMC<\/div>\n      <div class='notes_toc_article_row'>\n        <div class='notes_toc_article_pdf'>\n        <\/div>\n        <a class='notes_toc_article_title_link' href='https:\/\/mathmatters.cms.math.ca\/fr\/article\/nouveaute-reunion-dete-2026-de-la-smc-5-8-juin-les-inscriptions-sont-maintenant-ouvertes\/'>R\u00e9union d\u2019\u00e9t\u00e9 2026 de la SMC, 5-8 juin | Les inscriptions sont maintenant ouvertes !<\/a>      <\/div>\n    <\/div>\n    <div class='notes_toc_article'>\n      <div class='notes_toc_article_row'>\n        <div class='notes_toc_article_pdf'>\n        <\/div>\n        <a class='notes_toc_article_title_link' href='https:\/\/mathmatters.cms.math.ca\/fr\/article\/reunion-dete-2026-de-la-smc-5-8-juin-appel-aux-sessions-deducation\/'>R\u00e9union d\u2019\u00e9t\u00e9 2026 de la SMC, 5-8 juin | Appel aux sessions d'\u00e9ducation<\/a>      <\/div>\n    <\/div>\n    <div class='notes_toc_article'>\n      <div class='notes_toc_article_row'>\n        <div class='notes_toc_article_pdf'>\n        <\/div>\n        <a class='notes_toc_article_title_link' href='https:\/\/mathmatters.cms.math.ca\/fr\/article\/nouveaute-reunion-dete-2026-de-la-smc-5-8-juin-appel-a-sessions\/'>R\u00e9union d\u2019\u00e9t\u00e9 2026 de la SMC, 5-8 juin | Appel \u00e0 sessions - Date limite prolong\u00e9e<\/a>      <\/div>\n    <\/div>\n    <div class='notes_toc_article'>\n      <div class='notes_toc_article_row'>\n        <div class='notes_toc_article_pdf'>\n        <\/div>\n        <a class='notes_toc_article_title_link' href='https:\/\/mathmatters.cms.math.ca\/fr\/article\/nouveaute-reunion-dhiver-2026-de-la-smc-11-14-decembre-reservez-la-date\/'>R\u00e9union d'hiver 2026 de la SMC, 11-14 d\u00e9cembre| R\u00e9servez la date!<\/a>      <\/div>\n    <\/div>\n    <div class='notes_toc_article'>\n      <div class='notes_toc_section_name'>Annonces<\/div>\n      <div class='notes_toc_article_row'>\n        <div class='notes_toc_article_pdf'>\n        <\/div>\n        <a class='notes_toc_article_title_link' href='https:\/\/mathmatters.cms.math.ca\/fr\/article\/nouveaute-conference-on-classical-analysis-in-memory-of-paul-koosis-may-1-2-2026\/'>Conference on Classical Analysis in Memory of Paul Koosis | May 1-2, 2026<\/a> <span class='notes_toc_author_name'>&mdash;&nbsp;Conference Organizers<\/span>      <\/div>\n    <\/div>\n    <div class='notes_toc_article'>\n      <div class='notes_toc_article_row'>\n        <div class='notes_toc_article_pdf'>\n        <\/div>\n        <a class='notes_toc_article_title_link' href='https:\/\/mathmatters.cms.math.ca\/fr\/article\/nouveaute-mathematics-of-human-environmental-systems-and-climate-change-impacts-summer-school\/'>Mathematics of Human-Environmental Systems and Climate Change Impacts Summer School<\/a> <span class='notes_toc_author_name'>&mdash;&nbsp;Mark Lewis<\/span>      <\/div>\n    <\/div>\n    <div class='notes_toc_article'>\n      <div class='notes_toc_article_row'>\n        <div class='notes_toc_article_pdf'>\n        <\/div>\n        <a class='notes_toc_article_title_link' href='https:\/\/mathmatters.cms.math.ca\/fr\/article\/nouveaute-renouvelez-votre-adhesion-a-la-smc-pour-2026\/'>Renouvelez votre adh\u00e9sion \u00e0 la SMC pour 2026 !<\/a>      <\/div>\n    <\/div>\n    <div class='notes_toc_article'>\n      <div class='notes_toc_article_row'>\n        <div class='notes_toc_article_pdf'>\n        <\/div>\n        <a class='notes_toc_article_title_link' href='https:\/\/mathmatters.cms.math.ca\/fr\/article\/nouveaute-international-workshop-on-operator-theory-and-its-applications-iwota-2026-an-icm-satellite-conference\/'>International Workshop on Operator Theory and its Applications (IWOTA 2026) - An ICM Satellite Conference<\/a> <span class='notes_toc_author_name'>&mdash;&nbsp;Conference Organizers<\/span>      <\/div>\n    <\/div>\n    <div class='notes_toc_article'>\n      <div class='notes_toc_article_row'>\n        <div class='notes_toc_article_pdf'>\n        <\/div>\n        <a class='notes_toc_article_title_link' href='https:\/\/mathmatters.cms.math.ca\/fr\/article\/parrainage-de-conferences-linstitut-tutte-pour-les-mathematiques-et-le-calcul\/'>Parrainage de conf\u00e9rences \u2013 l\u2019Institut Tutte pour les math\u00e9matiques et le calcul<\/a> <span class='notes_toc_author_name'>&mdash;&nbsp;The Tutte Institute for Mathematics and Computing<\/span>      <\/div>\n    <\/div>\n    <div class='notes_toc_article'>\n      <div class='notes_toc_article_row'>\n        <div class='notes_toc_article_pdf'>\n        <\/div>\n        <a class='notes_toc_article_title_link' href='https:\/\/mathmatters.cms.math.ca\/fr\/article\/nouveaute-2026-prairie-discrete-mathematics-workshop-may-7-8\/'>2026 Prairie Discrete Mathematics Workshop | May 7 - 8<\/a> <span class='notes_toc_author_name'>&mdash;&nbsp;Alice Lacaze-Masmonteil<\/span>      <\/div>\n    <\/div>\n    <div class='notes_toc_article'>\n      <div class='notes_toc_article_row'>\n        <div class='notes_toc_article_pdf'>\n        <\/div>\n        <a class='notes_toc_article_title_link' href='https:\/\/mathmatters.cms.math.ca\/fr\/article\/nouveaute-international-day-of-mathematics-2026-mathematics-and-hope\/'>International Day of Mathematics 2026 \u2013 Mathematics and Hope<\/a>      <\/div>\n    <\/div>\n    <div class='notes_toc_article'>\n      <div class='notes_toc_article_row'>\n        <div class='notes_toc_article_pdf'>\n<a href='https:\/\/mathmatters.cms.math.ca\/wp-content\/uploads\/2026\/01\/2026-FYMSiC-Conference-Information.pdf' title='Cliquer ici pour t\u00e9l\u00e9charger une copie PDF de l\u2019article'><img class='pdficon' style='height: 32px;' src='\/wp-content\/uploads\/2019\/12\/PDF-download.png' alt='PDF icon' title=\"T\u00e9l\u00e9charger une copie PDF de l'article\"><\/a>        <\/div>\n        <a class='notes_toc_article_title_link' href='https:\/\/mathmatters.cms.math.ca\/fr\/article\/nouveaute-2026-fymsic-conference-mcmaster-university-may-8-10-2026\/'>2026 FYMSiC Conference @ McMaster University (May 8 -- 10, 2026)<\/a> <span class='notes_toc_author_name'>&mdash;&nbsp;Rebecca Carter<\/span>      <\/div>\n    <\/div>\n    <div class='notes_toc_article'>\n      <div class='notes_toc_article_row'>\n        <div class='notes_toc_article_pdf'>\n        <\/div>\n        <a class='notes_toc_article_title_link' href='https:\/\/mathmatters.cms.math.ca\/fr\/article\/camp-de-maths-dete-du-smc-2025-les-inscriptions-sont-ouvertes\/'>Camp d'\u00e9t\u00e9 de math\u00e9matiques 2026 de la SMC | Les inscriptions sont ouvertes<\/a>      <\/div>\n    <\/div>\n    <div class='notes_toc_article'>\n      <div class='notes_toc_section_name'>Appel de mises en candidature<\/div>\n      <div class='notes_toc_article_row'>\n        <div class='notes_toc_article_pdf'>\n        <\/div>\n        <a class='notes_toc_article_title_link' href='https:\/\/mathmatters.cms.math.ca\/fr\/article\/nouveaute-appel-a-mises-en-candidature-prix-adrien-pouliot-2026-date-limite-30-avril-2026\/'>Appel \u00e0 mises en candidature : Prix Adrien Pouliot 2026 | Date limite : 30 avril 2026<\/a>      <\/div>\n    <\/div>\n    <div class='notes_toc_article'>\n      <div class='notes_toc_article_row'>\n        <div class='notes_toc_article_pdf'>\n        <\/div>\n        <a class='notes_toc_article_title_link' href='https:\/\/mathmatters.cms.math.ca\/fr\/article\/nouveaute-appel-a-mises-en-candidature-prix-graham-wright-2026-date-limite-31-mars-2026\/'>Appel \u00e0 mises en candidature : Prix Graham Wright 2026 | Date limite : 31 mars 2026<\/a>      <\/div>\n    <\/div>\n    <div class='notes_toc_article'>\n      <div class='notes_toc_article_row'>\n        <div class='notes_toc_article_pdf'>\n        <\/div>\n        <a class='notes_toc_article_title_link' href='https:\/\/mathmatters.cms.math.ca\/fr\/article\/nouveaute-appel-a-mises-en-candidature-fellows-2026-de-la-smc-date-limite-31-mars-2026\/'>Appel \u00e0 mises en candidature : Fellows 2026 de la SMC | Date limite : 31 mars 2026<\/a>      <\/div>\n    <\/div>\n    <div class='notes_toc_article'>\n      <div class='notes_toc_article_row'>\n        <div class='notes_toc_article_pdf'>\n        <\/div>\n        <a class='notes_toc_article_title_link' href='https:\/\/mathmatters.cms.math.ca\/fr\/article\/nouveaute-appel-a-mises-en-candidatures-redacteurtrices-en-chef-pour-le-journal-canadien-de-mathematiques-jcm\/'>Appel aux mises en candidature : R\u00e9dacteur(trice)s en chef pour le Journal canadien de math\u00e9matiques (JCM) | date limite 15 avril 2026<\/a>      <\/div>\n    <\/div>\n<\/div>\n<\/div>\n<\/div>\n    <\/div>\n  <div class='notes_issues_issident' id='notes_issues_issident_3_9'><a href='javascript:void(0);' title=\"afficher\/masquer le contenu\" onclick='notes_issues_iss_vh(3, 9)'><img src='\/wp-content\/uploads\/2020\/01\/folder-closed.png' alt='afficher' class='notes_issues_toggles' id='notes_issues_toggle_show_3_9' ><img src='\/wp-content\/uploads\/2020\/01\/folder-open.png' alt='masquer' class='notes_issues_toggles' id='notes_issues_toggle_hide_3_9' style='display:none;'>[9] Num\u00e9ro du 6 mars 2026<\/a>\n<\/div>\n    <div class='notes_issues_isscontents' id='notes_issues_isscontents_3_9' style='display:none;'>\n<div class='notes_render_toc notes_noprint notes_toc_style_2' style='' id='notes_toc'>\n<div class='notes_toc_body'>\n  <div class='notes_toc_articles'>\n    <div class='notes_toc_article'>\n      <div class='notes_toc_section_name'>R\u00e9unions de la SMC<\/div>\n      <div class='notes_toc_article_row'>\n        <div class='notes_toc_article_pdf'>\n        <\/div>\n        <a class='notes_toc_article_title_link' href='https:\/\/mathmatters.cms.math.ca\/fr\/article\/nouveaute-reunion-dete-2026-de-la-smc-5-8-juin-les-inscriptions-sont-maintenant-ouvertes\/'>R\u00e9union d\u2019\u00e9t\u00e9 2026 de la SMC, 5-8 juin | Les inscriptions sont maintenant ouvertes !<\/a>      <\/div>\n    <\/div>\n    <div class='notes_toc_article'>\n      <div class='notes_toc_article_row'>\n        <div class='notes_toc_article_pdf'>\n        <\/div>\n        <a class='notes_toc_article_title_link' href='https:\/\/mathmatters.cms.math.ca\/fr\/article\/reunion-dete-2026-de-la-smc-5-8-juin-appel-aux-sessions-deducation\/'>R\u00e9union d\u2019\u00e9t\u00e9 2026 de la SMC, 5-8 juin | Appel aux sessions d'\u00e9ducation<\/a>      <\/div>\n    <\/div>\n    <div class='notes_toc_article'>\n      <div class='notes_toc_article_row'>\n        <div class='notes_toc_article_pdf'>\n        <\/div>\n        <a class='notes_toc_article_title_link' href='https:\/\/mathmatters.cms.math.ca\/fr\/article\/nouveaute-reunion-dete-2026-de-la-smc-5-8-juin-appel-a-sessions\/'>R\u00e9union d\u2019\u00e9t\u00e9 2026 de la SMC, 5-8 juin | Appel \u00e0 sessions - Date limite prolong\u00e9e<\/a>      <\/div>\n    <\/div>\n    <div class='notes_toc_article'>\n      <div class='notes_toc_article_row'>\n        <div class='notes_toc_article_pdf'>\n        <\/div>\n        <a class='notes_toc_article_title_link' href='https:\/\/mathmatters.cms.math.ca\/fr\/article\/nouveaute-reunion-dhiver-2026-de-la-smc-11-14-decembre-reservez-la-date\/'>R\u00e9union d'hiver 2026 de la SMC, 11-14 d\u00e9cembre| R\u00e9servez la date!<\/a>      <\/div>\n    <\/div>\n    <div class='notes_toc_article'>\n      <div class='notes_toc_section_name'>Annonces<\/div>\n      <div class='notes_toc_article_row'>\n        <div class='notes_toc_article_pdf'>\n        <\/div>\n        <a class='notes_toc_article_title_link' href='https:\/\/mathmatters.cms.math.ca\/fr\/article\/nouveaute-mathematics-of-human-environmental-systems-and-climate-change-impacts-summer-school\/'>Mathematics of Human-Environmental Systems and Climate Change Impacts Summer School<\/a> <span class='notes_toc_author_name'>&mdash;&nbsp;Mark Lewis<\/span>      <\/div>\n    <\/div>\n    <div class='notes_toc_article'>\n      <div class='notes_toc_article_row'>\n        <div class='notes_toc_article_pdf'>\n        <\/div>\n        <a class='notes_toc_article_title_link' href='https:\/\/mathmatters.cms.math.ca\/fr\/article\/nouveaute-international-workshop-on-operator-theory-and-its-applications-iwota-2026-an-icm-satellite-conference\/'>International Workshop on Operator Theory and its Applications (IWOTA 2026) - An ICM Satellite Conference<\/a> <span class='notes_toc_author_name'>&mdash;&nbsp;Conference Organizers<\/span>      <\/div>\n    <\/div>\n    <div class='notes_toc_article'>\n      <div class='notes_toc_article_row'>\n        <div class='notes_toc_article_pdf'>\n        <\/div>\n        <a class='notes_toc_article_title_link' href='https:\/\/mathmatters.cms.math.ca\/fr\/article\/nouveaute-conference-on-classical-analysis-in-memory-of-paul-koosis-may-1-2-2026\/'>Conference on Classical Analysis in Memory of Paul Koosis | May 1-2, 2026<\/a> <span class='notes_toc_author_name'>&mdash;&nbsp;Conference Organizers<\/span>      <\/div>\n    <\/div>\n    <div class='notes_toc_article'>\n      <div class='notes_toc_article_row'>\n        <div class='notes_toc_article_pdf'>\n        <\/div>\n        <a class='notes_toc_article_title_link' href='https:\/\/mathmatters.cms.math.ca\/fr\/article\/nouveaute-renouvelez-votre-adhesion-a-la-smc-pour-2026\/'>Renouvelez votre adh\u00e9sion \u00e0 la SMC pour 2026 !<\/a>      <\/div>\n    <\/div>\n    <div class='notes_toc_article'>\n      <div class='notes_toc_article_row'>\n        <div class='notes_toc_article_pdf'>\n        <\/div>\n        <a class='notes_toc_article_title_link' href='https:\/\/mathmatters.cms.math.ca\/fr\/article\/camp-de-maths-dete-du-smc-2025-les-inscriptions-sont-ouvertes\/'>Camp d'\u00e9t\u00e9 de math\u00e9matiques 2026 de la SMC | Les inscriptions sont ouvertes<\/a>      <\/div>\n    <\/div>\n    <div class='notes_toc_article'>\n      <div class='notes_toc_article_row'>\n        <div class='notes_toc_article_pdf'>\n        <\/div>\n        <a class='notes_toc_article_title_link' href='https:\/\/mathmatters.cms.math.ca\/fr\/article\/parrainage-de-conferences-linstitut-tutte-pour-les-mathematiques-et-le-calcul\/'>Parrainage de conf\u00e9rences \u2013 l\u2019Institut Tutte pour les math\u00e9matiques et le calcul<\/a> <span class='notes_toc_author_name'>&mdash;&nbsp;The Tutte Institute for Mathematics and Computing<\/span>      <\/div>\n    <\/div>\n    <div class='notes_toc_article'>\n      <div class='notes_toc_article_row'>\n        <div class='notes_toc_article_pdf'>\n        <\/div>\n        <a class='notes_toc_article_title_link' href='https:\/\/mathmatters.cms.math.ca\/fr\/article\/nouveaute-2026-prairie-discrete-mathematics-workshop-may-7-8\/'>2026 Prairie Discrete Mathematics Workshop | May 7 - 8<\/a> <span class='notes_toc_author_name'>&mdash;&nbsp;Alice Lacaze-Masmonteil<\/span>      <\/div>\n    <\/div>\n    <div class='notes_toc_article'>\n      <div class='notes_toc_article_row'>\n        <div class='notes_toc_article_pdf'>\n<a href='https:\/\/mathmatters.cms.math.ca\/wp-content\/uploads\/2026\/02\/Poster-Discussion-Panel-March-2026.pdf' title='Cliquer ici pour t\u00e9l\u00e9charger une copie PDF de l\u2019article'><img class='pdficon' style='height: 32px;' src='\/wp-content\/uploads\/2019\/12\/PDF-download.png' alt='PDF icon' title=\"T\u00e9l\u00e9charger une copie PDF de l'article\"><\/a>        <\/div>\n        <a class='notes_toc_article_title_link' href='https:\/\/mathmatters.cms.math.ca\/fr\/article\/nouveaute-programming-in-university-mathematics-education-in-the-gen-ai-era\/'>Programming in University Mathematics Education in the Gen AI Era<\/a> <span class='notes_toc_author_name'>&mdash;&nbsp;Chantal Buteau<\/span>      <\/div>\n    <\/div>\n    <div class='notes_toc_article'>\n      <div class='notes_toc_article_row'>\n        <div class='notes_toc_article_pdf'>\n        <\/div>\n        <a class='notes_toc_article_title_link' href='https:\/\/mathmatters.cms.math.ca\/fr\/article\/nouveaute-call-for-applications-a-new-course-based-master-program-in-data-science-at-the-university-of-alberta\/'>Call for Applications - A New Course-Based Master Program in Data Science at the University of Alberta<\/a> <span class='notes_toc_author_name'>&mdash;&nbsp;Jane Cooper<\/span>      <\/div>\n    <\/div>\n    <div class='notes_toc_article'>\n      <div class='notes_toc_article_row'>\n        <div class='notes_toc_article_pdf'>\n        <\/div>\n        <a class='notes_toc_article_title_link' href='https:\/\/mathmatters.cms.math.ca\/fr\/article\/nouveaute-international-day-of-mathematics-2026-mathematics-and-hope\/'>International Day of Mathematics 2026 \u2013 Mathematics and Hope<\/a>      <\/div>\n    <\/div>\n    <div class='notes_toc_article'>\n      <div class='notes_toc_article_row'>\n        <div class='notes_toc_article_pdf'>\n<a href='https:\/\/mathmatters.cms.math.ca\/wp-content\/uploads\/2026\/01\/2026-FYMSiC-Conference-Information.pdf' title='Cliquer ici pour t\u00e9l\u00e9charger une copie PDF de l\u2019article'><img class='pdficon' style='height: 32px;' src='\/wp-content\/uploads\/2019\/12\/PDF-download.png' alt='PDF icon' title=\"T\u00e9l\u00e9charger une copie PDF de l'article\"><\/a>        <\/div>\n        <a class='notes_toc_article_title_link' href='https:\/\/mathmatters.cms.math.ca\/fr\/article\/nouveaute-2026-fymsic-conference-mcmaster-university-may-8-10-2026\/'>2026 FYMSiC Conference @ McMaster University (May 8 -- 10, 2026)<\/a> <span class='notes_toc_author_name'>&mdash;&nbsp;Rebecca Carter<\/span>      <\/div>\n    <\/div>\n    <div class='notes_toc_article'>\n      <div class='notes_toc_section_name'>Appel de mises en candidature<\/div>\n      <div class='notes_toc_article_row'>\n        <div class='notes_toc_article_pdf'>\n        <\/div>\n        <a class='notes_toc_article_title_link' href='https:\/\/mathmatters.cms.math.ca\/fr\/article\/nouveaute-appel-a-mises-en-candidature-prix-adrien-pouliot-2026-date-limite-30-avril-2026\/'>Appel \u00e0 mises en candidature : Prix Adrien Pouliot 2026 | Date limite : 30 avril 2026<\/a>      <\/div>\n    <\/div>\n    <div class='notes_toc_article'>\n      <div class='notes_toc_article_row'>\n        <div class='notes_toc_article_pdf'>\n        <\/div>\n        <a class='notes_toc_article_title_link' href='https:\/\/mathmatters.cms.math.ca\/fr\/article\/nouveaute-appel-a-mises-en-candidature-prix-graham-wright-2026-date-limite-31-mars-2026\/'>Appel \u00e0 mises en candidature : Prix Graham Wright 2026 | Date limite : 31 mars 2026<\/a>      <\/div>\n    <\/div>\n    <div class='notes_toc_article'>\n      <div class='notes_toc_article_row'>\n        <div class='notes_toc_article_pdf'>\n        <\/div>\n        <a class='notes_toc_article_title_link' href='https:\/\/mathmatters.cms.math.ca\/fr\/article\/nouveaute-appel-a-mises-en-candidature-fellows-2026-de-la-smc-date-limite-31-mars-2026\/'>Appel \u00e0 mises en candidature : Fellows 2026 de la SMC | Date limite : 31 mars 2026<\/a>      <\/div>\n    <\/div>\n    <div class='notes_toc_article'>\n      <div class='notes_toc_article_row'>\n        <div class='notes_toc_article_pdf'>\n        <\/div>\n        <a class='notes_toc_article_title_link' href='https:\/\/mathmatters.cms.math.ca\/fr\/article\/nouveaute-appel-a-mises-en-candidatures-redacteurtrices-en-chef-pour-le-journal-canadien-de-mathematiques-jcm\/'>Appel aux mises en candidature : R\u00e9dacteur(trice)s en chef pour le Journal canadien de math\u00e9matiques (JCM) | date limite 15 avril 2026<\/a>      <\/div>\n    <\/div>\n<\/div>\n<\/div>\n<\/div>\n    <\/div>\n  <div class='notes_issues_issident' id='notes_issues_issident_3_8'><a href='javascript:void(0);' title=\"afficher\/masquer le contenu\" onclick='notes_issues_iss_vh(3, 8)'><img src='\/wp-content\/uploads\/2020\/01\/folder-closed.png' alt='afficher' class='notes_issues_toggles' id='notes_issues_toggle_show_3_8' ><img src='\/wp-content\/uploads\/2020\/01\/folder-open.png' alt='masquer' class='notes_issues_toggles' id='notes_issues_toggle_hide_3_8' style='display:none;'>[8] Num\u00e9ro du 27 f\u00e9vrier 2026<\/a>\n<\/div>\n    <div class='notes_issues_isscontents' id='notes_issues_isscontents_3_8' style='display:none;'>\n<div class='notes_render_toc notes_noprint notes_toc_style_2' style='' id='notes_toc'>\n<div class='notes_toc_body'>\n  <div class='notes_toc_articles'>\n    <div class='notes_toc_article'>\n      <div class='notes_toc_section_name'>Communiqu\u00e9<\/div>\n      <div class='notes_toc_article_row'>\n        <div class='notes_toc_article_pdf'>\n        <\/div>\n        <a class='notes_toc_article_title_link' href='https:\/\/mathmatters.cms.math.ca\/fr\/article\/nouveaute-le-dr-carlo-pagano-recoit-le-prix-coxeter-james-2026\/'>NOUVEAUT\u00c9 : Le Dr Carlo Pagano re\u00e7oit le prix Coxeter-James 2026<\/a>      <\/div>\n    <\/div>\n    <div class='notes_toc_article'>\n      <div class='notes_toc_section_name'>R\u00e9unions de la SMC<\/div>\n      <div class='notes_toc_article_row'>\n        <div class='notes_toc_article_pdf'>\n        <\/div>\n        <a class='notes_toc_article_title_link' href='https:\/\/mathmatters.cms.math.ca\/fr\/article\/reunion-dete-2026-de-la-smc-5-8-juin-appel-aux-sessions-deducation\/'>R\u00e9union d\u2019\u00e9t\u00e9 2026 de la SMC, 5-8 juin | Appel aux sessions d'\u00e9ducation<\/a>      <\/div>\n    <\/div>\n    <div class='notes_toc_article'>\n      <div class='notes_toc_article_row'>\n        <div class='notes_toc_article_pdf'>\n        <\/div>\n        <a class='notes_toc_article_title_link' href='https:\/\/mathmatters.cms.math.ca\/fr\/article\/nouveaute-reunion-dete-2026-de-la-smc-5-8-juin-appel-a-sessions\/'>R\u00e9union d\u2019\u00e9t\u00e9 2026 de la SMC, 5-8 juin | Appel \u00e0 sessions - Date limite prolong\u00e9e<\/a>      <\/div>\n    <\/div>\n    <div class='notes_toc_article'>\n      <div class='notes_toc_article_row'>\n        <div class='notes_toc_article_pdf'>\n        <\/div>\n        <a class='notes_toc_article_title_link' href='https:\/\/mathmatters.cms.math.ca\/fr\/article\/nouveaute-reunion-dete-2026-de-la-smc-5-8-juin-reservez-la-date\/'>R\u00e9union d'\u00e9t\u00e9 2026 de la SMC, 5-8 juin | R\u00e9servez la date!<\/a>      <\/div>\n    <\/div>\n    <div class='notes_toc_article'>\n      <div class='notes_toc_article_row'>\n        <div class='notes_toc_article_pdf'>\n        <\/div>\n        <a class='notes_toc_article_title_link' href='https:\/\/mathmatters.cms.math.ca\/fr\/article\/nouveaute-reunion-dhiver-2026-de-la-smc-11-14-decembre-reservez-la-date\/'>R\u00e9union d'hiver 2026 de la SMC, 11-14 d\u00e9cembre| R\u00e9servez la date!<\/a>      <\/div>\n    <\/div>\n    <div class='notes_toc_article'>\n      <div class='notes_toc_section_name'>Annonces<\/div>\n      <div class='notes_toc_article_row'>\n        <div class='notes_toc_article_pdf'>\n        <\/div>\n        <a class='notes_toc_article_title_link' href='https:\/\/mathmatters.cms.math.ca\/fr\/article\/nouveaute-mathematics-of-human-environmental-systems-and-climate-change-impacts-summer-school\/'>Mathematics of Human-Environmental Systems and Climate Change Impacts Summer School<\/a> <span class='notes_toc_author_name'>&mdash;&nbsp;Mark Lewis<\/span>      <\/div>\n    <\/div>\n    <div class='notes_toc_article'>\n      <div class='notes_toc_article_row'>\n        <div class='notes_toc_article_pdf'>\n        <\/div>\n        <a class='notes_toc_article_title_link' href='https:\/\/mathmatters.cms.math.ca\/fr\/article\/nouveaute-renouvelez-votre-adhesion-a-la-smc-pour-2026\/'>Renouvelez votre adh\u00e9sion \u00e0 la SMC pour 2026 !<\/a>      <\/div>\n    <\/div>\n    <div class='notes_toc_article'>\n      <div class='notes_toc_article_row'>\n        <div class='notes_toc_article_pdf'>\n        <\/div>\n        <a class='notes_toc_article_title_link' href='https:\/\/mathmatters.cms.math.ca\/fr\/article\/nouveaute-chercheur-ou-chercheuse-strategique-en-apprentissage-automatic-institut-tutte-pour-les-mathematiques-et-le-calcul\/'>Chercheur ou chercheuse strat\u00e9gique en apprentissage automatic \u2013 Institut Tutte pour les math\u00e9matiques et le calcul<\/a> <span class='notes_toc_author_name'>&mdash;&nbsp;The Tutte Institute for Mathematics and Computing<\/span>      <\/div>\n    <\/div>\n    <div class='notes_toc_article'>\n      <div class='notes_toc_article_row'>\n        <div class='notes_toc_article_pdf'>\n        <\/div>\n        <a class='notes_toc_article_title_link' href='https:\/\/mathmatters.cms.math.ca\/fr\/article\/nouveaute-2026-prairie-discrete-mathematics-workshop-may-7-8\/'>2026 Prairie Discrete Mathematics Workshop | May 7 - 8<\/a> <span class='notes_toc_author_name'>&mdash;&nbsp;Alice Lacaze-Masmonteil<\/span>      <\/div>\n    <\/div>\n    <div class='notes_toc_article'>\n      <div class='notes_toc_article_row'>\n        <div class='notes_toc_article_pdf'>\n<a href='https:\/\/mathmatters.cms.math.ca\/wp-content\/uploads\/2026\/02\/Poster-Discussion-Panel-March-2026.pdf' title='Cliquer ici pour t\u00e9l\u00e9charger une copie PDF de l\u2019article'><img class='pdficon' style='height: 32px;' src='\/wp-content\/uploads\/2019\/12\/PDF-download.png' alt='PDF icon' title=\"T\u00e9l\u00e9charger une copie PDF de l'article\"><\/a>        <\/div>\n        <a class='notes_toc_article_title_link' href='https:\/\/mathmatters.cms.math.ca\/fr\/article\/nouveaute-programming-in-university-mathematics-education-in-the-gen-ai-era\/'>Programming in University Mathematics Education in the Gen AI Era<\/a> <span class='notes_toc_author_name'>&mdash;&nbsp;Chantal Buteau<\/span>      <\/div>\n    <\/div>\n    <div class='notes_toc_article'>\n      <div class='notes_toc_article_row'>\n        <div class='notes_toc_article_pdf'>\n        <\/div>\n        <a class='notes_toc_article_title_link' href='https:\/\/mathmatters.cms.math.ca\/fr\/article\/nouveaute-international-day-of-mathematics-2026-mathematics-and-hope\/'>International Day of Mathematics 2026 \u2013 Mathematics and Hope<\/a>      <\/div>\n    <\/div>\n    <div class='notes_toc_article'>\n      <div class='notes_toc_article_row'>\n        <div class='notes_toc_article_pdf'>\n<a href='https:\/\/mathmatters.cms.math.ca\/wp-content\/uploads\/2026\/01\/2026-FYMSiC-Conference-Information.pdf' title='Cliquer ici pour t\u00e9l\u00e9charger une copie PDF de l\u2019article'><img class='pdficon' style='height: 32px;' src='\/wp-content\/uploads\/2019\/12\/PDF-download.png' alt='PDF icon' title=\"T\u00e9l\u00e9charger une copie PDF de l'article\"><\/a>        <\/div>\n        <a class='notes_toc_article_title_link' href='https:\/\/mathmatters.cms.math.ca\/fr\/article\/nouveaute-2026-fymsic-conference-mcmaster-university-may-8-10-2026\/'>2026 FYMSiC Conference @ McMaster University (May 8 -- 10, 2026)<\/a> <span class='notes_toc_author_name'>&mdash;&nbsp;Rebecca Carter<\/span>      <\/div>\n    <\/div>\n    <div class='notes_toc_article'>\n      <div class='notes_toc_article_row'>\n        <div class='notes_toc_article_pdf'>\n        <\/div>\n        <a class='notes_toc_article_title_link' href='https:\/\/mathmatters.cms.math.ca\/fr\/article\/parrainage-de-conferences-linstitut-tutte-pour-les-mathematiques-et-le-calcul\/'>Parrainage de conf\u00e9rences \u2013 l\u2019Institut Tutte pour les math\u00e9matiques et le calcul<\/a> <span class='notes_toc_author_name'>&mdash;&nbsp;The Tutte Institute for Mathematics and Computing<\/span>      <\/div>\n    <\/div>\n    <div class='notes_toc_article'>\n      <div class='notes_toc_article_row'>\n        <div class='notes_toc_article_pdf'>\n        <\/div>\n        <a class='notes_toc_article_title_link' href='https:\/\/mathmatters.cms.math.ca\/fr\/article\/camp-de-maths-dete-du-smc-2025-les-inscriptions-sont-ouvertes\/'>Camp d'\u00e9t\u00e9 de math\u00e9matiques 2026 de la SMC | Les inscriptions sont ouvertes<\/a>      <\/div>\n    <\/div>\n    <div class='notes_toc_article'>\n      <div class='notes_toc_section_name'>Appel de mises en candidature<\/div>\n      <div class='notes_toc_article_row'>\n        <div class='notes_toc_article_pdf'>\n        <\/div>\n        <a class='notes_toc_article_title_link' href='https:\/\/mathmatters.cms.math.ca\/fr\/article\/nouveaute-appel-a-mises-en-candidature-prix-adrien-pouliot-2026-date-limite-30-avril-2026\/'>Appel \u00e0 mises en candidature : Prix Adrien Pouliot 2026 | Date limite : 30 avril 2026<\/a>      <\/div>\n    <\/div>\n    <div class='notes_toc_article'>\n      <div class='notes_toc_article_row'>\n        <div class='notes_toc_article_pdf'>\n        <\/div>\n        <a class='notes_toc_article_title_link' href='https:\/\/mathmatters.cms.math.ca\/fr\/article\/nouveaute-appel-a-mises-en-candidature-prix-graham-wright-2026-date-limite-31-mars-2026\/'>Appel \u00e0 mises en candidature : Prix Graham Wright 2026 | Date limite : 31 mars 2026<\/a>      <\/div>\n    <\/div>\n    <div class='notes_toc_article'>\n      <div class='notes_toc_article_row'>\n        <div class='notes_toc_article_pdf'>\n        <\/div>\n        <a class='notes_toc_article_title_link' href='https:\/\/mathmatters.cms.math.ca\/fr\/article\/nouveaute-appel-a-mises-en-candidature-fellows-2026-de-la-smc-date-limite-31-mars-2026\/'>Appel \u00e0 mises en candidature : Fellows 2026 de la SMC | Date limite : 31 mars 2026<\/a>      <\/div>\n    <\/div>\n    <div class='notes_toc_article'>\n      <div class='notes_toc_article_row'>\n        <div class='notes_toc_article_pdf'>\n        <\/div>\n        <a class='notes_toc_article_title_link' href='https:\/\/mathmatters.cms.math.ca\/fr\/article\/nouveaute-appel-a-mises-en-candidatures-redacteurtrices-en-chef-pour-le-journal-canadien-de-mathematiques-jcm\/'>Appel aux mises en candidature : R\u00e9dacteur(trice)s en chef pour le Journal canadien de math\u00e9matiques (JCM) | date limite 15 avril 2026<\/a>      <\/div>\n    <\/div>\n<\/div>\n<\/div>\n<\/div>\n    <\/div>\n  <div class='notes_issues_issident' id='notes_issues_issident_3_7'><a href='javascript:void(0);' title=\"afficher\/masquer le contenu\" onclick='notes_issues_iss_vh(3, 7)'><img src='\/wp-content\/uploads\/2020\/01\/folder-closed.png' alt='afficher' class='notes_issues_toggles' id='notes_issues_toggle_show_3_7' ><img src='\/wp-content\/uploads\/2020\/01\/folder-open.png' alt='masquer' class='notes_issues_toggles' id='notes_issues_toggle_hide_3_7' style='display:none;'>[7] Num\u00e9ro du 20 f\u00e9vrier 2026<\/a>\n<\/div>\n    <div class='notes_issues_isscontents' id='notes_issues_isscontents_3_7' style='display:none;'>\n<div class='notes_render_toc notes_noprint notes_toc_style_2' style='' id='notes_toc'>\n<div class='notes_toc_body'>\n  <div class='notes_toc_articles'>\n    <div class='notes_toc_article'>\n      <div class='notes_toc_section_name'>Communiqu\u00e9<\/div>\n      <div class='notes_toc_article_row'>\n        <div class='notes_toc_article_pdf'>\n        <\/div>\n        <a class='notes_toc_article_title_link' href='https:\/\/mathmatters.cms.math.ca\/fr\/article\/nouveaute-le-dr-alexandre-girouard-recevra-le-prix-cathleen-synge-morawetz-2026\/'>NOUVEAUT\u00c9 :  Le Dr Alexandre Girouard recevra le prix Cathleen Synge Morawetz 2026<\/a>      <\/div>\n    <\/div>\n    <div class='notes_toc_article'>\n      <div class='notes_toc_section_name'>R\u00e9unions de la SMC<\/div>\n      <div class='notes_toc_article_row'>\n        <div class='notes_toc_article_pdf'>\n        <\/div>\n        <a class='notes_toc_article_title_link' href='https:\/\/mathmatters.cms.math.ca\/fr\/article\/reunion-dete-2026-de-la-smc-5-8-juin-appel-aux-sessions-deducation\/'>R\u00e9union d\u2019\u00e9t\u00e9 2026 de la SMC, 5-8 juin | Appel aux sessions d'\u00e9ducation<\/a>      <\/div>\n    <\/div>\n    <div class='notes_toc_article'>\n      <div class='notes_toc_article_row'>\n        <div class='notes_toc_article_pdf'>\n        <\/div>\n        <a class='notes_toc_article_title_link' href='https:\/\/mathmatters.cms.math.ca\/fr\/article\/nouveaute-reunion-dete-2026-de-la-smc-5-8-juin-appel-a-sessions\/'>R\u00e9union d\u2019\u00e9t\u00e9 2026 de la SMC, 5-8 juin | Appel \u00e0 sessions - Date limite prolong\u00e9e<\/a>      <\/div>\n    <\/div>\n    <div class='notes_toc_article'>\n      <div class='notes_toc_article_row'>\n        <div class='notes_toc_article_pdf'>\n        <\/div>\n        <a class='notes_toc_article_title_link' href='https:\/\/mathmatters.cms.math.ca\/fr\/article\/nouveaute-reunion-dete-2026-de-la-smc-5-8-juin-reservez-la-date\/'>R\u00e9union d'\u00e9t\u00e9 2026 de la SMC, 5-8 juin | R\u00e9servez la date!<\/a>      <\/div>\n    <\/div>\n    <div class='notes_toc_article'>\n      <div class='notes_toc_article_row'>\n        <div class='notes_toc_article_pdf'>\n        <\/div>\n        <a class='notes_toc_article_title_link' href='https:\/\/mathmatters.cms.math.ca\/fr\/article\/nouveaute-reunion-dhiver-2026-de-la-smc-11-14-decembre-reservez-la-date\/'>R\u00e9union d'hiver 2026 de la SMC, 11-14 d\u00e9cembre| R\u00e9servez la date!<\/a>      <\/div>\n    <\/div>\n    <div class='notes_toc_article'>\n      <div class='notes_toc_section_name'>Annonces<\/div>\n      <div class='notes_toc_article_row'>\n        <div class='notes_toc_article_pdf'>\n        <\/div>\n        <a class='notes_toc_article_title_link' href='https:\/\/mathmatters.cms.math.ca\/fr\/article\/nouveaute-mathematics-of-human-environmental-systems-and-climate-change-impacts-summer-school\/'>Mathematics of Human-Environmental Systems and Climate Change Impacts Summer School<\/a> <span class='notes_toc_author_name'>&mdash;&nbsp;Mark Lewis<\/span>      <\/div>\n    <\/div>\n    <div class='notes_toc_article'>\n      <div class='notes_toc_article_row'>\n        <div class='notes_toc_article_pdf'>\n        <\/div>\n        <a class='notes_toc_article_title_link' href='https:\/\/mathmatters.cms.math.ca\/fr\/article\/nouveaute-renouvelez-votre-adhesion-a-la-smc-pour-2026\/'>Renouvelez votre adh\u00e9sion \u00e0 la SMC pour 2026 !<\/a>      <\/div>\n    <\/div>\n    <div class='notes_toc_article'>\n      <div class='notes_toc_article_row'>\n        <div class='notes_toc_article_pdf'>\n        <\/div>\n        <a class='notes_toc_article_title_link' href='https:\/\/mathmatters.cms.math.ca\/fr\/article\/nouveaute-chercheur-ou-chercheuse-strategique-en-apprentissage-automatic-institut-tutte-pour-les-mathematiques-et-le-calcul\/'>Chercheur ou chercheuse strat\u00e9gique en apprentissage automatic \u2013 Institut Tutte pour les math\u00e9matiques et le calcul<\/a> <span class='notes_toc_author_name'>&mdash;&nbsp;The Tutte Institute for Mathematics and Computing<\/span>      <\/div>\n    <\/div>\n    <div class='notes_toc_article'>\n      <div class='notes_toc_article_row'>\n        <div class='notes_toc_article_pdf'>\n        <\/div>\n        <a class='notes_toc_article_title_link' href='https:\/\/mathmatters.cms.math.ca\/fr\/article\/nouveaute-2026-prairie-discrete-mathematics-workshop-may-7-8\/'>2026 Prairie Discrete Mathematics Workshop | May 7 - 8<\/a> <span class='notes_toc_author_name'>&mdash;&nbsp;Alice Lacaze-Masmonteil<\/span>      <\/div>\n    <\/div>\n    <div class='notes_toc_article'>\n      <div class='notes_toc_article_row'>\n        <div class='notes_toc_article_pdf'>\n<a href='https:\/\/mathmatters.cms.math.ca\/wp-content\/uploads\/2026\/02\/Poster-Discussion-Panel-March-2026.pdf' title='Cliquer ici pour t\u00e9l\u00e9charger une copie PDF de l\u2019article'><img class='pdficon' style='height: 32px;' src='\/wp-content\/uploads\/2019\/12\/PDF-download.png' alt='PDF icon' title=\"T\u00e9l\u00e9charger une copie PDF de l'article\"><\/a>        <\/div>\n        <a class='notes_toc_article_title_link' href='https:\/\/mathmatters.cms.math.ca\/fr\/article\/nouveaute-programming-in-university-mathematics-education-in-the-gen-ai-era\/'>Programming in University Mathematics Education in the Gen AI Era<\/a> <span class='notes_toc_author_name'>&mdash;&nbsp;Chantal Buteau<\/span>      <\/div>\n    <\/div>\n    <div class='notes_toc_article'>\n      <div class='notes_toc_article_row'>\n        <div class='notes_toc_article_pdf'>\n        <\/div>\n        <a class='notes_toc_article_title_link' href='https:\/\/mathmatters.cms.math.ca\/fr\/article\/nouveaute-international-day-of-mathematics-2026-mathematics-and-hope\/'>International Day of Mathematics 2026 \u2013 Mathematics and Hope<\/a>      <\/div>\n    <\/div>\n    <div class='notes_toc_article'>\n      <div class='notes_toc_article_row'>\n        <div class='notes_toc_article_pdf'>\n<a href='https:\/\/mathmatters.cms.math.ca\/wp-content\/uploads\/2026\/01\/2026-FYMSiC-Conference-Information.pdf' title='Cliquer ici pour t\u00e9l\u00e9charger une copie PDF de l\u2019article'><img class='pdficon' style='height: 32px;' src='\/wp-content\/uploads\/2019\/12\/PDF-download.png' alt='PDF icon' title=\"T\u00e9l\u00e9charger une copie PDF de l'article\"><\/a>        <\/div>\n        <a class='notes_toc_article_title_link' href='https:\/\/mathmatters.cms.math.ca\/fr\/article\/nouveaute-2026-fymsic-conference-mcmaster-university-may-8-10-2026\/'>2026 FYMSiC Conference @ McMaster University (May 8 -- 10, 2026)<\/a> <span class='notes_toc_author_name'>&mdash;&nbsp;Rebecca Carter<\/span>      <\/div>\n    <\/div>\n    <div class='notes_toc_article'>\n      <div class='notes_toc_article_row'>\n        <div class='notes_toc_article_pdf'>\n        <\/div>\n        <a class='notes_toc_article_title_link' href='https:\/\/mathmatters.cms.math.ca\/fr\/article\/parrainage-de-conferences-linstitut-tutte-pour-les-mathematiques-et-le-calcul\/'>Parrainage de conf\u00e9rences \u2013 l\u2019Institut Tutte pour les math\u00e9matiques et le calcul<\/a> <span class='notes_toc_author_name'>&mdash;&nbsp;The Tutte Institute for Mathematics and Computing<\/span>      <\/div>\n    <\/div>\n    <div class='notes_toc_article'>\n      <div class='notes_toc_article_row'>\n        <div class='notes_toc_article_pdf'>\n        <\/div>\n        <a class='notes_toc_article_title_link' href='https:\/\/mathmatters.cms.math.ca\/fr\/article\/camp-de-maths-dete-du-smc-2025-les-inscriptions-sont-ouvertes\/'>Camp d'\u00e9t\u00e9 de math\u00e9matiques 2026 de la SMC | Les inscriptions sont ouvertes<\/a>      <\/div>\n    <\/div>\n    <div class='notes_toc_article'>\n      <div class='notes_toc_section_name'>Appel de mises en candidature<\/div>\n      <div class='notes_toc_article_row'>\n        <div class='notes_toc_article_pdf'>\n        <\/div>\n        <a class='notes_toc_article_title_link' href='https:\/\/mathmatters.cms.math.ca\/fr\/article\/nouveaute-appel-a-mises-en-candidature-prix-adrien-pouliot-2026-date-limite-30-avril-2026\/'>Appel \u00e0 mises en candidature : Prix Adrien Pouliot 2026 | Date limite : 30 avril 2026<\/a>      <\/div>\n    <\/div>\n    <div class='notes_toc_article'>\n      <div class='notes_toc_article_row'>\n        <div class='notes_toc_article_pdf'>\n        <\/div>\n        <a class='notes_toc_article_title_link' href='https:\/\/mathmatters.cms.math.ca\/fr\/article\/nouveaute-appel-a-mises-en-candidature-prix-graham-wright-2026-date-limite-31-mars-2026\/'>Appel \u00e0 mises en candidature : Prix Graham Wright 2026 | Date limite : 31 mars 2026<\/a>      <\/div>\n    <\/div>\n    <div class='notes_toc_article'>\n      <div class='notes_toc_article_row'>\n        <div class='notes_toc_article_pdf'>\n        <\/div>\n        <a class='notes_toc_article_title_link' href='https:\/\/mathmatters.cms.math.ca\/fr\/article\/nouveaute-appel-a-mises-en-candidature-fellows-2026-de-la-smc-date-limite-31-mars-2026\/'>Appel \u00e0 mises en candidature : Fellows 2026 de la SMC | Date limite : 31 mars 2026<\/a>      <\/div>\n    <\/div>\n    <div class='notes_toc_article'>\n      <div class='notes_toc_article_row'>\n        <div class='notes_toc_article_pdf'>\n        <\/div>\n        <a class='notes_toc_article_title_link' href='https:\/\/mathmatters.cms.math.ca\/fr\/article\/nouveaute-appel-a-mises-en-candidatures-redacteurtrices-en-chef-pour-le-journal-canadien-de-mathematiques-jcm\/'>Appel aux mises en candidature : R\u00e9dacteur(trice)s en chef pour le Journal canadien de math\u00e9matiques (JCM) | date limite 15 avril 2026<\/a>      <\/div>\n    <\/div>\n<\/div>\n<\/div>\n<\/div>\n    <\/div>\n  <div class='notes_issues_issident' id='notes_issues_issident_3_6'><a href='javascript:void(0);' title=\"afficher\/masquer le contenu\" onclick='notes_issues_iss_vh(3, 6)'><img src='\/wp-content\/uploads\/2020\/01\/folder-closed.png' alt='afficher' class='notes_issues_toggles' id='notes_issues_toggle_show_3_6' ><img src='\/wp-content\/uploads\/2020\/01\/folder-open.png' alt='masquer' class='notes_issues_toggles' id='notes_issues_toggle_hide_3_6' style='display:none;'>[6] Num\u00e9ro du 13 f\u00e9vrier 2026<\/a>\n<\/div>\n    <div class='notes_issues_isscontents' id='notes_issues_isscontents_3_6' style='display:none;'>\n<div class='notes_render_toc notes_noprint notes_toc_style_2' style='' id='notes_toc'>\n<div class='notes_toc_body'>\n  <div class='notes_toc_articles'>\n    <div class='notes_toc_article'>\n      <div class='notes_toc_section_name'>Communiqu\u00e9<\/div>\n      <div class='notes_toc_article_row'>\n        <div class='notes_toc_article_pdf'>\n        <\/div>\n        <a class='notes_toc_article_title_link' href='https:\/\/mathmatters.cms.math.ca\/fr\/article\/nouveaute-presentation-de-lequipe-de-maths-des-filles-du-canada-pour-loemf-2026\/'>NOUVEAUT\u00c9 :  Pr\u00e9sentation de l\u2019\u00c9quipe de maths des filles du Canada pour l\u2019OEMF 2026<\/a>      <\/div>\n    <\/div>\n    <div class='notes_toc_article'>\n      <div class='notes_toc_section_name'>R\u00e9unions de la SMC<\/div>\n      <div class='notes_toc_article_row'>\n        <div class='notes_toc_article_pdf'>\n        <\/div>\n        <a class='notes_toc_article_title_link' href='https:\/\/mathmatters.cms.math.ca\/fr\/article\/nouveaute-reunion-dete-2026-de-la-smc-5-8-juin-appel-a-sessions\/'>R\u00e9union d\u2019\u00e9t\u00e9 2026 de la SMC, 5-8 juin | Appel \u00e0 sessions - Date limite prolong\u00e9e<\/a>      <\/div>\n    <\/div>\n    <div class='notes_toc_article'>\n      <div class='notes_toc_article_row'>\n        <div class='notes_toc_article_pdf'>\n        <\/div>\n        <a class='notes_toc_article_title_link' href='https:\/\/mathmatters.cms.math.ca\/fr\/article\/reunion-dete-2026-de-la-smc-5-8-juin-appel-aux-sessions-deducation\/'>R\u00e9union d\u2019\u00e9t\u00e9 2026 de la SMC, 5-8 juin | Appel aux sessions d'\u00e9ducation<\/a>      <\/div>\n    <\/div>\n    <div class='notes_toc_article'>\n      <div class='notes_toc_article_row'>\n        <div class='notes_toc_article_pdf'>\n        <\/div>\n        <a class='notes_toc_article_title_link' href='https:\/\/mathmatters.cms.math.ca\/fr\/article\/nouveaute-reunion-dete-2026-de-la-smc-5-8-juin-reservez-la-date\/'>R\u00e9union d'\u00e9t\u00e9 2026 de la SMC, 5-8 juin | R\u00e9servez la date!<\/a>      <\/div>\n    <\/div>\n    <div class='notes_toc_article'>\n      <div class='notes_toc_article_row'>\n        <div class='notes_toc_article_pdf'>\n        <\/div>\n        <a class='notes_toc_article_title_link' href='https:\/\/mathmatters.cms.math.ca\/fr\/article\/nouveaute-reunion-dhiver-2026-de-la-smc-11-14-decembre-reservez-la-date\/'>R\u00e9union d'hiver 2026 de la SMC, 11-14 d\u00e9cembre| R\u00e9servez la date!<\/a>      <\/div>\n    <\/div>\n    <div class='notes_toc_article'>\n      <div class='notes_toc_section_name'>Annonces<\/div>\n      <div class='notes_toc_article_row'>\n        <div class='notes_toc_article_pdf'>\n        <\/div>\n        <a class='notes_toc_article_title_link' href='https:\/\/mathmatters.cms.math.ca\/fr\/article\/nouveaute-2026-prairie-discrete-mathematics-workshop\/'>NOUVEAUT\u00c9 : 2026 Prairie Discrete Mathematics Workshop<\/a> <span class='notes_toc_author_name'>&mdash;&nbsp;Alice Lacaze-Masmonteil<\/span>      <\/div>\n    <\/div>\n    <div class='notes_toc_article'>\n      <div class='notes_toc_article_row'>\n        <div class='notes_toc_article_pdf'>\n        <\/div>\n        <a class='notes_toc_article_title_link' href='https:\/\/mathmatters.cms.math.ca\/fr\/article\/nouveaute-mathematics-of-human-environmental-systems-and-climate-change-impacts-summer-school\/'>Mathematics of Human-Environmental Systems and Climate Change Impacts Summer School<\/a> <span class='notes_toc_author_name'>&mdash;&nbsp;Mark Lewis<\/span>      <\/div>\n    <\/div>\n    <div class='notes_toc_article'>\n      <div class='notes_toc_article_row'>\n        <div class='notes_toc_article_pdf'>\n        <\/div>\n        <a class='notes_toc_article_title_link' href='https:\/\/mathmatters.cms.math.ca\/fr\/article\/nouveaute-2026-increasing-diversity-in-mathematical-related-sciences-summer-school\/'>2026 Increasing Diversity in Mathematical & Related Sciences Summer School<\/a> <span class='notes_toc_author_name'>&mdash;&nbsp;Women in Math Committee<\/span>      <\/div>\n    <\/div>\n    <div class='notes_toc_article'>\n      <div class='notes_toc_article_row'>\n        <div class='notes_toc_article_pdf'>\n        <\/div>\n        <a class='notes_toc_article_title_link' href='https:\/\/mathmatters.cms.math.ca\/fr\/article\/nouveaute-icmmp-2026\/'>ICMMP 2026<\/a> <span class='notes_toc_author_name'>&mdash;&nbsp;International Conference on Modern Mathematical Physics<\/span>      <\/div>\n    <\/div>\n    <div class='notes_toc_article'>\n      <div class='notes_toc_article_row'>\n        <div class='notes_toc_article_pdf'>\n        <\/div>\n        <a class='notes_toc_article_title_link' href='https:\/\/mathmatters.cms.math.ca\/fr\/article\/nouveaute-renouvelez-votre-adhesion-a-la-smc-pour-2026\/'>Renouvelez votre adh\u00e9sion \u00e0 la SMC pour 2026 !<\/a>      <\/div>\n    <\/div>\n    <div class='notes_toc_article'>\n      <div class='notes_toc_article_row'>\n        <div class='notes_toc_article_pdf'>\n<a href='https:\/\/mathmatters.cms.math.ca\/wp-content\/uploads\/2026\/02\/Poster-Discussion-Panel-March-2026.pdf' title='Cliquer ici pour t\u00e9l\u00e9charger une copie PDF de l\u2019article'><img class='pdficon' style='height: 32px;' src='\/wp-content\/uploads\/2019\/12\/PDF-download.png' alt='PDF icon' title=\"T\u00e9l\u00e9charger une copie PDF de l'article\"><\/a>        <\/div>\n        <a class='notes_toc_article_title_link' href='https:\/\/mathmatters.cms.math.ca\/fr\/article\/nouveaute-programming-in-university-mathematics-education-in-the-gen-ai-era\/'>Programming in University Mathematics Education in the Gen AI Era<\/a> <span class='notes_toc_author_name'>&mdash;&nbsp;Chantal Buteau<\/span>      <\/div>\n    <\/div>\n    <div class='notes_toc_article'>\n      <div class='notes_toc_article_row'>\n        <div class='notes_toc_article_pdf'>\n        <\/div>\n        <a class='notes_toc_article_title_link' href='https:\/\/mathmatters.cms.math.ca\/fr\/article\/camp-de-maths-dete-du-smc-2025-les-inscriptions-sont-ouvertes\/'>Camp d'\u00e9t\u00e9 de math\u00e9matiques 2026 de la SMC | Les inscriptions sont ouvertes<\/a>      <\/div>\n    <\/div>\n    <div class='notes_toc_article'>\n      <div class='notes_toc_article_row'>\n        <div class='notes_toc_article_pdf'>\n        <\/div>\n        <a class='notes_toc_article_title_link' href='https:\/\/mathmatters.cms.math.ca\/fr\/article\/nouveaute-call-for-applications-a-new-course-based-master-program-in-data-science-at-the-university-of-alberta\/'>Call for Applications - A New Course-Based Master Program in Data Science at the University of Alberta<\/a> <span class='notes_toc_author_name'>&mdash;&nbsp;Jane Cooper<\/span>      <\/div>\n    <\/div>\n    <div class='notes_toc_article'>\n      <div class='notes_toc_article_row'>\n        <div class='notes_toc_article_pdf'>\n        <\/div>\n        <a class='notes_toc_article_title_link' href='https:\/\/mathmatters.cms.math.ca\/fr\/article\/nouveaute-international-day-of-mathematics-2026-mathematics-and-hope\/'>International Day of Mathematics 2026 \u2013 Mathematics and Hope<\/a>      <\/div>\n    <\/div>\n    <div class='notes_toc_article'>\n      <div class='notes_toc_article_row'>\n        <div class='notes_toc_article_pdf'>\n<a href='https:\/\/mathmatters.cms.math.ca\/wp-content\/uploads\/2026\/01\/2026-FYMSiC-Conference-Information.pdf' title='Cliquer ici pour t\u00e9l\u00e9charger une copie PDF de l\u2019article'><img class='pdficon' style='height: 32px;' src='\/wp-content\/uploads\/2019\/12\/PDF-download.png' alt='PDF icon' title=\"T\u00e9l\u00e9charger une copie PDF de l'article\"><\/a>        <\/div>\n        <a class='notes_toc_article_title_link' href='https:\/\/mathmatters.cms.math.ca\/fr\/article\/nouveaute-2026-fymsic-conference-mcmaster-university-may-8-10-2026\/'>2026 FYMSiC Conference @ McMaster University (May 8 -- 10, 2026)<\/a> <span class='notes_toc_author_name'>&mdash;&nbsp;Rebecca Carter<\/span>      <\/div>\n    <\/div>\n    <div class='notes_toc_article'>\n      <div class='notes_toc_article_row'>\n        <div class='notes_toc_article_pdf'>\n        <\/div>\n        <a class='notes_toc_article_title_link' href='https:\/\/mathmatters.cms.math.ca\/fr\/article\/nouveaute-call-for-contribution-european-journal-of-combinatorics-special-issue-in-honour-and-memory-of-robert-woodrow\/'>Call for Contribution: European Journal of Combinatorics Special Issue in honour and memory of Robert Woodrow<\/a> <span class='notes_toc_author_name'>&mdash;&nbsp;Gena Hahn<\/span>      <\/div>\n    <\/div>\n    <div class='notes_toc_article'>\n      <div class='notes_toc_section_name'>Appel de mises en candidature<\/div>\n      <div class='notes_toc_article_row'>\n        <div class='notes_toc_article_pdf'>\n        <\/div>\n        <a class='notes_toc_article_title_link' href='https:\/\/mathmatters.cms.math.ca\/fr\/article\/nouveaute-appel-a-mises-en-candidature-prix-graham-wright-2026-date-limite-31-mars-2026\/'>Appel \u00e0 mises en candidature : Prix Graham Wright 2026 | Date limite : 31 mars 2026<\/a>      <\/div>\n    <\/div>\n    <div class='notes_toc_article'>\n      <div class='notes_toc_article_row'>\n        <div class='notes_toc_article_pdf'>\n        <\/div>\n        <a class='notes_toc_article_title_link' href='https:\/\/mathmatters.cms.math.ca\/fr\/article\/nouveaute-appel-a-mises-en-candidature-fellows-2026-de-la-smc-date-limite-31-mars-2026\/'>Appel \u00e0 mises en candidature : Fellows 2026 de la SMC | Date limite : 31 mars 2026<\/a>      <\/div>\n    <\/div>\n    <div class='notes_toc_article'>\n      <div class='notes_toc_article_row'>\n        <div class='notes_toc_article_pdf'>\n        <\/div>\n        <a class='notes_toc_article_title_link' href='https:\/\/mathmatters.cms.math.ca\/fr\/article\/nouveaute-appel-a-mises-en-candidatures-redacteurtrices-en-chef-pour-le-journal-canadien-de-mathematiques-jcm\/'>Appel aux mises en candidature : R\u00e9dacteur(trice)s en chef pour le Journal canadien de math\u00e9matiques (JCM) | date limite 15 avril 2026<\/a>      <\/div>\n    <\/div>\n    <div class='notes_toc_article'>\n      <div class='notes_toc_article_row'>\n        <div class='notes_toc_article_pdf'>\n        <\/div>\n        <a class='notes_toc_article_title_link' href='https:\/\/mathmatters.cms.math.ca\/fr\/article\/nouveaute-appel-a-mises-en-candidature-prix-adrien-pouliot-2026-date-limite-30-avril-2026\/'>Appel \u00e0 mises en candidature : Prix Adrien Pouliot 2026 | Date limite : 30 avril 2026<\/a>      <\/div>\n    <\/div>\n<\/div>\n<\/div>\n<\/div>\n    <\/div>\n  <div class='notes_issues_issident' id='notes_issues_issident_3_5'><a href='javascript:void(0);' title=\"afficher\/masquer le contenu\" onclick='notes_issues_iss_vh(3, 5)'><img src='\/wp-content\/uploads\/2020\/01\/folder-closed.png' alt='afficher' class='notes_issues_toggles' id='notes_issues_toggle_show_3_5' ><img src='\/wp-content\/uploads\/2020\/01\/folder-open.png' alt='masquer' class='notes_issues_toggles' id='notes_issues_toggle_hide_3_5' style='display:none;'>[5] Num\u00e9ro du 6 f\u00e9vrier 2026<\/a>\n<\/div>\n    <div class='notes_issues_isscontents' id='notes_issues_isscontents_3_5' style='display:none;'>\n<div class='notes_render_toc notes_noprint notes_toc_style_2' style='' id='notes_toc'>\n<div class='notes_toc_body'>\n  <div class='notes_toc_articles'>\n    <div class='notes_toc_article'>\n      <div class='notes_toc_section_name'>Communiqu\u00e9<\/div>\n      <div class='notes_toc_article_row'>\n        <div class='notes_toc_article_pdf'>\n        <\/div>\n        <a class='notes_toc_article_title_link' href='https:\/\/mathmatters.cms.math.ca\/fr\/article\/nouveaute-la-dre-yu-ru-liu-recevra-le-prix-krieger-nelson-2026\/'>NOUVEAUT\u00c9 :  La Dre Yu-Ru Liu recevra le prix Krieger-Nelson 2026<\/a>      <\/div>\n    <\/div>\n    <div class='notes_toc_article'>\n      <div class='notes_toc_section_name'>R\u00e9unions de la SMC<\/div>\n      <div class='notes_toc_article_row'>\n        <div class='notes_toc_article_pdf'>\n        <\/div>\n        <a class='notes_toc_article_title_link' href='https:\/\/mathmatters.cms.math.ca\/fr\/article\/nouveaute-reunion-dete-2026-de-la-smc-5-8-juin-appel-a-sessions\/'>R\u00e9union d\u2019\u00e9t\u00e9 2026 de la SMC, 5-8 juin | Appel \u00e0 sessions - Date limite prolong\u00e9e<\/a>      <\/div>\n    <\/div>\n    <div class='notes_toc_article'>\n      <div class='notes_toc_article_row'>\n        <div class='notes_toc_article_pdf'>\n        <\/div>\n        <a class='notes_toc_article_title_link' href='https:\/\/mathmatters.cms.math.ca\/fr\/article\/nouveaute-reunion-dete-2026-de-la-smc-5-8-juin-reservez-la-date\/'>R\u00e9union d'\u00e9t\u00e9 2026 de la SMC, 5-8 juin | R\u00e9servez la date!<\/a>      <\/div>\n    <\/div>\n    <div class='notes_toc_article'>\n      <div class='notes_toc_article_row'>\n        <div class='notes_toc_article_pdf'>\n        <\/div>\n        <a class='notes_toc_article_title_link' href='https:\/\/mathmatters.cms.math.ca\/fr\/article\/nouveaute-reunion-dhiver-2026-de-la-smc-11-14-decembre-reservez-la-date\/'>R\u00e9union d'hiver 2026 de la SMC, 11-14 d\u00e9cembre| R\u00e9servez la date!<\/a>      <\/div>\n    <\/div>\n    <div class='notes_toc_article'>\n      <div class='notes_toc_section_name'>Annonces<\/div>\n      <div class='notes_toc_article_row'>\n        <div class='notes_toc_article_pdf'>\n        <\/div>\n        <a class='notes_toc_article_title_link' href='https:\/\/mathmatters.cms.math.ca\/fr\/article\/nouveaute-mathematics-of-human-environmental-systems-and-climate-change-impacts-summer-school\/'>Mathematics of Human-Environmental Systems and Climate Change Impacts Summer School<\/a> <span class='notes_toc_author_name'>&mdash;&nbsp;Mark Lewis<\/span>      <\/div>\n    <\/div>\n    <div class='notes_toc_article'>\n      <div class='notes_toc_article_row'>\n        <div class='notes_toc_article_pdf'>\n        <\/div>\n        <a class='notes_toc_article_title_link' href='https:\/\/mathmatters.cms.math.ca\/fr\/article\/nouveaute-call-for-applications-a-new-course-based-master-program-in-data-science-at-the-university-of-alberta\/'>Call for Applications - A New Course-Based Master Program in Data Science at the University of Alberta<\/a> <span class='notes_toc_author_name'>&mdash;&nbsp;Jane Cooper<\/span>      <\/div>\n    <\/div>\n    <div class='notes_toc_article'>\n      <div class='notes_toc_article_row'>\n        <div class='notes_toc_article_pdf'>\n        <\/div>\n        <a class='notes_toc_article_title_link' href='https:\/\/mathmatters.cms.math.ca\/fr\/article\/nouveaute-international-day-of-mathematics-2026-mathematics-and-hope\/'>International Day of Mathematics 2026 \u2013 Mathematics and Hope<\/a>      <\/div>\n    <\/div>\n    <div class='notes_toc_article'>\n      <div class='notes_toc_article_row'>\n        <div class='notes_toc_article_pdf'>\n<a href='https:\/\/mathmatters.cms.math.ca\/wp-content\/uploads\/2026\/01\/2026-FYMSiC-Conference-Information.pdf' title='Cliquer ici pour t\u00e9l\u00e9charger une copie PDF de l\u2019article'><img class='pdficon' style='height: 32px;' src='\/wp-content\/uploads\/2019\/12\/PDF-download.png' alt='PDF icon' title=\"T\u00e9l\u00e9charger une copie PDF de l'article\"><\/a>        <\/div>\n        <a class='notes_toc_article_title_link' href='https:\/\/mathmatters.cms.math.ca\/fr\/article\/nouveaute-2026-fymsic-conference-mcmaster-university-may-8-10-2026\/'>2026 FYMSiC Conference @ McMaster University (May 8 -- 10, 2026)<\/a> <span class='notes_toc_author_name'>&mdash;&nbsp;Rebecca Carter<\/span>      <\/div>\n    <\/div>\n    <div class='notes_toc_article'>\n      <div class='notes_toc_article_row'>\n        <div class='notes_toc_article_pdf'>\n        <\/div>\n        <a class='notes_toc_article_title_link' href='https:\/\/mathmatters.cms.math.ca\/fr\/article\/nouveaute-call-for-contribution-european-journal-of-combinatorics-special-issue-in-honour-and-memory-of-robert-woodrow\/'>Call for Contribution: European Journal of Combinatorics Special Issue in honour and memory of Robert Woodrow<\/a> <span class='notes_toc_author_name'>&mdash;&nbsp;Gena Hahn<\/span>      <\/div>\n    <\/div>\n    <div class='notes_toc_article'>\n      <div class='notes_toc_article_row'>\n        <div class='notes_toc_article_pdf'>\n        <\/div>\n        <a class='notes_toc_article_title_link' href='https:\/\/mathmatters.cms.math.ca\/fr\/article\/camp-de-maths-dete-du-smc-2025-les-inscriptions-sont-ouvertes\/'>Camp d'\u00e9t\u00e9 de math\u00e9matiques 2026 de la SMC | Les inscriptions sont ouvertes<\/a>      <\/div>\n    <\/div>\n    <div class='notes_toc_article'>\n      <div class='notes_toc_section_name'>Crux Corner<\/div>\n      <div class='notes_toc_article_row'>\n        <div class='notes_toc_article_pdf'>\n        <\/div>\n        <a class='notes_toc_article_title_link' href='https:\/\/mathmatters.cms.math.ca\/fr\/article\/nouveaute-crux-mathematicorum-numero-de-janvier-mettez-vous-au-defi-avec-le-journal-de-resolution-de-problemes-du-smc\/'>NOUVEAUT\u00c9 : Crux Mathematicorum \u2013 Num\u00e9ro de janvier \u2013 Mettez vous au d\u00e9fi avec le journal de r\u00e9solution de probl\u00e8mes du SMC !<\/a>      <\/div>\n    <\/div>\n    <div class='notes_toc_article'>\n      <div class='notes_toc_section_name'>Appel de mises en candidature<\/div>\n      <div class='notes_toc_article_row'>\n        <div class='notes_toc_article_pdf'>\n        <\/div>\n        <a class='notes_toc_article_title_link' href='https:\/\/mathmatters.cms.math.ca\/fr\/article\/nouveaute-appel-a-mises-en-candidatures-redacteurtrices-en-chef-pour-le-journal-canadien-de-mathematiques-jcm\/'>Appel aux mises en candidature : R\u00e9dacteur(trice)s en chef pour le Journal canadien de math\u00e9matiques (JCM) | date limite 15 avril 2026<\/a>      <\/div>\n    <\/div>\n    <div class='notes_toc_article'>\n      <div class='notes_toc_article_row'>\n        <div class='notes_toc_article_pdf'>\n        <\/div>\n        <a class='notes_toc_article_title_link' href='https:\/\/mathmatters.cms.math.ca\/fr\/article\/nouveaute-appel-a-mises-en-candidature-prix-adrien-pouliot-2026-date-limite-30-avril-2026\/'>Appel \u00e0 mises en candidature : Prix Adrien Pouliot 2026 | Date limite : 30 avril 2026<\/a>      <\/div>\n    <\/div>\n    <div class='notes_toc_article'>\n      <div class='notes_toc_article_row'>\n        <div class='notes_toc_article_pdf'>\n        <\/div>\n        <a class='notes_toc_article_title_link' href='https:\/\/mathmatters.cms.math.ca\/fr\/article\/nouveaute-appel-a-mises-en-candidature-prix-graham-wright-2026-date-limite-31-mars-2026\/'>Appel \u00e0 mises en candidature : Prix Graham Wright 2026 | Date limite : 31 mars 2026<\/a>      <\/div>\n    <\/div>\n    <div class='notes_toc_article'>\n      <div class='notes_toc_article_row'>\n        <div class='notes_toc_article_pdf'>\n        <\/div>\n        <a class='notes_toc_article_title_link' href='https:\/\/mathmatters.cms.math.ca\/fr\/article\/nouveaute-appel-a-mises-en-candidature-fellows-2026-de-la-smc-date-limite-31-mars-2026\/'>Appel \u00e0 mises en candidature : Fellows 2026 de la SMC | Date limite : 31 mars 2026<\/a>      <\/div>\n    <\/div>\n<\/div>\n<\/div>\n<\/div>\n    <\/div>\n  <div class='notes_issues_issident' id='notes_issues_issident_3_4'><a href='javascript:void(0);' title=\"afficher\/masquer le contenu\" onclick='notes_issues_iss_vh(3, 4)'><img src='\/wp-content\/uploads\/2020\/01\/folder-closed.png' alt='afficher' class='notes_issues_toggles' id='notes_issues_toggle_show_3_4' ><img src='\/wp-content\/uploads\/2020\/01\/folder-open.png' alt='masquer' class='notes_issues_toggles' id='notes_issues_toggle_hide_3_4' style='display:none;'>[4] Num\u00e9ro du 30 janvier 2026<\/a>\n<\/div>\n    <div class='notes_issues_isscontents' id='notes_issues_isscontents_3_4' style='display:none;'>\n<div class='notes_render_toc notes_noprint notes_toc_style_2' style='' id='notes_toc'>\n<div class='notes_toc_body'>\n  <div class='notes_toc_articles'>\n    <div class='notes_toc_article'>\n      <div class='notes_toc_section_name'>Communiqu\u00e9<\/div>\n      <div class='notes_toc_article_row'>\n        <div class='notes_toc_article_pdf'>\n        <\/div>\n        <a class='notes_toc_article_title_link' href='https:\/\/mathmatters.cms.math.ca\/fr\/article\/en-memoire-de-kirsty-duncan\/'>En m\u00e9moire de l'honorable Kirsty Duncan<\/a>      <\/div>\n    <\/div>\n    <div class='notes_toc_article'>\n      <div class='notes_toc_section_name'>R\u00e9unions de la SMC<\/div>\n      <div class='notes_toc_article_row'>\n        <div class='notes_toc_article_pdf'>\n        <\/div>\n        <a class='notes_toc_article_title_link' href='https:\/\/mathmatters.cms.math.ca\/fr\/article\/nouveaute-reunion-dete-2026-de-la-smc-5-8-juin-appel-a-sessions\/'>R\u00e9union d\u2019\u00e9t\u00e9 2026 de la SMC, 5-8 juin | Appel \u00e0 sessions - Date limite prolong\u00e9e<\/a>      <\/div>\n    <\/div>\n    <div class='notes_toc_article'>\n      <div class='notes_toc_article_row'>\n        <div class='notes_toc_article_pdf'>\n        <\/div>\n        <a class='notes_toc_article_title_link' href='https:\/\/mathmatters.cms.math.ca\/fr\/article\/nouveaute-reunion-dhiver-2026-de-la-smc-11-14-decembre-reservez-la-date\/'>R\u00e9union d'hiver 2026 de la SMC, 11-14 d\u00e9cembre| R\u00e9servez la date!<\/a>      <\/div>\n    <\/div>\n    <div class='notes_toc_article'>\n      <div class='notes_toc_article_row'>\n        <div class='notes_toc_article_pdf'>\n        <\/div>\n        <a class='notes_toc_article_title_link' href='https:\/\/mathmatters.cms.math.ca\/fr\/article\/nouveaute-reunion-dete-2026-de-la-smc-5-8-juin-reservez-la-date\/'>R\u00e9union d'\u00e9t\u00e9 2026 de la SMC, 5-8 juin | R\u00e9servez la date!<\/a>      <\/div>\n    <\/div>\n    <div class='notes_toc_article'>\n      <div class='notes_toc_section_name'>Annonces<\/div>\n      <div class='notes_toc_article_row'>\n        <div class='notes_toc_article_pdf'>\n<a href='https:\/\/mathmatters.cms.math.ca\/wp-content\/uploads\/2026\/01\/2026-FYMSiC-Conference-Information.pdf' title='Cliquer ici pour t\u00e9l\u00e9charger une copie PDF de l\u2019article'><img class='pdficon' style='height: 32px;' src='\/wp-content\/uploads\/2019\/12\/PDF-download.png' alt='PDF icon' title=\"T\u00e9l\u00e9charger une copie PDF de l'article\"><\/a>        <\/div>\n        <a class='notes_toc_article_title_link' href='https:\/\/mathmatters.cms.math.ca\/fr\/article\/nouveaute-2026-fymsic-conference-mcmaster-university-may-8-10-2026\/'>2026 FYMSiC Conference @ McMaster University (May 8 -- 10, 2026)<\/a> <span class='notes_toc_author_name'>&mdash;&nbsp;Rebecca Carter<\/span>      <\/div>\n    <\/div>\n    <div class='notes_toc_article'>\n      <div class='notes_toc_article_row'>\n        <div class='notes_toc_article_pdf'>\n        <\/div>\n        <a class='notes_toc_article_title_link' href='https:\/\/mathmatters.cms.math.ca\/fr\/article\/nouveaute-call-for-contribution-european-journal-of-combinatorics-special-issue-in-honour-and-memory-of-robert-woodrow\/'>Call for Contribution: European Journal of Combinatorics Special Issue in honour and memory of Robert Woodrow<\/a> <span class='notes_toc_author_name'>&mdash;&nbsp;Gena Hahn<\/span>      <\/div>\n    <\/div>\n    <div class='notes_toc_article'>\n      <div class='notes_toc_article_row'>\n        <div class='notes_toc_article_pdf'>\n        <\/div>\n        <a class='notes_toc_article_title_link' href='https:\/\/mathmatters.cms.math.ca\/fr\/article\/nouveaute-call-for-applications-a-new-course-based-master-program-in-data-science-at-the-university-of-alberta\/'>Call for Applications - A New Course-Based Master Program in Data Science at the University of Alberta<\/a> <span class='notes_toc_author_name'>&mdash;&nbsp;Jane Cooper<\/span>      <\/div>\n    <\/div>\n    <div class='notes_toc_article'>\n      <div class='notes_toc_article_row'>\n        <div class='notes_toc_article_pdf'>\n        <\/div>\n        <a class='notes_toc_article_title_link' href='https:\/\/mathmatters.cms.math.ca\/fr\/article\/nouveaute-call-for-nominations-iciam-education-and-financial-committees\/'>Call for nominations - ICIAM Education and Financial Committees<\/a> <span class='notes_toc_author_name'>&mdash;&nbsp;Elena Braverman<\/span>      <\/div>\n    <\/div>\n    <div class='notes_toc_article'>\n      <div class='notes_toc_article_row'>\n        <div class='notes_toc_article_pdf'>\n        <\/div>\n        <a class='notes_toc_article_title_link' href='https:\/\/mathmatters.cms.math.ca\/fr\/article\/nouveaute-queer-in-computational-and-applied-mathematics-qcam-workshop\/'>Queer in Computational and Applied Mathematics (QCAM) Workshop<\/a> <span class='notes_toc_author_name'>&mdash;&nbsp;QCAM Organizing Committee<\/span>      <\/div>\n    <\/div>\n    <div class='notes_toc_article'>\n      <div class='notes_toc_article_row'>\n        <div class='notes_toc_article_pdf'>\n        <\/div>\n        <a class='notes_toc_article_title_link' href='https:\/\/mathmatters.cms.math.ca\/fr\/article\/nouveaute-2026-awm-mfa-essay-contest\/'>2026 AWM\/MfA Essay Contest<\/a> <span class='notes_toc_author_name'>&mdash;&nbsp;Johanna Franklin<\/span>      <\/div>\n    <\/div>\n    <div class='notes_toc_article'>\n      <div class='notes_toc_article_row'>\n        <div class='notes_toc_article_pdf'>\n        <\/div>\n        <a class='notes_toc_article_title_link' href='https:\/\/mathmatters.cms.math.ca\/fr\/article\/nouveaute-international-day-of-mathematics-2026-mathematics-and-hope\/'>International Day of Mathematics 2026 \u2013 Mathematics and Hope<\/a>      <\/div>\n    <\/div>\n    <div class='notes_toc_article'>\n      <div class='notes_toc_article_row'>\n        <div class='notes_toc_article_pdf'>\n        <\/div>\n        <a class='notes_toc_article_title_link' href='https:\/\/mathmatters.cms.math.ca\/fr\/article\/nouveaute-le-departement-de-mathematiques-et-de-statistique-de-luniversite-brock-nomme-son-centre-dapprentissage-en-lhonneur-du-professeur-emerite-eric-r-muller\/'>Le D\u00e9partement de math\u00e9matiques et de statistique de l\u2019Universit\u00e9 Brock nomme son centre d\u2019apprentissage en l\u2019honneur du professeur \u00e9m\u00e9rite \u00c9ric R. Muller<\/a> <span class='notes_toc_author_name'>&mdash;&nbsp;Hichem Bel-El-Mechaiekh, Chantal Buteau, Bernard R. Hodgson<\/span>      <\/div>\n    <\/div>\n    <div class='notes_toc_article'>\n      <div class='notes_toc_article_row'>\n        <div class='notes_toc_article_pdf'>\n        <\/div>\n        <a class='notes_toc_article_title_link' href='https:\/\/mathmatters.cms.math.ca\/fr\/article\/camp-de-maths-dete-du-smc-2025-les-inscriptions-sont-ouvertes\/'>Camp d'\u00e9t\u00e9 de math\u00e9matiques 2026 de la SMC | Les inscriptions sont ouvertes<\/a>      <\/div>\n    <\/div>\n    <div class='notes_toc_article'>\n      <div class='notes_toc_section_name'>Appel de mises en candidature<\/div>\n      <div class='notes_toc_article_row'>\n        <div class='notes_toc_article_pdf'>\n        <\/div>\n        <a class='notes_toc_article_title_link' href='https:\/\/mathmatters.cms.math.ca\/fr\/article\/nouveaute-appel-a-mises-en-candidature-fellows-2026-de-la-smc-date-limite-31-mars-2026\/'>Appel \u00e0 mises en candidature : Fellows 2026 de la SMC | Date limite : 31 mars 2026<\/a>      <\/div>\n    <\/div>\n    <div class='notes_toc_article'>\n      <div class='notes_toc_article_row'>\n        <div class='notes_toc_article_pdf'>\n        <\/div>\n        <a class='notes_toc_article_title_link' href='https:\/\/mathmatters.cms.math.ca\/fr\/article\/nouveaute-appel-a-mises-en-candidatures-redacteurtrices-en-chef-pour-le-journal-canadien-de-mathematiques-jcm\/'>Appel aux mises en candidature : R\u00e9dacteur(trice)s en chef pour le Journal canadien de math\u00e9matiques (JCM) | date limite 15 avril 2026<\/a>      <\/div>\n    <\/div>\n    <div class='notes_toc_article'>\n      <div class='notes_toc_article_row'>\n        <div class='notes_toc_article_pdf'>\n        <\/div>\n        <a class='notes_toc_article_title_link' href='https:\/\/mathmatters.cms.math.ca\/fr\/article\/nouveaute-appel-a-mises-en-candidature-prix-adrien-pouliot-2026-date-limite-30-avril-2026\/'>Appel \u00e0 mises en candidature : Prix Adrien Pouliot 2026 | Date limite : 30 avril 2026<\/a>      <\/div>\n    <\/div>\n    <div class='notes_toc_article'>\n      <div class='notes_toc_article_row'>\n        <div class='notes_toc_article_pdf'>\n        <\/div>\n        <a class='notes_toc_article_title_link' href='https:\/\/mathmatters.cms.math.ca\/fr\/article\/nouveaute-appel-a-mises-en-candidature-prix-graham-wright-2026-date-limite-31-mars-2026\/'>Appel \u00e0 mises en candidature : Prix Graham Wright 2026 | Date limite : 31 mars 2026<\/a>      <\/div>\n    <\/div>\n    <div class='notes_toc_article'>\n      <div class='notes_toc_article_row'>\n        <div class='notes_toc_article_pdf'>\n        <\/div>\n        <a class='notes_toc_article_title_link' href='https:\/\/mathmatters.cms.math.ca\/fr\/article\/appel-aux-mises-en-candidature-prix-de-doctorat-blair-spearman-de-la-smc-2026-date-limite-31-janvier-2026\/'>Appel aux mises en candidature : Prix de doctorat Blair Spearman de la SMC 2026 | date limite 31 janvier 2026<\/a>      <\/div>\n    <\/div>\n<\/div>\n<\/div>\n<\/div>\n    <\/div>\n  <div class='notes_issues_issident' id='notes_issues_issident_3_3'><a href='javascript:void(0);' title=\"afficher\/masquer le contenu\" onclick='notes_issues_iss_vh(3, 3)'><img src='\/wp-content\/uploads\/2020\/01\/folder-closed.png' alt='afficher' class='notes_issues_toggles' id='notes_issues_toggle_show_3_3' ><img src='\/wp-content\/uploads\/2020\/01\/folder-open.png' alt='masquer' class='notes_issues_toggles' id='notes_issues_toggle_hide_3_3' style='display:none;'>[3] Num\u00e9ro du 23 janvier 2026<\/a>\n<\/div>\n    <div class='notes_issues_isscontents' id='notes_issues_isscontents_3_3' style='display:none;'>\n<div class='notes_render_toc notes_noprint notes_toc_style_2' style='' id='notes_toc'>\n<div class='notes_toc_body'>\n  <div class='notes_toc_articles'>\n    <div class='notes_toc_article'>\n      <div class='notes_toc_section_name'>Communiqu\u00e9<\/div>\n      <div class='notes_toc_article_row'>\n        <div class='notes_toc_article_pdf'>\n        <\/div>\n        <a class='notes_toc_article_title_link' href='https:\/\/mathmatters.cms.math.ca\/fr\/article\/nouveaute-defi-ouvert-canadien-de-maths-2025-resultats-disponibles\/'>NOUVEAUT\u00c9 :  D\u00e9fi ouvert canadien de maths 2025 : R\u00e9sultats disponibles!<\/a>      <\/div>\n    <\/div>\n    <div class='notes_toc_article'>\n      <div class='notes_toc_section_name'>R\u00e9unions de la SMC<\/div>\n      <div class='notes_toc_article_row'>\n        <div class='notes_toc_article_pdf'>\n        <\/div>\n        <a class='notes_toc_article_title_link' href='https:\/\/mathmatters.cms.math.ca\/fr\/article\/nouveaute-reunion-dete-2026-de-la-smc-5-8-juin-appel-a-sessions\/'>R\u00e9union d\u2019\u00e9t\u00e9 2026 de la SMC, 5-8 juin | Appel \u00e0 sessions - Date limite prolong\u00e9e<\/a>      <\/div>\n    <\/div>\n    <div class='notes_toc_article'>\n      <div class='notes_toc_article_row'>\n        <div class='notes_toc_article_pdf'>\n        <\/div>\n        <a class='notes_toc_article_title_link' href='https:\/\/mathmatters.cms.math.ca\/fr\/article\/nouveaute-reunion-dhiver-2026-de-la-smc-11-14-decembre-reservez-la-date\/'>R\u00e9union d'hiver 2026 de la SMC, 11-14 d\u00e9cembre| R\u00e9servez la date!<\/a>      <\/div>\n    <\/div>\n    <div class='notes_toc_article'>\n      <div class='notes_toc_article_row'>\n        <div class='notes_toc_article_pdf'>\n        <\/div>\n        <a class='notes_toc_article_title_link' href='https:\/\/mathmatters.cms.math.ca\/fr\/article\/nouveaute-reunion-dete-2026-de-la-smc-5-8-juin-reservez-la-date\/'>R\u00e9union d'\u00e9t\u00e9 2026 de la SMC, 5-8 juin | R\u00e9servez la date!<\/a>      <\/div>\n    <\/div>\n    <div class='notes_toc_article'>\n      <div class='notes_toc_section_name'>Annonces<\/div>\n      <div class='notes_toc_article_row'>\n        <div class='notes_toc_article_pdf'>\n        <\/div>\n        <a class='notes_toc_article_title_link' href='https:\/\/mathmatters.cms.math.ca\/fr\/article\/nouveaute-call-for-contribution-european-journal-of-combinatorics-special-issue-in-honour-and-memory-of-robert-woodrow\/'>Call for Contribution: European Journal of Combinatorics Special Issue in honour and memory of Robert Woodrow<\/a> <span class='notes_toc_author_name'>&mdash;&nbsp;Gena Hahn<\/span>      <\/div>\n    <\/div>\n    <div class='notes_toc_article'>\n      <div class='notes_toc_article_row'>\n        <div class='notes_toc_article_pdf'>\n        <\/div>\n        <a class='notes_toc_article_title_link' href='https:\/\/mathmatters.cms.math.ca\/fr\/article\/nouveaute-call-for-applications-a-new-course-based-master-program-in-data-science-at-the-university-of-alberta\/'>Call for Applications - A New Course-Based Master Program in Data Science at the University of Alberta<\/a> <span class='notes_toc_author_name'>&mdash;&nbsp;Jane Cooper<\/span>      <\/div>\n    <\/div>\n    <div class='notes_toc_article'>\n      <div class='notes_toc_article_row'>\n        <div class='notes_toc_article_pdf'>\n        <\/div>\n        <a class='notes_toc_article_title_link' href='https:\/\/mathmatters.cms.math.ca\/fr\/article\/nouveaute-call-for-nominations-iciam-education-and-financial-committees\/'>Call for nominations - ICIAM Education and Financial Committees<\/a> <span class='notes_toc_author_name'>&mdash;&nbsp;Elena Braverman<\/span>      <\/div>\n    <\/div>\n    <div class='notes_toc_article'>\n      <div class='notes_toc_article_row'>\n        <div class='notes_toc_article_pdf'>\n        <\/div>\n        <a class='notes_toc_article_title_link' href='https:\/\/mathmatters.cms.math.ca\/fr\/article\/nouveaute-queer-in-computational-and-applied-mathematics-qcam-workshop\/'>Queer in Computational and Applied Mathematics (QCAM) Workshop<\/a> <span class='notes_toc_author_name'>&mdash;&nbsp;QCAM Organizing Committee<\/span>      <\/div>\n    <\/div>\n    <div class='notes_toc_article'>\n      <div class='notes_toc_article_row'>\n        <div class='notes_toc_article_pdf'>\n        <\/div>\n        <a class='notes_toc_article_title_link' href='https:\/\/mathmatters.cms.math.ca\/fr\/article\/nouveaute-2026-awm-mfa-essay-contest\/'>2026 AWM\/MfA Essay Contest<\/a> <span class='notes_toc_author_name'>&mdash;&nbsp;Johanna Franklin<\/span>      <\/div>\n    <\/div>\n    <div class='notes_toc_article'>\n      <div class='notes_toc_article_row'>\n        <div class='notes_toc_article_pdf'>\n<a href='https:\/\/mathmatters.cms.math.ca\/wp-content\/uploads\/2026\/01\/2026-FYMSiC-Conference-Information.pdf' title='Cliquer ici pour t\u00e9l\u00e9charger une copie PDF de l\u2019article'><img class='pdficon' style='height: 32px;' src='\/wp-content\/uploads\/2019\/12\/PDF-download.png' alt='PDF icon' title=\"T\u00e9l\u00e9charger une copie PDF de l'article\"><\/a>        <\/div>\n        <a class='notes_toc_article_title_link' href='https:\/\/mathmatters.cms.math.ca\/fr\/article\/nouveaute-2026-fymsic-conference-mcmaster-university-may-8-10-2026\/'>2026 FYMSiC Conference @ McMaster University (May 8 -- 10, 2026)<\/a> <span class='notes_toc_author_name'>&mdash;&nbsp;Rebecca Carter<\/span>      <\/div>\n    <\/div>\n    <div class='notes_toc_article'>\n      <div class='notes_toc_article_row'>\n        <div class='notes_toc_article_pdf'>\n        <\/div>\n        <a class='notes_toc_article_title_link' href='https:\/\/mathmatters.cms.math.ca\/fr\/article\/nouveaute-le-departement-de-mathematiques-et-de-statistique-de-luniversite-brock-nomme-son-centre-dapprentissage-en-lhonneur-du-professeur-emerite-eric-r-muller\/'>Le D\u00e9partement de math\u00e9matiques et de statistique de l\u2019Universit\u00e9 Brock nomme son centre d\u2019apprentissage en l\u2019honneur du professeur \u00e9m\u00e9rite \u00c9ric R. Muller<\/a> <span class='notes_toc_author_name'>&mdash;&nbsp;Hichem Bel-El-Mechaiekh, Chantal Buteau, Bernard R. Hodgson<\/span>      <\/div>\n    <\/div>\n    <div class='notes_toc_article'>\n      <div class='notes_toc_article_row'>\n        <div class='notes_toc_article_pdf'>\n        <\/div>\n        <a class='notes_toc_article_title_link' href='https:\/\/mathmatters.cms.math.ca\/fr\/article\/camp-de-maths-dete-du-smc-2025-les-inscriptions-sont-ouvertes\/'>Camp d'\u00e9t\u00e9 de math\u00e9matiques 2026 de la SMC | Les inscriptions sont ouvertes<\/a>      <\/div>\n    <\/div>\n    <div class='notes_toc_article'>\n      <div class='notes_toc_section_name'>Appel de mises en candidature<\/div>\n      <div class='notes_toc_article_row'>\n        <div class='notes_toc_article_pdf'>\n        <\/div>\n        <a class='notes_toc_article_title_link' href='https:\/\/mathmatters.cms.math.ca\/fr\/article\/nouveaute-appel-a-mises-en-candidatures-redacteurtrices-en-chef-pour-le-journal-canadien-de-mathematiques-jcm\/'>Appel aux mises en candidature : R\u00e9dacteur(trice)s en chef pour le Journal canadien de math\u00e9matiques (JCM) | date limite 15 avril 2026<\/a>      <\/div>\n    <\/div>\n    <div class='notes_toc_article'>\n      <div class='notes_toc_article_row'>\n        <div class='notes_toc_article_pdf'>\n        <\/div>\n        <a class='notes_toc_article_title_link' href='https:\/\/mathmatters.cms.math.ca\/fr\/article\/nouveaute-appel-a-mises-en-candidature-prix-adrien-pouliot-2026-date-limite-30-avril-2026\/'>Appel \u00e0 mises en candidature : Prix Adrien Pouliot 2026 | Date limite : 30 avril 2026<\/a>      <\/div>\n    <\/div>\n    <div class='notes_toc_article'>\n      <div class='notes_toc_article_row'>\n        <div class='notes_toc_article_pdf'>\n        <\/div>\n        <a class='notes_toc_article_title_link' href='https:\/\/mathmatters.cms.math.ca\/fr\/article\/nouveaute-appel-a-mises-en-candidature-prix-graham-wright-2026-date-limite-31-mars-2026\/'>Appel \u00e0 mises en candidature : Prix Graham Wright 2026 | Date limite : 31 mars 2026<\/a>      <\/div>\n    <\/div>\n    <div class='notes_toc_article'>\n      <div class='notes_toc_article_row'>\n        <div class='notes_toc_article_pdf'>\n        <\/div>\n        <a class='notes_toc_article_title_link' href='https:\/\/mathmatters.cms.math.ca\/fr\/article\/nouveaute-appel-a-mises-en-candidature-fellows-2026-de-la-smc-date-limite-31-mars-2026\/'>Appel \u00e0 mises en candidature : Fellows 2026 de la SMC | Date limite : 31 mars 2026<\/a>      <\/div>\n    <\/div>\n    <div class='notes_toc_article'>\n      <div class='notes_toc_article_row'>\n        <div class='notes_toc_article_pdf'>\n        <\/div>\n        <a class='notes_toc_article_title_link' href='https:\/\/mathmatters.cms.math.ca\/fr\/article\/appel-aux-mises-en-candidature-prix-de-doctorat-blair-spearman-de-la-smc-2026-date-limite-31-janvier-2026\/'>Appel aux mises en candidature : Prix de doctorat Blair Spearman de la SMC 2026 | date limite 31 janvier 2026<\/a>      <\/div>\n    <\/div>\n<\/div>\n<\/div>\n<\/div>\n    <\/div>\n  <div class='notes_issues_issident' id='notes_issues_issident_3_2'><a href='javascript:void(0);' title=\"afficher\/masquer le contenu\" onclick='notes_issues_iss_vh(3, 2)'><img src='\/wp-content\/uploads\/2020\/01\/folder-closed.png' alt='afficher' class='notes_issues_toggles' id='notes_issues_toggle_show_3_2' ><img src='\/wp-content\/uploads\/2020\/01\/folder-open.png' alt='masquer' class='notes_issues_toggles' id='notes_issues_toggle_hide_3_2' style='display:none;'>[2] Num\u00e9ro du 16 janvier 2026<\/a>\n<\/div>\n    <div class='notes_issues_isscontents' id='notes_issues_isscontents_3_2' style='display:none;'>\n<div class='notes_render_toc notes_noprint notes_toc_style_2' style='' id='notes_toc'>\n<div class='notes_toc_body'>\n  <div class='notes_toc_articles'>\n    <div class='notes_toc_article'>\n      <div class='notes_toc_section_name'>R\u00e9unions de la SMC<\/div>\n      <div class='notes_toc_article_row'>\n        <div class='notes_toc_article_pdf'>\n        <\/div>\n        <a class='notes_toc_article_title_link' href='https:\/\/mathmatters.cms.math.ca\/fr\/article\/nouveaute-reunion-dete-2026-de-la-smc-5-8-juin-appel-a-sessions\/'>R\u00e9union d\u2019\u00e9t\u00e9 2026 de la SMC, 5-8 juin | Appel \u00e0 sessions - Date limite prolong\u00e9e<\/a>      <\/div>\n    <\/div>\n    <div class='notes_toc_article'>\n      <div class='notes_toc_article_row'>\n        <div class='notes_toc_article_pdf'>\n        <\/div>\n        <a class='notes_toc_article_title_link' href='https:\/\/mathmatters.cms.math.ca\/fr\/article\/nouveaute-reunion-dete-2026-de-la-smc-5-8-juin-reservez-la-date\/'>R\u00e9union d'\u00e9t\u00e9 2026 de la SMC, 5-8 juin | R\u00e9servez la date!<\/a>      <\/div>\n    <\/div>\n    <div class='notes_toc_article'>\n      <div class='notes_toc_article_row'>\n        <div class='notes_toc_article_pdf'>\n        <\/div>\n        <a class='notes_toc_article_title_link' href='https:\/\/mathmatters.cms.math.ca\/fr\/article\/nouveaute-reunion-dhiver-2026-de-la-smc-11-14-decembre-reservez-la-date\/'>R\u00e9union d'hiver 2026 de la SMC, 11-14 d\u00e9cembre| R\u00e9servez la date!<\/a>      <\/div>\n    <\/div>\n    <div class='notes_toc_article'>\n      <div class='notes_toc_section_name'>Annonces<\/div>\n      <div class='notes_toc_article_row'>\n        <div class='notes_toc_article_pdf'>\n        <\/div>\n        <a class='notes_toc_article_title_link' href='https:\/\/mathmatters.cms.math.ca\/fr\/article\/nouveaute-2026-awm-mfa-essay-contest\/'>2026 AWM\/MfA Essay Contest<\/a> <span class='notes_toc_author_name'>&mdash;&nbsp;Johanna Franklin<\/span>      <\/div>\n    <\/div>\n    <div class='notes_toc_article'>\n      <div class='notes_toc_article_row'>\n        <div class='notes_toc_article_pdf'>\n        <\/div>\n        <a class='notes_toc_article_title_link' href='https:\/\/mathmatters.cms.math.ca\/fr\/article\/nouveaute-bourses-du-fonds-de-dotation-2026\/'>Bourses du fonds de dotation 2026<\/a>      <\/div>\n    <\/div>\n    <div class='notes_toc_article'>\n      <div class='notes_toc_article_row'>\n        <div class='notes_toc_article_pdf'>\n        <\/div>\n        <a class='notes_toc_article_title_link' href='https:\/\/mathmatters.cms.math.ca\/fr\/article\/nouveaute-le-departement-de-mathematiques-et-de-statistique-de-luniversite-brock-nomme-son-centre-dapprentissage-en-lhonneur-du-professeur-emerite-eric-r-muller\/'>Le D\u00e9partement de math\u00e9matiques et de statistique de l\u2019Universit\u00e9 Brock nomme son centre d\u2019apprentissage en l\u2019honneur du professeur \u00e9m\u00e9rite \u00c9ric R. Muller<\/a> <span class='notes_toc_author_name'>&mdash;&nbsp;Hichem Bel-El-Mechaiekh, Chantal Buteau, Bernard R. Hodgson<\/span>      <\/div>\n    <\/div>\n    <div class='notes_toc_article'>\n      <div class='notes_toc_article_row'>\n        <div class='notes_toc_article_pdf'>\n        <\/div>\n        <a class='notes_toc_article_title_link' href='https:\/\/mathmatters.cms.math.ca\/fr\/article\/camp-de-maths-dete-du-smc-2025-les-inscriptions-sont-ouvertes\/'>Camp d'\u00e9t\u00e9 de math\u00e9matiques 2026 de la SMC | Les inscriptions sont ouvertes<\/a>      <\/div>\n    <\/div>\n    <div class='notes_toc_article'>\n      <div class='notes_toc_article_row'>\n        <div class='notes_toc_article_pdf'>\n        <\/div>\n        <a class='notes_toc_article_title_link' href='https:\/\/mathmatters.cms.math.ca\/fr\/article\/nouveaute-call-for-applications-a-new-course-based-master-program-in-data-science-at-the-university-of-alberta\/'>Call for Applications - A New Course-Based Master Program in Data Science at the University of Alberta<\/a> <span class='notes_toc_author_name'>&mdash;&nbsp;Jane Cooper<\/span>      <\/div>\n    <\/div>\n    <div class='notes_toc_article'>\n      <div class='notes_toc_article_row'>\n        <div class='notes_toc_article_pdf'>\n        <\/div>\n        <a class='notes_toc_article_title_link' href='https:\/\/mathmatters.cms.math.ca\/fr\/article\/nouveaute-queer-in-computational-and-applied-mathematics-qcam-workshop\/'>Queer in Computational and Applied Mathematics (QCAM) Workshop<\/a> <span class='notes_toc_author_name'>&mdash;&nbsp;QCAM Organizing Committee<\/span>      <\/div>\n    <\/div>\n    <div class='notes_toc_article'>\n      <div class='notes_toc_section_name'>Appel de mises en candidature<\/div>\n      <div class='notes_toc_article_row'>\n        <div class='notes_toc_article_pdf'>\n        <\/div>\n        <a class='notes_toc_article_title_link' href='https:\/\/mathmatters.cms.math.ca\/fr\/article\/nouveaute-appel-a-mises-en-candidature-prix-adrien-pouliot-2026-date-limite-30-avril-2026\/'>Appel \u00e0 mises en candidature : Prix Adrien Pouliot 2026 | Date limite : 30 avril 2026<\/a>      <\/div>\n    <\/div>\n    <div class='notes_toc_article'>\n      <div class='notes_toc_article_row'>\n        <div class='notes_toc_article_pdf'>\n        <\/div>\n        <a class='notes_toc_article_title_link' href='https:\/\/mathmatters.cms.math.ca\/fr\/article\/nouveaute-appel-a-mises-en-candidature-prix-graham-wright-2026-date-limite-31-mars-2026\/'>Appel \u00e0 mises en candidature : Prix Graham Wright 2026 | Date limite : 31 mars 2026<\/a>      <\/div>\n    <\/div>\n    <div class='notes_toc_article'>\n      <div class='notes_toc_article_row'>\n        <div class='notes_toc_article_pdf'>\n        <\/div>\n        <a class='notes_toc_article_title_link' href='https:\/\/mathmatters.cms.math.ca\/fr\/article\/nouveaute-appel-a-mises-en-candidature-fellows-2026-de-la-smc-date-limite-31-mars-2026\/'>Appel \u00e0 mises en candidature : Fellows 2026 de la SMC | Date limite : 31 mars 2026<\/a>      <\/div>\n    <\/div>\n    <div class='notes_toc_article'>\n      <div class='notes_toc_article_row'>\n        <div class='notes_toc_article_pdf'>\n        <\/div>\n        <a class='notes_toc_article_title_link' href='https:\/\/mathmatters.cms.math.ca\/fr\/article\/nouveaute-appel-a-mises-en-candidatures-redacteurtrices-en-chef-pour-le-journal-canadien-de-mathematiques-jcm\/'>Appel aux mises en candidature : R\u00e9dacteur(trice)s en chef pour le Journal canadien de math\u00e9matiques (JCM) | date limite 15 avril 2026<\/a>      <\/div>\n    <\/div>\n    <div class='notes_toc_article'>\n      <div class='notes_toc_article_row'>\n        <div class='notes_toc_article_pdf'>\n        <\/div>\n        <a class='notes_toc_article_title_link' href='https:\/\/mathmatters.cms.math.ca\/fr\/article\/appel-aux-mises-en-candidature-prix-de-doctorat-blair-spearman-de-la-smc-2026-date-limite-31-janvier-2026\/'>Appel aux mises en candidature : Prix de doctorat Blair Spearman de la SMC 2026 | date limite 31 janvier 2026<\/a>      <\/div>\n    <\/div>\n<\/div>\n<\/div>\n<\/div>\n    <\/div>\n  <div class='notes_issues_issident' id='notes_issues_issident_3_1'><a href='javascript:void(0);' title=\"afficher\/masquer le contenu\" onclick='notes_issues_iss_vh(3, 1)'><img src='\/wp-content\/uploads\/2020\/01\/folder-closed.png' alt='afficher' class='notes_issues_toggles' id='notes_issues_toggle_show_3_1' ><img src='\/wp-content\/uploads\/2020\/01\/folder-open.png' alt='masquer' class='notes_issues_toggles' id='notes_issues_toggle_hide_3_1' style='display:none;'>[1] Num\u00e9ro du 9 janvier 2026<\/a>\n<\/div>\n    <div class='notes_issues_isscontents' id='notes_issues_isscontents_3_1' style='display:none;'>\n<div class='notes_render_toc notes_noprint notes_toc_style_2' style='' id='notes_toc'>\n<div class='notes_toc_body'>\n  <div class='notes_toc_articles'>\n    <div class='notes_toc_article'>\n      <div class='notes_toc_section_name'>Communiqu\u00e9<\/div>\n      <div class='notes_toc_article_row'>\n        <div class='notes_toc_article_pdf'>\n        <\/div>\n        <a class='notes_toc_article_title_link' href='https:\/\/mathmatters.cms.math.ca\/fr\/article\/nouveaute-des-mathematiciens-canadiens-a-lhonneur\/'>NOUVEAUT\u00c9 :  Des math\u00e9maticiens canadiens \u00e0 l'honneur<\/a>      <\/div>\n    <\/div>\n    <div class='notes_toc_article'>\n      <div class='notes_toc_section_name'>R\u00e9unions de la SMC<\/div>\n      <div class='notes_toc_article_row'>\n        <div class='notes_toc_article_pdf'>\n        <\/div>\n        <a class='notes_toc_article_title_link' href='https:\/\/mathmatters.cms.math.ca\/fr\/article\/nouveaute-reunion-dete-2026-de-la-smc-5-8-juin-appel-a-sessions\/'>R\u00e9union d\u2019\u00e9t\u00e9 2026 de la SMC, 5-8 juin | Appel \u00e0 sessions - Date limite prolong\u00e9e<\/a>      <\/div>\n    <\/div>\n    <div class='notes_toc_article'>\n      <div class='notes_toc_article_row'>\n        <div class='notes_toc_article_pdf'>\n        <\/div>\n        <a class='notes_toc_article_title_link' href='https:\/\/mathmatters.cms.math.ca\/fr\/article\/nouveaute-reunion-dete-2026-de-la-smc-5-8-juin-reservez-la-date\/'>R\u00e9union d'\u00e9t\u00e9 2026 de la SMC, 5-8 juin | R\u00e9servez la date!<\/a>      <\/div>\n    <\/div>\n    <div class='notes_toc_article'>\n      <div class='notes_toc_section_name'>Crux Corner<\/div>\n      <div class='notes_toc_article_row'>\n        <div class='notes_toc_article_pdf'>\n        <\/div>\n        <a class='notes_toc_article_title_link' href='https:\/\/mathmatters.cms.math.ca\/fr\/article\/new-crux-mathematicorum-november-issue-challenge-yourself-with-the-problem-solving-journal-from-the-cms-2\/'>NEW: Crux Mathematicorum \u2013 December issue \u2013 Challenge yourself with the problem solving journal from the CMS!<\/a>      <\/div>\n    <\/div>\n    <div class='notes_toc_article'>\n      <div class='notes_toc_section_name'>Appel de mises en candidature<\/div>\n      <div class='notes_toc_article_row'>\n        <div class='notes_toc_article_pdf'>\n        <\/div>\n        <a class='notes_toc_article_title_link' href='https:\/\/mathmatters.cms.math.ca\/fr\/article\/nouveaute-appel-a-mises-en-candidatures-redacteurtrices-en-chef-pour-le-journal-canadien-de-mathematiques-jcm\/'>Appel aux mises en candidature : R\u00e9dacteur(trice)s en chef pour le Journal canadien de math\u00e9matiques (JCM) | date limite 15 avril 2026<\/a>      <\/div>\n    <\/div>\n    <div class='notes_toc_article'>\n      <div class='notes_toc_article_row'>\n        <div class='notes_toc_article_pdf'>\n        <\/div>\n        <a class='notes_toc_article_title_link' href='https:\/\/mathmatters.cms.math.ca\/fr\/article\/appel-aux-mises-en-candidature-prix-de-doctorat-blair-spearman-de-la-smc-2026-date-limite-31-janvier-2026\/'>Appel aux mises en candidature : Prix de doctorat Blair Spearman de la SMC 2026 | date limite 31 janvier 2026<\/a>      <\/div>\n    <\/div>\n<\/div>\n<\/div>\n<\/div>\n    <\/div>\n  <\/div>\n<div class='notes_issues_volident' id='notes_issues_volident_2'><a href='javascript:void(0);' title=\"afficher\/masquer le contenu\" onclick='notes_issues_vol_vh(2)'><img src='\/wp-content\/uploads\/2020\/01\/folder-closed.png' alt='afficher' class='notes_issues_toggles' id='notes_issues_toggle_show_2' ><img src='\/wp-content\/uploads\/2020\/01\/folder-open.png' alt='masquer' class='notes_issues_toggles' id='notes_issues_toggle_hide_2' style='display:none;'>2025 - tome&nbsp;2   <\/a><\/div>\n  <div class='notes_issues_volcontents' id='notes_issues_volcontents_2' style='display:none;'>\n  <div class='notes_issues_issident' id='notes_issues_issident_2_49'><a href='javascript:void(0);' title=\"afficher\/masquer le contenu\" onclick='notes_issues_iss_vh(2, 49)'><img src='\/wp-content\/uploads\/2020\/01\/folder-closed.png' alt='afficher' class='notes_issues_toggles' id='notes_issues_toggle_show_2_49' ><img src='\/wp-content\/uploads\/2020\/01\/folder-open.png' alt='masquer' class='notes_issues_toggles' id='notes_issues_toggle_hide_2_49' style='display:none;'>[49] Num\u00e9ro du 12 d\u00e9cembre 2025<\/a>\n<\/div>\n    <div class='notes_issues_isscontents' id='notes_issues_isscontents_2_49' style='display:none;'>\n<div class='notes_render_toc notes_noprint notes_toc_style_2' style='' id='notes_toc'>\n<div class='notes_toc_body'>\n  <div class='notes_toc_articles'>\n    <div class='notes_toc_article'>\n      <div class='notes_toc_section_name'>Communiqu\u00e9<\/div>\n      <div class='notes_toc_article_row'>\n        <div class='notes_toc_article_pdf'>\n        <\/div>\n        <a class='notes_toc_article_title_link' href='https:\/\/mathmatters.cms.math.ca\/fr\/article\/nouveaute-concours-mathematique-du-mesangeai-du-canada-cmmc-2025-les-resultats-sont-maintenant-disponibles\/'>NOUVEAUT\u00c9 :  Concours math\u00e9matique du m\u00e9sangeai du Canada (CMMC) 2025 \u2013 Les r\u00e9sultats sont maintenant disponibles<\/a>      <\/div>\n    <\/div>\n    <div class='notes_toc_article'>\n      <div class='notes_toc_section_name'>R\u00e9unions de la SMC<\/div>\n      <div class='notes_toc_article_row'>\n        <div class='notes_toc_article_pdf'>\n        <\/div>\n        <a class='notes_toc_article_title_link' href='https:\/\/mathmatters.cms.math.ca\/fr\/article\/nouveaute-reunion-dete-2026-de-la-smc-5-8-juin-appel-a-sessions\/'>R\u00e9union d\u2019\u00e9t\u00e9 2026 de la SMC, 5-8 juin | Appel \u00e0 sessions - Date limite prolong\u00e9e<\/a>      <\/div>\n    <\/div>\n    <div class='notes_toc_article'>\n      <div class='notes_toc_article_row'>\n        <div class='notes_toc_article_pdf'>\n        <\/div>\n        <a class='notes_toc_article_title_link' href='https:\/\/mathmatters.cms.math.ca\/fr\/article\/nouveaute-reunion-dete-2026-de-la-smc-5-8-juin-reservez-la-date\/'>R\u00e9union d'\u00e9t\u00e9 2026 de la SMC, 5-8 juin | R\u00e9servez la date!<\/a>      <\/div>\n    <\/div>\n    <div class='notes_toc_article'>\n      <div class='notes_toc_section_name'>Annonces<\/div>\n      <div class='notes_toc_article_row'>\n        <div class='notes_toc_article_pdf'>\n        <\/div>\n        <a class='notes_toc_article_title_link' href='https:\/\/mathmatters.cms.math.ca\/fr\/article\/nouveaute-smris-international-visitor-program-is-now-open-for-applications\/'>NOUVEAUT\u00c9 :  SMRI's International Visitor Program is now open for applications<\/a> <span class='notes_toc_author_name'>&mdash;&nbsp;Sydney Mathematical Research Institute (SMRI)<\/span>      <\/div>\n    <\/div>\n    <div class='notes_toc_article'>\n      <div class='notes_toc_article_row'>\n        <div class='notes_toc_article_pdf'>\n        <\/div>\n        <a class='notes_toc_article_title_link' href='https:\/\/mathmatters.cms.math.ca\/fr\/article\/nouveaute-increasing-diversity-in-mathematical-related-sciences-summer-school-2026\/'>Increasing Diversity in Mathematical & Related Sciences Summer School 2026<\/a> <span class='notes_toc_author_name'>&mdash;&nbsp;Women in Math Committee<\/span>      <\/div>\n    <\/div>\n    <div class='notes_toc_article'>\n      <div class='notes_toc_section_name'>Appel de mises en candidature<\/div>\n      <div class='notes_toc_article_row'>\n        <div class='notes_toc_article_pdf'>\n        <\/div>\n        <a class='notes_toc_article_title_link' href='https:\/\/mathmatters.cms.math.ca\/fr\/article\/nouveaute-appel-a-mises-en-candidatures-redacteurtrices-en-chef-pour-le-journal-canadien-de-mathematiques-jcm\/'>Appel aux mises en candidature : R\u00e9dacteur(trice)s en chef pour le Journal canadien de math\u00e9matiques (JCM) | date limite 15 avril 2026<\/a>      <\/div>\n    <\/div>\n    <div class='notes_toc_article'>\n      <div class='notes_toc_article_row'>\n        <div class='notes_toc_article_pdf'>\n        <\/div>\n        <a class='notes_toc_article_title_link' href='https:\/\/mathmatters.cms.math.ca\/fr\/article\/appel-aux-mises-en-candidature-prix-de-doctorat-blair-spearman-de-la-smc-2026-date-limite-31-janvier-2026\/'>Appel aux mises en candidature : Prix de doctorat Blair Spearman de la SMC 2026 | date limite 31 janvier 2026<\/a>      <\/div>\n    <\/div>\n<\/div>\n<\/div>\n<\/div>\n    <\/div>\n  <div class='notes_issues_issident' id='notes_issues_issident_2_48'><a href='javascript:void(0);' title=\"afficher\/masquer le contenu\" onclick='notes_issues_iss_vh(2, 48)'><img src='\/wp-content\/uploads\/2020\/01\/folder-closed.png' alt='afficher' class='notes_issues_toggles' id='notes_issues_toggle_show_2_48' ><img src='\/wp-content\/uploads\/2020\/01\/folder-open.png' alt='masquer' class='notes_issues_toggles' id='notes_issues_toggle_hide_2_48' style='display:none;'>[48] Num\u00e9ro du 5 d\u00e9cembre 2025<\/a>\n<\/div>\n    <div class='notes_issues_isscontents' id='notes_issues_isscontents_2_48' style='display:none;'>\n<div class='notes_render_toc notes_noprint notes_toc_style_2' style='' id='notes_toc'>\n<div class='notes_toc_body'>\n  <div class='notes_toc_articles'>\n    <div class='notes_toc_article'>\n      <div class='notes_toc_section_name'>Communiqu\u00e9<\/div>\n      <div class='notes_toc_article_row'>\n        <div class='notes_toc_article_pdf'>\n        <\/div>\n        <a class='notes_toc_article_title_link' href='https:\/\/mathmatters.cms.math.ca\/fr\/article\/en-cours-reunion-dhiver-2025-de-la-smc\/'>En Cours! R\u00e9union d\u2019hiver 2025 de la SMC<\/a>      <\/div>\n    <\/div>\n    <div class='notes_toc_article'>\n      <div class='notes_toc_section_name'>R\u00e9unions de la SMC<\/div>\n      <div class='notes_toc_article_row'>\n        <div class='notes_toc_article_pdf'>\n        <\/div>\n        <a class='notes_toc_article_title_link' href='https:\/\/mathmatters.cms.math.ca\/fr\/article\/nouveaute-reunion-dete-2026-de-la-smc-5-8-juin-appel-a-sessions\/'>R\u00e9union d\u2019\u00e9t\u00e9 2026 de la SMC, 5-8 juin | Appel \u00e0 sessions - Date limite prolong\u00e9e<\/a>      <\/div>\n    <\/div>\n    <div class='notes_toc_article'>\n      <div class='notes_toc_article_row'>\n        <div class='notes_toc_article_pdf'>\n        <\/div>\n        <a class='notes_toc_article_title_link' href='https:\/\/mathmatters.cms.math.ca\/fr\/article\/nouveaute-reunion-dete-2026-de-la-smc-5-8-juin-reservez-la-date\/'>R\u00e9union d'\u00e9t\u00e9 2026 de la SMC, 5-8 juin | R\u00e9servez la date!<\/a>      <\/div>\n    <\/div>\n    <div class='notes_toc_article'>\n      <div class='notes_toc_section_name'>Annonces<\/div>\n      <div class='notes_toc_article_row'>\n        <div class='notes_toc_article_pdf'>\n        <\/div>\n        <a class='notes_toc_article_title_link' href='https:\/\/mathmatters.cms.math.ca\/fr\/article\/hommage-special-memorial-service-for-joe-repka\/'>Hommage sp\u00e9cial : Memorial Service for Joe Repka<\/a>      <\/div>\n    <\/div>\n    <div class='notes_toc_article'>\n      <div class='notes_toc_article_row'>\n        <div class='notes_toc_article_pdf'>\n        <\/div>\n        <a class='notes_toc_article_title_link' href='https:\/\/mathmatters.cms.math.ca\/fr\/article\/nouveaute-a-venir-en-2026-communications-mathematiques-canadiennes\/'>NOUVEAUT\u00c9 :  \u00c0 venir en 2026 : Communications math\u00e9matiques canadiennes<\/a>      <\/div>\n    <\/div>\n    <div class='notes_toc_article'>\n      <div class='notes_toc_article_row'>\n        <div class='notes_toc_article_pdf'>\n        <\/div>\n        <a class='notes_toc_article_title_link' href='https:\/\/mathmatters.cms.math.ca\/fr\/article\/nouveaute-increasing-diversity-in-mathematical-related-sciences-summer-school-2026\/'>Increasing Diversity in Mathematical & Related Sciences Summer School 2026<\/a> <span class='notes_toc_author_name'>&mdash;&nbsp;Women in Math Committee<\/span>      <\/div>\n    <\/div>\n    <div class='notes_toc_article'>\n      <div class='notes_toc_section_name'>Appel de mises en candidature<\/div>\n      <div class='notes_toc_article_row'>\n        <div class='notes_toc_article_pdf'>\n        <\/div>\n        <a class='notes_toc_article_title_link' href='https:\/\/mathmatters.cms.math.ca\/fr\/article\/appel-aux-mises-en-candidature-prix-de-doctorat-blair-spearman-de-la-smc-2026-date-limite-31-janvier-2026\/'>Appel aux mises en candidature : Prix de doctorat Blair Spearman de la SMC 2026 | date limite 31 janvier 2026<\/a>      <\/div>\n    <\/div>\n<\/div>\n<\/div>\n<\/div>\n    <\/div>\n  <div class='notes_issues_issident' id='notes_issues_issident_2_47'><a href='javascript:void(0);' title=\"afficher\/masquer le contenu\" onclick='notes_issues_iss_vh(2, 47)'><img src='\/wp-content\/uploads\/2020\/01\/folder-closed.png' alt='afficher' class='notes_issues_toggles' id='notes_issues_toggle_show_2_47' ><img src='\/wp-content\/uploads\/2020\/01\/folder-open.png' alt='masquer' class='notes_issues_toggles' id='notes_issues_toggle_hide_2_47' style='display:none;'>[47] Num\u00e9ro du 28 novembre 2025<\/a>\n<\/div>\n    <div class='notes_issues_isscontents' id='notes_issues_isscontents_2_47' style='display:none;'>\n<div class='notes_render_toc notes_noprint notes_toc_style_2' style='' id='notes_toc'>\n<div class='notes_toc_body'>\n  <div class='notes_toc_articles'>\n    <div class='notes_toc_article'>\n      <div class='notes_toc_section_name'>R\u00e9unions de la SMC<\/div>\n      <div class='notes_toc_article_row'>\n        <div class='notes_toc_article_pdf'>\n        <\/div>\n        <a class='notes_toc_article_title_link' href='https:\/\/mathmatters.cms.math.ca\/fr\/article\/nouveaute-reunion-mathed-en-ligne-de-la-smc-2025\/'>R\u00e9union MathEd (en ligne) de la SMC 2025<\/a>      <\/div>\n    <\/div>\n    <div class='notes_toc_article'>\n      <div class='notes_toc_article_row'>\n        <div class='notes_toc_article_pdf'>\n        <\/div>\n        <a class='notes_toc_article_title_link' href='https:\/\/mathmatters.cms.math.ca\/fr\/article\/nouveaute-reunion-dhiver-2025-de-la-smc-mini-cours\/'>R\u00e9union d'hiver 2025 de la SMC | Mini-cours<\/a>      <\/div>\n    <\/div>\n    <div class='notes_toc_article'>\n      <div class='notes_toc_article_row'>\n        <div class='notes_toc_article_pdf'>\n        <\/div>\n        <a class='notes_toc_article_title_link' href='https:\/\/mathmatters.cms.math.ca\/fr\/article\/nouveaute-reunion-dete-2026-de-la-smc-5-8-juin-appel-a-sessions\/'>R\u00e9union d\u2019\u00e9t\u00e9 2026 de la SMC, 5-8 juin | Appel \u00e0 sessions - Date limite prolong\u00e9e<\/a>      <\/div>\n    <\/div>\n    <div class='notes_toc_article'>\n      <div class='notes_toc_article_row'>\n        <div class='notes_toc_article_pdf'>\n        <\/div>\n        <a class='notes_toc_article_title_link' href='https:\/\/mathmatters.cms.math.ca\/fr\/article\/nouveaute-reunion-dete-2026-de-la-smc-5-8-juin-reservez-la-date\/'>R\u00e9union d'\u00e9t\u00e9 2026 de la SMC, 5-8 juin | R\u00e9servez la date!<\/a>      <\/div>\n    <\/div>\n    <div class='notes_toc_article'>\n      <div class='notes_toc_section_name'>Annonces<\/div>\n      <div class='notes_toc_article_row'>\n        <div class='notes_toc_article_pdf'>\n        <\/div>\n        <a class='notes_toc_article_title_link' href='https:\/\/mathmatters.cms.math.ca\/fr\/article\/nouveaute-icmmp-2026\/'>ICMMP 2026<\/a> <span class='notes_toc_author_name'>&mdash;&nbsp;International Conference on Modern Mathematical Physics<\/span>      <\/div>\n    <\/div>\n    <div class='notes_toc_article'>\n      <div class='notes_toc_article_row'>\n        <div class='notes_toc_article_pdf'>\n        <\/div>\n        <a class='notes_toc_article_title_link' href='https:\/\/mathmatters.cms.math.ca\/fr\/article\/nouveaute-international-youth-math-challenge\/'>International Youth Math Challenge<\/a> <span class='notes_toc_author_name'>&mdash;&nbsp;IYMC<\/span>      <\/div>\n    <\/div>\n    <div class='notes_toc_article'>\n      <div class='notes_toc_article_row'>\n        <div class='notes_toc_article_pdf'>\n        <\/div>\n        <a class='notes_toc_article_title_link' href='https:\/\/mathmatters.cms.math.ca\/fr\/article\/nouveaute-increasing-diversity-in-mathematical-related-sciences-summer-school-2026\/'>Increasing Diversity in Mathematical & Related Sciences Summer School 2026<\/a> <span class='notes_toc_author_name'>&mdash;&nbsp;Women in Math Committee<\/span>      <\/div>\n    <\/div>\n    <div class='notes_toc_article'>\n      <div class='notes_toc_section_name'>Appel de mises en candidature<\/div>\n      <div class='notes_toc_article_row'>\n        <div class='notes_toc_article_pdf'>\n        <\/div>\n        <a class='notes_toc_article_title_link' href='https:\/\/mathmatters.cms.math.ca\/fr\/article\/nouveaute-appel-a-candidatures-conseillerere-pedagogique-comite-etudiant-de-la-smc-studc-smc\/'>Appel \u00e0 candidatures : Conseiller(\u00e8re) p\u00e9dagogique, comit\u00e9 \u00e9tudiant de la SMC (StudC SMC) | date limite 1 d\u00e9cembre 2025<\/a>      <\/div>\n    <\/div>\n    <div class='notes_toc_article'>\n      <div class='notes_toc_article_row'>\n        <div class='notes_toc_article_pdf'>\n        <\/div>\n        <a class='notes_toc_article_title_link' href='https:\/\/mathmatters.cms.math.ca\/fr\/article\/appel-aux-mises-en-candidature-prix-de-doctorat-blair-spearman-de-la-smc-2026-date-limite-31-janvier-2026\/'>Appel aux mises en candidature : Prix de doctorat Blair Spearman de la SMC 2026 | date limite 31 janvier 2026<\/a>      <\/div>\n    <\/div>\n<\/div>\n<\/div>\n<\/div>\n    <\/div>\n  <div class='notes_issues_issident' id='notes_issues_issident_2_46'><a href='javascript:void(0);' title=\"afficher\/masquer le contenu\" onclick='notes_issues_iss_vh(2, 46)'><img src='\/wp-content\/uploads\/2020\/01\/folder-closed.png' alt='afficher' class='notes_issues_toggles' id='notes_issues_toggle_show_2_46' ><img src='\/wp-content\/uploads\/2020\/01\/folder-open.png' alt='masquer' class='notes_issues_toggles' id='notes_issues_toggle_hide_2_46' style='display:none;'>[46] Num\u00e9ro du 21 novembre 2025<\/a>\n<\/div>\n    <div class='notes_issues_isscontents' id='notes_issues_isscontents_2_46' style='display:none;'>\n<div class='notes_render_toc notes_noprint notes_toc_style_2' style='' id='notes_toc'>\n<div class='notes_toc_body'>\n  <div class='notes_toc_articles'>\n    <div class='notes_toc_article'>\n      <div class='notes_toc_section_name'>Communiqu\u00e9<\/div>\n      <div class='notes_toc_article_row'>\n        <div class='notes_toc_article_pdf'>\n        <\/div>\n        <a class='notes_toc_article_title_link' href='https:\/\/mathmatters.cms.math.ca\/fr\/article\/nouveaute-la-smc-accueille-le-dr-ilia-binder-a-titre-de-president-par-interim\/'>NOUVEAUT\u00c9 :  La SMC accueille le Dr Ilia Binder \u00e0 titre de pr\u00e9sident par int\u00e9rim<\/a>      <\/div>\n    <\/div>\n    <div class='notes_toc_article'>\n      <div class='notes_toc_section_name'>R\u00e9unions de la SMC<\/div>\n      <div class='notes_toc_article_row'>\n        <div class='notes_toc_article_pdf'>\n        <\/div>\n        <a class='notes_toc_article_title_link' href='https:\/\/mathmatters.cms.math.ca\/fr\/article\/nouveaute-reunion-mathed-en-ligne-de-la-smc-2025\/'>R\u00e9union MathEd (en ligne) de la SMC 2025<\/a>      <\/div>\n    <\/div>\n    <div class='notes_toc_article'>\n      <div class='notes_toc_article_row'>\n        <div class='notes_toc_article_pdf'>\n        <\/div>\n        <a class='notes_toc_article_title_link' href='https:\/\/mathmatters.cms.math.ca\/fr\/article\/nouveaute-reunion-dhiver-2025-de-la-smc-mini-cours\/'>R\u00e9union d'hiver 2025 de la SMC | Mini-cours<\/a>      <\/div>\n    <\/div>\n    <div class='notes_toc_article'>\n      <div class='notes_toc_article_row'>\n        <div class='notes_toc_article_pdf'>\n        <\/div>\n        <a class='notes_toc_article_title_link' href='https:\/\/mathmatters.cms.math.ca\/fr\/article\/reunion-dhiver-2025-de-la-smc-les-inscriptions-sont-maintenant-ouvertes\/'>R\u00e9union d'hiver 2025 de la SMC | Les inscriptions sont maintenant ouvertes!<\/a>      <\/div>\n    <\/div>\n    <div class='notes_toc_article'>\n      <div class='notes_toc_article_row'>\n        <div class='notes_toc_article_pdf'>\n        <\/div>\n        <a class='notes_toc_article_title_link' href='https:\/\/mathmatters.cms.math.ca\/fr\/article\/nouveaute-reunion-dete-2026-de-la-smc-5-8-juin-reservez-la-date\/'>R\u00e9union d'\u00e9t\u00e9 2026 de la SMC, 5-8 juin | R\u00e9servez la date!<\/a>      <\/div>\n    <\/div>\n    <div class='notes_toc_article'>\n      <div class='notes_toc_section_name'>Annonces<\/div>\n      <div class='notes_toc_article_row'>\n        <div class='notes_toc_article_pdf'>\n        <\/div>\n        <a class='notes_toc_article_title_link' href='https:\/\/mathmatters.cms.math.ca\/fr\/article\/nouveaute-international-youth-math-challenge\/'>International Youth Math Challenge<\/a> <span class='notes_toc_author_name'>&mdash;&nbsp;IYMC<\/span>      <\/div>\n    <\/div>\n    <div class='notes_toc_article'>\n      <div class='notes_toc_article_row'>\n        <div class='notes_toc_article_pdf'>\n        <\/div>\n        <a class='notes_toc_article_title_link' href='https:\/\/mathmatters.cms.math.ca\/fr\/article\/nouveaute-increasing-diversity-in-mathematical-related-sciences-summer-school-2026\/'>Increasing Diversity in Mathematical & Related Sciences Summer School 2026<\/a> <span class='notes_toc_author_name'>&mdash;&nbsp;Women in Math Committee<\/span>      <\/div>\n    <\/div>\n    <div class='notes_toc_article'>\n      <div class='notes_toc_section_name'>Crux Corner<\/div>\n      <div class='notes_toc_article_row'>\n        <div class='notes_toc_article_pdf'>\n        <\/div>\n        <a class='notes_toc_article_title_link' href='https:\/\/mathmatters.cms.math.ca\/fr\/article\/nouveaute-nouveaute-crux-mathematicorum-numero-de-novembre-mettez-vous-au-defi-avec-le-journal-de-resolution-de-problemes-du-smc\/'>NOUVEAUT\u00c9 : Crux Mathematicorum \u2013 Num\u00e9ro de novembre \u2013 Mettez vous au d\u00e9fi avec le journal de r\u00e9solution de probl\u00e8mes du SMC !<\/a>      <\/div>\n    <\/div>\n    <div class='notes_toc_article'>\n      <div class='notes_toc_section_name'>Appel de mises en candidature<\/div>\n      <div class='notes_toc_article_row'>\n        <div class='notes_toc_article_pdf'>\n        <\/div>\n        <a class='notes_toc_article_title_link' href='https:\/\/mathmatters.cms.math.ca\/fr\/article\/nouveaute-appel-a-candidatures-conseillerere-pedagogique-comite-etudiant-de-la-smc-studc-smc\/'>Appel \u00e0 candidatures : Conseiller(\u00e8re) p\u00e9dagogique, comit\u00e9 \u00e9tudiant de la SMC (StudC SMC) | date limite 1 d\u00e9cembre 2025<\/a>      <\/div>\n    <\/div>\n    <div class='notes_toc_article'>\n      <div class='notes_toc_article_row'>\n        <div class='notes_toc_article_pdf'>\n        <\/div>\n        <a class='notes_toc_article_title_link' href='https:\/\/mathmatters.cms.math.ca\/fr\/article\/appel-aux-mises-en-candidature-prix-de-doctorat-blair-spearman-de-la-smc-2026-date-limite-31-janvier-2026\/'>Appel aux mises en candidature : Prix de doctorat Blair Spearman de la SMC 2026 | date limite 31 janvier 2026<\/a>      <\/div>\n    <\/div>\n<\/div>\n<\/div>\n<\/div>\n    <\/div>\n  <div class='notes_issues_issident' id='notes_issues_issident_2_45'><a href='javascript:void(0);' title=\"afficher\/masquer le contenu\" onclick='notes_issues_iss_vh(2, 45)'><img src='\/wp-content\/uploads\/2020\/01\/folder-closed.png' alt='afficher' class='notes_issues_toggles' id='notes_issues_toggle_show_2_45' ><img src='\/wp-content\/uploads\/2020\/01\/folder-open.png' alt='masquer' class='notes_issues_toggles' id='notes_issues_toggle_hide_2_45' style='display:none;'>[45] Num\u00e9ro du 14 novembre 2025<\/a>\n<\/div>\n    <div class='notes_issues_isscontents' id='notes_issues_isscontents_2_45' style='display:none;'>\n<div class='notes_render_toc notes_noprint notes_toc_style_2' style='' id='notes_toc'>\n<div class='notes_toc_body'>\n  <div class='notes_toc_articles'>\n    <div class='notes_toc_article'>\n      <div class='notes_toc_section_name'>R\u00e9unions de la SMC<\/div>\n      <div class='notes_toc_article_row'>\n        <div class='notes_toc_article_pdf'>\n        <\/div>\n        <a class='notes_toc_article_title_link' href='https:\/\/mathmatters.cms.math.ca\/fr\/article\/nouveaute-reunion-mathed-en-ligne-de-la-smc-2025\/'>R\u00e9union MathEd (en ligne) de la SMC 2025<\/a>      <\/div>\n    <\/div>\n    <div class='notes_toc_article'>\n      <div class='notes_toc_article_row'>\n        <div class='notes_toc_article_pdf'>\n        <\/div>\n        <a class='notes_toc_article_title_link' href='https:\/\/mathmatters.cms.math.ca\/fr\/article\/nouveaute-reunion-dhiver-2025-de-la-smc-mini-cours\/'>R\u00e9union d'hiver 2025 de la SMC | Mini-cours<\/a>      <\/div>\n    <\/div>\n    <div class='notes_toc_article'>\n      <div class='notes_toc_article_row'>\n        <div class='notes_toc_article_pdf'>\n        <\/div>\n        <a class='notes_toc_article_title_link' href='https:\/\/mathmatters.cms.math.ca\/fr\/article\/reunion-dhiver-2025-de-la-smc-les-inscriptions-sont-maintenant-ouvertes\/'>R\u00e9union d'hiver 2025 de la SMC | Les inscriptions sont maintenant ouvertes!<\/a>      <\/div>\n    <\/div>\n    <div class='notes_toc_article'>\n      <div class='notes_toc_article_row'>\n        <div class='notes_toc_article_pdf'>\n        <\/div>\n        <a class='notes_toc_article_title_link' href='https:\/\/mathmatters.cms.math.ca\/fr\/article\/nouveaute-reunion-dete-2026-de-la-smc-5-8-juin-reservez-la-date\/'>R\u00e9union d'\u00e9t\u00e9 2026 de la SMC, 5-8 juin | R\u00e9servez la date!<\/a>      <\/div>\n    <\/div>\n    <div class='notes_toc_article'>\n      <div class='notes_toc_section_name'>Annonces<\/div>\n      <div class='notes_toc_article_row'>\n        <div class='notes_toc_article_pdf'>\n        <\/div>\n        <a class='notes_toc_article_title_link' href='https:\/\/mathmatters.cms.math.ca\/fr\/article\/nouveaute-increasing-diversity-in-mathematical-related-sciences-summer-school-2026\/'>Increasing Diversity in Mathematical & Related Sciences Summer School 2026<\/a> <span class='notes_toc_author_name'>&mdash;&nbsp;Women in Math Committee<\/span>      <\/div>\n    <\/div>\n    <div class='notes_toc_article'>\n      <div class='notes_toc_article_row'>\n        <div class='notes_toc_article_pdf'>\n        <\/div>\n        <a class='notes_toc_article_title_link' href='https:\/\/mathmatters.cms.math.ca\/fr\/article\/nouveaute-international-youth-math-challenge\/'>International Youth Math Challenge<\/a> <span class='notes_toc_author_name'>&mdash;&nbsp;IYMC<\/span>      <\/div>\n    <\/div>\n    <div class='notes_toc_article'>\n      <div class='notes_toc_section_name'>Appel de mises en candidature<\/div>\n      <div class='notes_toc_article_row'>\n        <div class='notes_toc_article_pdf'>\n        <\/div>\n        <a class='notes_toc_article_title_link' href='https:\/\/mathmatters.cms.math.ca\/fr\/article\/nouveaute-la-date-limite-approche-subventions-pour-concours-de-maths-postulez-avant-le-15-novembre\/'>LA DATE LIMITE APPROCHE : Subventions pour concours de maths - Postulez avant le 15 novembre!<\/a>      <\/div>\n    <\/div>\n    <div class='notes_toc_article'>\n      <div class='notes_toc_article_row'>\n        <div class='notes_toc_article_pdf'>\n        <\/div>\n        <a class='notes_toc_article_title_link' href='https:\/\/mathmatters.cms.math.ca\/fr\/article\/nouveaute-appel-aux-mises-en-candidature-prix-dexcellence-en-enseignement-2026-date-limite-15-novembre-2025\/'>Appel aux mises en candidature : Prix d'excellence en enseignement 2026 | date limite 15 novembre 2025<\/a>      <\/div>\n    <\/div>\n    <div class='notes_toc_article'>\n      <div class='notes_toc_article_row'>\n        <div class='notes_toc_article_pdf'>\n        <\/div>\n        <a class='notes_toc_article_title_link' href='https:\/\/mathmatters.cms.math.ca\/fr\/article\/nouveaute-appel-a-candidatures-conseillerere-pedagogique-comite-etudiant-de-la-smc-studc-smc\/'>Appel \u00e0 candidatures : Conseiller(\u00e8re) p\u00e9dagogique, comit\u00e9 \u00e9tudiant de la SMC (StudC SMC) | date limite 1 d\u00e9cembre 2025<\/a>      <\/div>\n    <\/div>\n    <div class='notes_toc_article'>\n      <div class='notes_toc_article_row'>\n        <div class='notes_toc_article_pdf'>\n        <\/div>\n        <a class='notes_toc_article_title_link' href='https:\/\/mathmatters.cms.math.ca\/fr\/article\/nouveaute-appel-aux-mises-en-candidature-prix-david-borwein-2026-date-limite-15-novembre-2025\/'>Appel aux mises en candidature : Prix David Borwein 2026 | Date limite 15 novembre 2025<\/a>      <\/div>\n    <\/div>\n<\/div>\n<\/div>\n<\/div>\n    <\/div>\n  <div class='notes_issues_issident' id='notes_issues_issident_2_44'><a href='javascript:void(0);' title=\"afficher\/masquer le contenu\" onclick='notes_issues_iss_vh(2, 44)'><img src='\/wp-content\/uploads\/2020\/01\/folder-closed.png' alt='afficher' class='notes_issues_toggles' id='notes_issues_toggle_show_2_44' ><img src='\/wp-content\/uploads\/2020\/01\/folder-open.png' alt='masquer' class='notes_issues_toggles' id='notes_issues_toggle_hide_2_44' style='display:none;'>[44] Num\u00e9ro du 07 novembre 2025<\/a>\n<\/div>\n    <div class='notes_issues_isscontents' id='notes_issues_isscontents_2_44' style='display:none;'>\n<div class='notes_render_toc notes_noprint notes_toc_style_2' style='' id='notes_toc'>\n<div class='notes_toc_body'>\n  <div class='notes_toc_articles'>\n    <div class='notes_toc_article'>\n      <div class='notes_toc_section_name'>Communiqu\u00e9<\/div>\n      <div class='notes_toc_article_row'>\n        <div class='notes_toc_article_pdf'>\n        <\/div>\n        <a class='notes_toc_article_title_link' href='https:\/\/mathmatters.cms.math.ca\/fr\/article\/nouveaute-rejoignez-lequipe-de-correction-du-defi-ouvert-canadien-de-mathematiques-docm\/'>NOUVEAUT\u00c9 :  Rejoignez l'\u00e9quipe de correction du D\u00e9fi ouvert canadien de math\u00e9matiques (DOCM)<\/a>      <\/div>\n    <\/div>\n    <div class='notes_toc_article'>\n      <div class='notes_toc_article_row'>\n        <div class='notes_toc_article_pdf'>\n        <\/div>\n        <a class='notes_toc_article_title_link' href='https:\/\/mathmatters.cms.math.ca\/fr\/article\/nouveaute-des-mathematiciennes-canadiennes-nommees-fellows-2026-de-lams\/'>NOUVEAUT\u00c9 :  Des math\u00e9maticien(ne)s canadien(ne)s nomm\u00e9(e)s Fellows 2026 de l\u2019AMS<\/a>      <\/div>\n    <\/div>\n    <div class='notes_toc_article'>\n      <div class='notes_toc_section_name'>R\u00e9unions de la SMC<\/div>\n      <div class='notes_toc_article_row'>\n        <div class='notes_toc_article_pdf'>\n        <\/div>\n        <a class='notes_toc_article_title_link' href='https:\/\/mathmatters.cms.math.ca\/fr\/article\/nouveaute-reunion-dhiver-2025-de-la-smc-mini-cours\/'>R\u00e9union d'hiver 2025 de la SMC | Mini-cours<\/a>      <\/div>\n    <\/div>\n    <div class='notes_toc_article'>\n      <div class='notes_toc_article_row'>\n        <div class='notes_toc_article_pdf'>\n        <\/div>\n        <a class='notes_toc_article_title_link' href='https:\/\/mathmatters.cms.math.ca\/fr\/article\/reunion-dhiver-2025-de-la-smc-les-inscriptions-sont-maintenant-ouvertes\/'>R\u00e9union d'hiver 2025 de la SMC | Les inscriptions sont maintenant ouvertes!<\/a>      <\/div>\n    <\/div>\n    <div class='notes_toc_article'>\n      <div class='notes_toc_article_row'>\n        <div class='notes_toc_article_pdf'>\n        <\/div>\n        <a class='notes_toc_article_title_link' href='https:\/\/mathmatters.cms.math.ca\/fr\/article\/nouveaute-reunion-dete-2026-de-la-smc-5-8-juin-reservez-la-date\/'>R\u00e9union d'\u00e9t\u00e9 2026 de la SMC, 5-8 juin | R\u00e9servez la date!<\/a>      <\/div>\n    <\/div>\n    <div class='notes_toc_article'>\n      <div class='notes_toc_section_name'>Annonces<\/div>\n      <div class='notes_toc_article_row'>\n        <div class='notes_toc_article_pdf'>\n        <\/div>\n        <a class='notes_toc_article_title_link' href='https:\/\/mathmatters.cms.math.ca\/fr\/article\/nouveaute-increasing-diversity-in-mathematical-related-sciences-summer-school-2026\/'>Increasing Diversity in Mathematical & Related Sciences Summer School 2026<\/a> <span class='notes_toc_author_name'>&mdash;&nbsp;Women in Math Committee<\/span>      <\/div>\n    <\/div>\n    <div class='notes_toc_article'>\n      <div class='notes_toc_section_name'>Appel de mises en candidature<\/div>\n      <div class='notes_toc_article_row'>\n        <div class='notes_toc_article_pdf'>\n        <\/div>\n        <a class='notes_toc_article_title_link' href='https:\/\/mathmatters.cms.math.ca\/fr\/article\/nouveaute-la-date-limite-approche-subventions-pour-concours-de-maths-postulez-avant-le-15-novembre\/'>LA DATE LIMITE APPROCHE : Subventions pour concours de maths - Postulez avant le 15 novembre!<\/a>      <\/div>\n    <\/div>\n    <div class='notes_toc_article'>\n      <div class='notes_toc_article_row'>\n        <div class='notes_toc_article_pdf'>\n        <\/div>\n        <a class='notes_toc_article_title_link' href='https:\/\/mathmatters.cms.math.ca\/fr\/article\/nouveaute-appel-aux-mises-en-candidature-prix-dexcellence-en-enseignement-2026-date-limite-15-novembre-2025\/'>Appel aux mises en candidature : Prix d'excellence en enseignement 2026 | date limite 15 novembre 2025<\/a>      <\/div>\n    <\/div>\n    <div class='notes_toc_article'>\n      <div class='notes_toc_article_row'>\n        <div class='notes_toc_article_pdf'>\n        <\/div>\n        <a class='notes_toc_article_title_link' href='https:\/\/mathmatters.cms.math.ca\/fr\/article\/nouveaute-appel-a-candidatures-conseillerere-pedagogique-comite-etudiant-de-la-smc-studc-smc\/'>Appel \u00e0 candidatures : Conseiller(\u00e8re) p\u00e9dagogique, comit\u00e9 \u00e9tudiant de la SMC (StudC SMC) | date limite 1 d\u00e9cembre 2025<\/a>      <\/div>\n    <\/div>\n    <div class='notes_toc_article'>\n      <div class='notes_toc_article_row'>\n        <div class='notes_toc_article_pdf'>\n        <\/div>\n        <a class='notes_toc_article_title_link' href='https:\/\/mathmatters.cms.math.ca\/fr\/article\/nouveaute-appel-aux-mises-en-candidature-prix-david-borwein-2026-date-limite-15-novembre-2025\/'>Appel aux mises en candidature : Prix David Borwein 2026 | Date limite 15 novembre 2025<\/a>      <\/div>\n    <\/div>\n<\/div>\n<\/div>\n<\/div>\n    <\/div>\n  <div class='notes_issues_issident' id='notes_issues_issident_2_43'><a href='javascript:void(0);' title=\"afficher\/masquer le contenu\" onclick='notes_issues_iss_vh(2, 43)'><img src='\/wp-content\/uploads\/2020\/01\/folder-closed.png' alt='afficher' class='notes_issues_toggles' id='notes_issues_toggle_show_2_43' ><img src='\/wp-content\/uploads\/2020\/01\/folder-open.png' alt='masquer' class='notes_issues_toggles' id='notes_issues_toggle_hide_2_43' style='display:none;'>[43] octobre 31, 2025 Issue<\/a>\n<\/div>\n    <div class='notes_issues_isscontents' id='notes_issues_isscontents_2_43' style='display:none;'>\n<div class='notes_render_toc notes_noprint notes_toc_style_2' style='' id='notes_toc'>\n<div class='notes_toc_body'>\n  <div class='notes_toc_articles'>\n    <div class='notes_toc_article'>\n      <div class='notes_toc_section_name'>R\u00e9unions de la SMC<\/div>\n      <div class='notes_toc_article_row'>\n        <div class='notes_toc_article_pdf'>\n        <\/div>\n        <a class='notes_toc_article_title_link' href='https:\/\/mathmatters.cms.math.ca\/fr\/article\/nouveaute-reunion-dhiver-2025-de-la-smc-mini-cours\/'>R\u00e9union d'hiver 2025 de la SMC | Mini-cours<\/a>      <\/div>\n    <\/div>\n    <div class='notes_toc_article'>\n      <div class='notes_toc_article_row'>\n        <div class='notes_toc_article_pdf'>\n        <\/div>\n        <a class='notes_toc_article_title_link' href='https:\/\/mathmatters.cms.math.ca\/fr\/article\/reunion-dhiver-2025-de-la-smc-les-inscriptions-sont-maintenant-ouvertes\/'>R\u00e9union d'hiver 2025 de la SMC | Les inscriptions sont maintenant ouvertes!<\/a>      <\/div>\n    <\/div>\n    <div class='notes_toc_article'>\n      <div class='notes_toc_article_row'>\n        <div class='notes_toc_article_pdf'>\n        <\/div>\n        <a class='notes_toc_article_title_link' href='https:\/\/mathmatters.cms.math.ca\/fr\/article\/nouveaute-reunion-dete-2026-de-la-smc-5-8-juin-reservez-la-date\/'>R\u00e9union d'\u00e9t\u00e9 2026 de la SMC, 5-8 juin | R\u00e9servez la date!<\/a>      <\/div>\n    <\/div>\n    <div class='notes_toc_article'>\n      <div class='notes_toc_section_name'>Annonces<\/div>\n      <div class='notes_toc_article_row'>\n        <div class='notes_toc_article_pdf'>\n        <\/div>\n        <a class='notes_toc_article_title_link' href='https:\/\/mathmatters.cms.math.ca\/fr\/article\/nouveaute-maple-conference-november-5-7\/'>Maple Conference, November 5-7<\/a>      <\/div>\n    <\/div>\n    <div class='notes_toc_article'>\n      <div class='notes_toc_article_row'>\n        <div class='notes_toc_article_pdf'>\n        <\/div>\n        <a class='notes_toc_article_title_link' href='https:\/\/mathmatters.cms.math.ca\/fr\/article\/nouveaute-appel-aux-correcteurs-pour-le-docm\/'>Recherche d'experts en math\u00e9matiques : Soyez b\u00e9n\u00e9vole pour corriger le D\u00e9fi ouvert canadien de math\u00e9matiques (DOCM)<\/a>      <\/div>\n    <\/div>\n    <div class='notes_toc_article'>\n      <div class='notes_toc_section_name'>Appel de mises en candidature<\/div>\n      <div class='notes_toc_article_row'>\n        <div class='notes_toc_article_pdf'>\n        <\/div>\n        <a class='notes_toc_article_title_link' href='https:\/\/mathmatters.cms.math.ca\/fr\/article\/nouveaute-la-date-limite-approche-subventions-pour-concours-de-maths-postulez-avant-le-15-novembre\/'>LA DATE LIMITE APPROCHE : Subventions pour concours de maths - Postulez avant le 15 novembre!<\/a>      <\/div>\n    <\/div>\n    <div class='notes_toc_article'>\n      <div class='notes_toc_article_row'>\n        <div class='notes_toc_article_pdf'>\n        <\/div>\n        <a class='notes_toc_article_title_link' href='https:\/\/mathmatters.cms.math.ca\/fr\/article\/nouveaute-appel-aux-mises-en-candidature-prix-dexcellence-en-enseignement-2026-date-limite-15-novembre-2025\/'>Appel aux mises en candidature : Prix d'excellence en enseignement 2026 | date limite 15 novembre 2025<\/a>      <\/div>\n    <\/div>\n    <div class='notes_toc_article'>\n      <div class='notes_toc_article_row'>\n        <div class='notes_toc_article_pdf'>\n        <\/div>\n        <a class='notes_toc_article_title_link' href='https:\/\/mathmatters.cms.math.ca\/fr\/article\/nouveaute-appel-a-candidatures-conseillerere-pedagogique-comite-etudiant-de-la-smc-studc-smc\/'>Appel \u00e0 candidatures : Conseiller(\u00e8re) p\u00e9dagogique, comit\u00e9 \u00e9tudiant de la SMC (StudC SMC) | date limite 1 d\u00e9cembre 2025<\/a>      <\/div>\n    <\/div>\n    <div class='notes_toc_article'>\n      <div class='notes_toc_article_row'>\n        <div class='notes_toc_article_pdf'>\n        <\/div>\n        <a class='notes_toc_article_title_link' href='https:\/\/mathmatters.cms.math.ca\/fr\/article\/nouveaute-appel-aux-mises-en-candidature-prix-david-borwein-2026-date-limite-15-novembre-2025\/'>Appel aux mises en candidature : Prix David Borwein 2026 | Date limite 15 novembre 2025<\/a>      <\/div>\n    <\/div>\n<\/div>\n<\/div>\n<\/div>\n    <\/div>\n  <div class='notes_issues_issident' id='notes_issues_issident_2_42'><a href='javascript:void(0);' title=\"afficher\/masquer le contenu\" onclick='notes_issues_iss_vh(2, 42)'><img src='\/wp-content\/uploads\/2020\/01\/folder-closed.png' alt='afficher' class='notes_issues_toggles' id='notes_issues_toggle_show_2_42' ><img src='\/wp-content\/uploads\/2020\/01\/folder-open.png' alt='masquer' class='notes_issues_toggles' id='notes_issues_toggle_hide_2_42' style='display:none;'>[42] Num\u00e9ro du 24 octobre 2025<\/a>\n<\/div>\n    <div class='notes_issues_isscontents' id='notes_issues_isscontents_2_42' style='display:none;'>\n<div class='notes_render_toc notes_noprint notes_toc_style_2' style='' id='notes_toc'>\n<div class='notes_toc_body'>\n  <div class='notes_toc_articles'>\n    <div class='notes_toc_article'>\n      <div class='notes_toc_section_name'>Communiqu\u00e9<\/div>\n      <div class='notes_toc_article_row'>\n        <div class='notes_toc_article_pdf'>\n        <\/div>\n        <a class='notes_toc_article_title_link' href='https:\/\/mathmatters.cms.math.ca\/fr\/article\/nouveaute-appel-aux-correcteurtrices-pour-le-docm\/'>Appel aux correcteur(trice)s pour le DOCM<\/a>      <\/div>\n    <\/div>\n    <div class='notes_toc_article'>\n      <div class='notes_toc_section_name'>R\u00e9unions de la SMC<\/div>\n      <div class='notes_toc_article_row'>\n        <div class='notes_toc_article_pdf'>\n        <\/div>\n        <a class='notes_toc_article_title_link' href='https:\/\/mathmatters.cms.math.ca\/fr\/article\/nouveaute-reunion-dhiver-2025-de-la-smc-mini-cours\/'>R\u00e9union d'hiver 2025 de la SMC | Mini-cours<\/a>      <\/div>\n    <\/div>\n    <div class='notes_toc_article'>\n      <div class='notes_toc_article_row'>\n        <div class='notes_toc_article_pdf'>\n        <\/div>\n        <a class='notes_toc_article_title_link' href='https:\/\/mathmatters.cms.math.ca\/fr\/article\/reunion-dhiver-2025-de-la-smc-les-inscriptions-sont-maintenant-ouvertes\/'>R\u00e9union d'hiver 2025 de la SMC | Les inscriptions sont maintenant ouvertes!<\/a>      <\/div>\n    <\/div>\n    <div class='notes_toc_article'>\n      <div class='notes_toc_article_row'>\n        <div class='notes_toc_article_pdf'>\n        <\/div>\n        <a class='notes_toc_article_title_link' href='https:\/\/mathmatters.cms.math.ca\/fr\/article\/nouveaute-reunion-dete-2026-de-la-smc-5-8-juin-reservez-la-date\/'>R\u00e9union d'\u00e9t\u00e9 2026 de la SMC, 5-8 juin | R\u00e9servez la date!<\/a>      <\/div>\n    <\/div>\n    <div class='notes_toc_article'>\n      <div class='notes_toc_section_name'>Annonces<\/div>\n      <div class='notes_toc_article_row'>\n        <div class='notes_toc_article_pdf'>\n        <\/div>\n        <a class='notes_toc_article_title_link' href='https:\/\/mathmatters.cms.math.ca\/fr\/article\/nouveaute-maple-conference-november-5-7\/'>Maple Conference, November 5-7<\/a>      <\/div>\n    <\/div>\n    <div class='notes_toc_article'>\n      <div class='notes_toc_section_name'>Appel de mises en candidature<\/div>\n      <div class='notes_toc_article_row'>\n        <div class='notes_toc_article_pdf'>\n        <\/div>\n        <a class='notes_toc_article_title_link' href='https:\/\/mathmatters.cms.math.ca\/fr\/article\/nouveaute-appel-aux-mises-en-candidature-prix-dexcellence-en-enseignement-2026-date-limite-15-novembre-2025\/'>Appel aux mises en candidature : Prix d'excellence en enseignement 2026 | date limite 15 novembre 2025<\/a>      <\/div>\n    <\/div>\n    <div class='notes_toc_article'>\n      <div class='notes_toc_article_row'>\n        <div class='notes_toc_article_pdf'>\n        <\/div>\n        <a class='notes_toc_article_title_link' href='https:\/\/mathmatters.cms.math.ca\/fr\/article\/nouveaute-appel-a-candidatures-conseillerere-pedagogique-comite-etudiant-de-la-smc-studc-smc\/'>Appel \u00e0 candidatures : Conseiller(\u00e8re) p\u00e9dagogique, comit\u00e9 \u00e9tudiant de la SMC (StudC SMC) | date limite 1 d\u00e9cembre 2025<\/a>      <\/div>\n    <\/div>\n    <div class='notes_toc_article'>\n      <div class='notes_toc_article_row'>\n        <div class='notes_toc_article_pdf'>\n        <\/div>\n        <a class='notes_toc_article_title_link' href='https:\/\/mathmatters.cms.math.ca\/fr\/article\/nouveaute-appel-aux-mises-en-candidature-prix-david-borwein-2026-date-limite-15-novembre-2025\/'>Appel aux mises en candidature : Prix David Borwein 2026 | Date limite 15 novembre 2025<\/a>      <\/div>\n    <\/div>\n<\/div>\n<\/div>\n<\/div>\n    <\/div>\n  <div class='notes_issues_issident' id='notes_issues_issident_2_41'><a href='javascript:void(0);' title=\"afficher\/masquer le contenu\" onclick='notes_issues_iss_vh(2, 41)'><img src='\/wp-content\/uploads\/2020\/01\/folder-closed.png' alt='afficher' class='notes_issues_toggles' id='notes_issues_toggle_show_2_41' ><img src='\/wp-content\/uploads\/2020\/01\/folder-open.png' alt='masquer' class='notes_issues_toggles' id='notes_issues_toggle_hide_2_41' style='display:none;'>[41] Num\u00e9ro du 17 octobre 2025<\/a>\n<\/div>\n    <div class='notes_issues_isscontents' id='notes_issues_isscontents_2_41' style='display:none;'>\n<div class='notes_render_toc notes_noprint notes_toc_style_2' style='' id='notes_toc'>\n<div class='notes_toc_body'>\n  <div class='notes_toc_articles'>\n    <div class='notes_toc_article'>\n      <div class='notes_toc_section_name'>Communiqu\u00e9<\/div>\n      <div class='notes_toc_article_row'>\n        <div class='notes_toc_article_pdf'>\n        <\/div>\n        <a class='notes_toc_article_title_link' href='https:\/\/mathmatters.cms.math.ca\/fr\/article\/nouveaute-resultats-du-concours-mathematique-du-lynx-du-canada-2025\/'>NOUVEAUT\u00c9 :  R\u00e9sultats du Concours math\u00e9matique du lynx du Canada 2025<\/a>      <\/div>\n    <\/div>\n    <div class='notes_toc_article'>\n      <div class='notes_toc_article_row'>\n        <div class='notes_toc_article_pdf'>\n        <\/div>\n        <a class='notes_toc_article_title_link' href='https:\/\/mathmatters.cms.math.ca\/fr\/article\/nouveaute-appel-aux-correcteurtrices-pour-le-docm\/'>Appel aux correcteur(trice)s pour le DOCM<\/a>      <\/div>\n    <\/div>\n    <div class='notes_toc_article'>\n      <div class='notes_toc_section_name'>R\u00e9unions de la SMC<\/div>\n      <div class='notes_toc_article_row'>\n        <div class='notes_toc_article_pdf'>\n        <\/div>\n        <a class='notes_toc_article_title_link' href='https:\/\/mathmatters.cms.math.ca\/fr\/article\/nouveaute-reunion-dhiver-2025-de-la-smc-mini-cours\/'>R\u00e9union d'hiver 2025 de la SMC | Mini-cours<\/a>      <\/div>\n    <\/div>\n    <div class='notes_toc_article'>\n      <div class='notes_toc_article_row'>\n        <div class='notes_toc_article_pdf'>\n        <\/div>\n        <a class='notes_toc_article_title_link' href='https:\/\/mathmatters.cms.math.ca\/fr\/article\/reunion-dhiver-2025-de-la-smc-les-inscriptions-sont-maintenant-ouvertes\/'>R\u00e9union d'hiver 2025 de la SMC | Les inscriptions sont maintenant ouvertes!<\/a>      <\/div>\n    <\/div>\n    <div class='notes_toc_article'>\n      <div class='notes_toc_article_row'>\n        <div class='notes_toc_article_pdf'>\n        <\/div>\n        <a class='notes_toc_article_title_link' href='https:\/\/mathmatters.cms.math.ca\/fr\/article\/nouveaute-reunion-dete-2026-de-la-smc-5-8-juin-reservez-la-date\/'>R\u00e9union d'\u00e9t\u00e9 2026 de la SMC, 5-8 juin | R\u00e9servez la date!<\/a>      <\/div>\n    <\/div>\n    <div class='notes_toc_article'>\n      <div class='notes_toc_section_name'>Annonces<\/div>\n      <div class='notes_toc_article_row'>\n        <div class='notes_toc_article_pdf'>\n        <\/div>\n        <a class='notes_toc_article_title_link' href='https:\/\/mathmatters.cms.math.ca\/fr\/article\/nouveaute-maple-conference-november-5-7\/'>Maple Conference, November 5-7<\/a>      <\/div>\n    <\/div>\n    <div class='notes_toc_article'>\n      <div class='notes_toc_article_row'>\n        <div class='notes_toc_article_pdf'>\n        <\/div>\n        <a class='notes_toc_article_title_link' href='https:\/\/mathmatters.cms.math.ca\/fr\/article\/nouveaute-iii-world-meeting-for-women-in-mathematics-wm%c2%b2\/'>III World Meeting for Women in Mathematics (WM)\u00b2<\/a> <span class='notes_toc_author_name'>&mdash;&nbsp;The Committee for Women in Mathematics (CWM)<\/span>      <\/div>\n    <\/div>\n    <div class='notes_toc_article'>\n      <div class='notes_toc_section_name'>Crux Corner<\/div>\n      <div class='notes_toc_article_row'>\n        <div class='notes_toc_article_pdf'>\n        <\/div>\n        <a class='notes_toc_article_title_link' href='https:\/\/mathmatters.cms.math.ca\/fr\/article\/nouveaute-crux-mathematicorum-numero-doctobre-mettez-vous-au-defi-avec-le-journal-de-resolution-de-problemes-du-smc\/'>NOUVEAUT\u00c9 : Crux Mathematicorum \u2013 Num\u00e9ro d'octobre \u2013 Mettez vous au d\u00e9fi avec le journal de r\u00e9solution de probl\u00e8mes du SMC !<\/a>      <\/div>\n    <\/div>\n    <div class='notes_toc_article'>\n      <div class='notes_toc_section_name'>Appel de mises en candidature<\/div>\n      <div class='notes_toc_article_row'>\n        <div class='notes_toc_article_pdf'>\n        <\/div>\n        <a class='notes_toc_article_title_link' href='https:\/\/mathmatters.cms.math.ca\/fr\/article\/nouveaute-appel-aux-mises-en-candidature-prix-david-borwein-2026-date-limite-15-novembre-2025\/'>Appel aux mises en candidature : Prix David Borwein 2026 | Date limite 15 novembre 2025<\/a>      <\/div>\n    <\/div>\n    <div class='notes_toc_article'>\n      <div class='notes_toc_article_row'>\n        <div class='notes_toc_article_pdf'>\n        <\/div>\n        <a class='notes_toc_article_title_link' href='https:\/\/mathmatters.cms.math.ca\/fr\/article\/nouveaute-appel-aux-mises-en-candidature-prix-dexcellence-en-enseignement-2026-date-limite-15-novembre-2025\/'>Appel aux mises en candidature : Prix d'excellence en enseignement 2026 | date limite 15 novembre 2025<\/a>      <\/div>\n    <\/div>\n    <div class='notes_toc_article'>\n      <div class='notes_toc_article_row'>\n        <div class='notes_toc_article_pdf'>\n        <\/div>\n        <a class='notes_toc_article_title_link' href='https:\/\/mathmatters.cms.math.ca\/fr\/article\/nouveaute-appel-a-candidatures-conseillerere-pedagogique-comite-etudiant-de-la-smc-studc-smc\/'>Appel \u00e0 candidatures : Conseiller(\u00e8re) p\u00e9dagogique, comit\u00e9 \u00e9tudiant de la SMC (StudC SMC) | date limite 1 d\u00e9cembre 2025<\/a>      <\/div>\n    <\/div>\n<\/div>\n<\/div>\n<\/div>\n    <\/div>\n  <div class='notes_issues_issident' id='notes_issues_issident_2_40'><a href='javascript:void(0);' title=\"afficher\/masquer le contenu\" onclick='notes_issues_iss_vh(2, 40)'><img src='\/wp-content\/uploads\/2020\/01\/folder-closed.png' alt='afficher' class='notes_issues_toggles' id='notes_issues_toggle_show_2_40' ><img src='\/wp-content\/uploads\/2020\/01\/folder-open.png' alt='masquer' class='notes_issues_toggles' id='notes_issues_toggle_hide_2_40' style='display:none;'>[40] octobre 10, 2025 Issue<\/a>\n<\/div>\n    <div class='notes_issues_isscontents' id='notes_issues_isscontents_2_40' style='display:none;'>\n<div class='notes_render_toc notes_noprint notes_toc_style_2' style='' id='notes_toc'>\n<div class='notes_toc_body'>\n  <div class='notes_toc_articles'>\n    <div class='notes_toc_article'>\n      <div class='notes_toc_section_name'>Communiqu\u00e9<\/div>\n      <div class='notes_toc_article_row'>\n        <div class='notes_toc_article_pdf'>\n        <\/div>\n        <a class='notes_toc_article_title_link' href='https:\/\/mathmatters.cms.math.ca\/fr\/article\/nouveaute-appel-aux-correcteurtrices-pour-le-docm\/'>Appel aux correcteur(trice)s pour le DOCM<\/a>      <\/div>\n    <\/div>\n    <div class='notes_toc_article'>\n      <div class='notes_toc_section_name'>R\u00e9unions de la SMC<\/div>\n      <div class='notes_toc_article_row'>\n        <div class='notes_toc_article_pdf'>\n        <\/div>\n        <a class='notes_toc_article_title_link' href='https:\/\/mathmatters.cms.math.ca\/fr\/article\/reunion-dhiver-2025-de-la-smc-les-inscriptions-sont-maintenant-ouvertes\/'>R\u00e9union d'hiver 2025 de la SMC | Les inscriptions sont maintenant ouvertes!<\/a>      <\/div>\n    <\/div>\n    <div class='notes_toc_article'>\n      <div class='notes_toc_article_row'>\n        <div class='notes_toc_article_pdf'>\n        <\/div>\n        <a class='notes_toc_article_title_link' href='https:\/\/mathmatters.cms.math.ca\/fr\/article\/nouveaute-reunion-dete-2026-de-la-smc-5-8-juin-reservez-la-date\/'>R\u00e9union d'\u00e9t\u00e9 2026 de la SMC, 5-8 juin | R\u00e9servez la date!<\/a>      <\/div>\n    <\/div>\n    <div class='notes_toc_article'>\n      <div class='notes_toc_section_name'>Annonces<\/div>\n      <div class='notes_toc_article_row'>\n        <div class='notes_toc_article_pdf'>\n        <\/div>\n        <a class='notes_toc_article_title_link' href='https:\/\/mathmatters.cms.math.ca\/fr\/article\/nouveaute-gauge-theory-and-string-geometry-mini-courses-conference-msi-anu\/'>NOUVEAUT\u00c9 :  Gauge Theory and String Geometry (Mini Courses + Conference) MSI ANU<\/a> <span class='notes_toc_author_name'>&mdash;&nbsp;The Australian National University<\/span>      <\/div>\n    <\/div>\n    <div class='notes_toc_article'>\n      <div class='notes_toc_article_row'>\n        <div class='notes_toc_article_pdf'>\n        <\/div>\n        <a class='notes_toc_article_title_link' href='https:\/\/mathmatters.cms.math.ca\/fr\/article\/nouveaute-iii-world-meeting-for-women-in-mathematics-wm%c2%b2\/'>III World Meeting for Women in Mathematics (WM)\u00b2<\/a> <span class='notes_toc_author_name'>&mdash;&nbsp;The Committee for Women in Mathematics (CWM)<\/span>      <\/div>\n    <\/div>\n    <div class='notes_toc_article'>\n      <div class='notes_toc_section_name'>Appel de mises en candidature<\/div>\n      <div class='notes_toc_article_row'>\n        <div class='notes_toc_article_pdf'>\n        <\/div>\n        <a class='notes_toc_article_title_link' href='https:\/\/mathmatters.cms.math.ca\/fr\/article\/nouveaute-appel-aux-mises-en-candidature-prix-dexcellence-en-enseignement-2026-date-limite-15-novembre-2025\/'>Appel aux mises en candidature : Prix d'excellence en enseignement 2026 | date limite 15 novembre 2025<\/a>      <\/div>\n    <\/div>\n    <div class='notes_toc_article'>\n      <div class='notes_toc_article_row'>\n        <div class='notes_toc_article_pdf'>\n        <\/div>\n        <a class='notes_toc_article_title_link' href='https:\/\/mathmatters.cms.math.ca\/fr\/article\/nouveaute-appel-a-candidatures-conseillerere-pedagogique-comite-etudiant-de-la-smc-studc-smc\/'>Appel \u00e0 candidatures : Conseiller(\u00e8re) p\u00e9dagogique, comit\u00e9 \u00e9tudiant de la SMC (StudC SMC) | date limite 1 d\u00e9cembre 2025<\/a>      <\/div>\n    <\/div>\n    <div class='notes_toc_article'>\n      <div class='notes_toc_article_row'>\n        <div class='notes_toc_article_pdf'>\n        <\/div>\n        <a class='notes_toc_article_title_link' href='https:\/\/mathmatters.cms.math.ca\/fr\/article\/nouveaute-appel-aux-mises-en-candidature-prix-david-borwein-2026-date-limite-15-novembre-2025\/'>Appel aux mises en candidature : Prix David Borwein 2026 | Date limite 15 novembre 2025<\/a>      <\/div>\n    <\/div>\n<\/div>\n<\/div>\n<\/div>\n    <\/div>\n  <div class='notes_issues_issident' id='notes_issues_issident_2_39'><a href='javascript:void(0);' title=\"afficher\/masquer le contenu\" onclick='notes_issues_iss_vh(2, 39)'><img src='\/wp-content\/uploads\/2020\/01\/folder-closed.png' alt='afficher' class='notes_issues_toggles' id='notes_issues_toggle_show_2_39' ><img src='\/wp-content\/uploads\/2020\/01\/folder-open.png' alt='masquer' class='notes_issues_toggles' id='notes_issues_toggle_hide_2_39' style='display:none;'>[39] Num\u00e9ro du 3 octobre 2025<\/a>\n<\/div>\n    <div class='notes_issues_isscontents' id='notes_issues_isscontents_2_39' style='display:none;'>\n<div class='notes_render_toc notes_noprint notes_toc_style_2' style='' id='notes_toc'>\n<div class='notes_toc_body'>\n  <div class='notes_toc_articles'>\n    <div class='notes_toc_article'>\n      <div class='notes_toc_section_name'>R\u00e9unions de la SMC<\/div>\n      <div class='notes_toc_article_row'>\n        <div class='notes_toc_article_pdf'>\n        <\/div>\n        <a class='notes_toc_article_title_link' href='https:\/\/mathmatters.cms.math.ca\/fr\/article\/reunion-dhiver-2025-de-la-smc-les-inscriptions-sont-maintenant-ouvertes\/'>R\u00e9union d'hiver 2025 de la SMC | Les inscriptions sont maintenant ouvertes!<\/a>      <\/div>\n    <\/div>\n    <div class='notes_toc_article'>\n      <div class='notes_toc_article_row'>\n        <div class='notes_toc_article_pdf'>\n        <\/div>\n        <a class='notes_toc_article_title_link' href='https:\/\/mathmatters.cms.math.ca\/fr\/article\/nouveaute-reunion-dete-2026-de-la-smc-5-8-juin-reservez-la-date\/'>R\u00e9union d'\u00e9t\u00e9 2026 de la SMC, 5-8 juin | R\u00e9servez la date!<\/a>      <\/div>\n    <\/div>\n    <div class='notes_toc_article'>\n      <div class='notes_toc_section_name'>Annonces<\/div>\n      <div class='notes_toc_article_row'>\n        <div class='notes_toc_article_pdf'>\n        <\/div>\n        <a class='notes_toc_article_title_link' href='https:\/\/mathmatters.cms.math.ca\/fr\/article\/nouveaute-renouvelez-votre-adhesion-a-la-smc-pour-2026\/'>Renouvelez votre adh\u00e9sion \u00e0 la SMC pour 2026 !<\/a>      <\/div>\n    <\/div>\n    <div class='notes_toc_article'>\n      <div class='notes_toc_article_row'>\n        <div class='notes_toc_article_pdf'>\n        <\/div>\n        <a class='notes_toc_article_title_link' href='https:\/\/mathmatters.cms.math.ca\/fr\/article\/nouveaute-iii-world-meeting-for-women-in-mathematics-wm%c2%b2\/'>III World Meeting for Women in Mathematics (WM)\u00b2<\/a> <span class='notes_toc_author_name'>&mdash;&nbsp;The Committee for Women in Mathematics (CWM)<\/span>      <\/div>\n    <\/div>\n    <div class='notes_toc_article'>\n      <div class='notes_toc_section_name'>Appel de mises en candidature<\/div>\n      <div class='notes_toc_article_row'>\n        <div class='notes_toc_article_pdf'>\n        <\/div>\n        <a class='notes_toc_article_title_link' href='https:\/\/mathmatters.cms.math.ca\/fr\/article\/nouveaute-appel-aux-mises-en-candidature-prix-dexcellence-en-enseignement-2026-date-limite-15-novembre-2025\/'>Appel aux mises en candidature : Prix d'excellence en enseignement 2026 | date limite 15 novembre 2025<\/a>      <\/div>\n    <\/div>\n    <div class='notes_toc_article'>\n      <div class='notes_toc_article_row'>\n        <div class='notes_toc_article_pdf'>\n        <\/div>\n        <a class='notes_toc_article_title_link' href='https:\/\/mathmatters.cms.math.ca\/fr\/article\/nouveaute-appel-a-candidatures-conseillerere-pedagogique-comite-etudiant-de-la-smc-studc-smc\/'>Appel \u00e0 candidatures : Conseiller(\u00e8re) p\u00e9dagogique, comit\u00e9 \u00e9tudiant de la SMC (StudC SMC) | date limite 1 d\u00e9cembre 2025<\/a>      <\/div>\n    <\/div>\n    <div class='notes_toc_article'>\n      <div class='notes_toc_article_row'>\n        <div class='notes_toc_article_pdf'>\n        <\/div>\n        <a class='notes_toc_article_title_link' href='https:\/\/mathmatters.cms.math.ca\/fr\/article\/nouveaute-appel-aux-mises-en-candidature-prix-david-borwein-2026-date-limite-15-novembre-2025\/'>Appel aux mises en candidature : Prix David Borwein 2026 | Date limite 15 novembre 2025<\/a>      <\/div>\n    <\/div>\n<\/div>\n<\/div>\n<\/div>\n    <\/div>\n  <div class='notes_issues_issident' id='notes_issues_issident_2_38'><a href='javascript:void(0);' title=\"afficher\/masquer le contenu\" onclick='notes_issues_iss_vh(2, 38)'><img src='\/wp-content\/uploads\/2020\/01\/folder-closed.png' alt='afficher' class='notes_issues_toggles' id='notes_issues_toggle_show_2_38' ><img src='\/wp-content\/uploads\/2020\/01\/folder-open.png' alt='masquer' class='notes_issues_toggles' id='notes_issues_toggle_hide_2_38' style='display:none;'>[38] Num\u00e9ro du 26 septembre 2025<\/a>\n<\/div>\n    <div class='notes_issues_isscontents' id='notes_issues_isscontents_2_38' style='display:none;'>\n<div class='notes_render_toc notes_noprint notes_toc_style_2' style='' id='notes_toc'>\n<div class='notes_toc_body'>\n  <div class='notes_toc_articles'>\n    <div class='notes_toc_article'>\n      <div class='notes_toc_section_name'>R\u00e9unions de la SMC<\/div>\n      <div class='notes_toc_article_row'>\n        <div class='notes_toc_article_pdf'>\n        <\/div>\n        <a class='notes_toc_article_title_link' href='https:\/\/mathmatters.cms.math.ca\/fr\/article\/reunion-dhiver-2025-de-la-smc-les-inscriptions-sont-maintenant-ouvertes\/'>R\u00e9union d'hiver 2025 de la SMC | Les inscriptions sont maintenant ouvertes!<\/a>      <\/div>\n    <\/div>\n    <div class='notes_toc_article'>\n      <div class='notes_toc_article_row'>\n        <div class='notes_toc_article_pdf'>\n        <\/div>\n        <a class='notes_toc_article_title_link' href='https:\/\/mathmatters.cms.math.ca\/fr\/article\/nouveaute-reunion-dhiver-2025-de-la-smc-appel-aux-mini-cours\/'>R\u00e9union d'hiver 2025 de la SMC | Appel aux mini-cours<\/a>      <\/div>\n    <\/div>\n    <div class='notes_toc_article'>\n      <div class='notes_toc_article_row'>\n        <div class='notes_toc_article_pdf'>\n        <\/div>\n        <a class='notes_toc_article_title_link' href='https:\/\/mathmatters.cms.math.ca\/fr\/article\/new-nouveaute-appel-a-propositions-de-presentations-pour-la-reunion-mathed-en-ligne-de-la-smc\/'>Appel \u00e0 propositions de pr\u00e9sentations pour la r\u00e9union MathEd (en ligne) de la SMC<\/a>      <\/div>\n    <\/div>\n    <div class='notes_toc_article'>\n      <div class='notes_toc_article_row'>\n        <div class='notes_toc_article_pdf'>\n        <\/div>\n        <a class='notes_toc_article_title_link' href='https:\/\/mathmatters.cms.math.ca\/fr\/article\/nouveaute-reunion-dete-2026-de-la-smc-5-8-juin-reservez-la-date\/'>R\u00e9union d'\u00e9t\u00e9 2026 de la SMC, 5-8 juin | R\u00e9servez la date!<\/a>      <\/div>\n    <\/div>\n    <div class='notes_toc_article'>\n      <div class='notes_toc_section_name'>Annonces<\/div>\n      <div class='notes_toc_article_row'>\n        <div class='notes_toc_article_pdf'>\n        <\/div>\n        <a class='notes_toc_article_title_link' href='https:\/\/mathmatters.cms.math.ca\/fr\/article\/nouveaute-bourses-du-fonds-de-dotation-2026\/'>Bourses du fonds de dotation 2026<\/a>      <\/div>\n    <\/div>\n    <div class='notes_toc_article'>\n      <div class='notes_toc_article_row'>\n        <div class='notes_toc_article_pdf'>\n        <\/div>\n        <a class='notes_toc_article_title_link' href='https:\/\/mathmatters.cms.math.ca\/fr\/article\/nouveaute-full-ride-undergraduate-scholarship-at-u-of-t-wolf-scholars\/'>Full-ride undergraduate scholarship at U of T \u2013 Wolf Scholars<\/a>      <\/div>\n    <\/div>\n    <div class='notes_toc_article'>\n      <div class='notes_toc_section_name'>Communiqu\u00e9<\/div>\n      <div class='notes_toc_article_row'>\n        <div class='notes_toc_article_pdf'>\n        <\/div>\n        <a class='notes_toc_article_title_link' href='https:\/\/mathmatters.cms.math.ca\/fr\/article\/nouveaute-appel-a-benevoles\/'>Mise \u00e0 jour : Appel \u00e0 b\u00e9n\u00e9voles pour les comit\u00e9s de la SMC<\/a>      <\/div>\n    <\/div>\n    <div class='notes_toc_article'>\n      <div class='notes_toc_section_name'>Appel de mises en candidature<\/div>\n      <div class='notes_toc_article_row'>\n        <div class='notes_toc_article_pdf'>\n        <\/div>\n        <a class='notes_toc_article_title_link' href='https:\/\/mathmatters.cms.math.ca\/fr\/article\/nouveaute-appel-aux-mises-en-candidature-prix-david-borwein-2026-date-limite-15-novembre-2025\/'>Appel aux mises en candidature : Prix David Borwein 2026 | Date limite 15 novembre 2025<\/a>      <\/div>\n    <\/div>\n    <div class='notes_toc_article'>\n      <div class='notes_toc_article_row'>\n        <div class='notes_toc_article_pdf'>\n        <\/div>\n        <a class='notes_toc_article_title_link' href='https:\/\/mathmatters.cms.math.ca\/fr\/article\/nouveaute-appel-aux-mises-en-candidature-prix-de-recherche-2026-date-limite-30-septembre\/'>Appel aux mises en candidature : Prix de recherche 2026 | date limite 30 septembre<\/a>      <\/div>\n    <\/div>\n    <div class='notes_toc_article'>\n      <div class='notes_toc_article_row'>\n        <div class='notes_toc_article_pdf'>\n        <\/div>\n        <a class='notes_toc_article_title_link' href='https:\/\/mathmatters.cms.math.ca\/fr\/article\/nouveaute-appel-du-comite-des-prix-internationaux\/'>Appel du Comit\u00e9 des prix internationaux<\/a> <span class='notes_toc_author_name'>&mdash;&nbsp;Javad Mashreghi<\/span>      <\/div>\n    <\/div>\n    <div class='notes_toc_article'>\n      <div class='notes_toc_article_row'>\n        <div class='notes_toc_article_pdf'>\n        <\/div>\n        <a class='notes_toc_article_title_link' href='https:\/\/mathmatters.cms.math.ca\/fr\/article\/nouveaute-appel-aux-mises-en-candidature-prix-dexcellence-en-enseignement-2026-date-limite-15-novembre-2025\/'>Appel aux mises en candidature : Prix d'excellence en enseignement 2026 | date limite 15 novembre 2025<\/a>      <\/div>\n    <\/div>\n    <div class='notes_toc_article'>\n      <div class='notes_toc_article_row'>\n        <div class='notes_toc_article_pdf'>\n        <\/div>\n        <a class='notes_toc_article_title_link' href='https:\/\/mathmatters.cms.math.ca\/fr\/article\/appel-a-candidatures-redacteurtrices-associees-cmc-jcm-bcm\/'>APPEL \u00c0 CANDIDATURES : R\u00e9dacteur(trice)s associ\u00e9(e)s CMC\/JCM\/BCM  | date limite 30 septembre 2025<\/a>      <\/div>\n    <\/div>\n    <div class='notes_toc_article'>\n      <div class='notes_toc_article_row'>\n        <div class='notes_toc_article_pdf'>\n        <\/div>\n        <a class='notes_toc_article_title_link' href='https:\/\/mathmatters.cms.math.ca\/fr\/article\/nouveaute-appel-a-candidatures-conseillerere-pedagogique-comite-etudiant-de-la-smc-studc-smc\/'>Appel \u00e0 candidatures : Conseiller(\u00e8re) p\u00e9dagogique, comit\u00e9 \u00e9tudiant de la SMC (StudC SMC) | date limite 1 d\u00e9cembre 2025<\/a>      <\/div>\n    <\/div>\n    <div class='notes_toc_article'>\n      <div class='notes_toc_section_name'>Comit\u00e9 \u00e9tudiant de la SMC<\/div>\n      <div class='notes_toc_article_row'>\n        <div class='notes_toc_article_pdf'>\n        <\/div>\n        <a class='notes_toc_article_title_link' href='https:\/\/mathmatters.cms.math.ca\/fr\/article\/nouveaute-appel-a-candidatures-notes-from-the-margin\/'>Appel \u00e0 candidatures - Notes from the Margin<\/a> <span class='notes_toc_author_name'>&mdash;&nbsp;J\u00e9r\u00e9my Champagne<\/span>      <\/div>\n    <\/div>\n<\/div>\n<\/div>\n<\/div>\n    <\/div>\n  <div class='notes_issues_issident' id='notes_issues_issident_2_37'><a href='javascript:void(0);' title=\"afficher\/masquer le contenu\" onclick='notes_issues_iss_vh(2, 37)'><img src='\/wp-content\/uploads\/2020\/01\/folder-closed.png' alt='afficher' class='notes_issues_toggles' id='notes_issues_toggle_show_2_37' ><img src='\/wp-content\/uploads\/2020\/01\/folder-open.png' alt='masquer' class='notes_issues_toggles' id='notes_issues_toggle_hide_2_37' style='display:none;'>[37] Num\u00e9ro du 19 septembre 2025<\/a>\n<\/div>\n    <div class='notes_issues_isscontents' id='notes_issues_isscontents_2_37' style='display:none;'>\n<div class='notes_render_toc notes_noprint notes_toc_style_2' style='' id='notes_toc'>\n<div class='notes_toc_body'>\n  <div class='notes_toc_articles'>\n    <div class='notes_toc_article'>\n      <div class='notes_toc_section_name'>R\u00e9unions de la SMC<\/div>\n      <div class='notes_toc_article_row'>\n        <div class='notes_toc_article_pdf'>\n        <\/div>\n        <a class='notes_toc_article_title_link' href='https:\/\/mathmatters.cms.math.ca\/fr\/article\/reunion-dhiver-2025-de-la-smc-les-inscriptions-sont-maintenant-ouvertes\/'>R\u00e9union d'hiver 2025 de la SMC | Les inscriptions sont maintenant ouvertes!<\/a>      <\/div>\n    <\/div>\n    <div class='notes_toc_article'>\n      <div class='notes_toc_article_row'>\n        <div class='notes_toc_article_pdf'>\n        <\/div>\n        <a class='notes_toc_article_title_link' href='https:\/\/mathmatters.cms.math.ca\/fr\/article\/nouveaute-reunion-dhiver-2025-de-la-smc-appel-aux-mini-cours\/'>R\u00e9union d'hiver 2025 de la SMC | Appel aux mini-cours<\/a>      <\/div>\n    <\/div>\n    <div class='notes_toc_article'>\n      <div class='notes_toc_article_row'>\n        <div class='notes_toc_article_pdf'>\n        <\/div>\n        <a class='notes_toc_article_title_link' href='https:\/\/mathmatters.cms.math.ca\/fr\/article\/nouveaute-reunion-dete-2026-de-la-smc-5-8-juin-reservez-la-date\/'>R\u00e9union d'\u00e9t\u00e9 2026 de la SMC, 5-8 juin | R\u00e9servez la date!<\/a>      <\/div>\n    <\/div>\n    <div class='notes_toc_article'>\n      <div class='notes_toc_article_row'>\n        <div class='notes_toc_article_pdf'>\n        <\/div>\n        <a class='notes_toc_article_title_link' href='https:\/\/mathmatters.cms.math.ca\/fr\/article\/nouveaute-appel-aux-propositions-de-presentation-pour-la-reunion-mathed-de-la-smc-en-ligne\/'>Appel aux propositions de pr\u00e9sentation pour la r\u00e9union MathEd de la SMC (en ligne)<\/a>      <\/div>\n    <\/div>\n    <div class='notes_toc_article'>\n      <div class='notes_toc_section_name'>Annonces<\/div>\n      <div class='notes_toc_article_row'>\n        <div class='notes_toc_article_pdf'>\n        <\/div>\n        <a class='notes_toc_article_title_link' href='https:\/\/mathmatters.cms.math.ca\/fr\/article\/nouveaute-2026-awm-mfa-essay-contest\/'>2026 AWM\/MfA Essay Contest<\/a> <span class='notes_toc_author_name'>&mdash;&nbsp;Johanna Franklin<\/span>      <\/div>\n    <\/div>\n    <div class='notes_toc_article'>\n      <div class='notes_toc_article_row'>\n        <div class='notes_toc_article_pdf'>\n        <\/div>\n        <a class='notes_toc_article_title_link' href='https:\/\/mathmatters.cms.math.ca\/fr\/article\/nouveaute-bourses-du-fonds-de-dotation-2026\/'>Bourses du fonds de dotation 2026<\/a>      <\/div>\n    <\/div>\n    <div class='notes_toc_article'>\n      <div class='notes_toc_article_row'>\n        <div class='notes_toc_article_pdf'>\n        <\/div>\n        <a class='notes_toc_article_title_link' href='https:\/\/mathmatters.cms.math.ca\/fr\/article\/nouveaute-full-ride-undergraduate-scholarship-at-u-of-t-wolf-scholars\/'>Full-ride undergraduate scholarship at U of T \u2013 Wolf Scholars<\/a>      <\/div>\n    <\/div>\n    <div class='notes_toc_article'>\n      <div class='notes_toc_section_name'>Crux Corner<\/div>\n      <div class='notes_toc_article_row'>\n        <div class='notes_toc_article_pdf'>\n        <\/div>\n        <a class='notes_toc_article_title_link' href='https:\/\/mathmatters.cms.math.ca\/fr\/article\/nouveaute-crux-mathematicorum-numero-de-septembre-mettez-vous-au-defi-avec-le-journal-de-resolution-de-problemes-du-smc\/'>NOUVEAUT\u00c9 : Crux Mathematicorum \u2013 Num\u00e9ro de septembre \u2013 Mettez vous au d\u00e9fi avec le journal de r\u00e9solution de probl\u00e8mes du SMC !<\/a>      <\/div>\n    <\/div>\n    <div class='notes_toc_article'>\n      <div class='notes_toc_section_name'>Communiqu\u00e9<\/div>\n      <div class='notes_toc_article_row'>\n        <div class='notes_toc_article_pdf'>\n        <\/div>\n        <a class='notes_toc_article_title_link' href='https:\/\/mathmatters.cms.math.ca\/fr\/article\/nouveaute-appel-a-benevoles\/'>Mise \u00e0 jour : Appel \u00e0 b\u00e9n\u00e9voles pour les comit\u00e9s de la SMC<\/a>      <\/div>\n    <\/div>\n    <div class='notes_toc_article'>\n      <div class='notes_toc_section_name'>Appel de mises en candidature<\/div>\n      <div class='notes_toc_article_row'>\n        <div class='notes_toc_article_pdf'>\n        <\/div>\n        <a class='notes_toc_article_title_link' href='https:\/\/mathmatters.cms.math.ca\/fr\/article\/nouveaute-appel-a-candidatures-conseillerere-pedagogique-comite-etudiant-de-la-smc-studc-smc\/'>Appel \u00e0 candidatures : Conseiller(\u00e8re) p\u00e9dagogique, comit\u00e9 \u00e9tudiant de la SMC (StudC SMC) | date limite 1 d\u00e9cembre 2025<\/a>      <\/div>\n    <\/div>\n    <div class='notes_toc_article'>\n      <div class='notes_toc_article_row'>\n        <div class='notes_toc_article_pdf'>\n        <\/div>\n        <a class='notes_toc_article_title_link' href='https:\/\/mathmatters.cms.math.ca\/fr\/article\/nouveaute-appel-aux-mises-en-candidature-prix-david-borwein-2026-date-limite-15-novembre-2025\/'>Appel aux mises en candidature : Prix David Borwein 2026 | Date limite 15 novembre 2025<\/a>      <\/div>\n    <\/div>\n    <div class='notes_toc_article'>\n      <div class='notes_toc_article_row'>\n        <div class='notes_toc_article_pdf'>\n        <\/div>\n        <a class='notes_toc_article_title_link' href='https:\/\/mathmatters.cms.math.ca\/fr\/article\/nouveaute-appel-aux-mises-en-candidature-prix-de-recherche-2026-date-limite-30-septembre\/'>Appel aux mises en candidature : Prix de recherche 2026 | date limite 30 septembre<\/a>      <\/div>\n    <\/div>\n    <div class='notes_toc_article'>\n      <div class='notes_toc_article_row'>\n        <div class='notes_toc_article_pdf'>\n        <\/div>\n        <a class='notes_toc_article_title_link' href='https:\/\/mathmatters.cms.math.ca\/fr\/article\/nouveaute-appel-du-comite-des-prix-internationaux\/'>Appel du Comit\u00e9 des prix internationaux<\/a> <span class='notes_toc_author_name'>&mdash;&nbsp;Javad Mashreghi<\/span>      <\/div>\n    <\/div>\n    <div class='notes_toc_article'>\n      <div class='notes_toc_article_row'>\n        <div class='notes_toc_article_pdf'>\n        <\/div>\n        <a class='notes_toc_article_title_link' href='https:\/\/mathmatters.cms.math.ca\/fr\/article\/nouveaute-appel-aux-mises-en-candidature-prix-dexcellence-en-enseignement-2026-date-limite-15-novembre-2025\/'>Appel aux mises en candidature : Prix d'excellence en enseignement 2026 | date limite 15 novembre 2025<\/a>      <\/div>\n    <\/div>\n    <div class='notes_toc_article'>\n      <div class='notes_toc_article_row'>\n        <div class='notes_toc_article_pdf'>\n        <\/div>\n        <a class='notes_toc_article_title_link' href='https:\/\/mathmatters.cms.math.ca\/fr\/article\/appel-a-candidatures-redacteurtrices-associees-cmc-jcm-bcm\/'>APPEL \u00c0 CANDIDATURES : R\u00e9dacteur(trice)s associ\u00e9(e)s CMC\/JCM\/BCM  | date limite 30 septembre 2025<\/a>      <\/div>\n    <\/div>\n    <div class='notes_toc_article'>\n      <div class='notes_toc_section_name'>Comit\u00e9 \u00e9tudiant de la SMC<\/div>\n      <div class='notes_toc_article_row'>\n        <div class='notes_toc_article_pdf'>\n        <\/div>\n        <a class='notes_toc_article_title_link' href='https:\/\/mathmatters.cms.math.ca\/fr\/article\/nouveaute-appel-a-candidatures-notes-from-the-margin\/'>Appel \u00e0 candidatures - Notes from the Margin<\/a> <span class='notes_toc_author_name'>&mdash;&nbsp;J\u00e9r\u00e9my Champagne<\/span>      <\/div>\n    <\/div>\n<\/div>\n<\/div>\n<\/div>\n    <\/div>\n  <div class='notes_issues_issident' id='notes_issues_issident_2_36'><a href='javascript:void(0);' title=\"afficher\/masquer le contenu\" onclick='notes_issues_iss_vh(2, 36)'><img src='\/wp-content\/uploads\/2020\/01\/folder-closed.png' alt='afficher' class='notes_issues_toggles' id='notes_issues_toggle_show_2_36' ><img src='\/wp-content\/uploads\/2020\/01\/folder-open.png' alt='masquer' class='notes_issues_toggles' id='notes_issues_toggle_hide_2_36' style='display:none;'>[36] Num\u00e9ro du 12 septembre 2025<\/a>\n<\/div>\n    <div class='notes_issues_isscontents' id='notes_issues_isscontents_2_36' style='display:none;'>\n<div class='notes_render_toc notes_noprint notes_toc_style_2' style='' id='notes_toc'>\n<div class='notes_toc_body'>\n  <div class='notes_toc_articles'>\n    <div class='notes_toc_article'>\n      <div class='notes_toc_section_name'>R\u00e9unions de la SMC<\/div>\n      <div class='notes_toc_article_row'>\n        <div class='notes_toc_article_pdf'>\n        <\/div>\n        <a class='notes_toc_article_title_link' href='https:\/\/mathmatters.cms.math.ca\/fr\/article\/nouveaute-reunion-dhiver-2025-de-la-smc-5-8-decembre-reservez-la-date\/'>R\u00e9union d'hiver 2025 de la SMC, 5-8 d\u00e9cembre | R\u00e9servez la date!<\/a>      <\/div>\n    <\/div>\n    <div class='notes_toc_article'>\n      <div class='notes_toc_article_row'>\n        <div class='notes_toc_article_pdf'>\n        <\/div>\n        <a class='notes_toc_article_title_link' href='https:\/\/mathmatters.cms.math.ca\/fr\/article\/reunion-dhiver-2025-de-la-smc-les-inscriptions-sont-maintenant-ouvertes\/'>R\u00e9union d'hiver 2025 de la SMC | Les inscriptions sont maintenant ouvertes!<\/a>      <\/div>\n    <\/div>\n    <div class='notes_toc_article'>\n      <div class='notes_toc_article_row'>\n        <div class='notes_toc_article_pdf'>\n        <\/div>\n        <a class='notes_toc_article_title_link' href='https:\/\/mathmatters.cms.math.ca\/fr\/article\/nouveaute-reunion-dhiver-2025-de-la-smc-appel-aux-mini-cours\/'>R\u00e9union d'hiver 2025 de la SMC | Appel aux mini-cours<\/a>      <\/div>\n    <\/div>\n    <div class='notes_toc_article'>\n      <div class='notes_toc_article_row'>\n        <div class='notes_toc_article_pdf'>\n        <\/div>\n        <a class='notes_toc_article_title_link' href='https:\/\/mathmatters.cms.math.ca\/fr\/article\/nouveaute-appel-aux-propositions-de-presentation-pour-la-reunion-mathed-de-la-smc-en-ligne\/'>Appel aux propositions de pr\u00e9sentation pour la r\u00e9union MathEd de la SMC (en ligne)<\/a>      <\/div>\n    <\/div>\n    <div class='notes_toc_article'>\n      <div class='notes_toc_article_row'>\n        <div class='notes_toc_article_pdf'>\n        <\/div>\n        <a class='notes_toc_article_title_link' href='https:\/\/mathmatters.cms.math.ca\/fr\/article\/nouveaute-reunion-dete-2026-de-la-smc-5-8-juin-reservez-la-date\/'>R\u00e9union d'\u00e9t\u00e9 2026 de la SMC, 5-8 juin | R\u00e9servez la date!<\/a>      <\/div>\n    <\/div>\n    <div class='notes_toc_article'>\n      <div class='notes_toc_section_name'>Annonces<\/div>\n      <div class='notes_toc_article_row'>\n        <div class='notes_toc_article_pdf'>\n        <\/div>\n        <a class='notes_toc_article_title_link' href='https:\/\/mathmatters.cms.math.ca\/fr\/article\/nouveaute-the-mathematics-of-social-networks-a-public-lecture-from-emeritus-professor-philippa-pattison\/'>NOUVEAUT\u00c9 :  The Mathematics of Social Networks a public lecture from Emeritus Professor Philippa Pattison<\/a> <span class='notes_toc_author_name'>&mdash;&nbsp;The Australian National University<\/span>      <\/div>\n    <\/div>\n    <div class='notes_toc_article'>\n      <div class='notes_toc_article_row'>\n        <div class='notes_toc_article_pdf'>\n        <\/div>\n        <a class='notes_toc_article_title_link' href='https:\/\/mathmatters.cms.math.ca\/fr\/article\/nouveaute-2026-awm-mfa-essay-contest\/'>2026 AWM\/MfA Essay Contest<\/a> <span class='notes_toc_author_name'>&mdash;&nbsp;Johanna Franklin<\/span>      <\/div>\n    <\/div>\n    <div class='notes_toc_article'>\n      <div class='notes_toc_article_row'>\n        <div class='notes_toc_article_pdf'>\n        <\/div>\n        <a class='notes_toc_article_title_link' href='https:\/\/mathmatters.cms.math.ca\/fr\/article\/nouveaute-bourses-du-fonds-de-dotation-2026\/'>Bourses du fonds de dotation 2026<\/a>      <\/div>\n    <\/div>\n    <div class='notes_toc_article'>\n      <div class='notes_toc_section_name'>Communiqu\u00e9<\/div>\n      <div class='notes_toc_article_row'>\n        <div class='notes_toc_article_pdf'>\n        <\/div>\n        <a class='notes_toc_article_title_link' href='https:\/\/mathmatters.cms.math.ca\/fr\/article\/nouveaute-appel-a-benevoles\/'>Mise \u00e0 jour : Appel \u00e0 b\u00e9n\u00e9voles pour les comit\u00e9s de la SMC<\/a>      <\/div>\n    <\/div>\n    <div class='notes_toc_article'>\n      <div class='notes_toc_section_name'>Appel de mises en candidature<\/div>\n      <div class='notes_toc_article_row'>\n        <div class='notes_toc_article_pdf'>\n        <\/div>\n        <a class='notes_toc_article_title_link' href='https:\/\/mathmatters.cms.math.ca\/fr\/article\/nouveaute-appel-a-candidatures-conseillerere-pedagogique-comite-etudiant-de-la-smc-studc-smc\/'>Appel \u00e0 candidatures : Conseiller(\u00e8re) p\u00e9dagogique, comit\u00e9 \u00e9tudiant de la SMC (StudC SMC) | date limite 1 d\u00e9cembre 2025<\/a>      <\/div>\n    <\/div>\n    <div class='notes_toc_article'>\n      <div class='notes_toc_article_row'>\n        <div class='notes_toc_article_pdf'>\n        <\/div>\n        <a class='notes_toc_article_title_link' href='https:\/\/mathmatters.cms.math.ca\/fr\/article\/nouveaute-appel-aux-mises-en-candidature-prix-david-borwein-2026-date-limite-15-novembre-2025\/'>Appel aux mises en candidature : Prix David Borwein 2026 | Date limite 15 novembre 2025<\/a>      <\/div>\n    <\/div>\n    <div class='notes_toc_article'>\n      <div class='notes_toc_article_row'>\n        <div class='notes_toc_article_pdf'>\n        <\/div>\n        <a class='notes_toc_article_title_link' href='https:\/\/mathmatters.cms.math.ca\/fr\/article\/nouveaute-appel-aux-mises-en-candidature-prix-de-recherche-2026-date-limite-30-septembre\/'>Appel aux mises en candidature : Prix de recherche 2026 | date limite 30 septembre<\/a>      <\/div>\n    <\/div>\n    <div class='notes_toc_article'>\n      <div class='notes_toc_article_row'>\n        <div class='notes_toc_article_pdf'>\n        <\/div>\n        <a class='notes_toc_article_title_link' href='https:\/\/mathmatters.cms.math.ca\/fr\/article\/nouveaute-appel-aux-mises-en-candidature-prix-dexcellence-en-enseignement-2026-date-limite-15-novembre-2025\/'>Appel aux mises en candidature : Prix d'excellence en enseignement 2026 | date limite 15 novembre 2025<\/a>      <\/div>\n    <\/div>\n    <div class='notes_toc_article'>\n      <div class='notes_toc_article_row'>\n        <div class='notes_toc_article_pdf'>\n        <\/div>\n        <a class='notes_toc_article_title_link' href='https:\/\/mathmatters.cms.math.ca\/fr\/article\/nouveaute-appel-du-comite-des-prix-internationaux\/'>Appel du Comit\u00e9 des prix internationaux<\/a> <span class='notes_toc_author_name'>&mdash;&nbsp;Javad Mashreghi<\/span>      <\/div>\n    <\/div>\n    <div class='notes_toc_article'>\n      <div class='notes_toc_article_row'>\n        <div class='notes_toc_article_pdf'>\n        <\/div>\n        <a class='notes_toc_article_title_link' href='https:\/\/mathmatters.cms.math.ca\/fr\/article\/appel-a-candidatures-redacteurtrices-associees-cmc-jcm-bcm\/'>APPEL \u00c0 CANDIDATURES : R\u00e9dacteur(trice)s associ\u00e9(e)s CMC\/JCM\/BCM  | date limite 30 septembre 2025<\/a>      <\/div>\n    <\/div>\n    <div class='notes_toc_article'>\n      <div class='notes_toc_section_name'>Comit\u00e9 \u00e9tudiant de la SMC<\/div>\n      <div class='notes_toc_article_row'>\n        <div class='notes_toc_article_pdf'>\n        <\/div>\n        <a class='notes_toc_article_title_link' href='https:\/\/mathmatters.cms.math.ca\/fr\/article\/nouveaute-appel-a-candidatures-notes-from-the-margin\/'>Appel \u00e0 candidatures - Notes from the Margin<\/a> <span class='notes_toc_author_name'>&mdash;&nbsp;J\u00e9r\u00e9my Champagne<\/span>      <\/div>\n    <\/div>\n<\/div>\n<\/div>\n<\/div>\n    <\/div>\n  <div class='notes_issues_issident' id='notes_issues_issident_2_35'><a href='javascript:void(0);' title=\"afficher\/masquer le contenu\" onclick='notes_issues_iss_vh(2, 35)'><img src='\/wp-content\/uploads\/2020\/01\/folder-closed.png' alt='afficher' class='notes_issues_toggles' id='notes_issues_toggle_show_2_35' ><img src='\/wp-content\/uploads\/2020\/01\/folder-open.png' alt='masquer' class='notes_issues_toggles' id='notes_issues_toggle_hide_2_35' style='display:none;'>[35] Num\u00e9ro du 5 septembre 2025<\/a>\n<\/div>\n    <div class='notes_issues_isscontents' id='notes_issues_isscontents_2_35' style='display:none;'>\n<div class='notes_render_toc notes_noprint notes_toc_style_2' style='' id='notes_toc'>\n<div class='notes_toc_body'>\n  <div class='notes_toc_articles'>\n    <div class='notes_toc_article'>\n      <div class='notes_toc_section_name'>R\u00e9unions de la SMC<\/div>\n      <div class='notes_toc_article_row'>\n        <div class='notes_toc_article_pdf'>\n        <\/div>\n        <a class='notes_toc_article_title_link' href='https:\/\/mathmatters.cms.math.ca\/fr\/article\/nouveaute-reunion-dhiver-2025-de-la-smc-5-8-decembre-reservez-la-date\/'>R\u00e9union d'hiver 2025 de la SMC, 5-8 d\u00e9cembre | R\u00e9servez la date!<\/a>      <\/div>\n    <\/div>\n    <div class='notes_toc_article'>\n      <div class='notes_toc_article_row'>\n        <div class='notes_toc_article_pdf'>\n        <\/div>\n        <a class='notes_toc_article_title_link' href='https:\/\/mathmatters.cms.math.ca\/fr\/article\/nouveaute-reunion-dhiver-2025-de-la-smc-appel-aux-mini-cours\/'>R\u00e9union d'hiver 2025 de la SMC | Appel aux mini-cours<\/a>      <\/div>\n    <\/div>\n    <div class='notes_toc_article'>\n      <div class='notes_toc_article_row'>\n        <div class='notes_toc_article_pdf'>\n        <\/div>\n        <a class='notes_toc_article_title_link' href='https:\/\/mathmatters.cms.math.ca\/fr\/article\/nouveaute-appel-aux-propositions-de-presentation-pour-la-reunion-mathed-de-la-smc-en-ligne\/'>Appel aux propositions de pr\u00e9sentation pour la r\u00e9union MathEd de la SMC (en ligne)<\/a>      <\/div>\n    <\/div>\n    <div class='notes_toc_article'>\n      <div class='notes_toc_article_row'>\n        <div class='notes_toc_article_pdf'>\n        <\/div>\n        <a class='notes_toc_article_title_link' href='https:\/\/mathmatters.cms.math.ca\/fr\/article\/nouveaute-reunion-dete-2026-de-la-smc-5-8-juin-reservez-la-date\/'>R\u00e9union d'\u00e9t\u00e9 2026 de la SMC, 5-8 juin | R\u00e9servez la date!<\/a>      <\/div>\n    <\/div>\n    <div class='notes_toc_article'>\n      <div class='notes_toc_section_name'>Annonces<\/div>\n      <div class='notes_toc_article_row'>\n        <div class='notes_toc_article_pdf'>\n        <\/div>\n        <a class='notes_toc_article_title_link' href='https:\/\/mathmatters.cms.math.ca\/fr\/article\/nouveaute-un-automne-charge-a-la-smc-2\/'>NOUVEAUT\u00c9 :  Un automne charg\u00e9 \u00e0 la SMC!<\/a>      <\/div>\n    <\/div>\n    <div class='notes_toc_article'>\n      <div class='notes_toc_article_row'>\n        <div class='notes_toc_article_pdf'>\n        <\/div>\n        <a class='notes_toc_article_title_link' href='https:\/\/mathmatters.cms.math.ca\/fr\/article\/nouveaute-membres-de-la-communaute-mathematique-canadienne-elus-a-la-societe-royale-du-canada\/'>NOUVEAUT\u00c9 :  Membres de la communaut\u00e9 math\u00e9matique canadienne \u00e9lus \u00e0 la Soci\u00e9t\u00e9 royale du Canada<\/a>      <\/div>\n    <\/div>\n    <div class='notes_toc_article'>\n      <div class='notes_toc_article_row'>\n        <div class='notes_toc_article_pdf'>\n        <\/div>\n        <a class='notes_toc_article_title_link' href='https:\/\/mathmatters.cms.math.ca\/fr\/article\/nouveaute-2026-awm-mfa-essay-contest\/'>2026 AWM\/MfA Essay Contest<\/a> <span class='notes_toc_author_name'>&mdash;&nbsp;Johanna Franklin<\/span>      <\/div>\n    <\/div>\n    <div class='notes_toc_article'>\n      <div class='notes_toc_article_row'>\n        <div class='notes_toc_article_pdf'>\n        <\/div>\n        <a class='notes_toc_article_title_link' href='https:\/\/mathmatters.cms.math.ca\/fr\/article\/nouveaute-bourses-du-fonds-de-dotation-2026\/'>Bourses du fonds de dotation 2026<\/a>      <\/div>\n    <\/div>\n    <div class='notes_toc_article'>\n      <div class='notes_toc_section_name'>Communiqu\u00e9<\/div>\n      <div class='notes_toc_article_row'>\n        <div class='notes_toc_article_pdf'>\n        <\/div>\n        <a class='notes_toc_article_title_link' href='https:\/\/mathmatters.cms.math.ca\/fr\/article\/nouveaute-appel-a-benevoles\/'>Mise \u00e0 jour : Appel \u00e0 b\u00e9n\u00e9voles pour les comit\u00e9s de la SMC<\/a>      <\/div>\n    <\/div>\n    <div class='notes_toc_article'>\n      <div class='notes_toc_section_name'>Appel de mises en candidature<\/div>\n      <div class='notes_toc_article_row'>\n        <div class='notes_toc_article_pdf'>\n        <\/div>\n        <a class='notes_toc_article_title_link' href='https:\/\/mathmatters.cms.math.ca\/fr\/article\/nouveaute-appel-a-candidatures-conseillerere-pedagogique-comite-etudiant-de-la-smc-studc-smc\/'>Appel \u00e0 candidatures : Conseiller(\u00e8re) p\u00e9dagogique, comit\u00e9 \u00e9tudiant de la SMC (StudC SMC) | date limite 1 d\u00e9cembre 2025<\/a>      <\/div>\n    <\/div>\n    <div class='notes_toc_article'>\n      <div class='notes_toc_article_row'>\n        <div class='notes_toc_article_pdf'>\n        <\/div>\n        <a class='notes_toc_article_title_link' href='https:\/\/mathmatters.cms.math.ca\/fr\/article\/nouveaute-appel-aux-mises-en-candidature-prix-david-borwein-2026-date-limite-15-novembre-2025\/'>Appel aux mises en candidature : Prix David Borwein 2026 | Date limite 15 novembre 2025<\/a>      <\/div>\n    <\/div>\n    <div class='notes_toc_article'>\n      <div class='notes_toc_article_row'>\n        <div class='notes_toc_article_pdf'>\n        <\/div>\n        <a class='notes_toc_article_title_link' href='https:\/\/mathmatters.cms.math.ca\/fr\/article\/nouveaute-appel-aux-mises-en-candidature-prix-de-recherche-2026-date-limite-30-septembre\/'>Appel aux mises en candidature : Prix de recherche 2026 | date limite 30 septembre<\/a>      <\/div>\n    <\/div>\n    <div class='notes_toc_article'>\n      <div class='notes_toc_article_row'>\n        <div class='notes_toc_article_pdf'>\n        <\/div>\n        <a class='notes_toc_article_title_link' href='https:\/\/mathmatters.cms.math.ca\/fr\/article\/nouveaute-appel-aux-mises-en-candidature-prix-dexcellence-en-enseignement-2026-date-limite-15-novembre-2025\/'>Appel aux mises en candidature : Prix d'excellence en enseignement 2026 | date limite 15 novembre 2025<\/a>      <\/div>\n    <\/div>\n    <div class='notes_toc_article'>\n      <div class='notes_toc_article_row'>\n        <div class='notes_toc_article_pdf'>\n        <\/div>\n        <a class='notes_toc_article_title_link' href='https:\/\/mathmatters.cms.math.ca\/fr\/article\/nouveaute-appel-du-comite-des-prix-internationaux\/'>Appel du Comit\u00e9 des prix internationaux<\/a> <span class='notes_toc_author_name'>&mdash;&nbsp;Javad Mashreghi<\/span>      <\/div>\n    <\/div>\n    <div class='notes_toc_article'>\n      <div class='notes_toc_article_row'>\n        <div class='notes_toc_article_pdf'>\n        <\/div>\n        <a class='notes_toc_article_title_link' href='https:\/\/mathmatters.cms.math.ca\/fr\/article\/appel-a-candidatures-redacteurtrices-associees-cmc-jcm-bcm\/'>APPEL \u00c0 CANDIDATURES : R\u00e9dacteur(trice)s associ\u00e9(e)s CMC\/JCM\/BCM  | date limite 30 septembre 2025<\/a>      <\/div>\n    <\/div>\n    <div class='notes_toc_article'>\n      <div class='notes_toc_section_name'>Comit\u00e9 \u00e9tudiant de la SMC<\/div>\n      <div class='notes_toc_article_row'>\n        <div class='notes_toc_article_pdf'>\n        <\/div>\n        <a class='notes_toc_article_title_link' href='https:\/\/mathmatters.cms.math.ca\/fr\/article\/nouveaute-appel-a-candidatures-notes-from-the-margin\/'>Appel \u00e0 candidatures - Notes from the Margin<\/a> <span class='notes_toc_author_name'>&mdash;&nbsp;J\u00e9r\u00e9my Champagne<\/span>      <\/div>\n    <\/div>\n<\/div>\n<\/div>\n<\/div>\n    <\/div>\n  <div class='notes_issues_issident' id='notes_issues_issident_2_34'><a href='javascript:void(0);' title=\"afficher\/masquer le contenu\" onclick='notes_issues_iss_vh(2, 34)'><img src='\/wp-content\/uploads\/2020\/01\/folder-closed.png' alt='afficher' class='notes_issues_toggles' id='notes_issues_toggle_show_2_34' ><img src='\/wp-content\/uploads\/2020\/01\/folder-open.png' alt='masquer' class='notes_issues_toggles' id='notes_issues_toggle_hide_2_34' style='display:none;'>[34] Num\u00e9ro du 29 ao\u00fbt 2025<\/a>\n<\/div>\n    <div class='notes_issues_isscontents' id='notes_issues_isscontents_2_34' style='display:none;'>\n<div class='notes_render_toc notes_noprint notes_toc_style_2' style='' id='notes_toc'>\n<div class='notes_toc_body'>\n  <div class='notes_toc_articles'>\n    <div class='notes_toc_article'>\n      <div class='notes_toc_section_name'>R\u00e9unions de la SMC<\/div>\n      <div class='notes_toc_article_row'>\n        <div class='notes_toc_article_pdf'>\n        <\/div>\n        <a class='notes_toc_article_title_link' href='https:\/\/mathmatters.cms.math.ca\/fr\/article\/nouveaute-reunion-dhiver-2025-de-la-smc-5-8-decembre-reservez-la-date\/'>R\u00e9union d'hiver 2025 de la SMC, 5-8 d\u00e9cembre | R\u00e9servez la date!<\/a>      <\/div>\n    <\/div>\n    <div class='notes_toc_article'>\n      <div class='notes_toc_article_row'>\n        <div class='notes_toc_article_pdf'>\n        <\/div>\n        <a class='notes_toc_article_title_link' href='https:\/\/mathmatters.cms.math.ca\/fr\/article\/nouveaute-reunion-dhiver-2025-de-la-smc-appel-aux-mini-cours\/'>R\u00e9union d'hiver 2025 de la SMC | Appel aux mini-cours<\/a>      <\/div>\n    <\/div>\n    <div class='notes_toc_article'>\n      <div class='notes_toc_article_row'>\n        <div class='notes_toc_article_pdf'>\n        <\/div>\n        <a class='notes_toc_article_title_link' href='https:\/\/mathmatters.cms.math.ca\/fr\/article\/nouveau-reunion-dhiver-2025-de-la-smc-appel-aux-sessions-deducation\/'>R\u00e9union d'hiver 2025 de la SMC | Appel aux sessions d'\u00e9ducation<\/a>      <\/div>\n    <\/div>\n    <div class='notes_toc_article'>\n      <div class='notes_toc_article_row'>\n        <div class='notes_toc_article_pdf'>\n        <\/div>\n        <a class='notes_toc_article_title_link' href='https:\/\/mathmatters.cms.math.ca\/fr\/article\/nouveau-reunion-dhiver-2025-de-la-smc-appel-aux-sessions-scientifiques\/'>R\u00e9union d'hiver 2025 de la SMC | Appel aux sessions scientifiques<\/a>      <\/div>\n    <\/div>\n    <div class='notes_toc_article'>\n      <div class='notes_toc_article_row'>\n        <div class='notes_toc_article_pdf'>\n        <\/div>\n        <a class='notes_toc_article_title_link' href='https:\/\/mathmatters.cms.math.ca\/fr\/article\/nouveaute-appel-aux-propositions-de-presentation-pour-la-reunion-mathed-de-la-smc-en-ligne\/'>Appel aux propositions de pr\u00e9sentation pour la r\u00e9union MathEd de la SMC (en ligne)<\/a>      <\/div>\n    <\/div>\n    <div class='notes_toc_article'>\n      <div class='notes_toc_article_row'>\n        <div class='notes_toc_article_pdf'>\n        <\/div>\n        <a class='notes_toc_article_title_link' href='https:\/\/mathmatters.cms.math.ca\/fr\/article\/nouveaute-reunion-dete-2026-de-la-smc-5-8-juin-reservez-la-date\/'>R\u00e9union d'\u00e9t\u00e9 2026 de la SMC, 5-8 juin | R\u00e9servez la date!<\/a>      <\/div>\n    <\/div>\n    <div class='notes_toc_article'>\n      <div class='notes_toc_section_name'>Annonces<\/div>\n      <div class='notes_toc_article_row'>\n        <div class='notes_toc_article_pdf'>\n        <\/div>\n        <a class='notes_toc_article_title_link' href='https:\/\/mathmatters.cms.math.ca\/fr\/article\/nouveaute-call-for-cms-member-at-international-council-of-industrial-and-applied-mathematics-september-13-2025-hanoi-vietnam\/'>NOUVEAUT\u00c9 : Call for CMS Member at International Council of Industrial and Applied Mathematics | septembre 13, 2025 | Hanoi, Vietnam<\/a> <span class='notes_toc_author_name'>&mdash;&nbsp;Elena Braverman<\/span>      <\/div>\n    <\/div>\n    <div class='notes_toc_article'>\n      <div class='notes_toc_article_row'>\n        <div class='notes_toc_article_pdf'>\n        <\/div>\n        <a class='notes_toc_article_title_link' href='https:\/\/mathmatters.cms.math.ca\/fr\/article\/nouveaute-05c50-online-2025-series\/'>NOUVEAUT\u00c9 : 05C50 Online 2025 Series<\/a> <span class='notes_toc_author_name'>&mdash;&nbsp;Steve Kirkland, Hermie Monterde<\/span>      <\/div>\n    <\/div>\n    <div class='notes_toc_article'>\n      <div class='notes_toc_article_row'>\n        <div class='notes_toc_article_pdf'>\n        <\/div>\n        <a class='notes_toc_article_title_link' href='https:\/\/mathmatters.cms.math.ca\/fr\/article\/nouveaute-bourses-du-fonds-de-dotation-2026\/'>Bourses du fonds de dotation 2026<\/a>      <\/div>\n    <\/div>\n    <div class='notes_toc_article'>\n      <div class='notes_toc_article_row'>\n        <div class='notes_toc_article_pdf'>\n        <\/div>\n        <a class='notes_toc_article_title_link' href='https:\/\/mathmatters.cms.math.ca\/fr\/article\/nouveaute-call-for-proposals-birs-2027-scientific-program\/'>Call for Proposals: BIRS 2027 Scientific Program<\/a> <span class='notes_toc_author_name'>&mdash;&nbsp;Malabika Pramanik<\/span>      <\/div>\n    <\/div>\n    <div class='notes_toc_article'>\n      <div class='notes_toc_article_row'>\n        <div class='notes_toc_article_pdf'>\n        <\/div>\n        <a class='notes_toc_article_title_link' href='https:\/\/mathmatters.cms.math.ca\/fr\/article\/nouveaute-call-for-proposals-birs-matrix-tandem-workshop-november-22-27-2026\/'>Call for Proposals: BIRS-MATRIX Tandem Workshop (November 22-27, 2026)<\/a>      <\/div>\n    <\/div>\n    <div class='notes_toc_article'>\n      <div class='notes_toc_section_name'>Appel de mises en candidature<\/div>\n      <div class='notes_toc_article_row'>\n        <div class='notes_toc_article_pdf'>\n        <\/div>\n        <a class='notes_toc_article_title_link' href='https:\/\/mathmatters.cms.math.ca\/fr\/article\/nouveaute-appel-du-comite-des-prix-internationaux\/'>Appel du Comit\u00e9 des prix internationaux<\/a> <span class='notes_toc_author_name'>&mdash;&nbsp;Javad Mashreghi<\/span>      <\/div>\n    <\/div>\n    <div class='notes_toc_article'>\n      <div class='notes_toc_article_row'>\n        <div class='notes_toc_article_pdf'>\n        <\/div>\n        <a class='notes_toc_article_title_link' href='https:\/\/mathmatters.cms.math.ca\/fr\/article\/nouveaute-appel-aux-mises-en-candidature-prix-david-borwein-2026-date-limite-15-novembre-2025\/'>Appel aux mises en candidature : Prix David Borwein 2026 | Date limite 15 novembre 2025<\/a>      <\/div>\n    <\/div>\n    <div class='notes_toc_article'>\n      <div class='notes_toc_article_row'>\n        <div class='notes_toc_article_pdf'>\n        <\/div>\n        <a class='notes_toc_article_title_link' href='https:\/\/mathmatters.cms.math.ca\/fr\/article\/nouveaute-appel-aux-mises-en-candidature-prix-dexcellence-en-enseignement-2026-date-limite-15-novembre-2025\/'>Appel aux mises en candidature : Prix d'excellence en enseignement 2026 | date limite 15 novembre 2025<\/a>      <\/div>\n    <\/div>\n    <div class='notes_toc_article'>\n      <div class='notes_toc_article_row'>\n        <div class='notes_toc_article_pdf'>\n        <\/div>\n        <a class='notes_toc_article_title_link' href='https:\/\/mathmatters.cms.math.ca\/fr\/article\/appel-a-candidatures-redacteurtrices-associees-cmc-jcm-bcm\/'>APPEL \u00c0 CANDIDATURES : R\u00e9dacteur(trice)s associ\u00e9(e)s CMC\/JCM\/BCM  | date limite 30 septembre 2025<\/a>      <\/div>\n    <\/div>\n    <div class='notes_toc_article'>\n      <div class='notes_toc_article_row'>\n        <div class='notes_toc_article_pdf'>\n        <\/div>\n        <a class='notes_toc_article_title_link' href='https:\/\/mathmatters.cms.math.ca\/fr\/article\/nouveaute-appel-aux-mises-en-candidature-prix-de-recherche-2026-date-limite-30-septembre\/'>Appel aux mises en candidature : Prix de recherche 2026 | date limite 30 septembre<\/a>      <\/div>\n    <\/div>\n    <div class='notes_toc_article'>\n      <div class='notes_toc_article_row'>\n        <div class='notes_toc_article_pdf'>\n        <\/div>\n        <a class='notes_toc_article_title_link' href='https:\/\/mathmatters.cms.math.ca\/fr\/article\/nouveaute-appel-a-candidatures-conseillerere-pedagogique-comite-etudiant-de-la-smc-studc-smc\/'>Appel \u00e0 candidatures : Conseiller(\u00e8re) p\u00e9dagogique, comit\u00e9 \u00e9tudiant de la SMC (StudC SMC) | date limite 1 d\u00e9cembre 2025<\/a>      <\/div>\n    <\/div>\n    <div class='notes_toc_article'>\n      <div class='notes_toc_section_name'>Comit\u00e9 \u00e9tudiant de la SMC<\/div>\n      <div class='notes_toc_article_row'>\n        <div class='notes_toc_article_pdf'>\n        <\/div>\n        <a class='notes_toc_article_title_link' href='https:\/\/mathmatters.cms.math.ca\/fr\/article\/nouveaute-appel-a-candidatures-notes-from-the-margin\/'>Appel \u00e0 candidatures - Notes from the Margin<\/a> <span class='notes_toc_author_name'>&mdash;&nbsp;J\u00e9r\u00e9my Champagne<\/span>      <\/div>\n    <\/div>\n    <div class='notes_toc_article'>\n      <div class='notes_toc_article_row'>\n        <div class='notes_toc_article_pdf'>\n        <\/div>\n        <a class='notes_toc_article_title_link' href='https:\/\/mathmatters.cms.math.ca\/fr\/article\/nouveaute-appel-a-candidatures-membres-generaux-du-comite-etudiant-de-la-smc-studc-smc\/'>Appel \u00e0 candidatures \u2013 Membres g\u00e9n\u00e9raux du comit\u00e9 \u00e9tudiant de la SMC (StudC SMC)<\/a>      <\/div>\n    <\/div>\n    <div class='notes_toc_article'>\n      <div class='notes_toc_section_name'>CMS Student Committee<\/div>\n      <div class='notes_toc_article_row'>\n        <div class='notes_toc_article_pdf'>\n        <\/div>\n        <a class='notes_toc_article_title_link' href='https:\/\/mathmatters.cms.math.ca\/fr\/article\/studc-connect-with-us-on-discord\/'>Connect with us on Discord!<\/a> <span class='notes_toc_author_name'>&mdash;&nbsp;Student Committee of the CMS<\/span>      <\/div>\n    <\/div>\n<\/div>\n<\/div>\n<\/div>\n    <\/div>\n  <div class='notes_issues_issident' id='notes_issues_issident_2_33'><a href='javascript:void(0);' title=\"afficher\/masquer le contenu\" onclick='notes_issues_iss_vh(2, 33)'><img src='\/wp-content\/uploads\/2020\/01\/folder-closed.png' alt='afficher' class='notes_issues_toggles' id='notes_issues_toggle_show_2_33' ><img src='\/wp-content\/uploads\/2020\/01\/folder-open.png' alt='masquer' class='notes_issues_toggles' id='notes_issues_toggle_hide_2_33' style='display:none;'>[33] Num\u00e9ro du 22 ao\u00fbt 2025<\/a>\n<\/div>\n    <div class='notes_issues_isscontents' id='notes_issues_isscontents_2_33' style='display:none;'>\n<div class='notes_render_toc notes_noprint notes_toc_style_2' style='' id='notes_toc'>\n<div class='notes_toc_body'>\n  <div class='notes_toc_articles'>\n    <div class='notes_toc_article'>\n      <div class='notes_toc_section_name'>R\u00e9unions de la SMC<\/div>\n      <div class='notes_toc_article_row'>\n        <div class='notes_toc_article_pdf'>\n        <\/div>\n        <a class='notes_toc_article_title_link' href='https:\/\/mathmatters.cms.math.ca\/fr\/article\/nouveaute-reunion-dhiver-2025-de-la-smc-5-8-decembre-reservez-la-date\/'>R\u00e9union d'hiver 2025 de la SMC, 5-8 d\u00e9cembre | R\u00e9servez la date!<\/a>      <\/div>\n    <\/div>\n    <div class='notes_toc_article'>\n      <div class='notes_toc_article_row'>\n        <div class='notes_toc_article_pdf'>\n        <\/div>\n        <a class='notes_toc_article_title_link' href='https:\/\/mathmatters.cms.math.ca\/fr\/article\/nouveaute-reunion-dhiver-2025-de-la-smc-appel-aux-mini-cours\/'>R\u00e9union d'hiver 2025 de la SMC | Appel aux mini-cours<\/a>      <\/div>\n    <\/div>\n    <div class='notes_toc_article'>\n      <div class='notes_toc_article_row'>\n        <div class='notes_toc_article_pdf'>\n        <\/div>\n        <a class='notes_toc_article_title_link' href='https:\/\/mathmatters.cms.math.ca\/fr\/article\/nouveau-reunion-dhiver-2025-de-la-smc-appel-aux-sessions-deducation\/'>R\u00e9union d'hiver 2025 de la SMC | Appel aux sessions d'\u00e9ducation<\/a>      <\/div>\n    <\/div>\n    <div class='notes_toc_article'>\n      <div class='notes_toc_article_row'>\n        <div class='notes_toc_article_pdf'>\n        <\/div>\n        <a class='notes_toc_article_title_link' href='https:\/\/mathmatters.cms.math.ca\/fr\/article\/nouveau-reunion-dhiver-2025-de-la-smc-appel-aux-sessions-scientifiques\/'>R\u00e9union d'hiver 2025 de la SMC | Appel aux sessions scientifiques<\/a>      <\/div>\n    <\/div>\n    <div class='notes_toc_article'>\n      <div class='notes_toc_article_row'>\n        <div class='notes_toc_article_pdf'>\n        <\/div>\n        <a class='notes_toc_article_title_link' href='https:\/\/mathmatters.cms.math.ca\/fr\/article\/nouveaute-reunion-dete-2026-de-la-smc-5-8-juin-reservez-la-date\/'>R\u00e9union d'\u00e9t\u00e9 2026 de la SMC, 5-8 juin | R\u00e9servez la date!<\/a>      <\/div>\n    <\/div>\n    <div class='notes_toc_article'>\n      <div class='notes_toc_article_row'>\n        <div class='notes_toc_article_pdf'>\n        <\/div>\n        <a class='notes_toc_article_title_link' href='https:\/\/mathmatters.cms.math.ca\/fr\/article\/nouveaute-appel-aux-propositions-de-presentation-pour-la-reunion-mathed-de-la-smc-en-ligne\/'>Appel aux propositions de pr\u00e9sentation pour la r\u00e9union MathEd de la SMC (en ligne)<\/a>      <\/div>\n    <\/div>\n    <div class='notes_toc_article'>\n      <div class='notes_toc_section_name'>Annonces<\/div>\n      <div class='notes_toc_article_row'>\n        <div class='notes_toc_article_pdf'>\n        <\/div>\n        <a class='notes_toc_article_title_link' href='https:\/\/mathmatters.cms.math.ca\/fr\/article\/nouveaute-call-for-proposals-birs-matrix-tandem-workshop-november-22-27-2026\/'>Call for Proposals: BIRS-MATRIX Tandem Workshop (November 22-27, 2026)<\/a>      <\/div>\n    <\/div>\n    <div class='notes_toc_article'>\n      <div class='notes_toc_article_row'>\n        <div class='notes_toc_article_pdf'>\n        <\/div>\n        <a class='notes_toc_article_title_link' href='https:\/\/mathmatters.cms.math.ca\/fr\/article\/nouveaute-bourses-du-fonds-de-dotation-2026\/'>Bourses du fonds de dotation 2026<\/a>      <\/div>\n    <\/div>\n    <div class='notes_toc_article'>\n      <div class='notes_toc_article_row'>\n        <div class='notes_toc_article_pdf'>\n        <\/div>\n        <a class='notes_toc_article_title_link' href='https:\/\/mathmatters.cms.math.ca\/fr\/article\/nouveaute-paul-jacob-koosis-1929-2025-a-life-devoted-to-mathematics-and-culture\/'>Paul Jacob Koosis (1929\u20132025): A Life Devoted to Mathematics and Culture<\/a> <span class='notes_toc_author_name'>&mdash;&nbsp;Javad Mashreghi<\/span>      <\/div>\n    <\/div>\n    <div class='notes_toc_article'>\n      <div class='notes_toc_article_row'>\n        <div class='notes_toc_article_pdf'>\n        <\/div>\n        <a class='notes_toc_article_title_link' href='https:\/\/mathmatters.cms.math.ca\/fr\/article\/nouveaute-call-for-proposals-birs-2027-scientific-program\/'>Call for Proposals: BIRS 2027 Scientific Program<\/a> <span class='notes_toc_author_name'>&mdash;&nbsp;Malabika Pramanik<\/span>      <\/div>\n    <\/div>\n    <div class='notes_toc_article'>\n      <div class='notes_toc_section_name'>Appel de mises en candidature<\/div>\n      <div class='notes_toc_article_row'>\n        <div class='notes_toc_article_pdf'>\n        <\/div>\n        <a class='notes_toc_article_title_link' href='https:\/\/mathmatters.cms.math.ca\/fr\/article\/nouveaute-appel-aux-mises-en-candidature-prix-david-borwein-2026-date-limite-15-novembre-2025\/'>Appel aux mises en candidature : Prix David Borwein 2026 | Date limite 15 novembre 2025<\/a>      <\/div>\n    <\/div>\n    <div class='notes_toc_article'>\n      <div class='notes_toc_article_row'>\n        <div class='notes_toc_article_pdf'>\n        <\/div>\n        <a class='notes_toc_article_title_link' href='https:\/\/mathmatters.cms.math.ca\/fr\/article\/nouveaute-appel-aux-mises-en-candidature-prix-dexcellence-en-enseignement-2026-date-limite-15-novembre-2025\/'>Appel aux mises en candidature : Prix d'excellence en enseignement 2026 | date limite 15 novembre 2025<\/a>      <\/div>\n    <\/div>\n    <div class='notes_toc_article'>\n      <div class='notes_toc_article_row'>\n        <div class='notes_toc_article_pdf'>\n        <\/div>\n        <a class='notes_toc_article_title_link' href='https:\/\/mathmatters.cms.math.ca\/fr\/article\/appel-a-candidatures-redacteurtrices-associees-cmc-jcm-bcm\/'>APPEL \u00c0 CANDIDATURES : R\u00e9dacteur(trice)s associ\u00e9(e)s CMC\/JCM\/BCM  | date limite 30 septembre 2025<\/a>      <\/div>\n    <\/div>\n    <div class='notes_toc_article'>\n      <div class='notes_toc_article_row'>\n        <div class='notes_toc_article_pdf'>\n        <\/div>\n        <a class='notes_toc_article_title_link' href='https:\/\/mathmatters.cms.math.ca\/fr\/article\/nouveaute-appel-aux-mises-en-candidature-prix-de-recherche-2026-date-limite-30-septembre\/'>Appel aux mises en candidature : Prix de recherche 2026 | date limite 30 septembre<\/a>      <\/div>\n    <\/div>\n    <div class='notes_toc_article'>\n      <div class='notes_toc_article_row'>\n        <div class='notes_toc_article_pdf'>\n        <\/div>\n        <a class='notes_toc_article_title_link' href='https:\/\/mathmatters.cms.math.ca\/fr\/article\/nouveaute-appel-a-candidatures-conseillerere-pedagogique-comite-etudiant-de-la-smc-studc-smc\/'>Appel \u00e0 candidatures : Conseiller(\u00e8re) p\u00e9dagogique, comit\u00e9 \u00e9tudiant de la SMC (StudC SMC) | date limite 1 d\u00e9cembre 2025<\/a>      <\/div>\n    <\/div>\n    <div class='notes_toc_article'>\n      <div class='notes_toc_article_row'>\n        <div class='notes_toc_article_pdf'>\n        <\/div>\n        <a class='notes_toc_article_title_link' href='https:\/\/mathmatters.cms.math.ca\/fr\/article\/nouveaute-appel-du-comite-des-prix-internationaux\/'>Appel du Comit\u00e9 des prix internationaux<\/a> <span class='notes_toc_author_name'>&mdash;&nbsp;Javad Mashreghi<\/span>      <\/div>\n    <\/div>\n    <div class='notes_toc_article'>\n      <div class='notes_toc_section_name'>Comit\u00e9 \u00e9tudiant de la SMC<\/div>\n      <div class='notes_toc_article_row'>\n        <div class='notes_toc_article_pdf'>\n        <\/div>\n        <a class='notes_toc_article_title_link' href='https:\/\/mathmatters.cms.math.ca\/fr\/article\/nouveaute-appel-a-candidatures-membres-generaux-du-comite-etudiant-de-la-smc-studc-smc\/'>Appel \u00e0 candidatures \u2013 Membres g\u00e9n\u00e9raux du comit\u00e9 \u00e9tudiant de la SMC (StudC SMC)<\/a>      <\/div>\n    <\/div>\n    <div class='notes_toc_article'>\n      <div class='notes_toc_section_name'>CMS Student Committee<\/div>\n      <div class='notes_toc_article_row'>\n        <div class='notes_toc_article_pdf'>\n        <\/div>\n        <a class='notes_toc_article_title_link' href='https:\/\/mathmatters.cms.math.ca\/fr\/article\/studc-connect-with-us-on-discord\/'>Connect with us on Discord!<\/a> <span class='notes_toc_author_name'>&mdash;&nbsp;Student Committee of the CMS<\/span>      <\/div>\n    <\/div>\n<\/div>\n<\/div>\n<\/div>\n    <\/div>\n  <div class='notes_issues_issident' id='notes_issues_issident_2_32'><a href='javascript:void(0);' title=\"afficher\/masquer le contenu\" onclick='notes_issues_iss_vh(2, 32)'><img src='\/wp-content\/uploads\/2020\/01\/folder-closed.png' alt='afficher' class='notes_issues_toggles' id='notes_issues_toggle_show_2_32' ><img src='\/wp-content\/uploads\/2020\/01\/folder-open.png' alt='masquer' class='notes_issues_toggles' id='notes_issues_toggle_hide_2_32' style='display:none;'>[32] Num\u00e9ro du 15 ao\u00fbt 2025<\/a>\n<\/div>\n    <div class='notes_issues_isscontents' id='notes_issues_isscontents_2_32' style='display:none;'>\n<div class='notes_render_toc notes_noprint notes_toc_style_2' style='' id='notes_toc'>\n<div class='notes_toc_body'>\n  <div class='notes_toc_articles'>\n    <div class='notes_toc_article'>\n      <div class='notes_toc_section_name'>R\u00e9unions de la SMC<\/div>\n      <div class='notes_toc_article_row'>\n        <div class='notes_toc_article_pdf'>\n        <\/div>\n        <a class='notes_toc_article_title_link' href='https:\/\/mathmatters.cms.math.ca\/fr\/article\/nouveaute-reunion-dhiver-2025-de-la-smc-5-8-decembre-reservez-la-date\/'>R\u00e9union d'hiver 2025 de la SMC, 5-8 d\u00e9cembre | R\u00e9servez la date!<\/a>      <\/div>\n    <\/div>\n    <div class='notes_toc_article'>\n      <div class='notes_toc_article_row'>\n        <div class='notes_toc_article_pdf'>\n        <\/div>\n        <a class='notes_toc_article_title_link' href='https:\/\/mathmatters.cms.math.ca\/fr\/article\/nouveau-reunion-dhiver-2025-de-la-smc-appel-aux-sessions-deducation\/'>R\u00e9union d'hiver 2025 de la SMC | Appel aux sessions d'\u00e9ducation<\/a>      <\/div>\n    <\/div>\n    <div class='notes_toc_article'>\n      <div class='notes_toc_article_row'>\n        <div class='notes_toc_article_pdf'>\n        <\/div>\n        <a class='notes_toc_article_title_link' href='https:\/\/mathmatters.cms.math.ca\/fr\/article\/nouveau-reunion-dhiver-2025-de-la-smc-appel-aux-sessions-scientifiques\/'>R\u00e9union d'hiver 2025 de la SMC | Appel aux sessions scientifiques<\/a>      <\/div>\n    <\/div>\n    <div class='notes_toc_article'>\n      <div class='notes_toc_article_row'>\n        <div class='notes_toc_article_pdf'>\n        <\/div>\n        <a class='notes_toc_article_title_link' href='https:\/\/mathmatters.cms.math.ca\/fr\/article\/nouveaute-reunion-dhiver-2025-de-la-smc-appel-aux-mini-cours\/'>R\u00e9union d'hiver 2025 de la SMC | Appel aux mini-cours<\/a>      <\/div>\n    <\/div>\n    <div class='notes_toc_article'>\n      <div class='notes_toc_article_row'>\n        <div class='notes_toc_article_pdf'>\n        <\/div>\n        <a class='notes_toc_article_title_link' href='https:\/\/mathmatters.cms.math.ca\/fr\/article\/nouveaute-reunion-dete-2026-de-la-smc-5-8-juin-reservez-la-date\/'>R\u00e9union d'\u00e9t\u00e9 2026 de la SMC, 5-8 juin | R\u00e9servez la date!<\/a>      <\/div>\n    <\/div>\n    <div class='notes_toc_article'>\n      <div class='notes_toc_article_row'>\n        <div class='notes_toc_article_pdf'>\n        <\/div>\n        <a class='notes_toc_article_title_link' href='https:\/\/mathmatters.cms.math.ca\/fr\/article\/nouveaute-appel-aux-propositions-de-presentation-pour-la-reunion-mathed-de-la-smc-en-ligne\/'>Appel aux propositions de pr\u00e9sentation pour la r\u00e9union MathEd de la SMC (en ligne)<\/a>      <\/div>\n    <\/div>\n    <div class='notes_toc_article'>\n      <div class='notes_toc_section_name'>Annonces<\/div>\n      <div class='notes_toc_article_row'>\n        <div class='notes_toc_article_pdf'>\n        <\/div>\n        <a class='notes_toc_article_title_link' href='https:\/\/mathmatters.cms.math.ca\/fr\/article\/nouveaute-bourses-du-fonds-de-dotation-2026\/'>Bourses du fonds de dotation 2026<\/a>      <\/div>\n    <\/div>\n    <div class='notes_toc_article'>\n      <div class='notes_toc_article_row'>\n        <div class='notes_toc_article_pdf'>\n        <\/div>\n        <a class='notes_toc_article_title_link' href='https:\/\/mathmatters.cms.math.ca\/fr\/article\/nouveaute-paul-jacob-koosis-1929-2025-a-life-devoted-to-mathematics-and-culture\/'>Paul Jacob Koosis (1929\u20132025): A Life Devoted to Mathematics and Culture<\/a> <span class='notes_toc_author_name'>&mdash;&nbsp;Javad Mashreghi<\/span>      <\/div>\n    <\/div>\n    <div class='notes_toc_article'>\n      <div class='notes_toc_article_row'>\n        <div class='notes_toc_article_pdf'>\n        <\/div>\n        <a class='notes_toc_article_title_link' href='https:\/\/mathmatters.cms.math.ca\/fr\/article\/nouveaute-call-for-proposals-birs-2027-scientific-program\/'>Call for Proposals: BIRS 2027 Scientific Program<\/a> <span class='notes_toc_author_name'>&mdash;&nbsp;Malabika Pramanik<\/span>      <\/div>\n    <\/div>\n    <div class='notes_toc_article'>\n      <div class='notes_toc_article_row'>\n        <div class='notes_toc_article_pdf'>\n        <\/div>\n        <a class='notes_toc_article_title_link' href='https:\/\/mathmatters.cms.math.ca\/fr\/article\/nouveaute-call-for-proposals-birs-matrix-tandem-workshop-november-22-27-2026\/'>Call for Proposals: BIRS-MATRIX Tandem Workshop (November 22-27, 2026)<\/a>      <\/div>\n    <\/div>\n    <div class='notes_toc_article'>\n      <div class='notes_toc_section_name'>Appel de mises en candidature<\/div>\n      <div class='notes_toc_article_row'>\n        <div class='notes_toc_article_pdf'>\n        <\/div>\n        <a class='notes_toc_article_title_link' href='https:\/\/mathmatters.cms.math.ca\/fr\/article\/appel-a-candidatures-redacteurtrices-associees-cmc-jcm-bcm\/'>APPEL \u00c0 CANDIDATURES : R\u00e9dacteur(trice)s associ\u00e9(e)s CMC\/JCM\/BCM  | date limite 30 septembre 2025<\/a>      <\/div>\n    <\/div>\n    <div class='notes_toc_article'>\n      <div class='notes_toc_article_row'>\n        <div class='notes_toc_article_pdf'>\n        <\/div>\n        <a class='notes_toc_article_title_link' href='https:\/\/mathmatters.cms.math.ca\/fr\/article\/nouveaute-appel-aux-mises-en-candidature-prix-de-recherche-2026-date-limite-30-septembre\/'>Appel aux mises en candidature : Prix de recherche 2026 | date limite 30 septembre<\/a>      <\/div>\n    <\/div>\n    <div class='notes_toc_article'>\n      <div class='notes_toc_article_row'>\n        <div class='notes_toc_article_pdf'>\n        <\/div>\n        <a class='notes_toc_article_title_link' href='https:\/\/mathmatters.cms.math.ca\/fr\/article\/nouveaute-appel-a-candidatures-conseillerere-pedagogique-comite-etudiant-de-la-smc-studc-smc\/'>Appel \u00e0 candidatures : Conseiller(\u00e8re) p\u00e9dagogique, comit\u00e9 \u00e9tudiant de la SMC (StudC SMC) | date limite 1 d\u00e9cembre 2025<\/a>      <\/div>\n    <\/div>\n    <div class='notes_toc_article'>\n      <div class='notes_toc_article_row'>\n        <div class='notes_toc_article_pdf'>\n        <\/div>\n        <a class='notes_toc_article_title_link' href='https:\/\/mathmatters.cms.math.ca\/fr\/article\/nouveaute-appel-du-comite-des-prix-internationaux\/'>Appel du Comit\u00e9 des prix internationaux<\/a> <span class='notes_toc_author_name'>&mdash;&nbsp;Javad Mashreghi<\/span>      <\/div>\n    <\/div>\n    <div class='notes_toc_article'>\n      <div class='notes_toc_article_row'>\n        <div class='notes_toc_article_pdf'>\n        <\/div>\n        <a class='notes_toc_article_title_link' href='https:\/\/mathmatters.cms.math.ca\/fr\/article\/nouveaute-appel-aux-mises-en-candidature-prix-david-borwein-2026-date-limite-15-novembre-2025\/'>Appel aux mises en candidature : Prix David Borwein 2026 | Date limite 15 novembre 2025<\/a>      <\/div>\n    <\/div>\n    <div class='notes_toc_article'>\n      <div class='notes_toc_article_row'>\n        <div class='notes_toc_article_pdf'>\n        <\/div>\n        <a class='notes_toc_article_title_link' href='https:\/\/mathmatters.cms.math.ca\/fr\/article\/nouveaute-appel-aux-mises-en-candidature-prix-dexcellence-en-enseignement-2026-date-limite-15-novembre-2025\/'>Appel aux mises en candidature : Prix d'excellence en enseignement 2026 | date limite 15 novembre 2025<\/a>      <\/div>\n    <\/div>\n    <div class='notes_toc_article'>\n      <div class='notes_toc_section_name'>Comit\u00e9 \u00e9tudiant de la SMC<\/div>\n      <div class='notes_toc_article_row'>\n        <div class='notes_toc_article_pdf'>\n        <\/div>\n        <a class='notes_toc_article_title_link' href='https:\/\/mathmatters.cms.math.ca\/fr\/article\/nouveaute-appel-a-candidatures-membres-generaux-du-comite-etudiant-de-la-smc-studc-smc\/'>Appel \u00e0 candidatures \u2013 Membres g\u00e9n\u00e9raux du comit\u00e9 \u00e9tudiant de la SMC (StudC SMC)<\/a>      <\/div>\n    <\/div>\n    <div class='notes_toc_article'>\n      <div class='notes_toc_section_name'>CMS Student Committee<\/div>\n      <div class='notes_toc_article_row'>\n        <div class='notes_toc_article_pdf'>\n        <\/div>\n        <a class='notes_toc_article_title_link' href='https:\/\/mathmatters.cms.math.ca\/fr\/article\/studc-connect-with-us-on-discord\/'>Connect with us on Discord!<\/a> <span class='notes_toc_author_name'>&mdash;&nbsp;Student Committee of the CMS<\/span>      <\/div>\n    <\/div>\n<\/div>\n<\/div>\n<\/div>\n    <\/div>\n  <div class='notes_issues_issident' id='notes_issues_issident_2_31'><a href='javascript:void(0);' title=\"afficher\/masquer le contenu\" onclick='notes_issues_iss_vh(2, 31)'><img src='\/wp-content\/uploads\/2020\/01\/folder-closed.png' alt='afficher' class='notes_issues_toggles' id='notes_issues_toggle_show_2_31' ><img src='\/wp-content\/uploads\/2020\/01\/folder-open.png' alt='masquer' class='notes_issues_toggles' id='notes_issues_toggle_hide_2_31' style='display:none;'>[31] Num\u00e9ro du 8 ao\u00fbt 2025<\/a>\n<\/div>\n    <div class='notes_issues_isscontents' id='notes_issues_isscontents_2_31' style='display:none;'>\n<div class='notes_render_toc notes_noprint notes_toc_style_2' style='' id='notes_toc'>\n<div class='notes_toc_body'>\n  <div class='notes_toc_articles'>\n    <div class='notes_toc_article'>\n      <div class='notes_toc_section_name'>R\u00e9unions de la SMC<\/div>\n      <div class='notes_toc_article_row'>\n        <div class='notes_toc_article_pdf'>\n        <\/div>\n        <a class='notes_toc_article_title_link' href='https:\/\/mathmatters.cms.math.ca\/fr\/article\/nouveaute-reunion-dhiver-2025-de-la-smc-5-8-decembre-reservez-la-date\/'>R\u00e9union d'hiver 2025 de la SMC, 5-8 d\u00e9cembre | R\u00e9servez la date!<\/a>      <\/div>\n    <\/div>\n    <div class='notes_toc_article'>\n      <div class='notes_toc_article_row'>\n        <div class='notes_toc_article_pdf'>\n        <\/div>\n        <a class='notes_toc_article_title_link' href='https:\/\/mathmatters.cms.math.ca\/fr\/article\/nouveau-reunion-dhiver-2025-de-la-smc-appel-aux-sessions-deducation\/'>R\u00e9union d'hiver 2025 de la SMC | Appel aux sessions d'\u00e9ducation<\/a>      <\/div>\n    <\/div>\n    <div class='notes_toc_article'>\n      <div class='notes_toc_article_row'>\n        <div class='notes_toc_article_pdf'>\n        <\/div>\n        <a class='notes_toc_article_title_link' href='https:\/\/mathmatters.cms.math.ca\/fr\/article\/nouveau-reunion-dhiver-2025-de-la-smc-appel-aux-sessions-scientifiques\/'>R\u00e9union d'hiver 2025 de la SMC | Appel aux sessions scientifiques<\/a>      <\/div>\n    <\/div>\n    <div class='notes_toc_article'>\n      <div class='notes_toc_article_row'>\n        <div class='notes_toc_article_pdf'>\n        <\/div>\n        <a class='notes_toc_article_title_link' href='https:\/\/mathmatters.cms.math.ca\/fr\/article\/nouveaute-reunion-dhiver-2025-de-la-smc-appel-aux-mini-cours\/'>R\u00e9union d'hiver 2025 de la SMC | Appel aux mini-cours<\/a>      <\/div>\n    <\/div>\n    <div class='notes_toc_article'>\n      <div class='notes_toc_article_row'>\n        <div class='notes_toc_article_pdf'>\n        <\/div>\n        <a class='notes_toc_article_title_link' href='https:\/\/mathmatters.cms.math.ca\/fr\/article\/nouveaute-reunion-dete-2026-de-la-smc-5-8-juin-reservez-la-date\/'>R\u00e9union d'\u00e9t\u00e9 2026 de la SMC, 5-8 juin | R\u00e9servez la date!<\/a>      <\/div>\n    <\/div>\n    <div class='notes_toc_article'>\n      <div class='notes_toc_article_row'>\n        <div class='notes_toc_article_pdf'>\n        <\/div>\n        <a class='notes_toc_article_title_link' href='https:\/\/mathmatters.cms.math.ca\/fr\/article\/nouveaute-appel-aux-propositions-de-presentation-pour-la-reunion-mathed-de-la-smc-en-ligne\/'>Appel aux propositions de pr\u00e9sentation pour la r\u00e9union MathEd de la SMC (en ligne)<\/a>      <\/div>\n    <\/div>\n    <div class='notes_toc_article'>\n      <div class='notes_toc_section_name'>Annonces<\/div>\n      <div class='notes_toc_article_row'>\n        <div class='notes_toc_article_pdf'>\n        <\/div>\n        <a class='notes_toc_article_title_link' href='https:\/\/mathmatters.cms.math.ca\/fr\/article\/nouveaute-call-for-proposals-birs-2027-scientific-program\/'>Call for Proposals: BIRS 2027 Scientific Program<\/a> <span class='notes_toc_author_name'>&mdash;&nbsp;Malabika Pramanik<\/span>      <\/div>\n    <\/div>\n    <div class='notes_toc_article'>\n      <div class='notes_toc_article_row'>\n        <div class='notes_toc_article_pdf'>\n        <\/div>\n        <a class='notes_toc_article_title_link' href='https:\/\/mathmatters.cms.math.ca\/fr\/article\/nouveaute-call-for-proposals-birs-matrix-tandem-workshop-november-22-27-2026\/'>Call for Proposals: BIRS-MATRIX Tandem Workshop (November 22-27, 2026)<\/a>      <\/div>\n    <\/div>\n    <div class='notes_toc_article'>\n      <div class='notes_toc_article_row'>\n        <div class='notes_toc_article_pdf'>\n        <\/div>\n        <a class='notes_toc_article_title_link' href='https:\/\/mathmatters.cms.math.ca\/fr\/article\/nouveaute-discrete-mathematics-conference-in-wellington\/'>Discrete mathematics conference in Wellington<\/a> <span class='notes_toc_author_name'>&mdash;&nbsp;Conference Organizers<\/span>      <\/div>\n    <\/div>\n    <div class='notes_toc_article'>\n      <div class='notes_toc_section_name'>Appel de mises en candidature<\/div>\n      <div class='notes_toc_article_row'>\n        <div class='notes_toc_article_pdf'>\n        <\/div>\n        <a class='notes_toc_article_title_link' href='https:\/\/mathmatters.cms.math.ca\/fr\/article\/nouveaute-appel-a-candidatures-conseillerere-pedagogique-comite-etudiant-de-la-smc-studc-smc\/'>Appel \u00e0 candidatures : Conseiller(\u00e8re) p\u00e9dagogique, comit\u00e9 \u00e9tudiant de la SMC (StudC SMC) | date limite 1 d\u00e9cembre 2025<\/a>      <\/div>\n    <\/div>\n    <div class='notes_toc_article'>\n      <div class='notes_toc_article_row'>\n        <div class='notes_toc_article_pdf'>\n        <\/div>\n        <a class='notes_toc_article_title_link' href='https:\/\/mathmatters.cms.math.ca\/fr\/article\/nouveaute-appel-du-comite-des-prix-internationaux\/'>Appel du Comit\u00e9 des prix internationaux<\/a> <span class='notes_toc_author_name'>&mdash;&nbsp;Javad Mashreghi<\/span>      <\/div>\n    <\/div>\n    <div class='notes_toc_article'>\n      <div class='notes_toc_article_row'>\n        <div class='notes_toc_article_pdf'>\n        <\/div>\n        <a class='notes_toc_article_title_link' href='https:\/\/mathmatters.cms.math.ca\/fr\/article\/nouveaute-appel-aux-mises-en-candidature-prix-dexcellence-en-enseignement-2026-date-limite-15-novembre-2025\/'>Appel aux mises en candidature : Prix d'excellence en enseignement 2026 | date limite 15 novembre 2025<\/a>      <\/div>\n    <\/div>\n    <div class='notes_toc_article'>\n      <div class='notes_toc_article_row'>\n        <div class='notes_toc_article_pdf'>\n        <\/div>\n        <a class='notes_toc_article_title_link' href='https:\/\/mathmatters.cms.math.ca\/fr\/article\/nouveaute-appel-aux-mises-en-candidature-prix-david-borwein-2026-date-limite-15-novembre-2025\/'>Appel aux mises en candidature : Prix David Borwein 2026 | Date limite 15 novembre 2025<\/a>      <\/div>\n    <\/div>\n    <div class='notes_toc_article'>\n      <div class='notes_toc_article_row'>\n        <div class='notes_toc_article_pdf'>\n        <\/div>\n        <a class='notes_toc_article_title_link' href='https:\/\/mathmatters.cms.math.ca\/fr\/article\/appel-a-candidatures-redacteurtrices-associees-cmc-jcm-bcm\/'>APPEL \u00c0 CANDIDATURES : R\u00e9dacteur(trice)s associ\u00e9(e)s CMC\/JCM\/BCM  | date limite 30 septembre 2025<\/a>      <\/div>\n    <\/div>\n    <div class='notes_toc_article'>\n      <div class='notes_toc_article_row'>\n        <div class='notes_toc_article_pdf'>\n        <\/div>\n        <a class='notes_toc_article_title_link' href='https:\/\/mathmatters.cms.math.ca\/fr\/article\/nouveaute-appel-aux-mises-en-candidature-prix-de-recherche-2026-date-limite-30-septembre\/'>Appel aux mises en candidature : Prix de recherche 2026 | date limite 30 septembre<\/a>      <\/div>\n    <\/div>\n    <div class='notes_toc_article'>\n      <div class='notes_toc_section_name'>Comit\u00e9 \u00e9tudiant de la SMC<\/div>\n      <div class='notes_toc_article_row'>\n        <div class='notes_toc_article_pdf'>\n        <\/div>\n        <a class='notes_toc_article_title_link' href='https:\/\/mathmatters.cms.math.ca\/fr\/article\/nouveaute-appel-a-candidatures-membres-generaux-du-comite-etudiant-de-la-smc-studc-smc\/'>Appel \u00e0 candidatures \u2013 Membres g\u00e9n\u00e9raux du comit\u00e9 \u00e9tudiant de la SMC (StudC SMC)<\/a>      <\/div>\n    <\/div>\n    <div class='notes_toc_article'>\n      <div class='notes_toc_section_name'>CMS Student Committee<\/div>\n      <div class='notes_toc_article_row'>\n        <div class='notes_toc_article_pdf'>\n        <\/div>\n        <a class='notes_toc_article_title_link' href='https:\/\/mathmatters.cms.math.ca\/fr\/article\/studc-connect-with-us-on-discord\/'>Connect with us on Discord!<\/a> <span class='notes_toc_author_name'>&mdash;&nbsp;Student Committee of the CMS<\/span>      <\/div>\n    <\/div>\n<\/div>\n<\/div>\n<\/div>\n    <\/div>\n  <div class='notes_issues_issident' id='notes_issues_issident_2_30'><a href='javascript:void(0);' title=\"afficher\/masquer le contenu\" onclick='notes_issues_iss_vh(2, 30)'><img src='\/wp-content\/uploads\/2020\/01\/folder-closed.png' alt='afficher' class='notes_issues_toggles' id='notes_issues_toggle_show_2_30' ><img src='\/wp-content\/uploads\/2020\/01\/folder-open.png' alt='masquer' class='notes_issues_toggles' id='notes_issues_toggle_hide_2_30' style='display:none;'>[30] Num\u00e9ro du 25 ao\u00fbt 2025<\/a>\n<\/div>\n    <div class='notes_issues_isscontents' id='notes_issues_isscontents_2_30' style='display:none;'>\n<div class='notes_render_toc notes_noprint notes_toc_style_2' style='' id='notes_toc'>\n<div class='notes_toc_body'>\n  <div class='notes_toc_articles'>\n    <div class='notes_toc_article'>\n      <div class='notes_toc_section_name'>Communiqu\u00e9<\/div>\n      <div class='notes_toc_article_row'>\n        <div class='notes_toc_article_pdf'>\n        <\/div>\n        <a class='notes_toc_article_title_link' href='https:\/\/mathmatters.cms.math.ca\/fr\/article\/lequipe-de-maths-du-canada-brille-a-loim-2025\/'>L\u2019\u00c9quipe de maths du Canada brille \u00e0 l\u2019OIM 2025<\/a>      <\/div>\n    <\/div>\n    <div class='notes_toc_article'>\n      <div class='notes_toc_section_name'>R\u00e9unions de la SMC<\/div>\n      <div class='notes_toc_article_row'>\n        <div class='notes_toc_article_pdf'>\n        <\/div>\n        <a class='notes_toc_article_title_link' href='https:\/\/mathmatters.cms.math.ca\/fr\/article\/nouveaute-reunion-dhiver-2025-de-la-smc-5-8-decembre-reservez-la-date\/'>R\u00e9union d'hiver 2025 de la SMC, 5-8 d\u00e9cembre | R\u00e9servez la date!<\/a>      <\/div>\n    <\/div>\n    <div class='notes_toc_article'>\n      <div class='notes_toc_article_row'>\n        <div class='notes_toc_article_pdf'>\n        <\/div>\n        <a class='notes_toc_article_title_link' href='https:\/\/mathmatters.cms.math.ca\/fr\/article\/nouveau-reunion-dhiver-2025-de-la-smc-appel-aux-sessions-deducation\/'>R\u00e9union d'hiver 2025 de la SMC | Appel aux sessions d'\u00e9ducation<\/a>      <\/div>\n    <\/div>\n    <div class='notes_toc_article'>\n      <div class='notes_toc_article_row'>\n        <div class='notes_toc_article_pdf'>\n        <\/div>\n        <a class='notes_toc_article_title_link' href='https:\/\/mathmatters.cms.math.ca\/fr\/article\/nouveau-reunion-dhiver-2025-de-la-smc-appel-aux-sessions-scientifiques\/'>R\u00e9union d'hiver 2025 de la SMC | Appel aux sessions scientifiques<\/a>      <\/div>\n    <\/div>\n    <div class='notes_toc_article'>\n      <div class='notes_toc_article_row'>\n        <div class='notes_toc_article_pdf'>\n        <\/div>\n        <a class='notes_toc_article_title_link' href='https:\/\/mathmatters.cms.math.ca\/fr\/article\/nouveaute-reunion-dete-2026-de-la-smc-5-8-juin-reservez-la-date\/'>R\u00e9union d'\u00e9t\u00e9 2026 de la SMC, 5-8 juin | R\u00e9servez la date!<\/a>      <\/div>\n    <\/div>\n    <div class='notes_toc_article'>\n      <div class='notes_toc_article_row'>\n        <div class='notes_toc_article_pdf'>\n        <\/div>\n        <a class='notes_toc_article_title_link' href='https:\/\/mathmatters.cms.math.ca\/fr\/article\/nouveaute-appel-aux-propositions-de-presentation-pour-la-reunion-mathed-de-la-smc-en-ligne\/'>Appel aux propositions de pr\u00e9sentation pour la r\u00e9union MathEd de la SMC (en ligne)<\/a>      <\/div>\n    <\/div>\n    <div class='notes_toc_article'>\n      <div class='notes_toc_section_name'>Annonces<\/div>\n      <div class='notes_toc_article_row'>\n        <div class='notes_toc_article_pdf'>\n        <\/div>\n        <a class='notes_toc_article_title_link' href='https:\/\/mathmatters.cms.math.ca\/fr\/article\/nouveaute-international-congress-of-mathematicians-july-23-30-2025\/'>International Congress of Mathematicians | July 23 - 30 , 2026<\/a> <span class='notes_toc_author_name'>&mdash;&nbsp;ICM<\/span>      <\/div>\n    <\/div>\n    <div class='notes_toc_article'>\n      <div class='notes_toc_article_row'>\n        <div class='notes_toc_article_pdf'>\n        <\/div>\n        <a class='notes_toc_article_title_link' href='https:\/\/mathmatters.cms.math.ca\/fr\/article\/nouveau-des-patients-ont-besoin-de-sang-o-negatif-des-maintenant\/'>NOUVEAU : Des patients ont besoin de sang O n\u00e9gatif d\u00e8s maintenant.<\/a>      <\/div>\n    <\/div>\n    <div class='notes_toc_article'>\n      <div class='notes_toc_article_row'>\n        <div class='notes_toc_article_pdf'>\n        <\/div>\n        <a class='notes_toc_article_title_link' href='https:\/\/mathmatters.cms.math.ca\/fr\/article\/nouveaute-call-for-proposals-birs-2027-scientific-program\/'>Call for Proposals: BIRS 2027 Scientific Program<\/a> <span class='notes_toc_author_name'>&mdash;&nbsp;Malabika Pramanik<\/span>      <\/div>\n    <\/div>\n    <div class='notes_toc_article'>\n      <div class='notes_toc_section_name'>Announcements<\/div>\n      <div class='notes_toc_article_row'>\n        <div class='notes_toc_article_pdf'>\n        <\/div>\n        <a class='notes_toc_article_title_link' href='https:\/\/mathmatters.cms.math.ca\/fr\/article\/discrete-mathematics-conference-in-wellington\/'>NEW: Discrete Mathematics Conference in Wellington<\/a>      <\/div>\n    <\/div>\n    <div class='notes_toc_article'>\n      <div class='notes_toc_section_name'>Annonces<\/div>\n      <div class='notes_toc_article_row'>\n        <div class='notes_toc_article_pdf'>\n        <\/div>\n        <a class='notes_toc_article_title_link' href='https:\/\/mathmatters.cms.math.ca\/fr\/article\/nouveaute-call-for-proposals-birs-matrix-tandem-workshop-november-22-27-2026\/'>Call for Proposals: BIRS-MATRIX Tandem Workshop (November 22-27, 2026)<\/a>      <\/div>\n    <\/div>\n    <div class='notes_toc_article'>\n      <div class='notes_toc_section_name'>Appel de mises en candidature<\/div>\n      <div class='notes_toc_article_row'>\n        <div class='notes_toc_article_pdf'>\n        <\/div>\n        <a class='notes_toc_article_title_link' href='https:\/\/mathmatters.cms.math.ca\/fr\/article\/nouveaute-appel-a-candidatures-conseillerere-pedagogique-comite-etudiant-de-la-smc-studc-smc\/'>Appel \u00e0 candidatures : Conseiller(\u00e8re) p\u00e9dagogique, comit\u00e9 \u00e9tudiant de la SMC (StudC SMC) | date limite 1 d\u00e9cembre 2025<\/a>      <\/div>\n    <\/div>\n    <div class='notes_toc_article'>\n      <div class='notes_toc_article_row'>\n        <div class='notes_toc_article_pdf'>\n        <\/div>\n        <a class='notes_toc_article_title_link' href='https:\/\/mathmatters.cms.math.ca\/fr\/article\/nouveaute-appel-aux-mises-en-candidature-prix-david-borwein-2026-date-limite-15-novembre-2025\/'>Appel aux mises en candidature : Prix David Borwein 2026 | Date limite 15 novembre 2025<\/a>      <\/div>\n    <\/div>\n    <div class='notes_toc_article'>\n      <div class='notes_toc_article_row'>\n        <div class='notes_toc_article_pdf'>\n        <\/div>\n        <a class='notes_toc_article_title_link' href='https:\/\/mathmatters.cms.math.ca\/fr\/article\/nouveaute-appel-du-comite-des-prix-internationaux\/'>Appel du Comit\u00e9 des prix internationaux<\/a> <span class='notes_toc_author_name'>&mdash;&nbsp;Javad Mashreghi<\/span>      <\/div>\n    <\/div>\n    <div class='notes_toc_article'>\n      <div class='notes_toc_article_row'>\n        <div class='notes_toc_article_pdf'>\n        <\/div>\n        <a class='notes_toc_article_title_link' href='https:\/\/mathmatters.cms.math.ca\/fr\/article\/appel-a-candidatures-redacteurtrices-associees-cmc-jcm-bcm\/'>APPEL \u00c0 CANDIDATURES : R\u00e9dacteur(trice)s associ\u00e9(e)s CMC\/JCM\/BCM  | date limite 30 septembre 2025<\/a>      <\/div>\n    <\/div>\n    <div class='notes_toc_article'>\n      <div class='notes_toc_article_row'>\n        <div class='notes_toc_article_pdf'>\n        <\/div>\n        <a class='notes_toc_article_title_link' href='https:\/\/mathmatters.cms.math.ca\/fr\/article\/nouveaute-appel-aux-mises-en-candidature-prix-de-recherche-2026-date-limite-30-septembre\/'>Appel aux mises en candidature : Prix de recherche 2026 | date limite 30 septembre<\/a>      <\/div>\n    <\/div>\n    <div class='notes_toc_article'>\n      <div class='notes_toc_section_name'>Comit\u00e9 \u00e9tudiant de la SMC<\/div>\n      <div class='notes_toc_article_row'>\n        <div class='notes_toc_article_pdf'>\n        <\/div>\n        <a class='notes_toc_article_title_link' href='https:\/\/mathmatters.cms.math.ca\/fr\/article\/nouveaute-appel-a-candidatures-membres-generaux-du-comite-etudiant-de-la-smc-studc-smc\/'>Appel \u00e0 candidatures \u2013 Membres g\u00e9n\u00e9raux du comit\u00e9 \u00e9tudiant de la SMC (StudC SMC)<\/a>      <\/div>\n    <\/div>\n    <div class='notes_toc_article'>\n      <div class='notes_toc_section_name'>CMS Student Committee<\/div>\n      <div class='notes_toc_article_row'>\n        <div class='notes_toc_article_pdf'>\n        <\/div>\n        <a class='notes_toc_article_title_link' href='https:\/\/mathmatters.cms.math.ca\/fr\/article\/studc-connect-with-us-on-discord\/'>Connect with us on Discord!<\/a> <span class='notes_toc_author_name'>&mdash;&nbsp;Student Committee of the CMS<\/span>      <\/div>\n    <\/div>\n<\/div>\n<\/div>\n<\/div>\n    <\/div>\n  <div class='notes_issues_issident' id='notes_issues_issident_2_29'><a href='javascript:void(0);' title=\"afficher\/masquer le contenu\" onclick='notes_issues_iss_vh(2, 29)'><img src='\/wp-content\/uploads\/2020\/01\/folder-closed.png' alt='afficher' class='notes_issues_toggles' id='notes_issues_toggle_show_2_29' ><img src='\/wp-content\/uploads\/2020\/01\/folder-open.png' alt='masquer' class='notes_issues_toggles' id='notes_issues_toggle_hide_2_29' style='display:none;'>[29] Num\u00e9ro du 25 juillet 2025<\/a>\n<\/div>\n    <div class='notes_issues_isscontents' id='notes_issues_isscontents_2_29' style='display:none;'>\n<div class='notes_render_toc notes_noprint notes_toc_style_2' style='' id='notes_toc'>\n<div class='notes_toc_body'>\n  <div class='notes_toc_articles'>\n    <div class='notes_toc_article'>\n      <div class='notes_toc_section_name'>R\u00e9unions de la SMC<\/div>\n      <div class='notes_toc_article_row'>\n        <div class='notes_toc_article_pdf'>\n        <\/div>\n        <a class='notes_toc_article_title_link' href='https:\/\/mathmatters.cms.math.ca\/fr\/article\/nouveaute-reunion-dhiver-2025-de-la-smc-5-8-decembre-reservez-la-date\/'>R\u00e9union d'hiver 2025 de la SMC, 5-8 d\u00e9cembre | R\u00e9servez la date!<\/a>      <\/div>\n    <\/div>\n    <div class='notes_toc_article'>\n      <div class='notes_toc_article_row'>\n        <div class='notes_toc_article_pdf'>\n        <\/div>\n        <a class='notes_toc_article_title_link' href='https:\/\/mathmatters.cms.math.ca\/fr\/article\/nouveau-reunion-dhiver-2025-de-la-smc-appel-aux-sessions-deducation\/'>R\u00e9union d'hiver 2025 de la SMC | Appel aux sessions d'\u00e9ducation<\/a>      <\/div>\n    <\/div>\n    <div class='notes_toc_article'>\n      <div class='notes_toc_article_row'>\n        <div class='notes_toc_article_pdf'>\n        <\/div>\n        <a class='notes_toc_article_title_link' href='https:\/\/mathmatters.cms.math.ca\/fr\/article\/nouveau-reunion-dhiver-2025-de-la-smc-appel-aux-sessions-scientifiques\/'>R\u00e9union d'hiver 2025 de la SMC | Appel aux sessions scientifiques<\/a>      <\/div>\n    <\/div>\n    <div class='notes_toc_article'>\n      <div class='notes_toc_article_row'>\n        <div class='notes_toc_article_pdf'>\n        <\/div>\n        <a class='notes_toc_article_title_link' href='https:\/\/mathmatters.cms.math.ca\/fr\/article\/nouveaute-reunion-dete-2026-de-la-smc-5-8-juin-reservez-la-date\/'>R\u00e9union d'\u00e9t\u00e9 2026 de la SMC, 5-8 juin | R\u00e9servez la date!<\/a>      <\/div>\n    <\/div>\n    <div class='notes_toc_article'>\n      <div class='notes_toc_article_row'>\n        <div class='notes_toc_article_pdf'>\n        <\/div>\n        <a class='notes_toc_article_title_link' href='https:\/\/mathmatters.cms.math.ca\/fr\/article\/nouveaute-appel-aux-propositions-de-presentation-pour-la-reunion-mathed-de-la-smc-en-ligne\/'>Appel aux propositions de pr\u00e9sentation pour la r\u00e9union MathEd de la SMC (en ligne)<\/a>      <\/div>\n    <\/div>\n    <div class='notes_toc_article'>\n      <div class='notes_toc_section_name'>Annonces<\/div>\n      <div class='notes_toc_article_row'>\n        <div class='notes_toc_article_pdf'>\n        <\/div>\n        <a class='notes_toc_article_title_link' href='https:\/\/mathmatters.cms.math.ca\/fr\/article\/nouveaute-call-for-proposals-birs-2027-scientific-program\/'>Call for Proposals: BIRS 2027 Scientific Program<\/a> <span class='notes_toc_author_name'>&mdash;&nbsp;Malabika Pramanik<\/span>      <\/div>\n    <\/div>\n    <div class='notes_toc_article'>\n      <div class='notes_toc_article_row'>\n        <div class='notes_toc_article_pdf'>\n        <\/div>\n        <a class='notes_toc_article_title_link' href='https:\/\/mathmatters.cms.math.ca\/fr\/article\/nouveaute-call-for-proposals-birs-matrix-tandem-workshop-november-22-27-2026\/'>Call for Proposals: BIRS-MATRIX Tandem Workshop (November 22-27, 2026)<\/a>      <\/div>\n    <\/div>\n    <div class='notes_toc_article'>\n      <div class='notes_toc_article_row'>\n        <div class='notes_toc_article_pdf'>\n        <\/div>\n        <a class='notes_toc_article_title_link' href='https:\/\/mathmatters.cms.math.ca\/fr\/article\/camp-de-maths-dete-du-smc-2025-les-inscriptions-sont-ouvertes\/'>Camp d'\u00e9t\u00e9 de math\u00e9matiques 2026 de la SMC | Les inscriptions sont ouvertes<\/a>      <\/div>\n    <\/div>\n    <div class='notes_toc_article'>\n      <div class='notes_toc_article_row'>\n        <div class='notes_toc_article_pdf'>\n        <\/div>\n        <a class='notes_toc_article_title_link' href='https:\/\/mathmatters.cms.math.ca\/fr\/article\/nouveaute-international-congress-of-mathematicians-july-23-30-2025\/'>International Congress of Mathematicians | July 23 - 30 , 2026<\/a> <span class='notes_toc_author_name'>&mdash;&nbsp;ICM<\/span>      <\/div>\n    <\/div>\n    <div class='notes_toc_article'>\n      <div class='notes_toc_section_name'>Appel de mises en candidature<\/div>\n      <div class='notes_toc_article_row'>\n        <div class='notes_toc_article_pdf'>\n        <\/div>\n        <a class='notes_toc_article_title_link' href='https:\/\/mathmatters.cms.math.ca\/fr\/article\/nouveaute-appel-aux-mises-en-candidature-prix-david-borwein-2026-date-limite-15-novembre-2025\/'>Appel aux mises en candidature : Prix David Borwein 2026 | Date limite 15 novembre 2025<\/a>      <\/div>\n    <\/div>\n    <div class='notes_toc_article'>\n      <div class='notes_toc_article_row'>\n        <div class='notes_toc_article_pdf'>\n        <\/div>\n        <a class='notes_toc_article_title_link' href='https:\/\/mathmatters.cms.math.ca\/fr\/article\/nouveaute-appel-du-comite-des-prix-internationaux\/'>Appel du Comit\u00e9 des prix internationaux<\/a> <span class='notes_toc_author_name'>&mdash;&nbsp;Javad Mashreghi<\/span>      <\/div>\n    <\/div>\n    <div class='notes_toc_article'>\n      <div class='notes_toc_article_row'>\n        <div class='notes_toc_article_pdf'>\n        <\/div>\n        <a class='notes_toc_article_title_link' href='https:\/\/mathmatters.cms.math.ca\/fr\/article\/nouveaute-appel-aux-mises-en-candidature-prix-de-recherche-2026-date-limite-30-septembre\/'>Appel aux mises en candidature : Prix de recherche 2026 | date limite 30 septembre<\/a>      <\/div>\n    <\/div>\n    <div class='notes_toc_article'>\n      <div class='notes_toc_article_row'>\n        <div class='notes_toc_article_pdf'>\n        <\/div>\n        <a class='notes_toc_article_title_link' href='https:\/\/mathmatters.cms.math.ca\/fr\/article\/nouveaute-appel-a-candidatures-conseillerere-pedagogique-comite-etudiant-de-la-smc-studc-smc\/'>Appel \u00e0 candidatures : Conseiller(\u00e8re) p\u00e9dagogique, comit\u00e9 \u00e9tudiant de la SMC (StudC SMC) | date limite 1 d\u00e9cembre 2025<\/a>      <\/div>\n    <\/div>\n    <div class='notes_toc_article'>\n      <div class='notes_toc_section_name'>Comit\u00e9 \u00e9tudiant de la SMC<\/div>\n      <div class='notes_toc_article_row'>\n        <div class='notes_toc_article_pdf'>\n        <\/div>\n        <a class='notes_toc_article_title_link' href='https:\/\/mathmatters.cms.math.ca\/fr\/article\/nouveaute-appel-a-candidatures-membres-generaux-du-comite-etudiant-de-la-smc-studc-smc\/'>Appel \u00e0 candidatures \u2013 Membres g\u00e9n\u00e9raux du comit\u00e9 \u00e9tudiant de la SMC (StudC SMC)<\/a>      <\/div>\n    <\/div>\n    <div class='notes_toc_article'>\n      <div class='notes_toc_section_name'>CMS Student Committee<\/div>\n      <div class='notes_toc_article_row'>\n        <div class='notes_toc_article_pdf'>\n        <\/div>\n        <a class='notes_toc_article_title_link' href='https:\/\/mathmatters.cms.math.ca\/fr\/article\/studc-connect-with-us-on-discord\/'>Connect with us on Discord!<\/a> <span class='notes_toc_author_name'>&mdash;&nbsp;Student Committee of the CMS<\/span>      <\/div>\n    <\/div>\n<\/div>\n<\/div>\n<\/div>\n    <\/div>\n  <div class='notes_issues_issident' id='notes_issues_issident_2_28'><a href='javascript:void(0);' title=\"afficher\/masquer le contenu\" onclick='notes_issues_iss_vh(2, 28)'><img src='\/wp-content\/uploads\/2020\/01\/folder-closed.png' alt='afficher' class='notes_issues_toggles' id='notes_issues_toggle_show_2_28' ><img src='\/wp-content\/uploads\/2020\/01\/folder-open.png' alt='masquer' class='notes_issues_toggles' id='notes_issues_toggle_hide_2_28' style='display:none;'>[28] Num\u00e9ro du 18 juillet 2025<\/a>\n<\/div>\n    <div class='notes_issues_isscontents' id='notes_issues_isscontents_2_28' style='display:none;'>\n<div class='notes_render_toc notes_noprint notes_toc_style_2' style='' id='notes_toc'>\n<div class='notes_toc_body'>\n  <div class='notes_toc_articles'>\n    <div class='notes_toc_article'>\n      <div class='notes_toc_section_name'>R\u00e9unions de la SMC<\/div>\n      <div class='notes_toc_article_row'>\n        <div class='notes_toc_article_pdf'>\n        <\/div>\n        <a class='notes_toc_article_title_link' href='https:\/\/mathmatters.cms.math.ca\/fr\/article\/nouveaute-reunion-dhiver-2025-de-la-smc-5-8-decembre-reservez-la-date\/'>R\u00e9union d'hiver 2025 de la SMC, 5-8 d\u00e9cembre | R\u00e9servez la date!<\/a>      <\/div>\n    <\/div>\n    <div class='notes_toc_article'>\n      <div class='notes_toc_article_row'>\n        <div class='notes_toc_article_pdf'>\n        <\/div>\n        <a class='notes_toc_article_title_link' href='https:\/\/mathmatters.cms.math.ca\/fr\/article\/nouveau-reunion-dhiver-2025-de-la-smc-appel-aux-sessions-scientifiques\/'>R\u00e9union d'hiver 2025 de la SMC | Appel aux sessions scientifiques<\/a>      <\/div>\n    <\/div>\n    <div class='notes_toc_article'>\n      <div class='notes_toc_article_row'>\n        <div class='notes_toc_article_pdf'>\n        <\/div>\n        <a class='notes_toc_article_title_link' href='https:\/\/mathmatters.cms.math.ca\/fr\/article\/nouveau-reunion-dhiver-2025-de-la-smc-appel-aux-sessions-deducation\/'>R\u00e9union d'hiver 2025 de la SMC | Appel aux sessions d'\u00e9ducation<\/a>      <\/div>\n    <\/div>\n    <div class='notes_toc_article'>\n      <div class='notes_toc_article_row'>\n        <div class='notes_toc_article_pdf'>\n        <\/div>\n        <a class='notes_toc_article_title_link' href='https:\/\/mathmatters.cms.math.ca\/fr\/article\/nouveaute-appel-aux-propositions-de-presentation-pour-la-reunion-mathed-de-la-smc-en-ligne\/'>Appel aux propositions de pr\u00e9sentation pour la r\u00e9union MathEd de la SMC (en ligne)<\/a>      <\/div>\n    <\/div>\n    <div class='notes_toc_article'>\n      <div class='notes_toc_article_row'>\n        <div class='notes_toc_article_pdf'>\n        <\/div>\n        <a class='notes_toc_article_title_link' href='https:\/\/mathmatters.cms.math.ca\/fr\/article\/nouveaute-reunion-dete-2026-de-la-smc-5-8-juin-reservez-la-date\/'>R\u00e9union d'\u00e9t\u00e9 2026 de la SMC, 5-8 juin | R\u00e9servez la date!<\/a>      <\/div>\n    <\/div>\n    <div class='notes_toc_article'>\n      <div class='notes_toc_section_name'>Annonces<\/div>\n      <div class='notes_toc_article_row'>\n        <div class='notes_toc_article_pdf'>\n        <\/div>\n        <a class='notes_toc_article_title_link' href='https:\/\/mathmatters.cms.math.ca\/fr\/article\/nouveaute-topological-methods-for-time-varying-data-theory-and-applications-top-time-workshop-at-anu-1218-am\/'>NOUVEAUT\u00c9\u00a0: Topological methods for time-varying data: theory and applications (Top Time) Workshop at ANU 12:18 AM<\/a> <span class='notes_toc_author_name'>&mdash;&nbsp;The Australian National University<\/span>      <\/div>\n    <\/div>\n    <div class='notes_toc_article'>\n      <div class='notes_toc_article_row'>\n        <div class='notes_toc_article_pdf'>\n        <\/div>\n        <a class='notes_toc_article_title_link' href='https:\/\/mathmatters.cms.math.ca\/fr\/article\/nouveaute-international-congress-of-mathematicians-july-23-30-2025\/'>International Congress of Mathematicians | July 23 - 30 , 2026<\/a> <span class='notes_toc_author_name'>&mdash;&nbsp;ICM<\/span>      <\/div>\n    <\/div>\n    <div class='notes_toc_article'>\n      <div class='notes_toc_article_row'>\n        <div class='notes_toc_article_pdf'>\n        <\/div>\n        <a class='notes_toc_article_title_link' href='https:\/\/mathmatters.cms.math.ca\/fr\/article\/nouveaute-call-for-proposals-birs-2027-scientific-program\/'>Call for Proposals: BIRS 2027 Scientific Program<\/a> <span class='notes_toc_author_name'>&mdash;&nbsp;Malabika Pramanik<\/span>      <\/div>\n    <\/div>\n    <div class='notes_toc_article'>\n      <div class='notes_toc_article_row'>\n        <div class='notes_toc_article_pdf'>\n        <\/div>\n        <a class='notes_toc_article_title_link' href='https:\/\/mathmatters.cms.math.ca\/fr\/article\/nouveaute-discrete-mathematics-conference-in-wellington\/'>Discrete mathematics conference in Wellington<\/a> <span class='notes_toc_author_name'>&mdash;&nbsp;Conference Organizers<\/span>      <\/div>\n    <\/div>\n    <div class='notes_toc_article'>\n      <div class='notes_toc_article_row'>\n        <div class='notes_toc_article_pdf'>\n        <\/div>\n        <a class='notes_toc_article_title_link' href='https:\/\/mathmatters.cms.math.ca\/fr\/article\/nouveaute-call-for-proposals-birs-matrix-tandem-workshop-november-22-27-2026\/'>Call for Proposals: BIRS-MATRIX Tandem Workshop (November 22-27, 2026)<\/a>      <\/div>\n    <\/div>\n    <div class='notes_toc_article'>\n      <div class='notes_toc_article_row'>\n        <div class='notes_toc_article_pdf'>\n        <\/div>\n        <a class='notes_toc_article_title_link' href='https:\/\/mathmatters.cms.math.ca\/fr\/article\/camp-de-maths-dete-du-smc-2025-les-inscriptions-sont-ouvertes\/'>Camp d'\u00e9t\u00e9 de math\u00e9matiques 2026 de la SMC | Les inscriptions sont ouvertes<\/a>      <\/div>\n    <\/div>\n    <div class='notes_toc_article'>\n      <div class='notes_toc_section_name'>Crux Corner<\/div>\n      <div class='notes_toc_article_row'>\n        <div class='notes_toc_article_pdf'>\n        <\/div>\n        <a class='notes_toc_article_title_link' href='https:\/\/mathmatters.cms.math.ca\/fr\/article\/nouveaute-crux-mathematicorum-numero-de-juin-mettez-vous-au-defi-avec-le-journal-de-resolution-de-problemes-du-smc\/'>NOUVEAUT\u00c9\u00a0:  Crux Mathematicorum - Num\u00e9ro de juin - Mettez vous au d\u00e9fi avec le journal de r\u00e9solution de probl\u00e8mes du SMC !<\/a> <span class='notes_toc_author_name'>&mdash;&nbsp;Crux Editorial Board<\/span>      <\/div>\n    <\/div>\n    <div class='notes_toc_article'>\n      <div class='notes_toc_section_name'>Appel de mises en candidature<\/div>\n      <div class='notes_toc_article_row'>\n        <div class='notes_toc_article_pdf'>\n        <\/div>\n        <a class='notes_toc_article_title_link' href='https:\/\/mathmatters.cms.math.ca\/fr\/article\/nouveaute-appel-a-candidatures-conseillerere-pedagogique-comite-etudiant-de-la-smc-studc-smc\/'>Appel \u00e0 candidatures : Conseiller(\u00e8re) p\u00e9dagogique, comit\u00e9 \u00e9tudiant de la SMC (StudC SMC) | date limite 1 d\u00e9cembre 2025<\/a>      <\/div>\n    <\/div>\n    <div class='notes_toc_article'>\n      <div class='notes_toc_article_row'>\n        <div class='notes_toc_article_pdf'>\n        <\/div>\n        <a class='notes_toc_article_title_link' href='https:\/\/mathmatters.cms.math.ca\/fr\/article\/nouveaute-appel-aux-mises-en-candidature-prix-david-borwein-2026-date-limite-15-novembre-2025\/'>Appel aux mises en candidature : Prix David Borwein 2026 | Date limite 15 novembre 2025<\/a>      <\/div>\n    <\/div>\n    <div class='notes_toc_article'>\n      <div class='notes_toc_article_row'>\n        <div class='notes_toc_article_pdf'>\n        <\/div>\n        <a class='notes_toc_article_title_link' href='https:\/\/mathmatters.cms.math.ca\/fr\/article\/nouveaute-appel-du-comite-des-prix-internationaux\/'>Appel du Comit\u00e9 des prix internationaux<\/a> <span class='notes_toc_author_name'>&mdash;&nbsp;Javad Mashreghi<\/span>      <\/div>\n    <\/div>\n    <div class='notes_toc_article'>\n      <div class='notes_toc_article_row'>\n        <div class='notes_toc_article_pdf'>\n        <\/div>\n        <a class='notes_toc_article_title_link' href='https:\/\/mathmatters.cms.math.ca\/fr\/article\/nouveaute-appel-aux-mises-en-candidature-prix-de-recherche-2026-date-limite-30-septembre\/'>Appel aux mises en candidature : Prix de recherche 2026 | date limite 30 septembre<\/a>      <\/div>\n    <\/div>\n    <div class='notes_toc_article'>\n      <div class='notes_toc_section_name'>Comit\u00e9 \u00e9tudiant de la SMC<\/div>\n      <div class='notes_toc_article_row'>\n        <div class='notes_toc_article_pdf'>\n        <\/div>\n        <a class='notes_toc_article_title_link' href='https:\/\/mathmatters.cms.math.ca\/fr\/article\/nouveaute-appel-a-candidatures-membres-generaux-du-comite-etudiant-de-la-smc-studc-smc\/'>Appel \u00e0 candidatures \u2013 Membres g\u00e9n\u00e9raux du comit\u00e9 \u00e9tudiant de la SMC (StudC SMC)<\/a>      <\/div>\n    <\/div>\n    <div class='notes_toc_article'>\n      <div class='notes_toc_section_name'>CMS Student Committee<\/div>\n      <div class='notes_toc_article_row'>\n        <div class='notes_toc_article_pdf'>\n        <\/div>\n        <a class='notes_toc_article_title_link' href='https:\/\/mathmatters.cms.math.ca\/fr\/article\/studc-connect-with-us-on-discord\/'>Connect with us on Discord!<\/a> <span class='notes_toc_author_name'>&mdash;&nbsp;Student Committee of the CMS<\/span>      <\/div>\n    <\/div>\n<\/div>\n<\/div>\n<\/div>\n    <\/div>\n  <div class='notes_issues_issident' id='notes_issues_issident_2_27'><a href='javascript:void(0);' title=\"afficher\/masquer le contenu\" onclick='notes_issues_iss_vh(2, 27)'><img src='\/wp-content\/uploads\/2020\/01\/folder-closed.png' alt='afficher' class='notes_issues_toggles' id='notes_issues_toggle_show_2_27' ><img src='\/wp-content\/uploads\/2020\/01\/folder-open.png' alt='masquer' class='notes_issues_toggles' id='notes_issues_toggle_hide_2_27' style='display:none;'>[27] Num\u00e9ro du 11 juillet 2025<\/a>\n<\/div>\n    <div class='notes_issues_isscontents' id='notes_issues_isscontents_2_27' style='display:none;'>\n<div class='notes_render_toc notes_noprint notes_toc_style_2' style='' id='notes_toc'>\n<div class='notes_toc_body'>\n  <div class='notes_toc_articles'>\n    <div class='notes_toc_article'>\n      <div class='notes_toc_section_name'>R\u00e9unions de la SMC<\/div>\n      <div class='notes_toc_article_row'>\n        <div class='notes_toc_article_pdf'>\n        <\/div>\n        <a class='notes_toc_article_title_link' href='https:\/\/mathmatters.cms.math.ca\/fr\/article\/nouveaute-reunion-dhiver-2025-de-la-smc-5-8-decembre-reservez-la-date\/'>R\u00e9union d'hiver 2025 de la SMC, 5-8 d\u00e9cembre | R\u00e9servez la date!<\/a>      <\/div>\n    <\/div>\n    <div class='notes_toc_article'>\n      <div class='notes_toc_article_row'>\n        <div class='notes_toc_article_pdf'>\n        <\/div>\n        <a class='notes_toc_article_title_link' href='https:\/\/mathmatters.cms.math.ca\/fr\/article\/nouveau-reunion-dhiver-2025-de-la-smc-appel-aux-sessions-deducation\/'>R\u00e9union d'hiver 2025 de la SMC | Appel aux sessions d'\u00e9ducation<\/a>      <\/div>\n    <\/div>\n    <div class='notes_toc_article'>\n      <div class='notes_toc_article_row'>\n        <div class='notes_toc_article_pdf'>\n        <\/div>\n        <a class='notes_toc_article_title_link' href='https:\/\/mathmatters.cms.math.ca\/fr\/article\/nouveau-reunion-dhiver-2025-de-la-smc-appel-aux-sessions-scientifiques\/'>R\u00e9union d'hiver 2025 de la SMC | Appel aux sessions scientifiques<\/a>      <\/div>\n    <\/div>\n    <div class='notes_toc_article'>\n      <div class='notes_toc_article_row'>\n        <div class='notes_toc_article_pdf'>\n        <\/div>\n        <a class='notes_toc_article_title_link' href='https:\/\/mathmatters.cms.math.ca\/fr\/article\/nouveaute-appel-aux-propositions-de-presentation-pour-la-reunion-mathed-de-la-smc-en-ligne\/'>Appel aux propositions de pr\u00e9sentation pour la r\u00e9union MathEd de la SMC (en ligne)<\/a>      <\/div>\n    <\/div>\n    <div class='notes_toc_article'>\n      <div class='notes_toc_article_row'>\n        <div class='notes_toc_article_pdf'>\n        <\/div>\n        <a class='notes_toc_article_title_link' href='https:\/\/mathmatters.cms.math.ca\/fr\/article\/nouveaute-reunion-dete-2026-de-la-smc-5-8-juin-reservez-la-date\/'>R\u00e9union d'\u00e9t\u00e9 2026 de la SMC, 5-8 juin | R\u00e9servez la date!<\/a>      <\/div>\n    <\/div>\n    <div class='notes_toc_article'>\n      <div class='notes_toc_section_name'>Annonces<\/div>\n      <div class='notes_toc_article_row'>\n        <div class='notes_toc_article_pdf'>\n        <\/div>\n        <a class='notes_toc_article_title_link' href='https:\/\/mathmatters.cms.math.ca\/fr\/article\/nouveaute-sydney-mathematical-research-institute-smri-international-visitor-program-aug-2025-applications-open\/'>NOUVEAUT\u00c9\u00a0: Sydney Mathematical Research Institute (SMRI) International Visitor Program - Aug 2025 applications open<\/a> <span class='notes_toc_author_name'>&mdash;&nbsp;Sydney Mathematical Research Institute (SMRI)<\/span>      <\/div>\n    <\/div>\n    <div class='notes_toc_article'>\n      <div class='notes_toc_article_row'>\n        <div class='notes_toc_article_pdf'>\n        <\/div>\n        <a class='notes_toc_article_title_link' href='https:\/\/mathmatters.cms.math.ca\/fr\/article\/nouveaute-call-for-proposals-birs-2027-scientific-program\/'>Call for Proposals: BIRS 2027 Scientific Program<\/a> <span class='notes_toc_author_name'>&mdash;&nbsp;Malabika Pramanik<\/span>      <\/div>\n    <\/div>\n    <div class='notes_toc_article'>\n      <div class='notes_toc_article_row'>\n        <div class='notes_toc_article_pdf'>\n        <\/div>\n        <a class='notes_toc_article_title_link' href='https:\/\/mathmatters.cms.math.ca\/fr\/article\/nouveaute-call-for-proposals-birs-matrix-tandem-workshop-november-22-27-2026\/'>Call for Proposals: BIRS-MATRIX Tandem Workshop (November 22-27, 2026)<\/a>      <\/div>\n    <\/div>\n    <div class='notes_toc_article'>\n      <div class='notes_toc_article_row'>\n        <div class='notes_toc_article_pdf'>\n        <\/div>\n        <a class='notes_toc_article_title_link' href='https:\/\/mathmatters.cms.math.ca\/fr\/article\/camp-de-maths-dete-du-smc-2025-les-inscriptions-sont-ouvertes\/'>Camp d'\u00e9t\u00e9 de math\u00e9matiques 2026 de la SMC | Les inscriptions sont ouvertes<\/a>      <\/div>\n    <\/div>\n    <div class='notes_toc_article'>\n      <div class='notes_toc_article_row'>\n        <div class='notes_toc_article_pdf'>\n        <\/div>\n        <a class='notes_toc_article_title_link' href='https:\/\/mathmatters.cms.math.ca\/fr\/article\/nouveaute-international-congress-of-mathematicians-july-23-30-2025\/'>International Congress of Mathematicians | July 23 - 30 , 2026<\/a> <span class='notes_toc_author_name'>&mdash;&nbsp;ICM<\/span>      <\/div>\n    <\/div>\n    <div class='notes_toc_article'>\n      <div class='notes_toc_section_name'>Appel de mises en candidature<\/div>\n      <div class='notes_toc_article_row'>\n        <div class='notes_toc_article_pdf'>\n        <\/div>\n        <a class='notes_toc_article_title_link' href='https:\/\/mathmatters.cms.math.ca\/fr\/article\/nouveaute-appel-aux-mises-en-candidature-prix-david-borwein-2026-date-limite-15-novembre-2025\/'>Appel aux mises en candidature : Prix David Borwein 2026 | Date limite 15 novembre 2025<\/a>      <\/div>\n    <\/div>\n    <div class='notes_toc_article'>\n      <div class='notes_toc_article_row'>\n        <div class='notes_toc_article_pdf'>\n        <\/div>\n        <a class='notes_toc_article_title_link' href='https:\/\/mathmatters.cms.math.ca\/fr\/article\/nouveaute-appel-du-comite-des-prix-internationaux\/'>Appel du Comit\u00e9 des prix internationaux<\/a> <span class='notes_toc_author_name'>&mdash;&nbsp;Javad Mashreghi<\/span>      <\/div>\n    <\/div>\n    <div class='notes_toc_article'>\n      <div class='notes_toc_article_row'>\n        <div class='notes_toc_article_pdf'>\n        <\/div>\n        <a class='notes_toc_article_title_link' href='https:\/\/mathmatters.cms.math.ca\/fr\/article\/nouveaute-appel-aux-mises-en-candidature-prix-de-recherche-2026-date-limite-30-septembre\/'>Appel aux mises en candidature : Prix de recherche 2026 | date limite 30 septembre<\/a>      <\/div>\n    <\/div>\n    <div class='notes_toc_article'>\n      <div class='notes_toc_article_row'>\n        <div class='notes_toc_article_pdf'>\n        <\/div>\n        <a class='notes_toc_article_title_link' href='https:\/\/mathmatters.cms.math.ca\/fr\/article\/nouveaute-appel-aux-candidatures-redacteur-en-chef-rec-crux-mathematicorum\/'>Appel aux mises en nomination : R\u00e9dacteur en chef (REC), Crux Mathematicorum | date limite 15 juillet<\/a>      <\/div>\n    <\/div>\n    <div class='notes_toc_article'>\n      <div class='notes_toc_article_row'>\n        <div class='notes_toc_article_pdf'>\n        <\/div>\n        <a class='notes_toc_article_title_link' href='https:\/\/mathmatters.cms.math.ca\/fr\/article\/nouveaute-appel-a-candidatures-conseillerere-pedagogique-comite-etudiant-de-la-smc-studc-smc\/'>Appel \u00e0 candidatures : Conseiller(\u00e8re) p\u00e9dagogique, comit\u00e9 \u00e9tudiant de la SMC (StudC SMC) | date limite 1 d\u00e9cembre 2025<\/a>      <\/div>\n    <\/div>\n    <div class='notes_toc_article'>\n      <div class='notes_toc_section_name'>Comit\u00e9 \u00e9tudiant de la SMC<\/div>\n      <div class='notes_toc_article_row'>\n        <div class='notes_toc_article_pdf'>\n        <\/div>\n        <a class='notes_toc_article_title_link' href='https:\/\/mathmatters.cms.math.ca\/fr\/article\/nouveaute-appel-a-candidatures-membres-generaux-du-comite-etudiant-de-la-smc-studc-smc\/'>Appel \u00e0 candidatures \u2013 Membres g\u00e9n\u00e9raux du comit\u00e9 \u00e9tudiant de la SMC (StudC SMC)<\/a>      <\/div>\n    <\/div>\n    <div class='notes_toc_article'>\n      <div class='notes_toc_section_name'>CMS Student Committee<\/div>\n      <div class='notes_toc_article_row'>\n        <div class='notes_toc_article_pdf'>\n        <\/div>\n        <a class='notes_toc_article_title_link' href='https:\/\/mathmatters.cms.math.ca\/fr\/article\/studc-connect-with-us-on-discord\/'>Connect with us on Discord!<\/a> <span class='notes_toc_author_name'>&mdash;&nbsp;Student Committee of the CMS<\/span>      <\/div>\n    <\/div>\n<\/div>\n<\/div>\n<\/div>\n    <\/div>\n  <div class='notes_issues_issident' id='notes_issues_issident_2_26'><a href='javascript:void(0);' title=\"afficher\/masquer le contenu\" onclick='notes_issues_iss_vh(2, 26)'><img src='\/wp-content\/uploads\/2020\/01\/folder-closed.png' alt='afficher' class='notes_issues_toggles' id='notes_issues_toggle_show_2_26' ><img src='\/wp-content\/uploads\/2020\/01\/folder-open.png' alt='masquer' class='notes_issues_toggles' id='notes_issues_toggle_hide_2_26' style='display:none;'>[26] Num\u00e9ro du 4 juillet 2025<\/a>\n<\/div>\n    <div class='notes_issues_isscontents' id='notes_issues_isscontents_2_26' style='display:none;'>\n<div class='notes_render_toc notes_noprint notes_toc_style_2' style='' id='notes_toc'>\n<div class='notes_toc_body'>\n  <div class='notes_toc_articles'>\n    <div class='notes_toc_article'>\n      <div class='notes_toc_section_name'>R\u00e9unions de la SMC<\/div>\n      <div class='notes_toc_article_row'>\n        <div class='notes_toc_article_pdf'>\n        <\/div>\n        <a class='notes_toc_article_title_link' href='https:\/\/mathmatters.cms.math.ca\/fr\/article\/nouveaute-reunion-dhiver-2025-de-la-smc-5-8-decembre-reservez-la-date\/'>R\u00e9union d'hiver 2025 de la SMC, 5-8 d\u00e9cembre | R\u00e9servez la date!<\/a>      <\/div>\n    <\/div>\n    <div class='notes_toc_article'>\n      <div class='notes_toc_article_row'>\n        <div class='notes_toc_article_pdf'>\n        <\/div>\n        <a class='notes_toc_article_title_link' href='https:\/\/mathmatters.cms.math.ca\/fr\/article\/nouveau-reunion-dhiver-2025-de-la-smc-appel-aux-sessions-deducation\/'>R\u00e9union d'hiver 2025 de la SMC | Appel aux sessions d'\u00e9ducation<\/a>      <\/div>\n    <\/div>\n    <div class='notes_toc_article'>\n      <div class='notes_toc_article_row'>\n        <div class='notes_toc_article_pdf'>\n        <\/div>\n        <a class='notes_toc_article_title_link' href='https:\/\/mathmatters.cms.math.ca\/fr\/article\/nouveau-reunion-dhiver-2025-de-la-smc-appel-aux-sessions-scientifiques\/'>R\u00e9union d'hiver 2025 de la SMC | Appel aux sessions scientifiques<\/a>      <\/div>\n    <\/div>\n    <div class='notes_toc_article'>\n      <div class='notes_toc_article_row'>\n        <div class='notes_toc_article_pdf'>\n        <\/div>\n        <a class='notes_toc_article_title_link' href='https:\/\/mathmatters.cms.math.ca\/fr\/article\/nouveaute-appel-aux-propositions-de-presentation-pour-la-reunion-mathed-de-la-smc-en-ligne\/'>Appel aux propositions de pr\u00e9sentation pour la r\u00e9union MathEd de la SMC (en ligne)<\/a>      <\/div>\n    <\/div>\n    <div class='notes_toc_article'>\n      <div class='notes_toc_section_name'>Annonces<\/div>\n      <div class='notes_toc_article_row'>\n        <div class='notes_toc_article_pdf'>\n        <\/div>\n        <a class='notes_toc_article_title_link' href='https:\/\/mathmatters.cms.math.ca\/fr\/article\/nouveaute-topological-methods-for-time-varying-data-theory-and-applications-top-time-workshop-27-31-oct-2025\/'>NOUVEAUT\u00c9\u00a0: Topological methods for time-varying data: theory and applications (Top Time) Workshop | 27-31 Oct 2025<\/a> <span class='notes_toc_author_name'>&mdash;&nbsp;Australian National University<\/span>      <\/div>\n    <\/div>\n    <div class='notes_toc_article'>\n      <div class='notes_toc_article_row'>\n        <div class='notes_toc_article_pdf'>\n        <\/div>\n        <a class='notes_toc_article_title_link' href='https:\/\/mathmatters.cms.math.ca\/fr\/article\/nouveaute-call-for-proposals-birs-2027-scientific-program\/'>Call for Proposals: BIRS 2027 Scientific Program<\/a> <span class='notes_toc_author_name'>&mdash;&nbsp;Malabika Pramanik<\/span>      <\/div>\n    <\/div>\n    <div class='notes_toc_article'>\n      <div class='notes_toc_article_row'>\n        <div class='notes_toc_article_pdf'>\n        <\/div>\n        <a class='notes_toc_article_title_link' href='https:\/\/mathmatters.cms.math.ca\/fr\/article\/nouveaute-call-for-proposals-birs-matrix-tandem-workshop-november-22-27-2026\/'>Call for Proposals: BIRS-MATRIX Tandem Workshop (November 22-27, 2026)<\/a>      <\/div>\n    <\/div>\n    <div class='notes_toc_article'>\n      <div class='notes_toc_article_row'>\n        <div class='notes_toc_article_pdf'>\n        <\/div>\n        <a class='notes_toc_article_title_link' href='https:\/\/mathmatters.cms.math.ca\/fr\/article\/camp-de-maths-dete-du-smc-2025-les-inscriptions-sont-ouvertes\/'>Camp d'\u00e9t\u00e9 de math\u00e9matiques 2026 de la SMC | Les inscriptions sont ouvertes<\/a>      <\/div>\n    <\/div>\n    <div class='notes_toc_article'>\n      <div class='notes_toc_article_row'>\n        <div class='notes_toc_article_pdf'>\n        <\/div>\n        <a class='notes_toc_article_title_link' href='https:\/\/mathmatters.cms.math.ca\/fr\/article\/nouveaute-international-congress-of-mathematicians-july-23-30-2025\/'>International Congress of Mathematicians | July 23 - 30 , 2026<\/a> <span class='notes_toc_author_name'>&mdash;&nbsp;ICM<\/span>      <\/div>\n    <\/div>\n    <div class='notes_toc_article'>\n      <div class='notes_toc_section_name'>Appel de mises en candidature<\/div>\n      <div class='notes_toc_article_row'>\n        <div class='notes_toc_article_pdf'>\n        <\/div>\n        <a class='notes_toc_article_title_link' href='https:\/\/mathmatters.cms.math.ca\/fr\/article\/nouveaute-appel-aux-mises-en-candidature-prix-david-borwein-2026-date-limite-15-novembre-2025\/'>Appel aux mises en candidature : Prix David Borwein 2026 | Date limite 15 novembre 2025<\/a>      <\/div>\n    <\/div>\n    <div class='notes_toc_article'>\n      <div class='notes_toc_article_row'>\n        <div class='notes_toc_article_pdf'>\n        <\/div>\n        <a class='notes_toc_article_title_link' href='https:\/\/mathmatters.cms.math.ca\/fr\/article\/nouveaute-appel-du-comite-des-prix-internationaux\/'>Appel du Comit\u00e9 des prix internationaux<\/a> <span class='notes_toc_author_name'>&mdash;&nbsp;Javad Mashreghi<\/span>      <\/div>\n    <\/div>\n    <div class='notes_toc_article'>\n      <div class='notes_toc_article_row'>\n        <div class='notes_toc_article_pdf'>\n        <\/div>\n        <a class='notes_toc_article_title_link' href='https:\/\/mathmatters.cms.math.ca\/fr\/article\/nouveaute-appel-aux-mises-en-candidature-prix-de-recherche-2026-date-limite-30-septembre\/'>Appel aux mises en candidature : Prix de recherche 2026 | date limite 30 septembre<\/a>      <\/div>\n    <\/div>\n    <div class='notes_toc_article'>\n      <div class='notes_toc_article_row'>\n        <div class='notes_toc_article_pdf'>\n        <\/div>\n        <a class='notes_toc_article_title_link' href='https:\/\/mathmatters.cms.math.ca\/fr\/article\/nouveaute-appel-aux-candidatures-redacteur-en-chef-rec-crux-mathematicorum\/'>Appel aux mises en nomination : R\u00e9dacteur en chef (REC), Crux Mathematicorum | date limite 15 juillet<\/a>      <\/div>\n    <\/div>\n    <div class='notes_toc_article'>\n      <div class='notes_toc_article_row'>\n        <div class='notes_toc_article_pdf'>\n        <\/div>\n        <a class='notes_toc_article_title_link' href='https:\/\/mathmatters.cms.math.ca\/fr\/article\/nouveaute-appel-a-candidatures-conseillerere-pedagogique-comite-etudiant-de-la-smc-studc-smc\/'>Appel \u00e0 candidatures : Conseiller(\u00e8re) p\u00e9dagogique, comit\u00e9 \u00e9tudiant de la SMC (StudC SMC) | date limite 1 d\u00e9cembre 2025<\/a>      <\/div>\n    <\/div>\n    <div class='notes_toc_article'>\n      <div class='notes_toc_section_name'>Comit\u00e9 \u00e9tudiant de la SMC<\/div>\n      <div class='notes_toc_article_row'>\n        <div class='notes_toc_article_pdf'>\n        <\/div>\n        <a class='notes_toc_article_title_link' href='https:\/\/mathmatters.cms.math.ca\/fr\/article\/nouveaute-appel-a-candidatures-membres-generaux-du-comite-etudiant-de-la-smc-studc-smc\/'>Appel \u00e0 candidatures \u2013 Membres g\u00e9n\u00e9raux du comit\u00e9 \u00e9tudiant de la SMC (StudC SMC)<\/a>      <\/div>\n    <\/div>\n    <div class='notes_toc_article'>\n      <div class='notes_toc_section_name'>CMS Student Committee<\/div>\n      <div class='notes_toc_article_row'>\n        <div class='notes_toc_article_pdf'>\n        <\/div>\n        <a class='notes_toc_article_title_link' href='https:\/\/mathmatters.cms.math.ca\/fr\/article\/studc-connect-with-us-on-discord\/'>Connect with us on Discord!<\/a> <span class='notes_toc_author_name'>&mdash;&nbsp;Student Committee of the CMS<\/span>      <\/div>\n    <\/div>\n<\/div>\n<\/div>\n<\/div>\n    <\/div>\n  <div class='notes_issues_issident' id='notes_issues_issident_2_25'><a href='javascript:void(0);' title=\"afficher\/masquer le contenu\" onclick='notes_issues_iss_vh(2, 25)'><img src='\/wp-content\/uploads\/2020\/01\/folder-closed.png' alt='afficher' class='notes_issues_toggles' id='notes_issues_toggle_show_2_25' ><img src='\/wp-content\/uploads\/2020\/01\/folder-open.png' alt='masquer' class='notes_issues_toggles' id='notes_issues_toggle_hide_2_25' style='display:none;'>[25] Num\u00e9ro du 27 juin 2025<\/a>\n<\/div>\n    <div class='notes_issues_isscontents' id='notes_issues_isscontents_2_25' style='display:none;'>\n<div class='notes_render_toc notes_noprint notes_toc_style_2' style='' id='notes_toc'>\n<div class='notes_toc_body'>\n  <div class='notes_toc_articles'>\n    <div class='notes_toc_article'>\n      <div class='notes_toc_section_name'>Communiqu\u00e9<\/div>\n      <div class='notes_toc_article_row'>\n        <div class='notes_toc_article_pdf'>\n        <\/div>\n        <a class='notes_toc_article_title_link' href='https:\/\/mathmatters.cms.math.ca\/fr\/article\/nouveaute-annonce-de-la-cohorte-des-fellows-2025-de-la-societe-mathematique-du-canada\/'>NOUVEAUT\u00c9\u00a0: Annonce de la cohorte des Fellows 2025 de la Soci\u00e9t\u00e9 math\u00e9matique du Canada<\/a>      <\/div>\n    <\/div>\n    <div class='notes_toc_article'>\n      <div class='notes_toc_section_name'>R\u00e9unions de la SMC<\/div>\n      <div class='notes_toc_article_row'>\n        <div class='notes_toc_article_pdf'>\n        <\/div>\n        <a class='notes_toc_article_title_link' href='https:\/\/mathmatters.cms.math.ca\/fr\/article\/nouveaute-reunion-dhiver-2025-de-la-smc-5-8-decembre-reservez-la-date\/'>R\u00e9union d'hiver 2025 de la SMC, 5-8 d\u00e9cembre | R\u00e9servez la date!<\/a>      <\/div>\n    <\/div>\n    <div class='notes_toc_article'>\n      <div class='notes_toc_article_row'>\n        <div class='notes_toc_article_pdf'>\n        <\/div>\n        <a class='notes_toc_article_title_link' href='https:\/\/mathmatters.cms.math.ca\/fr\/article\/nouveau-reunion-dhiver-2025-de-la-smc-appel-aux-sessions-deducation\/'>R\u00e9union d'hiver 2025 de la SMC | Appel aux sessions d'\u00e9ducation<\/a>      <\/div>\n    <\/div>\n    <div class='notes_toc_article'>\n      <div class='notes_toc_article_row'>\n        <div class='notes_toc_article_pdf'>\n        <\/div>\n        <a class='notes_toc_article_title_link' href='https:\/\/mathmatters.cms.math.ca\/fr\/article\/nouveau-reunion-dhiver-2025-de-la-smc-appel-aux-sessions-scientifiques\/'>R\u00e9union d'hiver 2025 de la SMC | Appel aux sessions scientifiques<\/a>      <\/div>\n    <\/div>\n    <div class='notes_toc_article'>\n      <div class='notes_toc_article_row'>\n        <div class='notes_toc_article_pdf'>\n        <\/div>\n        <a class='notes_toc_article_title_link' href='https:\/\/mathmatters.cms.math.ca\/fr\/article\/nouveaute-appel-aux-propositions-de-presentation-pour-la-reunion-mathed-de-la-smc-en-ligne\/'>Appel aux propositions de pr\u00e9sentation pour la r\u00e9union MathEd de la SMC (en ligne)<\/a>      <\/div>\n    <\/div>\n    <div class='notes_toc_article'>\n      <div class='notes_toc_section_name'>Annonces<\/div>\n      <div class='notes_toc_article_row'>\n        <div class='notes_toc_article_pdf'>\n        <\/div>\n        <a class='notes_toc_article_title_link' href='https:\/\/mathmatters.cms.math.ca\/fr\/article\/nouveaute-bob-pare-and-category-theory-at-dalhousie\/'>NOUVEAUT\u00c9\u00a0: Bob Par\u00e9 and Category theory at Dalhousie<\/a>      <\/div>\n    <\/div>\n    <div class='notes_toc_article'>\n      <div class='notes_toc_article_row'>\n        <div class='notes_toc_article_pdf'>\n        <\/div>\n        <a class='notes_toc_article_title_link' href='https:\/\/mathmatters.cms.math.ca\/fr\/article\/nouveaute-call-for-proposals-birs-matrix-tandem-workshop-november-22-27-2026\/'>Call for Proposals: BIRS-MATRIX Tandem Workshop (November 22-27, 2026)<\/a>      <\/div>\n    <\/div>\n    <div class='notes_toc_article'>\n      <div class='notes_toc_article_row'>\n        <div class='notes_toc_article_pdf'>\n<a href='https:\/\/mathmatters.cms.math.ca\/wp-content\/uploads\/2025\/05\/Proc-A-Special-collection-flyer-multiple-wave-scattering.pdf' title='Cliquer ici pour t\u00e9l\u00e9charger une copie PDF de l\u2019article'><img class='pdficon' style='height: 32px;' src='\/wp-content\/uploads\/2019\/12\/PDF-download.png' alt='PDF icon' title=\"T\u00e9l\u00e9charger une copie PDF de l'article\"><\/a>        <\/div>\n        <a class='notes_toc_article_title_link' href='https:\/\/mathmatters.cms.math.ca\/fr\/article\/nouveaute-proceedings-a-mathematical-theory-and-applications-of-multiple-wave-scattering\/'>Proceedings A: Mathematical theory and applications of multiple wave scattering<\/a>      <\/div>\n    <\/div>\n    <div class='notes_toc_article'>\n      <div class='notes_toc_article_row'>\n        <div class='notes_toc_article_pdf'>\n        <\/div>\n        <a class='notes_toc_article_title_link' href='https:\/\/mathmatters.cms.math.ca\/fr\/article\/camp-de-maths-dete-du-smc-2025-les-inscriptions-sont-ouvertes\/'>Camp d'\u00e9t\u00e9 de math\u00e9matiques 2026 de la SMC | Les inscriptions sont ouvertes<\/a>      <\/div>\n    <\/div>\n    <div class='notes_toc_article'>\n      <div class='notes_toc_article_row'>\n        <div class='notes_toc_article_pdf'>\n        <\/div>\n        <a class='notes_toc_article_title_link' href='https:\/\/mathmatters.cms.math.ca\/fr\/article\/nouveaute-call-for-proposals-birs-2027-scientific-program\/'>Call for Proposals: BIRS 2027 Scientific Program<\/a> <span class='notes_toc_author_name'>&mdash;&nbsp;Malabika Pramanik<\/span>      <\/div>\n    <\/div>\n    <div class='notes_toc_article'>\n      <div class='notes_toc_article_row'>\n        <div class='notes_toc_article_pdf'>\n        <\/div>\n        <a class='notes_toc_article_title_link' href='https:\/\/mathmatters.cms.math.ca\/fr\/article\/nouveaute-international-congress-of-mathematicians-july-23-30-2025\/'>International Congress of Mathematicians | July 23 - 30 , 2026<\/a> <span class='notes_toc_author_name'>&mdash;&nbsp;ICM<\/span>      <\/div>\n    <\/div>\n    <div class='notes_toc_article'>\n      <div class='notes_toc_section_name'>Appel de mises en candidature<\/div>\n      <div class='notes_toc_article_row'>\n        <div class='notes_toc_article_pdf'>\n        <\/div>\n        <a class='notes_toc_article_title_link' href='https:\/\/mathmatters.cms.math.ca\/fr\/article\/nouveaute-appel-aux-mises-en-candidature-prix-david-borwein-2026-date-limite-15-novembre-2025\/'>Appel aux mises en candidature : Prix David Borwein 2026 | Date limite 15 novembre 2025<\/a>      <\/div>\n    <\/div>\n    <div class='notes_toc_article'>\n      <div class='notes_toc_article_row'>\n        <div class='notes_toc_article_pdf'>\n        <\/div>\n        <a class='notes_toc_article_title_link' href='https:\/\/mathmatters.cms.math.ca\/fr\/article\/nouveaute-appel-du-comite-des-prix-internationaux\/'>Appel du Comit\u00e9 des prix internationaux<\/a> <span class='notes_toc_author_name'>&mdash;&nbsp;Javad Mashreghi<\/span>      <\/div>\n    <\/div>\n    <div class='notes_toc_article'>\n      <div class='notes_toc_article_row'>\n        <div class='notes_toc_article_pdf'>\n        <\/div>\n        <a class='notes_toc_article_title_link' href='https:\/\/mathmatters.cms.math.ca\/fr\/article\/nouveaute-appel-aux-mises-en-candidature-prix-de-recherche-2026-date-limite-30-septembre\/'>Appel aux mises en candidature : Prix de recherche 2026 | date limite 30 septembre<\/a>      <\/div>\n    <\/div>\n    <div class='notes_toc_article'>\n      <div class='notes_toc_article_row'>\n        <div class='notes_toc_article_pdf'>\n        <\/div>\n        <a class='notes_toc_article_title_link' href='https:\/\/mathmatters.cms.math.ca\/fr\/article\/nouveaute-appel-aux-candidatures-redacteur-en-chef-rec-crux-mathematicorum\/'>Appel aux mises en nomination : R\u00e9dacteur en chef (REC), Crux Mathematicorum | date limite 15 juillet<\/a>      <\/div>\n    <\/div>\n    <div class='notes_toc_article'>\n      <div class='notes_toc_section_name'>CMS Student Committee<\/div>\n      <div class='notes_toc_article_row'>\n        <div class='notes_toc_article_pdf'>\n        <\/div>\n        <a class='notes_toc_article_title_link' href='https:\/\/mathmatters.cms.math.ca\/fr\/article\/studc-connect-with-us-on-discord\/'>Connect with us on Discord!<\/a> <span class='notes_toc_author_name'>&mdash;&nbsp;Student Committee of the CMS<\/span>      <\/div>\n    <\/div>\n<\/div>\n<\/div>\n<\/div>\n    <\/div>\n  <div class='notes_issues_issident' id='notes_issues_issident_2_24'><a href='javascript:void(0);' title=\"afficher\/masquer le contenu\" onclick='notes_issues_iss_vh(2, 24)'><img src='\/wp-content\/uploads\/2020\/01\/folder-closed.png' alt='afficher' class='notes_issues_toggles' id='notes_issues_toggle_show_2_24' ><img src='\/wp-content\/uploads\/2020\/01\/folder-open.png' alt='masquer' class='notes_issues_toggles' id='notes_issues_toggle_hide_2_24' style='display:none;'>[24] Num\u00e9ro du 20 juin 2025<\/a>\n<\/div>\n    <div class='notes_issues_isscontents' id='notes_issues_isscontents_2_24' style='display:none;'>\n<div class='notes_render_toc notes_noprint notes_toc_style_2' style='' id='notes_toc'>\n<div class='notes_toc_body'>\n  <div class='notes_toc_articles'>\n    <div class='notes_toc_article'>\n      <div class='notes_toc_section_name'>Communiqu\u00e9<\/div>\n      <div class='notes_toc_article_row'>\n        <div class='notes_toc_article_pdf'>\n        <\/div>\n        <a class='notes_toc_article_title_link' href='https:\/\/mathmatters.cms.math.ca\/fr\/article\/en-memoire-de-robert-woodrow\/'>En m\u00e9moire de Robert Woodrow<\/a>      <\/div>\n    <\/div>\n    <div class='notes_toc_article'>\n      <div class='notes_toc_section_name'>R\u00e9unions de la SMC<\/div>\n      <div class='notes_toc_article_row'>\n        <div class='notes_toc_article_pdf'>\n        <\/div>\n        <a class='notes_toc_article_title_link' href='https:\/\/mathmatters.cms.math.ca\/fr\/article\/nouveaute-reunion-dhiver-2025-de-la-smc-5-8-decembre-reservez-la-date\/'>R\u00e9union d'hiver 2025 de la SMC, 5-8 d\u00e9cembre | R\u00e9servez la date!<\/a>      <\/div>\n    <\/div>\n    <div class='notes_toc_article'>\n      <div class='notes_toc_article_row'>\n        <div class='notes_toc_article_pdf'>\n        <\/div>\n        <a class='notes_toc_article_title_link' href='https:\/\/mathmatters.cms.math.ca\/fr\/article\/nouveau-reunion-dhiver-2025-de-la-smc-appel-aux-sessions-deducation\/'>R\u00e9union d'hiver 2025 de la SMC | Appel aux sessions d'\u00e9ducation<\/a>      <\/div>\n    <\/div>\n    <div class='notes_toc_article'>\n      <div class='notes_toc_article_row'>\n        <div class='notes_toc_article_pdf'>\n        <\/div>\n        <a class='notes_toc_article_title_link' href='https:\/\/mathmatters.cms.math.ca\/fr\/article\/nouveau-reunion-dhiver-2025-de-la-smc-appel-aux-sessions-scientifiques\/'>R\u00e9union d'hiver 2025 de la SMC | Appel aux sessions scientifiques<\/a>      <\/div>\n    <\/div>\n    <div class='notes_toc_article'>\n      <div class='notes_toc_section_name'>Annonces<\/div>\n      <div class='notes_toc_article_row'>\n        <div class='notes_toc_article_pdf'>\n        <\/div>\n        <a class='notes_toc_article_title_link' href='https:\/\/mathmatters.cms.math.ca\/fr\/article\/nouveaute-international-congress-of-mathematicians-july-23-30-2025\/'>International Congress of Mathematicians | July 23 - 30 , 2026<\/a> <span class='notes_toc_author_name'>&mdash;&nbsp;ICM<\/span>      <\/div>\n    <\/div>\n    <div class='notes_toc_article'>\n      <div class='notes_toc_article_row'>\n        <div class='notes_toc_article_pdf'>\n        <\/div>\n        <a class='notes_toc_article_title_link' href='https:\/\/mathmatters.cms.math.ca\/fr\/article\/nouveaute-call-for-proposals-birs-matrix-tandem-workshop-november-22-27-2026\/'>Call for Proposals: BIRS-MATRIX Tandem Workshop (November 22-27, 2026)<\/a>      <\/div>\n    <\/div>\n    <div class='notes_toc_article'>\n      <div class='notes_toc_article_row'>\n        <div class='notes_toc_article_pdf'>\n<a href='https:\/\/mathmatters.cms.math.ca\/wp-content\/uploads\/2025\/05\/Proc-A-Special-collection-flyer-multiple-wave-scattering.pdf' title='Cliquer ici pour t\u00e9l\u00e9charger une copie PDF de l\u2019article'><img class='pdficon' style='height: 32px;' src='\/wp-content\/uploads\/2019\/12\/PDF-download.png' alt='PDF icon' title=\"T\u00e9l\u00e9charger une copie PDF de l'article\"><\/a>        <\/div>\n        <a class='notes_toc_article_title_link' href='https:\/\/mathmatters.cms.math.ca\/fr\/article\/nouveaute-proceedings-a-mathematical-theory-and-applications-of-multiple-wave-scattering\/'>Proceedings A: Mathematical theory and applications of multiple wave scattering<\/a>      <\/div>\n    <\/div>\n    <div class='notes_toc_article'>\n      <div class='notes_toc_article_row'>\n        <div class='notes_toc_article_pdf'>\n        <\/div>\n        <a class='notes_toc_article_title_link' href='https:\/\/mathmatters.cms.math.ca\/fr\/article\/camp-de-maths-dete-du-smc-2025-les-inscriptions-sont-ouvertes\/'>Camp d'\u00e9t\u00e9 de math\u00e9matiques 2026 de la SMC | Les inscriptions sont ouvertes<\/a>      <\/div>\n    <\/div>\n    <div class='notes_toc_article'>\n      <div class='notes_toc_section_name'>Appel de mises en candidature<\/div>\n      <div class='notes_toc_article_row'>\n        <div class='notes_toc_article_pdf'>\n        <\/div>\n        <a class='notes_toc_article_title_link' href='https:\/\/mathmatters.cms.math.ca\/fr\/article\/nouveaute-appel-aux-mises-en-candidature-prix-de-recherche-2026-date-limite-30-septembre\/'>Appel aux mises en candidature : Prix de recherche 2026 | date limite 30 septembre<\/a>      <\/div>\n    <\/div>\n    <div class='notes_toc_article'>\n      <div class='notes_toc_article_row'>\n        <div class='notes_toc_article_pdf'>\n        <\/div>\n        <a class='notes_toc_article_title_link' href='https:\/\/mathmatters.cms.math.ca\/fr\/article\/nouveaute-appel-aux-candidatures-redacteur-en-chef-rec-crux-mathematicorum\/'>Appel aux mises en nomination : R\u00e9dacteur en chef (REC), Crux Mathematicorum | date limite 15 juillet<\/a>      <\/div>\n    <\/div>\n    <div class='notes_toc_article'>\n      <div class='notes_toc_article_row'>\n        <div class='notes_toc_article_pdf'>\n        <\/div>\n        <a class='notes_toc_article_title_link' href='https:\/\/mathmatters.cms.math.ca\/fr\/article\/nouveaute-appel-aux-mises-en-candidature-prix-david-borwein-2026-date-limite-15-novembre-2025\/'>Appel aux mises en candidature : Prix David Borwein 2026 | Date limite 15 novembre 2025<\/a>      <\/div>\n    <\/div>\n    <div class='notes_toc_article'>\n      <div class='notes_toc_article_row'>\n        <div class='notes_toc_article_pdf'>\n        <\/div>\n        <a class='notes_toc_article_title_link' href='https:\/\/mathmatters.cms.math.ca\/fr\/article\/nouveaute-appel-du-comite-des-prix-internationaux\/'>Appel du Comit\u00e9 des prix internationaux<\/a> <span class='notes_toc_author_name'>&mdash;&nbsp;Javad Mashreghi<\/span>      <\/div>\n    <\/div>\n    <div class='notes_toc_article'>\n      <div class='notes_toc_section_name'>CMS Student Committee<\/div>\n      <div class='notes_toc_article_row'>\n        <div class='notes_toc_article_pdf'>\n        <\/div>\n        <a class='notes_toc_article_title_link' href='https:\/\/mathmatters.cms.math.ca\/fr\/article\/studc-connect-with-us-on-discord\/'>Connect with us on Discord!<\/a> <span class='notes_toc_author_name'>&mdash;&nbsp;Student Committee of the CMS<\/span>      <\/div>\n    <\/div>\n<\/div>\n<\/div>\n<\/div>\n    <\/div>\n  <div class='notes_issues_issident' id='notes_issues_issident_2_23'><a href='javascript:void(0);' title=\"afficher\/masquer le contenu\" onclick='notes_issues_iss_vh(2, 23)'><img src='\/wp-content\/uploads\/2020\/01\/folder-closed.png' alt='afficher' class='notes_issues_toggles' id='notes_issues_toggle_show_2_23' ><img src='\/wp-content\/uploads\/2020\/01\/folder-open.png' alt='masquer' class='notes_issues_toggles' id='notes_issues_toggle_hide_2_23' style='display:none;'>[23] Num\u00e9ro du 13 juin 2025<\/a>\n<\/div>\n    <div class='notes_issues_isscontents' id='notes_issues_isscontents_2_23' style='display:none;'>\n<div class='notes_render_toc notes_noprint notes_toc_style_2' style='' id='notes_toc'>\n<div class='notes_toc_body'>\n  <div class='notes_toc_articles'>\n    <div class='notes_toc_article'>\n      <div class='notes_toc_section_name'>Communiqu\u00e9<\/div>\n      <div class='notes_toc_article_row'>\n        <div class='notes_toc_article_pdf'>\n        <\/div>\n        <a class='notes_toc_article_title_link' href='https:\/\/mathmatters.cms.math.ca\/fr\/article\/nouveaute-rapport-de-scrutateurs-elections-2025-de-la-smc\/'>NOUVEAUT\u00c9\u00a0: Rapport de scrutateurs - \u00c9lections 2025 de la SMC<\/a>      <\/div>\n    <\/div>\n    <div class='notes_toc_article'>\n      <div class='notes_toc_article_row'>\n        <div class='notes_toc_article_pdf'>\n        <\/div>\n        <a class='notes_toc_article_title_link' href='https:\/\/mathmatters.cms.math.ca\/fr\/article\/la-smc-felicite-chaleureusement-le-dr-alexandre-girouard-universite-laval-qui-a-recu-le-prix-lumiere-decouverte-de-lannee-en-nature-et-technologies\/'>NOUVEAUT\u00c9\u00a0: La SMC f\u00e9licite chaleureusement le Dr Alexandre Girouard (Universit\u00e9 Laval) qui a re\u00e7u le Prix Lumi\u00e8re \u2013 D\u00e9couverte de l\u2019ann\u00e9e en Nature et technologies !<\/a>      <\/div>\n    <\/div>\n    <div class='notes_toc_article'>\n      <div class='notes_toc_section_name'>R\u00e9unions de la SMC<\/div>\n      <div class='notes_toc_article_row'>\n        <div class='notes_toc_article_pdf'>\n        <\/div>\n        <a class='notes_toc_article_title_link' href='https:\/\/mathmatters.cms.math.ca\/fr\/article\/nouveaute-reunion-dhiver-2025-de-la-smc-5-8-decembre-reservez-la-date\/'>R\u00e9union d'hiver 2025 de la SMC, 5-8 d\u00e9cembre | R\u00e9servez la date!<\/a>      <\/div>\n    <\/div>\n    <div class='notes_toc_article'>\n      <div class='notes_toc_article_row'>\n        <div class='notes_toc_article_pdf'>\n        <\/div>\n        <a class='notes_toc_article_title_link' href='https:\/\/mathmatters.cms.math.ca\/fr\/article\/nouveau-reunion-dhiver-2025-de-la-smc-appel-aux-sessions-deducation\/'>R\u00e9union d'hiver 2025 de la SMC | Appel aux sessions d'\u00e9ducation<\/a>      <\/div>\n    <\/div>\n    <div class='notes_toc_article'>\n      <div class='notes_toc_article_row'>\n        <div class='notes_toc_article_pdf'>\n        <\/div>\n        <a class='notes_toc_article_title_link' href='https:\/\/mathmatters.cms.math.ca\/fr\/article\/nouveau-reunion-dhiver-2025-de-la-smc-appel-aux-sessions-scientifiques\/'>R\u00e9union d'hiver 2025 de la SMC | Appel aux sessions scientifiques<\/a>      <\/div>\n    <\/div>\n    <div class='notes_toc_article'>\n      <div class='notes_toc_section_name'>Annonces<\/div>\n      <div class='notes_toc_article_row'>\n        <div class='notes_toc_article_pdf'>\n<a href='https:\/\/mathmatters.cms.math.ca\/wp-content\/uploads\/2025\/05\/Proc-A-Special-collection-flyer-multiple-wave-scattering.pdf' title='Cliquer ici pour t\u00e9l\u00e9charger une copie PDF de l\u2019article'><img class='pdficon' style='height: 32px;' src='\/wp-content\/uploads\/2019\/12\/PDF-download.png' alt='PDF icon' title=\"T\u00e9l\u00e9charger une copie PDF de l'article\"><\/a>        <\/div>\n        <a class='notes_toc_article_title_link' href='https:\/\/mathmatters.cms.math.ca\/fr\/article\/nouveaute-proceedings-a-mathematical-theory-and-applications-of-multiple-wave-scattering\/'>Proceedings A: Mathematical theory and applications of multiple wave scattering<\/a>      <\/div>\n    <\/div>\n    <div class='notes_toc_article'>\n      <div class='notes_toc_article_row'>\n        <div class='notes_toc_article_pdf'>\n        <\/div>\n        <a class='notes_toc_article_title_link' href='https:\/\/mathmatters.cms.math.ca\/fr\/article\/camp-de-maths-dete-du-smc-2025-les-inscriptions-sont-ouvertes\/'>Camp d'\u00e9t\u00e9 de math\u00e9matiques 2026 de la SMC | Les inscriptions sont ouvertes<\/a>      <\/div>\n    <\/div>\n    <div class='notes_toc_article'>\n      <div class='notes_toc_article_row'>\n        <div class='notes_toc_article_pdf'>\n        <\/div>\n        <a class='notes_toc_article_title_link' href='https:\/\/mathmatters.cms.math.ca\/fr\/article\/nouveaute-international-congress-of-mathematicians-july-23-30-2025\/'>International Congress of Mathematicians | July 23 - 30 , 2026<\/a> <span class='notes_toc_author_name'>&mdash;&nbsp;ICM<\/span>      <\/div>\n    <\/div>\n    <div class='notes_toc_article'>\n      <div class='notes_toc_article_row'>\n        <div class='notes_toc_article_pdf'>\n        <\/div>\n        <a class='notes_toc_article_title_link' href='https:\/\/mathmatters.cms.math.ca\/fr\/article\/nouveaute-call-for-proposals-birs-matrix-tandem-workshop-november-22-27-2026\/'>Call for Proposals: BIRS-MATRIX Tandem Workshop (November 22-27, 2026)<\/a>      <\/div>\n    <\/div>\n    <div class='notes_toc_article'>\n      <div class='notes_toc_section_name'>Appel de mises en candidature<\/div>\n      <div class='notes_toc_article_row'>\n        <div class='notes_toc_article_pdf'>\n        <\/div>\n        <a class='notes_toc_article_title_link' href='https:\/\/mathmatters.cms.math.ca\/fr\/article\/nouveaute-appel-du-comite-des-prix-internationaux\/'>Appel du Comit\u00e9 des prix internationaux<\/a> <span class='notes_toc_author_name'>&mdash;&nbsp;Javad Mashreghi<\/span>      <\/div>\n    <\/div>\n    <div class='notes_toc_article'>\n      <div class='notes_toc_article_row'>\n        <div class='notes_toc_article_pdf'>\n        <\/div>\n        <a class='notes_toc_article_title_link' href='https:\/\/mathmatters.cms.math.ca\/fr\/article\/nouveaute-appel-aux-mises-en-candidature-prix-de-recherche-2026-date-limite-30-septembre\/'>Appel aux mises en candidature : Prix de recherche 2026 | date limite 30 septembre<\/a>      <\/div>\n    <\/div>\n    <div class='notes_toc_article'>\n      <div class='notes_toc_article_row'>\n        <div class='notes_toc_article_pdf'>\n        <\/div>\n        <a class='notes_toc_article_title_link' href='https:\/\/mathmatters.cms.math.ca\/fr\/article\/nouveaute-appel-aux-candidatures-redacteur-en-chef-rec-crux-mathematicorum\/'>Appel aux mises en nomination : R\u00e9dacteur en chef (REC), Crux Mathematicorum | date limite 15 juillet<\/a>      <\/div>\n    <\/div>\n    <div class='notes_toc_article'>\n      <div class='notes_toc_section_name'>Crux Corner<\/div>\n      <div class='notes_toc_article_row'>\n        <div class='notes_toc_article_pdf'>\n        <\/div>\n        <a class='notes_toc_article_title_link' href='https:\/\/mathmatters.cms.math.ca\/fr\/article\/nouveaute-crux-mathematicorum-numero-de-mai-mettez-vous-au-defi-avec-le-journal-de-resolution-de-problemes-du-smc\/'>NOUVEAUT\u00c9\u00a0: Crux Mathematicorum - Num\u00e9ro de mai - Mettez vous au d\u00e9fi avec le journal de r\u00e9solution de probl\u00e8mes du SMC<\/a> <span class='notes_toc_author_name'>&mdash;&nbsp;Crux Editorial Board<\/span>      <\/div>\n    <\/div>\n    <div class='notes_toc_article'>\n      <div class='notes_toc_section_name'>Comit\u00e9 \u00e9tudiant de la SMC<\/div>\n      <div class='notes_toc_article_row'>\n        <div class='notes_toc_article_pdf'>\n        <\/div>\n        <a class='notes_toc_article_title_link' href='https:\/\/mathmatters.cms.math.ca\/fr\/article\/nouveaute-venez-au-congres-canadien-des-etudiants-en-mathematiques-ccem-2025-a-luniversite-de-waterloo\/'>Venez au Congr\u00e8s canadien des \u00e9tudiants en math\u00e9matiques (CC\u00c9M) 2025 \u00e0 l\u2019Universit\u00e9 de Waterloo!<\/a> <span class='notes_toc_author_name'>&mdash;&nbsp;CMS Student Committee<\/span>      <\/div>\n    <\/div>\n    <div class='notes_toc_article'>\n      <div class='notes_toc_section_name'>CMS Student Committee<\/div>\n      <div class='notes_toc_article_row'>\n        <div class='notes_toc_article_pdf'>\n        <\/div>\n        <a class='notes_toc_article_title_link' href='https:\/\/mathmatters.cms.math.ca\/fr\/article\/studc-connect-with-us-on-discord\/'>Connect with us on Discord!<\/a> <span class='notes_toc_author_name'>&mdash;&nbsp;Student Committee of the CMS<\/span>      <\/div>\n    <\/div>\n<\/div>\n<\/div>\n<\/div>\n    <\/div>\n  <div class='notes_issues_issident' id='notes_issues_issident_2_22'><a href='javascript:void(0);' title=\"afficher\/masquer le contenu\" onclick='notes_issues_iss_vh(2, 22)'><img src='\/wp-content\/uploads\/2020\/01\/folder-closed.png' alt='afficher' class='notes_issues_toggles' id='notes_issues_toggle_show_2_22' ><img src='\/wp-content\/uploads\/2020\/01\/folder-open.png' alt='masquer' class='notes_issues_toggles' id='notes_issues_toggle_hide_2_22' style='display:none;'>[22] Num\u00e9ro du 6 juin 2025<\/a>\n<\/div>\n    <div class='notes_issues_isscontents' id='notes_issues_isscontents_2_22' style='display:none;'>\n<div class='notes_render_toc notes_noprint notes_toc_style_2' style='' id='notes_toc'>\n<div class='notes_toc_body'>\n  <div class='notes_toc_articles'>\n    <div class='notes_toc_article'>\n      <div class='notes_toc_section_name'>Communiqu\u00e9<\/div>\n      <div class='notes_toc_article_row'>\n        <div class='notes_toc_article_pdf'>\n        <\/div>\n        <a class='notes_toc_article_title_link' href='https:\/\/mathmatters.cms.math.ca\/fr\/article\/nouveaute-rejoignez-nous-pour-la-conference-publique-ivado-de-la-reunion-dete-2025-de-la-smc\/'>NOUVEAUT\u00c9\u00a0: Rejoignez-nous pour la conf\u00e9rence publique IVADO de la r\u00e9union d'\u00e9t\u00e9 2025 de la SMC !<\/a>      <\/div>\n    <\/div>\n    <div class='notes_toc_article'>\n      <div class='notes_toc_article_row'>\n        <div class='notes_toc_article_pdf'>\n        <\/div>\n        <a class='notes_toc_article_title_link' href='https:\/\/mathmatters.cms.math.ca\/fr\/article\/la-smc-felicite-chaleureusement-le-dr-alexandre-girouard-universite-laval-qui-a-recu-le-prix-lumiere-decouverte-de-lannee-en-nature-et-technologies\/'>NOUVEAUT\u00c9\u00a0: La SMC f\u00e9licite chaleureusement le Dr Alexandre Girouard (Universit\u00e9 Laval) qui a re\u00e7u le Prix Lumi\u00e8re \u2013 D\u00e9couverte de l\u2019ann\u00e9e en Nature et technologies !<\/a>      <\/div>\n    <\/div>\n    <div class='notes_toc_article'>\n      <div class='notes_toc_section_name'>Annonces<\/div>\n      <div class='notes_toc_article_row'>\n        <div class='notes_toc_article_pdf'>\n        <\/div>\n        <a class='notes_toc_article_title_link' href='https:\/\/mathmatters.cms.math.ca\/fr\/article\/nouveaute-assemblee-generale-annuelle-2025-de-la-smc\/'>Assembl\u00e9e g\u00e9n\u00e9rale annuelle 2025 de la SMC<\/a>      <\/div>\n    <\/div>\n    <div class='notes_toc_article'>\n      <div class='notes_toc_article_row'>\n        <div class='notes_toc_article_pdf'>\n        <\/div>\n        <a class='notes_toc_article_title_link' href='https:\/\/mathmatters.cms.math.ca\/fr\/article\/nouveaute-dccg-fest-in-honor-of-karoly-bezdeks-70th-birthday-july-14-18-2025-calgary\/'>DCCG Fest in honor of Karoly Bezdek\u2019s 70th birthday, July 14-18, 2025, Calgary<\/a> <span class='notes_toc_author_name'>&mdash;&nbsp;Conference Organizers<\/span>      <\/div>\n    <\/div>\n    <div class='notes_toc_article'>\n      <div class='notes_toc_section_name'>R\u00e9unions de la SMC<\/div>\n      <div class='notes_toc_article_row'>\n        <div class='notes_toc_article_pdf'>\n        <\/div>\n        <a class='notes_toc_article_title_link' href='https:\/\/mathmatters.cms.math.ca\/fr\/article\/nouveaute-reunion-dhiver-2025-de-la-smc-5-8-decembre-reservez-la-date\/'>R\u00e9union d'hiver 2025 de la SMC, 5-8 d\u00e9cembre | R\u00e9servez la date!<\/a>      <\/div>\n    <\/div>\n    <div class='notes_toc_article'>\n      <div class='notes_toc_article_row'>\n        <div class='notes_toc_article_pdf'>\n        <\/div>\n        <a class='notes_toc_article_title_link' href='https:\/\/mathmatters.cms.math.ca\/fr\/article\/nouveau-reunion-dhiver-2025-de-la-smc-appel-aux-sessions-deducation\/'>R\u00e9union d'hiver 2025 de la SMC | Appel aux sessions d'\u00e9ducation<\/a>      <\/div>\n    <\/div>\n    <div class='notes_toc_article'>\n      <div class='notes_toc_article_row'>\n        <div class='notes_toc_article_pdf'>\n        <\/div>\n        <a class='notes_toc_article_title_link' href='https:\/\/mathmatters.cms.math.ca\/fr\/article\/nouveau-reunion-dhiver-2025-de-la-smc-appel-aux-sessions-scientifiques\/'>R\u00e9union d'hiver 2025 de la SMC | Appel aux sessions scientifiques<\/a>      <\/div>\n    <\/div>\n    <div class='notes_toc_article'>\n      <div class='notes_toc_section_name'>Annonces<\/div>\n      <div class='notes_toc_article_row'>\n        <div class='notes_toc_article_pdf'>\n<a href='https:\/\/mathmatters.cms.math.ca\/wp-content\/uploads\/2025\/05\/Proc-A-Special-collection-flyer-multiple-wave-scattering.pdf' title='Cliquer ici pour t\u00e9l\u00e9charger une copie PDF de l\u2019article'><img class='pdficon' style='height: 32px;' src='\/wp-content\/uploads\/2019\/12\/PDF-download.png' alt='PDF icon' title=\"T\u00e9l\u00e9charger une copie PDF de l'article\"><\/a>        <\/div>\n        <a class='notes_toc_article_title_link' href='https:\/\/mathmatters.cms.math.ca\/fr\/article\/nouveaute-proceedings-a-mathematical-theory-and-applications-of-multiple-wave-scattering\/'>Proceedings A: Mathematical theory and applications of multiple wave scattering<\/a>      <\/div>\n    <\/div>\n    <div class='notes_toc_article'>\n      <div class='notes_toc_article_row'>\n        <div class='notes_toc_article_pdf'>\n        <\/div>\n        <a class='notes_toc_article_title_link' href='https:\/\/mathmatters.cms.math.ca\/fr\/article\/camp-de-maths-dete-du-smc-2025-les-inscriptions-sont-ouvertes\/'>Camp d'\u00e9t\u00e9 de math\u00e9matiques 2026 de la SMC | Les inscriptions sont ouvertes<\/a>      <\/div>\n    <\/div>\n    <div class='notes_toc_article'>\n      <div class='notes_toc_article_row'>\n        <div class='notes_toc_article_pdf'>\n        <\/div>\n        <a class='notes_toc_article_title_link' href='https:\/\/mathmatters.cms.math.ca\/fr\/article\/nouveaute-international-congress-of-mathematicians-july-23-30-2025\/'>International Congress of Mathematicians | July 23 - 30 , 2026<\/a> <span class='notes_toc_author_name'>&mdash;&nbsp;ICM<\/span>      <\/div>\n    <\/div>\n    <div class='notes_toc_article'>\n      <div class='notes_toc_article_row'>\n        <div class='notes_toc_article_pdf'>\n        <\/div>\n        <a class='notes_toc_article_title_link' href='https:\/\/mathmatters.cms.math.ca\/fr\/article\/nouveaute-call-for-proposals-birs-matrix-tandem-workshop-november-22-27-2026\/'>Call for Proposals: BIRS-MATRIX Tandem Workshop (November 22-27, 2026)<\/a>      <\/div>\n    <\/div>\n    <div class='notes_toc_article'>\n      <div class='notes_toc_section_name'>Appel de mises en candidature<\/div>\n      <div class='notes_toc_article_row'>\n        <div class='notes_toc_article_pdf'>\n        <\/div>\n        <a class='notes_toc_article_title_link' href='https:\/\/mathmatters.cms.math.ca\/fr\/article\/nouveaute-appel-du-comite-des-prix-internationaux\/'>Appel du Comit\u00e9 des prix internationaux<\/a> <span class='notes_toc_author_name'>&mdash;&nbsp;Javad Mashreghi<\/span>      <\/div>\n    <\/div>\n    <div class='notes_toc_article'>\n      <div class='notes_toc_article_row'>\n        <div class='notes_toc_article_pdf'>\n        <\/div>\n        <a class='notes_toc_article_title_link' href='https:\/\/mathmatters.cms.math.ca\/fr\/article\/nouveaute-appel-aux-mises-en-candidature-prix-de-recherche-2026-date-limite-30-septembre\/'>Appel aux mises en candidature : Prix de recherche 2026 | date limite 30 septembre<\/a>      <\/div>\n    <\/div>\n    <div class='notes_toc_article'>\n      <div class='notes_toc_article_row'>\n        <div class='notes_toc_article_pdf'>\n        <\/div>\n        <a class='notes_toc_article_title_link' href='https:\/\/mathmatters.cms.math.ca\/fr\/article\/nouveaute-appel-aux-candidatures-redacteur-en-chef-rec-crux-mathematicorum\/'>Appel aux mises en nomination : R\u00e9dacteur en chef (REC), Crux Mathematicorum | date limite 15 juillet<\/a>      <\/div>\n    <\/div>\n    <div class='notes_toc_article'>\n      <div class='notes_toc_section_name'>CMS Student Committee<\/div>\n      <div class='notes_toc_article_row'>\n        <div class='notes_toc_article_pdf'>\n        <\/div>\n        <a class='notes_toc_article_title_link' href='https:\/\/mathmatters.cms.math.ca\/fr\/article\/studc-connect-with-us-on-discord\/'>Connect with us on Discord!<\/a> <span class='notes_toc_author_name'>&mdash;&nbsp;Student Committee of the CMS<\/span>      <\/div>\n    <\/div>\n    <div class='notes_toc_article'>\n      <div class='notes_toc_section_name'>Comit\u00e9 \u00e9tudiant de la SMC<\/div>\n      <div class='notes_toc_article_row'>\n        <div class='notes_toc_article_pdf'>\n        <\/div>\n        <a class='notes_toc_article_title_link' href='https:\/\/mathmatters.cms.math.ca\/fr\/article\/nouveaute-venez-au-congres-canadien-des-etudiants-en-mathematiques-ccem-2025-a-luniversite-de-waterloo\/'>Venez au Congr\u00e8s canadien des \u00e9tudiants en math\u00e9matiques (CC\u00c9M) 2025 \u00e0 l\u2019Universit\u00e9 de Waterloo!<\/a> <span class='notes_toc_author_name'>&mdash;&nbsp;CMS Student Committee<\/span>      <\/div>\n    <\/div>\n<\/div>\n<\/div>\n<\/div>\n    <\/div>\n  <div class='notes_issues_issident' id='notes_issues_issident_2_21'><a href='javascript:void(0);' title=\"afficher\/masquer le contenu\" onclick='notes_issues_iss_vh(2, 21)'><img src='\/wp-content\/uploads\/2020\/01\/folder-closed.png' alt='afficher' class='notes_issues_toggles' id='notes_issues_toggle_show_2_21' ><img src='\/wp-content\/uploads\/2020\/01\/folder-open.png' alt='masquer' class='notes_issues_toggles' id='notes_issues_toggle_hide_2_21' style='display:none;'>[21] Num\u00e9ro du 30 mai 2025<\/a>\n<\/div>\n    <div class='notes_issues_isscontents' id='notes_issues_isscontents_2_21' style='display:none;'>\n<div class='notes_render_toc notes_noprint notes_toc_style_2' style='' id='notes_toc'>\n<div class='notes_toc_body'>\n  <div class='notes_toc_articles'>\n    <div class='notes_toc_article'>\n      <div class='notes_toc_section_name'>Communiqu\u00e9<\/div>\n      <div class='notes_toc_article_row'>\n        <div class='notes_toc_article_pdf'>\n        <\/div>\n        <a class='notes_toc_article_title_link' href='https:\/\/mathmatters.cms.math.ca\/fr\/article\/nouveaute-oim-2025-presentation-de-lequipe-de-maths-du-canada\/'>NOUVEAUT\u00c9\u00a0: OIM 2025 : Pr\u00e9sentation de l\u2019\u00c9quipe de maths du Canada<\/a>      <\/div>\n    <\/div>\n    <div class='notes_toc_article'>\n      <div class='notes_toc_article_row'>\n        <div class='notes_toc_article_pdf'>\n        <\/div>\n        <a class='notes_toc_article_title_link' href='https:\/\/mathmatters.cms.math.ca\/fr\/article\/nouveaute-le-dr-mark-lewis-elu-fellow-de-la-royal-society\/'>NOUVEAUT\u00c9\u00a0: Le Dr Mark Lewis \u00e9lu Fellow de la Royal Society<\/a>      <\/div>\n    <\/div>\n    <div class='notes_toc_article'>\n      <div class='notes_toc_section_name'>Annonces<\/div>\n      <div class='notes_toc_article_row'>\n        <div class='notes_toc_article_pdf'>\n        <\/div>\n        <a class='notes_toc_article_title_link' href='https:\/\/mathmatters.cms.math.ca\/fr\/article\/nouveaute-assemblee-generale-annuelle-2025-de-la-smc\/'>Assembl\u00e9e g\u00e9n\u00e9rale annuelle 2025 de la SMC<\/a>      <\/div>\n    <\/div>\n    <div class='notes_toc_article'>\n      <div class='notes_toc_article_row'>\n        <div class='notes_toc_article_pdf'>\n        <\/div>\n        <a class='notes_toc_article_title_link' href='https:\/\/mathmatters.cms.math.ca\/fr\/article\/nouveaute-dccg-fest-in-honor-of-karoly-bezdeks-70th-birthday-july-14-18-2025-calgary\/'>DCCG Fest in honor of Karoly Bezdek\u2019s 70th birthday, July 14-18, 2025, Calgary<\/a> <span class='notes_toc_author_name'>&mdash;&nbsp;Conference Organizers<\/span>      <\/div>\n    <\/div>\n    <div class='notes_toc_article'>\n      <div class='notes_toc_section_name'>R\u00e9unions de la SMC<\/div>\n      <div class='notes_toc_article_row'>\n        <div class='notes_toc_article_pdf'>\n        <\/div>\n        <a class='notes_toc_article_title_link' href='https:\/\/mathmatters.cms.math.ca\/fr\/article\/nouveaute-reunion-dhiver-2025-de-la-smc-5-8-decembre-reservez-la-date\/'>R\u00e9union d'hiver 2025 de la SMC, 5-8 d\u00e9cembre | R\u00e9servez la date!<\/a>      <\/div>\n    <\/div>\n    <div class='notes_toc_article'>\n      <div class='notes_toc_article_row'>\n        <div class='notes_toc_article_pdf'>\n        <\/div>\n        <a class='notes_toc_article_title_link' href='https:\/\/mathmatters.cms.math.ca\/fr\/article\/nouveau-reunion-dhiver-2025-de-la-smc-appel-aux-sessions-deducation\/'>R\u00e9union d'hiver 2025 de la SMC | Appel aux sessions d'\u00e9ducation<\/a>      <\/div>\n    <\/div>\n    <div class='notes_toc_article'>\n      <div class='notes_toc_article_row'>\n        <div class='notes_toc_article_pdf'>\n        <\/div>\n        <a class='notes_toc_article_title_link' href='https:\/\/mathmatters.cms.math.ca\/fr\/article\/nouveau-reunion-dhiver-2025-de-la-smc-appel-aux-sessions-scientifiques\/'>R\u00e9union d'hiver 2025 de la SMC | Appel aux sessions scientifiques<\/a>      <\/div>\n    <\/div>\n    <div class='notes_toc_article'>\n      <div class='notes_toc_section_name'>Annonces<\/div>\n      <div class='notes_toc_article_row'>\n        <div class='notes_toc_article_pdf'>\n<a href='https:\/\/mathmatters.cms.math.ca\/wp-content\/uploads\/2025\/05\/Proc-A-Special-collection-flyer-multiple-wave-scattering.pdf' title='Cliquer ici pour t\u00e9l\u00e9charger une copie PDF de l\u2019article'><img class='pdficon' style='height: 32px;' src='\/wp-content\/uploads\/2019\/12\/PDF-download.png' alt='PDF icon' title=\"T\u00e9l\u00e9charger une copie PDF de l'article\"><\/a>        <\/div>\n        <a class='notes_toc_article_title_link' href='https:\/\/mathmatters.cms.math.ca\/fr\/article\/nouveaute-proceedings-a-mathematical-theory-and-applications-of-multiple-wave-scattering\/'>Proceedings A: Mathematical theory and applications of multiple wave scattering<\/a>      <\/div>\n    <\/div>\n    <div class='notes_toc_article'>\n      <div class='notes_toc_article_row'>\n        <div class='notes_toc_article_pdf'>\n        <\/div>\n        <a class='notes_toc_article_title_link' href='https:\/\/mathmatters.cms.math.ca\/fr\/article\/camp-de-maths-dete-du-smc-2025-les-inscriptions-sont-ouvertes\/'>Camp d'\u00e9t\u00e9 de math\u00e9matiques 2026 de la SMC | Les inscriptions sont ouvertes<\/a>      <\/div>\n    <\/div>\n    <div class='notes_toc_article'>\n      <div class='notes_toc_article_row'>\n        <div class='notes_toc_article_pdf'>\n        <\/div>\n        <a class='notes_toc_article_title_link' href='https:\/\/mathmatters.cms.math.ca\/fr\/article\/nouveaute-international-congress-of-mathematicians-july-23-30-2025\/'>International Congress of Mathematicians | July 23 - 30 , 2026<\/a> <span class='notes_toc_author_name'>&mdash;&nbsp;ICM<\/span>      <\/div>\n    <\/div>\n    <div class='notes_toc_article'>\n      <div class='notes_toc_section_name'>Appel de mises en candidature<\/div>\n      <div class='notes_toc_article_row'>\n        <div class='notes_toc_article_pdf'>\n        <\/div>\n        <a class='notes_toc_article_title_link' href='https:\/\/mathmatters.cms.math.ca\/fr\/article\/nouveaute-appel-du-comite-des-prix-internationaux\/'>Appel du Comit\u00e9 des prix internationaux<\/a> <span class='notes_toc_author_name'>&mdash;&nbsp;Javad Mashreghi<\/span>      <\/div>\n    <\/div>\n    <div class='notes_toc_article'>\n      <div class='notes_toc_article_row'>\n        <div class='notes_toc_article_pdf'>\n        <\/div>\n        <a class='notes_toc_article_title_link' href='https:\/\/mathmatters.cms.math.ca\/fr\/article\/nouveaute-appel-aux-mises-en-candidature-prix-de-recherche-2026-date-limite-30-septembre\/'>Appel aux mises en candidature : Prix de recherche 2026 | date limite 30 septembre<\/a>      <\/div>\n    <\/div>\n    <div class='notes_toc_article'>\n      <div class='notes_toc_article_row'>\n        <div class='notes_toc_article_pdf'>\n        <\/div>\n        <a class='notes_toc_article_title_link' href='https:\/\/mathmatters.cms.math.ca\/fr\/article\/nouveaute-appel-aux-candidatures-redacteur-en-chef-rec-crux-mathematicorum\/'>Appel aux mises en nomination : R\u00e9dacteur en chef (REC), Crux Mathematicorum | date limite 15 juillet<\/a>      <\/div>\n    <\/div>\n    <div class='notes_toc_article'>\n      <div class='notes_toc_section_name'>Comit\u00e9 \u00e9tudiant de la SMC<\/div>\n      <div class='notes_toc_article_row'>\n        <div class='notes_toc_article_pdf'>\n        <\/div>\n        <a class='notes_toc_article_title_link' href='https:\/\/mathmatters.cms.math.ca\/fr\/article\/nouveaute-diner-conjoint-wimc-comite-etudiant-de-la-smc\/'>NOUVEAUT\u00c9\u00a0: D\u00eener conjoint WIMC & Comit\u00e9 \u00e9tudiant de la SMC<\/a>      <\/div>\n    <\/div>\n    <div class='notes_toc_article'>\n      <div class='notes_toc_section_name'>CMS Student Committee<\/div>\n      <div class='notes_toc_article_row'>\n        <div class='notes_toc_article_pdf'>\n        <\/div>\n        <a class='notes_toc_article_title_link' href='https:\/\/mathmatters.cms.math.ca\/fr\/article\/studc-connect-with-us-on-discord\/'>Connect with us on Discord!<\/a> <span class='notes_toc_author_name'>&mdash;&nbsp;Student Committee of the CMS<\/span>      <\/div>\n    <\/div>\n    <div class='notes_toc_article'>\n      <div class='notes_toc_section_name'>Comit\u00e9 \u00e9tudiant de la SMC<\/div>\n      <div class='notes_toc_article_row'>\n        <div class='notes_toc_article_pdf'>\n        <\/div>\n        <a class='notes_toc_article_title_link' href='https:\/\/mathmatters.cms.math.ca\/fr\/article\/nouveaute-venez-au-congres-canadien-des-etudiants-en-mathematiques-ccem-2025-a-luniversite-de-waterloo\/'>Venez au Congr\u00e8s canadien des \u00e9tudiants en math\u00e9matiques (CC\u00c9M) 2025 \u00e0 l\u2019Universit\u00e9 de Waterloo!<\/a> <span class='notes_toc_author_name'>&mdash;&nbsp;CMS Student Committee<\/span>      <\/div>\n    <\/div>\n<\/div>\n<\/div>\n<\/div>\n    <\/div>\n  <div class='notes_issues_issident' id='notes_issues_issident_2_20'><a href='javascript:void(0);' title=\"afficher\/masquer le contenu\" onclick='notes_issues_iss_vh(2, 20)'><img src='\/wp-content\/uploads\/2020\/01\/folder-closed.png' alt='afficher' class='notes_issues_toggles' id='notes_issues_toggle_show_2_20' ><img src='\/wp-content\/uploads\/2020\/01\/folder-open.png' alt='masquer' class='notes_issues_toggles' id='notes_issues_toggle_hide_2_20' style='display:none;'>[20] Num\u00e9ro du 23 mai 2025<\/a>\n<\/div>\n    <div class='notes_issues_isscontents' id='notes_issues_isscontents_2_20' style='display:none;'>\n<div class='notes_render_toc notes_noprint notes_toc_style_2' style='' id='notes_toc'>\n<div class='notes_toc_body'>\n  <div class='notes_toc_articles'>\n    <div class='notes_toc_article'>\n      <div class='notes_toc_section_name'>Communiqu\u00e9<\/div>\n      <div class='notes_toc_article_row'>\n        <div class='notes_toc_article_pdf'>\n        <\/div>\n        <a class='notes_toc_article_title_link' href='https:\/\/mathmatters.cms.math.ca\/fr\/article\/nouveaute-la-prof-barbara-forrest-et-le-dr-brian-forrest-recoivent-le-prix-adrien-pouliot-2025\/'>NOUVEAUT\u00c9\u00a0: La Prof. Barbara Forrest et le Dr Brian Forrest re\u00e7oivent le Prix Adrien Pouliot 2025<\/a>      <\/div>\n    <\/div>\n    <div class='notes_toc_article'>\n      <div class='notes_toc_section_name'>Annonces<\/div>\n      <div class='notes_toc_article_row'>\n        <div class='notes_toc_article_pdf'>\n        <\/div>\n        <a class='notes_toc_article_title_link' href='https:\/\/mathmatters.cms.math.ca\/fr\/article\/nouveaute-votez-pour-les-elections-de-la-smc-2025-date-limite-25-mai-2025\/'>Votez pour les \u00e9lections de la SMC 2025 ! | Date limite 25 mai 2025<\/a>      <\/div>\n    <\/div>\n    <div class='notes_toc_article'>\n      <div class='notes_toc_article_row'>\n        <div class='notes_toc_article_pdf'>\n        <\/div>\n        <a class='notes_toc_article_title_link' href='https:\/\/mathmatters.cms.math.ca\/fr\/article\/nouveaute-dccg-fest-in-honor-of-karoly-bezdeks-70th-birthday-july-14-18-2025-calgary\/'>DCCG Fest in honor of Karoly Bezdek\u2019s 70th birthday, July 14-18, 2025, Calgary<\/a> <span class='notes_toc_author_name'>&mdash;&nbsp;Conference Organizers<\/span>      <\/div>\n    <\/div>\n    <div class='notes_toc_article'>\n      <div class='notes_toc_article_row'>\n        <div class='notes_toc_article_pdf'>\n        <\/div>\n        <a class='notes_toc_article_title_link' href='https:\/\/mathmatters.cms.math.ca\/fr\/article\/nouveaute-assemblee-generale-annuelle-2025-de-la-smc\/'>Assembl\u00e9e g\u00e9n\u00e9rale annuelle 2025 de la SMC<\/a>      <\/div>\n    <\/div>\n    <div class='notes_toc_article'>\n      <div class='notes_toc_section_name'>R\u00e9unions de la SMC<\/div>\n      <div class='notes_toc_article_row'>\n        <div class='notes_toc_article_pdf'>\n        <\/div>\n        <a class='notes_toc_article_title_link' href='https:\/\/mathmatters.cms.math.ca\/fr\/article\/nouveaute-reunion-dhiver-2025-de-la-smc-5-8-decembre-reservez-la-date\/'>R\u00e9union d'hiver 2025 de la SMC, 5-8 d\u00e9cembre | R\u00e9servez la date!<\/a>      <\/div>\n    <\/div>\n    <div class='notes_toc_article'>\n      <div class='notes_toc_article_row'>\n        <div class='notes_toc_article_pdf'>\n        <\/div>\n        <a class='notes_toc_article_title_link' href='https:\/\/mathmatters.cms.math.ca\/fr\/article\/nouveau-reunion-dhiver-2025-de-la-smc-appel-aux-sessions-deducation\/'>R\u00e9union d'hiver 2025 de la SMC | Appel aux sessions d'\u00e9ducation<\/a>      <\/div>\n    <\/div>\n    <div class='notes_toc_article'>\n      <div class='notes_toc_article_row'>\n        <div class='notes_toc_article_pdf'>\n        <\/div>\n        <a class='notes_toc_article_title_link' href='https:\/\/mathmatters.cms.math.ca\/fr\/article\/nouveau-reunion-dhiver-2025-de-la-smc-appel-aux-sessions-scientifiques\/'>R\u00e9union d'hiver 2025 de la SMC | Appel aux sessions scientifiques<\/a>      <\/div>\n    <\/div>\n    <div class='notes_toc_article'>\n      <div class='notes_toc_section_name'>Annonces<\/div>\n      <div class='notes_toc_article_row'>\n        <div class='notes_toc_article_pdf'>\n        <\/div>\n        <a class='notes_toc_article_title_link' href='https:\/\/mathmatters.cms.math.ca\/fr\/article\/camp-de-maths-dete-du-smc-2025-les-inscriptions-sont-ouvertes\/'>Camp d'\u00e9t\u00e9 de math\u00e9matiques 2026 de la SMC | Les inscriptions sont ouvertes<\/a>      <\/div>\n    <\/div>\n    <div class='notes_toc_article'>\n      <div class='notes_toc_article_row'>\n        <div class='notes_toc_article_pdf'>\n        <\/div>\n        <a class='notes_toc_article_title_link' href='https:\/\/mathmatters.cms.math.ca\/fr\/article\/nouveaute-international-congress-of-mathematicians-july-23-30-2025\/'>International Congress of Mathematicians | July 23 - 30 , 2026<\/a> <span class='notes_toc_author_name'>&mdash;&nbsp;ICM<\/span>      <\/div>\n    <\/div>\n    <div class='notes_toc_article'>\n      <div class='notes_toc_article_row'>\n        <div class='notes_toc_article_pdf'>\n<a href='https:\/\/mathmatters.cms.math.ca\/wp-content\/uploads\/2025\/05\/Proc-A-Special-collection-flyer-multiple-wave-scattering.pdf' title='Cliquer ici pour t\u00e9l\u00e9charger une copie PDF de l\u2019article'><img class='pdficon' style='height: 32px;' src='\/wp-content\/uploads\/2019\/12\/PDF-download.png' alt='PDF icon' title=\"T\u00e9l\u00e9charger une copie PDF de l'article\"><\/a>        <\/div>\n        <a class='notes_toc_article_title_link' href='https:\/\/mathmatters.cms.math.ca\/fr\/article\/nouveaute-proceedings-a-mathematical-theory-and-applications-of-multiple-wave-scattering\/'>Proceedings A: Mathematical theory and applications of multiple wave scattering<\/a>      <\/div>\n    <\/div>\n    <div class='notes_toc_article'>\n      <div class='notes_toc_section_name'>Appel de mises en candidature<\/div>\n      <div class='notes_toc_article_row'>\n        <div class='notes_toc_article_pdf'>\n        <\/div>\n        <a class='notes_toc_article_title_link' href='https:\/\/mathmatters.cms.math.ca\/fr\/article\/nouveaute-appel-du-comite-des-prix-internationaux\/'>Appel du Comit\u00e9 des prix internationaux<\/a> <span class='notes_toc_author_name'>&mdash;&nbsp;Javad Mashreghi<\/span>      <\/div>\n    <\/div>\n    <div class='notes_toc_article'>\n      <div class='notes_toc_article_row'>\n        <div class='notes_toc_article_pdf'>\n        <\/div>\n        <a class='notes_toc_article_title_link' href='https:\/\/mathmatters.cms.math.ca\/fr\/article\/nouveaute-appel-aux-mises-en-candidature-prix-de-recherche-2026-date-limite-30-septembre\/'>Appel aux mises en candidature : Prix de recherche 2026 | date limite 30 septembre<\/a>      <\/div>\n    <\/div>\n    <div class='notes_toc_article'>\n      <div class='notes_toc_article_row'>\n        <div class='notes_toc_article_pdf'>\n        <\/div>\n        <a class='notes_toc_article_title_link' href='https:\/\/mathmatters.cms.math.ca\/fr\/article\/nouveaute-appel-aux-candidatures-redacteur-en-chef-rec-crux-mathematicorum\/'>Appel aux mises en nomination : R\u00e9dacteur en chef (REC), Crux Mathematicorum | date limite 15 juillet<\/a>      <\/div>\n    <\/div>\n    <div class='notes_toc_article'>\n      <div class='notes_toc_section_name'>Comit\u00e9 \u00e9tudiant de la SMC<\/div>\n      <div class='notes_toc_article_row'>\n        <div class='notes_toc_article_pdf'>\n        <\/div>\n        <a class='notes_toc_article_title_link' href='https:\/\/mathmatters.cms.math.ca\/fr\/article\/nouveaute-venez-au-congres-canadien-des-etudiants-en-mathematiques-ccem-2025-a-luniversite-de-waterloo\/'>Venez au Congr\u00e8s canadien des \u00e9tudiants en math\u00e9matiques (CC\u00c9M) 2025 \u00e0 l\u2019Universit\u00e9 de Waterloo!<\/a> <span class='notes_toc_author_name'>&mdash;&nbsp;CMS Student Committee<\/span>      <\/div>\n    <\/div>\n    <div class='notes_toc_article'>\n      <div class='notes_toc_section_name'>CMS Student Committee<\/div>\n      <div class='notes_toc_article_row'>\n        <div class='notes_toc_article_pdf'>\n        <\/div>\n        <a class='notes_toc_article_title_link' href='https:\/\/mathmatters.cms.math.ca\/fr\/article\/studc-connect-with-us-on-discord\/'>Connect with us on Discord!<\/a> <span class='notes_toc_author_name'>&mdash;&nbsp;Student Committee of the CMS<\/span>      <\/div>\n    <\/div>\n<\/div>\n<\/div>\n<\/div>\n    <\/div>\n  <div class='notes_issues_issident' id='notes_issues_issident_2_19'><a href='javascript:void(0);' title=\"afficher\/masquer le contenu\" onclick='notes_issues_iss_vh(2, 19)'><img src='\/wp-content\/uploads\/2020\/01\/folder-closed.png' alt='afficher' class='notes_issues_toggles' id='notes_issues_toggle_show_2_19' ><img src='\/wp-content\/uploads\/2020\/01\/folder-open.png' alt='masquer' class='notes_issues_toggles' id='notes_issues_toggle_hide_2_19' style='display:none;'>[19] Num\u00e9ro du 16 mai 2025<\/a>\n<\/div>\n    <div class='notes_issues_isscontents' id='notes_issues_isscontents_2_19' style='display:none;'>\n<div class='notes_render_toc notes_noprint notes_toc_style_2' style='' id='notes_toc'>\n<div class='notes_toc_body'>\n  <div class='notes_toc_articles'>\n    <div class='notes_toc_article'>\n      <div class='notes_toc_section_name'>Communiqu\u00e9<\/div>\n      <div class='notes_toc_article_row'>\n        <div class='notes_toc_article_pdf'>\n        <\/div>\n        <a class='notes_toc_article_title_link' href='https:\/\/mathmatters.cms.math.ca\/fr\/article\/nouveaute-declaration-de-preoccupation-pour-le-professeur-mikhail-v-volkov\/'>NOUVEAUT\u00c9\u00a0: D\u00e9claration de pr\u00e9occupation pour le Professeur Mikhail V. Volkov<\/a>      <\/div>\n    <\/div>\n    <div class='notes_toc_article'>\n      <div class='notes_toc_section_name'>Annonces<\/div>\n      <div class='notes_toc_article_row'>\n        <div class='notes_toc_article_pdf'>\n        <\/div>\n        <a class='notes_toc_article_title_link' href='https:\/\/mathmatters.cms.math.ca\/fr\/article\/nouveaute-votez-pour-les-elections-de-la-smc-2025-date-limite-25-mai-2025\/'>Votez pour les \u00e9lections de la SMC 2025 ! | Date limite 25 mai 2025<\/a>      <\/div>\n    <\/div>\n    <div class='notes_toc_article'>\n      <div class='notes_toc_article_row'>\n        <div class='notes_toc_article_pdf'>\n        <\/div>\n        <a class='notes_toc_article_title_link' href='https:\/\/mathmatters.cms.math.ca\/fr\/article\/nouveaute-dccg-fest-in-honor-of-karoly-bezdeks-70th-birthday-july-14-18-2025-calgary\/'>DCCG Fest in honor of Karoly Bezdek\u2019s 70th birthday, July 14-18, 2025, Calgary<\/a> <span class='notes_toc_author_name'>&mdash;&nbsp;Conference Organizers<\/span>      <\/div>\n    <\/div>\n    <div class='notes_toc_article'>\n      <div class='notes_toc_article_row'>\n        <div class='notes_toc_article_pdf'>\n        <\/div>\n        <a class='notes_toc_article_title_link' href='https:\/\/mathmatters.cms.math.ca\/fr\/article\/nouveaute-assemblee-generale-annuelle-2025-de-la-smc\/'>Assembl\u00e9e g\u00e9n\u00e9rale annuelle 2025 de la SMC<\/a>      <\/div>\n    <\/div>\n    <div class='notes_toc_article'>\n      <div class='notes_toc_section_name'>R\u00e9unions de la SMC<\/div>\n      <div class='notes_toc_article_row'>\n        <div class='notes_toc_article_pdf'>\n        <\/div>\n        <a class='notes_toc_article_title_link' href='https:\/\/mathmatters.cms.math.ca\/fr\/article\/nouveaute-reunion-dhiver-2025-de-la-smc-5-8-decembre-reservez-la-date\/'>R\u00e9union d'hiver 2025 de la SMC, 5-8 d\u00e9cembre | R\u00e9servez la date!<\/a>      <\/div>\n    <\/div>\n    <div class='notes_toc_article'>\n      <div class='notes_toc_article_row'>\n        <div class='notes_toc_article_pdf'>\n        <\/div>\n        <a class='notes_toc_article_title_link' href='https:\/\/mathmatters.cms.math.ca\/fr\/article\/nouveau-reunion-dhiver-2025-de-la-smc-appel-aux-sessions-deducation\/'>R\u00e9union d'hiver 2025 de la SMC | Appel aux sessions d'\u00e9ducation<\/a>      <\/div>\n    <\/div>\n    <div class='notes_toc_article'>\n      <div class='notes_toc_article_row'>\n        <div class='notes_toc_article_pdf'>\n        <\/div>\n        <a class='notes_toc_article_title_link' href='https:\/\/mathmatters.cms.math.ca\/fr\/article\/nouveau-reunion-dhiver-2025-de-la-smc-appel-aux-sessions-scientifiques\/'>R\u00e9union d'hiver 2025 de la SMC | Appel aux sessions scientifiques<\/a>      <\/div>\n    <\/div>\n    <div class='notes_toc_article'>\n      <div class='notes_toc_section_name'>Annonces<\/div>\n      <div class='notes_toc_article_row'>\n        <div class='notes_toc_article_pdf'>\n        <\/div>\n        <a class='notes_toc_article_title_link' href='https:\/\/mathmatters.cms.math.ca\/fr\/article\/camp-de-maths-dete-du-smc-2025-les-inscriptions-sont-ouvertes\/'>Camp d'\u00e9t\u00e9 de math\u00e9matiques 2026 de la SMC | Les inscriptions sont ouvertes<\/a>      <\/div>\n    <\/div>\n    <div class='notes_toc_article'>\n      <div class='notes_toc_article_row'>\n        <div class='notes_toc_article_pdf'>\n        <\/div>\n        <a class='notes_toc_article_title_link' href='https:\/\/mathmatters.cms.math.ca\/fr\/article\/nouveaute-international-congress-of-mathematicians-july-23-30-2025\/'>International Congress of Mathematicians | July 23 - 30 , 2026<\/a> <span class='notes_toc_author_name'>&mdash;&nbsp;ICM<\/span>      <\/div>\n    <\/div>\n    <div class='notes_toc_article'>\n      <div class='notes_toc_article_row'>\n        <div class='notes_toc_article_pdf'>\n<a href='https:\/\/mathmatters.cms.math.ca\/wp-content\/uploads\/2025\/05\/Proc-A-Special-collection-flyer-multiple-wave-scattering.pdf' title='Cliquer ici pour t\u00e9l\u00e9charger une copie PDF de l\u2019article'><img class='pdficon' style='height: 32px;' src='\/wp-content\/uploads\/2019\/12\/PDF-download.png' alt='PDF icon' title=\"T\u00e9l\u00e9charger une copie PDF de l'article\"><\/a>        <\/div>\n        <a class='notes_toc_article_title_link' href='https:\/\/mathmatters.cms.math.ca\/fr\/article\/nouveaute-proceedings-a-mathematical-theory-and-applications-of-multiple-wave-scattering\/'>Proceedings A: Mathematical theory and applications of multiple wave scattering<\/a>      <\/div>\n    <\/div>\n    <div class='notes_toc_article'>\n      <div class='notes_toc_section_name'>Appel de mises en candidature<\/div>\n      <div class='notes_toc_article_row'>\n        <div class='notes_toc_article_pdf'>\n        <\/div>\n        <a class='notes_toc_article_title_link' href='https:\/\/mathmatters.cms.math.ca\/fr\/article\/nouveaute-appel-aux-mises-en-candidature-prix-de-recherche-2026-date-limite-30-septembre\/'>Appel aux mises en candidature : Prix de recherche 2026 | date limite 30 septembre<\/a>      <\/div>\n    <\/div>\n    <div class='notes_toc_article'>\n      <div class='notes_toc_article_row'>\n        <div class='notes_toc_article_pdf'>\n        <\/div>\n        <a class='notes_toc_article_title_link' href='https:\/\/mathmatters.cms.math.ca\/fr\/article\/nouveaute-appel-du-comite-des-prix-internationaux\/'>Appel du Comit\u00e9 des prix internationaux<\/a> <span class='notes_toc_author_name'>&mdash;&nbsp;Javad Mashreghi<\/span>      <\/div>\n    <\/div>\n    <div class='notes_toc_article'>\n      <div class='notes_toc_article_row'>\n        <div class='notes_toc_article_pdf'>\n        <\/div>\n        <a class='notes_toc_article_title_link' href='https:\/\/mathmatters.cms.math.ca\/fr\/article\/nouveaute-appel-aux-candidatures-redacteur-en-chef-rec-crux-mathematicorum\/'>Appel aux mises en nomination : R\u00e9dacteur en chef (REC), Crux Mathematicorum | date limite 15 juillet<\/a>      <\/div>\n    <\/div>\n    <div class='notes_toc_article'>\n      <div class='notes_toc_section_name'>Comit\u00e9 \u00e9tudiant de la SMC<\/div>\n      <div class='notes_toc_article_row'>\n        <div class='notes_toc_article_pdf'>\n        <\/div>\n        <a class='notes_toc_article_title_link' href='https:\/\/mathmatters.cms.math.ca\/fr\/article\/nouveaute-appel-a-la-soumission-daffiches-pour-la-session-daffiches-etudiante-du-aarms-smc\/'>Appel \u00e0 la soumission d'affiches pour la session d'affiches \u00e9tudiante du AARMS-SMC<\/a> <span class='notes_toc_author_name'>&mdash;&nbsp;CMS Student Committee<\/span>      <\/div>\n    <\/div>\n    <div class='notes_toc_article'>\n      <div class='notes_toc_section_name'>CMS Student Committee<\/div>\n      <div class='notes_toc_article_row'>\n        <div class='notes_toc_article_pdf'>\n        <\/div>\n        <a class='notes_toc_article_title_link' href='https:\/\/mathmatters.cms.math.ca\/fr\/article\/studc-connect-with-us-on-discord\/'>Connect with us on Discord!<\/a> <span class='notes_toc_author_name'>&mdash;&nbsp;Student Committee of the CMS<\/span>      <\/div>\n    <\/div>\n    <div class='notes_toc_article'>\n      <div class='notes_toc_section_name'>Comit\u00e9 \u00e9tudiant de la SMC<\/div>\n      <div class='notes_toc_article_row'>\n        <div class='notes_toc_article_pdf'>\n        <\/div>\n        <a class='notes_toc_article_title_link' href='https:\/\/mathmatters.cms.math.ca\/fr\/article\/nouveaute-venez-au-congres-canadien-des-etudiants-en-mathematiques-ccem-2025-a-luniversite-de-waterloo\/'>Venez au Congr\u00e8s canadien des \u00e9tudiants en math\u00e9matiques (CC\u00c9M) 2025 \u00e0 l\u2019Universit\u00e9 de Waterloo!<\/a> <span class='notes_toc_author_name'>&mdash;&nbsp;CMS Student Committee<\/span>      <\/div>\n    <\/div>\n<\/div>\n<\/div>\n<\/div>\n    <\/div>\n  <div class='notes_issues_issident' id='notes_issues_issident_2_18'><a href='javascript:void(0);' title=\"afficher\/masquer le contenu\" onclick='notes_issues_iss_vh(2, 18)'><img src='\/wp-content\/uploads\/2020\/01\/folder-closed.png' alt='afficher' class='notes_issues_toggles' id='notes_issues_toggle_show_2_18' ><img src='\/wp-content\/uploads\/2020\/01\/folder-open.png' alt='masquer' class='notes_issues_toggles' id='notes_issues_toggle_hide_2_18' style='display:none;'>[18] Num\u00e9ro du 9 mai 2025<\/a>\n<\/div>\n    <div class='notes_issues_isscontents' id='notes_issues_isscontents_2_18' style='display:none;'>\n<div class='notes_render_toc notes_noprint notes_toc_style_2' style='' id='notes_toc'>\n<div class='notes_toc_body'>\n  <div class='notes_toc_articles'>\n    <div class='notes_toc_article'>\n      <div class='notes_toc_section_name'>Communiqu\u00e9<\/div>\n      <div class='notes_toc_article_row'>\n        <div class='notes_toc_article_pdf'>\n        <\/div>\n        <a class='notes_toc_article_title_link' href='https:\/\/mathmatters.cms.math.ca\/fr\/article\/nouveaute-la-dre-monica-nevins-recoit-le-prix-graham-wright-pour-service-meritoire-2025\/'>NOUVEAUT\u00c9\u00a0: La Dre Monica Nevins re\u00e7oit le prix Graham Wright pour service m\u00e9ritoire 2025<\/a>      <\/div>\n    <\/div>\n    <div class='notes_toc_article'>\n      <div class='notes_toc_section_name'>R\u00e9unions de la SMC<\/div>\n      <div class='notes_toc_article_row'>\n        <div class='notes_toc_article_pdf'>\n        <\/div>\n        <a class='notes_toc_article_title_link' href='https:\/\/mathmatters.cms.math.ca\/fr\/article\/nouveaute-reunion-dete-2025-de-la-smc-6-9-juin-les-inscriptions-sont-ouvertes\/'>R\u00e9union d'\u00e9t\u00e9 2025 de la SMC, 6-9 juin | Les inscriptions sont ouvertes !<\/a>      <\/div>\n    <\/div>\n    <div class='notes_toc_article'>\n      <div class='notes_toc_article_row'>\n        <div class='notes_toc_article_pdf'>\n        <\/div>\n        <a class='notes_toc_article_title_link' href='https:\/\/mathmatters.cms.math.ca\/fr\/article\/nouveaute-reunion-dete-2025-de-la-smc-6-9-juin-banquet-de-remise-des-prix\/'>R\u00e9union d\u2019\u00e9t\u00e9 2025 de la SMC, 6-9 juin | banquet de remise des prix<\/a>      <\/div>\n    <\/div>\n    <div class='notes_toc_article'>\n      <div class='notes_toc_section_name'>Annonces<\/div>\n      <div class='notes_toc_article_row'>\n        <div class='notes_toc_article_pdf'>\n        <\/div>\n        <a class='notes_toc_article_title_link' href='https:\/\/mathmatters.cms.math.ca\/fr\/article\/nouveaute-assemblee-generale-annuelle-2025-de-la-smc\/'>Assembl\u00e9e g\u00e9n\u00e9rale annuelle 2025 de la SMC<\/a>      <\/div>\n    <\/div>\n    <div class='notes_toc_article'>\n      <div class='notes_toc_article_row'>\n        <div class='notes_toc_article_pdf'>\n        <\/div>\n        <a class='notes_toc_article_title_link' href='https:\/\/mathmatters.cms.math.ca\/fr\/article\/nouveaute-dccg-fest-in-honor-of-karoly-bezdeks-70th-birthday-july-14-18-2025-calgary\/'>DCCG Fest in honor of Karoly Bezdek\u2019s 70th birthday, July 14-18, 2025, Calgary<\/a> <span class='notes_toc_author_name'>&mdash;&nbsp;Conference Organizers<\/span>      <\/div>\n    <\/div>\n    <div class='notes_toc_article'>\n      <div class='notes_toc_article_row'>\n        <div class='notes_toc_article_pdf'>\n        <\/div>\n        <a class='notes_toc_article_title_link' href='https:\/\/mathmatters.cms.math.ca\/fr\/article\/nouveaute-votez-pour-les-elections-de-la-smc-2025-date-limite-25-mai-2025\/'>Votez pour les \u00e9lections de la SMC 2025 ! | Date limite 25 mai 2025<\/a>      <\/div>\n    <\/div>\n    <div class='notes_toc_article'>\n      <div class='notes_toc_section_name'>R\u00e9unions de la SMC<\/div>\n      <div class='notes_toc_article_row'>\n        <div class='notes_toc_article_pdf'>\n        <\/div>\n        <a class='notes_toc_article_title_link' href='https:\/\/mathmatters.cms.math.ca\/fr\/article\/nouveaute-reunion-dhiver-2025-de-la-smc-5-8-decembre-reservez-la-date\/'>R\u00e9union d'hiver 2025 de la SMC, 5-8 d\u00e9cembre | R\u00e9servez la date!<\/a>      <\/div>\n    <\/div>\n    <div class='notes_toc_article'>\n      <div class='notes_toc_article_row'>\n        <div class='notes_toc_article_pdf'>\n        <\/div>\n        <a class='notes_toc_article_title_link' href='https:\/\/mathmatters.cms.math.ca\/fr\/article\/nouveau-reunion-dhiver-2025-de-la-smc-appel-aux-sessions-deducation\/'>R\u00e9union d'hiver 2025 de la SMC | Appel aux sessions d'\u00e9ducation<\/a>      <\/div>\n    <\/div>\n    <div class='notes_toc_article'>\n      <div class='notes_toc_article_row'>\n        <div class='notes_toc_article_pdf'>\n        <\/div>\n        <a class='notes_toc_article_title_link' href='https:\/\/mathmatters.cms.math.ca\/fr\/article\/nouveau-reunion-dhiver-2025-de-la-smc-appel-aux-sessions-scientifiques\/'>R\u00e9union d'hiver 2025 de la SMC | Appel aux sessions scientifiques<\/a>      <\/div>\n    <\/div>\n    <div class='notes_toc_article'>\n      <div class='notes_toc_section_name'>Annonces<\/div>\n      <div class='notes_toc_article_row'>\n        <div class='notes_toc_article_pdf'>\n        <\/div>\n        <a class='notes_toc_article_title_link' href='https:\/\/mathmatters.cms.math.ca\/fr\/article\/nouveaute-international-congress-of-mathematicians-july-23-30-2025\/'>International Congress of Mathematicians | July 23 - 30 , 2026<\/a> <span class='notes_toc_author_name'>&mdash;&nbsp;ICM<\/span>      <\/div>\n    <\/div>\n    <div class='notes_toc_article'>\n      <div class='notes_toc_article_row'>\n        <div class='notes_toc_article_pdf'>\n        <\/div>\n        <a class='notes_toc_article_title_link' href='https:\/\/mathmatters.cms.math.ca\/fr\/article\/camp-de-maths-dete-du-smc-2025-les-inscriptions-sont-ouvertes\/'>Camp d'\u00e9t\u00e9 de math\u00e9matiques 2026 de la SMC | Les inscriptions sont ouvertes<\/a>      <\/div>\n    <\/div>\n    <div class='notes_toc_article'>\n      <div class='notes_toc_section_name'>Appel de mises en candidature<\/div>\n      <div class='notes_toc_article_row'>\n        <div class='notes_toc_article_pdf'>\n        <\/div>\n        <a class='notes_toc_article_title_link' href='https:\/\/mathmatters.cms.math.ca\/fr\/article\/nouveaute-appel-du-comite-des-prix-internationaux\/'>Appel du Comit\u00e9 des prix internationaux<\/a> <span class='notes_toc_author_name'>&mdash;&nbsp;Javad Mashreghi<\/span>      <\/div>\n    <\/div>\n    <div class='notes_toc_article'>\n      <div class='notes_toc_article_row'>\n        <div class='notes_toc_article_pdf'>\n        <\/div>\n        <a class='notes_toc_article_title_link' href='https:\/\/mathmatters.cms.math.ca\/fr\/article\/nouveaute-appel-aux-candidatures-redacteur-en-chef-rec-crux-mathematicorum\/'>Appel aux mises en nomination : R\u00e9dacteur en chef (REC), Crux Mathematicorum | date limite 15 juillet<\/a>      <\/div>\n    <\/div>\n    <div class='notes_toc_article'>\n      <div class='notes_toc_article_row'>\n        <div class='notes_toc_article_pdf'>\n        <\/div>\n        <a class='notes_toc_article_title_link' href='https:\/\/mathmatters.cms.math.ca\/fr\/article\/nouveaute-appel-aux-mises-en-candidature-prix-de-recherche-2026-date-limite-30-septembre\/'>Appel aux mises en candidature : Prix de recherche 2026 | date limite 30 septembre<\/a>      <\/div>\n    <\/div>\n    <div class='notes_toc_article'>\n      <div class='notes_toc_section_name'>Comit\u00e9 \u00e9tudiant de la SMC<\/div>\n      <div class='notes_toc_article_row'>\n        <div class='notes_toc_article_pdf'>\n        <\/div>\n        <a class='notes_toc_article_title_link' href='https:\/\/mathmatters.cms.math.ca\/fr\/article\/nouveaute-appel-a-la-soumission-daffiches-pour-la-session-daffiches-etudiante-du-aarms-smc\/'>Appel \u00e0 la soumission d'affiches pour la session d'affiches \u00e9tudiante du AARMS-SMC<\/a> <span class='notes_toc_author_name'>&mdash;&nbsp;CMS Student Committee<\/span>      <\/div>\n    <\/div>\n    <div class='notes_toc_article'>\n      <div class='notes_toc_article_row'>\n        <div class='notes_toc_article_pdf'>\n        <\/div>\n        <a class='notes_toc_article_title_link' href='https:\/\/mathmatters.cms.math.ca\/fr\/article\/nouveaute-ccem-2025\/'>CC\u00c9M 2025<\/a> <span class='notes_toc_author_name'>&mdash;&nbsp;CUMC 2025 Organizing Committee<\/span>      <\/div>\n    <\/div>\n    <div class='notes_toc_article'>\n      <div class='notes_toc_section_name'>CMS Student Committee<\/div>\n      <div class='notes_toc_article_row'>\n        <div class='notes_toc_article_pdf'>\n        <\/div>\n        <a class='notes_toc_article_title_link' href='https:\/\/mathmatters.cms.math.ca\/fr\/article\/studc-connect-with-us-on-discord\/'>Connect with us on Discord!<\/a> <span class='notes_toc_author_name'>&mdash;&nbsp;Student Committee of the CMS<\/span>      <\/div>\n    <\/div>\n<\/div>\n<\/div>\n<\/div>\n    <\/div>\n  <div class='notes_issues_issident' id='notes_issues_issident_2_17'><a href='javascript:void(0);' title=\"afficher\/masquer le contenu\" onclick='notes_issues_iss_vh(2, 17)'><img src='\/wp-content\/uploads\/2020\/01\/folder-closed.png' alt='afficher' class='notes_issues_toggles' id='notes_issues_toggle_show_2_17' ><img src='\/wp-content\/uploads\/2020\/01\/folder-open.png' alt='masquer' class='notes_issues_toggles' id='notes_issues_toggle_hide_2_17' style='display:none;'>[17] Num\u00e9ro du 2 mai 2025<\/a>\n<\/div>\n    <div class='notes_issues_isscontents' id='notes_issues_isscontents_2_17' style='display:none;'>\n<div class='notes_render_toc notes_noprint notes_toc_style_2' style='' id='notes_toc'>\n<div class='notes_toc_body'>\n  <div class='notes_toc_articles'>\n    <div class='notes_toc_article'>\n      <div class='notes_toc_section_name'>R\u00e9unions de la SMC<\/div>\n      <div class='notes_toc_article_row'>\n        <div class='notes_toc_article_pdf'>\n        <\/div>\n        <a class='notes_toc_article_title_link' href='https:\/\/mathmatters.cms.math.ca\/fr\/article\/nouveaute-reunion-dete-2025-de-la-smc-6-9-juin-les-inscriptions-sont-ouvertes\/'>R\u00e9union d'\u00e9t\u00e9 2025 de la SMC, 6-9 juin | Les inscriptions sont ouvertes !<\/a>      <\/div>\n    <\/div>\n    <div class='notes_toc_article'>\n      <div class='notes_toc_article_row'>\n        <div class='notes_toc_article_pdf'>\n        <\/div>\n        <a class='notes_toc_article_title_link' href='https:\/\/mathmatters.cms.math.ca\/fr\/article\/reunion-dete-2025-de-la-smc-6-9-juin-appel-aux-orateurs\/'>R\u00e9union d'\u00e9t\u00e9 2025 de la SMC, 6-9 juin | Appel aux orateurs<\/a>      <\/div>\n    <\/div>\n    <div class='notes_toc_article'>\n      <div class='notes_toc_article_row'>\n        <div class='notes_toc_article_pdf'>\n        <\/div>\n        <a class='notes_toc_article_title_link' href='https:\/\/mathmatters.cms.math.ca\/fr\/article\/nouveaute-reunion-dete-2025-de-la-smc-6-9-juin-banquet-de-remise-des-prix\/'>R\u00e9union d\u2019\u00e9t\u00e9 2025 de la SMC, 6-9 juin | banquet de remise des prix<\/a>      <\/div>\n    <\/div>\n    <div class='notes_toc_article'>\n      <div class='notes_toc_section_name'>Annonces<\/div>\n      <div class='notes_toc_article_row'>\n        <div class='notes_toc_article_pdf'>\n        <\/div>\n        <a class='notes_toc_article_title_link' href='https:\/\/mathmatters.cms.math.ca\/fr\/article\/nouveaute-canadam-2025\/'>CanaDam 2025 - Inscriptions maintenant ouvertes!<\/a>      <\/div>\n    <\/div>\n    <div class='notes_toc_article'>\n      <div class='notes_toc_article_row'>\n        <div class='notes_toc_article_pdf'>\n        <\/div>\n        <a class='notes_toc_article_title_link' href='https:\/\/mathmatters.cms.math.ca\/fr\/article\/nouveaute-votez-pour-les-elections-de-la-smc-2025-date-limite-25-mai-2025\/'>Votez pour les \u00e9lections de la SMC 2025 ! | Date limite 25 mai 2025<\/a>      <\/div>\n    <\/div>\n    <div class='notes_toc_article'>\n      <div class='notes_toc_section_name'>R\u00e9unions de la SMC<\/div>\n      <div class='notes_toc_article_row'>\n        <div class='notes_toc_article_pdf'>\n        <\/div>\n        <a class='notes_toc_article_title_link' href='https:\/\/mathmatters.cms.math.ca\/fr\/article\/nouveaute-reunion-dhiver-2025-de-la-smc-5-8-decembre-reservez-la-date\/'>R\u00e9union d'hiver 2025 de la SMC, 5-8 d\u00e9cembre | R\u00e9servez la date!<\/a>      <\/div>\n    <\/div>\n    <div class='notes_toc_article'>\n      <div class='notes_toc_article_row'>\n        <div class='notes_toc_article_pdf'>\n        <\/div>\n        <a class='notes_toc_article_title_link' href='https:\/\/mathmatters.cms.math.ca\/fr\/article\/nouveau-reunion-dhiver-2025-de-la-smc-appel-aux-sessions-deducation\/'>R\u00e9union d'hiver 2025 de la SMC | Appel aux sessions d'\u00e9ducation<\/a>      <\/div>\n    <\/div>\n    <div class='notes_toc_article'>\n      <div class='notes_toc_article_row'>\n        <div class='notes_toc_article_pdf'>\n        <\/div>\n        <a class='notes_toc_article_title_link' href='https:\/\/mathmatters.cms.math.ca\/fr\/article\/nouveau-reunion-dhiver-2025-de-la-smc-appel-aux-sessions-scientifiques\/'>R\u00e9union d'hiver 2025 de la SMC | Appel aux sessions scientifiques<\/a>      <\/div>\n    <\/div>\n    <div class='notes_toc_article'>\n      <div class='notes_toc_section_name'>Annonces<\/div>\n      <div class='notes_toc_article_row'>\n        <div class='notes_toc_article_pdf'>\n        <\/div>\n        <a class='notes_toc_article_title_link' href='https:\/\/mathmatters.cms.math.ca\/fr\/article\/nouveaute-international-congress-of-mathematicians-july-23-30-2025\/'>International Congress of Mathematicians | July 23 - 30 , 2026<\/a> <span class='notes_toc_author_name'>&mdash;&nbsp;ICM<\/span>      <\/div>\n    <\/div>\n    <div class='notes_toc_article'>\n      <div class='notes_toc_article_row'>\n        <div class='notes_toc_article_pdf'>\n        <\/div>\n        <a class='notes_toc_article_title_link' href='https:\/\/mathmatters.cms.math.ca\/fr\/article\/camp-de-maths-dete-du-smc-2025-les-inscriptions-sont-ouvertes\/'>Camp d'\u00e9t\u00e9 de math\u00e9matiques 2026 de la SMC | Les inscriptions sont ouvertes<\/a>      <\/div>\n    <\/div>\n    <div class='notes_toc_article'>\n      <div class='notes_toc_section_name'>Appel de mises en candidature<\/div>\n      <div class='notes_toc_article_row'>\n        <div class='notes_toc_article_pdf'>\n        <\/div>\n        <a class='notes_toc_article_title_link' href='https:\/\/mathmatters.cms.math.ca\/fr\/article\/nouveaute-appel-du-comite-des-prix-internationaux\/'>Appel du Comit\u00e9 des prix internationaux<\/a> <span class='notes_toc_author_name'>&mdash;&nbsp;Javad Mashreghi<\/span>      <\/div>\n    <\/div>\n    <div class='notes_toc_article'>\n      <div class='notes_toc_article_row'>\n        <div class='notes_toc_article_pdf'>\n        <\/div>\n        <a class='notes_toc_article_title_link' href='https:\/\/mathmatters.cms.math.ca\/fr\/article\/nouveaute-appel-aux-candidatures-redacteur-en-chef-rec-crux-mathematicorum\/'>Appel aux mises en nomination : R\u00e9dacteur en chef (REC), Crux Mathematicorum | date limite 15 juillet<\/a>      <\/div>\n    <\/div>\n    <div class='notes_toc_article'>\n      <div class='notes_toc_article_row'>\n        <div class='notes_toc_article_pdf'>\n        <\/div>\n        <a class='notes_toc_article_title_link' href='https:\/\/mathmatters.cms.math.ca\/fr\/article\/nouveaute-appel-aux-mises-en-candidature-prix-de-recherche-2026-date-limite-30-septembre\/'>Appel aux mises en candidature : Prix de recherche 2026 | date limite 30 septembre<\/a>      <\/div>\n    <\/div>\n    <div class='notes_toc_article'>\n      <div class='notes_toc_section_name'>Comit\u00e9 \u00e9tudiant de la SMC<\/div>\n      <div class='notes_toc_article_row'>\n        <div class='notes_toc_article_pdf'>\n        <\/div>\n        <a class='notes_toc_article_title_link' href='https:\/\/mathmatters.cms.math.ca\/fr\/article\/nouveaute-appel-a-la-soumission-de-resume-pour-la-session-de-presentation-etudiante-de-la-smc\/'>Appel \u00e0 la soumission de r\u00e9sum\u00e9 pour la session de pr\u00e9sentation \u00e9tudiante de la SMC<\/a> <span class='notes_toc_author_name'>&mdash;&nbsp;CMS Student Committee<\/span>      <\/div>\n    <\/div>\n    <div class='notes_toc_article'>\n      <div class='notes_toc_article_row'>\n        <div class='notes_toc_article_pdf'>\n        <\/div>\n        <a class='notes_toc_article_title_link' href='https:\/\/mathmatters.cms.math.ca\/fr\/article\/nouveaute-appel-a-la-soumission-daffiches-pour-la-session-daffiches-etudiante-du-aarms-smc\/'>Appel \u00e0 la soumission d'affiches pour la session d'affiches \u00e9tudiante du AARMS-SMC<\/a> <span class='notes_toc_author_name'>&mdash;&nbsp;CMS Student Committee<\/span>      <\/div>\n    <\/div>\n    <div class='notes_toc_article'>\n      <div class='notes_toc_article_row'>\n        <div class='notes_toc_article_pdf'>\n        <\/div>\n        <a class='notes_toc_article_title_link' href='https:\/\/mathmatters.cms.math.ca\/fr\/article\/nouveaute-ccem-2025\/'>CC\u00c9M 2025<\/a> <span class='notes_toc_author_name'>&mdash;&nbsp;CUMC 2025 Organizing Committee<\/span>      <\/div>\n    <\/div>\n    <div class='notes_toc_article'>\n      <div class='notes_toc_section_name'>CMS Student Committee<\/div>\n      <div class='notes_toc_article_row'>\n        <div class='notes_toc_article_pdf'>\n        <\/div>\n        <a class='notes_toc_article_title_link' href='https:\/\/mathmatters.cms.math.ca\/fr\/article\/studc-connect-with-us-on-discord\/'>Connect with us on Discord!<\/a> <span class='notes_toc_author_name'>&mdash;&nbsp;Student Committee of the CMS<\/span>      <\/div>\n    <\/div>\n<\/div>\n<\/div>\n<\/div>\n    <\/div>\n  <div class='notes_issues_issident' id='notes_issues_issident_2_16'><a href='javascript:void(0);' title=\"afficher\/masquer le contenu\" onclick='notes_issues_iss_vh(2, 16)'><img src='\/wp-content\/uploads\/2020\/01\/folder-closed.png' alt='afficher' class='notes_issues_toggles' id='notes_issues_toggle_show_2_16' ><img src='\/wp-content\/uploads\/2020\/01\/folder-open.png' alt='masquer' class='notes_issues_toggles' id='notes_issues_toggle_hide_2_16' style='display:none;'>[16] Num\u00e9ro du 25 avril 2025<\/a>\n<\/div>\n    <div class='notes_issues_isscontents' id='notes_issues_isscontents_2_16' style='display:none;'>\n<div class='notes_render_toc notes_noprint notes_toc_style_2' style='' id='notes_toc'>\n<div class='notes_toc_body'>\n  <div class='notes_toc_articles'>\n    <div class='notes_toc_article'>\n      <div class='notes_toc_section_name'>Communiqu\u00e9<\/div>\n      <div class='notes_toc_article_row'>\n        <div class='notes_toc_article_pdf'>\n        <\/div>\n        <a class='notes_toc_article_title_link' href='https:\/\/mathmatters.cms.math.ca\/fr\/article\/nouveaute-lequipe-de-maths-des-filles-du-canada-celebre-une-victoire-de-quatre-medailles-a-loemf-2025\/'>NOUVEAUT\u00c9\u00a0: L\u2019\u00c9quipe de maths des filles du Canada c\u00e9l\u00e8bre une victoire de quatre m\u00e9dailles \u00e0 l\u2019OEMF 2025<\/a>      <\/div>\n    <\/div>\n    <div class='notes_toc_article'>\n      <div class='notes_toc_article_row'>\n        <div class='notes_toc_article_pdf'>\n        <\/div>\n        <a class='notes_toc_article_title_link' href='https:\/\/mathmatters.cms.math.ca\/fr\/article\/nouveaute-dre-isabelle-chalendar-et-dr-jonathan-r-partington-recoivent-le-prix-g-de-b-robinson-2025\/'>NOUVEAUT\u00c9\u00a0: Dre Isabelle Chalendar et Dr Jonathan R. Partington re\u00e7oivent le prix G. de B. Robinson 2025<\/a>      <\/div>\n    <\/div>\n    <div class='notes_toc_article'>\n      <div class='notes_toc_section_name'>R\u00e9unions de la SMC<\/div>\n      <div class='notes_toc_article_row'>\n        <div class='notes_toc_article_pdf'>\n        <\/div>\n        <a class='notes_toc_article_title_link' href='https:\/\/mathmatters.cms.math.ca\/fr\/article\/nouveaute-reunion-dete-2025-de-la-smc-6-9-juin-les-inscriptions-sont-ouvertes\/'>R\u00e9union d'\u00e9t\u00e9 2025 de la SMC, 6-9 juin | Les inscriptions sont ouvertes !<\/a>      <\/div>\n    <\/div>\n    <div class='notes_toc_article'>\n      <div class='notes_toc_article_row'>\n        <div class='notes_toc_article_pdf'>\n        <\/div>\n        <a class='notes_toc_article_title_link' href='https:\/\/mathmatters.cms.math.ca\/fr\/article\/reunion-dete-2025-de-la-smc-6-9-juin-appel-aux-orateurs\/'>R\u00e9union d'\u00e9t\u00e9 2025 de la SMC, 6-9 juin | Appel aux orateurs<\/a>      <\/div>\n    <\/div>\n    <div class='notes_toc_article'>\n      <div class='notes_toc_article_row'>\n        <div class='notes_toc_article_pdf'>\n        <\/div>\n        <a class='notes_toc_article_title_link' href='https:\/\/mathmatters.cms.math.ca\/fr\/article\/nouveaute-reunion-dete-2025-de-la-smc-6-9-juin-banquet-de-remise-des-prix\/'>R\u00e9union d\u2019\u00e9t\u00e9 2025 de la SMC, 6-9 juin | banquet de remise des prix<\/a>      <\/div>\n    <\/div>\n    <div class='notes_toc_article'>\n      <div class='notes_toc_section_name'>Annonces<\/div>\n      <div class='notes_toc_article_row'>\n        <div class='notes_toc_article_pdf'>\n        <\/div>\n        <a class='notes_toc_article_title_link' href='https:\/\/mathmatters.cms.math.ca\/fr\/article\/nouveaute-fields-mathed-forum-three-key-debates-in-mathematics-education\/'>Fields MathEd Forum - Three Key Debates in Mathematics Education<\/a>      <\/div>\n    <\/div>\n    <div class='notes_toc_article'>\n      <div class='notes_toc_article_row'>\n        <div class='notes_toc_article_pdf'>\n        <\/div>\n        <a class='notes_toc_article_title_link' href='https:\/\/mathmatters.cms.math.ca\/fr\/article\/nouveaute-canadam-2025\/'>CanaDam 2025 - Inscriptions maintenant ouvertes!<\/a>      <\/div>\n    <\/div>\n    <div class='notes_toc_article'>\n      <div class='notes_toc_section_name'>Appel de mises en candidature<\/div>\n      <div class='notes_toc_article_row'>\n        <div class='notes_toc_article_pdf'>\n        <\/div>\n        <a class='notes_toc_article_title_link' href='https:\/\/mathmatters.cms.math.ca\/fr\/article\/nouveaute-appel-aux-mises-en-nomination-prix-adrien-pouliot-2025-date-limite-31-mars-2025\/'>Appel aux mises en nomination : Prix Adrien Pouliot 2025 | date limite 30 avril, 2025<\/a>      <\/div>\n    <\/div>\n    <div class='notes_toc_article'>\n      <div class='notes_toc_section_name'>R\u00e9unions de la SMC<\/div>\n      <div class='notes_toc_article_row'>\n        <div class='notes_toc_article_pdf'>\n        <\/div>\n        <a class='notes_toc_article_title_link' href='https:\/\/mathmatters.cms.math.ca\/fr\/article\/nouveaute-reunion-dhiver-2025-de-la-smc-5-8-decembre-reservez-la-date\/'>R\u00e9union d'hiver 2025 de la SMC, 5-8 d\u00e9cembre | R\u00e9servez la date!<\/a>      <\/div>\n    <\/div>\n    <div class='notes_toc_article'>\n      <div class='notes_toc_article_row'>\n        <div class='notes_toc_article_pdf'>\n        <\/div>\n        <a class='notes_toc_article_title_link' href='https:\/\/mathmatters.cms.math.ca\/fr\/article\/nouveau-reunion-dhiver-2025-de-la-smc-appel-aux-sessions-deducation\/'>R\u00e9union d'hiver 2025 de la SMC | Appel aux sessions d'\u00e9ducation<\/a>      <\/div>\n    <\/div>\n    <div class='notes_toc_article'>\n      <div class='notes_toc_article_row'>\n        <div class='notes_toc_article_pdf'>\n        <\/div>\n        <a class='notes_toc_article_title_link' href='https:\/\/mathmatters.cms.math.ca\/fr\/article\/nouveau-reunion-dhiver-2025-de-la-smc-appel-aux-sessions-scientifiques\/'>R\u00e9union d'hiver 2025 de la SMC | Appel aux sessions scientifiques<\/a>      <\/div>\n    <\/div>\n    <div class='notes_toc_article'>\n      <div class='notes_toc_section_name'>Annonces<\/div>\n      <div class='notes_toc_article_row'>\n        <div class='notes_toc_article_pdf'>\n        <\/div>\n        <a class='notes_toc_article_title_link' href='https:\/\/mathmatters.cms.math.ca\/fr\/article\/nouveaute-international-congress-of-mathematicians-july-23-30-2025\/'>International Congress of Mathematicians | July 23 - 30 , 2026<\/a> <span class='notes_toc_author_name'>&mdash;&nbsp;ICM<\/span>      <\/div>\n    <\/div>\n    <div class='notes_toc_article'>\n      <div class='notes_toc_article_row'>\n        <div class='notes_toc_article_pdf'>\n        <\/div>\n        <a class='notes_toc_article_title_link' href='https:\/\/mathmatters.cms.math.ca\/fr\/article\/camp-de-maths-dete-du-smc-2025-les-inscriptions-sont-ouvertes\/'>Camp d'\u00e9t\u00e9 de math\u00e9matiques 2026 de la SMC | Les inscriptions sont ouvertes<\/a>      <\/div>\n    <\/div>\n    <div class='notes_toc_article'>\n      <div class='notes_toc_section_name'>Appel de mises en candidature<\/div>\n      <div class='notes_toc_article_row'>\n        <div class='notes_toc_article_pdf'>\n        <\/div>\n        <a class='notes_toc_article_title_link' href='https:\/\/mathmatters.cms.math.ca\/fr\/article\/nouveaute-appel-aux-candidatures-redacteur-en-chef-rec-crux-mathematicorum\/'>Appel aux mises en nomination : R\u00e9dacteur en chef (REC), Crux Mathematicorum | date limite 15 juillet<\/a>      <\/div>\n    <\/div>\n    <div class='notes_toc_article'>\n      <div class='notes_toc_article_row'>\n        <div class='notes_toc_article_pdf'>\n        <\/div>\n        <a class='notes_toc_article_title_link' href='https:\/\/mathmatters.cms.math.ca\/fr\/article\/nouveaute-appel-aux-mises-en-candidature-prix-de-recherche-2026-date-limite-30-septembre\/'>Appel aux mises en candidature : Prix de recherche 2026 | date limite 30 septembre<\/a>      <\/div>\n    <\/div>\n    <div class='notes_toc_article'>\n      <div class='notes_toc_article_row'>\n        <div class='notes_toc_article_pdf'>\n        <\/div>\n        <a class='notes_toc_article_title_link' href='https:\/\/mathmatters.cms.math.ca\/fr\/article\/nouveaute-appel-du-comite-des-prix-internationaux\/'>Appel du Comit\u00e9 des prix internationaux<\/a> <span class='notes_toc_author_name'>&mdash;&nbsp;Javad Mashreghi<\/span>      <\/div>\n    <\/div>\n    <div class='notes_toc_article'>\n      <div class='notes_toc_section_name'>Nouvelles publications<\/div>\n      <div class='notes_toc_article_row'>\n        <div class='notes_toc_article_pdf'>\n        <\/div>\n        <a class='notes_toc_article_title_link' href='https:\/\/mathmatters.cms.math.ca\/fr\/article\/nouveaute-crux-mathematicorum-numero-de-avril-mettez-vous-au-defi-avec-le-journal-de-resolution-de-problemes-du-smc\/'>NOUVEAUT\u00c9\u00a0: Crux Mathematicorum - Num\u00e9ro de avril - Mettez vous au d\u00e9fi avec le journal de r\u00e9solution de probl\u00e8mes du SMC<\/a> <span class='notes_toc_author_name'>&mdash;&nbsp;Crux Editorial Board<\/span>      <\/div>\n    <\/div>\n    <div class='notes_toc_article'>\n      <div class='notes_toc_section_name'>Comit\u00e9 \u00e9tudiant de la SMC<\/div>\n      <div class='notes_toc_article_row'>\n        <div class='notes_toc_article_pdf'>\n        <\/div>\n        <a class='notes_toc_article_title_link' href='https:\/\/mathmatters.cms.math.ca\/fr\/article\/nouveaute-appel-a-la-soumission-daffiches-pour-la-session-daffiches-etudiante-du-aarms-smc\/'>Appel \u00e0 la soumission d'affiches pour la session d'affiches \u00e9tudiante du AARMS-SMC<\/a> <span class='notes_toc_author_name'>&mdash;&nbsp;CMS Student Committee<\/span>      <\/div>\n    <\/div>\n    <div class='notes_toc_article'>\n      <div class='notes_toc_article_row'>\n        <div class='notes_toc_article_pdf'>\n        <\/div>\n        <a class='notes_toc_article_title_link' href='https:\/\/mathmatters.cms.math.ca\/fr\/article\/nouveaute-appel-a-la-soumission-de-resume-pour-la-session-de-presentation-etudiante-de-la-smc\/'>Appel \u00e0 la soumission de r\u00e9sum\u00e9 pour la session de pr\u00e9sentation \u00e9tudiante de la SMC<\/a> <span class='notes_toc_author_name'>&mdash;&nbsp;CMS Student Committee<\/span>      <\/div>\n    <\/div>\n    <div class='notes_toc_article'>\n      <div class='notes_toc_article_row'>\n        <div class='notes_toc_article_pdf'>\n        <\/div>\n        <a class='notes_toc_article_title_link' href='https:\/\/mathmatters.cms.math.ca\/fr\/article\/nouveaute-ccem-2025\/'>CC\u00c9M 2025<\/a> <span class='notes_toc_author_name'>&mdash;&nbsp;CUMC 2025 Organizing Committee<\/span>      <\/div>\n    <\/div>\n    <div class='notes_toc_article'>\n      <div class='notes_toc_section_name'>CMS Student Committee<\/div>\n      <div class='notes_toc_article_row'>\n        <div class='notes_toc_article_pdf'>\n        <\/div>\n        <a class='notes_toc_article_title_link' href='https:\/\/mathmatters.cms.math.ca\/fr\/article\/studc-connect-with-us-on-discord\/'>Connect with us on Discord!<\/a> <span class='notes_toc_author_name'>&mdash;&nbsp;Student Committee of the CMS<\/span>      <\/div>\n    <\/div>\n<\/div>\n<\/div>\n<\/div>\n    <\/div>\n  <div class='notes_issues_issident' id='notes_issues_issident_2_15'><a href='javascript:void(0);' title=\"afficher\/masquer le contenu\" onclick='notes_issues_iss_vh(2, 15)'><img src='\/wp-content\/uploads\/2020\/01\/folder-closed.png' alt='afficher' class='notes_issues_toggles' id='notes_issues_toggle_show_2_15' ><img src='\/wp-content\/uploads\/2020\/01\/folder-open.png' alt='masquer' class='notes_issues_toggles' id='notes_issues_toggle_hide_2_15' style='display:none;'>[15] Num\u00e9ro du 17 avril 2025<\/a>\n<\/div>\n    <div class='notes_issues_isscontents' id='notes_issues_isscontents_2_15' style='display:none;'>\n<div class='notes_render_toc notes_noprint notes_toc_style_2' style='' id='notes_toc'>\n<div class='notes_toc_body'>\n  <div class='notes_toc_articles'>\n    <div class='notes_toc_article'>\n      <div class='notes_toc_section_name'>R\u00e9unions de la SMC<\/div>\n      <div class='notes_toc_article_row'>\n        <div class='notes_toc_article_pdf'>\n        <\/div>\n        <a class='notes_toc_article_title_link' href='https:\/\/mathmatters.cms.math.ca\/fr\/article\/nouveaute-reunion-dete-2025-de-la-smc-6-9-juin-les-inscriptions-sont-ouvertes\/'>R\u00e9union d'\u00e9t\u00e9 2025 de la SMC, 6-9 juin | Les inscriptions sont ouvertes !<\/a>      <\/div>\n    <\/div>\n    <div class='notes_toc_article'>\n      <div class='notes_toc_article_row'>\n        <div class='notes_toc_article_pdf'>\n        <\/div>\n        <a class='notes_toc_article_title_link' href='https:\/\/mathmatters.cms.math.ca\/fr\/article\/reunion-dete-2025-de-la-smc-6-9-juin-appel-aux-orateurs\/'>R\u00e9union d'\u00e9t\u00e9 2025 de la SMC, 6-9 juin | Appel aux orateurs<\/a>      <\/div>\n    <\/div>\n    <div class='notes_toc_article'>\n      <div class='notes_toc_article_row'>\n        <div class='notes_toc_article_pdf'>\n        <\/div>\n        <a class='notes_toc_article_title_link' href='https:\/\/mathmatters.cms.math.ca\/fr\/article\/nouveaute-reunion-dete-2025-de-la-smc-6-9-juin-banquet-de-remise-des-prix\/'>R\u00e9union d\u2019\u00e9t\u00e9 2025 de la SMC, 6-9 juin | banquet de remise des prix<\/a>      <\/div>\n    <\/div>\n    <div class='notes_toc_article'>\n      <div class='notes_toc_section_name'>Annonces<\/div>\n      <div class='notes_toc_article_row'>\n        <div class='notes_toc_article_pdf'>\n        <\/div>\n        <a class='notes_toc_article_title_link' href='https:\/\/mathmatters.cms.math.ca\/fr\/article\/joyeuses-paques\/'>NOUVEAUT\u00c9\u00a0: Joyeuses P\u00e2ques !<\/a>      <\/div>\n    <\/div>\n    <div class='notes_toc_article'>\n      <div class='notes_toc_article_row'>\n        <div class='notes_toc_article_pdf'>\n        <\/div>\n        <a class='notes_toc_article_title_link' href='https:\/\/mathmatters.cms.math.ca\/fr\/article\/nouveaute-canadam-2025\/'>CanaDam 2025 - Inscriptions maintenant ouvertes!<\/a>      <\/div>\n    <\/div>\n    <div class='notes_toc_article'>\n      <div class='notes_toc_article_row'>\n        <div class='notes_toc_article_pdf'>\n        <\/div>\n        <a class='notes_toc_article_title_link' href='https:\/\/mathmatters.cms.math.ca\/fr\/article\/demandes-de-soutien-aux-conferences-linstitut-tutte-pour-les-mathematiques-et-le-calcul\/'>Demandes de soutien aux conf\u00e9rences \u2013 l\u2019Institut Tutte pour les math\u00e9matiques et le calcul<\/a> <span class='notes_toc_author_name'>&mdash;&nbsp;Megan Dewar<\/span>      <\/div>\n    <\/div>\n    <div class='notes_toc_article'>\n      <div class='notes_toc_article_row'>\n        <div class='notes_toc_article_pdf'>\n        <\/div>\n        <a class='notes_toc_article_title_link' href='https:\/\/mathmatters.cms.math.ca\/fr\/article\/nouveaute-fields-mathed-forum-three-key-debates-in-mathematics-education\/'>Fields MathEd Forum - Three Key Debates in Mathematics Education<\/a>      <\/div>\n    <\/div>\n    <div class='notes_toc_article'>\n      <div class='notes_toc_article_row'>\n        <div class='notes_toc_article_pdf'>\n        <\/div>\n        <a class='notes_toc_article_title_link' href='https:\/\/mathmatters.cms.math.ca\/fr\/article\/nouveaute-call-for-nominations-for-the-iciam-prizes-2027\/'>Call for nominations for the ICIAM Prizes 2027<\/a> <span class='notes_toc_author_name'>&mdash;&nbsp;ICIAM Prize Committee<\/span>      <\/div>\n    <\/div>\n    <div class='notes_toc_article'>\n      <div class='notes_toc_article_row'>\n        <div class='notes_toc_article_pdf'>\n        <\/div>\n        <a class='notes_toc_article_title_link' href='https:\/\/mathmatters.cms.math.ca\/fr\/article\/nouveaute-operator-analysis-on-function-spaces-university-of-manitoba-winnipeg-june-12-15-2025\/'>Operator Analysis on Function Spaces | University of Manitoba, Winnipeg | June 12-15, 2025<\/a> <span class='notes_toc_author_name'>&mdash;&nbsp;Jeet Sampat, Poornendu Kumar<\/span>      <\/div>\n    <\/div>\n    <div class='notes_toc_article'>\n      <div class='notes_toc_article_row'>\n        <div class='notes_toc_article_pdf'>\n        <\/div>\n        <a class='notes_toc_article_title_link' href='https:\/\/mathmatters.cms.math.ca\/fr\/article\/nouveaute-2025-fymsic-one-day-online-conference-am-i-convinced-research-and-evidence-in-mathematics-education-may-8th-2025\/'>2025 FYMSiC One-day Online Conference: Am I convinced? Research and Evidence in Mathematics Education, May 8th, 2025<\/a> <span class='notes_toc_author_name'>&mdash;&nbsp;Conference Organizers<\/span>      <\/div>\n    <\/div>\n    <div class='notes_toc_article'>\n      <div class='notes_toc_article_row'>\n        <div class='notes_toc_article_pdf'>\n        <\/div>\n        <a class='notes_toc_article_title_link' href='https:\/\/mathmatters.cms.math.ca\/fr\/article\/nouveaute-dccg-fest-in-honor-of-karoly-bezdeks-70th-birthday-july-14-18-2025-calgary\/'>DCCG Fest in honor of Karoly Bezdek\u2019s 70th birthday, July 14-18, 2025, Calgary<\/a> <span class='notes_toc_author_name'>&mdash;&nbsp;Conference Organizers<\/span>      <\/div>\n    <\/div>\n    <div class='notes_toc_article'>\n      <div class='notes_toc_section_name'>Appel de mises en candidature<\/div>\n      <div class='notes_toc_article_row'>\n        <div class='notes_toc_article_pdf'>\n        <\/div>\n        <a class='notes_toc_article_title_link' href='https:\/\/mathmatters.cms.math.ca\/fr\/article\/nouveaute-appel-aux-mises-en-nomination-prix-adrien-pouliot-2025-date-limite-31-mars-2025\/'>Appel aux mises en nomination : Prix Adrien Pouliot 2025 | date limite 30 avril, 2025<\/a>      <\/div>\n    <\/div>\n    <div class='notes_toc_article'>\n      <div class='notes_toc_section_name'>R\u00e9unions de la SMC<\/div>\n      <div class='notes_toc_article_row'>\n        <div class='notes_toc_article_pdf'>\n        <\/div>\n        <a class='notes_toc_article_title_link' href='https:\/\/mathmatters.cms.math.ca\/fr\/article\/nouveaute-reunion-dhiver-2025-de-la-smc-5-8-decembre-reservez-la-date\/'>R\u00e9union d'hiver 2025 de la SMC, 5-8 d\u00e9cembre | R\u00e9servez la date!<\/a>      <\/div>\n    <\/div>\n    <div class='notes_toc_article'>\n      <div class='notes_toc_section_name'>Annonces<\/div>\n      <div class='notes_toc_article_row'>\n        <div class='notes_toc_article_pdf'>\n        <\/div>\n        <a class='notes_toc_article_title_link' href='https:\/\/mathmatters.cms.math.ca\/fr\/article\/camp-de-maths-dete-du-smc-2025-les-inscriptions-sont-ouvertes\/'>Camp d'\u00e9t\u00e9 de math\u00e9matiques 2026 de la SMC | Les inscriptions sont ouvertes<\/a>      <\/div>\n    <\/div>\n    <div class='notes_toc_article'>\n      <div class='notes_toc_section_name'>Appel de mises en candidature<\/div>\n      <div class='notes_toc_article_row'>\n        <div class='notes_toc_article_pdf'>\n        <\/div>\n        <a class='notes_toc_article_title_link' href='https:\/\/mathmatters.cms.math.ca\/fr\/article\/nouveaute-appel-du-comite-des-prix-internationaux\/'>Appel du Comit\u00e9 des prix internationaux<\/a> <span class='notes_toc_author_name'>&mdash;&nbsp;Javad Mashreghi<\/span>      <\/div>\n    <\/div>\n    <div class='notes_toc_article'>\n      <div class='notes_toc_article_row'>\n        <div class='notes_toc_article_pdf'>\n        <\/div>\n        <a class='notes_toc_article_title_link' href='https:\/\/mathmatters.cms.math.ca\/fr\/article\/nouveaute-appel-aux-candidatures-redacteur-en-chef-rec-crux-mathematicorum\/'>Appel aux mises en nomination : R\u00e9dacteur en chef (REC), Crux Mathematicorum | date limite 15 juillet<\/a>      <\/div>\n    <\/div>\n    <div class='notes_toc_article'>\n      <div class='notes_toc_section_name'>Comit\u00e9 \u00e9tudiant de la SMC<\/div>\n      <div class='notes_toc_article_row'>\n        <div class='notes_toc_article_pdf'>\n        <\/div>\n        <a class='notes_toc_article_title_link' href='https:\/\/mathmatters.cms.math.ca\/fr\/article\/nouveaute-appel-a-la-soumission-de-resume-pour-la-session-de-presentation-etudiante-de-la-smc\/'>Appel \u00e0 la soumission de r\u00e9sum\u00e9 pour la session de pr\u00e9sentation \u00e9tudiante de la SMC<\/a> <span class='notes_toc_author_name'>&mdash;&nbsp;CMS Student Committee<\/span>      <\/div>\n    <\/div>\n    <div class='notes_toc_article'>\n      <div class='notes_toc_article_row'>\n        <div class='notes_toc_article_pdf'>\n        <\/div>\n        <a class='notes_toc_article_title_link' href='https:\/\/mathmatters.cms.math.ca\/fr\/article\/nouveaute-appel-a-la-soumission-daffiches-pour-la-session-daffiches-etudiante-du-aarms-smc\/'>Appel \u00e0 la soumission d'affiches pour la session d'affiches \u00e9tudiante du AARMS-SMC<\/a> <span class='notes_toc_author_name'>&mdash;&nbsp;CMS Student Committee<\/span>      <\/div>\n    <\/div>\n    <div class='notes_toc_article'>\n      <div class='notes_toc_article_row'>\n        <div class='notes_toc_article_pdf'>\n        <\/div>\n        <a class='notes_toc_article_title_link' href='https:\/\/mathmatters.cms.math.ca\/fr\/article\/nouveaute-ccem-2025\/'>CC\u00c9M 2025<\/a> <span class='notes_toc_author_name'>&mdash;&nbsp;CUMC 2025 Organizing Committee<\/span>      <\/div>\n    <\/div>\n    <div class='notes_toc_article'>\n      <div class='notes_toc_section_name'>CMS Student Committee<\/div>\n      <div class='notes_toc_article_row'>\n        <div class='notes_toc_article_pdf'>\n        <\/div>\n        <a class='notes_toc_article_title_link' href='https:\/\/mathmatters.cms.math.ca\/fr\/article\/studc-connect-with-us-on-discord\/'>Connect with us on Discord!<\/a> <span class='notes_toc_author_name'>&mdash;&nbsp;Student Committee of the CMS<\/span>      <\/div>\n    <\/div>\n<\/div>\n<\/div>\n<\/div>\n    <\/div>\n  <div class='notes_issues_issident' id='notes_issues_issident_2_14'><a href='javascript:void(0);' title=\"afficher\/masquer le contenu\" onclick='notes_issues_iss_vh(2, 14)'><img src='\/wp-content\/uploads\/2020\/01\/folder-closed.png' alt='afficher' class='notes_issues_toggles' id='notes_issues_toggle_show_2_14' ><img src='\/wp-content\/uploads\/2020\/01\/folder-open.png' alt='masquer' class='notes_issues_toggles' id='notes_issues_toggle_hide_2_14' style='display:none;'>[14] Num\u00e9ro du 11 avril 2025<\/a>\n<\/div>\n    <div class='notes_issues_isscontents' id='notes_issues_isscontents_2_14' style='display:none;'>\n<div class='notes_render_toc notes_noprint notes_toc_style_2' style='' id='notes_toc'>\n<div class='notes_toc_body'>\n  <div class='notes_toc_articles'>\n    <div class='notes_toc_article'>\n      <div class='notes_toc_section_name'>Communiqu\u00e9<\/div>\n      <div class='notes_toc_article_row'>\n        <div class='notes_toc_article_pdf'>\n        <\/div>\n        <a class='notes_toc_article_title_link' href='https:\/\/mathmatters.cms.math.ca\/fr\/article\/nouveaute-resultats-de-lolympiade-mathematique-du-canada-et-de-lolympiade-junior-2025\/'>NOUVEAUT\u00c9\u00a0: R\u00e9sultats de l\u2019Olympiade math\u00e9matique du Canada et de l\u2019Olympiade junior 2025<\/a>      <\/div>\n    <\/div>\n    <div class='notes_toc_article'>\n      <div class='notes_toc_section_name'>R\u00e9unions de la SMC<\/div>\n      <div class='notes_toc_article_row'>\n        <div class='notes_toc_article_pdf'>\n        <\/div>\n        <a class='notes_toc_article_title_link' href='https:\/\/mathmatters.cms.math.ca\/fr\/article\/nouveaute-reunion-dete-2025-de-la-smc-6-9-juin-les-inscriptions-sont-ouvertes\/'>R\u00e9union d'\u00e9t\u00e9 2025 de la SMC, 6-9 juin | Les inscriptions sont ouvertes !<\/a>      <\/div>\n    <\/div>\n    <div class='notes_toc_article'>\n      <div class='notes_toc_article_row'>\n        <div class='notes_toc_article_pdf'>\n        <\/div>\n        <a class='notes_toc_article_title_link' href='https:\/\/mathmatters.cms.math.ca\/fr\/article\/nouveaute-reunion-dete-2025-de-la-smc-reservez-la-date\/'>R\u00e9union d'\u00e9t\u00e9 2025 de la SMC, 6-9 juin | R\u00e9servez la date!<\/a>      <\/div>\n    <\/div>\n    <div class='notes_toc_article'>\n      <div class='notes_toc_article_row'>\n        <div class='notes_toc_article_pdf'>\n        <\/div>\n        <a class='notes_toc_article_title_link' href='https:\/\/mathmatters.cms.math.ca\/fr\/article\/reunion-dete-2025-de-la-smc-6-9-juin-appel-aux-orateurs\/'>R\u00e9union d'\u00e9t\u00e9 2025 de la SMC, 6-9 juin | Appel aux orateurs<\/a>      <\/div>\n    <\/div>\n    <div class='notes_toc_article'>\n      <div class='notes_toc_article_row'>\n        <div class='notes_toc_article_pdf'>\n        <\/div>\n        <a class='notes_toc_article_title_link' href='https:\/\/mathmatters.cms.math.ca\/fr\/article\/nouveaute-reunion-dete-2025-de-la-smc-6-9-juin-banquet-de-remise-des-prix\/'>R\u00e9union d\u2019\u00e9t\u00e9 2025 de la SMC, 6-9 juin | banquet de remise des prix<\/a>      <\/div>\n    <\/div>\n    <div class='notes_toc_article'>\n      <div class='notes_toc_section_name'>Annonces<\/div>\n      <div class='notes_toc_article_row'>\n        <div class='notes_toc_article_pdf'>\n        <\/div>\n        <a class='notes_toc_article_title_link' href='https:\/\/mathmatters.cms.math.ca\/fr\/article\/nouveaute-demandes-de-soutien-aux-conferences-linstitut-tutte-pour-les-mathematiques-et-le-calcul\/'>Demandes de soutien aux conf\u00e9rences \u2013 l\u2019Institut Tutte pour les math\u00e9matiques et le calcul<\/a> <span class='notes_toc_author_name'>&mdash;&nbsp;Tutte Institute for Mathematics and Computing<\/span>      <\/div>\n    <\/div>\n    <div class='notes_toc_article'>\n      <div class='notes_toc_article_row'>\n        <div class='notes_toc_article_pdf'>\n        <\/div>\n        <a class='notes_toc_article_title_link' href='https:\/\/mathmatters.cms.math.ca\/fr\/article\/nouveaute-joint-mathematical-meetings-jmm-january-4-7-2026\/'>Joint Mathematical Meetings (JMM) | January 4-7, 2026<\/a> <span class='notes_toc_author_name'>&mdash;&nbsp;Javad Mashreghi<\/span>      <\/div>\n    <\/div>\n    <div class='notes_toc_article'>\n      <div class='notes_toc_article_row'>\n        <div class='notes_toc_article_pdf'>\n        <\/div>\n        <a class='notes_toc_article_title_link' href='https:\/\/mathmatters.cms.math.ca\/fr\/article\/nouveaute-operator-analysis-on-function-spaces-university-of-manitoba-winnipeg-june-12-15-2025\/'>Operator Analysis on Function Spaces | University of Manitoba, Winnipeg | June 12-15, 2025<\/a> <span class='notes_toc_author_name'>&mdash;&nbsp;Jeet Sampat, Poornendu Kumar<\/span>      <\/div>\n    <\/div>\n    <div class='notes_toc_article'>\n      <div class='notes_toc_article_row'>\n        <div class='notes_toc_article_pdf'>\n        <\/div>\n        <a class='notes_toc_article_title_link' href='https:\/\/mathmatters.cms.math.ca\/fr\/article\/nouveaute-2025-fymsic-one-day-online-conference-am-i-convinced-research-and-evidence-in-mathematics-education-may-8th-2025\/'>2025 FYMSiC One-day Online Conference: Am I convinced? Research and Evidence in Mathematics Education, May 8th, 2025<\/a> <span class='notes_toc_author_name'>&mdash;&nbsp;Conference Organizers<\/span>      <\/div>\n    <\/div>\n    <div class='notes_toc_article'>\n      <div class='notes_toc_article_row'>\n        <div class='notes_toc_article_pdf'>\n        <\/div>\n        <a class='notes_toc_article_title_link' href='https:\/\/mathmatters.cms.math.ca\/fr\/article\/nouveaute-canadam-2025\/'>CanaDam 2025 - Inscriptions maintenant ouvertes!<\/a>      <\/div>\n    <\/div>\n    <div class='notes_toc_article'>\n      <div class='notes_toc_article_row'>\n        <div class='notes_toc_article_pdf'>\n        <\/div>\n        <a class='notes_toc_article_title_link' href='https:\/\/mathmatters.cms.math.ca\/fr\/article\/nouveaute-call-for-nominations-for-the-iciam-prizes-2027\/'>Call for nominations for the ICIAM Prizes 2027<\/a> <span class='notes_toc_author_name'>&mdash;&nbsp;ICIAM Prize Committee<\/span>      <\/div>\n    <\/div>\n    <div class='notes_toc_article'>\n      <div class='notes_toc_article_row'>\n        <div class='notes_toc_article_pdf'>\n        <\/div>\n        <a class='notes_toc_article_title_link' href='https:\/\/mathmatters.cms.math.ca\/fr\/article\/nouveaute-dccg-fest-in-honor-of-karoly-bezdeks-70th-birthday-july-14-18-2025-calgary\/'>DCCG Fest in honor of Karoly Bezdek\u2019s 70th birthday, July 14-18, 2025, Calgary<\/a> <span class='notes_toc_author_name'>&mdash;&nbsp;Conference Organizers<\/span>      <\/div>\n    <\/div>\n    <div class='notes_toc_article'>\n      <div class='notes_toc_section_name'>Appel de mises en candidature<\/div>\n      <div class='notes_toc_article_row'>\n        <div class='notes_toc_article_pdf'>\n        <\/div>\n        <a class='notes_toc_article_title_link' href='https:\/\/mathmatters.cms.math.ca\/fr\/article\/nouveaute-appel-aux-mises-en-nomination-prix-adrien-pouliot-2025-date-limite-31-mars-2025\/'>Appel aux mises en nomination : Prix Adrien Pouliot 2025 | date limite 30 avril, 2025<\/a>      <\/div>\n    <\/div>\n    <div class='notes_toc_article'>\n      <div class='notes_toc_section_name'>R\u00e9unions de la SMC<\/div>\n      <div class='notes_toc_article_row'>\n        <div class='notes_toc_article_pdf'>\n        <\/div>\n        <a class='notes_toc_article_title_link' href='https:\/\/mathmatters.cms.math.ca\/fr\/article\/nouveaute-reunion-dhiver-2025-de-la-smc-5-8-decembre-reservez-la-date\/'>R\u00e9union d'hiver 2025 de la SMC, 5-8 d\u00e9cembre | R\u00e9servez la date!<\/a>      <\/div>\n    <\/div>\n    <div class='notes_toc_article'>\n      <div class='notes_toc_section_name'>Annonces<\/div>\n      <div class='notes_toc_article_row'>\n        <div class='notes_toc_article_pdf'>\n        <\/div>\n        <a class='notes_toc_article_title_link' href='https:\/\/mathmatters.cms.math.ca\/fr\/article\/camp-de-maths-dete-du-smc-2025-les-inscriptions-sont-ouvertes\/'>Camp d'\u00e9t\u00e9 de math\u00e9matiques 2026 de la SMC | Les inscriptions sont ouvertes<\/a>      <\/div>\n    <\/div>\n    <div class='notes_toc_article'>\n      <div class='notes_toc_section_name'>Appel de mises en candidature<\/div>\n      <div class='notes_toc_article_row'>\n        <div class='notes_toc_article_pdf'>\n        <\/div>\n        <a class='notes_toc_article_title_link' href='https:\/\/mathmatters.cms.math.ca\/fr\/article\/nouveaute-appel-aux-candidatures-redacteur-en-chef-rec-crux-mathematicorum\/'>Appel aux mises en nomination : R\u00e9dacteur en chef (REC), Crux Mathematicorum | date limite 15 juillet<\/a>      <\/div>\n    <\/div>\n    <div class='notes_toc_article'>\n      <div class='notes_toc_article_row'>\n        <div class='notes_toc_article_pdf'>\n        <\/div>\n        <a class='notes_toc_article_title_link' href='https:\/\/mathmatters.cms.math.ca\/fr\/article\/nouveaute-appel-du-comite-des-prix-internationaux\/'>Appel du Comit\u00e9 des prix internationaux<\/a> <span class='notes_toc_author_name'>&mdash;&nbsp;Javad Mashreghi<\/span>      <\/div>\n    <\/div>\n    <div class='notes_toc_article'>\n      <div class='notes_toc_section_name'>Comit\u00e9 \u00e9tudiant de la SMC<\/div>\n      <div class='notes_toc_article_row'>\n        <div class='notes_toc_article_pdf'>\n        <\/div>\n        <a class='notes_toc_article_title_link' href='https:\/\/mathmatters.cms.math.ca\/fr\/article\/nouveaute-appel-a-la-soumission-de-resume-pour-la-session-de-presentation-etudiante-de-la-smc\/'>Appel \u00e0 la soumission de r\u00e9sum\u00e9 pour la session de pr\u00e9sentation \u00e9tudiante de la SMC<\/a> <span class='notes_toc_author_name'>&mdash;&nbsp;CMS Student Committee<\/span>      <\/div>\n    <\/div>\n    <div class='notes_toc_article'>\n      <div class='notes_toc_article_row'>\n        <div class='notes_toc_article_pdf'>\n        <\/div>\n        <a class='notes_toc_article_title_link' href='https:\/\/mathmatters.cms.math.ca\/fr\/article\/nouveaute-appel-a-la-soumission-daffiches-pour-la-session-daffiches-etudiante-du-aarms-smc\/'>Appel \u00e0 la soumission d'affiches pour la session d'affiches \u00e9tudiante du AARMS-SMC<\/a> <span class='notes_toc_author_name'>&mdash;&nbsp;CMS Student Committee<\/span>      <\/div>\n    <\/div>\n    <div class='notes_toc_article'>\n      <div class='notes_toc_article_row'>\n        <div class='notes_toc_article_pdf'>\n        <\/div>\n        <a class='notes_toc_article_title_link' href='https:\/\/mathmatters.cms.math.ca\/fr\/article\/nouveaute-ccem-2025\/'>CC\u00c9M 2025<\/a> <span class='notes_toc_author_name'>&mdash;&nbsp;CUMC 2025 Organizing Committee<\/span>      <\/div>\n    <\/div>\n    <div class='notes_toc_article'>\n      <div class='notes_toc_section_name'>CMS Student Committee<\/div>\n      <div class='notes_toc_article_row'>\n        <div class='notes_toc_article_pdf'>\n        <\/div>\n        <a class='notes_toc_article_title_link' href='https:\/\/mathmatters.cms.math.ca\/fr\/article\/studc-connect-with-us-on-discord\/'>Connect with us on Discord!<\/a> <span class='notes_toc_author_name'>&mdash;&nbsp;Student Committee of the CMS<\/span>      <\/div>\n    <\/div>\n<\/div>\n<\/div>\n<\/div>\n    <\/div>\n  <div class='notes_issues_issident' id='notes_issues_issident_2_13'><a href='javascript:void(0);' title=\"afficher\/masquer le contenu\" onclick='notes_issues_iss_vh(2, 13)'><img src='\/wp-content\/uploads\/2020\/01\/folder-closed.png' alt='afficher' class='notes_issues_toggles' id='notes_issues_toggle_show_2_13' ><img src='\/wp-content\/uploads\/2020\/01\/folder-open.png' alt='masquer' class='notes_issues_toggles' id='notes_issues_toggle_hide_2_13' style='display:none;'>[13] Num\u00e9ro du 4 avril 2025<\/a>\n<\/div>\n    <div class='notes_issues_isscontents' id='notes_issues_isscontents_2_13' style='display:none;'>\n<div class='notes_render_toc notes_noprint notes_toc_style_2' style='' id='notes_toc'>\n<div class='notes_toc_body'>\n  <div class='notes_toc_articles'>\n    <div class='notes_toc_article'>\n      <div class='notes_toc_section_name'>Appel de mises en candidature<\/div>\n      <div class='notes_toc_article_row'>\n        <div class='notes_toc_article_pdf'>\n        <\/div>\n        <a class='notes_toc_article_title_link' href='https:\/\/mathmatters.cms.math.ca\/fr\/article\/nouveaute-appel-a-candidatures-elections-cms-2025-date-limite-14-avril-2025\/'>Appel \u00e0 candidatures : \u00c9lections SMC 2025 | date limite 14 avril 2025<\/a>      <\/div>\n    <\/div>\n    <div class='notes_toc_article'>\n      <div class='notes_toc_section_name'>R\u00e9unions de la SMC<\/div>\n      <div class='notes_toc_article_row'>\n        <div class='notes_toc_article_pdf'>\n        <\/div>\n        <a class='notes_toc_article_title_link' href='https:\/\/mathmatters.cms.math.ca\/fr\/article\/nouveaute-reunion-dete-2025-de-la-smc-6-9-juin-les-inscriptions-sont-ouvertes\/'>R\u00e9union d'\u00e9t\u00e9 2025 de la SMC, 6-9 juin | Les inscriptions sont ouvertes !<\/a>      <\/div>\n    <\/div>\n    <div class='notes_toc_article'>\n      <div class='notes_toc_article_row'>\n        <div class='notes_toc_article_pdf'>\n        <\/div>\n        <a class='notes_toc_article_title_link' href='https:\/\/mathmatters.cms.math.ca\/fr\/article\/nouveaute-reunion-dete-2025-de-la-smc-reservez-la-date\/'>R\u00e9union d'\u00e9t\u00e9 2025 de la SMC, 6-9 juin | R\u00e9servez la date!<\/a>      <\/div>\n    <\/div>\n    <div class='notes_toc_article'>\n      <div class='notes_toc_article_row'>\n        <div class='notes_toc_article_pdf'>\n        <\/div>\n        <a class='notes_toc_article_title_link' href='https:\/\/mathmatters.cms.math.ca\/fr\/article\/nouveaute-reunion-dete-2025-de-la-smc-6-9-juin-banquet-de-remise-des-prix\/'>R\u00e9union d\u2019\u00e9t\u00e9 2025 de la SMC, 6-9 juin | banquet de remise des prix<\/a>      <\/div>\n    <\/div>\n    <div class='notes_toc_article'>\n      <div class='notes_toc_section_name'>Annonces<\/div>\n      <div class='notes_toc_article_row'>\n        <div class='notes_toc_article_pdf'>\n        <\/div>\n        <a class='notes_toc_article_title_link' href='https:\/\/mathmatters.cms.math.ca\/fr\/article\/nouveaute-joyeux-anniversaire-les-math-comptent\/'>NOUVEAUT\u00c9\u00a0: Joyeux anniversaire Les math comptent !<\/a>      <\/div>\n    <\/div>\n    <div class='notes_toc_article'>\n      <div class='notes_toc_article_row'>\n        <div class='notes_toc_article_pdf'>\n        <\/div>\n        <a class='notes_toc_article_title_link' href='https:\/\/mathmatters.cms.math.ca\/fr\/article\/nouveaute-joint-mathematical-meetings-jmm-january-4-7-2026\/'>Joint Mathematical Meetings (JMM) | January 4-7, 2026<\/a> <span class='notes_toc_author_name'>&mdash;&nbsp;Javad Mashreghi<\/span>      <\/div>\n    <\/div>\n    <div class='notes_toc_article'>\n      <div class='notes_toc_article_row'>\n        <div class='notes_toc_article_pdf'>\n        <\/div>\n        <a class='notes_toc_article_title_link' href='https:\/\/mathmatters.cms.math.ca\/fr\/article\/nouveaute-demandes-de-soutien-aux-conferences-linstitut-tutte-pour-les-mathematiques-et-le-calcul\/'>Demandes de soutien aux conf\u00e9rences \u2013 l\u2019Institut Tutte pour les math\u00e9matiques et le calcul<\/a> <span class='notes_toc_author_name'>&mdash;&nbsp;Tutte Institute for Mathematics and Computing<\/span>      <\/div>\n    <\/div>\n    <div class='notes_toc_article'>\n      <div class='notes_toc_article_row'>\n        <div class='notes_toc_article_pdf'>\n        <\/div>\n        <a class='notes_toc_article_title_link' href='https:\/\/mathmatters.cms.math.ca\/fr\/article\/nouveaute-operator-analysis-on-function-spaces-university-of-manitoba-winnipeg-june-12-15-2025\/'>Operator Analysis on Function Spaces | University of Manitoba, Winnipeg | June 12-15, 2025<\/a> <span class='notes_toc_author_name'>&mdash;&nbsp;Jeet Sampat, Poornendu Kumar<\/span>      <\/div>\n    <\/div>\n    <div class='notes_toc_article'>\n      <div class='notes_toc_article_row'>\n        <div class='notes_toc_article_pdf'>\n        <\/div>\n        <a class='notes_toc_article_title_link' href='https:\/\/mathmatters.cms.math.ca\/fr\/article\/nouveaute-conference-on-the-scholarship-of-mathematics-education-at-the-fields-institute-call-for-participants\/'>Conference on the Scholarship of Mathematics Education at the Fields Institute | Call for Participants<\/a> <span class='notes_toc_author_name'>&mdash;&nbsp;Ami Mamalo<\/span>      <\/div>\n    <\/div>\n    <div class='notes_toc_article'>\n      <div class='notes_toc_article_row'>\n        <div class='notes_toc_article_pdf'>\n        <\/div>\n        <a class='notes_toc_article_title_link' href='https:\/\/mathmatters.cms.math.ca\/fr\/article\/nouveaute-2025-fymsic-one-day-online-conference-am-i-convinced-research-and-evidence-in-mathematics-education-may-8th-2025\/'>2025 FYMSiC One-day Online Conference: Am I convinced? Research and Evidence in Mathematics Education, May 8th, 2025<\/a> <span class='notes_toc_author_name'>&mdash;&nbsp;Conference Organizers<\/span>      <\/div>\n    <\/div>\n    <div class='notes_toc_article'>\n      <div class='notes_toc_article_row'>\n        <div class='notes_toc_article_pdf'>\n        <\/div>\n        <a class='notes_toc_article_title_link' href='https:\/\/mathmatters.cms.math.ca\/fr\/article\/nouveaute-mathematics-and-related-books-for-sale\/'>Mathematics and related books for sale<\/a> <span class='notes_toc_author_name'>&mdash;&nbsp;Karl Dilcher<\/span>      <\/div>\n    <\/div>\n    <div class='notes_toc_article'>\n      <div class='notes_toc_article_row'>\n        <div class='notes_toc_article_pdf'>\n        <\/div>\n        <a class='notes_toc_article_title_link' href='https:\/\/mathmatters.cms.math.ca\/fr\/article\/nouveaute-call-for-nominations-for-the-iciam-prizes-2027\/'>Call for nominations for the ICIAM Prizes 2027<\/a> <span class='notes_toc_author_name'>&mdash;&nbsp;ICIAM Prize Committee<\/span>      <\/div>\n    <\/div>\n    <div class='notes_toc_article'>\n      <div class='notes_toc_article_row'>\n        <div class='notes_toc_article_pdf'>\n        <\/div>\n        <a class='notes_toc_article_title_link' href='https:\/\/mathmatters.cms.math.ca\/fr\/article\/nouveaute-canadam-2025\/'>CanaDam 2025 - Inscriptions maintenant ouvertes!<\/a>      <\/div>\n    <\/div>\n    <div class='notes_toc_article'>\n      <div class='notes_toc_article_row'>\n        <div class='notes_toc_article_pdf'>\n        <\/div>\n        <a class='notes_toc_article_title_link' href='https:\/\/mathmatters.cms.math.ca\/fr\/article\/nouveaute-dccg-fest-in-honor-of-karoly-bezdeks-70th-birthday-july-14-18-2025-calgary\/'>DCCG Fest in honor of Karoly Bezdek\u2019s 70th birthday, July 14-18, 2025, Calgary<\/a> <span class='notes_toc_author_name'>&mdash;&nbsp;Conference Organizers<\/span>      <\/div>\n    <\/div>\n    <div class='notes_toc_article'>\n      <div class='notes_toc_section_name'>Appel de mises en candidature<\/div>\n      <div class='notes_toc_article_row'>\n        <div class='notes_toc_article_pdf'>\n        <\/div>\n        <a class='notes_toc_article_title_link' href='https:\/\/mathmatters.cms.math.ca\/fr\/article\/nouveaute-appel-aux-mises-en-nomination-prix-adrien-pouliot-2025-date-limite-31-mars-2025\/'>Appel aux mises en nomination : Prix Adrien Pouliot 2025 | date limite 30 avril, 2025<\/a>      <\/div>\n    <\/div>\n    <div class='notes_toc_article'>\n      <div class='notes_toc_section_name'>R\u00e9unions de la SMC<\/div>\n      <div class='notes_toc_article_row'>\n        <div class='notes_toc_article_pdf'>\n        <\/div>\n        <a class='notes_toc_article_title_link' href='https:\/\/mathmatters.cms.math.ca\/fr\/article\/nouveaute-reunion-dhiver-2025-de-la-smc-5-8-decembre-reservez-la-date\/'>R\u00e9union d'hiver 2025 de la SMC, 5-8 d\u00e9cembre | R\u00e9servez la date!<\/a>      <\/div>\n    <\/div>\n    <div class='notes_toc_article'>\n      <div class='notes_toc_section_name'>Annonces<\/div>\n      <div class='notes_toc_article_row'>\n        <div class='notes_toc_article_pdf'>\n        <\/div>\n        <a class='notes_toc_article_title_link' href='https:\/\/mathmatters.cms.math.ca\/fr\/article\/camp-de-maths-dete-du-smc-2025-les-inscriptions-sont-ouvertes\/'>Camp d'\u00e9t\u00e9 de math\u00e9matiques 2026 de la SMC | Les inscriptions sont ouvertes<\/a>      <\/div>\n    <\/div>\n    <div class='notes_toc_article'>\n      <div class='notes_toc_section_name'>Appel de mises en candidature<\/div>\n      <div class='notes_toc_article_row'>\n        <div class='notes_toc_article_pdf'>\n        <\/div>\n        <a class='notes_toc_article_title_link' href='https:\/\/mathmatters.cms.math.ca\/fr\/article\/nouveaute-appel-aux-candidatures-redacteur-en-chef-rec-crux-mathematicorum\/'>Appel aux mises en nomination : R\u00e9dacteur en chef (REC), Crux Mathematicorum | date limite 15 juillet<\/a>      <\/div>\n    <\/div>\n    <div class='notes_toc_article'>\n      <div class='notes_toc_article_row'>\n        <div class='notes_toc_article_pdf'>\n        <\/div>\n        <a class='notes_toc_article_title_link' href='https:\/\/mathmatters.cms.math.ca\/fr\/article\/nouveaute-appel-du-comite-des-prix-internationaux\/'>Appel du Comit\u00e9 des prix internationaux<\/a> <span class='notes_toc_author_name'>&mdash;&nbsp;Javad Mashreghi<\/span>      <\/div>\n    <\/div>\n    <div class='notes_toc_article'>\n      <div class='notes_toc_section_name'>Comit\u00e9 \u00e9tudiant de la SMC<\/div>\n      <div class='notes_toc_article_row'>\n        <div class='notes_toc_article_pdf'>\n        <\/div>\n        <a class='notes_toc_article_title_link' href='https:\/\/mathmatters.cms.math.ca\/fr\/article\/nouveaute-appel-a-la-soumission-de-resume-pour-la-session-de-presentation-etudiante-de-la-smc\/'>Appel \u00e0 la soumission de r\u00e9sum\u00e9 pour la session de pr\u00e9sentation \u00e9tudiante de la SMC<\/a> <span class='notes_toc_author_name'>&mdash;&nbsp;CMS Student Committee<\/span>      <\/div>\n    <\/div>\n    <div class='notes_toc_article'>\n      <div class='notes_toc_article_row'>\n        <div class='notes_toc_article_pdf'>\n        <\/div>\n        <a class='notes_toc_article_title_link' href='https:\/\/mathmatters.cms.math.ca\/fr\/article\/nouveaute-appel-a-la-soumission-daffiches-pour-la-session-daffiches-etudiante-du-aarms-smc\/'>Appel \u00e0 la soumission d'affiches pour la session d'affiches \u00e9tudiante du AARMS-SMC<\/a> <span class='notes_toc_author_name'>&mdash;&nbsp;CMS Student Committee<\/span>      <\/div>\n    <\/div>\n    <div class='notes_toc_article'>\n      <div class='notes_toc_article_row'>\n        <div class='notes_toc_article_pdf'>\n        <\/div>\n        <a class='notes_toc_article_title_link' href='https:\/\/mathmatters.cms.math.ca\/fr\/article\/nouveaute-ccem-2025\/'>CC\u00c9M 2025<\/a> <span class='notes_toc_author_name'>&mdash;&nbsp;CUMC 2025 Organizing Committee<\/span>      <\/div>\n    <\/div>\n    <div class='notes_toc_article'>\n      <div class='notes_toc_section_name'>CMS Student Committee<\/div>\n      <div class='notes_toc_article_row'>\n        <div class='notes_toc_article_pdf'>\n        <\/div>\n        <a class='notes_toc_article_title_link' href='https:\/\/mathmatters.cms.math.ca\/fr\/article\/studc-connect-with-us-on-discord\/'>Connect with us on Discord!<\/a> <span class='notes_toc_author_name'>&mdash;&nbsp;Student Committee of the CMS<\/span>      <\/div>\n    <\/div>\n<\/div>\n<\/div>\n<\/div>\n    <\/div>\n  <div class='notes_issues_issident' id='notes_issues_issident_2_12'><a href='javascript:void(0);' title=\"afficher\/masquer le contenu\" onclick='notes_issues_iss_vh(2, 12)'><img src='\/wp-content\/uploads\/2020\/01\/folder-closed.png' alt='afficher' class='notes_issues_toggles' id='notes_issues_toggle_show_2_12' ><img src='\/wp-content\/uploads\/2020\/01\/folder-open.png' alt='masquer' class='notes_issues_toggles' id='notes_issues_toggle_hide_2_12' style='display:none;'>[12] Num\u00e9ro du 28 mars 2025<\/a>\n<\/div>\n    <div class='notes_issues_isscontents' id='notes_issues_isscontents_2_12' style='display:none;'>\n<div class='notes_render_toc notes_noprint notes_toc_style_2' style='' id='notes_toc'>\n<div class='notes_toc_body'>\n  <div class='notes_toc_articles'>\n    <div class='notes_toc_article'>\n      <div class='notes_toc_section_name'>Appel de mises en candidature<\/div>\n      <div class='notes_toc_article_row'>\n        <div class='notes_toc_article_pdf'>\n        <\/div>\n        <a class='notes_toc_article_title_link' href='https:\/\/mathmatters.cms.math.ca\/fr\/article\/nouveaute-appel-a-candidatures-elections-cms-2025-date-limite-14-avril-2025\/'>Appel \u00e0 candidatures : \u00c9lections SMC 2025 | date limite 14 avril 2025<\/a>      <\/div>\n    <\/div>\n    <div class='notes_toc_article'>\n      <div class='notes_toc_section_name'>R\u00e9unions de la SMC<\/div>\n      <div class='notes_toc_article_row'>\n        <div class='notes_toc_article_pdf'>\n        <\/div>\n        <a class='notes_toc_article_title_link' href='https:\/\/mathmatters.cms.math.ca\/fr\/article\/nouveaute-reunion-dete-2025-de-la-smc-6-9-juin-les-inscriptions-sont-ouvertes\/'>R\u00e9union d'\u00e9t\u00e9 2025 de la SMC, 6-9 juin | Les inscriptions sont ouvertes !<\/a>      <\/div>\n    <\/div>\n    <div class='notes_toc_article'>\n      <div class='notes_toc_article_row'>\n        <div class='notes_toc_article_pdf'>\n        <\/div>\n        <a class='notes_toc_article_title_link' href='https:\/\/mathmatters.cms.math.ca\/fr\/article\/nouveaute-reunion-dete-2025-de-la-smc-reservez-la-date\/'>R\u00e9union d'\u00e9t\u00e9 2025 de la SMC, 6-9 juin | R\u00e9servez la date!<\/a>      <\/div>\n    <\/div>\n    <div class='notes_toc_article'>\n      <div class='notes_toc_article_row'>\n        <div class='notes_toc_article_pdf'>\n        <\/div>\n        <a class='notes_toc_article_title_link' href='https:\/\/mathmatters.cms.math.ca\/fr\/article\/appel-aux-mini-cours\/'>R\u00e9union d'et\u00e9 2025 de la SMC | Appel aux mini-cours<\/a>      <\/div>\n    <\/div>\n    <div class='notes_toc_article'>\n      <div class='notes_toc_section_name'>Annonces<\/div>\n      <div class='notes_toc_article_row'>\n        <div class='notes_toc_article_pdf'>\n        <\/div>\n        <a class='notes_toc_article_title_link' href='https:\/\/mathmatters.cms.math.ca\/fr\/article\/nouveaute-canadam-2025\/'>CanaDam 2025 - Inscriptions maintenant ouvertes!<\/a>      <\/div>\n    <\/div>\n    <div class='notes_toc_article'>\n      <div class='notes_toc_article_row'>\n        <div class='notes_toc_article_pdf'>\n        <\/div>\n        <a class='notes_toc_article_title_link' href='https:\/\/mathmatters.cms.math.ca\/fr\/article\/nouveaute-operator-analysis-on-function-spaces-university-of-manitoba-winnipeg-june-12-15-2025\/'>Operator Analysis on Function Spaces | University of Manitoba, Winnipeg | June 12-15, 2025<\/a> <span class='notes_toc_author_name'>&mdash;&nbsp;Jeet Sampat, Poornendu Kumar<\/span>      <\/div>\n    <\/div>\n    <div class='notes_toc_article'>\n      <div class='notes_toc_article_row'>\n        <div class='notes_toc_article_pdf'>\n        <\/div>\n        <a class='notes_toc_article_title_link' href='https:\/\/mathmatters.cms.math.ca\/fr\/article\/nouveaute-conference-on-the-scholarship-of-mathematics-education-at-the-fields-institute-call-for-participants\/'>Conference on the Scholarship of Mathematics Education at the Fields Institute | Call for Participants<\/a> <span class='notes_toc_author_name'>&mdash;&nbsp;Ami Mamalo<\/span>      <\/div>\n    <\/div>\n    <div class='notes_toc_article'>\n      <div class='notes_toc_article_row'>\n        <div class='notes_toc_article_pdf'>\n        <\/div>\n        <a class='notes_toc_article_title_link' href='https:\/\/mathmatters.cms.math.ca\/fr\/article\/nouveaute-2025-fymsic-one-day-online-conference-am-i-convinced-research-and-evidence-in-mathematics-education-may-8th-2025\/'>2025 FYMSiC One-day Online Conference: Am I convinced? Research and Evidence in Mathematics Education, May 8th, 2025<\/a> <span class='notes_toc_author_name'>&mdash;&nbsp;Conference Organizers<\/span>      <\/div>\n    <\/div>\n    <div class='notes_toc_article'>\n      <div class='notes_toc_article_row'>\n        <div class='notes_toc_article_pdf'>\n        <\/div>\n        <a class='notes_toc_article_title_link' href='https:\/\/mathmatters.cms.math.ca\/fr\/article\/nouveaute-mathematics-and-related-books-for-sale\/'>Mathematics and related books for sale<\/a> <span class='notes_toc_author_name'>&mdash;&nbsp;Karl Dilcher<\/span>      <\/div>\n    <\/div>\n    <div class='notes_toc_article'>\n      <div class='notes_toc_article_row'>\n        <div class='notes_toc_article_pdf'>\n        <\/div>\n        <a class='notes_toc_article_title_link' href='https:\/\/mathmatters.cms.math.ca\/fr\/article\/nouveaute-call-for-nominations-for-the-iciam-prizes-2027\/'>Call for nominations for the ICIAM Prizes 2027<\/a> <span class='notes_toc_author_name'>&mdash;&nbsp;ICIAM Prize Committee<\/span>      <\/div>\n    <\/div>\n    <div class='notes_toc_article'>\n      <div class='notes_toc_section_name'>Appel de mises en candidature<\/div>\n      <div class='notes_toc_article_row'>\n        <div class='notes_toc_article_pdf'>\n        <\/div>\n        <a class='notes_toc_article_title_link' href='https:\/\/mathmatters.cms.math.ca\/fr\/article\/nouveaute-appel-aux-mises-en-nomination-prix-adrien-pouliot-2025-date-limite-31-mars-2025\/'>Appel aux mises en nomination : Prix Adrien Pouliot 2025 | date limite 30 avril, 2025<\/a>      <\/div>\n    <\/div>\n    <div class='notes_toc_article'>\n      <div class='notes_toc_article_row'>\n        <div class='notes_toc_article_pdf'>\n        <\/div>\n        <a class='notes_toc_article_title_link' href='https:\/\/mathmatters.cms.math.ca\/fr\/article\/nouveaute-appel-aux-mises-en-nominations-fellows-de-la-smc-2025-date-limite-31-mars-2025\/'>Appel aux mises en nominations : Fellows de la SMC 2025 | date limite 31 mars, 2025<\/a>      <\/div>\n    <\/div>\n    <div class='notes_toc_article'>\n      <div class='notes_toc_article_row'>\n        <div class='notes_toc_article_pdf'>\n        <\/div>\n        <a class='notes_toc_article_title_link' href='https:\/\/mathmatters.cms.math.ca\/fr\/article\/nouveaute-appel-aux-mises-en-nomination-prix-graham-wright-pour-service-meritoire-2025\/'>Appel aux mises en nomination : Prix Graham Wright pour service m\u00e9ritoire 2025 | date limite 31 mars<\/a>      <\/div>\n    <\/div>\n    <div class='notes_toc_article'>\n      <div class='notes_toc_section_name'>Annonces<\/div>\n      <div class='notes_toc_article_row'>\n        <div class='notes_toc_article_pdf'>\n        <\/div>\n        <a class='notes_toc_article_title_link' href='https:\/\/mathmatters.cms.math.ca\/fr\/article\/camp-de-maths-dete-du-smc-2025-les-inscriptions-sont-ouvertes\/'>Camp d'\u00e9t\u00e9 de math\u00e9matiques 2026 de la SMC | Les inscriptions sont ouvertes<\/a>      <\/div>\n    <\/div>\n    <div class='notes_toc_article'>\n      <div class='notes_toc_section_name'>Appel de mises en candidature<\/div>\n      <div class='notes_toc_article_row'>\n        <div class='notes_toc_article_pdf'>\n        <\/div>\n        <a class='notes_toc_article_title_link' href='https:\/\/mathmatters.cms.math.ca\/fr\/article\/nouveaute-appel-aux-candidatures-redacteur-en-chef-rec-crux-mathematicorum\/'>Appel aux mises en nomination : R\u00e9dacteur en chef (REC), Crux Mathematicorum | date limite 15 juillet<\/a>      <\/div>\n    <\/div>\n    <div class='notes_toc_article'>\n      <div class='notes_toc_article_row'>\n        <div class='notes_toc_article_pdf'>\n        <\/div>\n        <a class='notes_toc_article_title_link' href='https:\/\/mathmatters.cms.math.ca\/fr\/article\/nouveaute-appel-du-comite-des-prix-internationaux\/'>Appel du Comit\u00e9 des prix internationaux<\/a> <span class='notes_toc_author_name'>&mdash;&nbsp;Javad Mashreghi<\/span>      <\/div>\n    <\/div>\n    <div class='notes_toc_article'>\n      <div class='notes_toc_section_name'>Nouvelles publications<\/div>\n      <div class='notes_toc_article_row'>\n        <div class='notes_toc_article_pdf'>\n        <\/div>\n        <a class='notes_toc_article_title_link' href='https:\/\/mathmatters.cms.math.ca\/fr\/article\/nouveaute-crux-mathematicorum-numero-de-mars-mettez-vous-au-defi-avec-le-journal-de-resolution-de-problemes-du-smc\/'>NOUVEAUT\u00c9\u00a0: Crux Mathematicorum - Num\u00e9ro de mars - Mettez vous au d\u00e9fi avec le journal de r\u00e9solution de probl\u00e8mes du SMC<\/a> <span class='notes_toc_author_name'>&mdash;&nbsp;Crux Editorial Board<\/span>      <\/div>\n    <\/div>\n    <div class='notes_toc_article'>\n      <div class='notes_toc_section_name'>Comit\u00e9 \u00e9tudiant de la SMC<\/div>\n      <div class='notes_toc_article_row'>\n        <div class='notes_toc_article_pdf'>\n        <\/div>\n        <a class='notes_toc_article_title_link' href='https:\/\/mathmatters.cms.math.ca\/fr\/article\/nouveaute-ccem-2025\/'>CC\u00c9M 2025<\/a> <span class='notes_toc_author_name'>&mdash;&nbsp;CUMC 2025 Organizing Committee<\/span>      <\/div>\n    <\/div>\n    <div class='notes_toc_article'>\n      <div class='notes_toc_section_name'>CMS Student Committee<\/div>\n      <div class='notes_toc_article_row'>\n        <div class='notes_toc_article_pdf'>\n        <\/div>\n        <a class='notes_toc_article_title_link' href='https:\/\/mathmatters.cms.math.ca\/fr\/article\/studc-connect-with-us-on-discord\/'>Connect with us on Discord!<\/a> <span class='notes_toc_author_name'>&mdash;&nbsp;Student Committee of the CMS<\/span>      <\/div>\n    <\/div>\n    <div class='notes_toc_article'>\n      <div class='notes_toc_section_name'>Comit\u00e9 \u00e9tudiant de la SMC<\/div>\n      <div class='notes_toc_article_row'>\n        <div class='notes_toc_article_pdf'>\n        <\/div>\n        <a class='notes_toc_article_title_link' href='https:\/\/mathmatters.cms.math.ca\/fr\/article\/nouveaute-appel-a-soumission-notes-from-the-margin\/'>Appel \u00e0 soumission - Notes from the Margin<\/a> <span class='notes_toc_author_name'>&mdash;&nbsp;J\u00e9r\u00e9my Champagne<\/span>      <\/div>\n    <\/div>\n    <div class='notes_toc_article'>\n      <div class='notes_toc_article_row'>\n        <div class='notes_toc_article_pdf'>\n        <\/div>\n        <a class='notes_toc_article_title_link' href='https:\/\/mathmatters.cms.math.ca\/fr\/article\/nouveaute-conferences-etudiantes\/'>Conf\u00e9rences \u00e9tudiantes<\/a> <span class='notes_toc_author_name'>&mdash;&nbsp;Student Committee of the CMS<\/span>      <\/div>\n    <\/div>\n<\/div>\n<\/div>\n<\/div>\n    <\/div>\n  <div class='notes_issues_issident' id='notes_issues_issident_2_11'><a href='javascript:void(0);' title=\"afficher\/masquer le contenu\" onclick='notes_issues_iss_vh(2, 11)'><img src='\/wp-content\/uploads\/2020\/01\/folder-closed.png' alt='afficher' class='notes_issues_toggles' id='notes_issues_toggle_show_2_11' ><img src='\/wp-content\/uploads\/2020\/01\/folder-open.png' alt='masquer' class='notes_issues_toggles' id='notes_issues_toggle_hide_2_11' style='display:none;'>[11] Num\u00e9ro du 21 mars 2025<\/a>\n<\/div>\n    <div class='notes_issues_isscontents' id='notes_issues_isscontents_2_11' style='display:none;'>\n<div class='notes_render_toc notes_noprint notes_toc_style_2' style='' id='notes_toc'>\n<div class='notes_toc_body'>\n  <div class='notes_toc_articles'>\n    <div class='notes_toc_article'>\n      <div class='notes_toc_section_name'>Appel de mises en candidature<\/div>\n      <div class='notes_toc_article_row'>\n        <div class='notes_toc_article_pdf'>\n        <\/div>\n        <a class='notes_toc_article_title_link' href='https:\/\/mathmatters.cms.math.ca\/fr\/article\/nouveaute-appel-a-candidatures-elections-cms-2025-date-limite-14-avril-2025\/'>Appel \u00e0 candidatures : \u00c9lections SMC 2025 | date limite 14 avril 2025<\/a>      <\/div>\n    <\/div>\n    <div class='notes_toc_article'>\n      <div class='notes_toc_section_name'>R\u00e9unions de la SMC<\/div>\n      <div class='notes_toc_article_row'>\n        <div class='notes_toc_article_pdf'>\n        <\/div>\n        <a class='notes_toc_article_title_link' href='https:\/\/mathmatters.cms.math.ca\/fr\/article\/nouveaute-reunion-dete-2025-de-la-smc-6-9-juin-les-inscriptions-sont-ouvertes\/'>R\u00e9union d'\u00e9t\u00e9 2025 de la SMC, 6-9 juin | Les inscriptions sont ouvertes !<\/a>      <\/div>\n    <\/div>\n    <div class='notes_toc_article'>\n      <div class='notes_toc_article_row'>\n        <div class='notes_toc_article_pdf'>\n        <\/div>\n        <a class='notes_toc_article_title_link' href='https:\/\/mathmatters.cms.math.ca\/fr\/article\/nouveaute-reunion-dete-2025-de-la-smc-reservez-la-date\/'>R\u00e9union d'\u00e9t\u00e9 2025 de la SMC, 6-9 juin | R\u00e9servez la date!<\/a>      <\/div>\n    <\/div>\n    <div class='notes_toc_article'>\n      <div class='notes_toc_article_row'>\n        <div class='notes_toc_article_pdf'>\n        <\/div>\n        <a class='notes_toc_article_title_link' href='https:\/\/mathmatters.cms.math.ca\/fr\/article\/appel-aux-mini-cours\/'>R\u00e9union d'et\u00e9 2025 de la SMC | Appel aux mini-cours<\/a>      <\/div>\n    <\/div>\n    <div class='notes_toc_article'>\n      <div class='notes_toc_section_name'>Annonces<\/div>\n      <div class='notes_toc_article_row'>\n        <div class='notes_toc_article_pdf'>\n        <\/div>\n        <a class='notes_toc_article_title_link' href='https:\/\/mathmatters.cms.math.ca\/fr\/article\/nouveaute-canadam-2025\/'>CanaDam 2025 - Inscriptions maintenant ouvertes!<\/a>      <\/div>\n    <\/div>\n    <div class='notes_toc_article'>\n      <div class='notes_toc_article_row'>\n        <div class='notes_toc_article_pdf'>\n        <\/div>\n        <a class='notes_toc_article_title_link' href='https:\/\/mathmatters.cms.math.ca\/fr\/article\/nouveaute-operator-analysis-on-function-spaces-university-of-manitoba-winnipeg-june-12-15-2025\/'>Operator Analysis on Function Spaces | University of Manitoba, Winnipeg | June 12-15, 2025<\/a> <span class='notes_toc_author_name'>&mdash;&nbsp;Jeet Sampat, Poornendu Kumar<\/span>      <\/div>\n    <\/div>\n    <div class='notes_toc_article'>\n      <div class='notes_toc_article_row'>\n        <div class='notes_toc_article_pdf'>\n        <\/div>\n        <a class='notes_toc_article_title_link' href='https:\/\/mathmatters.cms.math.ca\/fr\/article\/nouveaute-conference-on-the-scholarship-of-mathematics-education-at-the-fields-institute-call-for-participants\/'>Conference on the Scholarship of Mathematics Education at the Fields Institute | Call for Participants<\/a> <span class='notes_toc_author_name'>&mdash;&nbsp;Ami Mamalo<\/span>      <\/div>\n    <\/div>\n    <div class='notes_toc_article'>\n      <div class='notes_toc_article_row'>\n        <div class='notes_toc_article_pdf'>\n        <\/div>\n        <a class='notes_toc_article_title_link' href='https:\/\/mathmatters.cms.math.ca\/fr\/article\/nouveaute-2025-fymsic-one-day-online-conference-am-i-convinced-research-and-evidence-in-mathematics-education-may-8th-2025\/'>2025 FYMSiC One-day Online Conference: Am I convinced? Research and Evidence in Mathematics Education, May 8th, 2025<\/a> <span class='notes_toc_author_name'>&mdash;&nbsp;Conference Organizers<\/span>      <\/div>\n    <\/div>\n    <div class='notes_toc_article'>\n      <div class='notes_toc_article_row'>\n        <div class='notes_toc_article_pdf'>\n        <\/div>\n        <a class='notes_toc_article_title_link' href='https:\/\/mathmatters.cms.math.ca\/fr\/article\/nouveaute-mathematics-and-related-books-for-sale\/'>Mathematics and related books for sale<\/a> <span class='notes_toc_author_name'>&mdash;&nbsp;Karl Dilcher<\/span>      <\/div>\n    <\/div>\n    <div class='notes_toc_article'>\n      <div class='notes_toc_article_row'>\n        <div class='notes_toc_article_pdf'>\n        <\/div>\n        <a class='notes_toc_article_title_link' href='https:\/\/mathmatters.cms.math.ca\/fr\/article\/nouveaute-call-for-nominations-for-the-iciam-prizes-2027\/'>Call for nominations for the ICIAM Prizes 2027<\/a> <span class='notes_toc_author_name'>&mdash;&nbsp;ICIAM Prize Committee<\/span>      <\/div>\n    <\/div>\n    <div class='notes_toc_article'>\n      <div class='notes_toc_section_name'>Appel de mises en candidature<\/div>\n      <div class='notes_toc_article_row'>\n        <div class='notes_toc_article_pdf'>\n        <\/div>\n        <a class='notes_toc_article_title_link' href='https:\/\/mathmatters.cms.math.ca\/fr\/article\/nouveaute-appel-aux-mises-en-nomination-prix-adrien-pouliot-2025-date-limite-31-mars-2025\/'>Appel aux mises en nomination : Prix Adrien Pouliot 2025 | date limite 30 avril, 2025<\/a>      <\/div>\n    <\/div>\n    <div class='notes_toc_article'>\n      <div class='notes_toc_article_row'>\n        <div class='notes_toc_article_pdf'>\n        <\/div>\n        <a class='notes_toc_article_title_link' href='https:\/\/mathmatters.cms.math.ca\/fr\/article\/nouveaute-appel-aux-mises-en-nominations-fellows-de-la-smc-2025-date-limite-31-mars-2025\/'>Appel aux mises en nominations : Fellows de la SMC 2025 | date limite 31 mars, 2025<\/a>      <\/div>\n    <\/div>\n    <div class='notes_toc_article'>\n      <div class='notes_toc_article_row'>\n        <div class='notes_toc_article_pdf'>\n        <\/div>\n        <a class='notes_toc_article_title_link' href='https:\/\/mathmatters.cms.math.ca\/fr\/article\/nouveaute-appel-aux-mises-en-nomination-prix-graham-wright-pour-service-meritoire-2025\/'>Appel aux mises en nomination : Prix Graham Wright pour service m\u00e9ritoire 2025 | date limite 31 mars<\/a>      <\/div>\n    <\/div>\n    <div class='notes_toc_article'>\n      <div class='notes_toc_section_name'>Annonces<\/div>\n      <div class='notes_toc_article_row'>\n        <div class='notes_toc_article_pdf'>\n        <\/div>\n        <a class='notes_toc_article_title_link' href='https:\/\/mathmatters.cms.math.ca\/fr\/article\/camp-de-maths-dete-du-smc-2025-les-inscriptions-sont-ouvertes\/'>Camp d'\u00e9t\u00e9 de math\u00e9matiques 2026 de la SMC | Les inscriptions sont ouvertes<\/a>      <\/div>\n    <\/div>\n    <div class='notes_toc_article'>\n      <div class='notes_toc_section_name'>Appel de mises en candidature<\/div>\n      <div class='notes_toc_article_row'>\n        <div class='notes_toc_article_pdf'>\n        <\/div>\n        <a class='notes_toc_article_title_link' href='https:\/\/mathmatters.cms.math.ca\/fr\/article\/nouveaute-appel-aux-candidatures-redacteur-en-chef-rec-crux-mathematicorum\/'>Appel aux mises en nomination : R\u00e9dacteur en chef (REC), Crux Mathematicorum | date limite 15 juillet<\/a>      <\/div>\n    <\/div>\n    <div class='notes_toc_article'>\n      <div class='notes_toc_article_row'>\n        <div class='notes_toc_article_pdf'>\n        <\/div>\n        <a class='notes_toc_article_title_link' href='https:\/\/mathmatters.cms.math.ca\/fr\/article\/nouveaute-appel-du-comite-des-prix-internationaux\/'>Appel du Comit\u00e9 des prix internationaux<\/a> <span class='notes_toc_author_name'>&mdash;&nbsp;Javad Mashreghi<\/span>      <\/div>\n    <\/div>\n    <div class='notes_toc_article'>\n      <div class='notes_toc_section_name'>Nouvelles publications<\/div>\n      <div class='notes_toc_article_row'>\n        <div class='notes_toc_article_pdf'>\n        <\/div>\n        <a class='notes_toc_article_title_link' href='https:\/\/mathmatters.cms.math.ca\/fr\/article\/nouveaute-crux-mathematicorum-numero-de-mars-mettez-vous-au-defi-avec-le-journal-de-resolution-de-problemes-du-smc\/'>NOUVEAUT\u00c9\u00a0: Crux Mathematicorum - Num\u00e9ro de mars - Mettez vous au d\u00e9fi avec le journal de r\u00e9solution de probl\u00e8mes du SMC<\/a> <span class='notes_toc_author_name'>&mdash;&nbsp;Crux Editorial Board<\/span>      <\/div>\n    <\/div>\n    <div class='notes_toc_article'>\n      <div class='notes_toc_section_name'>Comit\u00e9 \u00e9tudiant de la SMC<\/div>\n      <div class='notes_toc_article_row'>\n        <div class='notes_toc_article_pdf'>\n        <\/div>\n        <a class='notes_toc_article_title_link' href='https:\/\/mathmatters.cms.math.ca\/fr\/article\/nouveaute-rappel-notes-from-the-margin\/'>NOUVEAUT\u00c9\u00a0: Rappel - Notes from the Margin<\/a> <span class='notes_toc_author_name'>&mdash;&nbsp;J\u00e9r\u00e9my Champagne<\/span>      <\/div>\n    <\/div>\n    <div class='notes_toc_article'>\n      <div class='notes_toc_article_row'>\n        <div class='notes_toc_article_pdf'>\n        <\/div>\n        <a class='notes_toc_article_title_link' href='https:\/\/mathmatters.cms.math.ca\/fr\/article\/nouveaute-hote-de-la-cumc-2025\/'>H\u00f4te de la CUMC 2025 !<\/a> <span class='notes_toc_author_name'>&mdash;&nbsp;Student Committee of the CMS<\/span>      <\/div>\n    <\/div>\n    <div class='notes_toc_article'>\n      <div class='notes_toc_article_row'>\n        <div class='notes_toc_article_pdf'>\n        <\/div>\n        <a class='notes_toc_article_title_link' href='https:\/\/mathmatters.cms.math.ca\/fr\/article\/nouveaute-conferences-etudiantes\/'>Conf\u00e9rences \u00e9tudiantes<\/a> <span class='notes_toc_author_name'>&mdash;&nbsp;Student Committee of the CMS<\/span>      <\/div>\n    <\/div>\n    <div class='notes_toc_article'>\n      <div class='notes_toc_section_name'>CMS Student Committee<\/div>\n      <div class='notes_toc_article_row'>\n        <div class='notes_toc_article_pdf'>\n        <\/div>\n        <a class='notes_toc_article_title_link' href='https:\/\/mathmatters.cms.math.ca\/fr\/article\/studc-connect-with-us-on-discord\/'>Connect with us on Discord!<\/a> <span class='notes_toc_author_name'>&mdash;&nbsp;Student Committee of the CMS<\/span>      <\/div>\n    <\/div>\n    <div class='notes_toc_article'>\n      <div class='notes_toc_section_name'>Comit\u00e9 \u00e9tudiant de la SMC<\/div>\n      <div class='notes_toc_article_row'>\n        <div class='notes_toc_article_pdf'>\n        <\/div>\n        <a class='notes_toc_article_title_link' href='https:\/\/mathmatters.cms.math.ca\/fr\/article\/nouveaute-appel-a-soumission-notes-from-the-margin\/'>Appel \u00e0 soumission - Notes from the Margin<\/a> <span class='notes_toc_author_name'>&mdash;&nbsp;J\u00e9r\u00e9my Champagne<\/span>      <\/div>\n    <\/div>\n<\/div>\n<\/div>\n<\/div>\n    <\/div>\n  <div class='notes_issues_issident' id='notes_issues_issident_2_10'><a href='javascript:void(0);' title=\"afficher\/masquer le contenu\" onclick='notes_issues_iss_vh(2, 10)'><img src='\/wp-content\/uploads\/2020\/01\/folder-closed.png' alt='afficher' class='notes_issues_toggles' id='notes_issues_toggle_show_2_10' ><img src='\/wp-content\/uploads\/2020\/01\/folder-open.png' alt='masquer' class='notes_issues_toggles' id='notes_issues_toggle_hide_2_10' style='display:none;'>[10] Num\u00e9ro du 14 mars 2025<\/a>\n<\/div>\n    <div class='notes_issues_isscontents' id='notes_issues_isscontents_2_10' style='display:none;'>\n<div class='notes_render_toc notes_noprint notes_toc_style_2' style='' id='notes_toc'>\n<div class='notes_toc_body'>\n  <div class='notes_toc_articles'>\n    <div class='notes_toc_article'>\n      <div class='notes_toc_section_name'>Appel de mises en candidature<\/div>\n      <div class='notes_toc_article_row'>\n        <div class='notes_toc_article_pdf'>\n        <\/div>\n        <a class='notes_toc_article_title_link' href='https:\/\/mathmatters.cms.math.ca\/fr\/article\/nouveaute-appel-a-candidatures-elections-cms-2025-date-limite-14-avril-2025\/'>Appel \u00e0 candidatures : \u00c9lections SMC 2025 | date limite 14 avril 2025<\/a>      <\/div>\n    <\/div>\n    <div class='notes_toc_article'>\n      <div class='notes_toc_section_name'>R\u00e9unions de la SMC<\/div>\n      <div class='notes_toc_article_row'>\n        <div class='notes_toc_article_pdf'>\n        <\/div>\n        <a class='notes_toc_article_title_link' href='https:\/\/mathmatters.cms.math.ca\/fr\/article\/nouveaute-reunion-dete-2025-de-la-smc-6-9-juin-les-inscriptions-sont-ouvertes\/'>R\u00e9union d'\u00e9t\u00e9 2025 de la SMC, 6-9 juin | Les inscriptions sont ouvertes !<\/a>      <\/div>\n    <\/div>\n    <div class='notes_toc_article'>\n      <div class='notes_toc_article_row'>\n        <div class='notes_toc_article_pdf'>\n        <\/div>\n        <a class='notes_toc_article_title_link' href='https:\/\/mathmatters.cms.math.ca\/fr\/article\/nouveaute-reunion-dete-2025-de-la-smc-reservez-la-date\/'>R\u00e9union d'\u00e9t\u00e9 2025 de la SMC, 6-9 juin | R\u00e9servez la date!<\/a>      <\/div>\n    <\/div>\n    <div class='notes_toc_article'>\n      <div class='notes_toc_article_row'>\n        <div class='notes_toc_article_pdf'>\n        <\/div>\n        <a class='notes_toc_article_title_link' href='https:\/\/mathmatters.cms.math.ca\/fr\/article\/nouveaute-reunion-dete-2025-de-la-smc-appel-aux-sessions\/'>R\u00e9union d'et\u00e9 2025 de la SMC | Appel aux sessions scientifiques<\/a>      <\/div>\n    <\/div>\n    <div class='notes_toc_article'>\n      <div class='notes_toc_article_row'>\n        <div class='notes_toc_article_pdf'>\n        <\/div>\n        <a class='notes_toc_article_title_link' href='https:\/\/mathmatters.cms.math.ca\/fr\/article\/appel-aux-mini-cours\/'>R\u00e9union d'et\u00e9 2025 de la SMC | Appel aux mini-cours<\/a>      <\/div>\n    <\/div>\n    <div class='notes_toc_article'>\n      <div class='notes_toc_article_row'>\n        <div class='notes_toc_article_pdf'>\n        <\/div>\n        <a class='notes_toc_article_title_link' href='https:\/\/mathmatters.cms.math.ca\/fr\/article\/appel-aux-sessions-deducation\/'>R\u00e9union d'et\u00e9 2025 de la SMC | Appel aux sessions d'\u00e9ducation<\/a>      <\/div>\n    <\/div>\n    <div class='notes_toc_article'>\n      <div class='notes_toc_section_name'>Annonces<\/div>\n      <div class='notes_toc_article_row'>\n        <div class='notes_toc_article_pdf'>\n        <\/div>\n        <a class='notes_toc_article_title_link' href='https:\/\/mathmatters.cms.math.ca\/fr\/article\/nouveaute-exciting-summer-research-opportunity-for-undergraduate-students-in-statistical-sciences\/'>NOUVEAUT\u00c9\u00a0: Exciting Summer Research Opportunity for Undergraduate Students in Statistical Sciences<\/a> <span class='notes_toc_author_name'>&mdash;&nbsp;Kal Romain<\/span>      <\/div>\n    <\/div>\n    <div class='notes_toc_article'>\n      <div class='notes_toc_article_row'>\n        <div class='notes_toc_article_pdf'>\n        <\/div>\n        <a class='notes_toc_article_title_link' href='https:\/\/mathmatters.cms.math.ca\/fr\/article\/nouveaute-conference-on-the-scholarship-of-mathematics-education-at-the-fields-institute-call-for-participants\/'>Conference on the Scholarship of Mathematics Education at the Fields Institute | Call for Participants<\/a> <span class='notes_toc_author_name'>&mdash;&nbsp;Ami Mamalo<\/span>      <\/div>\n    <\/div>\n    <div class='notes_toc_article'>\n      <div class='notes_toc_article_row'>\n        <div class='notes_toc_article_pdf'>\n        <\/div>\n        <a class='notes_toc_article_title_link' href='https:\/\/mathmatters.cms.math.ca\/fr\/article\/nouveaute-2025-fymsic-one-day-online-conference-am-i-convinced-research-and-evidence-in-mathematics-education-may-8th-2025\/'>2025 FYMSiC One-day Online Conference: Am I convinced? Research and Evidence in Mathematics Education, May 8th, 2025<\/a> <span class='notes_toc_author_name'>&mdash;&nbsp;Conference Organizers<\/span>      <\/div>\n    <\/div>\n    <div class='notes_toc_article'>\n      <div class='notes_toc_article_row'>\n        <div class='notes_toc_article_pdf'>\n        <\/div>\n        <a class='notes_toc_article_title_link' href='https:\/\/mathmatters.cms.math.ca\/fr\/article\/nouveaute-mathematics-and-related-books-for-sale\/'>Mathematics and related books for sale<\/a> <span class='notes_toc_author_name'>&mdash;&nbsp;Karl Dilcher<\/span>      <\/div>\n    <\/div>\n    <div class='notes_toc_article'>\n      <div class='notes_toc_article_row'>\n        <div class='notes_toc_article_pdf'>\n        <\/div>\n        <a class='notes_toc_article_title_link' href='https:\/\/mathmatters.cms.math.ca\/fr\/article\/nouveaute-call-for-nominations-for-the-iciam-prizes-2027\/'>Call for nominations for the ICIAM Prizes 2027<\/a> <span class='notes_toc_author_name'>&mdash;&nbsp;ICIAM Prize Committee<\/span>      <\/div>\n    <\/div>\n    <div class='notes_toc_article'>\n      <div class='notes_toc_article_row'>\n        <div class='notes_toc_article_pdf'>\n        <\/div>\n        <a class='notes_toc_article_title_link' href='https:\/\/mathmatters.cms.math.ca\/fr\/article\/nouveaute-operator-analysis-on-function-spaces-university-of-manitoba-winnipeg-june-12-15-2025\/'>Operator Analysis on Function Spaces | University of Manitoba, Winnipeg | June 12-15, 2025<\/a> <span class='notes_toc_author_name'>&mdash;&nbsp;Jeet Sampat, Poornendu Kumar<\/span>      <\/div>\n    <\/div>\n    <div class='notes_toc_article'>\n      <div class='notes_toc_article_row'>\n        <div class='notes_toc_article_pdf'>\n        <\/div>\n        <a class='notes_toc_article_title_link' href='https:\/\/mathmatters.cms.math.ca\/fr\/article\/nouveaute-canadam-2025\/'>CanaDam 2025 - Inscriptions maintenant ouvertes!<\/a>      <\/div>\n    <\/div>\n    <div class='notes_toc_article'>\n      <div class='notes_toc_section_name'>Appel de mises en candidature<\/div>\n      <div class='notes_toc_article_row'>\n        <div class='notes_toc_article_pdf'>\n        <\/div>\n        <a class='notes_toc_article_title_link' href='https:\/\/mathmatters.cms.math.ca\/fr\/article\/nouveaute-appel-aux-mises-en-nomination-prix-adrien-pouliot-2025-date-limite-31-mars-2025\/'>Appel aux mises en nomination : Prix Adrien Pouliot 2025 | date limite 30 avril, 2025<\/a>      <\/div>\n    <\/div>\n    <div class='notes_toc_article'>\n      <div class='notes_toc_article_row'>\n        <div class='notes_toc_article_pdf'>\n        <\/div>\n        <a class='notes_toc_article_title_link' href='https:\/\/mathmatters.cms.math.ca\/fr\/article\/nouveaute-appel-aux-mises-en-nominations-fellows-de-la-smc-2025-date-limite-31-mars-2025\/'>Appel aux mises en nominations : Fellows de la SMC 2025 | date limite 31 mars, 2025<\/a>      <\/div>\n    <\/div>\n    <div class='notes_toc_article'>\n      <div class='notes_toc_article_row'>\n        <div class='notes_toc_article_pdf'>\n        <\/div>\n        <a class='notes_toc_article_title_link' href='https:\/\/mathmatters.cms.math.ca\/fr\/article\/nouveaute-appel-aux-mises-en-nomination-prix-graham-wright-pour-service-meritoire-2025\/'>Appel aux mises en nomination : Prix Graham Wright pour service m\u00e9ritoire 2025 | date limite 31 mars<\/a>      <\/div>\n    <\/div>\n    <div class='notes_toc_article'>\n      <div class='notes_toc_section_name'>Annonces<\/div>\n      <div class='notes_toc_article_row'>\n        <div class='notes_toc_article_pdf'>\n        <\/div>\n        <a class='notes_toc_article_title_link' href='https:\/\/mathmatters.cms.math.ca\/fr\/article\/camp-de-maths-dete-du-smc-2025-les-inscriptions-sont-ouvertes\/'>Camp d'\u00e9t\u00e9 de math\u00e9matiques 2026 de la SMC | Les inscriptions sont ouvertes<\/a>      <\/div>\n    <\/div>\n    <div class='notes_toc_article'>\n      <div class='notes_toc_section_name'>Appel de mises en candidature<\/div>\n      <div class='notes_toc_article_row'>\n        <div class='notes_toc_article_pdf'>\n        <\/div>\n        <a class='notes_toc_article_title_link' href='https:\/\/mathmatters.cms.math.ca\/fr\/article\/nouveaute-appel-du-comite-des-prix-internationaux\/'>Appel du Comit\u00e9 des prix internationaux<\/a> <span class='notes_toc_author_name'>&mdash;&nbsp;Javad Mashreghi<\/span>      <\/div>\n    <\/div>\n    <div class='notes_toc_article'>\n      <div class='notes_toc_article_row'>\n        <div class='notes_toc_article_pdf'>\n        <\/div>\n        <a class='notes_toc_article_title_link' href='https:\/\/mathmatters.cms.math.ca\/fr\/article\/nouveaute-appel-aux-candidatures-redacteur-en-chef-rec-crux-mathematicorum\/'>Appel aux mises en nomination : R\u00e9dacteur en chef (REC), Crux Mathematicorum | date limite 15 juillet<\/a>      <\/div>\n    <\/div>\n    <div class='notes_toc_article'>\n      <div class='notes_toc_section_name'>Comit\u00e9 \u00e9tudiant de la SMC<\/div>\n      <div class='notes_toc_article_row'>\n        <div class='notes_toc_article_pdf'>\n        <\/div>\n        <a class='notes_toc_article_title_link' href='https:\/\/mathmatters.cms.math.ca\/fr\/article\/nouveaute-hote-de-la-cumc-2025\/'>H\u00f4te de la CUMC 2025 !<\/a> <span class='notes_toc_author_name'>&mdash;&nbsp;Student Committee of the CMS<\/span>      <\/div>\n    <\/div>\n    <div class='notes_toc_article'>\n      <div class='notes_toc_section_name'>CMS Student Committee<\/div>\n      <div class='notes_toc_article_row'>\n        <div class='notes_toc_article_pdf'>\n        <\/div>\n        <a class='notes_toc_article_title_link' href='https:\/\/mathmatters.cms.math.ca\/fr\/article\/studc-connect-with-us-on-discord\/'>Connect with us on Discord!<\/a> <span class='notes_toc_author_name'>&mdash;&nbsp;Student Committee of the CMS<\/span>      <\/div>\n    <\/div>\n    <div class='notes_toc_article'>\n      <div class='notes_toc_section_name'>Comit\u00e9 \u00e9tudiant de la SMC<\/div>\n      <div class='notes_toc_article_row'>\n        <div class='notes_toc_article_pdf'>\n        <\/div>\n        <a class='notes_toc_article_title_link' href='https:\/\/mathmatters.cms.math.ca\/fr\/article\/nouveaute-conferences-etudiantes\/'>Conf\u00e9rences \u00e9tudiantes<\/a> <span class='notes_toc_author_name'>&mdash;&nbsp;Student Committee of the CMS<\/span>      <\/div>\n    <\/div>\n    <div class='notes_toc_article'>\n      <div class='notes_toc_article_row'>\n        <div class='notes_toc_article_pdf'>\n        <\/div>\n        <a class='notes_toc_article_title_link' href='https:\/\/mathmatters.cms.math.ca\/fr\/article\/nouveaute-appel-a-soumission-notes-from-the-margin\/'>Appel \u00e0 soumission - Notes from the Margin<\/a> <span class='notes_toc_author_name'>&mdash;&nbsp;J\u00e9r\u00e9my Champagne<\/span>      <\/div>\n    <\/div>\n<\/div>\n<\/div>\n<\/div>\n    <\/div>\n  <div class='notes_issues_issident' id='notes_issues_issident_2_9'><a href='javascript:void(0);' title=\"afficher\/masquer le contenu\" onclick='notes_issues_iss_vh(2, 9)'><img src='\/wp-content\/uploads\/2020\/01\/folder-closed.png' alt='afficher' class='notes_issues_toggles' id='notes_issues_toggle_show_2_9' ><img src='\/wp-content\/uploads\/2020\/01\/folder-open.png' alt='masquer' class='notes_issues_toggles' id='notes_issues_toggle_hide_2_9' style='display:none;'>[9] Num\u00e9ro du 7 mars 2025<\/a>\n<\/div>\n    <div class='notes_issues_isscontents' id='notes_issues_isscontents_2_9' style='display:none;'>\n<div class='notes_render_toc notes_noprint notes_toc_style_2' style='' id='notes_toc'>\n<div class='notes_toc_body'>\n  <div class='notes_toc_articles'>\n    <div class='notes_toc_article'>\n      <div class='notes_toc_section_name'>Communiqu\u00e9<\/div>\n      <div class='notes_toc_article_row'>\n        <div class='notes_toc_article_pdf'>\n        <\/div>\n        <a class='notes_toc_article_title_link' href='https:\/\/mathmatters.cms.math.ca\/fr\/article\/nouveaute-la-dre-emmy-murphy-recoit-le-prix-krieger-nelson-2025\/'>NOUVEAUT\u00c9\u00a0: La Dre Emmy Murphy re\u00e7oit le prix Krieger-Nelson 2025<\/a>      <\/div>\n    <\/div>\n    <div class='notes_toc_article'>\n      <div class='notes_toc_section_name'>R\u00e9unions de la SMC<\/div>\n      <div class='notes_toc_article_row'>\n        <div class='notes_toc_article_pdf'>\n        <\/div>\n        <a class='notes_toc_article_title_link' href='https:\/\/mathmatters.cms.math.ca\/fr\/article\/nouveaute-reunion-dete-2025-de-la-smc-6-9-juin-les-inscriptions-sont-ouvertes\/'>R\u00e9union d'\u00e9t\u00e9 2025 de la SMC, 6-9 juin | Les inscriptions sont ouvertes !<\/a>      <\/div>\n    <\/div>\n    <div class='notes_toc_article'>\n      <div class='notes_toc_article_row'>\n        <div class='notes_toc_article_pdf'>\n        <\/div>\n        <a class='notes_toc_article_title_link' href='https:\/\/mathmatters.cms.math.ca\/fr\/article\/nouveaute-reunion-dete-2025-de-la-smc-reservez-la-date\/'>R\u00e9union d'\u00e9t\u00e9 2025 de la SMC, 6-9 juin | R\u00e9servez la date!<\/a>      <\/div>\n    <\/div>\n    <div class='notes_toc_article'>\n      <div class='notes_toc_article_row'>\n        <div class='notes_toc_article_pdf'>\n        <\/div>\n        <a class='notes_toc_article_title_link' href='https:\/\/mathmatters.cms.math.ca\/fr\/article\/appel-aux-mini-cours\/'>R\u00e9union d'et\u00e9 2025 de la SMC | Appel aux mini-cours<\/a>      <\/div>\n    <\/div>\n    <div class='notes_toc_article'>\n      <div class='notes_toc_article_row'>\n        <div class='notes_toc_article_pdf'>\n        <\/div>\n        <a class='notes_toc_article_title_link' href='https:\/\/mathmatters.cms.math.ca\/fr\/article\/appel-aux-sessions-deducation\/'>R\u00e9union d'et\u00e9 2025 de la SMC | Appel aux sessions d'\u00e9ducation<\/a>      <\/div>\n    <\/div>\n    <div class='notes_toc_article'>\n      <div class='notes_toc_article_row'>\n        <div class='notes_toc_article_pdf'>\n        <\/div>\n        <a class='notes_toc_article_title_link' href='https:\/\/mathmatters.cms.math.ca\/fr\/article\/nouveaute-reunion-dete-2025-de-la-smc-appel-aux-sessions\/'>R\u00e9union d'et\u00e9 2025 de la SMC | Appel aux sessions scientifiques<\/a>      <\/div>\n    <\/div>\n    <div class='notes_toc_article'>\n      <div class='notes_toc_section_name'>Annonces<\/div>\n      <div class='notes_toc_article_row'>\n        <div class='notes_toc_article_pdf'>\n        <\/div>\n        <a class='notes_toc_article_title_link' href='https:\/\/mathmatters.cms.math.ca\/fr\/article\/nouveaute-comc-competitor-named-ellison-scholar\/'>NOUVEAUT\u00c9\u00a0: COMC Competitor named Ellison Scholar<\/a> <span class='notes_toc_author_name'>&mdash;&nbsp;Ellison Institute of Technology (EIT)<\/span>      <\/div>\n    <\/div>\n    <div class='notes_toc_article'>\n      <div class='notes_toc_article_row'>\n        <div class='notes_toc_article_pdf'>\n        <\/div>\n        <a class='notes_toc_article_title_link' href='https:\/\/mathmatters.cms.math.ca\/fr\/article\/nouveaute-exciting-summer-research-opportunity-for-undergraduate-students-in-statistical-sciences\/'>NOUVEAUT\u00c9\u00a0: Exciting Summer Research Opportunity for Undergraduate Students in Statistical Sciences<\/a> <span class='notes_toc_author_name'>&mdash;&nbsp;Kal Romain<\/span>      <\/div>\n    <\/div>\n    <div class='notes_toc_article'>\n      <div class='notes_toc_article_row'>\n        <div class='notes_toc_article_pdf'>\n        <\/div>\n        <a class='notes_toc_article_title_link' href='https:\/\/mathmatters.cms.math.ca\/fr\/article\/poste-postdoctoral-a-luniversite-laval\/'>Poste postdoctoral \u00e0 l'Universit\u00e9 Laval<\/a> <span class='notes_toc_author_name'>&mdash;&nbsp;Universit\u00e9 Laval<\/span>      <\/div>\n    <\/div>\n    <div class='notes_toc_article'>\n      <div class='notes_toc_article_row'>\n        <div class='notes_toc_article_pdf'>\n        <\/div>\n        <a class='notes_toc_article_title_link' href='https:\/\/mathmatters.cms.math.ca\/fr\/article\/nouveaute-mathematics-and-related-books-for-sale\/'>Mathematics and related books for sale<\/a> <span class='notes_toc_author_name'>&mdash;&nbsp;Karl Dilcher<\/span>      <\/div>\n    <\/div>\n    <div class='notes_toc_article'>\n      <div class='notes_toc_article_row'>\n        <div class='notes_toc_article_pdf'>\n        <\/div>\n        <a class='notes_toc_article_title_link' href='https:\/\/mathmatters.cms.math.ca\/fr\/article\/nouveaute-canadam-2025\/'>CanaDam 2025 - Inscriptions maintenant ouvertes!<\/a>      <\/div>\n    <\/div>\n    <div class='notes_toc_article'>\n      <div class='notes_toc_section_name'>Appel de mises en candidature<\/div>\n      <div class='notes_toc_article_row'>\n        <div class='notes_toc_article_pdf'>\n        <\/div>\n        <a class='notes_toc_article_title_link' href='https:\/\/mathmatters.cms.math.ca\/fr\/article\/nouveaute-appel-aux-mises-en-nomination-prix-adrien-pouliot-2025-date-limite-31-mars-2025\/'>Appel aux mises en nomination : Prix Adrien Pouliot 2025 | date limite 30 avril, 2025<\/a>      <\/div>\n    <\/div>\n    <div class='notes_toc_article'>\n      <div class='notes_toc_article_row'>\n        <div class='notes_toc_article_pdf'>\n        <\/div>\n        <a class='notes_toc_article_title_link' href='https:\/\/mathmatters.cms.math.ca\/fr\/article\/nouveaute-appel-aux-mises-en-nominations-fellows-de-la-smc-2025-date-limite-31-mars-2025\/'>Appel aux mises en nominations : Fellows de la SMC 2025 | date limite 31 mars, 2025<\/a>      <\/div>\n    <\/div>\n    <div class='notes_toc_article'>\n      <div class='notes_toc_article_row'>\n        <div class='notes_toc_article_pdf'>\n        <\/div>\n        <a class='notes_toc_article_title_link' href='https:\/\/mathmatters.cms.math.ca\/fr\/article\/nouveaute-appel-aux-mises-en-nomination-prix-graham-wright-pour-service-meritoire-2025\/'>Appel aux mises en nomination : Prix Graham Wright pour service m\u00e9ritoire 2025 | date limite 31 mars<\/a>      <\/div>\n    <\/div>\n    <div class='notes_toc_article'>\n      <div class='notes_toc_section_name'>Annonces<\/div>\n      <div class='notes_toc_article_row'>\n        <div class='notes_toc_article_pdf'>\n        <\/div>\n        <a class='notes_toc_article_title_link' href='https:\/\/mathmatters.cms.math.ca\/fr\/article\/camp-de-maths-dete-du-smc-2025-les-inscriptions-sont-ouvertes\/'>Camp d'\u00e9t\u00e9 de math\u00e9matiques 2026 de la SMC | Les inscriptions sont ouvertes<\/a>      <\/div>\n    <\/div>\n    <div class='notes_toc_article'>\n      <div class='notes_toc_section_name'>Appel de mises en candidature<\/div>\n      <div class='notes_toc_article_row'>\n        <div class='notes_toc_article_pdf'>\n        <\/div>\n        <a class='notes_toc_article_title_link' href='https:\/\/mathmatters.cms.math.ca\/fr\/article\/nouveaute-appel-aux-candidatures-redacteur-en-chef-rec-crux-mathematicorum\/'>Appel aux mises en nomination : R\u00e9dacteur en chef (REC), Crux Mathematicorum | date limite 15 juillet<\/a>      <\/div>\n    <\/div>\n    <div class='notes_toc_article'>\n      <div class='notes_toc_article_row'>\n        <div class='notes_toc_article_pdf'>\n        <\/div>\n        <a class='notes_toc_article_title_link' href='https:\/\/mathmatters.cms.math.ca\/fr\/article\/nouveaute-appel-du-comite-des-prix-internationaux\/'>Appel du Comit\u00e9 des prix internationaux<\/a> <span class='notes_toc_author_name'>&mdash;&nbsp;Javad Mashreghi<\/span>      <\/div>\n    <\/div>\n    <div class='notes_toc_article'>\n      <div class='notes_toc_section_name'>Comit\u00e9 \u00e9tudiant de la SMC<\/div>\n      <div class='notes_toc_article_row'>\n        <div class='notes_toc_article_pdf'>\n        <\/div>\n        <a class='notes_toc_article_title_link' href='https:\/\/mathmatters.cms.math.ca\/fr\/article\/nouveaute-hote-de-la-cumc-2025\/'>H\u00f4te de la CUMC 2025 !<\/a> <span class='notes_toc_author_name'>&mdash;&nbsp;Student Committee of the CMS<\/span>      <\/div>\n    <\/div>\n    <div class='notes_toc_article'>\n      <div class='notes_toc_article_row'>\n        <div class='notes_toc_article_pdf'>\n        <\/div>\n        <a class='notes_toc_article_title_link' href='https:\/\/mathmatters.cms.math.ca\/fr\/article\/nouveaute-appel-a-soumission-notes-from-the-margin\/'>Appel \u00e0 soumission - Notes from the Margin<\/a> <span class='notes_toc_author_name'>&mdash;&nbsp;J\u00e9r\u00e9my Champagne<\/span>      <\/div>\n    <\/div>\n    <div class='notes_toc_article'>\n      <div class='notes_toc_section_name'>CMS Student Committee<\/div>\n      <div class='notes_toc_article_row'>\n        <div class='notes_toc_article_pdf'>\n        <\/div>\n        <a class='notes_toc_article_title_link' href='https:\/\/mathmatters.cms.math.ca\/fr\/article\/studc-connect-with-us-on-discord\/'>Connect with us on Discord!<\/a> <span class='notes_toc_author_name'>&mdash;&nbsp;Student Committee of the CMS<\/span>      <\/div>\n    <\/div>\n    <div class='notes_toc_article'>\n      <div class='notes_toc_section_name'>Comit\u00e9 \u00e9tudiant de la SMC<\/div>\n      <div class='notes_toc_article_row'>\n        <div class='notes_toc_article_pdf'>\n        <\/div>\n        <a class='notes_toc_article_title_link' href='https:\/\/mathmatters.cms.math.ca\/fr\/article\/nouveaute-conferences-etudiantes\/'>Conf\u00e9rences \u00e9tudiantes<\/a> <span class='notes_toc_author_name'>&mdash;&nbsp;Student Committee of the CMS<\/span>      <\/div>\n    <\/div>\n<\/div>\n<\/div>\n<\/div>\n    <\/div>\n  <div class='notes_issues_issident' id='notes_issues_issident_2_8'><a href='javascript:void(0);' title=\"afficher\/masquer le contenu\" onclick='notes_issues_iss_vh(2, 8)'><img src='\/wp-content\/uploads\/2020\/01\/folder-closed.png' alt='afficher' class='notes_issues_toggles' id='notes_issues_toggle_show_2_8' ><img src='\/wp-content\/uploads\/2020\/01\/folder-open.png' alt='masquer' class='notes_issues_toggles' id='notes_issues_toggle_hide_2_8' style='display:none;'>[8] Num\u00e9ro du 28 f\u00e9vrier 2025<\/a>\n<\/div>\n    <div class='notes_issues_isscontents' id='notes_issues_isscontents_2_8' style='display:none;'>\n<div class='notes_render_toc notes_noprint notes_toc_style_2' style='' id='notes_toc'>\n<div class='notes_toc_body'>\n  <div class='notes_toc_articles'>\n    <div class='notes_toc_article'>\n      <div class='notes_toc_section_name'>Communiqu\u00e9<\/div>\n      <div class='notes_toc_article_row'>\n        <div class='notes_toc_article_pdf'>\n        <\/div>\n        <a class='notes_toc_article_title_link' href='https:\/\/mathmatters.cms.math.ca\/fr\/article\/nouveaute-le-dr-chris-kapulkin-recoit-le-prix-coxeter-james-2025\/'>NOUVEAUT\u00c9 : Le Dr Chris Kapulkin re\u00e7oit le prix Coxeter-James 2025<\/a>      <\/div>\n    <\/div>\n    <div class='notes_toc_article'>\n      <div class='notes_toc_article_row'>\n        <div class='notes_toc_article_pdf'>\n        <\/div>\n        <a class='notes_toc_article_title_link' href='https:\/\/mathmatters.cms.math.ca\/fr\/article\/nouveaute-oemf-2025-presentation-de-lequipe-de-maths-des-filles-du-canada\/'>NOUVEAUT\u00c9\u00a0: OEMF 2025 : Pr\u00e9sentation de l\u2019\u00c9quipe de maths des filles du Canada !<\/a>      <\/div>\n    <\/div>\n    <div class='notes_toc_article'>\n      <div class='notes_toc_section_name'>R\u00e9unions de la SMC<\/div>\n      <div class='notes_toc_article_row'>\n        <div class='notes_toc_article_pdf'>\n        <\/div>\n        <a class='notes_toc_article_title_link' href='https:\/\/mathmatters.cms.math.ca\/fr\/article\/nouveaute-reunion-dete-2025-de-la-smc-reservez-la-date\/'>R\u00e9union d'\u00e9t\u00e9 2025 de la SMC, 6-9 juin | R\u00e9servez la date!<\/a>      <\/div>\n    <\/div>\n    <div class='notes_toc_article'>\n      <div class='notes_toc_article_row'>\n        <div class='notes_toc_article_pdf'>\n        <\/div>\n        <a class='notes_toc_article_title_link' href='https:\/\/mathmatters.cms.math.ca\/fr\/article\/appel-aux-mini-cours\/'>R\u00e9union d'et\u00e9 2025 de la SMC | Appel aux mini-cours<\/a>      <\/div>\n    <\/div>\n    <div class='notes_toc_article'>\n      <div class='notes_toc_article_row'>\n        <div class='notes_toc_article_pdf'>\n        <\/div>\n        <a class='notes_toc_article_title_link' href='https:\/\/mathmatters.cms.math.ca\/fr\/article\/appel-aux-sessions-deducation\/'>R\u00e9union d'et\u00e9 2025 de la SMC | Appel aux sessions d'\u00e9ducation<\/a>      <\/div>\n    <\/div>\n    <div class='notes_toc_article'>\n      <div class='notes_toc_article_row'>\n        <div class='notes_toc_article_pdf'>\n        <\/div>\n        <a class='notes_toc_article_title_link' href='https:\/\/mathmatters.cms.math.ca\/fr\/article\/nouveaute-reunion-dete-2025-de-la-smc-appel-aux-sessions\/'>R\u00e9union d'et\u00e9 2025 de la SMC | Appel aux sessions scientifiques<\/a>      <\/div>\n    <\/div>\n    <div class='notes_toc_article'>\n      <div class='notes_toc_section_name'>Annonces<\/div>\n      <div class='notes_toc_article_row'>\n        <div class='notes_toc_article_pdf'>\n        <\/div>\n        <a class='notes_toc_article_title_link' href='https:\/\/mathmatters.cms.math.ca\/fr\/article\/poste-postdoctoral-a-luniversite-laval\/'>Poste postdoctoral \u00e0 l'Universit\u00e9 Laval<\/a> <span class='notes_toc_author_name'>&mdash;&nbsp;Universit\u00e9 Laval<\/span>      <\/div>\n    <\/div>\n    <div class='notes_toc_article'>\n      <div class='notes_toc_article_row'>\n        <div class='notes_toc_article_pdf'>\n        <\/div>\n        <a class='notes_toc_article_title_link' href='https:\/\/mathmatters.cms.math.ca\/fr\/article\/nouveaute-canadam-2025\/'>CanaDam 2025 - Inscriptions maintenant ouvertes!<\/a>      <\/div>\n    <\/div>\n    <div class='notes_toc_article'>\n      <div class='notes_toc_article_row'>\n        <div class='notes_toc_article_pdf'>\n        <\/div>\n        <a class='notes_toc_article_title_link' href='https:\/\/mathmatters.cms.math.ca\/fr\/article\/nouveaute-mathematics-and-related-books-for-sale\/'>Mathematics and related books for sale<\/a> <span class='notes_toc_author_name'>&mdash;&nbsp;Karl Dilcher<\/span>      <\/div>\n    <\/div>\n    <div class='notes_toc_article'>\n      <div class='notes_toc_section_name'>Appel de mises en candidature<\/div>\n      <div class='notes_toc_article_row'>\n        <div class='notes_toc_article_pdf'>\n        <\/div>\n        <a class='notes_toc_article_title_link' href='https:\/\/mathmatters.cms.math.ca\/fr\/article\/nouveaute-appel-aux-mises-en-nomination-prix-graham-wright-pour-service-meritoire-2025\/'>Appel aux mises en nomination : Prix Graham Wright pour service m\u00e9ritoire 2025 | date limite 31 mars<\/a>      <\/div>\n    <\/div>\n    <div class='notes_toc_article'>\n      <div class='notes_toc_article_row'>\n        <div class='notes_toc_article_pdf'>\n        <\/div>\n        <a class='notes_toc_article_title_link' href='https:\/\/mathmatters.cms.math.ca\/fr\/article\/nouveaute-appel-aux-mises-en-nomination-prix-adrien-pouliot-2025-date-limite-31-mars-2025\/'>Appel aux mises en nomination : Prix Adrien Pouliot 2025 | date limite 30 avril, 2025<\/a>      <\/div>\n    <\/div>\n    <div class='notes_toc_article'>\n      <div class='notes_toc_article_row'>\n        <div class='notes_toc_article_pdf'>\n        <\/div>\n        <a class='notes_toc_article_title_link' href='https:\/\/mathmatters.cms.math.ca\/fr\/article\/nouveaute-appel-aux-mises-en-nominations-fellows-de-la-smc-2025-date-limite-31-mars-2025\/'>Appel aux mises en nominations : Fellows de la SMC 2025 | date limite 31 mars, 2025<\/a>      <\/div>\n    <\/div>\n    <div class='notes_toc_article'>\n      <div class='notes_toc_section_name'>Annonces<\/div>\n      <div class='notes_toc_article_row'>\n        <div class='notes_toc_article_pdf'>\n        <\/div>\n        <a class='notes_toc_article_title_link' href='https:\/\/mathmatters.cms.math.ca\/fr\/article\/camp-de-maths-dete-du-smc-2025-les-inscriptions-sont-ouvertes\/'>Camp d'\u00e9t\u00e9 de math\u00e9matiques 2026 de la SMC | Les inscriptions sont ouvertes<\/a>      <\/div>\n    <\/div>\n    <div class='notes_toc_article'>\n      <div class='notes_toc_section_name'>Appel de mises en candidature<\/div>\n      <div class='notes_toc_article_row'>\n        <div class='notes_toc_article_pdf'>\n        <\/div>\n        <a class='notes_toc_article_title_link' href='https:\/\/mathmatters.cms.math.ca\/fr\/article\/nouveaute-appel-du-comite-des-prix-internationaux\/'>Appel du Comit\u00e9 des prix internationaux<\/a> <span class='notes_toc_author_name'>&mdash;&nbsp;Javad Mashreghi<\/span>      <\/div>\n    <\/div>\n    <div class='notes_toc_article'>\n      <div class='notes_toc_article_row'>\n        <div class='notes_toc_article_pdf'>\n        <\/div>\n        <a class='notes_toc_article_title_link' href='https:\/\/mathmatters.cms.math.ca\/fr\/article\/nouveaute-appel-aux-candidatures-redacteur-en-chef-rec-crux-mathematicorum\/'>Appel aux mises en nomination : R\u00e9dacteur en chef (REC), Crux Mathematicorum | date limite 15 juillet<\/a>      <\/div>\n    <\/div>\n    <div class='notes_toc_article'>\n      <div class='notes_toc_section_name'>Comit\u00e9 \u00e9tudiant de la SMC<\/div>\n      <div class='notes_toc_article_row'>\n        <div class='notes_toc_article_pdf'>\n        <\/div>\n        <a class='notes_toc_article_title_link' href='https:\/\/mathmatters.cms.math.ca\/fr\/article\/nouveaute-hote-de-la-cumc-2025\/'>H\u00f4te de la CUMC 2025 !<\/a> <span class='notes_toc_author_name'>&mdash;&nbsp;Student Committee of the CMS<\/span>      <\/div>\n    <\/div>\n    <div class='notes_toc_article'>\n      <div class='notes_toc_article_row'>\n        <div class='notes_toc_article_pdf'>\n        <\/div>\n        <a class='notes_toc_article_title_link' href='https:\/\/mathmatters.cms.math.ca\/fr\/article\/nouveaute-appel-a-soumission-notes-from-the-margin\/'>Appel \u00e0 soumission - Notes from the Margin<\/a> <span class='notes_toc_author_name'>&mdash;&nbsp;J\u00e9r\u00e9my Champagne<\/span>      <\/div>\n    <\/div>\n    <div class='notes_toc_article'>\n      <div class='notes_toc_section_name'>CMS Student Committee<\/div>\n      <div class='notes_toc_article_row'>\n        <div class='notes_toc_article_pdf'>\n        <\/div>\n        <a class='notes_toc_article_title_link' href='https:\/\/mathmatters.cms.math.ca\/fr\/article\/studc-connect-with-us-on-discord\/'>Connect with us on Discord!<\/a> <span class='notes_toc_author_name'>&mdash;&nbsp;Student Committee of the CMS<\/span>      <\/div>\n    <\/div>\n    <div class='notes_toc_article'>\n      <div class='notes_toc_section_name'>Comit\u00e9 \u00e9tudiant de la SMC<\/div>\n      <div class='notes_toc_article_row'>\n        <div class='notes_toc_article_pdf'>\n        <\/div>\n        <a class='notes_toc_article_title_link' href='https:\/\/mathmatters.cms.math.ca\/fr\/article\/nouveaute-conferences-etudiantes\/'>Conf\u00e9rences \u00e9tudiantes<\/a> <span class='notes_toc_author_name'>&mdash;&nbsp;Student Committee of the CMS<\/span>      <\/div>\n    <\/div>\n<\/div>\n<\/div>\n<\/div>\n    <\/div>\n  <div class='notes_issues_issident' id='notes_issues_issident_2_7'><a href='javascript:void(0);' title=\"afficher\/masquer le contenu\" onclick='notes_issues_iss_vh(2, 7)'><img src='\/wp-content\/uploads\/2020\/01\/folder-closed.png' alt='afficher' class='notes_issues_toggles' id='notes_issues_toggle_show_2_7' ><img src='\/wp-content\/uploads\/2020\/01\/folder-open.png' alt='masquer' class='notes_issues_toggles' id='notes_issues_toggle_hide_2_7' style='display:none;'>[7] Num\u00e9ro du 21 f\u00e9vrier 2025<\/a>\n<\/div>\n    <div class='notes_issues_isscontents' id='notes_issues_isscontents_2_7' style='display:none;'>\n<div class='notes_render_toc notes_noprint notes_toc_style_2' style='' id='notes_toc'>\n<div class='notes_toc_body'>\n  <div class='notes_toc_articles'>\n    <div class='notes_toc_article'>\n      <div class='notes_toc_section_name'>Communiqu\u00e9<\/div>\n      <div class='notes_toc_article_row'>\n        <div class='notes_toc_article_pdf'>\n        <\/div>\n        <a class='notes_toc_article_title_link' href='https:\/\/mathmatters.cms.math.ca\/fr\/article\/nouveaute-prix-jeffery-williams-2025-remis-au-dr-jan-minac\/'>NOUVEAUT\u00c9\u00a0: Prix Jeffery-Williams 2025 remis au Dr. J\u00e1n Min\u00e1\u010d<\/a>      <\/div>\n    <\/div>\n    <div class='notes_toc_article'>\n      <div class='notes_toc_section_name'>R\u00e9unions de la SMC<\/div>\n      <div class='notes_toc_article_row'>\n        <div class='notes_toc_article_pdf'>\n        <\/div>\n        <a class='notes_toc_article_title_link' href='https:\/\/mathmatters.cms.math.ca\/fr\/article\/nouveaute-reunion-dete-2025-de-la-smc-reservez-la-date\/'>R\u00e9union d'\u00e9t\u00e9 2025 de la SMC, 6-9 juin | R\u00e9servez la date!<\/a>      <\/div>\n    <\/div>\n    <div class='notes_toc_article'>\n      <div class='notes_toc_article_row'>\n        <div class='notes_toc_article_pdf'>\n        <\/div>\n        <a class='notes_toc_article_title_link' href='https:\/\/mathmatters.cms.math.ca\/fr\/article\/nouveaute-reunion-dete-2025-de-la-smc-appel-aux-sessions\/'>R\u00e9union d'et\u00e9 2025 de la SMC | Appel aux sessions scientifiques<\/a>      <\/div>\n    <\/div>\n    <div class='notes_toc_article'>\n      <div class='notes_toc_article_row'>\n        <div class='notes_toc_article_pdf'>\n        <\/div>\n        <a class='notes_toc_article_title_link' href='https:\/\/mathmatters.cms.math.ca\/fr\/article\/appel-aux-sessions-deducation\/'>R\u00e9union d'et\u00e9 2025 de la SMC | Appel aux sessions d'\u00e9ducation<\/a>      <\/div>\n    <\/div>\n    <div class='notes_toc_article'>\n      <div class='notes_toc_section_name'>Annonces<\/div>\n      <div class='notes_toc_article_row'>\n        <div class='notes_toc_article_pdf'>\n        <\/div>\n        <a class='notes_toc_article_title_link' href='https:\/\/mathmatters.cms.math.ca\/fr\/article\/poste-postdoctoral-a-luniversite-laval\/'>Poste postdoctoral \u00e0 l'Universit\u00e9 Laval<\/a> <span class='notes_toc_author_name'>&mdash;&nbsp;Universit\u00e9 Laval<\/span>      <\/div>\n    <\/div>\n    <div class='notes_toc_article'>\n      <div class='notes_toc_article_row'>\n        <div class='notes_toc_article_pdf'>\n        <\/div>\n        <a class='notes_toc_article_title_link' href='https:\/\/mathmatters.cms.math.ca\/fr\/article\/nouveaute-canadam-2025\/'>CanaDam 2025 - Inscriptions maintenant ouvertes!<\/a>      <\/div>\n    <\/div>\n    <div class='notes_toc_article'>\n      <div class='notes_toc_article_row'>\n        <div class='notes_toc_article_pdf'>\n        <\/div>\n        <a class='notes_toc_article_title_link' href='https:\/\/mathmatters.cms.math.ca\/fr\/article\/nouveaute-mathematics-and-related-books-for-sale\/'>Mathematics and related books for sale<\/a> <span class='notes_toc_author_name'>&mdash;&nbsp;Karl Dilcher<\/span>      <\/div>\n    <\/div>\n    <div class='notes_toc_article'>\n      <div class='notes_toc_section_name'>Appel de mises en candidature<\/div>\n      <div class='notes_toc_article_row'>\n        <div class='notes_toc_article_pdf'>\n        <\/div>\n        <a class='notes_toc_article_title_link' href='https:\/\/mathmatters.cms.math.ca\/fr\/article\/nouveaute-appel-aux-mises-en-nomination-prix-adrien-pouliot-2025-date-limite-31-mars-2025\/'>Appel aux mises en nomination : Prix Adrien Pouliot 2025 | date limite 30 avril, 2025<\/a>      <\/div>\n    <\/div>\n    <div class='notes_toc_article'>\n      <div class='notes_toc_article_row'>\n        <div class='notes_toc_article_pdf'>\n        <\/div>\n        <a class='notes_toc_article_title_link' href='https:\/\/mathmatters.cms.math.ca\/fr\/article\/nouveaute-appel-aux-mises-en-nominations-fellows-de-la-smc-2025-date-limite-31-mars-2025\/'>Appel aux mises en nominations : Fellows de la SMC 2025 | date limite 31 mars, 2025<\/a>      <\/div>\n    <\/div>\n    <div class='notes_toc_article'>\n      <div class='notes_toc_article_row'>\n        <div class='notes_toc_article_pdf'>\n        <\/div>\n        <a class='notes_toc_article_title_link' href='https:\/\/mathmatters.cms.math.ca\/fr\/article\/nouveaute-appel-aux-mises-en-nomination-prix-graham-wright-pour-service-meritoire-2025\/'>Appel aux mises en nomination : Prix Graham Wright pour service m\u00e9ritoire 2025 | date limite 31 mars<\/a>      <\/div>\n    <\/div>\n    <div class='notes_toc_article'>\n      <div class='notes_toc_section_name'>Annonces<\/div>\n      <div class='notes_toc_article_row'>\n        <div class='notes_toc_article_pdf'>\n        <\/div>\n        <a class='notes_toc_article_title_link' href='https:\/\/mathmatters.cms.math.ca\/fr\/article\/camp-de-maths-dete-du-smc-2025-les-inscriptions-sont-ouvertes\/'>Camp d'\u00e9t\u00e9 de math\u00e9matiques 2026 de la SMC | Les inscriptions sont ouvertes<\/a>      <\/div>\n    <\/div>\n    <div class='notes_toc_article'>\n      <div class='notes_toc_section_name'>Appel de mises en candidature<\/div>\n      <div class='notes_toc_article_row'>\n        <div class='notes_toc_article_pdf'>\n        <\/div>\n        <a class='notes_toc_article_title_link' href='https:\/\/mathmatters.cms.math.ca\/fr\/article\/nouveaute-appel-du-comite-des-prix-internationaux\/'>Appel du Comit\u00e9 des prix internationaux<\/a> <span class='notes_toc_author_name'>&mdash;&nbsp;Javad Mashreghi<\/span>      <\/div>\n    <\/div>\n    <div class='notes_toc_article'>\n      <div class='notes_toc_article_row'>\n        <div class='notes_toc_article_pdf'>\n        <\/div>\n        <a class='notes_toc_article_title_link' href='https:\/\/mathmatters.cms.math.ca\/fr\/article\/nouveaute-appel-aux-candidatures-redacteur-en-chef-rec-crux-mathematicorum\/'>Appel aux mises en nomination : R\u00e9dacteur en chef (REC), Crux Mathematicorum | date limite 15 juillet<\/a>      <\/div>\n    <\/div>\n    <div class='notes_toc_article'>\n      <div class='notes_toc_section_name'>Comit\u00e9 \u00e9tudiant de la SMC<\/div>\n      <div class='notes_toc_article_row'>\n        <div class='notes_toc_article_pdf'>\n        <\/div>\n        <a class='notes_toc_article_title_link' href='https:\/\/mathmatters.cms.math.ca\/fr\/article\/nouveaute-hote-de-la-cumc-2025\/'>H\u00f4te de la CUMC 2025 !<\/a> <span class='notes_toc_author_name'>&mdash;&nbsp;Student Committee of the CMS<\/span>      <\/div>\n    <\/div>\n    <div class='notes_toc_article'>\n      <div class='notes_toc_section_name'>CMS Student Committee<\/div>\n      <div class='notes_toc_article_row'>\n        <div class='notes_toc_article_pdf'>\n        <\/div>\n        <a class='notes_toc_article_title_link' href='https:\/\/mathmatters.cms.math.ca\/fr\/article\/studc-connect-with-us-on-discord\/'>Connect with us on Discord!<\/a> <span class='notes_toc_author_name'>&mdash;&nbsp;Student Committee of the CMS<\/span>      <\/div>\n    <\/div>\n    <div class='notes_toc_article'>\n      <div class='notes_toc_section_name'>Comit\u00e9 \u00e9tudiant de la SMC<\/div>\n      <div class='notes_toc_article_row'>\n        <div class='notes_toc_article_pdf'>\n        <\/div>\n        <a class='notes_toc_article_title_link' href='https:\/\/mathmatters.cms.math.ca\/fr\/article\/nouveaute-conferences-etudiantes\/'>Conf\u00e9rences \u00e9tudiantes<\/a> <span class='notes_toc_author_name'>&mdash;&nbsp;Student Committee of the CMS<\/span>      <\/div>\n    <\/div>\n<\/div>\n<\/div>\n<\/div>\n    <\/div>\n  <div class='notes_issues_issident' id='notes_issues_issident_2_6'><a href='javascript:void(0);' title=\"afficher\/masquer le contenu\" onclick='notes_issues_iss_vh(2, 6)'><img src='\/wp-content\/uploads\/2020\/01\/folder-closed.png' alt='afficher' class='notes_issues_toggles' id='notes_issues_toggle_show_2_6' ><img src='\/wp-content\/uploads\/2020\/01\/folder-open.png' alt='masquer' class='notes_issues_toggles' id='notes_issues_toggle_hide_2_6' style='display:none;'>[6] Num\u00e9ro du 14 f\u00e9vrier 2025<\/a>\n<\/div>\n    <div class='notes_issues_isscontents' id='notes_issues_isscontents_2_6' style='display:none;'>\n<div class='notes_render_toc notes_noprint notes_toc_style_2' style='' id='notes_toc'>\n<div class='notes_toc_body'>\n  <div class='notes_toc_articles'>\n    <div class='notes_toc_article'>\n      <div class='notes_toc_section_name'>R\u00e9unions de la SMC<\/div>\n      <div class='notes_toc_article_row'>\n        <div class='notes_toc_article_pdf'>\n        <\/div>\n        <a class='notes_toc_article_title_link' href='https:\/\/mathmatters.cms.math.ca\/fr\/article\/nouveaute-reunion-dete-2025-de-la-smc-reservez-la-date\/'>R\u00e9union d'\u00e9t\u00e9 2025 de la SMC, 6-9 juin | R\u00e9servez la date!<\/a>      <\/div>\n    <\/div>\n    <div class='notes_toc_article'>\n      <div class='notes_toc_article_row'>\n        <div class='notes_toc_article_pdf'>\n        <\/div>\n        <a class='notes_toc_article_title_link' href='https:\/\/mathmatters.cms.math.ca\/fr\/article\/appel-aux-sessions-deducation\/'>R\u00e9union d'et\u00e9 2025 de la SMC | Appel aux sessions d'\u00e9ducation<\/a>      <\/div>\n    <\/div>\n    <div class='notes_toc_article'>\n      <div class='notes_toc_article_row'>\n        <div class='notes_toc_article_pdf'>\n        <\/div>\n        <a class='notes_toc_article_title_link' href='https:\/\/mathmatters.cms.math.ca\/fr\/article\/nouveaute-reunion-dete-2025-de-la-smc-appel-aux-sessions\/'>R\u00e9union d'et\u00e9 2025 de la SMC | Appel aux sessions scientifiques<\/a>      <\/div>\n    <\/div>\n    <div class='notes_toc_article'>\n      <div class='notes_toc_section_name'>Annonces<\/div>\n      <div class='notes_toc_article_row'>\n        <div class='notes_toc_article_pdf'>\n        <\/div>\n        <a class='notes_toc_article_title_link' href='https:\/\/mathmatters.cms.math.ca\/fr\/article\/poste-postdoctoral-a-luniversite-laval\/'>Poste postdoctoral \u00e0 l'Universit\u00e9 Laval<\/a> <span class='notes_toc_author_name'>&mdash;&nbsp;Universit\u00e9 Laval<\/span>      <\/div>\n    <\/div>\n    <div class='notes_toc_article'>\n      <div class='notes_toc_article_row'>\n        <div class='notes_toc_article_pdf'>\n        <\/div>\n        <a class='notes_toc_article_title_link' href='https:\/\/mathmatters.cms.math.ca\/fr\/article\/joyeuse-saint-valentin\/'>NOUVEAUT\u00c9\u00a0: Joyeuse Saint-Valentin!<\/a>      <\/div>\n    <\/div>\n    <div class='notes_toc_article'>\n      <div class='notes_toc_article_row'>\n        <div class='notes_toc_article_pdf'>\n        <\/div>\n        <a class='notes_toc_article_title_link' href='https:\/\/mathmatters.cms.math.ca\/fr\/article\/nouveaute-canadam-2025\/'>CanaDam 2025 - Inscriptions maintenant ouvertes!<\/a>      <\/div>\n    <\/div>\n    <div class='notes_toc_article'>\n      <div class='notes_toc_section_name'>Appel de mises en candidature<\/div>\n      <div class='notes_toc_article_row'>\n        <div class='notes_toc_article_pdf'>\n        <\/div>\n        <a class='notes_toc_article_title_link' href='https:\/\/mathmatters.cms.math.ca\/fr\/article\/nouveaute-appel-aux-mises-en-nominations-fellows-de-la-smc-2025-date-limite-31-mars-2025\/'>Appel aux mises en nominations : Fellows de la SMC 2025 | date limite 31 mars, 2025<\/a>      <\/div>\n    <\/div>\n    <div class='notes_toc_article'>\n      <div class='notes_toc_article_row'>\n        <div class='notes_toc_article_pdf'>\n        <\/div>\n        <a class='notes_toc_article_title_link' href='https:\/\/mathmatters.cms.math.ca\/fr\/article\/nouveaute-appel-aux-mises-en-nomination-prix-graham-wright-pour-service-meritoire-2025\/'>Appel aux mises en nomination : Prix Graham Wright pour service m\u00e9ritoire 2025 | date limite 31 mars<\/a>      <\/div>\n    <\/div>\n    <div class='notes_toc_article'>\n      <div class='notes_toc_article_row'>\n        <div class='notes_toc_article_pdf'>\n        <\/div>\n        <a class='notes_toc_article_title_link' href='https:\/\/mathmatters.cms.math.ca\/fr\/article\/nouveaute-appel-aux-mises-en-nomination-prix-adrien-pouliot-2025-date-limite-31-mars-2025\/'>Appel aux mises en nomination : Prix Adrien Pouliot 2025 | date limite 30 avril, 2025<\/a>      <\/div>\n    <\/div>\n    <div class='notes_toc_article'>\n      <div class='notes_toc_section_name'>Annonces<\/div>\n      <div class='notes_toc_article_row'>\n        <div class='notes_toc_article_pdf'>\n        <\/div>\n        <a class='notes_toc_article_title_link' href='https:\/\/mathmatters.cms.math.ca\/fr\/article\/camp-de-maths-dete-du-smc-2025-les-inscriptions-sont-ouvertes\/'>Camp d'\u00e9t\u00e9 de math\u00e9matiques 2026 de la SMC | Les inscriptions sont ouvertes<\/a>      <\/div>\n    <\/div>\n    <div class='notes_toc_article'>\n      <div class='notes_toc_section_name'>Appel de mises en candidature<\/div>\n      <div class='notes_toc_article_row'>\n        <div class='notes_toc_article_pdf'>\n        <\/div>\n        <a class='notes_toc_article_title_link' href='https:\/\/mathmatters.cms.math.ca\/fr\/article\/nouveaute-appel-du-comite-des-prix-internationaux\/'>Appel du Comit\u00e9 des prix internationaux<\/a> <span class='notes_toc_author_name'>&mdash;&nbsp;Javad Mashreghi<\/span>      <\/div>\n    <\/div>\n    <div class='notes_toc_article'>\n      <div class='notes_toc_article_row'>\n        <div class='notes_toc_article_pdf'>\n        <\/div>\n        <a class='notes_toc_article_title_link' href='https:\/\/mathmatters.cms.math.ca\/fr\/article\/nouveaute-appel-aux-candidatures-redacteur-en-chef-rec-crux-mathematicorum\/'>Appel aux mises en nomination : R\u00e9dacteur en chef (REC), Crux Mathematicorum | date limite 15 juillet<\/a>      <\/div>\n    <\/div>\n    <div class='notes_toc_article'>\n      <div class='notes_toc_section_name'>Comit\u00e9 \u00e9tudiant de la SMC<\/div>\n      <div class='notes_toc_article_row'>\n        <div class='notes_toc_article_pdf'>\n        <\/div>\n        <a class='notes_toc_article_title_link' href='https:\/\/mathmatters.cms.math.ca\/fr\/article\/nouveaute-hote-de-la-cumc-2025\/'>H\u00f4te de la CUMC 2025 !<\/a> <span class='notes_toc_author_name'>&mdash;&nbsp;Student Committee of the CMS<\/span>      <\/div>\n    <\/div>\n    <div class='notes_toc_article'>\n      <div class='notes_toc_section_name'>CMS Student Committee<\/div>\n      <div class='notes_toc_article_row'>\n        <div class='notes_toc_article_pdf'>\n        <\/div>\n        <a class='notes_toc_article_title_link' href='https:\/\/mathmatters.cms.math.ca\/fr\/article\/studc-connect-with-us-on-discord\/'>Connect with us on Discord!<\/a> <span class='notes_toc_author_name'>&mdash;&nbsp;Student Committee of the CMS<\/span>      <\/div>\n    <\/div>\n    <div class='notes_toc_article'>\n      <div class='notes_toc_section_name'>Comit\u00e9 \u00e9tudiant de la SMC<\/div>\n      <div class='notes_toc_article_row'>\n        <div class='notes_toc_article_pdf'>\n        <\/div>\n        <a class='notes_toc_article_title_link' href='https:\/\/mathmatters.cms.math.ca\/fr\/article\/nouveaute-conferences-etudiantes\/'>Conf\u00e9rences \u00e9tudiantes<\/a> <span class='notes_toc_author_name'>&mdash;&nbsp;Student Committee of the CMS<\/span>      <\/div>\n    <\/div>\n<\/div>\n<\/div>\n<\/div>\n    <\/div>\n  <div class='notes_issues_issident' id='notes_issues_issident_2_5'><a href='javascript:void(0);' title=\"afficher\/masquer le contenu\" onclick='notes_issues_iss_vh(2, 5)'><img src='\/wp-content\/uploads\/2020\/01\/folder-closed.png' alt='afficher' class='notes_issues_toggles' id='notes_issues_toggle_show_2_5' ><img src='\/wp-content\/uploads\/2020\/01\/folder-open.png' alt='masquer' class='notes_issues_toggles' id='notes_issues_toggle_hide_2_5' style='display:none;'>[5] Num\u00e9ro du 7 f\u00e9vrier<\/a>\n<\/div>\n    <div class='notes_issues_isscontents' id='notes_issues_isscontents_2_5' style='display:none;'>\n<div class='notes_render_toc notes_noprint notes_toc_style_2' style='' id='notes_toc'>\n<div class='notes_toc_body'>\n  <div class='notes_toc_articles'>\n    <div class='notes_toc_article'>\n      <div class='notes_toc_section_name'>R\u00e9unions de la SMC<\/div>\n      <div class='notes_toc_article_row'>\n        <div class='notes_toc_article_pdf'>\n        <\/div>\n        <a class='notes_toc_article_title_link' href='https:\/\/mathmatters.cms.math.ca\/fr\/article\/nouveaute-reunion-dete-2025-de-la-smc-reservez-la-date\/'>R\u00e9union d'\u00e9t\u00e9 2025 de la SMC, 6-9 juin | R\u00e9servez la date!<\/a>      <\/div>\n    <\/div>\n    <div class='notes_toc_article'>\n      <div class='notes_toc_article_row'>\n        <div class='notes_toc_article_pdf'>\n        <\/div>\n        <a class='notes_toc_article_title_link' href='https:\/\/mathmatters.cms.math.ca\/fr\/article\/nouveaute-reunion-dete-2025-de-la-smc-appel-aux-sessions\/'>R\u00e9union d'et\u00e9 2025 de la SMC | Appel aux sessions scientifiques<\/a>      <\/div>\n    <\/div>\n    <div class='notes_toc_article'>\n      <div class='notes_toc_article_row'>\n        <div class='notes_toc_article_pdf'>\n        <\/div>\n        <a class='notes_toc_article_title_link' href='https:\/\/mathmatters.cms.math.ca\/fr\/article\/appel-aux-sessions-deducation\/'>R\u00e9union d'et\u00e9 2025 de la SMC | Appel aux sessions d'\u00e9ducation<\/a>      <\/div>\n    <\/div>\n    <div class='notes_toc_article'>\n      <div class='notes_toc_section_name'>Annonces<\/div>\n      <div class='notes_toc_article_row'>\n        <div class='notes_toc_article_pdf'>\n        <\/div>\n        <a class='notes_toc_article_title_link' href='https:\/\/mathmatters.cms.math.ca\/fr\/article\/poste-postdoctoral-a-luniversite-laval\/'>Poste postdoctoral \u00e0 l'Universit\u00e9 Laval<\/a> <span class='notes_toc_author_name'>&mdash;&nbsp;Universit\u00e9 Laval<\/span>      <\/div>\n    <\/div>\n    <div class='notes_toc_article'>\n      <div class='notes_toc_article_row'>\n        <div class='notes_toc_article_pdf'>\n        <\/div>\n        <a class='notes_toc_article_title_link' href='https:\/\/mathmatters.cms.math.ca\/fr\/article\/nouveaute-appel-a-candidatures-un-nouveau-programme-de-maitrise-base-sur-les-cours-en-science-des-donnees-a-luniversite-de-lalberta\/'>Appel \u00e0 candidatures - Un nouveau programme de Ma\u00eetrise bas\u00e9 sur les cours en Science des Donn\u00e9es \u00e0 l'Universit\u00e9 de l'Alberta<\/a> <span class='notes_toc_author_name'>&mdash;&nbsp;Michael Li<\/span>      <\/div>\n    <\/div>\n    <div class='notes_toc_article'>\n      <div class='notes_toc_section_name'>Appel de mises en candidature<\/div>\n      <div class='notes_toc_article_row'>\n        <div class='notes_toc_article_pdf'>\n        <\/div>\n        <a class='notes_toc_article_title_link' href='https:\/\/mathmatters.cms.math.ca\/fr\/article\/nouveaute-appel-aux-mises-en-nomination-prix-adrien-pouliot-2025-date-limite-31-mars-2025\/'>Appel aux mises en nomination : Prix Adrien Pouliot 2025 | date limite 30 avril, 2025<\/a>      <\/div>\n    <\/div>\n    <div class='notes_toc_article'>\n      <div class='notes_toc_article_row'>\n        <div class='notes_toc_article_pdf'>\n        <\/div>\n        <a class='notes_toc_article_title_link' href='https:\/\/mathmatters.cms.math.ca\/fr\/article\/nouveaute-appel-aux-mises-en-nominations-fellows-de-la-smc-2025-date-limite-31-mars-2025\/'>Appel aux mises en nominations : Fellows de la SMC 2025 | date limite 31 mars, 2025<\/a>      <\/div>\n    <\/div>\n    <div class='notes_toc_article'>\n      <div class='notes_toc_article_row'>\n        <div class='notes_toc_article_pdf'>\n        <\/div>\n        <a class='notes_toc_article_title_link' href='https:\/\/mathmatters.cms.math.ca\/fr\/article\/nouveaute-appel-aux-mises-en-nomination-prix-graham-wright-pour-service-meritoire-2025\/'>Appel aux mises en nomination : Prix Graham Wright pour service m\u00e9ritoire 2025 | date limite 31 mars<\/a>      <\/div>\n    <\/div>\n    <div class='notes_toc_article'>\n      <div class='notes_toc_section_name'>Annonces<\/div>\n      <div class='notes_toc_article_row'>\n        <div class='notes_toc_article_pdf'>\n        <\/div>\n        <a class='notes_toc_article_title_link' href='https:\/\/mathmatters.cms.math.ca\/fr\/article\/camp-de-maths-dete-du-smc-2025-les-inscriptions-sont-ouvertes\/'>Camp d'\u00e9t\u00e9 de math\u00e9matiques 2026 de la SMC | Les inscriptions sont ouvertes<\/a>      <\/div>\n    <\/div>\n    <div class='notes_toc_article'>\n      <div class='notes_toc_section_name'>Appel de mises en candidature<\/div>\n      <div class='notes_toc_article_row'>\n        <div class='notes_toc_article_pdf'>\n        <\/div>\n        <a class='notes_toc_article_title_link' href='https:\/\/mathmatters.cms.math.ca\/fr\/article\/nouveaute-appel-du-comite-des-prix-internationaux\/'>Appel du Comit\u00e9 des prix internationaux<\/a> <span class='notes_toc_author_name'>&mdash;&nbsp;Javad Mashreghi<\/span>      <\/div>\n    <\/div>\n    <div class='notes_toc_article'>\n      <div class='notes_toc_article_row'>\n        <div class='notes_toc_article_pdf'>\n        <\/div>\n        <a class='notes_toc_article_title_link' href='https:\/\/mathmatters.cms.math.ca\/fr\/article\/nouveaute-appel-aux-candidatures-redacteur-en-chef-rec-crux-mathematicorum\/'>Appel aux mises en nomination : R\u00e9dacteur en chef (REC), Crux Mathematicorum | date limite 15 juillet<\/a>      <\/div>\n    <\/div>\n    <div class='notes_toc_article'>\n      <div class='notes_toc_section_name'>Comit\u00e9 \u00e9tudiant de la SMC<\/div>\n      <div class='notes_toc_article_row'>\n        <div class='notes_toc_article_pdf'>\n        <\/div>\n        <a class='notes_toc_article_title_link' href='https:\/\/mathmatters.cms.math.ca\/fr\/article\/nouveaute-hote-de-la-cumc-2025\/'>H\u00f4te de la CUMC 2025 !<\/a> <span class='notes_toc_author_name'>&mdash;&nbsp;Student Committee of the CMS<\/span>      <\/div>\n    <\/div>\n    <div class='notes_toc_article'>\n      <div class='notes_toc_section_name'>CMS Student Committee<\/div>\n      <div class='notes_toc_article_row'>\n        <div class='notes_toc_article_pdf'>\n        <\/div>\n        <a class='notes_toc_article_title_link' href='https:\/\/mathmatters.cms.math.ca\/fr\/article\/studc-connect-with-us-on-discord\/'>Connect with us on Discord!<\/a> <span class='notes_toc_author_name'>&mdash;&nbsp;Student Committee of the CMS<\/span>      <\/div>\n    <\/div>\n    <div class='notes_toc_article'>\n      <div class='notes_toc_section_name'>Comit\u00e9 \u00e9tudiant de la SMC<\/div>\n      <div class='notes_toc_article_row'>\n        <div class='notes_toc_article_pdf'>\n        <\/div>\n        <a class='notes_toc_article_title_link' href='https:\/\/mathmatters.cms.math.ca\/fr\/article\/nouveaute-conferences-etudiantes\/'>Conf\u00e9rences \u00e9tudiantes<\/a> <span class='notes_toc_author_name'>&mdash;&nbsp;Student Committee of the CMS<\/span>      <\/div>\n    <\/div>\n<\/div>\n<\/div>\n<\/div>\n    <\/div>\n  <div class='notes_issues_issident' id='notes_issues_issident_2_4'><a href='javascript:void(0);' title=\"afficher\/masquer le contenu\" onclick='notes_issues_iss_vh(2, 4)'><img src='\/wp-content\/uploads\/2020\/01\/folder-closed.png' alt='afficher' class='notes_issues_toggles' id='notes_issues_toggle_show_2_4' ><img src='\/wp-content\/uploads\/2020\/01\/folder-open.png' alt='masquer' class='notes_issues_toggles' id='notes_issues_toggle_hide_2_4' style='display:none;'>[4] Num\u00e9ro du 31 janvier<\/a>\n<\/div>\n    <div class='notes_issues_isscontents' id='notes_issues_isscontents_2_4' style='display:none;'>\n<div class='notes_render_toc notes_noprint notes_toc_style_2' style='' id='notes_toc'>\n<div class='notes_toc_body'>\n  <div class='notes_toc_articles'>\n    <div class='notes_toc_article'>\n      <div class='notes_toc_section_name'>R\u00e9unions de la SMC<\/div>\n      <div class='notes_toc_article_row'>\n        <div class='notes_toc_article_pdf'>\n        <\/div>\n        <a class='notes_toc_article_title_link' href='https:\/\/mathmatters.cms.math.ca\/fr\/article\/nouveaute-reunion-dete-2025-de-la-smc-reservez-la-date\/'>R\u00e9union d'\u00e9t\u00e9 2025 de la SMC, 6-9 juin | R\u00e9servez la date!<\/a>      <\/div>\n    <\/div>\n    <div class='notes_toc_article'>\n      <div class='notes_toc_article_row'>\n        <div class='notes_toc_article_pdf'>\n        <\/div>\n        <a class='notes_toc_article_title_link' href='https:\/\/mathmatters.cms.math.ca\/fr\/article\/nouveaute-reunion-dete-2025-de-la-smc-appel-aux-sessions\/'>R\u00e9union d'et\u00e9 2025 de la SMC | Appel aux sessions scientifiques<\/a>      <\/div>\n    <\/div>\n    <div class='notes_toc_article'>\n      <div class='notes_toc_article_row'>\n        <div class='notes_toc_article_pdf'>\n        <\/div>\n        <a class='notes_toc_article_title_link' href='https:\/\/mathmatters.cms.math.ca\/fr\/article\/appel-aux-sessions-deducation\/'>R\u00e9union d'et\u00e9 2025 de la SMC | Appel aux sessions d'\u00e9ducation<\/a>      <\/div>\n    <\/div>\n    <div class='notes_toc_article'>\n      <div class='notes_toc_section_name'>Annonces<\/div>\n      <div class='notes_toc_article_row'>\n        <div class='notes_toc_article_pdf'>\n        <\/div>\n        <a class='notes_toc_article_title_link' href='https:\/\/mathmatters.cms.math.ca\/fr\/article\/nouveaute-awm-essay-contest-deadline-february-1-2025\/'>AWM Essay Contest | Deadline f\u00e9vrier 1, 2025<\/a> <span class='notes_toc_author_name'>&mdash;&nbsp;Johanna Franklin<\/span>      <\/div>\n    <\/div>\n    <div class='notes_toc_article'>\n      <div class='notes_toc_article_row'>\n        <div class='notes_toc_article_pdf'>\n        <\/div>\n        <a class='notes_toc_article_title_link' href='https:\/\/mathmatters.cms.math.ca\/fr\/article\/nouveaute-appel-a-candidatures-un-nouveau-programme-de-maitrise-base-sur-les-cours-en-science-des-donnees-a-luniversite-de-lalberta\/'>Appel \u00e0 candidatures - Un nouveau programme de Ma\u00eetrise bas\u00e9 sur les cours en Science des Donn\u00e9es \u00e0 l'Universit\u00e9 de l'Alberta<\/a> <span class='notes_toc_author_name'>&mdash;&nbsp;Michael Li<\/span>      <\/div>\n    <\/div>\n    <div class='notes_toc_article'>\n      <div class='notes_toc_article_row'>\n        <div class='notes_toc_article_pdf'>\n        <\/div>\n        <a class='notes_toc_article_title_link' href='https:\/\/mathmatters.cms.math.ca\/fr\/article\/nouveaute-appel-a-communications\/'>Appel \u00e0 communications<\/a> <span class='notes_toc_author_name'>&mdash;&nbsp;Amy Ackerberg-Hastings<\/span>      <\/div>\n    <\/div>\n    <div class='notes_toc_article'>\n      <div class='notes_toc_section_name'>Appel de mises en candidature<\/div>\n      <div class='notes_toc_article_row'>\n        <div class='notes_toc_article_pdf'>\n        <\/div>\n        <a class='notes_toc_article_title_link' href='https:\/\/mathmatters.cms.math.ca\/fr\/article\/nouveaute-appel-aux-mises-en-nomination-prix-adrien-pouliot-2025-date-limite-31-mars-2025\/'>Appel aux mises en nomination : Prix Adrien Pouliot 2025 | date limite 30 avril, 2025<\/a>      <\/div>\n    <\/div>\n    <div class='notes_toc_article'>\n      <div class='notes_toc_article_row'>\n        <div class='notes_toc_article_pdf'>\n        <\/div>\n        <a class='notes_toc_article_title_link' href='https:\/\/mathmatters.cms.math.ca\/fr\/article\/nouveaute-appel-aux-mises-en-nominations-fellows-de-la-smc-2025-date-limite-31-mars-2025\/'>Appel aux mises en nominations : Fellows de la SMC 2025 | date limite 31 mars, 2025<\/a>      <\/div>\n    <\/div>\n    <div class='notes_toc_article'>\n      <div class='notes_toc_article_row'>\n        <div class='notes_toc_article_pdf'>\n        <\/div>\n        <a class='notes_toc_article_title_link' href='https:\/\/mathmatters.cms.math.ca\/fr\/article\/nouveaute-appel-aux-mises-en-nomination-prix-graham-wright-pour-service-meritoire-2025\/'>Appel aux mises en nomination : Prix Graham Wright pour service m\u00e9ritoire 2025 | date limite 31 mars<\/a>      <\/div>\n    <\/div>\n    <div class='notes_toc_article'>\n      <div class='notes_toc_article_row'>\n        <div class='notes_toc_article_pdf'>\n        <\/div>\n        <a class='notes_toc_article_title_link' href='https:\/\/mathmatters.cms.math.ca\/fr\/article\/nouveaute-appel-de-mises-en-candidature-prix-de-doctorat-blair-spearman-de-la-smc-2025-date-limite-31-janvier\/'>Appel aux mises en nominations : Prix de doctorat Blair-Spearman de la SMC 2025 | date limite 31 janvier<\/a>      <\/div>\n    <\/div>\n    <div class='notes_toc_article'>\n      <div class='notes_toc_section_name'>Annonces<\/div>\n      <div class='notes_toc_article_row'>\n        <div class='notes_toc_article_pdf'>\n        <\/div>\n        <a class='notes_toc_article_title_link' href='https:\/\/mathmatters.cms.math.ca\/fr\/article\/camp-de-maths-dete-du-smc-2025-les-inscriptions-sont-ouvertes\/'>Camp d'\u00e9t\u00e9 de math\u00e9matiques 2026 de la SMC | Les inscriptions sont ouvertes<\/a>      <\/div>\n    <\/div>\n    <div class='notes_toc_article'>\n      <div class='notes_toc_section_name'>Appel de mises en candidature<\/div>\n      <div class='notes_toc_article_row'>\n        <div class='notes_toc_article_pdf'>\n        <\/div>\n        <a class='notes_toc_article_title_link' href='https:\/\/mathmatters.cms.math.ca\/fr\/article\/nouveaute-appel-aux-candidatures-redacteur-en-chef-rec-crux-mathematicorum\/'>Appel aux mises en nomination : R\u00e9dacteur en chef (REC), Crux Mathematicorum | date limite 15 juillet<\/a>      <\/div>\n    <\/div>\n    <div class='notes_toc_article'>\n      <div class='notes_toc_article_row'>\n        <div class='notes_toc_article_pdf'>\n        <\/div>\n        <a class='notes_toc_article_title_link' href='https:\/\/mathmatters.cms.math.ca\/fr\/article\/nouveaute-appel-du-comite-des-prix-internationaux\/'>Appel du Comit\u00e9 des prix internationaux<\/a> <span class='notes_toc_author_name'>&mdash;&nbsp;Javad Mashreghi<\/span>      <\/div>\n    <\/div>\n    <div class='notes_toc_article'>\n      <div class='notes_toc_section_name'>Comit\u00e9 \u00e9tudiant de la SMC<\/div>\n      <div class='notes_toc_article_row'>\n        <div class='notes_toc_article_pdf'>\n        <\/div>\n        <a class='notes_toc_article_title_link' href='https:\/\/mathmatters.cms.math.ca\/fr\/article\/nouveaute-hote-de-la-cumc-2025\/'>H\u00f4te de la CUMC 2025 !<\/a> <span class='notes_toc_author_name'>&mdash;&nbsp;Student Committee of the CMS<\/span>      <\/div>\n    <\/div>\n    <div class='notes_toc_article'>\n      <div class='notes_toc_section_name'>CMS Student Committee<\/div>\n      <div class='notes_toc_article_row'>\n        <div class='notes_toc_article_pdf'>\n        <\/div>\n        <a class='notes_toc_article_title_link' href='https:\/\/mathmatters.cms.math.ca\/fr\/article\/studc-connect-with-us-on-discord\/'>Connect with us on Discord!<\/a> <span class='notes_toc_author_name'>&mdash;&nbsp;Student Committee of the CMS<\/span>      <\/div>\n    <\/div>\n    <div class='notes_toc_article'>\n      <div class='notes_toc_section_name'>Comit\u00e9 \u00e9tudiant de la SMC<\/div>\n      <div class='notes_toc_article_row'>\n        <div class='notes_toc_article_pdf'>\n        <\/div>\n        <a class='notes_toc_article_title_link' href='https:\/\/mathmatters.cms.math.ca\/fr\/article\/nouveaute-conferences-etudiantes\/'>Conf\u00e9rences \u00e9tudiantes<\/a> <span class='notes_toc_author_name'>&mdash;&nbsp;Student Committee of the CMS<\/span>      <\/div>\n    <\/div>\n<\/div>\n<\/div>\n<\/div>\n    <\/div>\n  <div class='notes_issues_issident' id='notes_issues_issident_2_3'><a href='javascript:void(0);' title=\"afficher\/masquer le contenu\" onclick='notes_issues_iss_vh(2, 3)'><img src='\/wp-content\/uploads\/2020\/01\/folder-closed.png' alt='afficher' class='notes_issues_toggles' id='notes_issues_toggle_show_2_3' ><img src='\/wp-content\/uploads\/2020\/01\/folder-open.png' alt='masquer' class='notes_issues_toggles' id='notes_issues_toggle_hide_2_3' style='display:none;'>[3] Num\u00e9ro du 24 janvier<\/a>\n<\/div>\n    <div class='notes_issues_isscontents' id='notes_issues_isscontents_2_3' style='display:none;'>\n<div class='notes_render_toc notes_noprint notes_toc_style_2' style='' id='notes_toc'>\n<div class='notes_toc_body'>\n  <div class='notes_toc_articles'>\n    <div class='notes_toc_article'>\n      <div class='notes_toc_section_name'>R\u00e9unions de la SMC<\/div>\n      <div class='notes_toc_article_row'>\n        <div class='notes_toc_article_pdf'>\n        <\/div>\n        <a class='notes_toc_article_title_link' href='https:\/\/mathmatters.cms.math.ca\/fr\/article\/nouveaute-reunion-dete-2025-de-la-smc-reservez-la-date\/'>R\u00e9union d'\u00e9t\u00e9 2025 de la SMC, 6-9 juin | R\u00e9servez la date!<\/a>      <\/div>\n    <\/div>\n    <div class='notes_toc_article'>\n      <div class='notes_toc_article_row'>\n        <div class='notes_toc_article_pdf'>\n        <\/div>\n        <a class='notes_toc_article_title_link' href='https:\/\/mathmatters.cms.math.ca\/fr\/article\/nouveaute-reunion-dete-2025-de-la-smc-appel-aux-sessions\/'>R\u00e9union d'et\u00e9 2025 de la SMC | Appel aux sessions scientifiques<\/a>      <\/div>\n    <\/div>\n    <div class='notes_toc_article'>\n      <div class='notes_toc_article_row'>\n        <div class='notes_toc_article_pdf'>\n        <\/div>\n        <a class='notes_toc_article_title_link' href='https:\/\/mathmatters.cms.math.ca\/fr\/article\/appel-aux-sessions-deducation\/'>R\u00e9union d'et\u00e9 2025 de la SMC | Appel aux sessions d'\u00e9ducation<\/a>      <\/div>\n    <\/div>\n    <div class='notes_toc_article'>\n      <div class='notes_toc_section_name'>Annonces<\/div>\n      <div class='notes_toc_article_row'>\n        <div class='notes_toc_article_pdf'>\n        <\/div>\n        <a class='notes_toc_article_title_link' href='https:\/\/mathmatters.cms.math.ca\/fr\/article\/nouveaute-join-us-for-the-fields-mathed-forum-15th-annual-math-education-research-day\/'>Join us for the Fields MathEd Forum 15th Annual Math Education Research Day<\/a> <span class='notes_toc_author_name'>&mdash;&nbsp;Fields Institute for Research in Mathematical Sciences<\/span>      <\/div>\n    <\/div>\n    <div class='notes_toc_article'>\n      <div class='notes_toc_article_row'>\n        <div class='notes_toc_article_pdf'>\n        <\/div>\n        <a class='notes_toc_article_title_link' href='https:\/\/mathmatters.cms.math.ca\/fr\/article\/nouveaute-awm-essay-contest-deadline-february-1-2025\/'>AWM Essay Contest | Deadline f\u00e9vrier 1, 2025<\/a> <span class='notes_toc_author_name'>&mdash;&nbsp;Johanna Franklin<\/span>      <\/div>\n    <\/div>\n    <div class='notes_toc_article'>\n      <div class='notes_toc_article_row'>\n        <div class='notes_toc_article_pdf'>\n        <\/div>\n        <a class='notes_toc_article_title_link' href='https:\/\/mathmatters.cms.math.ca\/fr\/article\/nouveaute-appel-a-communications\/'>Appel \u00e0 communications<\/a> <span class='notes_toc_author_name'>&mdash;&nbsp;Amy Ackerberg-Hastings<\/span>      <\/div>\n    <\/div>\n    <div class='notes_toc_article'>\n      <div class='notes_toc_section_name'>Appel de mises en candidature<\/div>\n      <div class='notes_toc_article_row'>\n        <div class='notes_toc_article_pdf'>\n        <\/div>\n        <a class='notes_toc_article_title_link' href='https:\/\/mathmatters.cms.math.ca\/fr\/article\/nouveaute-appel-aux-mises-en-nomination-prix-adrien-pouliot-2025-date-limite-31-mars-2025\/'>Appel aux mises en nomination : Prix Adrien Pouliot 2025 | date limite 30 avril, 2025<\/a>      <\/div>\n    <\/div>\n    <div class='notes_toc_article'>\n      <div class='notes_toc_article_row'>\n        <div class='notes_toc_article_pdf'>\n        <\/div>\n        <a class='notes_toc_article_title_link' href='https:\/\/mathmatters.cms.math.ca\/fr\/article\/nouveaute-appel-aux-mises-en-nominations-fellows-de-la-smc-2025-date-limite-31-mars-2025\/'>Appel aux mises en nominations : Fellows de la SMC 2025 | date limite 31 mars, 2025<\/a>      <\/div>\n    <\/div>\n    <div class='notes_toc_article'>\n      <div class='notes_toc_article_row'>\n        <div class='notes_toc_article_pdf'>\n        <\/div>\n        <a class='notes_toc_article_title_link' href='https:\/\/mathmatters.cms.math.ca\/fr\/article\/nouveaute-appel-aux-mises-en-nomination-prix-graham-wright-pour-service-meritoire-2025\/'>Appel aux mises en nomination : Prix Graham Wright pour service m\u00e9ritoire 2025 | date limite 31 mars<\/a>      <\/div>\n    <\/div>\n    <div class='notes_toc_article'>\n      <div class='notes_toc_article_row'>\n        <div class='notes_toc_article_pdf'>\n        <\/div>\n        <a class='notes_toc_article_title_link' href='https:\/\/mathmatters.cms.math.ca\/fr\/article\/nouveaute-appel-de-mises-en-candidature-prix-de-doctorat-blair-spearman-de-la-smc-2025-date-limite-31-janvier\/'>Appel aux mises en nominations : Prix de doctorat Blair-Spearman de la SMC 2025 | date limite 31 janvier<\/a>      <\/div>\n    <\/div>\n    <div class='notes_toc_article'>\n      <div class='notes_toc_section_name'>Annonces<\/div>\n      <div class='notes_toc_article_row'>\n        <div class='notes_toc_article_pdf'>\n        <\/div>\n        <a class='notes_toc_article_title_link' href='https:\/\/mathmatters.cms.math.ca\/fr\/article\/camp-de-maths-dete-du-smc-2025-les-inscriptions-sont-ouvertes\/'>Camp d'\u00e9t\u00e9 de math\u00e9matiques 2026 de la SMC | Les inscriptions sont ouvertes<\/a>      <\/div>\n    <\/div>\n    <div class='notes_toc_article'>\n      <div class='notes_toc_section_name'>Appel de mises en candidature<\/div>\n      <div class='notes_toc_article_row'>\n        <div class='notes_toc_article_pdf'>\n        <\/div>\n        <a class='notes_toc_article_title_link' href='https:\/\/mathmatters.cms.math.ca\/fr\/article\/nouveaute-appel-aux-candidatures-redacteur-en-chef-rec-crux-mathematicorum\/'>Appel aux mises en nomination : R\u00e9dacteur en chef (REC), Crux Mathematicorum | date limite 15 juillet<\/a>      <\/div>\n    <\/div>\n    <div class='notes_toc_article'>\n      <div class='notes_toc_article_row'>\n        <div class='notes_toc_article_pdf'>\n        <\/div>\n        <a class='notes_toc_article_title_link' href='https:\/\/mathmatters.cms.math.ca\/fr\/article\/nouveaute-appel-du-comite-des-prix-internationaux\/'>Appel du Comit\u00e9 des prix internationaux<\/a> <span class='notes_toc_author_name'>&mdash;&nbsp;Javad Mashreghi<\/span>      <\/div>\n    <\/div>\n    <div class='notes_toc_article'>\n      <div class='notes_toc_section_name'>Comit\u00e9 \u00e9tudiant de la SMC<\/div>\n      <div class='notes_toc_article_row'>\n        <div class='notes_toc_article_pdf'>\n        <\/div>\n        <a class='notes_toc_article_title_link' href='https:\/\/mathmatters.cms.math.ca\/fr\/article\/nouveaute-hote-de-la-cumc-2025\/'>H\u00f4te de la CUMC 2025 !<\/a> <span class='notes_toc_author_name'>&mdash;&nbsp;Student Committee of the CMS<\/span>      <\/div>\n    <\/div>\n    <div class='notes_toc_article'>\n      <div class='notes_toc_section_name'>CMS Student Committee<\/div>\n      <div class='notes_toc_article_row'>\n        <div class='notes_toc_article_pdf'>\n        <\/div>\n        <a class='notes_toc_article_title_link' href='https:\/\/mathmatters.cms.math.ca\/fr\/article\/studc-connect-with-us-on-discord\/'>Connect with us on Discord!<\/a> <span class='notes_toc_author_name'>&mdash;&nbsp;Student Committee of the CMS<\/span>      <\/div>\n    <\/div>\n    <div class='notes_toc_article'>\n      <div class='notes_toc_section_name'>Comit\u00e9 \u00e9tudiant de la SMC<\/div>\n      <div class='notes_toc_article_row'>\n        <div class='notes_toc_article_pdf'>\n        <\/div>\n        <a class='notes_toc_article_title_link' href='https:\/\/mathmatters.cms.math.ca\/fr\/article\/nouveaute-conferences-etudiantes\/'>Conf\u00e9rences \u00e9tudiantes<\/a> <span class='notes_toc_author_name'>&mdash;&nbsp;Student Committee of the CMS<\/span>      <\/div>\n    <\/div>\n<\/div>\n<\/div>\n<\/div>\n    <\/div>\n  <div class='notes_issues_issident' id='notes_issues_issident_2_2'><a href='javascript:void(0);' title=\"afficher\/masquer le contenu\" onclick='notes_issues_iss_vh(2, 2)'><img src='\/wp-content\/uploads\/2020\/01\/folder-closed.png' alt='afficher' class='notes_issues_toggles' id='notes_issues_toggle_show_2_2' ><img src='\/wp-content\/uploads\/2020\/01\/folder-open.png' alt='masquer' class='notes_issues_toggles' id='notes_issues_toggle_hide_2_2' style='display:none;'>[2] Num\u00e9ro du 17 janvier<\/a>\n<\/div>\n    <div class='notes_issues_isscontents' id='notes_issues_isscontents_2_2' style='display:none;'>\n<div class='notes_render_toc notes_noprint notes_toc_style_2' style='' id='notes_toc'>\n<div class='notes_toc_body'>\n  <div class='notes_toc_articles'>\n    <div class='notes_toc_article'>\n      <div class='notes_toc_section_name'>Communiqu\u00e9<\/div>\n      <div class='notes_toc_article_row'>\n        <div class='notes_toc_article_pdf'>\n        <\/div>\n        <a class='notes_toc_article_title_link' href='https:\/\/mathmatters.cms.math.ca\/fr\/article\/nouveaute-defi-ouvert-canadian-de-mathematiques-2024-les-resultats-sont-disponibles\/'>NOUVEAUT\u00c9\u00a0: D\u00e9fi ouvert canadian de math\u00e9matiques 2024 : Les r\u00e9sultats sont disponibles!<\/a>      <\/div>\n    <\/div>\n    <div class='notes_toc_article'>\n      <div class='notes_toc_section_name'>R\u00e9unions de la SMC<\/div>\n      <div class='notes_toc_article_row'>\n        <div class='notes_toc_article_pdf'>\n        <\/div>\n        <a class='notes_toc_article_title_link' href='https:\/\/mathmatters.cms.math.ca\/fr\/article\/nouveaute-reunion-dete-2025-de-la-smc-reservez-la-date\/'>R\u00e9union d'\u00e9t\u00e9 2025 de la SMC, 6-9 juin | R\u00e9servez la date!<\/a>      <\/div>\n    <\/div>\n    <div class='notes_toc_article'>\n      <div class='notes_toc_article_row'>\n        <div class='notes_toc_article_pdf'>\n        <\/div>\n        <a class='notes_toc_article_title_link' href='https:\/\/mathmatters.cms.math.ca\/fr\/article\/nouveaute-reunion-dete-2025-de-la-smc-appel-aux-sessions\/'>R\u00e9union d'et\u00e9 2025 de la SMC | Appel aux sessions scientifiques<\/a>      <\/div>\n    <\/div>\n    <div class='notes_toc_article'>\n      <div class='notes_toc_article_row'>\n        <div class='notes_toc_article_pdf'>\n        <\/div>\n        <a class='notes_toc_article_title_link' href='https:\/\/mathmatters.cms.math.ca\/fr\/article\/appel-aux-sessions-deducation\/'>R\u00e9union d'et\u00e9 2025 de la SMC | Appel aux sessions d'\u00e9ducation<\/a>      <\/div>\n    <\/div>\n    <div class='notes_toc_article'>\n      <div class='notes_toc_section_name'>Annonces<\/div>\n      <div class='notes_toc_article_row'>\n        <div class='notes_toc_article_pdf'>\n        <\/div>\n        <a class='notes_toc_article_title_link' href='https:\/\/mathmatters.cms.math.ca\/fr\/article\/nouveaute-join-us-for-the-fields-mathed-forum-15th-annual-math-education-research-day\/'>Join us for the Fields MathEd Forum 15th Annual Math Education Research Day<\/a> <span class='notes_toc_author_name'>&mdash;&nbsp;Fields Institute for Research in Mathematical Sciences<\/span>      <\/div>\n    <\/div>\n    <div class='notes_toc_article'>\n      <div class='notes_toc_article_row'>\n        <div class='notes_toc_article_pdf'>\n        <\/div>\n        <a class='notes_toc_article_title_link' href='https:\/\/mathmatters.cms.math.ca\/fr\/article\/nouveaute-awm-essay-contest-deadline-february-1-2025\/'>AWM Essay Contest | Deadline f\u00e9vrier 1, 2025<\/a> <span class='notes_toc_author_name'>&mdash;&nbsp;Johanna Franklin<\/span>      <\/div>\n    <\/div>\n    <div class='notes_toc_article'>\n      <div class='notes_toc_article_row'>\n        <div class='notes_toc_article_pdf'>\n        <\/div>\n        <a class='notes_toc_article_title_link' href='https:\/\/mathmatters.cms.math.ca\/fr\/article\/nouveaute-appel-a-communications\/'>Appel \u00e0 communications<\/a> <span class='notes_toc_author_name'>&mdash;&nbsp;Amy Ackerberg-Hastings<\/span>      <\/div>\n    <\/div>\n    <div class='notes_toc_article'>\n      <div class='notes_toc_article_row'>\n        <div class='notes_toc_article_pdf'>\n        <\/div>\n        <a class='notes_toc_article_title_link' href='https:\/\/mathmatters.cms.math.ca\/fr\/article\/nouveaute-smri-international-visitor-program-2025-round-1-applications-now-open-closing-on-tuesday-6-august-2024-2359pm-aedt\/'>SMRI International Visitor Program - 2025 Round 1 - Applications now open (closing on Tuesday 6 August 2024, 23:59pm AEDT)<\/a> <span class='notes_toc_author_name'>&mdash;&nbsp;Sydney Mathematical Research Institute<\/span>      <\/div>\n    <\/div>\n    <div class='notes_toc_article'>\n      <div class='notes_toc_section_name'>Appel de mises en candidature<\/div>\n      <div class='notes_toc_article_row'>\n        <div class='notes_toc_article_pdf'>\n        <\/div>\n        <a class='notes_toc_article_title_link' href='https:\/\/mathmatters.cms.math.ca\/fr\/article\/nouveaute-appel-aux-mises-en-nomination-prix-adrien-pouliot-2025-date-limite-31-mars-2025\/'>Appel aux mises en nomination : Prix Adrien Pouliot 2025 | date limite 30 avril, 2025<\/a>      <\/div>\n    <\/div>\n    <div class='notes_toc_article'>\n      <div class='notes_toc_article_row'>\n        <div class='notes_toc_article_pdf'>\n        <\/div>\n        <a class='notes_toc_article_title_link' href='https:\/\/mathmatters.cms.math.ca\/fr\/article\/nouveaute-appel-aux-mises-en-nominations-fellows-de-la-smc-2025-date-limite-31-mars-2025\/'>Appel aux mises en nominations : Fellows de la SMC 2025 | date limite 31 mars, 2025<\/a>      <\/div>\n    <\/div>\n    <div class='notes_toc_article'>\n      <div class='notes_toc_article_row'>\n        <div class='notes_toc_article_pdf'>\n        <\/div>\n        <a class='notes_toc_article_title_link' href='https:\/\/mathmatters.cms.math.ca\/fr\/article\/nouveaute-appel-aux-mises-en-nomination-prix-graham-wright-pour-service-meritoire-2025\/'>Appel aux mises en nomination : Prix Graham Wright pour service m\u00e9ritoire 2025 | date limite 31 mars<\/a>      <\/div>\n    <\/div>\n    <div class='notes_toc_article'>\n      <div class='notes_toc_article_row'>\n        <div class='notes_toc_article_pdf'>\n        <\/div>\n        <a class='notes_toc_article_title_link' href='https:\/\/mathmatters.cms.math.ca\/fr\/article\/nouveaute-appel-de-mises-en-candidature-prix-de-doctorat-blair-spearman-de-la-smc-2025-date-limite-31-janvier\/'>Appel aux mises en nominations : Prix de doctorat Blair-Spearman de la SMC 2025 | date limite 31 janvier<\/a>      <\/div>\n    <\/div>\n    <div class='notes_toc_article'>\n      <div class='notes_toc_section_name'>Annonces<\/div>\n      <div class='notes_toc_article_row'>\n        <div class='notes_toc_article_pdf'>\n        <\/div>\n        <a class='notes_toc_article_title_link' href='https:\/\/mathmatters.cms.math.ca\/fr\/article\/camp-de-maths-dete-du-smc-2025-les-inscriptions-sont-ouvertes\/'>Camp d'\u00e9t\u00e9 de math\u00e9matiques 2026 de la SMC | Les inscriptions sont ouvertes<\/a>      <\/div>\n    <\/div>\n    <div class='notes_toc_article'>\n      <div class='notes_toc_section_name'>Appel de mises en candidature<\/div>\n      <div class='notes_toc_article_row'>\n        <div class='notes_toc_article_pdf'>\n        <\/div>\n        <a class='notes_toc_article_title_link' href='https:\/\/mathmatters.cms.math.ca\/fr\/article\/nouveaute-appel-aux-candidatures-redacteur-en-chef-rec-crux-mathematicorum\/'>Appel aux mises en nomination : R\u00e9dacteur en chef (REC), Crux Mathematicorum | date limite 15 juillet<\/a>      <\/div>\n    <\/div>\n    <div class='notes_toc_article'>\n      <div class='notes_toc_section_name'>Comit\u00e9 \u00e9tudiant de la SMC<\/div>\n      <div class='notes_toc_article_row'>\n        <div class='notes_toc_article_pdf'>\n        <\/div>\n        <a class='notes_toc_article_title_link' href='https:\/\/mathmatters.cms.math.ca\/fr\/article\/nouveaute-hote-de-la-cumc-2025\/'>H\u00f4te de la CUMC 2025 !<\/a> <span class='notes_toc_author_name'>&mdash;&nbsp;Student Committee of the CMS<\/span>      <\/div>\n    <\/div>\n    <div class='notes_toc_article'>\n      <div class='notes_toc_article_row'>\n        <div class='notes_toc_article_pdf'>\n        <\/div>\n        <a class='notes_toc_article_title_link' href='https:\/\/mathmatters.cms.math.ca\/fr\/article\/nouveaute-conferences-etudiantes\/'>Conf\u00e9rences \u00e9tudiantes<\/a> <span class='notes_toc_author_name'>&mdash;&nbsp;Student Committee of the CMS<\/span>      <\/div>\n    <\/div>\n    <div class='notes_toc_article'>\n      <div class='notes_toc_section_name'>CMS Student Committee<\/div>\n      <div class='notes_toc_article_row'>\n        <div class='notes_toc_article_pdf'>\n        <\/div>\n        <a class='notes_toc_article_title_link' href='https:\/\/mathmatters.cms.math.ca\/fr\/article\/studc-connect-with-us-on-discord\/'>Connect with us on Discord!<\/a> <span class='notes_toc_author_name'>&mdash;&nbsp;Student Committee of the CMS<\/span>      <\/div>\n    <\/div>\n<\/div>\n<\/div>\n<\/div>\n    <\/div>\n  <div class='notes_issues_issident' id='notes_issues_issident_2_1'><a href='javascript:void(0);' title=\"afficher\/masquer le contenu\" onclick='notes_issues_iss_vh(2, 1)'><img src='\/wp-content\/uploads\/2020\/01\/folder-closed.png' alt='afficher' class='notes_issues_toggles' id='notes_issues_toggle_show_2_1' ><img src='\/wp-content\/uploads\/2020\/01\/folder-open.png' alt='masquer' class='notes_issues_toggles' id='notes_issues_toggle_hide_2_1' style='display:none;'>[1] Num\u00e9ro du 10 janvier<\/a>\n<\/div>\n    <div class='notes_issues_isscontents' id='notes_issues_isscontents_2_1' style='display:none;'>\n<div class='notes_render_toc notes_noprint notes_toc_style_2' style='' id='notes_toc'>\n<div class='notes_toc_body'>\n  <div class='notes_toc_articles'>\n    <div class='notes_toc_article'>\n      <div class='notes_toc_section_name'>R\u00e9unions de la SMC<\/div>\n      <div class='notes_toc_article_row'>\n        <div class='notes_toc_article_pdf'>\n        <\/div>\n        <a class='notes_toc_article_title_link' href='https:\/\/mathmatters.cms.math.ca\/fr\/article\/nouveaute-reunion-dete-2025-de-la-smc-reservez-la-date\/'>R\u00e9union d'\u00e9t\u00e9 2025 de la SMC, 6-9 juin | R\u00e9servez la date!<\/a>      <\/div>\n    <\/div>\n    <div class='notes_toc_article'>\n      <div class='notes_toc_article_row'>\n        <div class='notes_toc_article_pdf'>\n        <\/div>\n        <a class='notes_toc_article_title_link' href='https:\/\/mathmatters.cms.math.ca\/fr\/article\/appel-aux-sessions-deducation\/'>R\u00e9union d'et\u00e9 2025 de la SMC | Appel aux sessions d'\u00e9ducation<\/a>      <\/div>\n    <\/div>\n    <div class='notes_toc_article'>\n      <div class='notes_toc_article_row'>\n        <div class='notes_toc_article_pdf'>\n        <\/div>\n        <a class='notes_toc_article_title_link' href='https:\/\/mathmatters.cms.math.ca\/fr\/article\/nouveaute-reunion-dete-2025-de-la-smc-appel-aux-sessions\/'>R\u00e9union d'et\u00e9 2025 de la SMC | Appel aux sessions scientifiques<\/a>      <\/div>\n    <\/div>\n    <div class='notes_toc_article'>\n      <div class='notes_toc_section_name'>Annonces<\/div>\n      <div class='notes_toc_article_row'>\n        <div class='notes_toc_article_pdf'>\n        <\/div>\n        <a class='notes_toc_article_title_link' href='https:\/\/mathmatters.cms.math.ca\/fr\/article\/nouveaute-awm-essay-contest-deadline-february-1-2025\/'>AWM Essay Contest | Deadline f\u00e9vrier 1, 2025<\/a> <span class='notes_toc_author_name'>&mdash;&nbsp;Johanna Franklin<\/span>      <\/div>\n    <\/div>\n    <div class='notes_toc_article'>\n      <div class='notes_toc_article_row'>\n        <div class='notes_toc_article_pdf'>\n        <\/div>\n        <a class='notes_toc_article_title_link' href='https:\/\/mathmatters.cms.math.ca\/fr\/article\/nouveaute-appel-a-communications\/'>Appel \u00e0 communications<\/a> <span class='notes_toc_author_name'>&mdash;&nbsp;Amy Ackerberg-Hastings<\/span>      <\/div>\n    <\/div>\n    <div class='notes_toc_article'>\n      <div class='notes_toc_article_row'>\n        <div class='notes_toc_article_pdf'>\n        <\/div>\n        <a class='notes_toc_article_title_link' href='https:\/\/mathmatters.cms.math.ca\/fr\/article\/nouveaute-smri-international-visitor-program-2025-round-1-applications-now-open-closing-on-tuesday-6-august-2024-2359pm-aedt\/'>SMRI International Visitor Program - 2025 Round 1 - Applications now open (closing on Tuesday 6 August 2024, 23:59pm AEDT)<\/a> <span class='notes_toc_author_name'>&mdash;&nbsp;Sydney Mathematical Research Institute<\/span>      <\/div>\n    <\/div>\n    <div class='notes_toc_article'>\n      <div class='notes_toc_section_name'>Appel de mises en candidature<\/div>\n      <div class='notes_toc_article_row'>\n        <div class='notes_toc_article_pdf'>\n        <\/div>\n        <a class='notes_toc_article_title_link' href='https:\/\/mathmatters.cms.math.ca\/fr\/article\/nouveaute-appel-aux-mises-en-nomination-prix-graham-wright-pour-service-meritoire-2025\/'>Appel aux mises en nomination : Prix Graham Wright pour service m\u00e9ritoire 2025 | date limite 31 mars<\/a>      <\/div>\n    <\/div>\n    <div class='notes_toc_article'>\n      <div class='notes_toc_article_row'>\n        <div class='notes_toc_article_pdf'>\n        <\/div>\n        <a class='notes_toc_article_title_link' href='https:\/\/mathmatters.cms.math.ca\/fr\/article\/nouveaute-appel-aux-mises-en-nomination-prix-adrien-pouliot-2025-date-limite-31-mars-2025\/'>Appel aux mises en nomination : Prix Adrien Pouliot 2025 | date limite 30 avril, 2025<\/a>      <\/div>\n    <\/div>\n    <div class='notes_toc_article'>\n      <div class='notes_toc_article_row'>\n        <div class='notes_toc_article_pdf'>\n        <\/div>\n        <a class='notes_toc_article_title_link' href='https:\/\/mathmatters.cms.math.ca\/fr\/article\/nouveaute-appel-aux-mises-en-nominations-fellows-de-la-smc-2025-date-limite-31-mars-2025\/'>Appel aux mises en nominations : Fellows de la SMC 2025 | date limite 31 mars, 2025<\/a>      <\/div>\n    <\/div>\n    <div class='notes_toc_article'>\n      <div class='notes_toc_article_row'>\n        <div class='notes_toc_article_pdf'>\n        <\/div>\n        <a class='notes_toc_article_title_link' href='https:\/\/mathmatters.cms.math.ca\/fr\/article\/nouveaute-appel-de-mises-en-candidature-prix-de-doctorat-blair-spearman-de-la-smc-2025-date-limite-31-janvier\/'>Appel aux mises en nominations : Prix de doctorat Blair-Spearman de la SMC 2025 | date limite 31 janvier<\/a>      <\/div>\n    <\/div>\n    <div class='notes_toc_article'>\n      <div class='notes_toc_section_name'>Annonces<\/div>\n      <div class='notes_toc_article_row'>\n        <div class='notes_toc_article_pdf'>\n        <\/div>\n        <a class='notes_toc_article_title_link' href='https:\/\/mathmatters.cms.math.ca\/fr\/article\/camp-de-maths-dete-du-smc-2025-les-inscriptions-sont-ouvertes\/'>Camp d'\u00e9t\u00e9 de math\u00e9matiques 2026 de la SMC | Les inscriptions sont ouvertes<\/a>      <\/div>\n    <\/div>\n    <div class='notes_toc_article'>\n      <div class='notes_toc_section_name'>Appel de mises en candidature<\/div>\n      <div class='notes_toc_article_row'>\n        <div class='notes_toc_article_pdf'>\n        <\/div>\n        <a class='notes_toc_article_title_link' href='https:\/\/mathmatters.cms.math.ca\/fr\/article\/nouveaute-appel-aux-candidatures-redacteur-en-chef-rec-crux-mathematicorum\/'>Appel aux mises en nomination : R\u00e9dacteur en chef (REC), Crux Mathematicorum | date limite 15 juillet<\/a>      <\/div>\n    <\/div>\n    <div class='notes_toc_article'>\n      <div class='notes_toc_section_name'>Comit\u00e9 \u00e9tudiant de la SMC<\/div>\n      <div class='notes_toc_article_row'>\n        <div class='notes_toc_article_pdf'>\n        <\/div>\n        <a class='notes_toc_article_title_link' href='https:\/\/mathmatters.cms.math.ca\/fr\/article\/nouveaute-hote-de-la-cumc-2025\/'>H\u00f4te de la CUMC 2025 !<\/a> <span class='notes_toc_author_name'>&mdash;&nbsp;Student Committee of the CMS<\/span>      <\/div>\n    <\/div>\n    <div class='notes_toc_article'>\n      <div class='notes_toc_section_name'>CMS Student Committee<\/div>\n      <div class='notes_toc_article_row'>\n        <div class='notes_toc_article_pdf'>\n        <\/div>\n        <a class='notes_toc_article_title_link' href='https:\/\/mathmatters.cms.math.ca\/fr\/article\/studc-connect-with-us-on-discord\/'>Connect with us on Discord!<\/a> <span class='notes_toc_author_name'>&mdash;&nbsp;Student Committee of the CMS<\/span>      <\/div>\n    <\/div>\n    <div class='notes_toc_article'>\n      <div class='notes_toc_section_name'>Comit\u00e9 \u00e9tudiant de la SMC<\/div>\n      <div class='notes_toc_article_row'>\n        <div class='notes_toc_article_pdf'>\n        <\/div>\n        <a class='notes_toc_article_title_link' href='https:\/\/mathmatters.cms.math.ca\/fr\/article\/nouveaute-conferences-etudiantes\/'>Conf\u00e9rences \u00e9tudiantes<\/a> <span class='notes_toc_author_name'>&mdash;&nbsp;Student Committee of the CMS<\/span>      <\/div>\n    <\/div>\n<\/div>\n<\/div>\n<\/div>\n    <\/div>\n  <\/div>\n<div class='notes_issues_volident' id='notes_issues_volident_1'><a href='javascript:void(0);' title=\"afficher\/masquer le contenu\" onclick='notes_issues_vol_vh(1)'><img src='\/wp-content\/uploads\/2020\/01\/folder-closed.png' alt='afficher' class='notes_issues_toggles' id='notes_issues_toggle_show_1' ><img src='\/wp-content\/uploads\/2020\/01\/folder-open.png' alt='masquer' class='notes_issues_toggles' id='notes_issues_toggle_hide_1' style='display:none;'>2024 - tome&nbsp;1   <\/a><\/div>\n  <div class='notes_issues_volcontents' id='notes_issues_volcontents_1' style='display:none;'>\n  <div class='notes_issues_issident' id='notes_issues_issident_1_39'><a href='javascript:void(0);' title=\"afficher\/masquer le contenu\" onclick='notes_issues_iss_vh(1, 39)'><img src='\/wp-content\/uploads\/2020\/01\/folder-closed.png' alt='afficher' class='notes_issues_toggles' id='notes_issues_toggle_show_1_39' ><img src='\/wp-content\/uploads\/2020\/01\/folder-open.png' alt='masquer' class='notes_issues_toggles' id='notes_issues_toggle_hide_1_39' style='display:none;'>[39] Num\u00e9ro du 20 d\u00e9cembre<\/a>\n<\/div>\n    <div class='notes_issues_isscontents' id='notes_issues_isscontents_1_39' style='display:none;'>\n<div class='notes_render_toc notes_noprint notes_toc_style_2' style='' id='notes_toc'>\n<div class='notes_toc_body'>\n  <div class='notes_toc_articles'>\n    <div class='notes_toc_article'>\n      <div class='notes_toc_section_name'>Communiqu\u00e9<\/div>\n      <div class='notes_toc_article_row'>\n        <div class='notes_toc_article_pdf'>\n        <\/div>\n        <a class='notes_toc_article_title_link' href='https:\/\/mathmatters.cms.math.ca\/fr\/article\/les-resultats-du-concours-mathematique-du-mesangeai-du-canada-2024-sont-disponibles\/'>Les r\u00e9sultats du concours math\u00e9matique du m\u00e9sangeai du Canada 2024 sont disponibles !<\/a>      <\/div>\n    <\/div>\n    <div class='notes_toc_article'>\n      <div class='notes_toc_section_name'>R\u00e9unions de la SMC<\/div>\n      <div class='notes_toc_article_row'>\n        <div class='notes_toc_article_pdf'>\n        <\/div>\n        <a class='notes_toc_article_title_link' href='https:\/\/mathmatters.cms.math.ca\/fr\/article\/nouveaute-reunion-dete-2025-de-la-smc-reservez-la-date\/'>R\u00e9union d'\u00e9t\u00e9 2025 de la SMC, 6-9 juin | R\u00e9servez la date!<\/a>      <\/div>\n    <\/div>\n    <div class='notes_toc_article'>\n      <div class='notes_toc_article_row'>\n        <div class='notes_toc_article_pdf'>\n        <\/div>\n        <a class='notes_toc_article_title_link' href='https:\/\/mathmatters.cms.math.ca\/fr\/article\/nouveaute-reunion-dete-2025-de-la-smc-appel-aux-sessions\/'>R\u00e9union d'et\u00e9 2025 de la SMC | Appel aux sessions scientifiques<\/a>      <\/div>\n    <\/div>\n    <div class='notes_toc_article'>\n      <div class='notes_toc_section_name'>Annonces<\/div>\n      <div class='notes_toc_article_row'>\n        <div class='notes_toc_article_pdf'>\n        <\/div>\n        <a class='notes_toc_article_title_link' href='https:\/\/mathmatters.cms.math.ca\/fr\/article\/nouveau-membres-de-la-communaute-mathematique-canadienne-reconnus-par-lordre-du-canada\/'>NOUVEAUT\u00c9: Membres de la communaut\u00e9 math\u00e9matique canadienne reconnus par l'Ordre du Canada<\/a>      <\/div>\n    <\/div>\n    <div class='notes_toc_article'>\n      <div class='notes_toc_article_row'>\n        <div class='notes_toc_article_pdf'>\n        <\/div>\n        <a class='notes_toc_article_title_link' href='https:\/\/mathmatters.cms.math.ca\/fr\/article\/nouveau-dr-javad-mashreghi-recoit-la-medaille-bela-szokefalvi-nagy\/'>NOUVEAUT\u00c9: Dr Javad Mashreghi re\u00e7oit la m\u00e9daille B\u00e9la Sz\u0151kefalvi-Nagy<\/a>      <\/div>\n    <\/div>\n    <div class='notes_toc_article'>\n      <div class='notes_toc_article_row'>\n        <div class='notes_toc_article_pdf'>\n        <\/div>\n        <a class='notes_toc_article_title_link' href='https:\/\/mathmatters.cms.math.ca\/fr\/article\/nouveaute-conference-geometry-at-large-an-icmat-imsa-collaboration-icmat-21-25-april-2025\/'>NOUVEAUT\u00c9\u00a0: Conference \"Geometry at Large\", an ICMAT-IMSA collaboration -- ICMAT, 21-25 April 2025<\/a> <span class='notes_toc_author_name'>&mdash;&nbsp;Javier Aramayona<\/span>      <\/div>\n    <\/div>\n    <div class='notes_toc_article'>\n      <div class='notes_toc_article_row'>\n        <div class='notes_toc_article_pdf'>\n        <\/div>\n        <a class='notes_toc_article_title_link' href='https:\/\/mathmatters.cms.math.ca\/fr\/article\/nouveaute-awm-essay-contest-deadline-february-1-2025\/'>AWM Essay Contest | Deadline f\u00e9vrier 1, 2025<\/a> <span class='notes_toc_author_name'>&mdash;&nbsp;Johanna Franklin<\/span>      <\/div>\n    <\/div>\n    <div class='notes_toc_article'>\n      <div class='notes_toc_article_row'>\n        <div class='notes_toc_article_pdf'>\n        <\/div>\n        <a class='notes_toc_article_title_link' href='https:\/\/mathmatters.cms.math.ca\/fr\/article\/nouveaute-renouvelez-votre-adhesion-a-la-smc-pour-2025\/'>Renouvelez votre adh\u00e9sion \u00e0 la SMC pour 2025 !<\/a>      <\/div>\n    <\/div>\n    <div class='notes_toc_article'>\n      <div class='notes_toc_section_name'>Appel de mises en candidature<\/div>\n      <div class='notes_toc_article_row'>\n        <div class='notes_toc_article_pdf'>\n        <\/div>\n        <a class='notes_toc_article_title_link' href='https:\/\/mathmatters.cms.math.ca\/fr\/article\/nouveaute-appel-de-mises-en-candidature-prix-de-doctorat-blair-spearman-de-la-smc-2025-date-limite-31-janvier\/'>Appel aux mises en nominations : Prix de doctorat Blair-Spearman de la SMC 2025 | date limite 31 janvier<\/a>      <\/div>\n    <\/div>\n    <div class='notes_toc_article'>\n      <div class='notes_toc_article_row'>\n        <div class='notes_toc_article_pdf'>\n        <\/div>\n        <a class='notes_toc_article_title_link' href='https:\/\/mathmatters.cms.math.ca\/fr\/article\/nouveaute-appel-aux-candidatures-redacteur-en-chef-rec-crux-mathematicorum\/'>Appel aux mises en nomination : R\u00e9dacteur en chef (REC), Crux Mathematicorum | date limite 15 juillet<\/a>      <\/div>\n    <\/div>\n    <div class='notes_toc_article'>\n      <div class='notes_toc_section_name'>Comit\u00e9 \u00e9tudiant de la SMC<\/div>\n      <div class='notes_toc_article_row'>\n        <div class='notes_toc_article_pdf'>\n        <\/div>\n        <a class='notes_toc_article_title_link' href='https:\/\/mathmatters.cms.math.ca\/fr\/article\/nouveaute-hote-de-la-cumc-2025\/'>H\u00f4te de la CUMC 2025 !<\/a> <span class='notes_toc_author_name'>&mdash;&nbsp;Student Committee of the CMS<\/span>      <\/div>\n    <\/div>\n    <div class='notes_toc_article'>\n      <div class='notes_toc_article_row'>\n        <div class='notes_toc_article_pdf'>\n        <\/div>\n        <a class='notes_toc_article_title_link' href='https:\/\/mathmatters.cms.math.ca\/fr\/article\/nouveaute-conferences-etudiantes\/'>Conf\u00e9rences \u00e9tudiantes<\/a> <span class='notes_toc_author_name'>&mdash;&nbsp;Student Committee of the CMS<\/span>      <\/div>\n    <\/div>\n    <div class='notes_toc_article'>\n      <div class='notes_toc_section_name'>CMS Student Committee<\/div>\n      <div class='notes_toc_article_row'>\n        <div class='notes_toc_article_pdf'>\n        <\/div>\n        <a class='notes_toc_article_title_link' href='https:\/\/mathmatters.cms.math.ca\/fr\/article\/studc-connect-with-us-on-discord\/'>Connect with us on Discord!<\/a> <span class='notes_toc_author_name'>&mdash;&nbsp;Student Committee of the CMS<\/span>      <\/div>\n    <\/div>\n<\/div>\n<\/div>\n<\/div>\n    <\/div>\n  <div class='notes_issues_issident' id='notes_issues_issident_1_38'><a href='javascript:void(0);' title=\"afficher\/masquer le contenu\" onclick='notes_issues_iss_vh(1, 38)'><img src='\/wp-content\/uploads\/2020\/01\/folder-closed.png' alt='afficher' class='notes_issues_toggles' id='notes_issues_toggle_show_1_38' ><img src='\/wp-content\/uploads\/2020\/01\/folder-open.png' alt='masquer' class='notes_issues_toggles' id='notes_issues_toggle_hide_1_38' style='display:none;'>[38] Num\u00e9ro du 13 d\u00e9cembre<\/a>\n<\/div>\n    <div class='notes_issues_isscontents' id='notes_issues_isscontents_1_38' style='display:none;'>\n<div class='notes_render_toc notes_noprint notes_toc_style_2' style='' id='notes_toc'>\n<div class='notes_toc_body'>\n  <div class='notes_toc_articles'>\n    <div class='notes_toc_article'>\n      <div class='notes_toc_section_name'>R\u00e9unions de la SMC<\/div>\n      <div class='notes_toc_article_row'>\n        <div class='notes_toc_article_pdf'>\n        <\/div>\n        <a class='notes_toc_article_title_link' href='https:\/\/mathmatters.cms.math.ca\/fr\/article\/nouveaute-reunion-dete-2025-de-la-smc-reservez-la-date\/'>R\u00e9union d'\u00e9t\u00e9 2025 de la SMC, 6-9 juin | R\u00e9servez la date!<\/a>      <\/div>\n    <\/div>\n    <div class='notes_toc_article'>\n      <div class='notes_toc_article_row'>\n        <div class='notes_toc_article_pdf'>\n        <\/div>\n        <a class='notes_toc_article_title_link' href='https:\/\/mathmatters.cms.math.ca\/fr\/article\/nouveaute-reunion-dete-2025-de-la-smc-appel-aux-sessions\/'>R\u00e9union d'et\u00e9 2025 de la SMC | Appel aux sessions scientifiques<\/a>      <\/div>\n    <\/div>\n    <div class='notes_toc_article'>\n      <div class='notes_toc_section_name'>Annonces<\/div>\n      <div class='notes_toc_article_row'>\n        <div class='notes_toc_article_pdf'>\n        <\/div>\n        <a class='notes_toc_article_title_link' href='https:\/\/mathmatters.cms.math.ca\/fr\/article\/nouveaute-conference-geometry-at-large-an-icmat-imsa-collaboration-icmat-21-25-april-2025\/'>NOUVEAUT\u00c9\u00a0: Conference \"Geometry at Large\", an ICMAT-IMSA collaboration -- ICMAT, 21-25 April 2025<\/a> <span class='notes_toc_author_name'>&mdash;&nbsp;Javier Aramayona<\/span>      <\/div>\n    <\/div>\n    <div class='notes_toc_article'>\n      <div class='notes_toc_article_row'>\n        <div class='notes_toc_article_pdf'>\n        <\/div>\n        <a class='notes_toc_article_title_link' href='https:\/\/mathmatters.cms.math.ca\/fr\/article\/nouveaute-awm-essay-contest-deadline-february-1-2025\/'>AWM Essay Contest | Deadline f\u00e9vrier 1, 2025<\/a> <span class='notes_toc_author_name'>&mdash;&nbsp;Johanna Franklin<\/span>      <\/div>\n    <\/div>\n    <div class='notes_toc_article'>\n      <div class='notes_toc_article_row'>\n        <div class='notes_toc_article_pdf'>\n        <\/div>\n        <a class='notes_toc_article_title_link' href='https:\/\/mathmatters.cms.math.ca\/fr\/article\/nouveaute-appel-de-financement-le-comite-pour-les-femmes-en-mathematiques\/'>Appel de financement - Le Comit\u00e9 pour les femmes en math\u00e9matiques<\/a> <span class='notes_toc_author_name'>&mdash;&nbsp;Matilde N. Lal\u00edn<\/span>      <\/div>\n    <\/div>\n    <div class='notes_toc_article'>\n      <div class='notes_toc_article_row'>\n        <div class='notes_toc_article_pdf'>\n        <\/div>\n        <a class='notes_toc_article_title_link' href='https:\/\/mathmatters.cms.math.ca\/fr\/article\/nouveaute-renouvelez-votre-adhesion-a-la-smc-pour-2025\/'>Renouvelez votre adh\u00e9sion \u00e0 la SMC pour 2025 !<\/a>      <\/div>\n    <\/div>\n    <div class='notes_toc_article'>\n      <div class='notes_toc_section_name'>Appel de mises en candidature<\/div>\n      <div class='notes_toc_article_row'>\n        <div class='notes_toc_article_pdf'>\n        <\/div>\n        <a class='notes_toc_article_title_link' href='https:\/\/mathmatters.cms.math.ca\/fr\/article\/nouveaute-appel-de-mises-en-candidature-prix-de-doctorat-blair-spearman-de-la-smc-2025-date-limite-31-janvier\/'>Appel aux mises en nominations : Prix de doctorat Blair-Spearman de la SMC 2025 | date limite 31 janvier<\/a>      <\/div>\n    <\/div>\n    <div class='notes_toc_article'>\n      <div class='notes_toc_article_row'>\n        <div class='notes_toc_article_pdf'>\n        <\/div>\n        <a class='notes_toc_article_title_link' href='https:\/\/mathmatters.cms.math.ca\/fr\/article\/nouveaute-appel-aux-candidatures-redacteur-en-chef-rec-crux-mathematicorum\/'>Appel aux mises en nomination : R\u00e9dacteur en chef (REC), Crux Mathematicorum | date limite 15 juillet<\/a>      <\/div>\n    <\/div>\n    <div class='notes_toc_article'>\n      <div class='notes_toc_section_name'>Comit\u00e9 \u00e9tudiant de la SMC<\/div>\n      <div class='notes_toc_article_row'>\n        <div class='notes_toc_article_pdf'>\n        <\/div>\n        <a class='notes_toc_article_title_link' href='https:\/\/mathmatters.cms.math.ca\/fr\/article\/nouveaute-hote-de-la-cumc-2025\/'>H\u00f4te de la CUMC 2025 !<\/a> <span class='notes_toc_author_name'>&mdash;&nbsp;Student Committee of the CMS<\/span>      <\/div>\n    <\/div>\n    <div class='notes_toc_article'>\n      <div class='notes_toc_article_row'>\n        <div class='notes_toc_article_pdf'>\n        <\/div>\n        <a class='notes_toc_article_title_link' href='https:\/\/mathmatters.cms.math.ca\/fr\/article\/nouveaute-conferences-etudiantes\/'>Conf\u00e9rences \u00e9tudiantes<\/a> <span class='notes_toc_author_name'>&mdash;&nbsp;Student Committee of the CMS<\/span>      <\/div>\n    <\/div>\n    <div class='notes_toc_article'>\n      <div class='notes_toc_section_name'>CMS Student Committee<\/div>\n      <div class='notes_toc_article_row'>\n        <div class='notes_toc_article_pdf'>\n        <\/div>\n        <a class='notes_toc_article_title_link' href='https:\/\/mathmatters.cms.math.ca\/fr\/article\/studc-connect-with-us-on-discord\/'>Connect with us on Discord!<\/a> <span class='notes_toc_author_name'>&mdash;&nbsp;Student Committee of the CMS<\/span>      <\/div>\n    <\/div>\n<\/div>\n<\/div>\n<\/div>\n    <\/div>\n  <div class='notes_issues_issident' id='notes_issues_issident_1_37'><a href='javascript:void(0);' title=\"afficher\/masquer le contenu\" onclick='notes_issues_iss_vh(1, 37)'><img src='\/wp-content\/uploads\/2020\/01\/folder-closed.png' alt='afficher' class='notes_issues_toggles' id='notes_issues_toggle_show_1_37' ><img src='\/wp-content\/uploads\/2020\/01\/folder-open.png' alt='masquer' class='notes_issues_toggles' id='notes_issues_toggle_hide_1_37' style='display:none;'>[37] Num\u00e9ro du 6 d\u00e9cembre<\/a>\n<\/div>\n    <div class='notes_issues_isscontents' id='notes_issues_isscontents_1_37' style='display:none;'>\n<div class='notes_render_toc notes_noprint notes_toc_style_2' style='' id='notes_toc'>\n<div class='notes_toc_body'>\n  <div class='notes_toc_articles'>\n    <div class='notes_toc_article'>\n      <div class='notes_toc_section_name'>R\u00e9unions de la SMC<\/div>\n      <div class='notes_toc_article_row'>\n        <div class='notes_toc_article_pdf'>\n        <\/div>\n        <a class='notes_toc_article_title_link' href='https:\/\/mathmatters.cms.math.ca\/fr\/article\/nouveaute-reunion-dete-2025-de-la-smc-reservez-la-date\/'>R\u00e9union d'\u00e9t\u00e9 2025 de la SMC, 6-9 juin | R\u00e9servez la date!<\/a>      <\/div>\n    <\/div>\n    <div class='notes_toc_article'>\n      <div class='notes_toc_section_name'>Annonces<\/div>\n      <div class='notes_toc_article_row'>\n        <div class='notes_toc_article_pdf'>\n        <\/div>\n        <a class='notes_toc_article_title_link' href='https:\/\/mathmatters.cms.math.ca\/fr\/article\/nouveaute-awm-essay-contest-deadline-february-1-2025\/'>AWM Essay Contest | Deadline f\u00e9vrier 1, 2025<\/a> <span class='notes_toc_author_name'>&mdash;&nbsp;Johanna Franklin<\/span>      <\/div>\n    <\/div>\n    <div class='notes_toc_article'>\n      <div class='notes_toc_article_row'>\n        <div class='notes_toc_article_pdf'>\n        <\/div>\n        <a class='notes_toc_article_title_link' href='https:\/\/mathmatters.cms.math.ca\/fr\/article\/nouveaute-appel-de-financement-le-comite-pour-les-femmes-en-mathematiques\/'>Appel de financement - Le Comit\u00e9 pour les femmes en math\u00e9matiques<\/a> <span class='notes_toc_author_name'>&mdash;&nbsp;Matilde N. Lal\u00edn<\/span>      <\/div>\n    <\/div>\n    <div class='notes_toc_article'>\n      <div class='notes_toc_article_row'>\n        <div class='notes_toc_article_pdf'>\n        <\/div>\n        <a class='notes_toc_article_title_link' href='https:\/\/mathmatters.cms.math.ca\/fr\/article\/nouveaute-renouvelez-votre-adhesion-a-la-smc-pour-2025\/'>Renouvelez votre adh\u00e9sion \u00e0 la SMC pour 2025 !<\/a>      <\/div>\n    <\/div>\n    <div class='notes_toc_article'>\n      <div class='notes_toc_section_name'>Appel de mises en candidature<\/div>\n      <div class='notes_toc_article_row'>\n        <div class='notes_toc_article_pdf'>\n        <\/div>\n        <a class='notes_toc_article_title_link' href='https:\/\/mathmatters.cms.math.ca\/fr\/article\/nouveaute-appel-de-mises-en-candidature-prix-de-doctorat-blair-spearman-de-la-smc-2025-date-limite-31-janvier\/'>Appel aux mises en nominations : Prix de doctorat Blair-Spearman de la SMC 2025 | date limite 31 janvier<\/a>      <\/div>\n    <\/div>\n    <div class='notes_toc_article'>\n      <div class='notes_toc_section_name'>CMS Student Committee<\/div>\n      <div class='notes_toc_article_row'>\n        <div class='notes_toc_article_pdf'>\n        <\/div>\n        <a class='notes_toc_article_title_link' href='https:\/\/mathmatters.cms.math.ca\/fr\/article\/studc-connect-with-us-on-discord\/'>Connect with us on Discord!<\/a> <span class='notes_toc_author_name'>&mdash;&nbsp;Student Committee of the CMS<\/span>      <\/div>\n    <\/div>\n<\/div>\n<\/div>\n<\/div>\n    <\/div>\n  <div class='notes_issues_issident' id='notes_issues_issident_1_36'><a href='javascript:void(0);' title=\"afficher\/masquer le contenu\" onclick='notes_issues_iss_vh(1, 36)'><img src='\/wp-content\/uploads\/2020\/01\/folder-closed.png' alt='afficher' class='notes_issues_toggles' id='notes_issues_toggle_show_1_36' ><img src='\/wp-content\/uploads\/2020\/01\/folder-open.png' alt='masquer' class='notes_issues_toggles' id='notes_issues_toggle_hide_1_36' style='display:none;'>[36] Num\u00e9ro du 29 novembre<\/a>\n<\/div>\n    <div class='notes_issues_isscontents' id='notes_issues_isscontents_1_36' style='display:none;'>\n<div class='notes_render_toc notes_noprint notes_toc_style_2' style='' id='notes_toc'>\n<div class='notes_toc_body'>\n  <div class='notes_toc_articles'>\n    <div class='notes_toc_article'>\n      <div class='notes_toc_section_name'>Communiqu\u00e9<\/div>\n      <div class='notes_toc_article_row'>\n        <div class='notes_toc_article_pdf'>\n        <\/div>\n        <a class='notes_toc_article_title_link' href='https:\/\/mathmatters.cms.math.ca\/fr\/article\/nouveaute-en-cours-reunion-dhiver-2024-de-la-smc\/'>NOUVEAUT\u00c9\u00a0: EN COURS! R\u00e9union d'hiver 2024 de la SMC<\/a>      <\/div>\n    <\/div>\n    <div class='notes_toc_article'>\n      <div class='notes_toc_section_name'>R\u00e9unions de la SMC<\/div>\n      <div class='notes_toc_article_row'>\n        <div class='notes_toc_article_pdf'>\n        <\/div>\n        <a class='notes_toc_article_title_link' href='https:\/\/mathmatters.cms.math.ca\/fr\/article\/2024-cms-winter-meeting-reservez-la-date\/'>R\u00e9union d'hiver 2024 de la SMC 29 novembre - 2 d\u00e9cembre, R\u00e9gion de Vancouver | R\u00e9servez la date<\/a>      <\/div>\n    <\/div>\n    <div class='notes_toc_article'>\n      <div class='notes_toc_article_row'>\n        <div class='notes_toc_article_pdf'>\n        <\/div>\n        <a class='notes_toc_article_title_link' href='https:\/\/mathmatters.cms.math.ca\/fr\/article\/nouveaute-reunion-dhiver-2024-de-la-smc-mini-cours\/'>R\u00e9union d'hiver 2024 de la SMC | Mini cours, 18 novembre<\/a>      <\/div>\n    <\/div>\n    <div class='notes_toc_article'>\n      <div class='notes_toc_article_row'>\n        <div class='notes_toc_article_pdf'>\n        <\/div>\n        <a class='notes_toc_article_title_link' href='https:\/\/mathmatters.cms.math.ca\/fr\/article\/nouveaute-service-de-garde-denfants-maintenant-disponible-pour-la-reunion-dhiver-2024-de-la-smc\/'>Service de garde d'enfants maintenant disponible pour la r\u00e9union d'hiver 2024 de la SMC, 30 novembre - 2 d\u00e9cembre<\/a>      <\/div>\n    <\/div>\n    <div class='notes_toc_article'>\n      <div class='notes_toc_article_row'>\n        <div class='notes_toc_article_pdf'>\n        <\/div>\n        <a class='notes_toc_article_title_link' href='https:\/\/mathmatters.cms.math.ca\/fr\/article\/nouveaute-reunion-dete-2025-de-la-smc-reservez-la-date\/'>R\u00e9union d'\u00e9t\u00e9 2025 de la SMC, 6-9 juin | R\u00e9servez la date!<\/a>      <\/div>\n    <\/div>\n    <div class='notes_toc_article'>\n      <div class='notes_toc_section_name'>Annonces<\/div>\n      <div class='notes_toc_article_row'>\n        <div class='notes_toc_article_pdf'>\n        <\/div>\n        <a class='notes_toc_article_title_link' href='https:\/\/mathmatters.cms.math.ca\/fr\/article\/nouveaute-awm-essay-contest-deadline-february-1-2025\/'>AWM Essay Contest | Deadline f\u00e9vrier 1, 2025<\/a> <span class='notes_toc_author_name'>&mdash;&nbsp;Johanna Franklin<\/span>      <\/div>\n    <\/div>\n    <div class='notes_toc_article'>\n      <div class='notes_toc_article_row'>\n        <div class='notes_toc_article_pdf'>\n        <\/div>\n        <a class='notes_toc_article_title_link' href='https:\/\/mathmatters.cms.math.ca\/fr\/article\/nouveaute-appel-de-financement-le-comite-pour-les-femmes-en-mathematiques\/'>Appel de financement - Le Comit\u00e9 pour les femmes en math\u00e9matiques<\/a> <span class='notes_toc_author_name'>&mdash;&nbsp;Matilde N. Lal\u00edn<\/span>      <\/div>\n    <\/div>\n    <div class='notes_toc_article'>\n      <div class='notes_toc_article_row'>\n        <div class='notes_toc_article_pdf'>\n        <\/div>\n        <a class='notes_toc_article_title_link' href='https:\/\/mathmatters.cms.math.ca\/fr\/article\/nouveaute-renouvelez-votre-adhesion-a-la-smc-pour-2025\/'>Renouvelez votre adh\u00e9sion \u00e0 la SMC pour 2025 !<\/a>      <\/div>\n    <\/div>\n    <div class='notes_toc_article'>\n      <div class='notes_toc_section_name'>CMS Student Committee<\/div>\n      <div class='notes_toc_article_row'>\n        <div class='notes_toc_article_pdf'>\n        <\/div>\n        <a class='notes_toc_article_title_link' href='https:\/\/mathmatters.cms.math.ca\/fr\/article\/studc-connect-with-us-on-discord\/'>Connect with us on Discord!<\/a> <span class='notes_toc_author_name'>&mdash;&nbsp;Student Committee of the CMS<\/span>      <\/div>\n    <\/div>\n<\/div>\n<\/div>\n<\/div>\n    <\/div>\n  <div class='notes_issues_issident' id='notes_issues_issident_1_35'><a href='javascript:void(0);' title=\"afficher\/masquer le contenu\" onclick='notes_issues_iss_vh(1, 35)'><img src='\/wp-content\/uploads\/2020\/01\/folder-closed.png' alt='afficher' class='notes_issues_toggles' id='notes_issues_toggle_show_1_35' ><img src='\/wp-content\/uploads\/2020\/01\/folder-open.png' alt='masquer' class='notes_issues_toggles' id='notes_issues_toggle_hide_1_35' style='display:none;'>[35] Num\u00e9ro du 22 novembre<\/a>\n<\/div>\n    <div class='notes_issues_isscontents' id='notes_issues_isscontents_1_35' style='display:none;'>\n<div class='notes_render_toc notes_noprint notes_toc_style_2' style='' id='notes_toc'>\n<div class='notes_toc_body'>\n  <div class='notes_toc_articles'>\n    <div class='notes_toc_article'>\n      <div class='notes_toc_section_name'>Communiqu\u00e9<\/div>\n      <div class='notes_toc_article_row'>\n        <div class='notes_toc_article_pdf'>\n        <\/div>\n        <a class='notes_toc_article_title_link' href='https:\/\/mathmatters.cms.math.ca\/fr\/article\/nouveaute-des-mathematiciens-canadiens-recompenses-par-des-distinctions-de-lams\/'>NOUVEAUT\u00c9\u00a0: Des math\u00e9maticiens canadiens r\u00e9compens\u00e9s par des distinctions de l'AMS<\/a>      <\/div>\n    <\/div>\n    <div class='notes_toc_article'>\n      <div class='notes_toc_section_name'>R\u00e9unions de la SMC<\/div>\n      <div class='notes_toc_article_row'>\n        <div class='notes_toc_article_pdf'>\n        <\/div>\n        <a class='notes_toc_article_title_link' href='https:\/\/mathmatters.cms.math.ca\/fr\/article\/2024-cms-winter-meeting-reservez-la-date\/'>R\u00e9union d'hiver 2024 de la SMC 29 novembre - 2 d\u00e9cembre, R\u00e9gion de Vancouver | R\u00e9servez la date<\/a>      <\/div>\n    <\/div>\n    <div class='notes_toc_article'>\n      <div class='notes_toc_article_row'>\n        <div class='notes_toc_article_pdf'>\n        <\/div>\n        <a class='notes_toc_article_title_link' href='https:\/\/mathmatters.cms.math.ca\/fr\/article\/nouveaute-reunion-dhiver-2024-de-la-smc-mini-cours\/'>R\u00e9union d'hiver 2024 de la SMC | Mini cours, 18 novembre<\/a>      <\/div>\n    <\/div>\n    <div class='notes_toc_article'>\n      <div class='notes_toc_article_row'>\n        <div class='notes_toc_article_pdf'>\n        <\/div>\n        <a class='notes_toc_article_title_link' href='https:\/\/mathmatters.cms.math.ca\/fr\/article\/nouveaute-reunion-en-ligne-deducation-de-la-smc-2024\/'>R\u00e9union (en ligne) d'\u00e9ducation de la SMC 2024, 22-23 novembre<\/a>      <\/div>\n    <\/div>\n    <div class='notes_toc_article'>\n      <div class='notes_toc_article_row'>\n        <div class='notes_toc_article_pdf'>\n        <\/div>\n        <a class='notes_toc_article_title_link' href='https:\/\/mathmatters.cms.math.ca\/fr\/article\/nouveaute-reunion-dete-2025-de-la-smc-reservez-la-date\/'>R\u00e9union d'\u00e9t\u00e9 2025 de la SMC, 6-9 juin | R\u00e9servez la date!<\/a>      <\/div>\n    <\/div>\n    <div class='notes_toc_article'>\n      <div class='notes_toc_article_row'>\n        <div class='notes_toc_article_pdf'>\n        <\/div>\n        <a class='notes_toc_article_title_link' href='https:\/\/mathmatters.cms.math.ca\/fr\/article\/nouveaute-service-de-garde-denfants-maintenant-disponible-pour-la-reunion-dhiver-2024-de-la-smc\/'>Service de garde d'enfants maintenant disponible pour la r\u00e9union d'hiver 2024 de la SMC, 30 novembre - 2 d\u00e9cembre<\/a>      <\/div>\n    <\/div>\n    <div class='notes_toc_article'>\n      <div class='notes_toc_section_name'>Annonces<\/div>\n      <div class='notes_toc_article_row'>\n        <div class='notes_toc_article_pdf'>\n        <\/div>\n        <a class='notes_toc_article_title_link' href='https:\/\/mathmatters.cms.math.ca\/fr\/article\/nouveaute-awm-essay-contest-deadline-february-1-2025\/'>AWM Essay Contest | Deadline f\u00e9vrier 1, 2025<\/a> <span class='notes_toc_author_name'>&mdash;&nbsp;Johanna Franklin<\/span>      <\/div>\n    <\/div>\n    <div class='notes_toc_article'>\n      <div class='notes_toc_article_row'>\n        <div class='notes_toc_article_pdf'>\n        <\/div>\n        <a class='notes_toc_article_title_link' href='https:\/\/mathmatters.cms.math.ca\/fr\/article\/nouveaute-appel-de-financement-le-comite-pour-les-femmes-en-mathematiques\/'>Appel de financement - Le Comit\u00e9 pour les femmes en math\u00e9matiques<\/a> <span class='notes_toc_author_name'>&mdash;&nbsp;Matilde N. Lal\u00edn<\/span>      <\/div>\n    <\/div>\n    <div class='notes_toc_article'>\n      <div class='notes_toc_article_row'>\n        <div class='notes_toc_article_pdf'>\n        <\/div>\n        <a class='notes_toc_article_title_link' href='https:\/\/mathmatters.cms.math.ca\/fr\/article\/nouveaute-renouvelez-votre-adhesion-a-la-smc-pour-2025\/'>Renouvelez votre adh\u00e9sion \u00e0 la SMC pour 2025 !<\/a>      <\/div>\n    <\/div>\n    <div class='notes_toc_article'>\n      <div class='notes_toc_section_name'>Comit\u00e9 \u00e9tudiant de la SMC<\/div>\n      <div class='notes_toc_article_row'>\n        <div class='notes_toc_article_pdf'>\n        <\/div>\n        <a class='notes_toc_article_title_link' href='https:\/\/mathmatters.cms.math.ca\/fr\/article\/nouveaute-session-daffiches\/'>Session d'affiches<\/a> <span class='notes_toc_author_name'>&mdash;&nbsp;The CMS student committee<\/span>      <\/div>\n    <\/div>\n    <div class='notes_toc_article'>\n      <div class='notes_toc_section_name'>CMS Student Committee<\/div>\n      <div class='notes_toc_article_row'>\n        <div class='notes_toc_article_pdf'>\n        <\/div>\n        <a class='notes_toc_article_title_link' href='https:\/\/mathmatters.cms.math.ca\/fr\/article\/studc-connect-with-us-on-discord\/'>Connect with us on Discord!<\/a> <span class='notes_toc_author_name'>&mdash;&nbsp;Student Committee of the CMS<\/span>      <\/div>\n    <\/div>\n<\/div>\n<\/div>\n<\/div>\n    <\/div>\n  <div class='notes_issues_issident' id='notes_issues_issident_1_34'><a href='javascript:void(0);' title=\"afficher\/masquer le contenu\" onclick='notes_issues_iss_vh(1, 34)'><img src='\/wp-content\/uploads\/2020\/01\/folder-closed.png' alt='afficher' class='notes_issues_toggles' id='notes_issues_toggle_show_1_34' ><img src='\/wp-content\/uploads\/2020\/01\/folder-open.png' alt='masquer' class='notes_issues_toggles' id='notes_issues_toggle_hide_1_34' style='display:none;'>[34] Num\u00e9ro du 15 novembre 2024<\/a>\n<\/div>\n    <div class='notes_issues_isscontents' id='notes_issues_isscontents_1_34' style='display:none;'>\n<div class='notes_render_toc notes_noprint notes_toc_style_2' style='' id='notes_toc'>\n<div class='notes_toc_body'>\n  <div class='notes_toc_articles'>\n    <div class='notes_toc_article'>\n      <div class='notes_toc_section_name'>R\u00e9unions de la SMC<\/div>\n      <div class='notes_toc_article_row'>\n        <div class='notes_toc_article_pdf'>\n        <\/div>\n        <a class='notes_toc_article_title_link' href='https:\/\/mathmatters.cms.math.ca\/fr\/article\/2024-cms-winter-meeting-reservez-la-date\/'>R\u00e9union d'hiver 2024 de la SMC 29 novembre - 2 d\u00e9cembre, R\u00e9gion de Vancouver | R\u00e9servez la date<\/a>      <\/div>\n    <\/div>\n    <div class='notes_toc_article'>\n      <div class='notes_toc_article_row'>\n        <div class='notes_toc_article_pdf'>\n        <\/div>\n        <a class='notes_toc_article_title_link' href='https:\/\/mathmatters.cms.math.ca\/fr\/article\/nouveaute-reunion-dhiver-2024-de-la-smc-mini-cours\/'>R\u00e9union d'hiver 2024 de la SMC | Mini cours, 18 novembre<\/a>      <\/div>\n    <\/div>\n    <div class='notes_toc_article'>\n      <div class='notes_toc_article_row'>\n        <div class='notes_toc_article_pdf'>\n        <\/div>\n        <a class='notes_toc_article_title_link' href='https:\/\/mathmatters.cms.math.ca\/fr\/article\/nouveaute-reunion-en-ligne-deducation-de-la-smc-2024\/'>R\u00e9union (en ligne) d'\u00e9ducation de la SMC 2024, 22-23 novembre<\/a>      <\/div>\n    <\/div>\n    <div class='notes_toc_article'>\n      <div class='notes_toc_article_row'>\n        <div class='notes_toc_article_pdf'>\n        <\/div>\n        <a class='notes_toc_article_title_link' href='https:\/\/mathmatters.cms.math.ca\/fr\/article\/nouveaute-reunion-dete-2025-de-la-smc-reservez-la-date\/'>R\u00e9union d'\u00e9t\u00e9 2025 de la SMC, 6-9 juin | R\u00e9servez la date!<\/a>      <\/div>\n    <\/div>\n    <div class='notes_toc_article'>\n      <div class='notes_toc_article_row'>\n        <div class='notes_toc_article_pdf'>\n        <\/div>\n        <a class='notes_toc_article_title_link' href='https:\/\/mathmatters.cms.math.ca\/fr\/article\/nouveaute-service-de-garde-denfants-maintenant-disponible-pour-la-reunion-dhiver-2024-de-la-smc\/'>Service de garde d'enfants maintenant disponible pour la r\u00e9union d'hiver 2024 de la SMC, 30 novembre - 2 d\u00e9cembre<\/a>      <\/div>\n    <\/div>\n    <div class='notes_toc_article'>\n      <div class='notes_toc_section_name'>Annonces<\/div>\n      <div class='notes_toc_article_row'>\n        <div class='notes_toc_article_pdf'>\n        <\/div>\n        <a class='notes_toc_article_title_link' href='https:\/\/mathmatters.cms.math.ca\/fr\/article\/nouveaute-discover-the-society-of-actuaries-programs\/'>NOUVEAUT\u00c9\u00a0: Discover the Society of Actuaries Programs<\/a> <span class='notes_toc_author_name'>&mdash;&nbsp;Society of Actuaries<\/span>      <\/div>\n    <\/div>\n    <div class='notes_toc_article'>\n      <div class='notes_toc_article_row'>\n        <div class='notes_toc_article_pdf'>\n        <\/div>\n        <a class='notes_toc_article_title_link' href='https:\/\/mathmatters.cms.math.ca\/fr\/article\/nouveaute-appel-de-financement-le-comite-pour-les-femmes-en-mathematiques\/'>Appel de financement - Le Comit\u00e9 pour les femmes en math\u00e9matiques<\/a> <span class='notes_toc_author_name'>&mdash;&nbsp;Matilde N. Lal\u00edn<\/span>      <\/div>\n    <\/div>\n    <div class='notes_toc_article'>\n      <div class='notes_toc_article_row'>\n        <div class='notes_toc_article_pdf'>\n        <\/div>\n        <a class='notes_toc_article_title_link' href='https:\/\/mathmatters.cms.math.ca\/fr\/article\/nouveaute-aarms-postdoctoral-fellowships-call-for-applications\/'>AARMS Postdoctoral Fellowships: Call for Applications<\/a> <span class='notes_toc_author_name'>&mdash;&nbsp;Atlantic Association for Research in the Mathematical Sciences<\/span>      <\/div>\n    <\/div>\n    <div class='notes_toc_article'>\n      <div class='notes_toc_article_row'>\n        <div class='notes_toc_article_pdf'>\n        <\/div>\n        <a class='notes_toc_article_title_link' href='https:\/\/mathmatters.cms.math.ca\/fr\/article\/nouveaute-awm-essay-contest-deadline-february-1-2025\/'>AWM Essay Contest | Deadline f\u00e9vrier 1, 2025<\/a> <span class='notes_toc_author_name'>&mdash;&nbsp;Johanna Franklin<\/span>      <\/div>\n    <\/div>\n    <div class='notes_toc_article'>\n      <div class='notes_toc_article_row'>\n        <div class='notes_toc_article_pdf'>\n        <\/div>\n        <a class='notes_toc_article_title_link' href='https:\/\/mathmatters.cms.math.ca\/fr\/article\/nouveaute-renouvelez-votre-adhesion-a-la-smc-pour-2025\/'>Renouvelez votre adh\u00e9sion \u00e0 la SMC pour 2025 !<\/a>      <\/div>\n    <\/div>\n    <div class='notes_toc_article'>\n      <div class='notes_toc_article_row'>\n        <div class='notes_toc_article_pdf'>\n        <\/div>\n        <a class='notes_toc_article_title_link' href='https:\/\/mathmatters.cms.math.ca\/fr\/article\/nouveaute-inscrivez-vous-aux-concours-de-la-smc\/'>Inscrivez-vous au Concours math\u00e9matique du m\u00e9sangeai du Canada ! | Date limite : 15 novembre<\/a>      <\/div>\n    <\/div>\n    <div class='notes_toc_article'>\n      <div class='notes_toc_section_name'>Appel de mises en candidature<\/div>\n      <div class='notes_toc_article_row'>\n        <div class='notes_toc_article_pdf'>\n        <\/div>\n        <a class='notes_toc_article_title_link' href='https:\/\/mathmatters.cms.math.ca\/fr\/article\/nouveaute-appel-de-mises-en-candidature-prix-dexcellence-en-enseignement-2025\/'>Appel de mises en candidature Prix d'excellence en enseignement 2025 - date limite 15 novembre<\/a>      <\/div>\n    <\/div>\n    <div class='notes_toc_article'>\n      <div class='notes_toc_article_row'>\n        <div class='notes_toc_article_pdf'>\n        <\/div>\n        <a class='notes_toc_article_title_link' href='https:\/\/mathmatters.cms.math.ca\/fr\/article\/nouveaute-subventions-pour-les-concours-de-mathematiques-faites-votre-demande-maintenant\/'>Subventions pour les concours de math\u00e9matiques : Faites votre demande maintenant - date limite 15 novembre<\/a>      <\/div>\n    <\/div>\n    <div class='notes_toc_article'>\n      <div class='notes_toc_section_name'>Comit\u00e9 \u00e9tudiant de la SMC<\/div>\n      <div class='notes_toc_article_row'>\n        <div class='notes_toc_article_pdf'>\n        <\/div>\n        <a class='notes_toc_article_title_link' href='https:\/\/mathmatters.cms.math.ca\/fr\/article\/nouveaute-session-daffiches\/'>Session d'affiches<\/a> <span class='notes_toc_author_name'>&mdash;&nbsp;The CMS student committee<\/span>      <\/div>\n    <\/div>\n    <div class='notes_toc_article'>\n      <div class='notes_toc_section_name'>CMS Student Committee<\/div>\n      <div class='notes_toc_article_row'>\n        <div class='notes_toc_article_pdf'>\n        <\/div>\n        <a class='notes_toc_article_title_link' href='https:\/\/mathmatters.cms.math.ca\/fr\/article\/studc-connect-with-us-on-discord\/'>Connect with us on Discord!<\/a> <span class='notes_toc_author_name'>&mdash;&nbsp;Student Committee of the CMS<\/span>      <\/div>\n    <\/div>\n<\/div>\n<\/div>\n<\/div>\n    <\/div>\n  <div class='notes_issues_issident' id='notes_issues_issident_1_33'><a href='javascript:void(0);' title=\"afficher\/masquer le contenu\" onclick='notes_issues_iss_vh(1, 33)'><img src='\/wp-content\/uploads\/2020\/01\/folder-closed.png' alt='afficher' class='notes_issues_toggles' id='notes_issues_toggle_show_1_33' ><img src='\/wp-content\/uploads\/2020\/01\/folder-open.png' alt='masquer' class='notes_issues_toggles' id='notes_issues_toggle_hide_1_33' style='display:none;'>[33] Num\u00e9ro du 8 novembre 2024<\/a>\n<\/div>\n    <div class='notes_issues_isscontents' id='notes_issues_isscontents_1_33' style='display:none;'>\n<div class='notes_render_toc notes_noprint notes_toc_style_2' style='' id='notes_toc'>\n<div class='notes_toc_body'>\n  <div class='notes_toc_articles'>\n    <div class='notes_toc_article'>\n      <div class='notes_toc_section_name'>R\u00e9unions de la SMC<\/div>\n      <div class='notes_toc_article_row'>\n        <div class='notes_toc_article_pdf'>\n        <\/div>\n        <a class='notes_toc_article_title_link' href='https:\/\/mathmatters.cms.math.ca\/fr\/article\/2024-cms-winter-meeting-reservez-la-date\/'>R\u00e9union d'hiver 2024 de la SMC 29 novembre - 2 d\u00e9cembre, R\u00e9gion de Vancouver | R\u00e9servez la date<\/a>      <\/div>\n    <\/div>\n    <div class='notes_toc_article'>\n      <div class='notes_toc_article_row'>\n        <div class='notes_toc_article_pdf'>\n        <\/div>\n        <a class='notes_toc_article_title_link' href='https:\/\/mathmatters.cms.math.ca\/fr\/article\/nouveaute-reunion-en-ligne-deducation-de-la-smc-2024\/'>R\u00e9union (en ligne) d'\u00e9ducation de la SMC 2024, 22-23 novembre<\/a>      <\/div>\n    <\/div>\n    <div class='notes_toc_article'>\n      <div class='notes_toc_article_row'>\n        <div class='notes_toc_article_pdf'>\n        <\/div>\n        <a class='notes_toc_article_title_link' href='https:\/\/mathmatters.cms.math.ca\/fr\/article\/nouveaute-reunion-dhiver-2024-de-la-smc-mini-cours\/'>R\u00e9union d'hiver 2024 de la SMC | Mini cours, 18 novembre<\/a>      <\/div>\n    <\/div>\n    <div class='notes_toc_article'>\n      <div class='notes_toc_article_row'>\n        <div class='notes_toc_article_pdf'>\n        <\/div>\n        <a class='notes_toc_article_title_link' href='https:\/\/mathmatters.cms.math.ca\/fr\/article\/nouveaute-reunion-dete-2025-de-la-smc-reservez-la-date\/'>R\u00e9union d'\u00e9t\u00e9 2025 de la SMC, 6-9 juin | R\u00e9servez la date!<\/a>      <\/div>\n    <\/div>\n    <div class='notes_toc_article'>\n      <div class='notes_toc_article_row'>\n        <div class='notes_toc_article_pdf'>\n        <\/div>\n        <a class='notes_toc_article_title_link' href='https:\/\/mathmatters.cms.math.ca\/fr\/article\/nouveaute-service-de-garde-denfants-maintenant-disponible-pour-la-reunion-dhiver-2024-de-la-smc\/'>Service de garde d'enfants maintenant disponible pour la r\u00e9union d'hiver 2024 de la SMC, 30 novembre - 2 d\u00e9cembre<\/a>      <\/div>\n    <\/div>\n    <div class='notes_toc_article'>\n      <div class='notes_toc_section_name'>Annonces<\/div>\n      <div class='notes_toc_article_row'>\n        <div class='notes_toc_article_pdf'>\n        <\/div>\n        <a class='notes_toc_article_title_link' href='https:\/\/mathmatters.cms.math.ca\/fr\/article\/nouveaute-aarms-postdoctoral-fellowships-call-for-applications\/'>AARMS Postdoctoral Fellowships: Call for Applications<\/a> <span class='notes_toc_author_name'>&mdash;&nbsp;Atlantic Association for Research in the Mathematical Sciences<\/span>      <\/div>\n    <\/div>\n    <div class='notes_toc_article'>\n      <div class='notes_toc_article_row'>\n        <div class='notes_toc_article_pdf'>\n        <\/div>\n        <a class='notes_toc_article_title_link' href='https:\/\/mathmatters.cms.math.ca\/fr\/article\/nouveaute-awm-essay-contest-deadline-february-1-2025\/'>AWM Essay Contest | Deadline f\u00e9vrier 1, 2025<\/a> <span class='notes_toc_author_name'>&mdash;&nbsp;Johanna Franklin<\/span>      <\/div>\n    <\/div>\n    <div class='notes_toc_article'>\n      <div class='notes_toc_article_row'>\n        <div class='notes_toc_article_pdf'>\n        <\/div>\n        <a class='notes_toc_article_title_link' href='https:\/\/mathmatters.cms.math.ca\/fr\/article\/nouveaute-appel-de-financement-le-comite-pour-les-femmes-en-mathematiques\/'>Appel de financement - Le Comit\u00e9 pour les femmes en math\u00e9matiques<\/a> <span class='notes_toc_author_name'>&mdash;&nbsp;Matilde N. Lal\u00edn<\/span>      <\/div>\n    <\/div>\n    <div class='notes_toc_article'>\n      <div class='notes_toc_article_row'>\n        <div class='notes_toc_article_pdf'>\n        <\/div>\n        <a class='notes_toc_article_title_link' href='https:\/\/mathmatters.cms.math.ca\/fr\/article\/nouveaute-inscrivez-vous-aux-concours-de-la-smc\/'>Inscrivez-vous au Concours math\u00e9matique du m\u00e9sangeai du Canada ! | Date limite : 15 novembre<\/a>      <\/div>\n    <\/div>\n    <div class='notes_toc_article'>\n      <div class='notes_toc_article_row'>\n        <div class='notes_toc_article_pdf'>\n        <\/div>\n        <a class='notes_toc_article_title_link' href='https:\/\/mathmatters.cms.math.ca\/fr\/article\/nouveaute-renouvelez-votre-adhesion-a-la-smc-pour-2025\/'>Renouvelez votre adh\u00e9sion \u00e0 la SMC pour 2025 !<\/a>      <\/div>\n    <\/div>\n    <div class='notes_toc_article'>\n      <div class='notes_toc_section_name'>Appel de mises en candidature<\/div>\n      <div class='notes_toc_article_row'>\n        <div class='notes_toc_article_pdf'>\n        <\/div>\n        <a class='notes_toc_article_title_link' href='https:\/\/mathmatters.cms.math.ca\/fr\/article\/nouveaute-appel-de-mises-en-candidature-prix-dexcellence-en-enseignement-2025\/'>Appel de mises en candidature Prix d'excellence en enseignement 2025 - date limite 15 novembre<\/a>      <\/div>\n    <\/div>\n    <div class='notes_toc_article'>\n      <div class='notes_toc_article_row'>\n        <div class='notes_toc_article_pdf'>\n        <\/div>\n        <a class='notes_toc_article_title_link' href='https:\/\/mathmatters.cms.math.ca\/fr\/article\/nouveaute-subventions-pour-les-concours-de-mathematiques-faites-votre-demande-maintenant\/'>Subventions pour les concours de math\u00e9matiques : Faites votre demande maintenant - date limite 15 novembre<\/a>      <\/div>\n    <\/div>\n    <div class='notes_toc_article'>\n      <div class='notes_toc_section_name'>Comit\u00e9 \u00e9tudiant de la SMC<\/div>\n      <div class='notes_toc_article_row'>\n        <div class='notes_toc_article_pdf'>\n        <\/div>\n        <a class='notes_toc_article_title_link' href='https:\/\/mathmatters.cms.math.ca\/fr\/article\/nouveaute-seance-de-recherche-etudiante\/'>S\u00e9ance de recherche \u00e9tudiante<\/a> <span class='notes_toc_author_name'>&mdash;&nbsp;The CMS student committee<\/span>      <\/div>\n    <\/div>\n    <div class='notes_toc_article'>\n      <div class='notes_toc_article_row'>\n        <div class='notes_toc_article_pdf'>\n        <\/div>\n        <a class='notes_toc_article_title_link' href='https:\/\/mathmatters.cms.math.ca\/fr\/article\/nouveaute-session-daffiches\/'>Session d'affiches<\/a> <span class='notes_toc_author_name'>&mdash;&nbsp;The CMS student committee<\/span>      <\/div>\n    <\/div>\n    <div class='notes_toc_article'>\n      <div class='notes_toc_section_name'>CMS Student Committee<\/div>\n      <div class='notes_toc_article_row'>\n        <div class='notes_toc_article_pdf'>\n        <\/div>\n        <a class='notes_toc_article_title_link' href='https:\/\/mathmatters.cms.math.ca\/fr\/article\/studc-connect-with-us-on-discord\/'>Connect with us on Discord!<\/a> <span class='notes_toc_author_name'>&mdash;&nbsp;Student Committee of the CMS<\/span>      <\/div>\n    <\/div>\n<\/div>\n<\/div>\n<\/div>\n    <\/div>\n  <div class='notes_issues_issident' id='notes_issues_issident_1_31'><a href='javascript:void(0);' title=\"afficher\/masquer le contenu\" onclick='notes_issues_iss_vh(1, 31)'><img src='\/wp-content\/uploads\/2020\/01\/folder-closed.png' alt='afficher' class='notes_issues_toggles' id='notes_issues_toggle_show_1_31' ><img src='\/wp-content\/uploads\/2020\/01\/folder-open.png' alt='masquer' class='notes_issues_toggles' id='notes_issues_toggle_hide_1_31' style='display:none;'>[31] Num\u00e9ro du 1 novembre 2024<\/a>\n<\/div>\n    <div class='notes_issues_isscontents' id='notes_issues_isscontents_1_31' style='display:none;'>\n<div class='notes_render_toc notes_noprint notes_toc_style_2' style='' id='notes_toc'>\n<div class='notes_toc_body'>\n  <div class='notes_toc_articles'>\n    <div class='notes_toc_article'>\n      <div class='notes_toc_section_name'>R\u00e9unions de la SMC<\/div>\n      <div class='notes_toc_article_row'>\n        <div class='notes_toc_article_pdf'>\n        <\/div>\n        <a class='notes_toc_article_title_link' href='https:\/\/mathmatters.cms.math.ca\/fr\/article\/2024-cms-winter-meeting-reservez-la-date\/'>R\u00e9union d'hiver 2024 de la SMC 29 novembre - 2 d\u00e9cembre, R\u00e9gion de Vancouver | R\u00e9servez la date<\/a>      <\/div>\n    <\/div>\n    <div class='notes_toc_article'>\n      <div class='notes_toc_article_row'>\n        <div class='notes_toc_article_pdf'>\n        <\/div>\n        <a class='notes_toc_article_title_link' href='https:\/\/mathmatters.cms.math.ca\/fr\/article\/nouveaute-reunion-en-ligne-deducation-de-la-smc-2024\/'>R\u00e9union (en ligne) d'\u00e9ducation de la SMC 2024, 22-23 novembre<\/a>      <\/div>\n    <\/div>\n    <div class='notes_toc_article'>\n      <div class='notes_toc_article_row'>\n        <div class='notes_toc_article_pdf'>\n        <\/div>\n        <a class='notes_toc_article_title_link' href='https:\/\/mathmatters.cms.math.ca\/fr\/article\/nouveaute-reunion-dhiver-2024-de-la-smc-linscription-a-tarif-preferentiel-est-ouverte\/'>R\u00e9union d'hiver 2024 de la SMC | L'inscription \u00e0 tarif pr\u00e9f\u00e9rentiel est ouverte jusqu'au novembre 6!<\/a>      <\/div>\n    <\/div>\n    <div class='notes_toc_article'>\n      <div class='notes_toc_article_row'>\n        <div class='notes_toc_article_pdf'>\n        <\/div>\n        <a class='notes_toc_article_title_link' href='https:\/\/mathmatters.cms.math.ca\/fr\/article\/nouveaute-reunion-dhiver-2024-de-la-smc-mini-cours\/'>R\u00e9union d'hiver 2024 de la SMC | Mini cours, 18 novembre<\/a>      <\/div>\n    <\/div>\n    <div class='notes_toc_article'>\n      <div class='notes_toc_article_row'>\n        <div class='notes_toc_article_pdf'>\n        <\/div>\n        <a class='notes_toc_article_title_link' href='https:\/\/mathmatters.cms.math.ca\/fr\/article\/nouveaute-reunion-dete-2025-de-la-smc-reservez-la-date\/'>R\u00e9union d'\u00e9t\u00e9 2025 de la SMC, 6-9 juin | R\u00e9servez la date!<\/a>      <\/div>\n    <\/div>\n    <div class='notes_toc_article'>\n      <div class='notes_toc_article_row'>\n        <div class='notes_toc_article_pdf'>\n        <\/div>\n        <a class='notes_toc_article_title_link' href='https:\/\/mathmatters.cms.math.ca\/fr\/article\/nouveaute-service-de-garde-denfants-maintenant-disponible-pour-la-reunion-dhiver-2024-de-la-smc\/'>Service de garde d'enfants maintenant disponible pour la r\u00e9union d'hiver 2024 de la SMC, 30 novembre - 2 d\u00e9cembre<\/a>      <\/div>\n    <\/div>\n    <div class='notes_toc_article'>\n      <div class='notes_toc_section_name'>Annonces<\/div>\n      <div class='notes_toc_article_row'>\n        <div class='notes_toc_article_pdf'>\n        <\/div>\n        <a class='notes_toc_article_title_link' href='https:\/\/mathmatters.cms.math.ca\/fr\/article\/nouveaute-devenez-membre-dun-comite-de-la-smc-posez-votre-candidature-ou-proposez-un-collegue-avant-le-1er-novembre\/'>Devenez membre d'un comit\u00e9 de la SMC : Posez votre candidature ou proposez un coll\u00e8gue avant le 1er novembre !<\/a>      <\/div>\n    <\/div>\n    <div class='notes_toc_article'>\n      <div class='notes_toc_article_row'>\n        <div class='notes_toc_article_pdf'>\n        <\/div>\n        <a class='notes_toc_article_title_link' href='https:\/\/mathmatters.cms.math.ca\/fr\/article\/nouveaute-aarms-postdoctoral-fellowships-call-for-applications\/'>AARMS Postdoctoral Fellowships: Call for Applications<\/a> <span class='notes_toc_author_name'>&mdash;&nbsp;Atlantic Association for Research in the Mathematical Sciences<\/span>      <\/div>\n    <\/div>\n    <div class='notes_toc_article'>\n      <div class='notes_toc_article_row'>\n        <div class='notes_toc_article_pdf'>\n        <\/div>\n        <a class='notes_toc_article_title_link' href='https:\/\/mathmatters.cms.math.ca\/fr\/article\/nouveaute-appel-de-financement-le-comite-pour-les-femmes-en-mathematiques\/'>Appel de financement - Le Comit\u00e9 pour les femmes en math\u00e9matiques<\/a> <span class='notes_toc_author_name'>&mdash;&nbsp;Matilde N. Lal\u00edn<\/span>      <\/div>\n    <\/div>\n    <div class='notes_toc_article'>\n      <div class='notes_toc_article_row'>\n        <div class='notes_toc_article_pdf'>\n        <\/div>\n        <a class='notes_toc_article_title_link' href='https:\/\/mathmatters.cms.math.ca\/fr\/article\/nouveaute-inscrivez-vous-aux-concours-de-la-smc\/'>Inscrivez-vous au Concours math\u00e9matique du m\u00e9sangeai du Canada ! | Date limite : 15 novembre<\/a>      <\/div>\n    <\/div>\n    <div class='notes_toc_article'>\n      <div class='notes_toc_article_row'>\n        <div class='notes_toc_article_pdf'>\n        <\/div>\n        <a class='notes_toc_article_title_link' href='https:\/\/mathmatters.cms.math.ca\/fr\/article\/nouveaute-renouvelez-votre-adhesion-a-la-smc-pour-2025\/'>Renouvelez votre adh\u00e9sion \u00e0 la SMC pour 2025 !<\/a>      <\/div>\n    <\/div>\n    <div class='notes_toc_article'>\n      <div class='notes_toc_section_name'>Appel de mises en candidature<\/div>\n      <div class='notes_toc_article_row'>\n        <div class='notes_toc_article_pdf'>\n        <\/div>\n        <a class='notes_toc_article_title_link' href='https:\/\/mathmatters.cms.math.ca\/fr\/article\/nouveaute-appel-de-mises-en-candidature-prix-dexcellence-en-enseignement-2025\/'>Appel de mises en candidature Prix d'excellence en enseignement 2025 - date limite 15 novembre<\/a>      <\/div>\n    <\/div>\n    <div class='notes_toc_article'>\n      <div class='notes_toc_article_row'>\n        <div class='notes_toc_article_pdf'>\n        <\/div>\n        <a class='notes_toc_article_title_link' href='https:\/\/mathmatters.cms.math.ca\/fr\/article\/nouveaute-subventions-pour-les-concours-de-mathematiques-faites-votre-demande-maintenant\/'>Subventions pour les concours de math\u00e9matiques : Faites votre demande maintenant - date limite 15 novembre<\/a>      <\/div>\n    <\/div>\n    <div class='notes_toc_article'>\n      <div class='notes_toc_section_name'>Comit\u00e9 \u00e9tudiant de la SMC<\/div>\n      <div class='notes_toc_article_row'>\n        <div class='notes_toc_article_pdf'>\n        <\/div>\n        <a class='notes_toc_article_title_link' href='https:\/\/mathmatters.cms.math.ca\/fr\/article\/nouveaute-session-daffiches\/'>Session d'affiches<\/a> <span class='notes_toc_author_name'>&mdash;&nbsp;The CMS student committee<\/span>      <\/div>\n    <\/div>\n    <div class='notes_toc_article'>\n      <div class='notes_toc_article_row'>\n        <div class='notes_toc_article_pdf'>\n        <\/div>\n        <a class='notes_toc_article_title_link' href='https:\/\/mathmatters.cms.math.ca\/fr\/article\/nouveaute-seance-de-recherche-etudiante\/'>S\u00e9ance de recherche \u00e9tudiante<\/a> <span class='notes_toc_author_name'>&mdash;&nbsp;The CMS student committee<\/span>      <\/div>\n    <\/div>\n    <div class='notes_toc_article'>\n      <div class='notes_toc_section_name'>CMS Student Committee<\/div>\n      <div class='notes_toc_article_row'>\n        <div class='notes_toc_article_pdf'>\n        <\/div>\n        <a class='notes_toc_article_title_link' href='https:\/\/mathmatters.cms.math.ca\/fr\/article\/studc-connect-with-us-on-discord\/'>Connect with us on Discord!<\/a> <span class='notes_toc_author_name'>&mdash;&nbsp;Student Committee of the CMS<\/span>      <\/div>\n    <\/div>\n<\/div>\n<\/div>\n<\/div>\n    <\/div>\n  <div class='notes_issues_issident' id='notes_issues_issident_1_30'><a href='javascript:void(0);' title=\"afficher\/masquer le contenu\" onclick='notes_issues_iss_vh(1, 30)'><img src='\/wp-content\/uploads\/2020\/01\/folder-closed.png' alt='afficher' class='notes_issues_toggles' id='notes_issues_toggle_show_1_30' ><img src='\/wp-content\/uploads\/2020\/01\/folder-open.png' alt='masquer' class='notes_issues_toggles' id='notes_issues_toggle_hide_1_30' style='display:none;'>[30] Num\u00e9ro du 25 octobre 2024<\/a>\n<\/div>\n    <div class='notes_issues_isscontents' id='notes_issues_isscontents_1_30' style='display:none;'>\n<div class='notes_render_toc notes_noprint notes_toc_style_2' style='' id='notes_toc'>\n<div class='notes_toc_body'>\n  <div class='notes_toc_articles'>\n    <div class='notes_toc_article'>\n      <div class='notes_toc_section_name'>R\u00e9unions de la SMC<\/div>\n      <div class='notes_toc_article_row'>\n        <div class='notes_toc_article_pdf'>\n        <\/div>\n        <a class='notes_toc_article_title_link' href='https:\/\/mathmatters.cms.math.ca\/fr\/article\/2024-cms-winter-meeting-reservez-la-date\/'>R\u00e9union d'hiver 2024 de la SMC 29 novembre - 2 d\u00e9cembre, R\u00e9gion de Vancouver | R\u00e9servez la date<\/a>      <\/div>\n    <\/div>\n    <div class='notes_toc_article'>\n      <div class='notes_toc_article_row'>\n        <div class='notes_toc_article_pdf'>\n        <\/div>\n        <a class='notes_toc_article_title_link' href='https:\/\/mathmatters.cms.math.ca\/fr\/article\/nouveaute-reunion-en-ligne-deducation-de-la-smc-2024\/'>R\u00e9union (en ligne) d'\u00e9ducation de la SMC 2024, 22-23 novembre<\/a>      <\/div>\n    <\/div>\n    <div class='notes_toc_article'>\n      <div class='notes_toc_article_row'>\n        <div class='notes_toc_article_pdf'>\n        <\/div>\n        <a class='notes_toc_article_title_link' href='https:\/\/mathmatters.cms.math.ca\/fr\/article\/nouveaute-reunion-dhiver-2024-de-la-smc-linscription-a-tarif-preferentiel-est-ouverte\/'>R\u00e9union d'hiver 2024 de la SMC | L'inscription \u00e0 tarif pr\u00e9f\u00e9rentiel est ouverte jusqu'au novembre 6!<\/a>      <\/div>\n    <\/div>\n    <div class='notes_toc_article'>\n      <div class='notes_toc_article_row'>\n        <div class='notes_toc_article_pdf'>\n        <\/div>\n        <a class='notes_toc_article_title_link' href='https:\/\/mathmatters.cms.math.ca\/fr\/article\/nouveaute-reunion-dhiver-2024-de-la-smc-mini-cours\/'>R\u00e9union d'hiver 2024 de la SMC | Mini cours, 18 novembre<\/a>      <\/div>\n    <\/div>\n    <div class='notes_toc_article'>\n      <div class='notes_toc_article_row'>\n        <div class='notes_toc_article_pdf'>\n        <\/div>\n        <a class='notes_toc_article_title_link' href='https:\/\/mathmatters.cms.math.ca\/fr\/article\/nouveaute-reunion-dete-2025-de-la-smc-reservez-la-date\/'>R\u00e9union d'\u00e9t\u00e9 2025 de la SMC, 6-9 juin | R\u00e9servez la date!<\/a>      <\/div>\n    <\/div>\n    <div class='notes_toc_article'>\n      <div class='notes_toc_article_row'>\n        <div class='notes_toc_article_pdf'>\n        <\/div>\n        <a class='notes_toc_article_title_link' href='https:\/\/mathmatters.cms.math.ca\/fr\/article\/nouveaute-service-de-garde-denfants-maintenant-disponible-pour-la-reunion-dhiver-2024-de-la-smc\/'>Service de garde d'enfants maintenant disponible pour la r\u00e9union d'hiver 2024 de la SMC, 30 novembre - 2 d\u00e9cembre<\/a>      <\/div>\n    <\/div>\n    <div class='notes_toc_article'>\n      <div class='notes_toc_section_name'>Annonces<\/div>\n      <div class='notes_toc_article_row'>\n        <div class='notes_toc_article_pdf'>\n        <\/div>\n        <a class='notes_toc_article_title_link' href='https:\/\/mathmatters.cms.math.ca\/fr\/article\/nouveaute-fields-mathed-forum\/'>NOUVEAUT\u00c9\u00a0: Fields MathEd Forum<\/a> <span class='notes_toc_author_name'>&mdash;&nbsp;Fields Institute<\/span>      <\/div>\n    <\/div>\n    <div class='notes_toc_article'>\n      <div class='notes_toc_article_row'>\n        <div class='notes_toc_article_pdf'>\n        <\/div>\n        <a class='notes_toc_article_title_link' href='https:\/\/mathmatters.cms.math.ca\/fr\/article\/nouveaute-devenez-membre-dun-comite-de-la-smc-posez-votre-candidature-ou-proposez-un-collegue-avant-le-1er-novembre\/'>Devenez membre d'un comit\u00e9 de la SMC : Posez votre candidature ou proposez un coll\u00e8gue avant le 1er novembre !<\/a>      <\/div>\n    <\/div>\n    <div class='notes_toc_article'>\n      <div class='notes_toc_article_row'>\n        <div class='notes_toc_article_pdf'>\n        <\/div>\n        <a class='notes_toc_article_title_link' href='https:\/\/mathmatters.cms.math.ca\/fr\/article\/nouveaute-aarms-postdoctoral-fellowships-call-for-applications\/'>AARMS Postdoctoral Fellowships: Call for Applications<\/a> <span class='notes_toc_author_name'>&mdash;&nbsp;Atlantic Association for Research in the Mathematical Sciences<\/span>      <\/div>\n    <\/div>\n    <div class='notes_toc_article'>\n      <div class='notes_toc_article_row'>\n        <div class='notes_toc_article_pdf'>\n        <\/div>\n        <a class='notes_toc_article_title_link' href='https:\/\/mathmatters.cms.math.ca\/fr\/article\/nouveaute-appel-de-financement-le-comite-pour-les-femmes-en-mathematiques\/'>Appel de financement - Le Comit\u00e9 pour les femmes en math\u00e9matiques<\/a> <span class='notes_toc_author_name'>&mdash;&nbsp;Matilde N. Lal\u00edn<\/span>      <\/div>\n    <\/div>\n    <div class='notes_toc_article'>\n      <div class='notes_toc_article_row'>\n        <div class='notes_toc_article_pdf'>\n        <\/div>\n        <a class='notes_toc_article_title_link' href='https:\/\/mathmatters.cms.math.ca\/fr\/article\/nouveaute-inscrivez-vous-aux-concours-de-la-smc\/'>Inscrivez-vous au Concours math\u00e9matique du m\u00e9sangeai du Canada ! | Date limite : 15 novembre<\/a>      <\/div>\n    <\/div>\n    <div class='notes_toc_article'>\n      <div class='notes_toc_article_row'>\n        <div class='notes_toc_article_pdf'>\n        <\/div>\n        <a class='notes_toc_article_title_link' href='https:\/\/mathmatters.cms.math.ca\/fr\/article\/nouveaute-renouvelez-votre-adhesion-a-la-smc-pour-2025\/'>Renouvelez votre adh\u00e9sion \u00e0 la SMC pour 2025 !<\/a>      <\/div>\n    <\/div>\n    <div class='notes_toc_article'>\n      <div class='notes_toc_section_name'>Appel de mises en candidature<\/div>\n      <div class='notes_toc_article_row'>\n        <div class='notes_toc_article_pdf'>\n        <\/div>\n        <a class='notes_toc_article_title_link' href='https:\/\/mathmatters.cms.math.ca\/fr\/article\/nouveaute-appel-de-mises-en-candidature-prix-dexcellence-en-enseignement-2025\/'>Appel de mises en candidature Prix d'excellence en enseignement 2025 - date limite 15 novembre<\/a>      <\/div>\n    <\/div>\n    <div class='notes_toc_article'>\n      <div class='notes_toc_article_row'>\n        <div class='notes_toc_article_pdf'>\n        <\/div>\n        <a class='notes_toc_article_title_link' href='https:\/\/mathmatters.cms.math.ca\/fr\/article\/nouveaute-subventions-pour-les-concours-de-mathematiques-faites-votre-demande-maintenant\/'>Subventions pour les concours de math\u00e9matiques : Faites votre demande maintenant - date limite 15 novembre<\/a>      <\/div>\n    <\/div>\n    <div class='notes_toc_article'>\n      <div class='notes_toc_section_name'>Comit\u00e9 \u00e9tudiant de la SMC<\/div>\n      <div class='notes_toc_article_row'>\n        <div class='notes_toc_article_pdf'>\n        <\/div>\n        <a class='notes_toc_article_title_link' href='https:\/\/mathmatters.cms.math.ca\/fr\/article\/nouveaute-session-daffiches\/'>Session d'affiches<\/a> <span class='notes_toc_author_name'>&mdash;&nbsp;The CMS student committee<\/span>      <\/div>\n    <\/div>\n    <div class='notes_toc_article'>\n      <div class='notes_toc_article_row'>\n        <div class='notes_toc_article_pdf'>\n        <\/div>\n        <a class='notes_toc_article_title_link' href='https:\/\/mathmatters.cms.math.ca\/fr\/article\/nouveaute-seance-de-recherche-etudiante\/'>S\u00e9ance de recherche \u00e9tudiante<\/a> <span class='notes_toc_author_name'>&mdash;&nbsp;The CMS student committee<\/span>      <\/div>\n    <\/div>\n    <div class='notes_toc_article'>\n      <div class='notes_toc_section_name'>CMS Student Committee<\/div>\n      <div class='notes_toc_article_row'>\n        <div class='notes_toc_article_pdf'>\n        <\/div>\n        <a class='notes_toc_article_title_link' href='https:\/\/mathmatters.cms.math.ca\/fr\/article\/studc-connect-with-us-on-discord\/'>Connect with us on Discord!<\/a> <span class='notes_toc_author_name'>&mdash;&nbsp;Student Committee of the CMS<\/span>      <\/div>\n    <\/div>\n<\/div>\n<\/div>\n<\/div>\n    <\/div>\n  <div class='notes_issues_issident' id='notes_issues_issident_1_29'><a href='javascript:void(0);' title=\"afficher\/masquer le contenu\" onclick='notes_issues_iss_vh(1, 29)'><img src='\/wp-content\/uploads\/2020\/01\/folder-closed.png' alt='afficher' class='notes_issues_toggles' id='notes_issues_toggle_show_1_29' ><img src='\/wp-content\/uploads\/2020\/01\/folder-open.png' alt='masquer' class='notes_issues_toggles' id='notes_issues_toggle_hide_1_29' style='display:none;'>[29] Num\u00e9ro du 18 octobre 2024<\/a>\n<\/div>\n    <div class='notes_issues_isscontents' id='notes_issues_isscontents_1_29' style='display:none;'>\n<div class='notes_render_toc notes_noprint notes_toc_style_2' style='' id='notes_toc'>\n<div class='notes_toc_body'>\n  <div class='notes_toc_articles'>\n    <div class='notes_toc_article'>\n      <div class='notes_toc_section_name'>Communiqu\u00e9<\/div>\n      <div class='notes_toc_article_row'>\n        <div class='notes_toc_article_pdf'>\n        <\/div>\n        <a class='notes_toc_article_title_link' href='https:\/\/mathmatters.cms.math.ca\/fr\/article\/nouveaute-publication-des-resultats-du-concours-mathematique-du-lynx-du-canada-2024-couronne-de-succes\/'>NOUVEAUT\u00c9\u00a0: Publication des r\u00e9sultats du Concours math\u00e9matique du lynx du Canada 2024 couronn\u00e9 de succ\u00e8s<\/a>      <\/div>\n    <\/div>\n    <div class='notes_toc_article'>\n      <div class='notes_toc_section_name'>R\u00e9unions de la SMC<\/div>\n      <div class='notes_toc_article_row'>\n        <div class='notes_toc_article_pdf'>\n        <\/div>\n        <a class='notes_toc_article_title_link' href='https:\/\/mathmatters.cms.math.ca\/fr\/article\/2024-cms-winter-meeting-reservez-la-date\/'>R\u00e9union d'hiver 2024 de la SMC 29 novembre - 2 d\u00e9cembre, R\u00e9gion de Vancouver | R\u00e9servez la date<\/a>      <\/div>\n    <\/div>\n    <div class='notes_toc_article'>\n      <div class='notes_toc_article_row'>\n        <div class='notes_toc_article_pdf'>\n        <\/div>\n        <a class='notes_toc_article_title_link' href='https:\/\/mathmatters.cms.math.ca\/fr\/article\/nouveaute-reunion-en-ligne-deducation-de-la-smc-2024\/'>R\u00e9union (en ligne) d'\u00e9ducation de la SMC 2024, 22-23 novembre<\/a>      <\/div>\n    <\/div>\n    <div class='notes_toc_article'>\n      <div class='notes_toc_article_row'>\n        <div class='notes_toc_article_pdf'>\n        <\/div>\n        <a class='notes_toc_article_title_link' href='https:\/\/mathmatters.cms.math.ca\/fr\/article\/nouveaute-reunion-dhiver-2024-de-la-smc-linscription-a-tarif-preferentiel-est-ouverte\/'>R\u00e9union d'hiver 2024 de la SMC | L'inscription \u00e0 tarif pr\u00e9f\u00e9rentiel est ouverte jusqu'au novembre 6!<\/a>      <\/div>\n    <\/div>\n    <div class='notes_toc_article'>\n      <div class='notes_toc_article_row'>\n        <div class='notes_toc_article_pdf'>\n        <\/div>\n        <a class='notes_toc_article_title_link' href='https:\/\/mathmatters.cms.math.ca\/fr\/article\/nouveaute-reunion-dete-2025-de-la-smc-reservez-la-date\/'>R\u00e9union d'\u00e9t\u00e9 2025 de la SMC, 6-9 juin | R\u00e9servez la date!<\/a>      <\/div>\n    <\/div>\n    <div class='notes_toc_article'>\n      <div class='notes_toc_article_row'>\n        <div class='notes_toc_article_pdf'>\n        <\/div>\n        <a class='notes_toc_article_title_link' href='https:\/\/mathmatters.cms.math.ca\/fr\/article\/nouveaute-service-de-garde-denfants-maintenant-disponible-pour-la-reunion-dhiver-2024-de-la-smc\/'>Service de garde d'enfants maintenant disponible pour la r\u00e9union d'hiver 2024 de la SMC, 30 novembre - 2 d\u00e9cembre<\/a>      <\/div>\n    <\/div>\n    <div class='notes_toc_article'>\n      <div class='notes_toc_section_name'>Annonces<\/div>\n      <div class='notes_toc_article_row'>\n        <div class='notes_toc_article_pdf'>\n        <\/div>\n        <a class='notes_toc_article_title_link' href='https:\/\/mathmatters.cms.math.ca\/fr\/article\/nouveaute-devenez-membre-dun-comite-de-la-smc-posez-votre-candidature-ou-proposez-un-collegue-avant-le-1er-novembre\/'>Devenez membre d'un comit\u00e9 de la SMC : Posez votre candidature ou proposez un coll\u00e8gue avant le 1er novembre !<\/a>      <\/div>\n    <\/div>\n    <div class='notes_toc_article'>\n      <div class='notes_toc_article_row'>\n        <div class='notes_toc_article_pdf'>\n        <\/div>\n        <a class='notes_toc_article_title_link' href='https:\/\/mathmatters.cms.math.ca\/fr\/article\/nouveaute-aarms-postdoctoral-fellowships-call-for-applications\/'>AARMS Postdoctoral Fellowships: Call for Applications<\/a> <span class='notes_toc_author_name'>&mdash;&nbsp;Atlantic Association for Research in the Mathematical Sciences<\/span>      <\/div>\n    <\/div>\n    <div class='notes_toc_article'>\n      <div class='notes_toc_article_row'>\n        <div class='notes_toc_article_pdf'>\n        <\/div>\n        <a class='notes_toc_article_title_link' href='https:\/\/mathmatters.cms.math.ca\/fr\/article\/nouveaute-inscrivez-vous-aux-concours-de-la-smc\/'>Inscrivez-vous au Concours math\u00e9matique du m\u00e9sangeai du Canada ! | Date limite : 15 novembre<\/a>      <\/div>\n    <\/div>\n    <div class='notes_toc_article'>\n      <div class='notes_toc_article_row'>\n        <div class='notes_toc_article_pdf'>\n        <\/div>\n        <a class='notes_toc_article_title_link' href='https:\/\/mathmatters.cms.math.ca\/fr\/article\/nouveaute-renouvelez-votre-adhesion-a-la-smc-pour-2025\/'>Renouvelez votre adh\u00e9sion \u00e0 la SMC pour 2025 !<\/a>      <\/div>\n    <\/div>\n    <div class='notes_toc_article'>\n      <div class='notes_toc_section_name'>Appel de mises en candidature<\/div>\n      <div class='notes_toc_article_row'>\n        <div class='notes_toc_article_pdf'>\n        <\/div>\n        <a class='notes_toc_article_title_link' href='https:\/\/mathmatters.cms.math.ca\/fr\/article\/nouveaute-appel-de-mises-en-candidature-prix-dexcellence-en-enseignement-2025\/'>Appel de mises en candidature Prix d'excellence en enseignement 2025 - date limite 15 novembre<\/a>      <\/div>\n    <\/div>\n    <div class='notes_toc_article'>\n      <div class='notes_toc_article_row'>\n        <div class='notes_toc_article_pdf'>\n        <\/div>\n        <a class='notes_toc_article_title_link' href='https:\/\/mathmatters.cms.math.ca\/fr\/article\/nouveaute-subventions-pour-les-concours-de-mathematiques-faites-votre-demande-maintenant\/'>Subventions pour les concours de math\u00e9matiques : Faites votre demande maintenant - date limite 15 novembre<\/a>      <\/div>\n    <\/div>\n    <div class='notes_toc_article'>\n      <div class='notes_toc_section_name'>Annonces<\/div>\n      <div class='notes_toc_article_row'>\n        <div class='notes_toc_article_pdf'>\n        <\/div>\n        <a class='notes_toc_article_title_link' href='https:\/\/mathmatters.cms.math.ca\/fr\/article\/nouveaute-appel-aux-correcteurs-pour-le-docm\/'>Recherche d'experts en math\u00e9matiques : Soyez b\u00e9n\u00e9vole pour corriger le D\u00e9fi ouvert canadien de math\u00e9matiques (DOCM)<\/a>      <\/div>\n    <\/div>\n    <div class='notes_toc_article'>\n      <div class='notes_toc_section_name'>Comit\u00e9 \u00e9tudiant de la SMC<\/div>\n      <div class='notes_toc_article_row'>\n        <div class='notes_toc_article_pdf'>\n        <\/div>\n        <a class='notes_toc_article_title_link' href='https:\/\/mathmatters.cms.math.ca\/fr\/article\/nouveaute-seance-de-recherche-etudiante\/'>S\u00e9ance de recherche \u00e9tudiante<\/a> <span class='notes_toc_author_name'>&mdash;&nbsp;The CMS student committee<\/span>      <\/div>\n    <\/div>\n    <div class='notes_toc_article'>\n      <div class='notes_toc_section_name'>CMS Student Committee<\/div>\n      <div class='notes_toc_article_row'>\n        <div class='notes_toc_article_pdf'>\n        <\/div>\n        <a class='notes_toc_article_title_link' href='https:\/\/mathmatters.cms.math.ca\/fr\/article\/reminder-aarms-cms-student-poster-session\/'>REMINDER - AARMS-CMS Student Poster Session<\/a> <span class='notes_toc_author_name'>&mdash;&nbsp;Courtney Allen, Karen Julia Fletcher<\/span>      <\/div>\n    <\/div>\n    <div class='notes_toc_article'>\n      <div class='notes_toc_article_row'>\n        <div class='notes_toc_article_pdf'>\n        <\/div>\n        <a class='notes_toc_article_title_link' href='https:\/\/mathmatters.cms.math.ca\/fr\/article\/studc-connect-with-us-on-discord\/'>Connect with us on Discord!<\/a> <span class='notes_toc_author_name'>&mdash;&nbsp;Student Committee of the CMS<\/span>      <\/div>\n    <\/div>\n<\/div>\n<\/div>\n<\/div>\n    <\/div>\n  <div class='notes_issues_issident' id='notes_issues_issident_1_28'><a href='javascript:void(0);' title=\"afficher\/masquer le contenu\" onclick='notes_issues_iss_vh(1, 28)'><img src='\/wp-content\/uploads\/2020\/01\/folder-closed.png' alt='afficher' class='notes_issues_toggles' id='notes_issues_toggle_show_1_28' ><img src='\/wp-content\/uploads\/2020\/01\/folder-open.png' alt='masquer' class='notes_issues_toggles' id='notes_issues_toggle_hide_1_28' style='display:none;'>[28] Num\u00e9ro du 11 octobre 2024<\/a>\n<\/div>\n    <div class='notes_issues_isscontents' id='notes_issues_isscontents_1_28' style='display:none;'>\n<div class='notes_render_toc notes_noprint notes_toc_style_2' style='' id='notes_toc'>\n<div class='notes_toc_body'>\n  <div class='notes_toc_articles'>\n    <div class='notes_toc_article'>\n      <div class='notes_toc_section_name'>R\u00e9unions de la SMC<\/div>\n      <div class='notes_toc_article_row'>\n        <div class='notes_toc_article_pdf'>\n        <\/div>\n        <a class='notes_toc_article_title_link' href='https:\/\/mathmatters.cms.math.ca\/fr\/article\/2024-cms-winter-meeting-reservez-la-date\/'>R\u00e9union d'hiver 2024 de la SMC 29 novembre - 2 d\u00e9cembre, R\u00e9gion de Vancouver | R\u00e9servez la date<\/a>      <\/div>\n    <\/div>\n    <div class='notes_toc_article'>\n      <div class='notes_toc_article_row'>\n        <div class='notes_toc_article_pdf'>\n        <\/div>\n        <a class='notes_toc_article_title_link' href='https:\/\/mathmatters.cms.math.ca\/fr\/article\/nouveaute-reunion-dhiver-2024-de-la-smc-linscription-a-tarif-preferentiel-est-ouverte\/'>R\u00e9union d'hiver 2024 de la SMC | L'inscription \u00e0 tarif pr\u00e9f\u00e9rentiel est ouverte jusqu'au novembre 6!<\/a>      <\/div>\n    <\/div>\n    <div class='notes_toc_article'>\n      <div class='notes_toc_article_row'>\n        <div class='notes_toc_article_pdf'>\n        <\/div>\n        <a class='notes_toc_article_title_link' href='https:\/\/mathmatters.cms.math.ca\/fr\/article\/nouveaute-reunion-en-ligne-deducation-de-la-smc-2024\/'>R\u00e9union (en ligne) d'\u00e9ducation de la SMC 2024, 22-23 novembre<\/a>      <\/div>\n    <\/div>\n    <div class='notes_toc_article'>\n      <div class='notes_toc_article_row'>\n        <div class='notes_toc_article_pdf'>\n        <\/div>\n        <a class='notes_toc_article_title_link' href='https:\/\/mathmatters.cms.math.ca\/fr\/article\/nouveaute-service-de-garde-denfants-maintenant-disponible-pour-la-reunion-dhiver-2024-de-la-smc\/'>Service de garde d'enfants maintenant disponible pour la r\u00e9union d'hiver 2024 de la SMC, 30 novembre - 2 d\u00e9cembre<\/a>      <\/div>\n    <\/div>\n    <div class='notes_toc_article'>\n      <div class='notes_toc_article_row'>\n        <div class='notes_toc_article_pdf'>\n        <\/div>\n        <a class='notes_toc_article_title_link' href='https:\/\/mathmatters.cms.math.ca\/fr\/article\/nouveaute-reunion-dete-2025-de-la-smc-reservez-la-date\/'>R\u00e9union d'\u00e9t\u00e9 2025 de la SMC, 6-9 juin | R\u00e9servez la date!<\/a>      <\/div>\n    <\/div>\n    <div class='notes_toc_article'>\n      <div class='notes_toc_section_name'>Annonces<\/div>\n      <div class='notes_toc_article_row'>\n        <div class='notes_toc_article_pdf'>\n        <\/div>\n        <a class='notes_toc_article_title_link' href='https:\/\/mathmatters.cms.math.ca\/fr\/article\/nouveaute-aarms-postdoctoral-fellowships-call-for-applications\/'>AARMS Postdoctoral Fellowships: Call for Applications<\/a> <span class='notes_toc_author_name'>&mdash;&nbsp;Atlantic Association for Research in the Mathematical Sciences<\/span>      <\/div>\n    <\/div>\n    <div class='notes_toc_article'>\n      <div class='notes_toc_article_row'>\n        <div class='notes_toc_article_pdf'>\n        <\/div>\n        <a class='notes_toc_article_title_link' href='https:\/\/mathmatters.cms.math.ca\/fr\/article\/nouveaute-inscrivez-vous-aux-concours-de-la-smc\/'>Inscrivez-vous au Concours math\u00e9matique du m\u00e9sangeai du Canada ! | Date limite : 15 novembre<\/a>      <\/div>\n    <\/div>\n    <div class='notes_toc_article'>\n      <div class='notes_toc_article_row'>\n        <div class='notes_toc_article_pdf'>\n        <\/div>\n        <a class='notes_toc_article_title_link' href='https:\/\/mathmatters.cms.math.ca\/fr\/article\/nouveaute-renouvelez-votre-adhesion-a-la-smc-pour-2025\/'>Renouvelez votre adh\u00e9sion \u00e0 la SMC pour 2025 !<\/a>      <\/div>\n    <\/div>\n    <div class='notes_toc_article'>\n      <div class='notes_toc_article_row'>\n        <div class='notes_toc_article_pdf'>\n        <\/div>\n        <a class='notes_toc_article_title_link' href='https:\/\/mathmatters.cms.math.ca\/fr\/article\/nouveaute-un-automne-charge-a-la-smc\/'>Un automne charg\u00e9 \u00e0 la SMC<\/a>      <\/div>\n    <\/div>\n    <div class='notes_toc_article'>\n      <div class='notes_toc_section_name'>Appel de mises en candidature<\/div>\n      <div class='notes_toc_article_row'>\n        <div class='notes_toc_article_pdf'>\n        <\/div>\n        <a class='notes_toc_article_title_link' href='https:\/\/mathmatters.cms.math.ca\/fr\/article\/nouveaute-appel-de-mises-en-candidature-prix-dexcellence-en-enseignement-2025\/'>Appel de mises en candidature Prix d'excellence en enseignement 2025 - date limite 15 novembre<\/a>      <\/div>\n    <\/div>\n    <div class='notes_toc_article'>\n      <div class='notes_toc_article_row'>\n        <div class='notes_toc_article_pdf'>\n        <\/div>\n        <a class='notes_toc_article_title_link' href='https:\/\/mathmatters.cms.math.ca\/fr\/article\/nouveaute-subventions-pour-les-concours-de-mathematiques-faites-votre-demande-maintenant\/'>Subventions pour les concours de math\u00e9matiques : Faites votre demande maintenant - date limite 15 novembre<\/a>      <\/div>\n    <\/div>\n    <div class='notes_toc_article'>\n      <div class='notes_toc_section_name'>Annonces<\/div>\n      <div class='notes_toc_article_row'>\n        <div class='notes_toc_article_pdf'>\n        <\/div>\n        <a class='notes_toc_article_title_link' href='https:\/\/mathmatters.cms.math.ca\/fr\/article\/nouveaute-appel-aux-correcteurs-pour-le-docm\/'>Recherche d'experts en math\u00e9matiques : Soyez b\u00e9n\u00e9vole pour corriger le D\u00e9fi ouvert canadien de math\u00e9matiques (DOCM)<\/a>      <\/div>\n    <\/div>\n    <div class='notes_toc_article'>\n      <div class='notes_toc_section_name'>Comit\u00e9 \u00e9tudiant de la SMC<\/div>\n      <div class='notes_toc_article_row'>\n        <div class='notes_toc_article_pdf'>\n        <\/div>\n        <a class='notes_toc_article_title_link' href='https:\/\/mathmatters.cms.math.ca\/fr\/article\/nouveaute-seance-de-recherche-etudiante\/'>S\u00e9ance de recherche \u00e9tudiante<\/a> <span class='notes_toc_author_name'>&mdash;&nbsp;The CMS student committee<\/span>      <\/div>\n    <\/div>\n    <div class='notes_toc_article'>\n      <div class='notes_toc_article_row'>\n        <div class='notes_toc_article_pdf'>\n        <\/div>\n        <a class='notes_toc_article_title_link' href='https:\/\/mathmatters.cms.math.ca\/fr\/article\/nouveaute-notes-from-the-margin\/'>Notes from the Margin<\/a> <span class='notes_toc_author_name'>&mdash;&nbsp;J\u00e9r\u00e9my Champagne<\/span>      <\/div>\n    <\/div>\n    <div class='notes_toc_article'>\n      <div class='notes_toc_article_row'>\n        <div class='notes_toc_article_pdf'>\n        <\/div>\n        <a class='notes_toc_article_title_link' href='https:\/\/mathmatters.cms.math.ca\/fr\/article\/nouveaute-session-daffiches\/'>Session d'affiches<\/a> <span class='notes_toc_author_name'>&mdash;&nbsp;The CMS student committee<\/span>      <\/div>\n    <\/div>\n    <div class='notes_toc_article'>\n      <div class='notes_toc_section_name'>CMS Student Committee<\/div>\n      <div class='notes_toc_article_row'>\n        <div class='notes_toc_article_pdf'>\n        <\/div>\n        <a class='notes_toc_article_title_link' href='https:\/\/mathmatters.cms.math.ca\/fr\/article\/studc-connect-with-us-on-discord\/'>Connect with us on Discord!<\/a> <span class='notes_toc_author_name'>&mdash;&nbsp;Student Committee of the CMS<\/span>      <\/div>\n    <\/div>\n<\/div>\n<\/div>\n<\/div>\n    <\/div>\n  <div class='notes_issues_issident' id='notes_issues_issident_1_27'><a href='javascript:void(0);' title=\"afficher\/masquer le contenu\" onclick='notes_issues_iss_vh(1, 27)'><img src='\/wp-content\/uploads\/2020\/01\/folder-closed.png' alt='afficher' class='notes_issues_toggles' id='notes_issues_toggle_show_1_27' ><img src='\/wp-content\/uploads\/2020\/01\/folder-open.png' alt='masquer' class='notes_issues_toggles' id='notes_issues_toggle_hide_1_27' style='display:none;'>[27] Num\u00e9ro du 4 octobre 2024<\/a>\n<\/div>\n    <div class='notes_issues_isscontents' id='notes_issues_isscontents_1_27' style='display:none;'>\n<div class='notes_render_toc notes_noprint notes_toc_style_2' style='' id='notes_toc'>\n<div class='notes_toc_body'>\n  <div class='notes_toc_articles'>\n    <div class='notes_toc_article'>\n      <div class='notes_toc_section_name'>R\u00e9unions de la SMC<\/div>\n      <div class='notes_toc_article_row'>\n        <div class='notes_toc_article_pdf'>\n        <\/div>\n        <a class='notes_toc_article_title_link' href='https:\/\/mathmatters.cms.math.ca\/fr\/article\/2024-cms-winter-meeting-reservez-la-date\/'>R\u00e9union d'hiver 2024 de la SMC 29 novembre - 2 d\u00e9cembre, R\u00e9gion de Vancouver | R\u00e9servez la date<\/a>      <\/div>\n    <\/div>\n    <div class='notes_toc_article'>\n      <div class='notes_toc_article_row'>\n        <div class='notes_toc_article_pdf'>\n        <\/div>\n        <a class='notes_toc_article_title_link' href='https:\/\/mathmatters.cms.math.ca\/fr\/article\/nouveaute-reunion-dhiver-2024-de-la-smc-linscription-a-tarif-preferentiel-est-ouverte\/'>R\u00e9union d'hiver 2024 de la SMC | L'inscription \u00e0 tarif pr\u00e9f\u00e9rentiel est ouverte jusqu'au novembre 6!<\/a>      <\/div>\n    <\/div>\n    <div class='notes_toc_article'>\n      <div class='notes_toc_article_row'>\n        <div class='notes_toc_article_pdf'>\n        <\/div>\n        <a class='notes_toc_article_title_link' href='https:\/\/mathmatters.cms.math.ca\/fr\/article\/nouveaute-reunion-en-ligne-deducation-de-la-smc-2024\/'>R\u00e9union (en ligne) d'\u00e9ducation de la SMC 2024, 22-23 novembre<\/a>      <\/div>\n    <\/div>\n    <div class='notes_toc_article'>\n      <div class='notes_toc_article_row'>\n        <div class='notes_toc_article_pdf'>\n        <\/div>\n        <a class='notes_toc_article_title_link' href='https:\/\/mathmatters.cms.math.ca\/fr\/article\/nouveaute-reunion-dete-2025-de-la-smc-reservez-la-date\/'>R\u00e9union d'\u00e9t\u00e9 2025 de la SMC, 6-9 juin | R\u00e9servez la date!<\/a>      <\/div>\n    <\/div>\n    <div class='notes_toc_article'>\n      <div class='notes_toc_article_row'>\n        <div class='notes_toc_article_pdf'>\n        <\/div>\n        <a class='notes_toc_article_title_link' href='https:\/\/mathmatters.cms.math.ca\/fr\/article\/nouveaute-service-de-garde-denfants-maintenant-disponible-pour-la-reunion-dhiver-2024-de-la-smc\/'>Service de garde d'enfants maintenant disponible pour la r\u00e9union d'hiver 2024 de la SMC, 30 novembre - 2 d\u00e9cembre<\/a>      <\/div>\n    <\/div>\n    <div class='notes_toc_article'>\n      <div class='notes_toc_section_name'>Annonces<\/div>\n      <div class='notes_toc_article_row'>\n        <div class='notes_toc_article_pdf'>\n        <\/div>\n        <a class='notes_toc_article_title_link' href='https:\/\/mathmatters.cms.math.ca\/fr\/article\/nouveaute-inscrivez-vous-aux-concours-de-la-smc\/'>Inscrivez-vous au Concours math\u00e9matique du m\u00e9sangeai du Canada ! | Date limite : 15 novembre<\/a>      <\/div>\n    <\/div>\n    <div class='notes_toc_article'>\n      <div class='notes_toc_article_row'>\n        <div class='notes_toc_article_pdf'>\n        <\/div>\n        <a class='notes_toc_article_title_link' href='https:\/\/mathmatters.cms.math.ca\/fr\/article\/nouveaute-dernier-appel-a-demandes-de-soutien-aux-conferences\/'>Dernier appel \u00e0 demandes de soutien aux conf\u00e9rences.<\/a> <span class='notes_toc_author_name'>&mdash;&nbsp;The Tutte Institute for Mathematics and Computing<\/span>      <\/div>\n    <\/div>\n    <div class='notes_toc_article'>\n      <div class='notes_toc_article_row'>\n        <div class='notes_toc_article_pdf'>\n        <\/div>\n        <a class='notes_toc_article_title_link' href='https:\/\/mathmatters.cms.math.ca\/fr\/article\/nouveaute-renouvelez-votre-adhesion-a-la-smc-pour-2025\/'>Renouvelez votre adh\u00e9sion \u00e0 la SMC pour 2025 !<\/a>      <\/div>\n    <\/div>\n    <div class='notes_toc_article'>\n      <div class='notes_toc_article_row'>\n        <div class='notes_toc_article_pdf'>\n        <\/div>\n        <a class='notes_toc_article_title_link' href='https:\/\/mathmatters.cms.math.ca\/fr\/article\/nouveaute-un-automne-charge-a-la-smc\/'>Un automne charg\u00e9 \u00e0 la SMC<\/a>      <\/div>\n    <\/div>\n    <div class='notes_toc_article'>\n      <div class='notes_toc_section_name'>Appel de mises en candidature<\/div>\n      <div class='notes_toc_article_row'>\n        <div class='notes_toc_article_pdf'>\n        <\/div>\n        <a class='notes_toc_article_title_link' href='https:\/\/mathmatters.cms.math.ca\/fr\/article\/nouveaute-appel-de-mises-en-candidature-prix-dexcellence-en-enseignement-2025\/'>Appel de mises en candidature Prix d'excellence en enseignement 2025 - date limite 15 novembre<\/a>      <\/div>\n    <\/div>\n    <div class='notes_toc_article'>\n      <div class='notes_toc_article_row'>\n        <div class='notes_toc_article_pdf'>\n        <\/div>\n        <a class='notes_toc_article_title_link' href='https:\/\/mathmatters.cms.math.ca\/fr\/article\/nouveaute-subventions-pour-les-concours-de-mathematiques-faites-votre-demande-maintenant\/'>Subventions pour les concours de math\u00e9matiques : Faites votre demande maintenant - date limite 15 novembre<\/a>      <\/div>\n    <\/div>\n    <div class='notes_toc_article'>\n      <div class='notes_toc_section_name'>Annonces<\/div>\n      <div class='notes_toc_article_row'>\n        <div class='notes_toc_article_pdf'>\n        <\/div>\n        <a class='notes_toc_article_title_link' href='https:\/\/mathmatters.cms.math.ca\/fr\/article\/nouveaute-appel-aux-correcteurs-pour-le-docm\/'>Recherche d'experts en math\u00e9matiques : Soyez b\u00e9n\u00e9vole pour corriger le D\u00e9fi ouvert canadien de math\u00e9matiques (DOCM)<\/a>      <\/div>\n    <\/div>\n    <div class='notes_toc_article'>\n      <div class='notes_toc_section_name'>Comit\u00e9 \u00e9tudiant de la SMC<\/div>\n      <div class='notes_toc_article_row'>\n        <div class='notes_toc_article_pdf'>\n        <\/div>\n        <a class='notes_toc_article_title_link' href='https:\/\/mathmatters.cms.math.ca\/fr\/article\/nouveaute-session-daffiches\/'>Session d'affiches<\/a> <span class='notes_toc_author_name'>&mdash;&nbsp;The CMS student committee<\/span>      <\/div>\n    <\/div>\n    <div class='notes_toc_article'>\n      <div class='notes_toc_article_row'>\n        <div class='notes_toc_article_pdf'>\n        <\/div>\n        <a class='notes_toc_article_title_link' href='https:\/\/mathmatters.cms.math.ca\/fr\/article\/nouveaute-seance-de-recherche-etudiante\/'>S\u00e9ance de recherche \u00e9tudiante<\/a> <span class='notes_toc_author_name'>&mdash;&nbsp;The CMS student committee<\/span>      <\/div>\n    <\/div>\n    <div class='notes_toc_article'>\n      <div class='notes_toc_article_row'>\n        <div class='notes_toc_article_pdf'>\n        <\/div>\n        <a class='notes_toc_article_title_link' href='https:\/\/mathmatters.cms.math.ca\/fr\/article\/nouveaute-notes-from-the-margin\/'>Notes from the Margin<\/a> <span class='notes_toc_author_name'>&mdash;&nbsp;J\u00e9r\u00e9my Champagne<\/span>      <\/div>\n    <\/div>\n    <div class='notes_toc_article'>\n      <div class='notes_toc_section_name'>CMS Student Committee<\/div>\n      <div class='notes_toc_article_row'>\n        <div class='notes_toc_article_pdf'>\n        <\/div>\n        <a class='notes_toc_article_title_link' href='https:\/\/mathmatters.cms.math.ca\/fr\/article\/studc-connect-with-us-on-discord\/'>Connect with us on Discord!<\/a> <span class='notes_toc_author_name'>&mdash;&nbsp;Student Committee of the CMS<\/span>      <\/div>\n    <\/div>\n    <div class='notes_toc_article'>\n      <div class='notes_toc_section_name'>Annonces<\/div>\n      <div class='notes_toc_article_row'>\n        <div class='notes_toc_article_pdf'>\n        <\/div>\n        <a class='notes_toc_article_title_link' href='https:\/\/mathmatters.cms.math.ca\/fr\/article\/nouveaute-ccem-2025-appel-a-lhote\/'>CC\u00c9M 2025 Appel \u00e0 l'h\u00f4te<\/a> <span class='notes_toc_author_name'>&mdash;&nbsp;Ludovick Bouthat<\/span>      <\/div>\n    <\/div>\n<\/div>\n<\/div>\n<\/div>\n    <\/div>\n  <div class='notes_issues_issident' id='notes_issues_issident_1_26'><a href='javascript:void(0);' title=\"afficher\/masquer le contenu\" onclick='notes_issues_iss_vh(1, 26)'><img src='\/wp-content\/uploads\/2020\/01\/folder-closed.png' alt='afficher' class='notes_issues_toggles' id='notes_issues_toggle_show_1_26' ><img src='\/wp-content\/uploads\/2020\/01\/folder-open.png' alt='masquer' class='notes_issues_toggles' id='notes_issues_toggle_hide_1_26' style='display:none;'>[26] Num\u00e9ro du 27 septembre 2024<\/a>\n<\/div>\n    <div class='notes_issues_isscontents' id='notes_issues_isscontents_1_26' style='display:none;'>\n<div class='notes_render_toc notes_noprint notes_toc_style_2' style='' id='notes_toc'>\n<div class='notes_toc_body'>\n  <div class='notes_toc_articles'>\n    <div class='notes_toc_article'>\n      <div class='notes_toc_section_name'>R\u00e9unions de la SMC<\/div>\n      <div class='notes_toc_article_row'>\n        <div class='notes_toc_article_pdf'>\n        <\/div>\n        <a class='notes_toc_article_title_link' href='https:\/\/mathmatters.cms.math.ca\/fr\/article\/2024-cms-winter-meeting-reservez-la-date\/'>R\u00e9union d'hiver 2024 de la SMC 29 novembre - 2 d\u00e9cembre, R\u00e9gion de Vancouver | R\u00e9servez la date<\/a>      <\/div>\n    <\/div>\n    <div class='notes_toc_article'>\n      <div class='notes_toc_article_row'>\n        <div class='notes_toc_article_pdf'>\n        <\/div>\n        <a class='notes_toc_article_title_link' href='https:\/\/mathmatters.cms.math.ca\/fr\/article\/nouveaute-reunion-en-ligne-deducation-de-la-smc-2024\/'>R\u00e9union (en ligne) d'\u00e9ducation de la SMC 2024, 22-23 novembre<\/a>      <\/div>\n    <\/div>\n    <div class='notes_toc_article'>\n      <div class='notes_toc_article_row'>\n        <div class='notes_toc_article_pdf'>\n        <\/div>\n        <a class='notes_toc_article_title_link' href='https:\/\/mathmatters.cms.math.ca\/fr\/article\/nouveaute-reunion-dhiver-2024-de-la-smc-linscription-a-tarif-preferentiel-est-ouverte\/'>R\u00e9union d'hiver 2024 de la SMC | L'inscription \u00e0 tarif pr\u00e9f\u00e9rentiel est ouverte jusqu'au novembre 6!<\/a>      <\/div>\n    <\/div>\n    <div class='notes_toc_article'>\n      <div class='notes_toc_article_row'>\n        <div class='notes_toc_article_pdf'>\n        <\/div>\n        <a class='notes_toc_article_title_link' href='https:\/\/mathmatters.cms.math.ca\/fr\/article\/appel-aux-sessions-deducation-reunion-dhiver-2024-de-la-smc\/'>Appel aux sessions d'\u00e9ducation | R\u00e9union d'hiver 2024 de la SMC<\/a>      <\/div>\n    <\/div>\n    <div class='notes_toc_article'>\n      <div class='notes_toc_article_row'>\n        <div class='notes_toc_article_pdf'>\n        <\/div>\n        <a class='notes_toc_article_title_link' href='https:\/\/mathmatters.cms.math.ca\/fr\/article\/appel-aux-sessions-scientifiques-reunion-dhiver-2024-de-la-smc\/'>Appel aux sessions scientifiques | R\u00e9union d'hiver 2024 de la SMC<\/a>      <\/div>\n    <\/div>\n    <div class='notes_toc_article'>\n      <div class='notes_toc_article_row'>\n        <div class='notes_toc_article_pdf'>\n        <\/div>\n        <a class='notes_toc_article_title_link' href='https:\/\/mathmatters.cms.math.ca\/fr\/article\/nouveaute-reunion-dete-2025-de-la-smc-reservez-la-date\/'>R\u00e9union d'\u00e9t\u00e9 2025 de la SMC, 6-9 juin | R\u00e9servez la date!<\/a>      <\/div>\n    <\/div>\n    <div class='notes_toc_article'>\n      <div class='notes_toc_article_row'>\n        <div class='notes_toc_article_pdf'>\n        <\/div>\n        <a class='notes_toc_article_title_link' href='https:\/\/mathmatters.cms.math.ca\/fr\/article\/nouveaute-service-de-garde-denfants-maintenant-disponible-pour-la-reunion-dhiver-2024-de-la-smc\/'>Service de garde d'enfants maintenant disponible pour la r\u00e9union d'hiver 2024 de la SMC, 30 novembre - 2 d\u00e9cembre<\/a>      <\/div>\n    <\/div>\n    <div class='notes_toc_article'>\n      <div class='notes_toc_article_row'>\n        <div class='notes_toc_article_pdf'>\n        <\/div>\n        <a class='notes_toc_article_title_link' href='https:\/\/mathmatters.cms.math.ca\/fr\/article\/nouveaute-appel-de-mini-cours-reunion-dhiver-2024-de-la-smc\/'>Appel de mini-cours | R\u00e9union d\u2019hiver 2024 de la SMC<\/a>      <\/div>\n    <\/div>\n    <div class='notes_toc_article'>\n      <div class='notes_toc_section_name'>Annonces<\/div>\n      <div class='notes_toc_article_row'>\n        <div class='notes_toc_article_pdf'>\n        <\/div>\n        <a class='notes_toc_article_title_link' href='https:\/\/mathmatters.cms.math.ca\/fr\/article\/nouveaute-renouvelez-votre-adhesion-a-la-smc-pour-2025\/'>Renouvelez votre adh\u00e9sion \u00e0 la SMC pour 2025 !<\/a>      <\/div>\n    <\/div>\n    <div class='notes_toc_article'>\n      <div class='notes_toc_article_row'>\n        <div class='notes_toc_article_pdf'>\n        <\/div>\n        <a class='notes_toc_article_title_link' href='https:\/\/mathmatters.cms.math.ca\/fr\/article\/nouveaute-inscrivez-vous-aux-concours-de-la-smc\/'>Inscrivez-vous au Concours math\u00e9matique du m\u00e9sangeai du Canada ! | Date limite : 15 novembre<\/a>      <\/div>\n    <\/div>\n    <div class='notes_toc_article'>\n      <div class='notes_toc_article_row'>\n        <div class='notes_toc_article_pdf'>\n        <\/div>\n        <a class='notes_toc_article_title_link' href='https:\/\/mathmatters.cms.math.ca\/fr\/article\/nouveaute-dernier-appel-a-demandes-de-soutien-aux-conferences\/'>Dernier appel \u00e0 demandes de soutien aux conf\u00e9rences.<\/a> <span class='notes_toc_author_name'>&mdash;&nbsp;The Tutte Institute for Mathematics and Computing<\/span>      <\/div>\n    <\/div>\n    <div class='notes_toc_article'>\n      <div class='notes_toc_article_row'>\n        <div class='notes_toc_article_pdf'>\n        <\/div>\n        <a class='notes_toc_article_title_link' href='https:\/\/mathmatters.cms.math.ca\/fr\/article\/nouveaute-call-for-nominations-2025-crm-fields-pims-prize\/'>Call for Nominations: 2025 CRM-Fields-PIMS Prize<\/a> <span class='notes_toc_author_name'>&mdash;&nbsp;Pacific Institute for the Mathematical Sciences (PIMS)<\/span>      <\/div>\n    <\/div>\n    <div class='notes_toc_article'>\n      <div class='notes_toc_article_row'>\n        <div class='notes_toc_article_pdf'>\n        <\/div>\n        <a class='notes_toc_article_title_link' href='https:\/\/mathmatters.cms.math.ca\/fr\/article\/nouveaute-fields-math-education-forum-meeting-saturday-28-september\/'>Fields Math Education Forum Meeting, Saturday, 28 September<\/a> <span class='notes_toc_author_name'>&mdash;&nbsp;Miroslav Lovric<\/span>      <\/div>\n    <\/div>\n    <div class='notes_toc_article'>\n      <div class='notes_toc_article_row'>\n        <div class='notes_toc_article_pdf'>\n        <\/div>\n        <a class='notes_toc_article_title_link' href='https:\/\/mathmatters.cms.math.ca\/fr\/article\/nouveaute-un-automne-charge-a-la-smc\/'>Un automne charg\u00e9 \u00e0 la SMC<\/a>      <\/div>\n    <\/div>\n    <div class='notes_toc_article'>\n      <div class='notes_toc_section_name'>Appel de mises en candidature<\/div>\n      <div class='notes_toc_article_row'>\n        <div class='notes_toc_article_pdf'>\n        <\/div>\n        <a class='notes_toc_article_title_link' href='https:\/\/mathmatters.cms.math.ca\/fr\/article\/nouveaute-appel-de-mises-en-candidature-prix-dexcellence-en-enseignement-2025\/'>Appel de mises en candidature Prix d'excellence en enseignement 2025 - date limite 15 novembre<\/a>      <\/div>\n    <\/div>\n    <div class='notes_toc_article'>\n      <div class='notes_toc_article_row'>\n        <div class='notes_toc_article_pdf'>\n        <\/div>\n        <a class='notes_toc_article_title_link' href='https:\/\/mathmatters.cms.math.ca\/fr\/article\/appel-de-mises-en-candidature-prix-krieger-nelson\/'>Appel de mises en candidature \u2013 Prix Krieger-Nelson<\/a>      <\/div>\n    <\/div>\n    <div class='notes_toc_article'>\n      <div class='notes_toc_article_row'>\n        <div class='notes_toc_article_pdf'>\n        <\/div>\n        <a class='notes_toc_article_title_link' href='https:\/\/mathmatters.cms.math.ca\/fr\/article\/appel-de-mises-en-candidature-prix-jeffery-williams\/'>Appel de mises en candidature - Prix Jeffery-Williams<\/a>      <\/div>\n    <\/div>\n    <div class='notes_toc_article'>\n      <div class='notes_toc_article_row'>\n        <div class='notes_toc_article_pdf'>\n        <\/div>\n        <a class='notes_toc_article_title_link' href='https:\/\/mathmatters.cms.math.ca\/fr\/article\/appel-de-mises-en-candidature-prix-coxeter-james\/'>Appel de mises en candidature \u2013 Prix Coxeter-James<\/a>      <\/div>\n    <\/div>\n    <div class='notes_toc_article'>\n      <div class='notes_toc_article_row'>\n        <div class='notes_toc_article_pdf'>\n        <\/div>\n        <a class='notes_toc_article_title_link' href='https:\/\/mathmatters.cms.math.ca\/fr\/article\/nouveaute-subventions-pour-les-concours-de-mathematiques-faites-votre-demande-maintenant\/'>Subventions pour les concours de math\u00e9matiques : Faites votre demande maintenant - date limite 15 novembre<\/a>      <\/div>\n    <\/div>\n    <div class='notes_toc_article'>\n      <div class='notes_toc_section_name'>R\u00e9unions de la SMC<\/div>\n      <div class='notes_toc_article_row'>\n        <div class='notes_toc_article_pdf'>\n        <\/div>\n        <a class='notes_toc_article_title_link' href='https:\/\/mathmatters.cms.math.ca\/fr\/article\/new-nouveaute-appel-a-propositions-de-presentations-pour-la-reunion-mathed-en-ligne-de-la-smc\/'>Appel \u00e0 propositions de pr\u00e9sentations pour la r\u00e9union MathEd (en ligne) de la SMC<\/a>      <\/div>\n    <\/div>\n    <div class='notes_toc_article'>\n      <div class='notes_toc_section_name'>Annonces<\/div>\n      <div class='notes_toc_article_row'>\n        <div class='notes_toc_article_pdf'>\n        <\/div>\n        <a class='notes_toc_article_title_link' href='https:\/\/mathmatters.cms.math.ca\/fr\/article\/nouveaute-appel-aux-correcteurs-pour-le-docm\/'>Recherche d'experts en math\u00e9matiques : Soyez b\u00e9n\u00e9vole pour corriger le D\u00e9fi ouvert canadien de math\u00e9matiques (DOCM)<\/a>      <\/div>\n    <\/div>\n    <div class='notes_toc_article'>\n      <div class='notes_toc_section_name'>Comit\u00e9 \u00e9tudiant de la SMC<\/div>\n      <div class='notes_toc_article_row'>\n        <div class='notes_toc_article_pdf'>\n        <\/div>\n        <a class='notes_toc_article_title_link' href='https:\/\/mathmatters.cms.math.ca\/fr\/article\/nouveaute-session-daffiches\/'>Session d'affiches<\/a> <span class='notes_toc_author_name'>&mdash;&nbsp;The CMS student committee<\/span>      <\/div>\n    <\/div>\n    <div class='notes_toc_article'>\n      <div class='notes_toc_article_row'>\n        <div class='notes_toc_article_pdf'>\n        <\/div>\n        <a class='notes_toc_article_title_link' href='https:\/\/mathmatters.cms.math.ca\/fr\/article\/nouveaute-seance-de-recherche-etudiante\/'>S\u00e9ance de recherche \u00e9tudiante<\/a> <span class='notes_toc_author_name'>&mdash;&nbsp;The CMS student committee<\/span>      <\/div>\n    <\/div>\n    <div class='notes_toc_article'>\n      <div class='notes_toc_article_row'>\n        <div class='notes_toc_article_pdf'>\n        <\/div>\n        <a class='notes_toc_article_title_link' href='https:\/\/mathmatters.cms.math.ca\/fr\/article\/nouveaute-notes-from-the-margin\/'>Notes from the Margin<\/a> <span class='notes_toc_author_name'>&mdash;&nbsp;J\u00e9r\u00e9my Champagne<\/span>      <\/div>\n    <\/div>\n    <div class='notes_toc_article'>\n      <div class='notes_toc_section_name'>CMS Student Committee<\/div>\n      <div class='notes_toc_article_row'>\n        <div class='notes_toc_article_pdf'>\n        <\/div>\n        <a class='notes_toc_article_title_link' href='https:\/\/mathmatters.cms.math.ca\/fr\/article\/studc-connect-with-us-on-discord\/'>Connect with us on Discord!<\/a> <span class='notes_toc_author_name'>&mdash;&nbsp;Student Committee of the CMS<\/span>      <\/div>\n    <\/div>\n    <div class='notes_toc_article'>\n      <div class='notes_toc_section_name'>Annonces<\/div>\n      <div class='notes_toc_article_row'>\n        <div class='notes_toc_article_pdf'>\n        <\/div>\n        <a class='notes_toc_article_title_link' href='https:\/\/mathmatters.cms.math.ca\/fr\/article\/nouveaute-ccem-2025-appel-a-lhote\/'>CC\u00c9M 2025 Appel \u00e0 l'h\u00f4te<\/a> <span class='notes_toc_author_name'>&mdash;&nbsp;Ludovick Bouthat<\/span>      <\/div>\n    <\/div>\n<\/div>\n<\/div>\n<\/div>\n    <\/div>\n  <div class='notes_issues_issident' id='notes_issues_issident_1_25'><a href='javascript:void(0);' title=\"afficher\/masquer le contenu\" onclick='notes_issues_iss_vh(1, 25)'><img src='\/wp-content\/uploads\/2020\/01\/folder-closed.png' alt='afficher' class='notes_issues_toggles' id='notes_issues_toggle_show_1_25' ><img src='\/wp-content\/uploads\/2020\/01\/folder-open.png' alt='masquer' class='notes_issues_toggles' id='notes_issues_toggle_hide_1_25' style='display:none;'>[25] Num\u00e9ro du 20 septembre 2024<\/a>\n<\/div>\n    <div class='notes_issues_isscontents' id='notes_issues_isscontents_1_25' style='display:none;'>\n<div class='notes_render_toc notes_noprint notes_toc_style_2' style='' id='notes_toc'>\n<div class='notes_toc_body'>\n  <div class='notes_toc_articles'>\n    <div class='notes_toc_article'>\n      <div class='notes_toc_section_name'>R\u00e9unions de la SMC<\/div>\n      <div class='notes_toc_article_row'>\n        <div class='notes_toc_article_pdf'>\n        <\/div>\n        <a class='notes_toc_article_title_link' href='https:\/\/mathmatters.cms.math.ca\/fr\/article\/2024-cms-winter-meeting-reservez-la-date\/'>R\u00e9union d'hiver 2024 de la SMC 29 novembre - 2 d\u00e9cembre, R\u00e9gion de Vancouver | R\u00e9servez la date<\/a>      <\/div>\n    <\/div>\n    <div class='notes_toc_article'>\n      <div class='notes_toc_article_row'>\n        <div class='notes_toc_article_pdf'>\n        <\/div>\n        <a class='notes_toc_article_title_link' href='https:\/\/mathmatters.cms.math.ca\/fr\/article\/nouveaute-reunion-dhiver-2024-de-la-smc-linscription-a-tarif-preferentiel-est-ouverte\/'>R\u00e9union d'hiver 2024 de la SMC | L'inscription \u00e0 tarif pr\u00e9f\u00e9rentiel est ouverte jusqu'au novembre 6!<\/a>      <\/div>\n    <\/div>\n    <div class='notes_toc_article'>\n      <div class='notes_toc_article_row'>\n        <div class='notes_toc_article_pdf'>\n        <\/div>\n        <a class='notes_toc_article_title_link' href='https:\/\/mathmatters.cms.math.ca\/fr\/article\/nouveaute-reunion-en-ligne-deducation-de-la-smc-2024\/'>R\u00e9union (en ligne) d'\u00e9ducation de la SMC 2024, 22-23 novembre<\/a>      <\/div>\n    <\/div>\n    <div class='notes_toc_article'>\n      <div class='notes_toc_article_row'>\n        <div class='notes_toc_article_pdf'>\n        <\/div>\n        <a class='notes_toc_article_title_link' href='https:\/\/mathmatters.cms.math.ca\/fr\/article\/nouveaute-service-de-garde-denfants-maintenant-disponible-pour-la-reunion-dhiver-2024-de-la-smc\/'>Service de garde d'enfants maintenant disponible pour la r\u00e9union d'hiver 2024 de la SMC, 30 novembre - 2 d\u00e9cembre<\/a>      <\/div>\n    <\/div>\n    <div class='notes_toc_article'>\n      <div class='notes_toc_article_row'>\n        <div class='notes_toc_article_pdf'>\n        <\/div>\n        <a class='notes_toc_article_title_link' href='https:\/\/mathmatters.cms.math.ca\/fr\/article\/nouveaute-reunion-dete-2025-de-la-smc-reservez-la-date\/'>R\u00e9union d'\u00e9t\u00e9 2025 de la SMC, 6-9 juin | R\u00e9servez la date!<\/a>      <\/div>\n    <\/div>\n    <div class='notes_toc_article'>\n      <div class='notes_toc_article_row'>\n        <div class='notes_toc_article_pdf'>\n        <\/div>\n        <a class='notes_toc_article_title_link' href='https:\/\/mathmatters.cms.math.ca\/fr\/article\/appel-aux-sessions-deducation-reunion-dhiver-2024-de-la-smc\/'>Appel aux sessions d'\u00e9ducation | R\u00e9union d'hiver 2024 de la SMC<\/a>      <\/div>\n    <\/div>\n    <div class='notes_toc_article'>\n      <div class='notes_toc_article_row'>\n        <div class='notes_toc_article_pdf'>\n        <\/div>\n        <a class='notes_toc_article_title_link' href='https:\/\/mathmatters.cms.math.ca\/fr\/article\/appel-aux-sessions-scientifiques-reunion-dhiver-2024-de-la-smc\/'>Appel aux sessions scientifiques | R\u00e9union d'hiver 2024 de la SMC<\/a>      <\/div>\n    <\/div>\n    <div class='notes_toc_article'>\n      <div class='notes_toc_article_row'>\n        <div class='notes_toc_article_pdf'>\n        <\/div>\n        <a class='notes_toc_article_title_link' href='https:\/\/mathmatters.cms.math.ca\/fr\/article\/nouveaute-appel-de-mini-cours-reunion-dhiver-2024-de-la-smc\/'>Appel de mini-cours | R\u00e9union d\u2019hiver 2024 de la SMC<\/a>      <\/div>\n    <\/div>\n    <div class='notes_toc_article'>\n      <div class='notes_toc_section_name'>Annonces<\/div>\n      <div class='notes_toc_article_row'>\n        <div class='notes_toc_article_pdf'>\n        <\/div>\n        <a class='notes_toc_article_title_link' href='https:\/\/mathmatters.cms.math.ca\/fr\/article\/nouveaute-call-for-nominations-2025-crm-fields-pims-prize\/'>Call for Nominations: 2025 CRM-Fields-PIMS Prize<\/a> <span class='notes_toc_author_name'>&mdash;&nbsp;Pacific Institute for the Mathematical Sciences (PIMS)<\/span>      <\/div>\n    <\/div>\n    <div class='notes_toc_article'>\n      <div class='notes_toc_article_row'>\n        <div class='notes_toc_article_pdf'>\n        <\/div>\n        <a class='notes_toc_article_title_link' href='https:\/\/mathmatters.cms.math.ca\/fr\/article\/nouveaute-fields-math-education-forum-meeting-saturday-28-september\/'>Fields Math Education Forum Meeting, Saturday, 28 September<\/a> <span class='notes_toc_author_name'>&mdash;&nbsp;Miroslav Lovric<\/span>      <\/div>\n    <\/div>\n    <div class='notes_toc_article'>\n      <div class='notes_toc_article_row'>\n        <div class='notes_toc_article_pdf'>\n        <\/div>\n        <a class='notes_toc_article_title_link' href='https:\/\/mathmatters.cms.math.ca\/fr\/article\/nouveaute-un-automne-charge-a-la-smc\/'>Un automne charg\u00e9 \u00e0 la SMC<\/a>      <\/div>\n    <\/div>\n    <div class='notes_toc_article'>\n      <div class='notes_toc_section_name'>Appel de mises en candidature<\/div>\n      <div class='notes_toc_article_row'>\n        <div class='notes_toc_article_pdf'>\n        <\/div>\n        <a class='notes_toc_article_title_link' href='https:\/\/mathmatters.cms.math.ca\/fr\/article\/appel-de-mises-en-candidature-prix-krieger-nelson\/'>Appel de mises en candidature \u2013 Prix Krieger-Nelson<\/a>      <\/div>\n    <\/div>\n    <div class='notes_toc_article'>\n      <div class='notes_toc_article_row'>\n        <div class='notes_toc_article_pdf'>\n        <\/div>\n        <a class='notes_toc_article_title_link' href='https:\/\/mathmatters.cms.math.ca\/fr\/article\/appel-de-mises-en-candidature-prix-jeffery-williams\/'>Appel de mises en candidature - Prix Jeffery-Williams<\/a>      <\/div>\n    <\/div>\n    <div class='notes_toc_article'>\n      <div class='notes_toc_article_row'>\n        <div class='notes_toc_article_pdf'>\n        <\/div>\n        <a class='notes_toc_article_title_link' href='https:\/\/mathmatters.cms.math.ca\/fr\/article\/appel-de-mises-en-candidature-prix-coxeter-james\/'>Appel de mises en candidature \u2013 Prix Coxeter-James<\/a>      <\/div>\n    <\/div>\n    <div class='notes_toc_article'>\n      <div class='notes_toc_article_row'>\n        <div class='notes_toc_article_pdf'>\n        <\/div>\n        <a class='notes_toc_article_title_link' href='https:\/\/mathmatters.cms.math.ca\/fr\/article\/nouveaute-subventions-pour-les-concours-de-mathematiques-faites-votre-demande-maintenant\/'>Subventions pour les concours de math\u00e9matiques : Faites votre demande maintenant - date limite 15 novembre<\/a>      <\/div>\n    <\/div>\n    <div class='notes_toc_article'>\n      <div class='notes_toc_section_name'>R\u00e9unions de la SMC<\/div>\n      <div class='notes_toc_article_row'>\n        <div class='notes_toc_article_pdf'>\n        <\/div>\n        <a class='notes_toc_article_title_link' href='https:\/\/mathmatters.cms.math.ca\/fr\/article\/new-nouveaute-appel-a-propositions-de-presentations-pour-la-reunion-mathed-en-ligne-de-la-smc\/'>Appel \u00e0 propositions de pr\u00e9sentations pour la r\u00e9union MathEd (en ligne) de la SMC<\/a>      <\/div>\n    <\/div>\n    <div class='notes_toc_article'>\n      <div class='notes_toc_section_name'>Annonces<\/div>\n      <div class='notes_toc_article_row'>\n        <div class='notes_toc_article_pdf'>\n        <\/div>\n        <a class='notes_toc_article_title_link' href='https:\/\/mathmatters.cms.math.ca\/fr\/article\/nouveaute-appel-aux-correcteurs-pour-le-docm\/'>Recherche d'experts en math\u00e9matiques : Soyez b\u00e9n\u00e9vole pour corriger le D\u00e9fi ouvert canadien de math\u00e9matiques (DOCM)<\/a>      <\/div>\n    <\/div>\n    <div class='notes_toc_article'>\n      <div class='notes_toc_article_row'>\n        <div class='notes_toc_article_pdf'>\n        <\/div>\n        <a class='notes_toc_article_title_link' href='https:\/\/mathmatters.cms.math.ca\/fr\/article\/nouveaute-ccem-2025-appel-a-lhote\/'>CC\u00c9M 2025 Appel \u00e0 l'h\u00f4te<\/a> <span class='notes_toc_author_name'>&mdash;&nbsp;Ludovick Bouthat<\/span>      <\/div>\n    <\/div>\n    <div class='notes_toc_article'>\n      <div class='notes_toc_section_name'>CMS Student Committee<\/div>\n      <div class='notes_toc_article_row'>\n        <div class='notes_toc_article_pdf'>\n        <\/div>\n        <a class='notes_toc_article_title_link' href='https:\/\/mathmatters.cms.math.ca\/fr\/article\/studc-connect-with-us-on-discord\/'>Connect with us on Discord!<\/a> <span class='notes_toc_author_name'>&mdash;&nbsp;Student Committee of the CMS<\/span>      <\/div>\n    <\/div>\n<\/div>\n<\/div>\n<\/div>\n    <\/div>\n  <div class='notes_issues_issident' id='notes_issues_issident_1_24'><a href='javascript:void(0);' title=\"afficher\/masquer le contenu\" onclick='notes_issues_iss_vh(1, 24)'><img src='\/wp-content\/uploads\/2020\/01\/folder-closed.png' alt='afficher' class='notes_issues_toggles' id='notes_issues_toggle_show_1_24' ><img src='\/wp-content\/uploads\/2020\/01\/folder-open.png' alt='masquer' class='notes_issues_toggles' id='notes_issues_toggle_hide_1_24' style='display:none;'>[24] Num\u00e9ro du 13 septembre 2024<\/a>\n<\/div>\n    <div class='notes_issues_isscontents' id='notes_issues_isscontents_1_24' style='display:none;'>\n<div class='notes_render_toc notes_noprint notes_toc_style_2' style='' id='notes_toc'>\n<div class='notes_toc_body'>\n  <div class='notes_toc_articles'>\n    <div class='notes_toc_article'>\n      <div class='notes_toc_section_name'>R\u00e9unions de la SMC<\/div>\n      <div class='notes_toc_article_row'>\n        <div class='notes_toc_article_pdf'>\n        <\/div>\n        <a class='notes_toc_article_title_link' href='https:\/\/mathmatters.cms.math.ca\/fr\/article\/2024-cms-winter-meeting-reservez-la-date\/'>R\u00e9union d'hiver 2024 de la SMC 29 novembre - 2 d\u00e9cembre, R\u00e9gion de Vancouver | R\u00e9servez la date<\/a>      <\/div>\n    <\/div>\n    <div class='notes_toc_article'>\n      <div class='notes_toc_article_row'>\n        <div class='notes_toc_article_pdf'>\n        <\/div>\n        <a class='notes_toc_article_title_link' href='https:\/\/mathmatters.cms.math.ca\/fr\/article\/nouveaute-reunion-en-ligne-deducation-de-la-smc-2024\/'>R\u00e9union (en ligne) d'\u00e9ducation de la SMC 2024, 22-23 novembre<\/a>      <\/div>\n    <\/div>\n    <div class='notes_toc_article'>\n      <div class='notes_toc_article_row'>\n        <div class='notes_toc_article_pdf'>\n        <\/div>\n        <a class='notes_toc_article_title_link' href='https:\/\/mathmatters.cms.math.ca\/fr\/article\/nouveaute-reunion-dhiver-2024-de-la-smc-linscription-a-tarif-preferentiel-est-ouverte\/'>R\u00e9union d'hiver 2024 de la SMC | L'inscription \u00e0 tarif pr\u00e9f\u00e9rentiel est ouverte jusqu'au novembre 6!<\/a>      <\/div>\n    <\/div>\n    <div class='notes_toc_article'>\n      <div class='notes_toc_article_row'>\n        <div class='notes_toc_article_pdf'>\n        <\/div>\n        <a class='notes_toc_article_title_link' href='https:\/\/mathmatters.cms.math.ca\/fr\/article\/nouveaute-reunion-dete-2025-de-la-smc-reservez-la-date\/'>R\u00e9union d'\u00e9t\u00e9 2025 de la SMC, 6-9 juin | R\u00e9servez la date!<\/a>      <\/div>\n    <\/div>\n    <div class='notes_toc_article'>\n      <div class='notes_toc_article_row'>\n        <div class='notes_toc_article_pdf'>\n        <\/div>\n        <a class='notes_toc_article_title_link' href='https:\/\/mathmatters.cms.math.ca\/fr\/article\/appel-aux-sessions-deducation-reunion-dhiver-2024-de-la-smc\/'>Appel aux sessions d'\u00e9ducation | R\u00e9union d'hiver 2024 de la SMC<\/a>      <\/div>\n    <\/div>\n    <div class='notes_toc_article'>\n      <div class='notes_toc_article_row'>\n        <div class='notes_toc_article_pdf'>\n        <\/div>\n        <a class='notes_toc_article_title_link' href='https:\/\/mathmatters.cms.math.ca\/fr\/article\/appel-aux-sessions-scientifiques-reunion-dhiver-2024-de-la-smc\/'>Appel aux sessions scientifiques | R\u00e9union d'hiver 2024 de la SMC<\/a>      <\/div>\n    <\/div>\n    <div class='notes_toc_article'>\n      <div class='notes_toc_section_name'>Annonces<\/div>\n      <div class='notes_toc_article_row'>\n        <div class='notes_toc_article_pdf'>\n        <\/div>\n        <a class='notes_toc_article_title_link' href='https:\/\/mathmatters.cms.math.ca\/fr\/article\/nouveaute-05c50-online\/'>05C50 Online<\/a> <span class='notes_toc_author_name'>&mdash;&nbsp;Hermie Monterde<\/span>      <\/div>\n    <\/div>\n    <div class='notes_toc_article'>\n      <div class='notes_toc_section_name'>R\u00e9unions de la SMC<\/div>\n      <div class='notes_toc_article_row'>\n        <div class='notes_toc_article_pdf'>\n        <\/div>\n        <a class='notes_toc_article_title_link' href='https:\/\/mathmatters.cms.math.ca\/fr\/article\/nouveaute-appel-de-mini-cours-reunion-dhiver-2024-de-la-smc\/'>Appel de mini-cours | R\u00e9union d\u2019hiver 2024 de la SMC<\/a>      <\/div>\n    <\/div>\n    <div class='notes_toc_article'>\n      <div class='notes_toc_section_name'>Annonces<\/div>\n      <div class='notes_toc_article_row'>\n        <div class='notes_toc_article_pdf'>\n        <\/div>\n        <a class='notes_toc_article_title_link' href='https:\/\/mathmatters.cms.math.ca\/fr\/article\/nouveaute-call-for-proposals-for-the-2026-birs-program\/'>Call for proposals for the 2026 BIRS program<\/a> <span class='notes_toc_author_name'>&mdash;&nbsp;Malabika Pramanik<\/span>      <\/div>\n    <\/div>\n    <div class='notes_toc_article'>\n      <div class='notes_toc_article_row'>\n        <div class='notes_toc_article_pdf'>\n        <\/div>\n        <a class='notes_toc_article_title_link' href='https:\/\/mathmatters.cms.math.ca\/fr\/article\/nouveaute-call-for-nominations-2025-crm-fields-pims-prize\/'>Call for Nominations: 2025 CRM-Fields-PIMS Prize<\/a> <span class='notes_toc_author_name'>&mdash;&nbsp;Pacific Institute for the Mathematical Sciences (PIMS)<\/span>      <\/div>\n    <\/div>\n    <div class='notes_toc_article'>\n      <div class='notes_toc_article_row'>\n        <div class='notes_toc_article_pdf'>\n        <\/div>\n        <a class='notes_toc_article_title_link' href='https:\/\/mathmatters.cms.math.ca\/fr\/article\/nouveaute-un-automne-charge-a-la-smc\/'>Un automne charg\u00e9 \u00e0 la SMC<\/a>      <\/div>\n    <\/div>\n    <div class='notes_toc_article'>\n      <div class='notes_toc_section_name'>Appel de mises en candidature<\/div>\n      <div class='notes_toc_article_row'>\n        <div class='notes_toc_article_pdf'>\n        <\/div>\n        <a class='notes_toc_article_title_link' href='https:\/\/mathmatters.cms.math.ca\/fr\/article\/appel-de-mises-en-candidature-prix-coxeter-james\/'>Appel de mises en candidature \u2013 Prix Coxeter-James<\/a>      <\/div>\n    <\/div>\n    <div class='notes_toc_article'>\n      <div class='notes_toc_article_row'>\n        <div class='notes_toc_article_pdf'>\n        <\/div>\n        <a class='notes_toc_article_title_link' href='https:\/\/mathmatters.cms.math.ca\/fr\/article\/appel-de-mises-en-candidature-prix-krieger-nelson\/'>Appel de mises en candidature \u2013 Prix Krieger-Nelson<\/a>      <\/div>\n    <\/div>\n    <div class='notes_toc_article'>\n      <div class='notes_toc_article_row'>\n        <div class='notes_toc_article_pdf'>\n        <\/div>\n        <a class='notes_toc_article_title_link' href='https:\/\/mathmatters.cms.math.ca\/fr\/article\/appel-de-mises-en-candidature-prix-jeffery-williams\/'>Appel de mises en candidature - Prix Jeffery-Williams<\/a>      <\/div>\n    <\/div>\n    <div class='notes_toc_article'>\n      <div class='notes_toc_article_row'>\n        <div class='notes_toc_article_pdf'>\n        <\/div>\n        <a class='notes_toc_article_title_link' href='https:\/\/mathmatters.cms.math.ca\/fr\/article\/nouveaute-subventions-pour-les-concours-de-mathematiques-faites-votre-demande-maintenant\/'>Subventions pour les concours de math\u00e9matiques : Faites votre demande maintenant - date limite 15 novembre<\/a>      <\/div>\n    <\/div>\n    <div class='notes_toc_article'>\n      <div class='notes_toc_section_name'>R\u00e9unions de la SMC<\/div>\n      <div class='notes_toc_article_row'>\n        <div class='notes_toc_article_pdf'>\n        <\/div>\n        <a class='notes_toc_article_title_link' href='https:\/\/mathmatters.cms.math.ca\/fr\/article\/new-nouveaute-appel-a-propositions-de-presentations-pour-la-reunion-mathed-en-ligne-de-la-smc\/'>Appel \u00e0 propositions de pr\u00e9sentations pour la r\u00e9union MathEd (en ligne) de la SMC<\/a>      <\/div>\n    <\/div>\n    <div class='notes_toc_article'>\n      <div class='notes_toc_section_name'>Annonces<\/div>\n      <div class='notes_toc_article_row'>\n        <div class='notes_toc_article_pdf'>\n        <\/div>\n        <a class='notes_toc_article_title_link' href='https:\/\/mathmatters.cms.math.ca\/fr\/article\/nouveaute-appel-aux-correcteurs-pour-le-docm\/'>Recherche d'experts en math\u00e9matiques : Soyez b\u00e9n\u00e9vole pour corriger le D\u00e9fi ouvert canadien de math\u00e9matiques (DOCM)<\/a>      <\/div>\n    <\/div>\n    <div class='notes_toc_article'>\n      <div class='notes_toc_section_name'>CMS Student Committee<\/div>\n      <div class='notes_toc_article_row'>\n        <div class='notes_toc_article_pdf'>\n        <\/div>\n        <a class='notes_toc_article_title_link' href='https:\/\/mathmatters.cms.math.ca\/fr\/article\/studc-connect-with-us-on-discord\/'>Connect with us on Discord!<\/a> <span class='notes_toc_author_name'>&mdash;&nbsp;Student Committee of the CMS<\/span>      <\/div>\n    <\/div>\n<\/div>\n<\/div>\n<\/div>\n    <\/div>\n  <div class='notes_issues_issident' id='notes_issues_issident_1_23'><a href='javascript:void(0);' title=\"afficher\/masquer le contenu\" onclick='notes_issues_iss_vh(1, 23)'><img src='\/wp-content\/uploads\/2020\/01\/folder-closed.png' alt='afficher' class='notes_issues_toggles' id='notes_issues_toggle_show_1_23' ><img src='\/wp-content\/uploads\/2020\/01\/folder-open.png' alt='masquer' class='notes_issues_toggles' id='notes_issues_toggle_hide_1_23' style='display:none;'>[23] Num\u00e9ro du 6 septembre 2024<\/a>\n<\/div>\n    <div class='notes_issues_isscontents' id='notes_issues_isscontents_1_23' style='display:none;'>\n<div class='notes_render_toc notes_noprint notes_toc_style_2' style='' id='notes_toc'>\n<div class='notes_toc_body'>\n  <div class='notes_toc_articles'>\n    <div class='notes_toc_article'>\n      <div class='notes_toc_section_name'>R\u00e9unions de la SMC<\/div>\n      <div class='notes_toc_article_row'>\n        <div class='notes_toc_article_pdf'>\n        <\/div>\n        <a class='notes_toc_article_title_link' href='https:\/\/mathmatters.cms.math.ca\/fr\/article\/2024-cms-winter-meeting-reservez-la-date\/'>R\u00e9union d'hiver 2024 de la SMC 29 novembre - 2 d\u00e9cembre, R\u00e9gion de Vancouver | R\u00e9servez la date<\/a>      <\/div>\n    <\/div>\n    <div class='notes_toc_article'>\n      <div class='notes_toc_article_row'>\n        <div class='notes_toc_article_pdf'>\n        <\/div>\n        <a class='notes_toc_article_title_link' href='https:\/\/mathmatters.cms.math.ca\/fr\/article\/nouveaute-reunion-dhiver-2024-de-la-smc-linscription-a-tarif-preferentiel-est-ouverte\/'>R\u00e9union d'hiver 2024 de la SMC | L'inscription \u00e0 tarif pr\u00e9f\u00e9rentiel est ouverte jusqu'au novembre 6!<\/a>      <\/div>\n    <\/div>\n    <div class='notes_toc_article'>\n      <div class='notes_toc_article_row'>\n        <div class='notes_toc_article_pdf'>\n        <\/div>\n        <a class='notes_toc_article_title_link' href='https:\/\/mathmatters.cms.math.ca\/fr\/article\/nouveaute-reunion-en-ligne-deducation-de-la-smc-2024\/'>R\u00e9union (en ligne) d'\u00e9ducation de la SMC 2024, 22-23 novembre<\/a>      <\/div>\n    <\/div>\n    <div class='notes_toc_article'>\n      <div class='notes_toc_article_row'>\n        <div class='notes_toc_article_pdf'>\n        <\/div>\n        <a class='notes_toc_article_title_link' href='https:\/\/mathmatters.cms.math.ca\/fr\/article\/appel-aux-sessions-scientifiques-reunion-dhiver-2024-de-la-smc\/'>Appel aux sessions scientifiques | R\u00e9union d'hiver 2024 de la SMC<\/a>      <\/div>\n    <\/div>\n    <div class='notes_toc_article'>\n      <div class='notes_toc_article_row'>\n        <div class='notes_toc_article_pdf'>\n        <\/div>\n        <a class='notes_toc_article_title_link' href='https:\/\/mathmatters.cms.math.ca\/fr\/article\/nouveaute-reunion-dete-2025-de-la-smc-reservez-la-date\/'>R\u00e9union d'\u00e9t\u00e9 2025 de la SMC, 6-9 juin | R\u00e9servez la date!<\/a>      <\/div>\n    <\/div>\n    <div class='notes_toc_article'>\n      <div class='notes_toc_article_row'>\n        <div class='notes_toc_article_pdf'>\n        <\/div>\n        <a class='notes_toc_article_title_link' href='https:\/\/mathmatters.cms.math.ca\/fr\/article\/appel-aux-sessions-deducation-reunion-dhiver-2024-de-la-smc\/'>Appel aux sessions d'\u00e9ducation | R\u00e9union d'hiver 2024 de la SMC<\/a>      <\/div>\n    <\/div>\n    <div class='notes_toc_article'>\n      <div class='notes_toc_section_name'>Annonces<\/div>\n      <div class='notes_toc_article_row'>\n        <div class='notes_toc_article_pdf'>\n        <\/div>\n        <a class='notes_toc_article_title_link' href='https:\/\/mathmatters.cms.math.ca\/fr\/article\/nouveaute-05c50-online\/'>05C50 Online<\/a> <span class='notes_toc_author_name'>&mdash;&nbsp;Hermie Monterde<\/span>      <\/div>\n    <\/div>\n    <div class='notes_toc_article'>\n      <div class='notes_toc_section_name'>R\u00e9unions de la SMC<\/div>\n      <div class='notes_toc_article_row'>\n        <div class='notes_toc_article_pdf'>\n        <\/div>\n        <a class='notes_toc_article_title_link' href='https:\/\/mathmatters.cms.math.ca\/fr\/article\/nouveaute-appel-de-mini-cours-reunion-dhiver-2024-de-la-smc\/'>Appel de mini-cours | R\u00e9union d\u2019hiver 2024 de la SMC<\/a>      <\/div>\n    <\/div>\n    <div class='notes_toc_article'>\n      <div class='notes_toc_section_name'>Annonces<\/div>\n      <div class='notes_toc_article_row'>\n        <div class='notes_toc_article_pdf'>\n        <\/div>\n        <a class='notes_toc_article_title_link' href='https:\/\/mathmatters.cms.math.ca\/fr\/article\/nouveaute-call-for-proposals-for-the-2026-birs-program\/'>Call for proposals for the 2026 BIRS program<\/a> <span class='notes_toc_author_name'>&mdash;&nbsp;Malabika Pramanik<\/span>      <\/div>\n    <\/div>\n    <div class='notes_toc_article'>\n      <div class='notes_toc_article_row'>\n        <div class='notes_toc_article_pdf'>\n        <\/div>\n        <a class='notes_toc_article_title_link' href='https:\/\/mathmatters.cms.math.ca\/fr\/article\/nouveaute-bourses-du-fonds-de-dotation-2025\/'>Bourses du fonds de dotation 2025<\/a>      <\/div>\n    <\/div>\n    <div class='notes_toc_article'>\n      <div class='notes_toc_article_row'>\n        <div class='notes_toc_article_pdf'>\n        <\/div>\n        <a class='notes_toc_article_title_link' href='https:\/\/mathmatters.cms.math.ca\/fr\/article\/nouveaute-call-for-nominations-2025-crm-fields-pims-prize\/'>Call for Nominations: 2025 CRM-Fields-PIMS Prize<\/a> <span class='notes_toc_author_name'>&mdash;&nbsp;Pacific Institute for the Mathematical Sciences (PIMS)<\/span>      <\/div>\n    <\/div>\n    <div class='notes_toc_article'>\n      <div class='notes_toc_article_row'>\n        <div class='notes_toc_article_pdf'>\n        <\/div>\n        <a class='notes_toc_article_title_link' href='https:\/\/mathmatters.cms.math.ca\/fr\/article\/nouveaute-un-automne-charge-a-la-smc\/'>Un automne charg\u00e9 \u00e0 la SMC<\/a>      <\/div>\n    <\/div>\n    <div class='notes_toc_article'>\n      <div class='notes_toc_section_name'>Appel de mises en candidature<\/div>\n      <div class='notes_toc_article_row'>\n        <div class='notes_toc_article_pdf'>\n        <\/div>\n        <a class='notes_toc_article_title_link' href='https:\/\/mathmatters.cms.math.ca\/fr\/article\/nouveaute-appel-de-mises-en-candidature-prix-dexcellence-en-enseignement-2025\/'>Appel de mises en candidature Prix d'excellence en enseignement 2025 - date limite 15 novembre<\/a>      <\/div>\n    <\/div>\n    <div class='notes_toc_article'>\n      <div class='notes_toc_article_row'>\n        <div class='notes_toc_article_pdf'>\n        <\/div>\n        <a class='notes_toc_article_title_link' href='https:\/\/mathmatters.cms.math.ca\/fr\/article\/appel-de-mises-en-candidature-prix-krieger-nelson\/'>Appel de mises en candidature \u2013 Prix Krieger-Nelson<\/a>      <\/div>\n    <\/div>\n    <div class='notes_toc_article'>\n      <div class='notes_toc_article_row'>\n        <div class='notes_toc_article_pdf'>\n        <\/div>\n        <a class='notes_toc_article_title_link' href='https:\/\/mathmatters.cms.math.ca\/fr\/article\/appel-de-mises-en-candidature-prix-jeffery-williams\/'>Appel de mises en candidature - Prix Jeffery-Williams<\/a>      <\/div>\n    <\/div>\n    <div class='notes_toc_article'>\n      <div class='notes_toc_article_row'>\n        <div class='notes_toc_article_pdf'>\n        <\/div>\n        <a class='notes_toc_article_title_link' href='https:\/\/mathmatters.cms.math.ca\/fr\/article\/appel-de-mises-en-candidature-prix-coxeter-james\/'>Appel de mises en candidature \u2013 Prix Coxeter-James<\/a>      <\/div>\n    <\/div>\n    <div class='notes_toc_article'>\n      <div class='notes_toc_article_row'>\n        <div class='notes_toc_article_pdf'>\n        <\/div>\n        <a class='notes_toc_article_title_link' href='https:\/\/mathmatters.cms.math.ca\/fr\/article\/nouveaute-subventions-pour-les-concours-de-mathematiques-faites-votre-demande-maintenant\/'>Subventions pour les concours de math\u00e9matiques : Faites votre demande maintenant - date limite 15 novembre<\/a>      <\/div>\n    <\/div>\n    <div class='notes_toc_article'>\n      <div class='notes_toc_section_name'>R\u00e9unions de la SMC<\/div>\n      <div class='notes_toc_article_row'>\n        <div class='notes_toc_article_pdf'>\n        <\/div>\n        <a class='notes_toc_article_title_link' href='https:\/\/mathmatters.cms.math.ca\/fr\/article\/new-nouveaute-appel-a-propositions-de-presentations-pour-la-reunion-mathed-en-ligne-de-la-smc\/'>Appel \u00e0 propositions de pr\u00e9sentations pour la r\u00e9union MathEd (en ligne) de la SMC<\/a>      <\/div>\n    <\/div>\n    <div class='notes_toc_article'>\n      <div class='notes_toc_section_name'>Annonces<\/div>\n      <div class='notes_toc_article_row'>\n        <div class='notes_toc_article_pdf'>\n        <\/div>\n        <a class='notes_toc_article_title_link' href='https:\/\/mathmatters.cms.math.ca\/fr\/article\/nouveaute-appel-aux-correcteurs-pour-le-docm\/'>Recherche d'experts en math\u00e9matiques : Soyez b\u00e9n\u00e9vole pour corriger le D\u00e9fi ouvert canadien de math\u00e9matiques (DOCM)<\/a>      <\/div>\n    <\/div>\n    <div class='notes_toc_article'>\n      <div class='notes_toc_section_name'>CMS Student Committee<\/div>\n      <div class='notes_toc_article_row'>\n        <div class='notes_toc_article_pdf'>\n        <\/div>\n        <a class='notes_toc_article_title_link' href='https:\/\/mathmatters.cms.math.ca\/fr\/article\/studc-connect-with-us-on-discord\/'>Connect with us on Discord!<\/a> <span class='notes_toc_author_name'>&mdash;&nbsp;Student Committee of the CMS<\/span>      <\/div>\n    <\/div>\n<\/div>\n<\/div>\n<\/div>\n    <\/div>\n  <div class='notes_issues_issident' id='notes_issues_issident_1_22'><a href='javascript:void(0);' title=\"afficher\/masquer le contenu\" onclick='notes_issues_iss_vh(1, 22)'><img src='\/wp-content\/uploads\/2020\/01\/folder-closed.png' alt='afficher' class='notes_issues_toggles' id='notes_issues_toggle_show_1_22' ><img src='\/wp-content\/uploads\/2020\/01\/folder-open.png' alt='masquer' class='notes_issues_toggles' id='notes_issues_toggle_hide_1_22' style='display:none;'>[22] Num\u00e9ro du 30 ao\u00fbt 2024<\/a>\n<\/div>\n    <div class='notes_issues_isscontents' id='notes_issues_isscontents_1_22' style='display:none;'>\n<div class='notes_render_toc notes_noprint notes_toc_style_2' style='' id='notes_toc'>\n<div class='notes_toc_body'>\n  <div class='notes_toc_articles'>\n    <div class='notes_toc_article'>\n      <div class='notes_toc_section_name'>R\u00e9unions de la SMC<\/div>\n      <div class='notes_toc_article_row'>\n        <div class='notes_toc_article_pdf'>\n        <\/div>\n        <a class='notes_toc_article_title_link' href='https:\/\/mathmatters.cms.math.ca\/fr\/article\/2024-cms-winter-meeting-reservez-la-date\/'>R\u00e9union d'hiver 2024 de la SMC 29 novembre - 2 d\u00e9cembre, R\u00e9gion de Vancouver | R\u00e9servez la date<\/a>      <\/div>\n    <\/div>\n    <div class='notes_toc_article'>\n      <div class='notes_toc_article_row'>\n        <div class='notes_toc_article_pdf'>\n        <\/div>\n        <a class='notes_toc_article_title_link' href='https:\/\/mathmatters.cms.math.ca\/fr\/article\/nouveaute-reunion-en-ligne-deducation-de-la-smc-2024\/'>R\u00e9union (en ligne) d'\u00e9ducation de la SMC 2024, 22-23 novembre<\/a>      <\/div>\n    <\/div>\n    <div class='notes_toc_article'>\n      <div class='notes_toc_article_row'>\n        <div class='notes_toc_article_pdf'>\n        <\/div>\n        <a class='notes_toc_article_title_link' href='https:\/\/mathmatters.cms.math.ca\/fr\/article\/nouveaute-reunion-dete-2025-de-la-smc-reservez-la-date\/'>R\u00e9union d'\u00e9t\u00e9 2025 de la SMC, 6-9 juin | R\u00e9servez la date!<\/a>      <\/div>\n    <\/div>\n    <div class='notes_toc_article'>\n      <div class='notes_toc_article_row'>\n        <div class='notes_toc_article_pdf'>\n        <\/div>\n        <a class='notes_toc_article_title_link' href='https:\/\/mathmatters.cms.math.ca\/fr\/article\/appel-aux-sessions-deducation-reunion-dhiver-2024-de-la-smc\/'>Appel aux sessions d'\u00e9ducation | R\u00e9union d'hiver 2024 de la SMC<\/a>      <\/div>\n    <\/div>\n    <div class='notes_toc_article'>\n      <div class='notes_toc_article_row'>\n        <div class='notes_toc_article_pdf'>\n        <\/div>\n        <a class='notes_toc_article_title_link' href='https:\/\/mathmatters.cms.math.ca\/fr\/article\/appel-aux-sessions-scientifiques-reunion-dhiver-2024-de-la-smc\/'>Appel aux sessions scientifiques | R\u00e9union d'hiver 2024 de la SMC<\/a>      <\/div>\n    <\/div>\n    <div class='notes_toc_article'>\n      <div class='notes_toc_section_name'>Annonces<\/div>\n      <div class='notes_toc_article_row'>\n        <div class='notes_toc_article_pdf'>\n        <\/div>\n        <a class='notes_toc_article_title_link' href='https:\/\/mathmatters.cms.math.ca\/fr\/article\/nouveaute-05c50-online\/'>05C50 Online<\/a> <span class='notes_toc_author_name'>&mdash;&nbsp;Hermie Monterde<\/span>      <\/div>\n    <\/div>\n    <div class='notes_toc_article'>\n      <div class='notes_toc_section_name'>R\u00e9unions de la SMC<\/div>\n      <div class='notes_toc_article_row'>\n        <div class='notes_toc_article_pdf'>\n        <\/div>\n        <a class='notes_toc_article_title_link' href='https:\/\/mathmatters.cms.math.ca\/fr\/article\/nouveaute-appel-de-mini-cours-reunion-dhiver-2024-de-la-smc\/'>Appel de mini-cours | R\u00e9union d\u2019hiver 2024 de la SMC<\/a>      <\/div>\n    <\/div>\n    <div class='notes_toc_article'>\n      <div class='notes_toc_section_name'>Annonces<\/div>\n      <div class='notes_toc_article_row'>\n        <div class='notes_toc_article_pdf'>\n        <\/div>\n        <a class='notes_toc_article_title_link' href='https:\/\/mathmatters.cms.math.ca\/fr\/article\/nouveaute-demandes-de-soutien-aux-conferences\/'>NOUVEAUT\u00c9\u00a0: Demandes de soutien aux conf\u00e9rences<\/a> <span class='notes_toc_author_name'>&mdash;&nbsp;Tutte Institute for Mathematics and Computing<\/span>      <\/div>\n    <\/div>\n    <div class='notes_toc_article'>\n      <div class='notes_toc_article_row'>\n        <div class='notes_toc_article_pdf'>\n        <\/div>\n        <a class='notes_toc_article_title_link' href='https:\/\/mathmatters.cms.math.ca\/fr\/article\/nouveaute-call-for-proposals-for-the-2026-birs-program\/'>Call for proposals for the 2026 BIRS program<\/a> <span class='notes_toc_author_name'>&mdash;&nbsp;Malabika Pramanik<\/span>      <\/div>\n    <\/div>\n    <div class='notes_toc_article'>\n      <div class='notes_toc_article_row'>\n        <div class='notes_toc_article_pdf'>\n        <\/div>\n        <a class='notes_toc_article_title_link' href='https:\/\/mathmatters.cms.math.ca\/fr\/article\/nouveaute-bourses-du-fonds-de-dotation-2025\/'>Bourses du fonds de dotation 2025<\/a>      <\/div>\n    <\/div>\n    <div class='notes_toc_article'>\n      <div class='notes_toc_article_row'>\n        <div class='notes_toc_article_pdf'>\n        <\/div>\n        <a class='notes_toc_article_title_link' href='https:\/\/mathmatters.cms.math.ca\/fr\/article\/nouveaute-call-for-nominations-2025-crm-fields-pims-prize\/'>Call for Nominations: 2025 CRM-Fields-PIMS Prize<\/a> <span class='notes_toc_author_name'>&mdash;&nbsp;Pacific Institute for the Mathematical Sciences (PIMS)<\/span>      <\/div>\n    <\/div>\n    <div class='notes_toc_article'>\n      <div class='notes_toc_article_row'>\n        <div class='notes_toc_article_pdf'>\n        <\/div>\n        <a class='notes_toc_article_title_link' href='https:\/\/mathmatters.cms.math.ca\/fr\/article\/nouveaute-un-automne-charge-a-la-smc\/'>Un automne charg\u00e9 \u00e0 la SMC<\/a>      <\/div>\n    <\/div>\n    <div class='notes_toc_article'>\n      <div class='notes_toc_section_name'>Appel de mises en candidature<\/div>\n      <div class='notes_toc_article_row'>\n        <div class='notes_toc_article_pdf'>\n        <\/div>\n        <a class='notes_toc_article_title_link' href='https:\/\/mathmatters.cms.math.ca\/fr\/article\/nouveaute-appel-de-mises-en-candidature-prix-dexcellence-en-enseignement-2025\/'>Appel de mises en candidature Prix d'excellence en enseignement 2025 - date limite 15 novembre<\/a>      <\/div>\n    <\/div>\n    <div class='notes_toc_article'>\n      <div class='notes_toc_article_row'>\n        <div class='notes_toc_article_pdf'>\n        <\/div>\n        <a class='notes_toc_article_title_link' href='https:\/\/mathmatters.cms.math.ca\/fr\/article\/appel-de-mises-en-candidature-prix-jeffery-williams\/'>Appel de mises en candidature - Prix Jeffery-Williams<\/a>      <\/div>\n    <\/div>\n    <div class='notes_toc_article'>\n      <div class='notes_toc_article_row'>\n        <div class='notes_toc_article_pdf'>\n        <\/div>\n        <a class='notes_toc_article_title_link' href='https:\/\/mathmatters.cms.math.ca\/fr\/article\/appel-de-mises-en-candidature-prix-coxeter-james\/'>Appel de mises en candidature \u2013 Prix Coxeter-James<\/a>      <\/div>\n    <\/div>\n    <div class='notes_toc_article'>\n      <div class='notes_toc_article_row'>\n        <div class='notes_toc_article_pdf'>\n        <\/div>\n        <a class='notes_toc_article_title_link' href='https:\/\/mathmatters.cms.math.ca\/fr\/article\/appel-de-mises-en-candidature-prix-krieger-nelson\/'>Appel de mises en candidature \u2013 Prix Krieger-Nelson<\/a>      <\/div>\n    <\/div>\n    <div class='notes_toc_article'>\n      <div class='notes_toc_section_name'>R\u00e9unions de la SMC<\/div>\n      <div class='notes_toc_article_row'>\n        <div class='notes_toc_article_pdf'>\n        <\/div>\n        <a class='notes_toc_article_title_link' href='https:\/\/mathmatters.cms.math.ca\/fr\/article\/new-nouveaute-appel-a-propositions-de-presentations-pour-la-reunion-mathed-en-ligne-de-la-smc\/'>Appel \u00e0 propositions de pr\u00e9sentations pour la r\u00e9union MathEd (en ligne) de la SMC<\/a>      <\/div>\n    <\/div>\n    <div class='notes_toc_article'>\n      <div class='notes_toc_section_name'>Annonces<\/div>\n      <div class='notes_toc_article_row'>\n        <div class='notes_toc_article_pdf'>\n        <\/div>\n        <a class='notes_toc_article_title_link' href='https:\/\/mathmatters.cms.math.ca\/fr\/article\/nouveaute-appel-aux-correcteurs-pour-le-docm\/'>Recherche d'experts en math\u00e9matiques : Soyez b\u00e9n\u00e9vole pour corriger le D\u00e9fi ouvert canadien de math\u00e9matiques (DOCM)<\/a>      <\/div>\n    <\/div>\n    <div class='notes_toc_article'>\n      <div class='notes_toc_section_name'>CMS Student Committee<\/div>\n      <div class='notes_toc_article_row'>\n        <div class='notes_toc_article_pdf'>\n        <\/div>\n        <a class='notes_toc_article_title_link' href='https:\/\/mathmatters.cms.math.ca\/fr\/article\/studc-connect-with-us-on-discord\/'>Connect with us on Discord!<\/a> <span class='notes_toc_author_name'>&mdash;&nbsp;Student Committee of the CMS<\/span>      <\/div>\n    <\/div>\n<\/div>\n<\/div>\n<\/div>\n    <\/div>\n  <div class='notes_issues_issident' id='notes_issues_issident_1_21'><a href='javascript:void(0);' title=\"afficher\/masquer le contenu\" onclick='notes_issues_iss_vh(1, 21)'><img src='\/wp-content\/uploads\/2020\/01\/folder-closed.png' alt='afficher' class='notes_issues_toggles' id='notes_issues_toggle_show_1_21' ><img src='\/wp-content\/uploads\/2020\/01\/folder-open.png' alt='masquer' class='notes_issues_toggles' id='notes_issues_toggle_hide_1_21' style='display:none;'>[21] Num\u00e9ro du 23 ao\u00fbt 2024<\/a>\n<\/div>\n    <div class='notes_issues_isscontents' id='notes_issues_isscontents_1_21' style='display:none;'>\n<div class='notes_render_toc notes_noprint notes_toc_style_2' style='' id='notes_toc'>\n<div class='notes_toc_body'>\n  <div class='notes_toc_articles'>\n    <div class='notes_toc_article'>\n      <div class='notes_toc_section_name'>R\u00e9unions de la SMC<\/div>\n      <div class='notes_toc_article_row'>\n        <div class='notes_toc_article_pdf'>\n        <\/div>\n        <a class='notes_toc_article_title_link' href='https:\/\/mathmatters.cms.math.ca\/fr\/article\/2024-cms-winter-meeting-reservez-la-date\/'>R\u00e9union d'hiver 2024 de la SMC 29 novembre - 2 d\u00e9cembre, R\u00e9gion de Vancouver | R\u00e9servez la date<\/a>      <\/div>\n    <\/div>\n    <div class='notes_toc_article'>\n      <div class='notes_toc_article_row'>\n        <div class='notes_toc_article_pdf'>\n        <\/div>\n        <a class='notes_toc_article_title_link' href='https:\/\/mathmatters.cms.math.ca\/fr\/article\/nouveaute-reunion-en-ligne-deducation-de-la-smc-2024\/'>R\u00e9union (en ligne) d'\u00e9ducation de la SMC 2024, 22-23 novembre<\/a>      <\/div>\n    <\/div>\n    <div class='notes_toc_article'>\n      <div class='notes_toc_article_row'>\n        <div class='notes_toc_article_pdf'>\n        <\/div>\n        <a class='notes_toc_article_title_link' href='https:\/\/mathmatters.cms.math.ca\/fr\/article\/appel-aux-sessions-deducation-reunion-dhiver-2024-de-la-smc\/'>Appel aux sessions d'\u00e9ducation | R\u00e9union d'hiver 2024 de la SMC<\/a>      <\/div>\n    <\/div>\n    <div class='notes_toc_article'>\n      <div class='notes_toc_article_row'>\n        <div class='notes_toc_article_pdf'>\n        <\/div>\n        <a class='notes_toc_article_title_link' href='https:\/\/mathmatters.cms.math.ca\/fr\/article\/appel-aux-sessions-scientifiques-reunion-dhiver-2024-de-la-smc\/'>Appel aux sessions scientifiques | R\u00e9union d'hiver 2024 de la SMC<\/a>      <\/div>\n    <\/div>\n    <div class='notes_toc_article'>\n      <div class='notes_toc_article_row'>\n        <div class='notes_toc_article_pdf'>\n        <\/div>\n        <a class='notes_toc_article_title_link' href='https:\/\/mathmatters.cms.math.ca\/fr\/article\/nouveaute-reunion-dete-2025-de-la-smc-reservez-la-date\/'>R\u00e9union d'\u00e9t\u00e9 2025 de la SMC, 6-9 juin | R\u00e9servez la date!<\/a>      <\/div>\n    <\/div>\n    <div class='notes_toc_article'>\n      <div class='notes_toc_section_name'>Annonces<\/div>\n      <div class='notes_toc_article_row'>\n        <div class='notes_toc_article_pdf'>\n        <\/div>\n        <a class='notes_toc_article_title_link' href='https:\/\/mathmatters.cms.math.ca\/fr\/article\/nouveaute-05c50-online\/'>05C50 Online<\/a> <span class='notes_toc_author_name'>&mdash;&nbsp;Hermie Monterde<\/span>      <\/div>\n    <\/div>\n    <div class='notes_toc_article'>\n      <div class='notes_toc_article_row'>\n        <div class='notes_toc_article_pdf'>\n        <\/div>\n        <a class='notes_toc_article_title_link' href='https:\/\/mathmatters.cms.math.ca\/fr\/article\/nouveaute-call-for-proposals-for-the-2026-birs-program\/'>Call for proposals for the 2026 BIRS program<\/a> <span class='notes_toc_author_name'>&mdash;&nbsp;Malabika Pramanik<\/span>      <\/div>\n    <\/div>\n    <div class='notes_toc_article'>\n      <div class='notes_toc_section_name'>Appel de mises en candidature<\/div>\n      <div class='notes_toc_article_row'>\n        <div class='notes_toc_article_pdf'>\n        <\/div>\n        <a class='notes_toc_article_title_link' href='https:\/\/mathmatters.cms.math.ca\/fr\/article\/nouveaute-appel-de-mises-en-candidature-prix-dexcellence-en-enseignement-2025\/'>Appel de mises en candidature Prix d'excellence en enseignement 2025 - date limite 15 novembre<\/a>      <\/div>\n    <\/div>\n    <div class='notes_toc_article'>\n      <div class='notes_toc_article_row'>\n        <div class='notes_toc_article_pdf'>\n        <\/div>\n        <a class='notes_toc_article_title_link' href='https:\/\/mathmatters.cms.math.ca\/fr\/article\/appel-de-mises-en-candidature-prix-coxeter-james\/'>Appel de mises en candidature \u2013 Prix Coxeter-James<\/a>      <\/div>\n    <\/div>\n    <div class='notes_toc_article'>\n      <div class='notes_toc_article_row'>\n        <div class='notes_toc_article_pdf'>\n        <\/div>\n        <a class='notes_toc_article_title_link' href='https:\/\/mathmatters.cms.math.ca\/fr\/article\/appel-de-mises-en-candidature-prix-krieger-nelson\/'>Appel de mises en candidature \u2013 Prix Krieger-Nelson<\/a>      <\/div>\n    <\/div>\n    <div class='notes_toc_article'>\n      <div class='notes_toc_article_row'>\n        <div class='notes_toc_article_pdf'>\n        <\/div>\n        <a class='notes_toc_article_title_link' href='https:\/\/mathmatters.cms.math.ca\/fr\/article\/appel-de-mises-en-candidature-prix-jeffery-williams\/'>Appel de mises en candidature - Prix Jeffery-Williams<\/a>      <\/div>\n    <\/div>\n    <div class='notes_toc_article'>\n      <div class='notes_toc_section_name'>R\u00e9unions de la SMC<\/div>\n      <div class='notes_toc_article_row'>\n        <div class='notes_toc_article_pdf'>\n        <\/div>\n        <a class='notes_toc_article_title_link' href='https:\/\/mathmatters.cms.math.ca\/fr\/article\/new-nouveaute-appel-a-propositions-de-presentations-pour-la-reunion-mathed-en-ligne-de-la-smc\/'>Appel \u00e0 propositions de pr\u00e9sentations pour la r\u00e9union MathEd (en ligne) de la SMC<\/a>      <\/div>\n    <\/div>\n    <div class='notes_toc_article'>\n      <div class='notes_toc_section_name'>Annonces<\/div>\n      <div class='notes_toc_article_row'>\n        <div class='notes_toc_article_pdf'>\n        <\/div>\n        <a class='notes_toc_article_title_link' href='https:\/\/mathmatters.cms.math.ca\/fr\/article\/nouveaute-appel-aux-correcteurs-pour-le-docm\/'>Recherche d'experts en math\u00e9matiques : Soyez b\u00e9n\u00e9vole pour corriger le D\u00e9fi ouvert canadien de math\u00e9matiques (DOCM)<\/a>      <\/div>\n    <\/div>\n    <div class='notes_toc_article'>\n      <div class='notes_toc_section_name'>Comit\u00e9 \u00e9tudiant de la SMC<\/div>\n      <div class='notes_toc_article_row'>\n        <div class='notes_toc_article_pdf'>\n        <\/div>\n        <a class='notes_toc_article_title_link' href='https:\/\/mathmatters.cms.math.ca\/fr\/article\/notes-from-the-margins-appel-a-soumission\/'>Notes from the margins - Appel \u00e0 soumission<\/a> <span class='notes_toc_author_name'>&mdash;&nbsp;J\u00e9r\u00e9my Champagne<\/span>      <\/div>\n    <\/div>\n    <div class='notes_toc_article'>\n      <div class='notes_toc_section_name'>CMS Student Committee<\/div>\n      <div class='notes_toc_article_row'>\n        <div class='notes_toc_article_pdf'>\n        <\/div>\n        <a class='notes_toc_article_title_link' href='https:\/\/mathmatters.cms.math.ca\/fr\/article\/studc-connect-with-us-on-discord\/'>Connect with us on Discord!<\/a> <span class='notes_toc_author_name'>&mdash;&nbsp;Student Committee of the CMS<\/span>      <\/div>\n    <\/div>\n<\/div>\n<\/div>\n<\/div>\n    <\/div>\n  <div class='notes_issues_issident' id='notes_issues_issident_1_20'><a href='javascript:void(0);' title=\"afficher\/masquer le contenu\" onclick='notes_issues_iss_vh(1, 20)'><img src='\/wp-content\/uploads\/2020\/01\/folder-closed.png' alt='afficher' class='notes_issues_toggles' id='notes_issues_toggle_show_1_20' ><img src='\/wp-content\/uploads\/2020\/01\/folder-open.png' alt='masquer' class='notes_issues_toggles' id='notes_issues_toggle_hide_1_20' style='display:none;'>[20] Num\u00e9ro du 16 ao\u00fbt 2024<\/a>\n<\/div>\n    <div class='notes_issues_isscontents' id='notes_issues_isscontents_1_20' style='display:none;'>\n<div class='notes_render_toc notes_noprint notes_toc_style_2' style='' id='notes_toc'>\n<div class='notes_toc_body'>\n  <div class='notes_toc_articles'>\n    <div class='notes_toc_article'>\n      <div class='notes_toc_section_name'>Communiqu\u00e9<\/div>\n      <div class='notes_toc_article_row'>\n        <div class='notes_toc_article_pdf'>\n        <\/div>\n        <a class='notes_toc_article_title_link' href='https:\/\/mathmatters.cms.math.ca\/fr\/article\/nouveaute-ompa-2024-excellente-performance-du-canada\/'>NOUVEAUT\u00c9\u00a0: OMPA 2024 : Excellente performance du Canada !<\/a>      <\/div>\n    <\/div>\n    <div class='notes_toc_article'>\n      <div class='notes_toc_section_name'>R\u00e9unions de la SMC<\/div>\n      <div class='notes_toc_article_row'>\n        <div class='notes_toc_article_pdf'>\n        <\/div>\n        <a class='notes_toc_article_title_link' href='https:\/\/mathmatters.cms.math.ca\/fr\/article\/2024-cms-winter-meeting-reservez-la-date\/'>R\u00e9union d'hiver 2024 de la SMC 29 novembre - 2 d\u00e9cembre, R\u00e9gion de Vancouver | R\u00e9servez la date<\/a>      <\/div>\n    <\/div>\n    <div class='notes_toc_article'>\n      <div class='notes_toc_article_row'>\n        <div class='notes_toc_article_pdf'>\n        <\/div>\n        <a class='notes_toc_article_title_link' href='https:\/\/mathmatters.cms.math.ca\/fr\/article\/nouveaute-reunion-en-ligne-deducation-de-la-smc-2024\/'>R\u00e9union (en ligne) d'\u00e9ducation de la SMC 2024, 22-23 novembre<\/a>      <\/div>\n    <\/div>\n    <div class='notes_toc_article'>\n      <div class='notes_toc_article_row'>\n        <div class='notes_toc_article_pdf'>\n        <\/div>\n        <a class='notes_toc_article_title_link' href='https:\/\/mathmatters.cms.math.ca\/fr\/article\/nouveaute-reunion-dete-2025-de-la-smc-reservez-la-date\/'>R\u00e9union d'\u00e9t\u00e9 2025 de la SMC, 6-9 juin | R\u00e9servez la date!<\/a>      <\/div>\n    <\/div>\n    <div class='notes_toc_article'>\n      <div class='notes_toc_article_row'>\n        <div class='notes_toc_article_pdf'>\n        <\/div>\n        <a class='notes_toc_article_title_link' href='https:\/\/mathmatters.cms.math.ca\/fr\/article\/appel-aux-sessions-deducation-reunion-dhiver-2024-de-la-smc\/'>Appel aux sessions d'\u00e9ducation | R\u00e9union d'hiver 2024 de la SMC<\/a>      <\/div>\n    <\/div>\n    <div class='notes_toc_article'>\n      <div class='notes_toc_article_row'>\n        <div class='notes_toc_article_pdf'>\n        <\/div>\n        <a class='notes_toc_article_title_link' href='https:\/\/mathmatters.cms.math.ca\/fr\/article\/appel-aux-sessions-scientifiques-reunion-dhiver-2024-de-la-smc\/'>Appel aux sessions scientifiques | R\u00e9union d'hiver 2024 de la SMC<\/a>      <\/div>\n    <\/div>\n    <div class='notes_toc_article'>\n      <div class='notes_toc_section_name'>Annonces<\/div>\n      <div class='notes_toc_article_row'>\n        <div class='notes_toc_article_pdf'>\n        <\/div>\n        <a class='notes_toc_article_title_link' href='https:\/\/mathmatters.cms.math.ca\/fr\/article\/nouveaute-a-celebration-of-life-event-for-peter-rosenthal-1941-2024\/'>A Celebration of Life event for Peter Rosenthal (1941-2024)<\/a>      <\/div>\n    <\/div>\n    <div class='notes_toc_article'>\n      <div class='notes_toc_article_row'>\n        <div class='notes_toc_article_pdf'>\n        <\/div>\n        <a class='notes_toc_article_title_link' href='https:\/\/mathmatters.cms.math.ca\/fr\/article\/nouveaute-call-for-proposals-for-the-2026-birs-program\/'>Call for proposals for the 2026 BIRS program<\/a> <span class='notes_toc_author_name'>&mdash;&nbsp;Malabika Pramanik<\/span>      <\/div>\n    <\/div>\n    <div class='notes_toc_article'>\n      <div class='notes_toc_section_name'>Appel de mises en candidature<\/div>\n      <div class='notes_toc_article_row'>\n        <div class='notes_toc_article_pdf'>\n        <\/div>\n        <a class='notes_toc_article_title_link' href='https:\/\/mathmatters.cms.math.ca\/fr\/article\/nouveaute-appel-de-mises-en-candidature-prix-dexcellence-en-enseignement-2025\/'>Appel de mises en candidature Prix d'excellence en enseignement 2025 - date limite 15 novembre<\/a>      <\/div>\n    <\/div>\n    <div class='notes_toc_article'>\n      <div class='notes_toc_article_row'>\n        <div class='notes_toc_article_pdf'>\n        <\/div>\n        <a class='notes_toc_article_title_link' href='https:\/\/mathmatters.cms.math.ca\/fr\/article\/appel-de-mises-en-candidature-prix-coxeter-james\/'>Appel de mises en candidature \u2013 Prix Coxeter-James<\/a>      <\/div>\n    <\/div>\n    <div class='notes_toc_article'>\n      <div class='notes_toc_article_row'>\n        <div class='notes_toc_article_pdf'>\n        <\/div>\n        <a class='notes_toc_article_title_link' href='https:\/\/mathmatters.cms.math.ca\/fr\/article\/appel-de-mises-en-candidature-prix-krieger-nelson\/'>Appel de mises en candidature \u2013 Prix Krieger-Nelson<\/a>      <\/div>\n    <\/div>\n    <div class='notes_toc_article'>\n      <div class='notes_toc_article_row'>\n        <div class='notes_toc_article_pdf'>\n        <\/div>\n        <a class='notes_toc_article_title_link' href='https:\/\/mathmatters.cms.math.ca\/fr\/article\/appel-de-mises-en-candidature-prix-jeffery-williams\/'>Appel de mises en candidature - Prix Jeffery-Williams<\/a>      <\/div>\n    <\/div>\n    <div class='notes_toc_article'>\n      <div class='notes_toc_section_name'>R\u00e9unions de la SMC<\/div>\n      <div class='notes_toc_article_row'>\n        <div class='notes_toc_article_pdf'>\n        <\/div>\n        <a class='notes_toc_article_title_link' href='https:\/\/mathmatters.cms.math.ca\/fr\/article\/new-nouveaute-appel-a-propositions-de-presentations-pour-la-reunion-mathed-en-ligne-de-la-smc\/'>Appel \u00e0 propositions de pr\u00e9sentations pour la r\u00e9union MathEd (en ligne) de la SMC<\/a>      <\/div>\n    <\/div>\n    <div class='notes_toc_article'>\n      <div class='notes_toc_section_name'>Annonces<\/div>\n      <div class='notes_toc_article_row'>\n        <div class='notes_toc_article_pdf'>\n        <\/div>\n        <a class='notes_toc_article_title_link' href='https:\/\/mathmatters.cms.math.ca\/fr\/article\/nouveaute-appel-aux-correcteurs-pour-le-docm\/'>Recherche d'experts en math\u00e9matiques : Soyez b\u00e9n\u00e9vole pour corriger le D\u00e9fi ouvert canadien de math\u00e9matiques (DOCM)<\/a>      <\/div>\n    <\/div>\n    <div class='notes_toc_article'>\n      <div class='notes_toc_section_name'>Comit\u00e9 \u00e9tudiant de la SMC<\/div>\n      <div class='notes_toc_article_row'>\n        <div class='notes_toc_article_pdf'>\n        <\/div>\n        <a class='notes_toc_article_title_link' href='https:\/\/mathmatters.cms.math.ca\/fr\/article\/notes-from-the-margins-appel-a-soumission\/'>Notes from the margins - Appel \u00e0 soumission<\/a> <span class='notes_toc_author_name'>&mdash;&nbsp;J\u00e9r\u00e9my Champagne<\/span>      <\/div>\n    <\/div>\n    <div class='notes_toc_article'>\n      <div class='notes_toc_section_name'>CMS Student Committee<\/div>\n      <div class='notes_toc_article_row'>\n        <div class='notes_toc_article_pdf'>\n        <\/div>\n        <a class='notes_toc_article_title_link' href='https:\/\/mathmatters.cms.math.ca\/fr\/article\/studc-connect-with-us-on-discord\/'>Connect with us on Discord!<\/a> <span class='notes_toc_author_name'>&mdash;&nbsp;Student Committee of the CMS<\/span>      <\/div>\n    <\/div>\n<\/div>\n<\/div>\n<\/div>\n    <\/div>\n  <div class='notes_issues_issident' id='notes_issues_issident_1_19'><a href='javascript:void(0);' title=\"afficher\/masquer le contenu\" onclick='notes_issues_iss_vh(1, 19)'><img src='\/wp-content\/uploads\/2020\/01\/folder-closed.png' alt='afficher' class='notes_issues_toggles' id='notes_issues_toggle_show_1_19' ><img src='\/wp-content\/uploads\/2020\/01\/folder-open.png' alt='masquer' class='notes_issues_toggles' id='notes_issues_toggle_hide_1_19' style='display:none;'>[19] Num\u00e9ro du 9 ao\u00fbt 2024<\/a>\n<\/div>\n    <div class='notes_issues_isscontents' id='notes_issues_isscontents_1_19' style='display:none;'>\n<div class='notes_render_toc notes_noprint notes_toc_style_2' style='' id='notes_toc'>\n<div class='notes_toc_body'>\n  <div class='notes_toc_articles'>\n    <div class='notes_toc_article'>\n      <div class='notes_toc_section_name'>R\u00e9unions de la SMC<\/div>\n      <div class='notes_toc_article_row'>\n        <div class='notes_toc_article_pdf'>\n        <\/div>\n        <a class='notes_toc_article_title_link' href='https:\/\/mathmatters.cms.math.ca\/fr\/article\/2024-cms-winter-meeting-reservez-la-date\/'>R\u00e9union d'hiver 2024 de la SMC 29 novembre - 2 d\u00e9cembre, R\u00e9gion de Vancouver | R\u00e9servez la date<\/a>      <\/div>\n    <\/div>\n    <div class='notes_toc_article'>\n      <div class='notes_toc_article_row'>\n        <div class='notes_toc_article_pdf'>\n        <\/div>\n        <a class='notes_toc_article_title_link' href='https:\/\/mathmatters.cms.math.ca\/fr\/article\/nouveaute-reunion-en-ligne-deducation-de-la-smc-2024\/'>R\u00e9union (en ligne) d'\u00e9ducation de la SMC 2024, 22-23 novembre<\/a>      <\/div>\n    <\/div>\n    <div class='notes_toc_article'>\n      <div class='notes_toc_article_row'>\n        <div class='notes_toc_article_pdf'>\n        <\/div>\n        <a class='notes_toc_article_title_link' href='https:\/\/mathmatters.cms.math.ca\/fr\/article\/appel-aux-sessions-deducation-reunion-dhiver-2024-de-la-smc\/'>Appel aux sessions d'\u00e9ducation | R\u00e9union d'hiver 2024 de la SMC<\/a>      <\/div>\n    <\/div>\n    <div class='notes_toc_article'>\n      <div class='notes_toc_article_row'>\n        <div class='notes_toc_article_pdf'>\n        <\/div>\n        <a class='notes_toc_article_title_link' href='https:\/\/mathmatters.cms.math.ca\/fr\/article\/appel-aux-sessions-scientifiques-reunion-dhiver-2024-de-la-smc\/'>Appel aux sessions scientifiques | R\u00e9union d'hiver 2024 de la SMC<\/a>      <\/div>\n    <\/div>\n    <div class='notes_toc_article'>\n      <div class='notes_toc_article_row'>\n        <div class='notes_toc_article_pdf'>\n        <\/div>\n        <a class='notes_toc_article_title_link' href='https:\/\/mathmatters.cms.math.ca\/fr\/article\/nouveaute-reunion-dete-2025-de-la-smc-reservez-la-date\/'>R\u00e9union d'\u00e9t\u00e9 2025 de la SMC, 6-9 juin | R\u00e9servez la date!<\/a>      <\/div>\n    <\/div>\n    <div class='notes_toc_article'>\n      <div class='notes_toc_section_name'>Annonces<\/div>\n      <div class='notes_toc_article_row'>\n        <div class='notes_toc_article_pdf'>\n        <\/div>\n        <a class='notes_toc_article_title_link' href='https:\/\/mathmatters.cms.math.ca\/fr\/article\/nouveaute-call-for-proposals-for-the-2026-birs-program\/'>Call for proposals for the 2026 BIRS program<\/a> <span class='notes_toc_author_name'>&mdash;&nbsp;Malabika Pramanik<\/span>      <\/div>\n    <\/div>\n    <div class='notes_toc_article'>\n      <div class='notes_toc_section_name'>Appel de mises en candidature<\/div>\n      <div class='notes_toc_article_row'>\n        <div class='notes_toc_article_pdf'>\n        <\/div>\n        <a class='notes_toc_article_title_link' href='https:\/\/mathmatters.cms.math.ca\/fr\/article\/nouveaute-appel-de-mises-en-candidature-prix-dexcellence-en-enseignement-2025\/'>Appel de mises en candidature Prix d'excellence en enseignement 2025 - date limite 15 novembre<\/a>      <\/div>\n    <\/div>\n    <div class='notes_toc_article'>\n      <div class='notes_toc_article_row'>\n        <div class='notes_toc_article_pdf'>\n        <\/div>\n        <a class='notes_toc_article_title_link' href='https:\/\/mathmatters.cms.math.ca\/fr\/article\/appel-de-mises-en-candidature-prix-krieger-nelson\/'>Appel de mises en candidature \u2013 Prix Krieger-Nelson<\/a>      <\/div>\n    <\/div>\n    <div class='notes_toc_article'>\n      <div class='notes_toc_article_row'>\n        <div class='notes_toc_article_pdf'>\n        <\/div>\n        <a class='notes_toc_article_title_link' href='https:\/\/mathmatters.cms.math.ca\/fr\/article\/appel-de-mises-en-candidature-prix-jeffery-williams\/'>Appel de mises en candidature - Prix Jeffery-Williams<\/a>      <\/div>\n    <\/div>\n    <div class='notes_toc_article'>\n      <div class='notes_toc_article_row'>\n        <div class='notes_toc_article_pdf'>\n        <\/div>\n        <a class='notes_toc_article_title_link' href='https:\/\/mathmatters.cms.math.ca\/fr\/article\/appel-de-mises-en-candidature-prix-coxeter-james\/'>Appel de mises en candidature \u2013 Prix Coxeter-James<\/a>      <\/div>\n    <\/div>\n    <div class='notes_toc_article'>\n      <div class='notes_toc_section_name'>R\u00e9unions de la SMC<\/div>\n      <div class='notes_toc_article_row'>\n        <div class='notes_toc_article_pdf'>\n        <\/div>\n        <a class='notes_toc_article_title_link' href='https:\/\/mathmatters.cms.math.ca\/fr\/article\/new-nouveaute-appel-a-propositions-de-presentations-pour-la-reunion-mathed-en-ligne-de-la-smc\/'>Appel \u00e0 propositions de pr\u00e9sentations pour la r\u00e9union MathEd (en ligne) de la SMC<\/a>      <\/div>\n    <\/div>\n    <div class='notes_toc_article'>\n      <div class='notes_toc_section_name'>Annonces<\/div>\n      <div class='notes_toc_article_row'>\n        <div class='notes_toc_article_pdf'>\n        <\/div>\n        <a class='notes_toc_article_title_link' href='https:\/\/mathmatters.cms.math.ca\/fr\/article\/nouveaute-appel-aux-correcteurs-pour-le-docm\/'>Recherche d'experts en math\u00e9matiques : Soyez b\u00e9n\u00e9vole pour corriger le D\u00e9fi ouvert canadien de math\u00e9matiques (DOCM)<\/a>      <\/div>\n    <\/div>\n    <div class='notes_toc_article'>\n      <div class='notes_toc_section_name'>CMS Student Committee<\/div>\n      <div class='notes_toc_article_row'>\n        <div class='notes_toc_article_pdf'>\n        <\/div>\n        <a class='notes_toc_article_title_link' href='https:\/\/mathmatters.cms.math.ca\/fr\/article\/studc-connect-with-us-on-discord\/'>Connect with us on Discord!<\/a> <span class='notes_toc_author_name'>&mdash;&nbsp;Student Committee of the CMS<\/span>      <\/div>\n    <\/div>\n<\/div>\n<\/div>\n<\/div>\n    <\/div>\n  <div class='notes_issues_issident' id='notes_issues_issident_1_18'><a href='javascript:void(0);' title=\"afficher\/masquer le contenu\" onclick='notes_issues_iss_vh(1, 18)'><img src='\/wp-content\/uploads\/2020\/01\/folder-closed.png' alt='afficher' class='notes_issues_toggles' id='notes_issues_toggle_show_1_18' ><img src='\/wp-content\/uploads\/2020\/01\/folder-open.png' alt='masquer' class='notes_issues_toggles' id='notes_issues_toggle_hide_1_18' style='display:none;'>[18] Num\u00e9ro du 2 ao\u00fbt 2024<\/a>\n<\/div>\n    <div class='notes_issues_isscontents' id='notes_issues_isscontents_1_18' style='display:none;'>\n<div class='notes_render_toc notes_noprint notes_toc_style_2' style='' id='notes_toc'>\n<div class='notes_toc_body'>\n  <div class='notes_toc_articles'>\n    <div class='notes_toc_article'>\n      <div class='notes_toc_section_name'>Communiqu\u00e9<\/div>\n      <div class='notes_toc_article_row'>\n        <div class='notes_toc_article_pdf'>\n        <\/div>\n        <a class='notes_toc_article_title_link' href='https:\/\/mathmatters.cms.math.ca\/fr\/article\/nouveaute-oim-2024-les-resultats-de-lequipe-de-maths-du-canada-sont-annonces\/'>NOUVEAUT\u00c9\u00a0: OIM 2024 : Les r\u00e9sultats de l'\u00c9quipe de maths du Canada sont annonc\u00e9s!<\/a>      <\/div>\n    <\/div>\n    <div class='notes_toc_article'>\n      <div class='notes_toc_section_name'>R\u00e9unions de la SMC<\/div>\n      <div class='notes_toc_article_row'>\n        <div class='notes_toc_article_pdf'>\n        <\/div>\n        <a class='notes_toc_article_title_link' href='https:\/\/mathmatters.cms.math.ca\/fr\/article\/2024-cms-winter-meeting-reservez-la-date\/'>R\u00e9union d'hiver 2024 de la SMC 29 novembre - 2 d\u00e9cembre, R\u00e9gion de Vancouver | R\u00e9servez la date<\/a>      <\/div>\n    <\/div>\n    <div class='notes_toc_article'>\n      <div class='notes_toc_article_row'>\n        <div class='notes_toc_article_pdf'>\n        <\/div>\n        <a class='notes_toc_article_title_link' href='https:\/\/mathmatters.cms.math.ca\/fr\/article\/nouveaute-reunion-en-ligne-deducation-de-la-smc-2024\/'>R\u00e9union (en ligne) d'\u00e9ducation de la SMC 2024, 22-23 novembre<\/a>      <\/div>\n    <\/div>\n    <div class='notes_toc_article'>\n      <div class='notes_toc_article_row'>\n        <div class='notes_toc_article_pdf'>\n        <\/div>\n        <a class='notes_toc_article_title_link' href='https:\/\/mathmatters.cms.math.ca\/fr\/article\/appel-aux-sessions-deducation-reunion-dhiver-2024-de-la-smc\/'>Appel aux sessions d'\u00e9ducation | R\u00e9union d'hiver 2024 de la SMC<\/a>      <\/div>\n    <\/div>\n    <div class='notes_toc_article'>\n      <div class='notes_toc_article_row'>\n        <div class='notes_toc_article_pdf'>\n        <\/div>\n        <a class='notes_toc_article_title_link' href='https:\/\/mathmatters.cms.math.ca\/fr\/article\/appel-aux-sessions-scientifiques-reunion-dhiver-2024-de-la-smc\/'>Appel aux sessions scientifiques | R\u00e9union d'hiver 2024 de la SMC<\/a>      <\/div>\n    <\/div>\n    <div class='notes_toc_article'>\n      <div class='notes_toc_article_row'>\n        <div class='notes_toc_article_pdf'>\n        <\/div>\n        <a class='notes_toc_article_title_link' href='https:\/\/mathmatters.cms.math.ca\/fr\/article\/nouveaute-reunion-dete-2025-de-la-smc-reservez-la-date\/'>R\u00e9union d'\u00e9t\u00e9 2025 de la SMC, 6-9 juin | R\u00e9servez la date!<\/a>      <\/div>\n    <\/div>\n    <div class='notes_toc_article'>\n      <div class='notes_toc_section_name'>Annonces<\/div>\n      <div class='notes_toc_article_row'>\n        <div class='notes_toc_article_pdf'>\n        <\/div>\n        <a class='notes_toc_article_title_link' href='https:\/\/mathmatters.cms.math.ca\/fr\/article\/nouveaute-iciam-dianoia-volume-12-issue-3-july-2024\/'>NOUVEAUT\u00c9\u00a0: ICIAM Dianoia. Volume 12, Issue 3 July 2024<\/a> <span class='notes_toc_author_name'>&mdash;&nbsp;ICIAM Dianoia (northern hemisphere) Summer Edition<\/span>      <\/div>\n    <\/div>\n    <div class='notes_toc_article'>\n      <div class='notes_toc_article_row'>\n        <div class='notes_toc_article_pdf'>\n        <\/div>\n        <a class='notes_toc_article_title_link' href='https:\/\/mathmatters.cms.math.ca\/fr\/article\/nouveaute-call-for-proposals-for-the-2026-birs-program\/'>Call for proposals for the 2026 BIRS program<\/a> <span class='notes_toc_author_name'>&mdash;&nbsp;Malabika Pramanik<\/span>      <\/div>\n    <\/div>\n    <div class='notes_toc_article'>\n      <div class='notes_toc_section_name'>Appel de mises en candidature<\/div>\n      <div class='notes_toc_article_row'>\n        <div class='notes_toc_article_pdf'>\n        <\/div>\n        <a class='notes_toc_article_title_link' href='https:\/\/mathmatters.cms.math.ca\/fr\/article\/nouveaute-appel-de-mises-en-candidature-prix-dexcellence-en-enseignement-2025\/'>Appel de mises en candidature Prix d'excellence en enseignement 2025 - date limite 15 novembre<\/a>      <\/div>\n    <\/div>\n    <div class='notes_toc_article'>\n      <div class='notes_toc_article_row'>\n        <div class='notes_toc_article_pdf'>\n        <\/div>\n        <a class='notes_toc_article_title_link' href='https:\/\/mathmatters.cms.math.ca\/fr\/article\/appel-de-mises-en-candidature-prix-coxeter-james\/'>Appel de mises en candidature \u2013 Prix Coxeter-James<\/a>      <\/div>\n    <\/div>\n    <div class='notes_toc_article'>\n      <div class='notes_toc_article_row'>\n        <div class='notes_toc_article_pdf'>\n        <\/div>\n        <a class='notes_toc_article_title_link' href='https:\/\/mathmatters.cms.math.ca\/fr\/article\/appel-de-mises-en-candidature-prix-krieger-nelson\/'>Appel de mises en candidature \u2013 Prix Krieger-Nelson<\/a>      <\/div>\n    <\/div>\n    <div class='notes_toc_article'>\n      <div class='notes_toc_article_row'>\n        <div class='notes_toc_article_pdf'>\n        <\/div>\n        <a class='notes_toc_article_title_link' href='https:\/\/mathmatters.cms.math.ca\/fr\/article\/appel-de-mises-en-candidature-prix-jeffery-williams\/'>Appel de mises en candidature - Prix Jeffery-Williams<\/a>      <\/div>\n    <\/div>\n    <div class='notes_toc_article'>\n      <div class='notes_toc_section_name'>R\u00e9unions de la SMC<\/div>\n      <div class='notes_toc_article_row'>\n        <div class='notes_toc_article_pdf'>\n        <\/div>\n        <a class='notes_toc_article_title_link' href='https:\/\/mathmatters.cms.math.ca\/fr\/article\/new-nouveaute-appel-a-propositions-de-presentations-pour-la-reunion-mathed-en-ligne-de-la-smc\/'>Appel \u00e0 propositions de pr\u00e9sentations pour la r\u00e9union MathEd (en ligne) de la SMC<\/a>      <\/div>\n    <\/div>\n    <div class='notes_toc_article'>\n      <div class='notes_toc_section_name'>Annonces<\/div>\n      <div class='notes_toc_article_row'>\n        <div class='notes_toc_article_pdf'>\n        <\/div>\n        <a class='notes_toc_article_title_link' href='https:\/\/mathmatters.cms.math.ca\/fr\/article\/nouveaute-appel-aux-correcteurs-pour-le-docm\/'>Recherche d'experts en math\u00e9matiques : Soyez b\u00e9n\u00e9vole pour corriger le D\u00e9fi ouvert canadien de math\u00e9matiques (DOCM)<\/a>      <\/div>\n    <\/div>\n    <div class='notes_toc_article'>\n      <div class='notes_toc_section_name'>CMS Student Committee<\/div>\n      <div class='notes_toc_article_row'>\n        <div class='notes_toc_article_pdf'>\n        <\/div>\n        <a class='notes_toc_article_title_link' href='https:\/\/mathmatters.cms.math.ca\/fr\/article\/studc-connect-with-us-on-discord\/'>Connect with us on Discord!<\/a> <span class='notes_toc_author_name'>&mdash;&nbsp;Student Committee of the CMS<\/span>      <\/div>\n    <\/div>\n<\/div>\n<\/div>\n<\/div>\n    <\/div>\n  <div class='notes_issues_issident' id='notes_issues_issident_1_17'><a href='javascript:void(0);' title=\"afficher\/masquer le contenu\" onclick='notes_issues_iss_vh(1, 17)'><img src='\/wp-content\/uploads\/2020\/01\/folder-closed.png' alt='afficher' class='notes_issues_toggles' id='notes_issues_toggle_show_1_17' ><img src='\/wp-content\/uploads\/2020\/01\/folder-open.png' alt='masquer' class='notes_issues_toggles' id='notes_issues_toggle_hide_1_17' style='display:none;'>[17] Num\u00e9ro du 26 juillet 2024<\/a>\n<\/div>\n    <div class='notes_issues_isscontents' id='notes_issues_isscontents_1_17' style='display:none;'>\n<div class='notes_render_toc notes_noprint notes_toc_style_2' style='' id='notes_toc'>\n<div class='notes_toc_body'>\n  <div class='notes_toc_articles'>\n    <div class='notes_toc_article'>\n      <div class='notes_toc_section_name'>R\u00e9unions de la SMC<\/div>\n      <div class='notes_toc_article_row'>\n        <div class='notes_toc_article_pdf'>\n        <\/div>\n        <a class='notes_toc_article_title_link' href='https:\/\/mathmatters.cms.math.ca\/fr\/article\/2024-cms-winter-meeting-reservez-la-date\/'>R\u00e9union d'hiver 2024 de la SMC 29 novembre - 2 d\u00e9cembre, R\u00e9gion de Vancouver | R\u00e9servez la date<\/a>      <\/div>\n    <\/div>\n    <div class='notes_toc_article'>\n      <div class='notes_toc_article_row'>\n        <div class='notes_toc_article_pdf'>\n        <\/div>\n        <a class='notes_toc_article_title_link' href='https:\/\/mathmatters.cms.math.ca\/fr\/article\/nouveaute-reunion-en-ligne-deducation-de-la-smc-2024\/'>R\u00e9union (en ligne) d'\u00e9ducation de la SMC 2024, 22-23 novembre<\/a>      <\/div>\n    <\/div>\n    <div class='notes_toc_article'>\n      <div class='notes_toc_article_row'>\n        <div class='notes_toc_article_pdf'>\n        <\/div>\n        <a class='notes_toc_article_title_link' href='https:\/\/mathmatters.cms.math.ca\/fr\/article\/nouveaute-reunion-dete-2025-de-la-smc-reservez-la-date\/'>R\u00e9union d'\u00e9t\u00e9 2025 de la SMC, 6-9 juin | R\u00e9servez la date!<\/a>      <\/div>\n    <\/div>\n    <div class='notes_toc_article'>\n      <div class='notes_toc_article_row'>\n        <div class='notes_toc_article_pdf'>\n        <\/div>\n        <a class='notes_toc_article_title_link' href='https:\/\/mathmatters.cms.math.ca\/fr\/article\/appel-aux-sessions-deducation-reunion-dhiver-2024-de-la-smc\/'>Appel aux sessions d'\u00e9ducation | R\u00e9union d'hiver 2024 de la SMC<\/a>      <\/div>\n    <\/div>\n    <div class='notes_toc_article'>\n      <div class='notes_toc_article_row'>\n        <div class='notes_toc_article_pdf'>\n        <\/div>\n        <a class='notes_toc_article_title_link' href='https:\/\/mathmatters.cms.math.ca\/fr\/article\/appel-aux-sessions-scientifiques-reunion-dhiver-2024-de-la-smc\/'>Appel aux sessions scientifiques | R\u00e9union d'hiver 2024 de la SMC<\/a>      <\/div>\n    <\/div>\n    <div class='notes_toc_article'>\n      <div class='notes_toc_section_name'>Annonces<\/div>\n      <div class='notes_toc_article_row'>\n        <div class='notes_toc_article_pdf'>\n        <\/div>\n        <a class='notes_toc_article_title_link' href='https:\/\/mathmatters.cms.math.ca\/fr\/article\/nouveaute-call-for-proposals-for-the-2026-birs-program\/'>Call for proposals for the 2026 BIRS program<\/a> <span class='notes_toc_author_name'>&mdash;&nbsp;Malabika Pramanik<\/span>      <\/div>\n    <\/div>\n    <div class='notes_toc_article'>\n      <div class='notes_toc_section_name'>Appel de mises en candidature<\/div>\n      <div class='notes_toc_article_row'>\n        <div class='notes_toc_article_pdf'>\n        <\/div>\n        <a class='notes_toc_article_title_link' href='https:\/\/mathmatters.cms.math.ca\/fr\/article\/appel-de-mises-en-candidature-prix-jeffery-williams\/'>Appel de mises en candidature - Prix Jeffery-Williams<\/a>      <\/div>\n    <\/div>\n    <div class='notes_toc_article'>\n      <div class='notes_toc_article_row'>\n        <div class='notes_toc_article_pdf'>\n        <\/div>\n        <a class='notes_toc_article_title_link' href='https:\/\/mathmatters.cms.math.ca\/fr\/article\/appel-de-mises-en-candidature-prix-coxeter-james\/'>Appel de mises en candidature \u2013 Prix Coxeter-James<\/a>      <\/div>\n    <\/div>\n    <div class='notes_toc_article'>\n      <div class='notes_toc_article_row'>\n        <div class='notes_toc_article_pdf'>\n        <\/div>\n        <a class='notes_toc_article_title_link' href='https:\/\/mathmatters.cms.math.ca\/fr\/article\/appel-de-mises-en-candidature-prix-krieger-nelson\/'>Appel de mises en candidature \u2013 Prix Krieger-Nelson<\/a>      <\/div>\n    <\/div>\n    <div class='notes_toc_article'>\n      <div class='notes_toc_section_name'>R\u00e9unions de la SMC<\/div>\n      <div class='notes_toc_article_row'>\n        <div class='notes_toc_article_pdf'>\n        <\/div>\n        <a class='notes_toc_article_title_link' href='https:\/\/mathmatters.cms.math.ca\/fr\/article\/new-nouveaute-appel-a-propositions-de-presentations-pour-la-reunion-mathed-en-ligne-de-la-smc\/'>Appel \u00e0 propositions de pr\u00e9sentations pour la r\u00e9union MathEd (en ligne) de la SMC<\/a>      <\/div>\n    <\/div>\n    <div class='notes_toc_article'>\n      <div class='notes_toc_section_name'>CMS Student Committee<\/div>\n      <div class='notes_toc_article_row'>\n        <div class='notes_toc_article_pdf'>\n        <\/div>\n        <a class='notes_toc_article_title_link' href='https:\/\/mathmatters.cms.math.ca\/fr\/article\/studc-connect-with-us-on-discord\/'>Connect with us on Discord!<\/a> <span class='notes_toc_author_name'>&mdash;&nbsp;Student Committee of the CMS<\/span>      <\/div>\n    <\/div>\n<\/div>\n<\/div>\n<\/div>\n    <\/div>\n  <div class='notes_issues_issident' id='notes_issues_issident_1_16'><a href='javascript:void(0);' title=\"afficher\/masquer le contenu\" onclick='notes_issues_iss_vh(1, 16)'><img src='\/wp-content\/uploads\/2020\/01\/folder-closed.png' alt='afficher' class='notes_issues_toggles' id='notes_issues_toggle_show_1_16' ><img src='\/wp-content\/uploads\/2020\/01\/folder-open.png' alt='masquer' class='notes_issues_toggles' id='notes_issues_toggle_hide_1_16' style='display:none;'>[16] Num\u00e9ro du 19 juillet 2024<\/a>\n<\/div>\n    <div class='notes_issues_isscontents' id='notes_issues_isscontents_1_16' style='display:none;'>\n<div class='notes_render_toc notes_noprint notes_toc_style_2' style='' id='notes_toc'>\n<div class='notes_toc_body'>\n  <div class='notes_toc_articles'>\n    <div class='notes_toc_article'>\n      <div class='notes_toc_section_name'>R\u00e9unions de la SMC<\/div>\n      <div class='notes_toc_article_row'>\n        <div class='notes_toc_article_pdf'>\n        <\/div>\n        <a class='notes_toc_article_title_link' href='https:\/\/mathmatters.cms.math.ca\/fr\/article\/2024-cms-winter-meeting-reservez-la-date\/'>R\u00e9union d'hiver 2024 de la SMC 29 novembre - 2 d\u00e9cembre, R\u00e9gion de Vancouver | R\u00e9servez la date<\/a>      <\/div>\n    <\/div>\n    <div class='notes_toc_article'>\n      <div class='notes_toc_article_row'>\n        <div class='notes_toc_article_pdf'>\n        <\/div>\n        <a class='notes_toc_article_title_link' href='https:\/\/mathmatters.cms.math.ca\/fr\/article\/nouveaute-reunion-dete-2025-de-la-smc-reservez-la-date\/'>R\u00e9union d'\u00e9t\u00e9 2025 de la SMC, 6-9 juin | R\u00e9servez la date!<\/a>      <\/div>\n    <\/div>\n    <div class='notes_toc_article'>\n      <div class='notes_toc_article_row'>\n        <div class='notes_toc_article_pdf'>\n        <\/div>\n        <a class='notes_toc_article_title_link' href='https:\/\/mathmatters.cms.math.ca\/fr\/article\/appel-aux-sessions-deducation-reunion-dhiver-2024-de-la-smc\/'>Appel aux sessions d'\u00e9ducation | R\u00e9union d'hiver 2024 de la SMC<\/a>      <\/div>\n    <\/div>\n    <div class='notes_toc_article'>\n      <div class='notes_toc_article_row'>\n        <div class='notes_toc_article_pdf'>\n        <\/div>\n        <a class='notes_toc_article_title_link' href='https:\/\/mathmatters.cms.math.ca\/fr\/article\/appel-aux-sessions-scientifiques-reunion-dhiver-2024-de-la-smc\/'>Appel aux sessions scientifiques | R\u00e9union d'hiver 2024 de la SMC<\/a>      <\/div>\n    <\/div>\n    <div class='notes_toc_article'>\n      <div class='notes_toc_section_name'>Affichages d'emplois<\/div>\n      <div class='notes_toc_article_row'>\n        <div class='notes_toc_article_pdf'>\n        <\/div>\n        <a class='notes_toc_article_title_link' href='https:\/\/mathmatters.cms.math.ca\/fr\/article\/nouveaute-department-of-mathematics-and-statistics-term-assistant-teaching-professor\/'>Department of Mathematics and Statistics - Term Assistant Teaching Professor<\/a> <span class='notes_toc_author_name'>&mdash;&nbsp;University of New Brunswick<\/span>      <\/div>\n    <\/div>\n    <div class='notes_toc_article'>\n      <div class='notes_toc_section_name'>Annonces<\/div>\n      <div class='notes_toc_article_row'>\n        <div class='notes_toc_article_pdf'>\n        <\/div>\n        <a class='notes_toc_article_title_link' href='https:\/\/mathmatters.cms.math.ca\/fr\/article\/nouveaute-call-for-proposals-for-the-2026-birs-program\/'>Call for proposals for the 2026 BIRS program<\/a> <span class='notes_toc_author_name'>&mdash;&nbsp;Malabika Pramanik<\/span>      <\/div>\n    <\/div>\n    <div class='notes_toc_article'>\n      <div class='notes_toc_section_name'>Appel de mises en candidature<\/div>\n      <div class='notes_toc_article_row'>\n        <div class='notes_toc_article_pdf'>\n        <\/div>\n        <a class='notes_toc_article_title_link' href='https:\/\/mathmatters.cms.math.ca\/fr\/article\/appel-de-mises-en-candidature-prix-jeffery-williams\/'>Appel de mises en candidature - Prix Jeffery-Williams<\/a>      <\/div>\n    <\/div>\n    <div class='notes_toc_article'>\n      <div class='notes_toc_article_row'>\n        <div class='notes_toc_article_pdf'>\n        <\/div>\n        <a class='notes_toc_article_title_link' href='https:\/\/mathmatters.cms.math.ca\/fr\/article\/appel-de-mises-en-candidature-prix-coxeter-james\/'>Appel de mises en candidature \u2013 Prix Coxeter-James<\/a>      <\/div>\n    <\/div>\n    <div class='notes_toc_article'>\n      <div class='notes_toc_article_row'>\n        <div class='notes_toc_article_pdf'>\n        <\/div>\n        <a class='notes_toc_article_title_link' href='https:\/\/mathmatters.cms.math.ca\/fr\/article\/appel-de-mises-en-candidature-prix-krieger-nelson\/'>Appel de mises en candidature \u2013 Prix Krieger-Nelson<\/a>      <\/div>\n    <\/div>\n    <div class='notes_toc_article'>\n      <div class='notes_toc_section_name'>R\u00e9unions de la SMC<\/div>\n      <div class='notes_toc_article_row'>\n        <div class='notes_toc_article_pdf'>\n        <\/div>\n        <a class='notes_toc_article_title_link' href='https:\/\/mathmatters.cms.math.ca\/fr\/article\/new-nouveaute-appel-a-propositions-de-presentations-pour-la-reunion-mathed-en-ligne-de-la-smc\/'>Appel \u00e0 propositions de pr\u00e9sentations pour la r\u00e9union MathEd (en ligne) de la SMC<\/a>      <\/div>\n    <\/div>\n    <div class='notes_toc_article'>\n      <div class='notes_toc_section_name'>CMS Student Committee<\/div>\n      <div class='notes_toc_article_row'>\n        <div class='notes_toc_article_pdf'>\n        <\/div>\n        <a class='notes_toc_article_title_link' href='https:\/\/mathmatters.cms.math.ca\/fr\/article\/studc-connect-with-us-on-discord\/'>Connect with us on Discord!<\/a> <span class='notes_toc_author_name'>&mdash;&nbsp;Student Committee of the CMS<\/span>      <\/div>\n    <\/div>\n<\/div>\n<\/div>\n<\/div>\n    <\/div>\n  <div class='notes_issues_issident' id='notes_issues_issident_1_15'><a href='javascript:void(0);' title=\"afficher\/masquer le contenu\" onclick='notes_issues_iss_vh(1, 15)'><img src='\/wp-content\/uploads\/2020\/01\/folder-closed.png' alt='afficher' class='notes_issues_toggles' id='notes_issues_toggle_show_1_15' ><img src='\/wp-content\/uploads\/2020\/01\/folder-open.png' alt='masquer' class='notes_issues_toggles' id='notes_issues_toggle_hide_1_15' style='display:none;'>[15] Num\u00e9ro du 12 juillet 2024<\/a>\n<\/div>\n    <div class='notes_issues_isscontents' id='notes_issues_isscontents_1_15' style='display:none;'>\n<div class='notes_render_toc notes_noprint notes_toc_style_2' style='' id='notes_toc'>\n<div class='notes_toc_body'>\n  <div class='notes_toc_articles'>\n    <div class='notes_toc_article'>\n      <div class='notes_toc_section_name'>R\u00e9unions de la SMC<\/div>\n      <div class='notes_toc_article_row'>\n        <div class='notes_toc_article_pdf'>\n        <\/div>\n        <a class='notes_toc_article_title_link' href='https:\/\/mathmatters.cms.math.ca\/fr\/article\/2024-cms-winter-meeting-reservez-la-date\/'>R\u00e9union d'hiver 2024 de la SMC 29 novembre - 2 d\u00e9cembre, R\u00e9gion de Vancouver | R\u00e9servez la date<\/a>      <\/div>\n    <\/div>\n    <div class='notes_toc_article'>\n      <div class='notes_toc_article_row'>\n        <div class='notes_toc_article_pdf'>\n        <\/div>\n        <a class='notes_toc_article_title_link' href='https:\/\/mathmatters.cms.math.ca\/fr\/article\/appel-aux-sessions-deducation-reunion-dhiver-2024-de-la-smc\/'>Appel aux sessions d'\u00e9ducation | R\u00e9union d'hiver 2024 de la SMC<\/a>      <\/div>\n    <\/div>\n    <div class='notes_toc_article'>\n      <div class='notes_toc_article_row'>\n        <div class='notes_toc_article_pdf'>\n        <\/div>\n        <a class='notes_toc_article_title_link' href='https:\/\/mathmatters.cms.math.ca\/fr\/article\/appel-aux-sessions-scientifiques-reunion-dhiver-2024-de-la-smc\/'>Appel aux sessions scientifiques | R\u00e9union d'hiver 2024 de la SMC<\/a>      <\/div>\n    <\/div>\n    <div class='notes_toc_article'>\n      <div class='notes_toc_article_row'>\n        <div class='notes_toc_article_pdf'>\n        <\/div>\n        <a class='notes_toc_article_title_link' href='https:\/\/mathmatters.cms.math.ca\/fr\/article\/nouveaute-reunion-dete-2025-de-la-smc-reservez-la-date\/'>R\u00e9union d'\u00e9t\u00e9 2025 de la SMC, 6-9 juin | R\u00e9servez la date!<\/a>      <\/div>\n    <\/div>\n    <div class='notes_toc_article'>\n      <div class='notes_toc_section_name'>Annonces<\/div>\n      <div class='notes_toc_article_row'>\n        <div class='notes_toc_article_pdf'>\n        <\/div>\n        <a class='notes_toc_article_title_link' href='https:\/\/mathmatters.cms.math.ca\/fr\/article\/nouveaute-a-celebration-of-life-event-for-peter-rosenthal-1941-2024\/'>A Celebration of Life event for Peter Rosenthal (1941-2024)<\/a>      <\/div>\n    <\/div>\n    <div class='notes_toc_article'>\n      <div class='notes_toc_section_name'>Announcements<\/div>\n      <div class='notes_toc_article_row'>\n        <div class='notes_toc_article_pdf'>\n        <\/div>\n        <a class='notes_toc_article_title_link' href='https:\/\/mathmatters.cms.math.ca\/fr\/article\/women-in-combinatorics-virtual-conference-2024\/'>Women in Combinatorics Virtual Conference 2024<\/a> <span class='notes_toc_author_name'>&mdash;&nbsp;Hermie Monterde<\/span>      <\/div>\n    <\/div>\n    <div class='notes_toc_article'>\n      <div class='notes_toc_section_name'>Affichages d'emplois<\/div>\n      <div class='notes_toc_article_row'>\n        <div class='notes_toc_article_pdf'>\n        <\/div>\n        <a class='notes_toc_article_title_link' href='https:\/\/mathmatters.cms.math.ca\/fr\/article\/nouveaute-department-of-mathematics-and-statistics-term-assistant-teaching-professor\/'>Department of Mathematics and Statistics - Term Assistant Teaching Professor<\/a> <span class='notes_toc_author_name'>&mdash;&nbsp;University of New Brunswick<\/span>      <\/div>\n    <\/div>\n    <div class='notes_toc_article'>\n      <div class='notes_toc_section_name'>Annonces<\/div>\n      <div class='notes_toc_article_row'>\n        <div class='notes_toc_article_pdf'>\n        <\/div>\n        <a class='notes_toc_article_title_link' href='https:\/\/mathmatters.cms.math.ca\/fr\/article\/nouveaute-call-for-proposals-for-the-2026-birs-program\/'>Call for proposals for the 2026 BIRS program<\/a> <span class='notes_toc_author_name'>&mdash;&nbsp;Malabika Pramanik<\/span>      <\/div>\n    <\/div>\n    <div class='notes_toc_article'>\n      <div class='notes_toc_section_name'>Appel de mises en candidature<\/div>\n      <div class='notes_toc_article_row'>\n        <div class='notes_toc_article_pdf'>\n        <\/div>\n        <a class='notes_toc_article_title_link' href='https:\/\/mathmatters.cms.math.ca\/fr\/article\/appel-de-mises-en-candidature-prix-krieger-nelson\/'>Appel de mises en candidature \u2013 Prix Krieger-Nelson<\/a>      <\/div>\n    <\/div>\n    <div class='notes_toc_article'>\n      <div class='notes_toc_article_row'>\n        <div class='notes_toc_article_pdf'>\n        <\/div>\n        <a class='notes_toc_article_title_link' href='https:\/\/mathmatters.cms.math.ca\/fr\/article\/appel-de-mises-en-candidature-prix-jeffery-williams\/'>Appel de mises en candidature - Prix Jeffery-Williams<\/a>      <\/div>\n    <\/div>\n    <div class='notes_toc_article'>\n      <div class='notes_toc_article_row'>\n        <div class='notes_toc_article_pdf'>\n        <\/div>\n        <a class='notes_toc_article_title_link' href='https:\/\/mathmatters.cms.math.ca\/fr\/article\/appel-de-mises-en-candidature-prix-coxeter-james\/'>Appel de mises en candidature \u2013 Prix Coxeter-James<\/a>      <\/div>\n    <\/div>\n    <div class='notes_toc_article'>\n      <div class='notes_toc_section_name'>R\u00e9unions de la SMC<\/div>\n      <div class='notes_toc_article_row'>\n        <div class='notes_toc_article_pdf'>\n        <\/div>\n        <a class='notes_toc_article_title_link' href='https:\/\/mathmatters.cms.math.ca\/fr\/article\/new-nouveaute-appel-a-propositions-de-presentations-pour-la-reunion-mathed-en-ligne-de-la-smc\/'>Appel \u00e0 propositions de pr\u00e9sentations pour la r\u00e9union MathEd (en ligne) de la SMC<\/a>      <\/div>\n    <\/div>\n    <div class='notes_toc_article'>\n      <div class='notes_toc_section_name'>CMS Student Committee<\/div>\n      <div class='notes_toc_article_row'>\n        <div class='notes_toc_article_pdf'>\n        <\/div>\n        <a class='notes_toc_article_title_link' href='https:\/\/mathmatters.cms.math.ca\/fr\/article\/studc-connect-with-us-on-discord\/'>Connect with us on Discord!<\/a> <span class='notes_toc_author_name'>&mdash;&nbsp;Student Committee of the CMS<\/span>      <\/div>\n    <\/div>\n<\/div>\n<\/div>\n<\/div>\n    <\/div>\n  <div class='notes_issues_issident' id='notes_issues_issident_1_14'><a href='javascript:void(0);' title=\"afficher\/masquer le contenu\" onclick='notes_issues_iss_vh(1, 14)'><img src='\/wp-content\/uploads\/2020\/01\/folder-closed.png' alt='afficher' class='notes_issues_toggles' id='notes_issues_toggle_show_1_14' ><img src='\/wp-content\/uploads\/2020\/01\/folder-open.png' alt='masquer' class='notes_issues_toggles' id='notes_issues_toggle_hide_1_14' style='display:none;'>[14] Num\u00e9ro du 5 juillet 2024<\/a>\n<\/div>\n    <div class='notes_issues_isscontents' id='notes_issues_isscontents_1_14' style='display:none;'>\n<div class='notes_render_toc notes_noprint notes_toc_style_2' style='' id='notes_toc'>\n<div class='notes_toc_body'>\n  <div class='notes_toc_articles'>\n    <div class='notes_toc_article'>\n      <div class='notes_toc_section_name'>R\u00e9unions de la SMC<\/div>\n      <div class='notes_toc_article_row'>\n        <div class='notes_toc_article_pdf'>\n        <\/div>\n        <a class='notes_toc_article_title_link' href='https:\/\/mathmatters.cms.math.ca\/fr\/article\/2024-cms-winter-meeting-reservez-la-date\/'>R\u00e9union d'hiver 2024 de la SMC 29 novembre - 2 d\u00e9cembre, R\u00e9gion de Vancouver | R\u00e9servez la date<\/a>      <\/div>\n    <\/div>\n    <div class='notes_toc_article'>\n      <div class='notes_toc_article_row'>\n        <div class='notes_toc_article_pdf'>\n        <\/div>\n        <a class='notes_toc_article_title_link' href='https:\/\/mathmatters.cms.math.ca\/fr\/article\/appel-aux-sessions-deducation-reunion-dhiver-2024-de-la-smc\/'>Appel aux sessions d'\u00e9ducation | R\u00e9union d'hiver 2024 de la SMC<\/a>      <\/div>\n    <\/div>\n    <div class='notes_toc_article'>\n      <div class='notes_toc_article_row'>\n        <div class='notes_toc_article_pdf'>\n        <\/div>\n        <a class='notes_toc_article_title_link' href='https:\/\/mathmatters.cms.math.ca\/fr\/article\/appel-aux-sessions-scientifiques-reunion-dhiver-2024-de-la-smc\/'>Appel aux sessions scientifiques | R\u00e9union d'hiver 2024 de la SMC<\/a>      <\/div>\n    <\/div>\n    <div class='notes_toc_article'>\n      <div class='notes_toc_article_row'>\n        <div class='notes_toc_article_pdf'>\n        <\/div>\n        <a class='notes_toc_article_title_link' href='https:\/\/mathmatters.cms.math.ca\/fr\/article\/nouveaute-reunion-dete-2025-de-la-smc-reservez-la-date\/'>R\u00e9union d'\u00e9t\u00e9 2025 de la SMC, 6-9 juin | R\u00e9servez la date!<\/a>      <\/div>\n    <\/div>\n    <div class='notes_toc_article'>\n      <div class='notes_toc_section_name'>Announcements<\/div>\n      <div class='notes_toc_article_row'>\n        <div class='notes_toc_article_pdf'>\n        <\/div>\n        <a class='notes_toc_article_title_link' href='https:\/\/mathmatters.cms.math.ca\/fr\/article\/women-in-combinatorics-virtual-conference-2024\/'>Women in Combinatorics Virtual Conference 2024<\/a> <span class='notes_toc_author_name'>&mdash;&nbsp;Hermie Monterde<\/span>      <\/div>\n    <\/div>\n    <div class='notes_toc_article'>\n      <div class='notes_toc_section_name'>Annonces<\/div>\n      <div class='notes_toc_article_row'>\n        <div class='notes_toc_article_pdf'>\n        <\/div>\n        <a class='notes_toc_article_title_link' href='https:\/\/mathmatters.cms.math.ca\/fr\/article\/nouveaute-summer-mathwiz-league-5th-8th-grade\/'>Summer Mathwiz League - 5th - 8th Grade<\/a> <span class='notes_toc_author_name'>&mdash;&nbsp;Pete Tarnowski<\/span>      <\/div>\n    <\/div>\n    <div class='notes_toc_article'>\n      <div class='notes_toc_article_row'>\n        <div class='notes_toc_article_pdf'>\n        <\/div>\n        <a class='notes_toc_article_title_link' href='https:\/\/mathmatters.cms.math.ca\/fr\/article\/nouveaute-call-for-proposals-for-the-2026-birs-program\/'>Call for proposals for the 2026 BIRS program<\/a> <span class='notes_toc_author_name'>&mdash;&nbsp;Malabika Pramanik<\/span>      <\/div>\n    <\/div>\n    <div class='notes_toc_article'>\n      <div class='notes_toc_section_name'>Appel de mises en candidature<\/div>\n      <div class='notes_toc_article_row'>\n        <div class='notes_toc_article_pdf'>\n        <\/div>\n        <a class='notes_toc_article_title_link' href='https:\/\/mathmatters.cms.math.ca\/fr\/article\/appel-de-mises-en-candidature-prix-coxeter-james\/'>Appel de mises en candidature \u2013 Prix Coxeter-James<\/a>      <\/div>\n    <\/div>\n    <div class='notes_toc_article'>\n      <div class='notes_toc_article_row'>\n        <div class='notes_toc_article_pdf'>\n        <\/div>\n        <a class='notes_toc_article_title_link' href='https:\/\/mathmatters.cms.math.ca\/fr\/article\/appel-de-mises-en-candidature-prix-krieger-nelson\/'>Appel de mises en candidature \u2013 Prix Krieger-Nelson<\/a>      <\/div>\n    <\/div>\n    <div class='notes_toc_article'>\n      <div class='notes_toc_article_row'>\n        <div class='notes_toc_article_pdf'>\n        <\/div>\n        <a class='notes_toc_article_title_link' href='https:\/\/mathmatters.cms.math.ca\/fr\/article\/appel-de-mises-en-candidature-prix-jeffery-williams\/'>Appel de mises en candidature - Prix Jeffery-Williams<\/a>      <\/div>\n    <\/div>\n    <div class='notes_toc_article'>\n      <div class='notes_toc_section_name'>R\u00e9unions de la SMC<\/div>\n      <div class='notes_toc_article_row'>\n        <div class='notes_toc_article_pdf'>\n        <\/div>\n        <a class='notes_toc_article_title_link' href='https:\/\/mathmatters.cms.math.ca\/fr\/article\/new-nouveaute-appel-a-propositions-de-presentations-pour-la-reunion-mathed-en-ligne-de-la-smc\/'>Appel \u00e0 propositions de pr\u00e9sentations pour la r\u00e9union MathEd (en ligne) de la SMC<\/a>      <\/div>\n    <\/div>\n    <div class='notes_toc_article'>\n      <div class='notes_toc_section_name'>Comit\u00e9 \u00e9tudiant de la SMC<\/div>\n      <div class='notes_toc_article_row'>\n        <div class='notes_toc_article_pdf'>\n        <\/div>\n        <a class='notes_toc_article_title_link' href='https:\/\/mathmatters.cms.math.ca\/fr\/article\/nouveaute-preparation-pour-le-congres-canadien-des-etudiants-en-mathematiques\/'>Pr\u00e9paration pour le Congr\u00e8s canadien des \u00e9tudiants en math\u00e9matiques<\/a> <span class='notes_toc_author_name'>&mdash;&nbsp;Ludovick Bouthat<\/span>      <\/div>\n    <\/div>\n    <div class='notes_toc_article'>\n      <div class='notes_toc_section_name'>CMS Student Committee<\/div>\n      <div class='notes_toc_article_row'>\n        <div class='notes_toc_article_pdf'>\n        <\/div>\n        <a class='notes_toc_article_title_link' href='https:\/\/mathmatters.cms.math.ca\/fr\/article\/2024-canadian-undergraduate-mathematics-conference\/'>2024 Canadian Undergraduate Mathematics Conference - Vancouver, July 8th-12th<\/a> <span class='notes_toc_author_name'>&mdash;&nbsp;CUMC Organizing Committee<\/span>      <\/div>\n    <\/div>\n    <div class='notes_toc_article'>\n      <div class='notes_toc_article_row'>\n        <div class='notes_toc_article_pdf'>\n        <\/div>\n        <a class='notes_toc_article_title_link' href='https:\/\/mathmatters.cms.math.ca\/fr\/article\/studc-connect-with-us-on-discord\/'>Connect with us on Discord!<\/a> <span class='notes_toc_author_name'>&mdash;&nbsp;Student Committee of the CMS<\/span>      <\/div>\n    <\/div>\n<\/div>\n<\/div>\n<\/div>\n    <\/div>\n  <div class='notes_issues_issident' id='notes_issues_issident_1_13'><a href='javascript:void(0);' title=\"afficher\/masquer le contenu\" onclick='notes_issues_iss_vh(1, 13)'><img src='\/wp-content\/uploads\/2020\/01\/folder-closed.png' alt='afficher' class='notes_issues_toggles' id='notes_issues_toggle_show_1_13' ><img src='\/wp-content\/uploads\/2020\/01\/folder-open.png' alt='masquer' class='notes_issues_toggles' id='notes_issues_toggle_hide_1_13' style='display:none;'>[13] Num\u00e9ro du 28 juin 2024<\/a>\n<\/div>\n    <div class='notes_issues_isscontents' id='notes_issues_isscontents_1_13' style='display:none;'>\n<div class='notes_render_toc notes_noprint notes_toc_style_2' style='' id='notes_toc'>\n<div class='notes_toc_body'>\n  <div class='notes_toc_articles'>\n    <div class='notes_toc_article'>\n      <div class='notes_toc_section_name'>R\u00e9unions de la SMC<\/div>\n      <div class='notes_toc_article_row'>\n        <div class='notes_toc_article_pdf'>\n        <\/div>\n        <a class='notes_toc_article_title_link' href='https:\/\/mathmatters.cms.math.ca\/fr\/article\/2024-cms-winter-meeting-reservez-la-date\/'>R\u00e9union d'hiver 2024 de la SMC 29 novembre - 2 d\u00e9cembre, R\u00e9gion de Vancouver | R\u00e9servez la date<\/a>      <\/div>\n    <\/div>\n    <div class='notes_toc_article'>\n      <div class='notes_toc_article_row'>\n        <div class='notes_toc_article_pdf'>\n        <\/div>\n        <a class='notes_toc_article_title_link' href='https:\/\/mathmatters.cms.math.ca\/fr\/article\/appel-aux-sessions-deducation-reunion-dhiver-2024-de-la-smc\/'>Appel aux sessions d'\u00e9ducation | R\u00e9union d'hiver 2024 de la SMC<\/a>      <\/div>\n    <\/div>\n    <div class='notes_toc_article'>\n      <div class='notes_toc_article_row'>\n        <div class='notes_toc_article_pdf'>\n        <\/div>\n        <a class='notes_toc_article_title_link' href='https:\/\/mathmatters.cms.math.ca\/fr\/article\/nouveaute-reunion-dete-2025-de-la-smc-reservez-la-date\/'>R\u00e9union d'\u00e9t\u00e9 2025 de la SMC, 6-9 juin | R\u00e9servez la date!<\/a>      <\/div>\n    <\/div>\n    <div class='notes_toc_article'>\n      <div class='notes_toc_article_row'>\n        <div class='notes_toc_article_pdf'>\n        <\/div>\n        <a class='notes_toc_article_title_link' href='https:\/\/mathmatters.cms.math.ca\/fr\/article\/appel-aux-sessions-scientifiques-reunion-dhiver-2024-de-la-smc\/'>Appel aux sessions scientifiques | R\u00e9union d'hiver 2024 de la SMC<\/a>      <\/div>\n    <\/div>\n    <div class='notes_toc_article'>\n      <div class='notes_toc_section_name'>Announcements<\/div>\n      <div class='notes_toc_article_row'>\n        <div class='notes_toc_article_pdf'>\n        <\/div>\n        <a class='notes_toc_article_title_link' href='https:\/\/mathmatters.cms.math.ca\/fr\/article\/women-in-combinatorics-virtual-conference-2024\/'>Women in Combinatorics Virtual Conference 2024<\/a> <span class='notes_toc_author_name'>&mdash;&nbsp;Hermie Monterde<\/span>      <\/div>\n    <\/div>\n    <div class='notes_toc_article'>\n      <div class='notes_toc_section_name'>Annonces<\/div>\n      <div class='notes_toc_article_row'>\n        <div class='notes_toc_article_pdf'>\n        <\/div>\n        <a class='notes_toc_article_title_link' href='https:\/\/mathmatters.cms.math.ca\/fr\/article\/nouveaute-summer-mathwiz-league-5th-8th-grade\/'>Summer Mathwiz League - 5th - 8th Grade<\/a> <span class='notes_toc_author_name'>&mdash;&nbsp;Pete Tarnowski<\/span>      <\/div>\n    <\/div>\n    <div class='notes_toc_article'>\n      <div class='notes_toc_article_row'>\n        <div class='notes_toc_article_pdf'>\n        <\/div>\n        <a class='notes_toc_article_title_link' href='https:\/\/mathmatters.cms.math.ca\/fr\/article\/nouveaute-call-for-proposals-for-the-2026-birs-program\/'>Call for proposals for the 2026 BIRS program<\/a> <span class='notes_toc_author_name'>&mdash;&nbsp;Malabika Pramanik<\/span>      <\/div>\n    <\/div>\n    <div class='notes_toc_article'>\n      <div class='notes_toc_section_name'>Appel de mises en candidature<\/div>\n      <div class='notes_toc_article_row'>\n        <div class='notes_toc_article_pdf'>\n        <\/div>\n        <a class='notes_toc_article_title_link' href='https:\/\/mathmatters.cms.math.ca\/fr\/article\/appel-de-mises-en-candidature-prix-coxeter-james\/'>Appel de mises en candidature \u2013 Prix Coxeter-James<\/a>      <\/div>\n    <\/div>\n    <div class='notes_toc_article'>\n      <div class='notes_toc_article_row'>\n        <div class='notes_toc_article_pdf'>\n        <\/div>\n        <a class='notes_toc_article_title_link' href='https:\/\/mathmatters.cms.math.ca\/fr\/article\/appel-de-mises-en-candidature-prix-krieger-nelson\/'>Appel de mises en candidature \u2013 Prix Krieger-Nelson<\/a>      <\/div>\n    <\/div>\n    <div class='notes_toc_article'>\n      <div class='notes_toc_article_row'>\n        <div class='notes_toc_article_pdf'>\n        <\/div>\n        <a class='notes_toc_article_title_link' href='https:\/\/mathmatters.cms.math.ca\/fr\/article\/appel-de-mises-en-candidature-prix-jeffery-williams\/'>Appel de mises en candidature - Prix Jeffery-Williams<\/a>      <\/div>\n    <\/div>\n    <div class='notes_toc_article'>\n      <div class='notes_toc_section_name'>R\u00e9unions de la SMC<\/div>\n      <div class='notes_toc_article_row'>\n        <div class='notes_toc_article_pdf'>\n        <\/div>\n        <a class='notes_toc_article_title_link' href='https:\/\/mathmatters.cms.math.ca\/fr\/article\/new-nouveaute-appel-a-propositions-de-presentations-pour-la-reunion-mathed-en-ligne-de-la-smc\/'>Appel \u00e0 propositions de pr\u00e9sentations pour la r\u00e9union MathEd (en ligne) de la SMC<\/a>      <\/div>\n    <\/div>\n    <div class='notes_toc_article'>\n      <div class='notes_toc_section_name'>CMS Student Committee<\/div>\n      <div class='notes_toc_article_row'>\n        <div class='notes_toc_article_pdf'>\n        <\/div>\n        <a class='notes_toc_article_title_link' href='https:\/\/mathmatters.cms.math.ca\/fr\/article\/studc-connect-with-us-on-discord\/'>Connect with us on Discord!<\/a> <span class='notes_toc_author_name'>&mdash;&nbsp;Student Committee of the CMS<\/span>      <\/div>\n    <\/div>\n    <div class='notes_toc_article'>\n      <div class='notes_toc_section_name'>Comit\u00e9 \u00e9tudiant de la SMC<\/div>\n      <div class='notes_toc_article_row'>\n        <div class='notes_toc_article_pdf'>\n        <\/div>\n        <a class='notes_toc_article_title_link' href='https:\/\/mathmatters.cms.math.ca\/fr\/article\/nouveaute-preparation-pour-le-congres-canadien-des-etudiants-en-mathematiques\/'>Pr\u00e9paration pour le Congr\u00e8s canadien des \u00e9tudiants en math\u00e9matiques<\/a> <span class='notes_toc_author_name'>&mdash;&nbsp;Ludovick Bouthat<\/span>      <\/div>\n    <\/div>\n    <div class='notes_toc_article'>\n      <div class='notes_toc_section_name'>CMS Student Committee<\/div>\n      <div class='notes_toc_article_row'>\n        <div class='notes_toc_article_pdf'>\n        <\/div>\n        <a class='notes_toc_article_title_link' href='https:\/\/mathmatters.cms.math.ca\/fr\/article\/registration-for-cumc-ccem-2024\/'>Registration for CUMC\/CC\u00c9M 2024<\/a> <span class='notes_toc_author_name'>&mdash;&nbsp;CUMC Organizing Committee<\/span>      <\/div>\n    <\/div>\n    <div class='notes_toc_article'>\n      <div class='notes_toc_article_row'>\n        <div class='notes_toc_article_pdf'>\n        <\/div>\n        <a class='notes_toc_article_title_link' href='https:\/\/mathmatters.cms.math.ca\/fr\/article\/2024-canadian-undergraduate-mathematics-conference\/'>2024 Canadian Undergraduate Mathematics Conference - Vancouver, July 8th-12th<\/a> <span class='notes_toc_author_name'>&mdash;&nbsp;CUMC Organizing Committee<\/span>      <\/div>\n    <\/div>\n<\/div>\n<\/div>\n<\/div>\n    <\/div>\n  <div class='notes_issues_issident' id='notes_issues_issident_1_12'><a href='javascript:void(0);' title=\"afficher\/masquer le contenu\" onclick='notes_issues_iss_vh(1, 12)'><img src='\/wp-content\/uploads\/2020\/01\/folder-closed.png' alt='afficher' class='notes_issues_toggles' id='notes_issues_toggle_show_1_12' ><img src='\/wp-content\/uploads\/2020\/01\/folder-open.png' alt='masquer' class='notes_issues_toggles' id='notes_issues_toggle_hide_1_12' style='display:none;'>[12] Num\u00e9ro du 21 juin 2024<\/a>\n<\/div>\n    <div class='notes_issues_isscontents' id='notes_issues_isscontents_1_12' style='display:none;'>\n<div class='notes_render_toc notes_noprint notes_toc_style_2' style='' id='notes_toc'>\n<div class='notes_toc_body'>\n  <div class='notes_toc_articles'>\n    <div class='notes_toc_article'>\n      <div class='notes_toc_section_name'>Communiqu\u00e9<\/div>\n      <div class='notes_toc_article_row'>\n        <div class='notes_toc_article_pdf'>\n        <\/div>\n        <a class='notes_toc_article_title_link' href='https:\/\/mathmatters.cms.math.ca\/fr\/article\/nouveaute-fellows-de-la-smc-2024\/'>NOUVEAUT\u00c9 : Fellows de la SMC 2024<\/a>      <\/div>\n    <\/div>\n    <div class='notes_toc_article'>\n      <div class='notes_toc_section_name'>R\u00e9unions de la SMC<\/div>\n      <div class='notes_toc_article_row'>\n        <div class='notes_toc_article_pdf'>\n        <\/div>\n        <a class='notes_toc_article_title_link' href='https:\/\/mathmatters.cms.math.ca\/fr\/article\/2024-cms-winter-meeting-reservez-la-date\/'>R\u00e9union d'hiver 2024 de la SMC 29 novembre - 2 d\u00e9cembre, R\u00e9gion de Vancouver | R\u00e9servez la date<\/a>      <\/div>\n    <\/div>\n    <div class='notes_toc_article'>\n      <div class='notes_toc_article_row'>\n        <div class='notes_toc_article_pdf'>\n        <\/div>\n        <a class='notes_toc_article_title_link' href='https:\/\/mathmatters.cms.math.ca\/fr\/article\/nouveaute-reunion-dete-2025-de-la-smc-reservez-la-date\/'>R\u00e9union d'\u00e9t\u00e9 2025 de la SMC, 6-9 juin | R\u00e9servez la date!<\/a>      <\/div>\n    <\/div>\n    <div class='notes_toc_article'>\n      <div class='notes_toc_article_row'>\n        <div class='notes_toc_article_pdf'>\n        <\/div>\n        <a class='notes_toc_article_title_link' href='https:\/\/mathmatters.cms.math.ca\/fr\/article\/appel-aux-sessions-deducation-reunion-dhiver-2024-de-la-smc\/'>Appel aux sessions d'\u00e9ducation | R\u00e9union d'hiver 2024 de la SMC<\/a>      <\/div>\n    <\/div>\n    <div class='notes_toc_article'>\n      <div class='notes_toc_article_row'>\n        <div class='notes_toc_article_pdf'>\n        <\/div>\n        <a class='notes_toc_article_title_link' href='https:\/\/mathmatters.cms.math.ca\/fr\/article\/appel-aux-sessions-scientifiques-reunion-dhiver-2024-de-la-smc\/'>Appel aux sessions scientifiques | R\u00e9union d'hiver 2024 de la SMC<\/a>      <\/div>\n    <\/div>\n    <div class='notes_toc_article'>\n      <div class='notes_toc_section_name'>Annonces<\/div>\n      <div class='notes_toc_article_row'>\n        <div class='notes_toc_article_pdf'>\n        <\/div>\n        <a class='notes_toc_article_title_link' href='https:\/\/mathmatters.cms.math.ca\/fr\/article\/nouveaute-future-proofing-our-children-problem-solving-in-the-era-of-ai\/'>Future Proofing Our Children: Problem Solving In the Era of AI<\/a> <span class='notes_toc_author_name'>&mdash;&nbsp;Avalon Sueiro<\/span>      <\/div>\n    <\/div>\n    <div class='notes_toc_article'>\n      <div class='notes_toc_section_name'>Announcements<\/div>\n      <div class='notes_toc_article_row'>\n        <div class='notes_toc_article_pdf'>\n        <\/div>\n        <a class='notes_toc_article_title_link' href='https:\/\/mathmatters.cms.math.ca\/fr\/article\/women-in-combinatorics-virtual-conference-2024\/'>Women in Combinatorics Virtual Conference 2024<\/a> <span class='notes_toc_author_name'>&mdash;&nbsp;Hermie Monterde<\/span>      <\/div>\n    <\/div>\n    <div class='notes_toc_article'>\n      <div class='notes_toc_section_name'>Annonces<\/div>\n      <div class='notes_toc_article_row'>\n        <div class='notes_toc_article_pdf'>\n        <\/div>\n        <a class='notes_toc_article_title_link' href='https:\/\/mathmatters.cms.math.ca\/fr\/article\/nouveaute-summer-mathwiz-league-5th-8th-grade\/'>Summer Mathwiz League - 5th - 8th Grade<\/a> <span class='notes_toc_author_name'>&mdash;&nbsp;Pete Tarnowski<\/span>      <\/div>\n    <\/div>\n    <div class='notes_toc_article'>\n      <div class='notes_toc_article_row'>\n        <div class='notes_toc_article_pdf'>\n        <\/div>\n        <a class='notes_toc_article_title_link' href='https:\/\/mathmatters.cms.math.ca\/fr\/article\/nouveaute-call-for-proposals-for-the-2026-birs-program\/'>Call for proposals for the 2026 BIRS program<\/a> <span class='notes_toc_author_name'>&mdash;&nbsp;Malabika Pramanik<\/span>      <\/div>\n    <\/div>\n    <div class='notes_toc_article'>\n      <div class='notes_toc_section_name'>Appel de mises en candidature<\/div>\n      <div class='notes_toc_article_row'>\n        <div class='notes_toc_article_pdf'>\n        <\/div>\n        <a class='notes_toc_article_title_link' href='https:\/\/mathmatters.cms.math.ca\/fr\/article\/appel-de-mises-en-candidature-prix-krieger-nelson\/'>Appel de mises en candidature \u2013 Prix Krieger-Nelson<\/a>      <\/div>\n    <\/div>\n    <div class='notes_toc_article'>\n      <div class='notes_toc_article_row'>\n        <div class='notes_toc_article_pdf'>\n        <\/div>\n        <a class='notes_toc_article_title_link' href='https:\/\/mathmatters.cms.math.ca\/fr\/article\/appel-de-mises-en-candidature-prix-jeffery-williams\/'>Appel de mises en candidature - Prix Jeffery-Williams<\/a>      <\/div>\n    <\/div>\n    <div class='notes_toc_article'>\n      <div class='notes_toc_article_row'>\n        <div class='notes_toc_article_pdf'>\n        <\/div>\n        <a class='notes_toc_article_title_link' href='https:\/\/mathmatters.cms.math.ca\/fr\/article\/appel-de-mises-en-candidature-prix-coxeter-james\/'>Appel de mises en candidature \u2013 Prix Coxeter-James<\/a>      <\/div>\n    <\/div>\n    <div class='notes_toc_article'>\n      <div class='notes_toc_section_name'>R\u00e9unions de la SMC<\/div>\n      <div class='notes_toc_article_row'>\n        <div class='notes_toc_article_pdf'>\n        <\/div>\n        <a class='notes_toc_article_title_link' href='https:\/\/mathmatters.cms.math.ca\/fr\/article\/new-nouveaute-appel-a-propositions-de-presentations-pour-la-reunion-mathed-en-ligne-de-la-smc\/'>Appel \u00e0 propositions de pr\u00e9sentations pour la r\u00e9union MathEd (en ligne) de la SMC<\/a>      <\/div>\n    <\/div>\n    <div class='notes_toc_article'>\n      <div class='notes_toc_section_name'>CMS Student Committee<\/div>\n      <div class='notes_toc_article_row'>\n        <div class='notes_toc_article_pdf'>\n        <\/div>\n        <a class='notes_toc_article_title_link' href='https:\/\/mathmatters.cms.math.ca\/fr\/article\/registration-for-cumc-ccem-2024\/'>Registration for CUMC\/CC\u00c9M 2024<\/a> <span class='notes_toc_author_name'>&mdash;&nbsp;CUMC Organizing Committee<\/span>      <\/div>\n    <\/div>\n    <div class='notes_toc_article'>\n      <div class='notes_toc_article_row'>\n        <div class='notes_toc_article_pdf'>\n        <\/div>\n        <a class='notes_toc_article_title_link' href='https:\/\/mathmatters.cms.math.ca\/fr\/article\/2024-canadian-undergraduate-mathematics-conference\/'>2024 Canadian Undergraduate Mathematics Conference - Vancouver, July 8th-12th<\/a> <span class='notes_toc_author_name'>&mdash;&nbsp;CUMC Organizing Committee<\/span>      <\/div>\n    <\/div>\n    <div class='notes_toc_article'>\n      <div class='notes_toc_section_name'>Comit\u00e9 \u00e9tudiant de la SMC<\/div>\n      <div class='notes_toc_article_row'>\n        <div class='notes_toc_article_pdf'>\n        <\/div>\n        <a class='notes_toc_article_title_link' href='https:\/\/mathmatters.cms.math.ca\/fr\/article\/nouveaute-preparation-pour-le-congres-canadien-des-etudiants-en-mathematiques\/'>Pr\u00e9paration pour le Congr\u00e8s canadien des \u00e9tudiants en math\u00e9matiques<\/a> <span class='notes_toc_author_name'>&mdash;&nbsp;Ludovick Bouthat<\/span>      <\/div>\n    <\/div>\n    <div class='notes_toc_article'>\n      <div class='notes_toc_section_name'>CMS Student Committee<\/div>\n      <div class='notes_toc_article_row'>\n        <div class='notes_toc_article_pdf'>\n        <\/div>\n        <a class='notes_toc_article_title_link' href='https:\/\/mathmatters.cms.math.ca\/fr\/article\/studc-connect-with-us-on-discord\/'>Connect with us on Discord!<\/a> <span class='notes_toc_author_name'>&mdash;&nbsp;Student Committee of the CMS<\/span>      <\/div>\n    <\/div>\n<\/div>\n<\/div>\n<\/div>\n    <\/div>\n  <div class='notes_issues_issident' id='notes_issues_issident_1_11'><a href='javascript:void(0);' title=\"afficher\/masquer le contenu\" onclick='notes_issues_iss_vh(1, 11)'><img src='\/wp-content\/uploads\/2020\/01\/folder-closed.png' alt='afficher' class='notes_issues_toggles' id='notes_issues_toggle_show_1_11' ><img src='\/wp-content\/uploads\/2020\/01\/folder-open.png' alt='masquer' class='notes_issues_toggles' id='notes_issues_toggle_hide_1_11' style='display:none;'>[11] Num\u00e9ro du 14 juin 2024<\/a>\n<\/div>\n    <div class='notes_issues_isscontents' id='notes_issues_isscontents_1_11' style='display:none;'>\n<div class='notes_render_toc notes_noprint notes_toc_style_2' style='' id='notes_toc'>\n<div class='notes_toc_body'>\n  <div class='notes_toc_articles'>\n    <div class='notes_toc_article'>\n      <div class='notes_toc_section_name'>R\u00e9unions de la SMC<\/div>\n      <div class='notes_toc_article_row'>\n        <div class='notes_toc_article_pdf'>\n        <\/div>\n        <a class='notes_toc_article_title_link' href='https:\/\/mathmatters.cms.math.ca\/fr\/article\/2024-cms-winter-meeting-reservez-la-date\/'>R\u00e9union d'hiver 2024 de la SMC 29 novembre - 2 d\u00e9cembre, R\u00e9gion de Vancouver | R\u00e9servez la date<\/a>      <\/div>\n    <\/div>\n    <div class='notes_toc_article'>\n      <div class='notes_toc_article_row'>\n        <div class='notes_toc_article_pdf'>\n        <\/div>\n        <a class='notes_toc_article_title_link' href='https:\/\/mathmatters.cms.math.ca\/fr\/article\/appel-aux-sessions-deducation-reunion-dhiver-2024-de-la-smc\/'>Appel aux sessions d'\u00e9ducation | R\u00e9union d'hiver 2024 de la SMC<\/a>      <\/div>\n    <\/div>\n    <div class='notes_toc_article'>\n      <div class='notes_toc_article_row'>\n        <div class='notes_toc_article_pdf'>\n        <\/div>\n        <a class='notes_toc_article_title_link' href='https:\/\/mathmatters.cms.math.ca\/fr\/article\/appel-aux-sessions-scientifiques-reunion-dhiver-2024-de-la-smc\/'>Appel aux sessions scientifiques | R\u00e9union d'hiver 2024 de la SMC<\/a>      <\/div>\n    <\/div>\n    <div class='notes_toc_article'>\n      <div class='notes_toc_article_row'>\n        <div class='notes_toc_article_pdf'>\n        <\/div>\n        <a class='notes_toc_article_title_link' href='https:\/\/mathmatters.cms.math.ca\/fr\/article\/nouveaute-reunion-dete-2025-de-la-smc-reservez-la-date\/'>R\u00e9union d'\u00e9t\u00e9 2025 de la SMC, 6-9 juin | R\u00e9servez la date!<\/a>      <\/div>\n    <\/div>\n    <div class='notes_toc_article'>\n      <div class='notes_toc_section_name'>Annonces<\/div>\n      <div class='notes_toc_article_row'>\n        <div class='notes_toc_article_pdf'>\n        <\/div>\n        <a class='notes_toc_article_title_link' href='https:\/\/mathmatters.cms.math.ca\/fr\/article\/nouveaute-future-proofing-our-children-problem-solving-in-the-era-of-ai\/'>Future Proofing Our Children: Problem Solving In the Era of AI<\/a> <span class='notes_toc_author_name'>&mdash;&nbsp;Avalon Sueiro<\/span>      <\/div>\n    <\/div>\n    <div class='notes_toc_article'>\n      <div class='notes_toc_section_name'>Announcements<\/div>\n      <div class='notes_toc_article_row'>\n        <div class='notes_toc_article_pdf'>\n        <\/div>\n        <a class='notes_toc_article_title_link' href='https:\/\/mathmatters.cms.math.ca\/fr\/article\/women-in-combinatorics-virtual-conference-2024\/'>Women in Combinatorics Virtual Conference 2024<\/a> <span class='notes_toc_author_name'>&mdash;&nbsp;Hermie Monterde<\/span>      <\/div>\n    <\/div>\n    <div class='notes_toc_article'>\n      <div class='notes_toc_article_row'>\n        <div class='notes_toc_article_pdf'>\n        <\/div>\n        <a class='notes_toc_article_title_link' href='https:\/\/mathmatters.cms.math.ca\/fr\/article\/wise-program\/'>WiSE Program<\/a> <span class='notes_toc_author_name'>&mdash;&nbsp;Jane Street<\/span>      <\/div>\n    <\/div>\n    <div class='notes_toc_article'>\n      <div class='notes_toc_section_name'>Annonces<\/div>\n      <div class='notes_toc_article_row'>\n        <div class='notes_toc_article_pdf'>\n        <\/div>\n        <a class='notes_toc_article_title_link' href='https:\/\/mathmatters.cms.math.ca\/fr\/article\/nouveaute-call-for-proposals-for-the-2026-birs-program\/'>Call for proposals for the 2026 BIRS program<\/a> <span class='notes_toc_author_name'>&mdash;&nbsp;Malabika Pramanik<\/span>      <\/div>\n    <\/div>\n    <div class='notes_toc_article'>\n      <div class='notes_toc_section_name'>Appel de mises en candidature<\/div>\n      <div class='notes_toc_article_row'>\n        <div class='notes_toc_article_pdf'>\n        <\/div>\n        <a class='notes_toc_article_title_link' href='https:\/\/mathmatters.cms.math.ca\/fr\/article\/appel-de-mises-en-candidature-prix-coxeter-james\/'>Appel de mises en candidature \u2013 Prix Coxeter-James<\/a>      <\/div>\n    <\/div>\n    <div class='notes_toc_article'>\n      <div class='notes_toc_article_row'>\n        <div class='notes_toc_article_pdf'>\n        <\/div>\n        <a class='notes_toc_article_title_link' href='https:\/\/mathmatters.cms.math.ca\/fr\/article\/appel-de-mises-en-candidature-prix-krieger-nelson\/'>Appel de mises en candidature \u2013 Prix Krieger-Nelson<\/a>      <\/div>\n    <\/div>\n    <div class='notes_toc_article'>\n      <div class='notes_toc_article_row'>\n        <div class='notes_toc_article_pdf'>\n        <\/div>\n        <a class='notes_toc_article_title_link' href='https:\/\/mathmatters.cms.math.ca\/fr\/article\/appel-de-mises-en-candidature-prix-jeffery-williams\/'>Appel de mises en candidature - Prix Jeffery-Williams<\/a>      <\/div>\n    <\/div>\n    <div class='notes_toc_article'>\n      <div class='notes_toc_section_name'>R\u00e9unions de la SMC<\/div>\n      <div class='notes_toc_article_row'>\n        <div class='notes_toc_article_pdf'>\n        <\/div>\n        <a class='notes_toc_article_title_link' href='https:\/\/mathmatters.cms.math.ca\/fr\/article\/new-nouveaute-appel-a-propositions-de-presentations-pour-la-reunion-mathed-en-ligne-de-la-smc\/'>Appel \u00e0 propositions de pr\u00e9sentations pour la r\u00e9union MathEd (en ligne) de la SMC<\/a>      <\/div>\n    <\/div>\n    <div class='notes_toc_article'>\n      <div class='notes_toc_section_name'>CMS Student Committee<\/div>\n      <div class='notes_toc_article_row'>\n        <div class='notes_toc_article_pdf'>\n        <\/div>\n        <a class='notes_toc_article_title_link' href='https:\/\/mathmatters.cms.math.ca\/fr\/article\/2024-canadian-undergraduate-mathematics-conference\/'>2024 Canadian Undergraduate Mathematics Conference - Vancouver, July 8th-12th<\/a> <span class='notes_toc_author_name'>&mdash;&nbsp;CUMC Organizing Committee<\/span>      <\/div>\n    <\/div>\n    <div class='notes_toc_article'>\n      <div class='notes_toc_article_row'>\n        <div class='notes_toc_article_pdf'>\n        <\/div>\n        <a class='notes_toc_article_title_link' href='https:\/\/mathmatters.cms.math.ca\/fr\/article\/studc-connect-with-us-on-discord\/'>Connect with us on Discord!<\/a> <span class='notes_toc_author_name'>&mdash;&nbsp;Student Committee of the CMS<\/span>      <\/div>\n    <\/div>\n    <div class='notes_toc_article'>\n      <div class='notes_toc_section_name'>Comit\u00e9 \u00e9tudiant de la SMC<\/div>\n      <div class='notes_toc_article_row'>\n        <div class='notes_toc_article_pdf'>\n        <\/div>\n        <a class='notes_toc_article_title_link' href='https:\/\/mathmatters.cms.math.ca\/fr\/article\/nouveaute-preparation-pour-le-congres-canadien-des-etudiants-en-mathematiques\/'>Pr\u00e9paration pour le Congr\u00e8s canadien des \u00e9tudiants en math\u00e9matiques<\/a> <span class='notes_toc_author_name'>&mdash;&nbsp;Ludovick Bouthat<\/span>      <\/div>\n    <\/div>\n    <div class='notes_toc_article'>\n      <div class='notes_toc_section_name'>CMS Student Committee<\/div>\n      <div class='notes_toc_article_row'>\n        <div class='notes_toc_article_pdf'>\n        <\/div>\n        <a class='notes_toc_article_title_link' href='https:\/\/mathmatters.cms.math.ca\/fr\/article\/registration-for-cumc-ccem-2024\/'>Registration for CUMC\/CC\u00c9M 2024<\/a> <span class='notes_toc_author_name'>&mdash;&nbsp;CUMC Organizing Committee<\/span>      <\/div>\n    <\/div>\n<\/div>\n<\/div>\n<\/div>\n    <\/div>\n  <div class='notes_issues_issident' id='notes_issues_issident_1_10'><a href='javascript:void(0);' title=\"afficher\/masquer le contenu\" onclick='notes_issues_iss_vh(1, 10)'><img src='\/wp-content\/uploads\/2020\/01\/folder-closed.png' alt='afficher' class='notes_issues_toggles' id='notes_issues_toggle_show_1_10' ><img src='\/wp-content\/uploads\/2020\/01\/folder-open.png' alt='masquer' class='notes_issues_toggles' id='notes_issues_toggle_hide_1_10' style='display:none;'>[10] Num\u00e9ro du 7 juin 2024<\/a>\n<\/div>\n    <div class='notes_issues_isscontents' id='notes_issues_isscontents_1_10' style='display:none;'>\n<div class='notes_render_toc notes_noprint notes_toc_style_2' style='' id='notes_toc'>\n<div class='notes_toc_body'>\n  <div class='notes_toc_articles'>\n    <div class='notes_toc_article'>\n      <div class='notes_toc_section_name'>Communiqu\u00e9<\/div>\n      <div class='notes_toc_article_row'>\n        <div class='notes_toc_article_pdf'>\n        <\/div>\n        <a class='notes_toc_article_title_link' href='https:\/\/mathmatters.cms.math.ca\/fr\/article\/retrospective-sur-la-presidence-du-dr-david-pike-et-accueil-de-la-dre-barbara-csima-a-la-tete-de-la-societe-mathematique-du-canada\/'>NEW | NOUVEAUT\u00c9 : R\u00c9TROSPECTIVE SUR LA PR\u00c9SIDENCE DU DR DAVID PIKE ET ACCUEIL DE LA DRE BARBARA CSIMA \u00c0 LA T\u00caTE DE LA SOCI\u00c9T\u00c9 MATH\u00c9MATIQUE DU CANADA<\/a>      <\/div>\n    <\/div>\n    <div class='notes_toc_article'>\n      <div class='notes_toc_section_name'>R\u00e9unions de la SMC<\/div>\n      <div class='notes_toc_article_row'>\n        <div class='notes_toc_article_pdf'>\n        <\/div>\n        <a class='notes_toc_article_title_link' href='https:\/\/mathmatters.cms.math.ca\/fr\/article\/2024-cms-winter-meeting-reservez-la-date\/'>R\u00e9union d'hiver 2024 de la SMC 29 novembre - 2 d\u00e9cembre, R\u00e9gion de Vancouver | R\u00e9servez la date<\/a>      <\/div>\n    <\/div>\n    <div class='notes_toc_article'>\n      <div class='notes_toc_article_row'>\n        <div class='notes_toc_article_pdf'>\n        <\/div>\n        <a class='notes_toc_article_title_link' href='https:\/\/mathmatters.cms.math.ca\/fr\/article\/appel-aux-sessions-deducation-reunion-dhiver-2024-de-la-smc\/'>Appel aux sessions d'\u00e9ducation | R\u00e9union d'hiver 2024 de la SMC<\/a>      <\/div>\n    <\/div>\n    <div class='notes_toc_article'>\n      <div class='notes_toc_article_row'>\n        <div class='notes_toc_article_pdf'>\n        <\/div>\n        <a class='notes_toc_article_title_link' href='https:\/\/mathmatters.cms.math.ca\/fr\/article\/appel-aux-sessions-scientifiques-reunion-dhiver-2024-de-la-smc\/'>Appel aux sessions scientifiques | R\u00e9union d'hiver 2024 de la SMC<\/a>      <\/div>\n    <\/div>\n    <div class='notes_toc_article'>\n      <div class='notes_toc_section_name'>Announcements<\/div>\n      <div class='notes_toc_article_row'>\n        <div class='notes_toc_article_pdf'>\n        <\/div>\n        <a class='notes_toc_article_title_link' href='https:\/\/mathmatters.cms.math.ca\/fr\/article\/women-in-combinatorics-virtual-conference-2024\/'>Women in Combinatorics Virtual Conference 2024<\/a> <span class='notes_toc_author_name'>&mdash;&nbsp;Hermie Monterde<\/span>      <\/div>\n    <\/div>\n    <div class='notes_toc_article'>\n      <div class='notes_toc_article_row'>\n        <div class='notes_toc_article_pdf'>\n        <\/div>\n        <a class='notes_toc_article_title_link' href='https:\/\/mathmatters.cms.math.ca\/fr\/article\/workshop-on-galois-cohomology-and-massey-products-a-conference-in-honour-of-jan-minacs-71st-birthday\/'>Workshop on Galois Cohomology and Massey Products - A conference in honour of Jan Minac's 71st birthday<\/a> <span class='notes_toc_author_name'>&mdash;&nbsp;Fields Institute<\/span>      <\/div>\n    <\/div>\n    <div class='notes_toc_article'>\n      <div class='notes_toc_article_row'>\n        <div class='notes_toc_article_pdf'>\n        <\/div>\n        <a class='notes_toc_article_title_link' href='https:\/\/mathmatters.cms.math.ca\/fr\/article\/wise-program\/'>WiSE Program<\/a> <span class='notes_toc_author_name'>&mdash;&nbsp;Jane Street<\/span>      <\/div>\n    <\/div>\n    <div class='notes_toc_article'>\n      <div class='notes_toc_section_name'>Appel de mises en candidature<\/div>\n      <div class='notes_toc_article_row'>\n        <div class='notes_toc_article_pdf'>\n        <\/div>\n        <a class='notes_toc_article_title_link' href='https:\/\/mathmatters.cms.math.ca\/fr\/article\/appel-de-mises-en-candidature-prix-coxeter-james\/'>Appel de mises en candidature \u2013 Prix Coxeter-James<\/a>      <\/div>\n    <\/div>\n    <div class='notes_toc_article'>\n      <div class='notes_toc_article_row'>\n        <div class='notes_toc_article_pdf'>\n        <\/div>\n        <a class='notes_toc_article_title_link' href='https:\/\/mathmatters.cms.math.ca\/fr\/article\/appel-de-mises-en-candidature-prix-krieger-nelson\/'>Appel de mises en candidature \u2013 Prix Krieger-Nelson<\/a>      <\/div>\n    <\/div>\n    <div class='notes_toc_article'>\n      <div class='notes_toc_article_row'>\n        <div class='notes_toc_article_pdf'>\n        <\/div>\n        <a class='notes_toc_article_title_link' href='https:\/\/mathmatters.cms.math.ca\/fr\/article\/appel-de-mises-en-candidature-prix-jeffery-williams\/'>Appel de mises en candidature - Prix Jeffery-Williams<\/a>      <\/div>\n    <\/div>\n    <div class='notes_toc_article'>\n      <div class='notes_toc_section_name'>CMS Student Committee<\/div>\n      <div class='notes_toc_article_row'>\n        <div class='notes_toc_article_pdf'>\n        <\/div>\n        <a class='notes_toc_article_title_link' href='https:\/\/mathmatters.cms.math.ca\/fr\/article\/studc-connect-with-us-on-discord\/'>Connect with us on Discord!<\/a> <span class='notes_toc_author_name'>&mdash;&nbsp;Student Committee of the CMS<\/span>      <\/div>\n    <\/div>\n    <div class='notes_toc_article'>\n      <div class='notes_toc_article_row'>\n        <div class='notes_toc_article_pdf'>\n        <\/div>\n        <a class='notes_toc_article_title_link' href='https:\/\/mathmatters.cms.math.ca\/fr\/article\/registration-for-cumc-ccem-2024\/'>Registration for CUMC\/CC\u00c9M 2024<\/a> <span class='notes_toc_author_name'>&mdash;&nbsp;CUMC Organizing Committee<\/span>      <\/div>\n    <\/div>\n    <div class='notes_toc_article'>\n      <div class='notes_toc_article_row'>\n        <div class='notes_toc_article_pdf'>\n        <\/div>\n        <a class='notes_toc_article_title_link' href='https:\/\/mathmatters.cms.math.ca\/fr\/article\/2024-canadian-undergraduate-mathematics-conference\/'>2024 Canadian Undergraduate Mathematics Conference - Vancouver, July 8th-12th<\/a> <span class='notes_toc_author_name'>&mdash;&nbsp;CUMC Organizing Committee<\/span>      <\/div>\n    <\/div>\n<\/div>\n<\/div>\n<\/div>\n    <\/div>\n  <div class='notes_issues_issident' id='notes_issues_issident_1_9'><a href='javascript:void(0);' title=\"afficher\/masquer le contenu\" onclick='notes_issues_iss_vh(1, 9)'><img src='\/wp-content\/uploads\/2020\/01\/folder-closed.png' alt='afficher' class='notes_issues_toggles' id='notes_issues_toggle_show_1_9' ><img src='\/wp-content\/uploads\/2020\/01\/folder-open.png' alt='masquer' class='notes_issues_toggles' id='notes_issues_toggle_hide_1_9' style='display:none;'>[9] Num\u00e9ro du 31 mai 2024<\/a>\n<\/div>\n    <div class='notes_issues_isscontents' id='notes_issues_isscontents_1_9' style='display:none;'>\n<div class='notes_render_toc notes_noprint notes_toc_style_2' style='' id='notes_toc'>\n<div class='notes_toc_body'>\n  <div class='notes_toc_articles'>\n    <div class='notes_toc_article'>\n      <div class='notes_toc_section_name'>Communiqu\u00e9<\/div>\n      <div class='notes_toc_article_row'>\n        <div class='notes_toc_article_pdf'>\n        <\/div>\n        <a class='notes_toc_article_title_link' href='https:\/\/mathmatters.cms.math.ca\/fr\/article\/new-nouveaute-le-coup-denvoi-de-la-reunion-dete-2024-de-la-smc-est-donne-sous-le-soleil-de-saskatoon\/'>NEW | NOUVEAUT\u00c9\u00a0: Le coup d'envoi de la r\u00e9union d'\u00e9t\u00e9 2024 de la SMC est donn\u00e9 sous le soleil de Saskatoon !<\/a>      <\/div>\n    <\/div>\n    <div class='notes_toc_article'>\n      <div class='notes_toc_section_name'>R\u00e9unions de la SMC<\/div>\n      <div class='notes_toc_article_row'>\n        <div class='notes_toc_article_pdf'>\n        <\/div>\n        <a class='notes_toc_article_title_link' href='https:\/\/mathmatters.cms.math.ca\/fr\/article\/2024-cms-winter-meeting-reservez-la-date\/'>R\u00e9union d'hiver 2024 de la SMC 29 novembre - 2 d\u00e9cembre, R\u00e9gion de Vancouver | R\u00e9servez la date<\/a>      <\/div>\n    <\/div>\n    <div class='notes_toc_article'>\n      <div class='notes_toc_article_row'>\n        <div class='notes_toc_article_pdf'>\n        <\/div>\n        <a class='notes_toc_article_title_link' href='https:\/\/mathmatters.cms.math.ca\/fr\/article\/appel-aux-sessions-deducation-reunion-dhiver-2024-de-la-smc\/'>Appel aux sessions d'\u00e9ducation | R\u00e9union d'hiver 2024 de la SMC<\/a>      <\/div>\n    <\/div>\n    <div class='notes_toc_article'>\n      <div class='notes_toc_article_row'>\n        <div class='notes_toc_article_pdf'>\n        <\/div>\n        <a class='notes_toc_article_title_link' href='https:\/\/mathmatters.cms.math.ca\/fr\/article\/appel-aux-sessions-scientifiques-reunion-dhiver-2024-de-la-smc\/'>Appel aux sessions scientifiques | R\u00e9union d'hiver 2024 de la SMC<\/a>      <\/div>\n    <\/div>\n    <div class='notes_toc_article'>\n      <div class='notes_toc_section_name'>Announcements<\/div>\n      <div class='notes_toc_article_row'>\n        <div class='notes_toc_article_pdf'>\n        <\/div>\n        <a class='notes_toc_article_title_link' href='https:\/\/mathmatters.cms.math.ca\/fr\/article\/women-in-combinatorics-virtual-conference-2024\/'>Women in Combinatorics Virtual Conference 2024<\/a> <span class='notes_toc_author_name'>&mdash;&nbsp;Hermie Monterde<\/span>      <\/div>\n    <\/div>\n    <div class='notes_toc_article'>\n      <div class='notes_toc_article_row'>\n        <div class='notes_toc_article_pdf'>\n        <\/div>\n        <a class='notes_toc_article_title_link' href='https:\/\/mathmatters.cms.math.ca\/fr\/article\/workshop-on-galois-cohomology-and-massey-products-a-conference-in-honour-of-jan-minacs-71st-birthday\/'>Workshop on Galois Cohomology and Massey Products - A conference in honour of Jan Minac's 71st birthday<\/a> <span class='notes_toc_author_name'>&mdash;&nbsp;Fields Institute<\/span>      <\/div>\n    <\/div>\n    <div class='notes_toc_article'>\n      <div class='notes_toc_article_row'>\n        <div class='notes_toc_article_pdf'>\n        <\/div>\n        <a class='notes_toc_article_title_link' href='https:\/\/mathmatters.cms.math.ca\/fr\/article\/wise-program\/'>WiSE Program<\/a> <span class='notes_toc_author_name'>&mdash;&nbsp;Jane Street<\/span>      <\/div>\n    <\/div>\n    <div class='notes_toc_article'>\n      <div class='notes_toc_section_name'>Annonces<\/div>\n      <div class='notes_toc_article_row'>\n        <div class='notes_toc_article_pdf'>\n        <\/div>\n        <a class='notes_toc_article_title_link' href='https:\/\/mathmatters.cms.math.ca\/fr\/article\/demandes-de-soutien-aux-conferences-linstitut-tutte-pour-les-mathematiques-et-le-calcul\/'>Demandes de soutien aux conf\u00e9rences \u2013 l\u2019Institut Tutte pour les math\u00e9matiques et le calcul<\/a> <span class='notes_toc_author_name'>&mdash;&nbsp;Megan Dewar<\/span>      <\/div>\n    <\/div>\n    <div class='notes_toc_article'>\n      <div class='notes_toc_section_name'>Appel de mises en candidature<\/div>\n      <div class='notes_toc_article_row'>\n        <div class='notes_toc_article_pdf'>\n        <\/div>\n        <a class='notes_toc_article_title_link' href='https:\/\/mathmatters.cms.math.ca\/fr\/article\/appel-de-mises-en-candidature-prix-jeffery-williams\/'>Appel de mises en candidature - Prix Jeffery-Williams<\/a>      <\/div>\n    <\/div>\n    <div class='notes_toc_article'>\n      <div class='notes_toc_article_row'>\n        <div class='notes_toc_article_pdf'>\n        <\/div>\n        <a class='notes_toc_article_title_link' href='https:\/\/mathmatters.cms.math.ca\/fr\/article\/appel-de-mises-en-candidature-prix-coxeter-james\/'>Appel de mises en candidature \u2013 Prix Coxeter-James<\/a>      <\/div>\n    <\/div>\n    <div class='notes_toc_article'>\n      <div class='notes_toc_article_row'>\n        <div class='notes_toc_article_pdf'>\n        <\/div>\n        <a class='notes_toc_article_title_link' href='https:\/\/mathmatters.cms.math.ca\/fr\/article\/appel-de-mises-en-candidature-prix-krieger-nelson\/'>Appel de mises en candidature \u2013 Prix Krieger-Nelson<\/a>      <\/div>\n    <\/div>\n    <div class='notes_toc_article'>\n      <div class='notes_toc_section_name'>CMS Student Committee<\/div>\n      <div class='notes_toc_article_row'>\n        <div class='notes_toc_article_pdf'>\n        <\/div>\n        <a class='notes_toc_article_title_link' href='https:\/\/mathmatters.cms.math.ca\/fr\/article\/2024-canadian-undergraduate-mathematics-conference\/'>2024 Canadian Undergraduate Mathematics Conference - Vancouver, July 8th-12th<\/a> <span class='notes_toc_author_name'>&mdash;&nbsp;CUMC Organizing Committee<\/span>      <\/div>\n    <\/div>\n    <div class='notes_toc_article'>\n      <div class='notes_toc_article_row'>\n        <div class='notes_toc_article_pdf'>\n        <\/div>\n        <a class='notes_toc_article_title_link' href='https:\/\/mathmatters.cms.math.ca\/fr\/article\/studc-connect-with-us-on-discord\/'>Connect with us on Discord!<\/a> <span class='notes_toc_author_name'>&mdash;&nbsp;Student Committee of the CMS<\/span>      <\/div>\n    <\/div>\n    <div class='notes_toc_article'>\n      <div class='notes_toc_article_row'>\n        <div class='notes_toc_article_pdf'>\n        <\/div>\n        <a class='notes_toc_article_title_link' href='https:\/\/mathmatters.cms.math.ca\/fr\/article\/registration-for-cumc-ccem-2024\/'>Registration for CUMC\/CC\u00c9M 2024<\/a> <span class='notes_toc_author_name'>&mdash;&nbsp;CUMC Organizing Committee<\/span>      <\/div>\n    <\/div>\n<\/div>\n<\/div>\n<\/div>\n    <\/div>\n  <div class='notes_issues_issident' id='notes_issues_issident_1_8'><a href='javascript:void(0);' title=\"afficher\/masquer le contenu\" onclick='notes_issues_iss_vh(1, 8)'><img src='\/wp-content\/uploads\/2020\/01\/folder-closed.png' alt='afficher' class='notes_issues_toggles' id='notes_issues_toggle_show_1_8' ><img src='\/wp-content\/uploads\/2020\/01\/folder-open.png' alt='masquer' class='notes_issues_toggles' id='notes_issues_toggle_hide_1_8' style='display:none;'>[8] Num\u00e9ro du 24 mai 2024<\/a>\n<\/div>\n    <div class='notes_issues_isscontents' id='notes_issues_isscontents_1_8' style='display:none;'>\n<div class='notes_render_toc notes_noprint notes_toc_style_2' style='' id='notes_toc'>\n<div class='notes_toc_body'>\n  <div class='notes_toc_articles'>\n    <div class='notes_toc_article'>\n      <div class='notes_toc_section_name'>Feature<\/div>\n      <div class='notes_toc_article_row'>\n        <div class='notes_toc_article_pdf'>\n        <\/div>\n        <a class='notes_toc_article_title_link' href='https:\/\/mathmatters.cms.math.ca\/fr\/article\/new-2024-cms-graham-wright-award-prix-graham-wright-de-la-smc-2024\/'>NEW | NOUVEAUT\u00c9\u00a0: 2024 CMS Graham Wright Award | Prix Graham Wright de la SMC 2024<\/a>      <\/div>\n    <\/div>\n    <div class='notes_toc_article'>\n      <div class='notes_toc_section_name'>R\u00e9unions de la SMC<\/div>\n      <div class='notes_toc_article_row'>\n        <div class='notes_toc_article_pdf'>\n        <\/div>\n        <a class='notes_toc_article_title_link' href='https:\/\/mathmatters.cms.math.ca\/fr\/article\/2024-cms-winter-meeting-reservez-la-date\/'>R\u00e9union d'hiver 2024 de la SMC 29 novembre - 2 d\u00e9cembre, R\u00e9gion de Vancouver | R\u00e9servez la date<\/a>      <\/div>\n    <\/div>\n    <div class='notes_toc_article'>\n      <div class='notes_toc_article_row'>\n        <div class='notes_toc_article_pdf'>\n        <\/div>\n        <a class='notes_toc_article_title_link' href='https:\/\/mathmatters.cms.math.ca\/fr\/article\/appel-aux-sessions-deducation-reunion-dhiver-2024-de-la-smc\/'>Appel aux sessions d'\u00e9ducation | R\u00e9union d'hiver 2024 de la SMC<\/a>      <\/div>\n    <\/div>\n    <div class='notes_toc_article'>\n      <div class='notes_toc_article_row'>\n        <div class='notes_toc_article_pdf'>\n        <\/div>\n        <a class='notes_toc_article_title_link' href='https:\/\/mathmatters.cms.math.ca\/fr\/article\/appel-aux-sessions-scientifiques-reunion-dhiver-2024-de-la-smc\/'>Appel aux sessions scientifiques | R\u00e9union d'hiver 2024 de la SMC<\/a>      <\/div>\n    <\/div>\n    <div class='notes_toc_article'>\n      <div class='notes_toc_section_name'>Announcements<\/div>\n      <div class='notes_toc_article_row'>\n        <div class='notes_toc_article_pdf'>\n        <\/div>\n        <a class='notes_toc_article_title_link' href='https:\/\/mathmatters.cms.math.ca\/fr\/article\/women-in-combinatorics-virtual-conference-2024\/'>Women in Combinatorics Virtual Conference 2024<\/a> <span class='notes_toc_author_name'>&mdash;&nbsp;Hermie Monterde<\/span>      <\/div>\n    <\/div>\n    <div class='notes_toc_article'>\n      <div class='notes_toc_article_row'>\n        <div class='notes_toc_article_pdf'>\n        <\/div>\n        <a class='notes_toc_article_title_link' href='https:\/\/mathmatters.cms.math.ca\/fr\/article\/workshop-on-galois-cohomology-and-massey-products-a-conference-in-honour-of-jan-minacs-71st-birthday\/'>Workshop on Galois Cohomology and Massey Products - A conference in honour of Jan Minac's 71st birthday<\/a> <span class='notes_toc_author_name'>&mdash;&nbsp;Fields Institute<\/span>      <\/div>\n    <\/div>\n    <div class='notes_toc_article'>\n      <div class='notes_toc_article_row'>\n        <div class='notes_toc_article_pdf'>\n        <\/div>\n        <a class='notes_toc_article_title_link' href='https:\/\/mathmatters.cms.math.ca\/fr\/article\/call-for-papers-2024-international-conference-on-computing-in-natural-sciences-biomedicine-and-engineering\/'>NEW | NOUVEAUT\u00c9\u00a0: Call For Papers - 2024 International Conference on Computing in Natural Sciences, Biomedicine and Engineering.<\/a> <span class='notes_toc_author_name'>&mdash;&nbsp;Anping Chen<\/span>      <\/div>\n    <\/div>\n    <div class='notes_toc_article'>\n      <div class='notes_toc_article_row'>\n        <div class='notes_toc_article_pdf'>\n        <\/div>\n        <a class='notes_toc_article_title_link' href='https:\/\/mathmatters.cms.math.ca\/fr\/article\/wise-program\/'>WiSE Program<\/a> <span class='notes_toc_author_name'>&mdash;&nbsp;Jane Street<\/span>      <\/div>\n    <\/div>\n    <div class='notes_toc_article'>\n      <div class='notes_toc_section_name'>Annonces<\/div>\n      <div class='notes_toc_article_row'>\n        <div class='notes_toc_article_pdf'>\n        <\/div>\n        <a class='notes_toc_article_title_link' href='https:\/\/mathmatters.cms.math.ca\/fr\/article\/demandes-de-soutien-aux-conferences-linstitut-tutte-pour-les-mathematiques-et-le-calcul\/'>Demandes de soutien aux conf\u00e9rences \u2013 l\u2019Institut Tutte pour les math\u00e9matiques et le calcul<\/a> <span class='notes_toc_author_name'>&mdash;&nbsp;Megan Dewar<\/span>      <\/div>\n    <\/div>\n    <div class='notes_toc_article'>\n      <div class='notes_toc_section_name'>CMS Student Committee<\/div>\n      <div class='notes_toc_article_row'>\n        <div class='notes_toc_article_pdf'>\n        <\/div>\n        <a class='notes_toc_article_title_link' href='https:\/\/mathmatters.cms.math.ca\/fr\/article\/2024-cms-summer-meeting-studc-activities\/'>2024 CMS Summer Meeting | STUDC Activities<\/a> <span class='notes_toc_author_name'>&mdash;&nbsp;Student Committee of the CMS<\/span>      <\/div>\n    <\/div>\n    <div class='notes_toc_article'>\n      <div class='notes_toc_article_row'>\n        <div class='notes_toc_article_pdf'>\n        <\/div>\n        <a class='notes_toc_article_title_link' href='https:\/\/mathmatters.cms.math.ca\/fr\/article\/2024-canadian-undergraduate-mathematics-conference\/'>2024 Canadian Undergraduate Mathematics Conference - Vancouver, July 8th-12th<\/a> <span class='notes_toc_author_name'>&mdash;&nbsp;CUMC Organizing Committee<\/span>      <\/div>\n    <\/div>\n    <div class='notes_toc_article'>\n      <div class='notes_toc_section_name'>Comit\u00e9 \u00e9tudiant de la SMC<\/div>\n      <div class='notes_toc_article_row'>\n        <div class='notes_toc_article_pdf'>\n        <\/div>\n        <a class='notes_toc_article_title_link' href='https:\/\/mathmatters.cms.math.ca\/fr\/article\/reunion-dete-de-la-smc-2024-atelier-decriture\/'>R\u00e9union d\u2019\u00e9t\u00e9 de la SMC 2024 | Atelier d'\u00e9criture<\/a> <span class='notes_toc_author_name'>&mdash;&nbsp;Student Committee of the CMS<\/span>      <\/div>\n    <\/div>\n    <div class='notes_toc_article'>\n      <div class='notes_toc_section_name'>CMS Student Committee<\/div>\n      <div class='notes_toc_article_row'>\n        <div class='notes_toc_article_pdf'>\n        <\/div>\n        <a class='notes_toc_article_title_link' href='https:\/\/mathmatters.cms.math.ca\/fr\/article\/cms-meeting-student-social-event\/'>\u00a02024 CMS Summer Meeting | Student Social Event<\/a> <span class='notes_toc_author_name'>&mdash;&nbsp;CMS student committee<\/span>      <\/div>\n    <\/div>\n    <div class='notes_toc_article'>\n      <div class='notes_toc_article_row'>\n        <div class='notes_toc_article_pdf'>\n        <\/div>\n        <a class='notes_toc_article_title_link' href='https:\/\/mathmatters.cms.math.ca\/fr\/article\/studc-connect-with-us-on-discord\/'>Connect with us on Discord!<\/a> <span class='notes_toc_author_name'>&mdash;&nbsp;Student Committee of the CMS<\/span>      <\/div>\n    <\/div>\n    <div class='notes_toc_article'>\n      <div class='notes_toc_article_row'>\n        <div class='notes_toc_article_pdf'>\n        <\/div>\n        <a class='notes_toc_article_title_link' href='https:\/\/mathmatters.cms.math.ca\/fr\/article\/registration-for-cumc-ccem-2024\/'>Registration for CUMC\/CC\u00c9M 2024<\/a> <span class='notes_toc_author_name'>&mdash;&nbsp;CUMC Organizing Committee<\/span>      <\/div>\n    <\/div>\n<\/div>\n<\/div>\n<\/div>\n    <\/div>\n  <div class='notes_issues_issident' id='notes_issues_issident_1_7'><a href='javascript:void(0);' title=\"afficher\/masquer le contenu\" onclick='notes_issues_iss_vh(1, 7)'><img src='\/wp-content\/uploads\/2020\/01\/folder-closed.png' alt='afficher' class='notes_issues_toggles' id='notes_issues_toggle_show_1_7' ><img src='\/wp-content\/uploads\/2020\/01\/folder-open.png' alt='masquer' class='notes_issues_toggles' id='notes_issues_toggle_hide_1_7' style='display:none;'>[7] Num\u00e9ro du 17 mai 2024<\/a>\n<\/div>\n    <div class='notes_issues_isscontents' id='notes_issues_isscontents_1_7' style='display:none;'>\n<div class='notes_render_toc notes_noprint notes_toc_style_2' style='' id='notes_toc'>\n<div class='notes_toc_body'>\n  <div class='notes_toc_articles'>\n    <div class='notes_toc_article'>\n      <div class='notes_toc_section_name'>Communiqu\u00e9<\/div>\n      <div class='notes_toc_article_row'>\n        <div class='notes_toc_article_pdf'>\n        <\/div>\n        <a class='notes_toc_article_title_link' href='https:\/\/mathmatters.cms.math.ca\/fr\/article\/omi-2024-rencontrez-lequipe-de-maths-du-canada\/'>OMI 2024 : RENCONTREZ L\u2019\u00c9QUIPE DE MATHS DU CANADA !<\/a>      <\/div>\n    <\/div>\n    <div class='notes_toc_article'>\n      <div class='notes_toc_section_name'>R\u00e9unions de la SMC<\/div>\n      <div class='notes_toc_article_row'>\n        <div class='notes_toc_article_pdf'>\n        <\/div>\n        <a class='notes_toc_article_title_link' href='https:\/\/mathmatters.cms.math.ca\/fr\/article\/2024-cms-winter-meeting-reservez-la-date\/'>R\u00e9union d'hiver 2024 de la SMC 29 novembre - 2 d\u00e9cembre, R\u00e9gion de Vancouver | R\u00e9servez la date<\/a>      <\/div>\n    <\/div>\n    <div class='notes_toc_article'>\n      <div class='notes_toc_article_row'>\n        <div class='notes_toc_article_pdf'>\n        <\/div>\n        <a class='notes_toc_article_title_link' href='https:\/\/mathmatters.cms.math.ca\/fr\/article\/appel-aux-sessions-deducation-reunion-dhiver-2024-de-la-smc\/'>Appel aux sessions d'\u00e9ducation | R\u00e9union d'hiver 2024 de la SMC<\/a>      <\/div>\n    <\/div>\n    <div class='notes_toc_article'>\n      <div class='notes_toc_article_row'>\n        <div class='notes_toc_article_pdf'>\n        <\/div>\n        <a class='notes_toc_article_title_link' href='https:\/\/mathmatters.cms.math.ca\/fr\/article\/appel-aux-sessions-scientifiques-reunion-dhiver-2024-de-la-smc\/'>Appel aux sessions scientifiques | R\u00e9union d'hiver 2024 de la SMC<\/a>      <\/div>\n    <\/div>\n    <div class='notes_toc_article'>\n      <div class='notes_toc_section_name'>Announcements<\/div>\n      <div class='notes_toc_article_row'>\n        <div class='notes_toc_article_pdf'>\n        <\/div>\n        <a class='notes_toc_article_title_link' href='https:\/\/mathmatters.cms.math.ca\/fr\/article\/women-in-combinatorics-virtual-conference-2024\/'>Women in Combinatorics Virtual Conference 2024<\/a> <span class='notes_toc_author_name'>&mdash;&nbsp;Hermie Monterde<\/span>      <\/div>\n    <\/div>\n    <div class='notes_toc_article'>\n      <div class='notes_toc_article_row'>\n        <div class='notes_toc_article_pdf'>\n        <\/div>\n        <a class='notes_toc_article_title_link' href='https:\/\/mathmatters.cms.math.ca\/fr\/article\/workshop-on-galois-cohomology-and-massey-products-a-conference-in-honour-of-jan-minacs-71st-birthday\/'>Workshop on Galois Cohomology and Massey Products - A conference in honour of Jan Minac's 71st birthday<\/a> <span class='notes_toc_author_name'>&mdash;&nbsp;Fields Institute<\/span>      <\/div>\n    <\/div>\n    <div class='notes_toc_article'>\n      <div class='notes_toc_section_name'>Appel de mises en candidature<\/div>\n      <div class='notes_toc_article_row'>\n        <div class='notes_toc_article_pdf'>\n        <\/div>\n        <a class='notes_toc_article_title_link' href='https:\/\/mathmatters.cms.math.ca\/fr\/article\/appel-a-nominations-directeur-ou-directrice-au-centre-de-recherches-mathematiques-crm\/'>Appel \u00e0 nominations : Directeur ou directrice au Centre de recherches math\u00e9matiques (CRM)<\/a> <span class='notes_toc_author_name'>&mdash;&nbsp;Centre de recherches math\u00e9matiques (CRM)<\/span>      <\/div>\n    <\/div>\n    <div class='notes_toc_article'>\n      <div class='notes_toc_section_name'>Announcements<\/div>\n      <div class='notes_toc_article_row'>\n        <div class='notes_toc_article_pdf'>\n        <\/div>\n        <a class='notes_toc_article_title_link' href='https:\/\/mathmatters.cms.math.ca\/fr\/article\/wise-program\/'>WiSE Program<\/a> <span class='notes_toc_author_name'>&mdash;&nbsp;Jane Street<\/span>      <\/div>\n    <\/div>\n    <div class='notes_toc_article'>\n      <div class='notes_toc_article_row'>\n        <div class='notes_toc_article_pdf'>\n        <\/div>\n        <a class='notes_toc_article_title_link' href='https:\/\/mathmatters.cms.math.ca\/fr\/article\/italy-icamcs-2024\/'>NEW: Italy ICAMCS 2024<\/a> <span class='notes_toc_author_name'>&mdash;&nbsp;ICAMCS<\/span>      <\/div>\n    <\/div>\n    <div class='notes_toc_article'>\n      <div class='notes_toc_section_name'>Annonces<\/div>\n      <div class='notes_toc_article_row'>\n        <div class='notes_toc_article_pdf'>\n        <\/div>\n        <a class='notes_toc_article_title_link' href='https:\/\/mathmatters.cms.math.ca\/fr\/article\/17eme-conference-annuelle-de-mathematiques-et-de-statistique-dottawa\/'>17\u00e8me Conf\u00e9rence annuelle de math\u00e9matiques et de statistique d'Ottawa<\/a> <span class='notes_toc_author_name'>&mdash;&nbsp;Samuel Desrochers<\/span>      <\/div>\n    <\/div>\n    <div class='notes_toc_article'>\n      <div class='notes_toc_article_row'>\n        <div class='notes_toc_article_pdf'>\n        <\/div>\n        <a class='notes_toc_article_title_link' href='https:\/\/mathmatters.cms.math.ca\/fr\/article\/vente-de-livres-de-mathematiques-et-de-livres-connexes\/'>Vente de livres de math\u00e9matiques et de livres connexes<\/a> <span class='notes_toc_author_name'>&mdash;&nbsp;Karl Dilcher<\/span>      <\/div>\n    <\/div>\n    <div class='notes_toc_article'>\n      <div class='notes_toc_section_name'>CMS Student Committee<\/div>\n      <div class='notes_toc_article_row'>\n        <div class='notes_toc_article_pdf'>\n        <\/div>\n        <a class='notes_toc_article_title_link' href='https:\/\/mathmatters.cms.math.ca\/fr\/article\/studc-connect-with-us-on-discord\/'>Connect with us on Discord!<\/a> <span class='notes_toc_author_name'>&mdash;&nbsp;Student Committee of the CMS<\/span>      <\/div>\n    <\/div>\n    <div class='notes_toc_article'>\n      <div class='notes_toc_article_row'>\n        <div class='notes_toc_article_pdf'>\n        <\/div>\n        <a class='notes_toc_article_title_link' href='https:\/\/mathmatters.cms.math.ca\/fr\/article\/2024-cms-summer-meeting-studc-activities\/'>2024 CMS Summer Meeting | STUDC Activities<\/a> <span class='notes_toc_author_name'>&mdash;&nbsp;Student Committee of the CMS<\/span>      <\/div>\n    <\/div>\n    <div class='notes_toc_article'>\n      <div class='notes_toc_section_name'>Comit\u00e9 \u00e9tudiant de la SMC<\/div>\n      <div class='notes_toc_article_row'>\n        <div class='notes_toc_article_pdf'>\n        <\/div>\n        <a class='notes_toc_article_title_link' href='https:\/\/mathmatters.cms.math.ca\/fr\/article\/reunion-dete-de-la-smc-2024-atelier-decriture\/'>R\u00e9union d\u2019\u00e9t\u00e9 de la SMC 2024 | Atelier d'\u00e9criture<\/a> <span class='notes_toc_author_name'>&mdash;&nbsp;Student Committee of the CMS<\/span>      <\/div>\n    <\/div>\n    <div class='notes_toc_article'>\n      <div class='notes_toc_section_name'>CMS Student Committee<\/div>\n      <div class='notes_toc_article_row'>\n        <div class='notes_toc_article_pdf'>\n        <\/div>\n        <a class='notes_toc_article_title_link' href='https:\/\/mathmatters.cms.math.ca\/fr\/article\/2024-canadian-undergraduate-mathematics-conference\/'>2024 Canadian Undergraduate Mathematics Conference - Vancouver, July 8th-12th<\/a> <span class='notes_toc_author_name'>&mdash;&nbsp;CUMC Organizing Committee<\/span>      <\/div>\n    <\/div>\n    <div class='notes_toc_article'>\n      <div class='notes_toc_article_row'>\n        <div class='notes_toc_article_pdf'>\n        <\/div>\n        <a class='notes_toc_article_title_link' href='https:\/\/mathmatters.cms.math.ca\/fr\/article\/cms-meeting-student-social-event\/'>\u00a02024 CMS Summer Meeting | Student Social Event<\/a> <span class='notes_toc_author_name'>&mdash;&nbsp;CMS student committee<\/span>      <\/div>\n    <\/div>\n    <div class='notes_toc_article'>\n      <div class='notes_toc_section_name'>Comit\u00e9 \u00e9tudiant de la SMC<\/div>\n      <div class='notes_toc_article_row'>\n        <div class='notes_toc_article_pdf'>\n        <\/div>\n        <a class='notes_toc_article_title_link' href='https:\/\/mathmatters.cms.math.ca\/fr\/article\/appel-a-membres-du-comite-etudiant-de-la-smc\/'>Appel \u00e0 membres du comit\u00e9 \u00e9tudiant de la SMC<\/a> <span class='notes_toc_author_name'>&mdash;&nbsp;Ludovick Bouthat<\/span>      <\/div>\n    <\/div>\n    <div class='notes_toc_article'>\n      <div class='notes_toc_section_name'>CMS Student Committee<\/div>\n      <div class='notes_toc_article_row'>\n        <div class='notes_toc_article_pdf'>\n        <\/div>\n        <a class='notes_toc_article_title_link' href='https:\/\/mathmatters.cms.math.ca\/fr\/article\/reminder-aarms-cms-student-poster-session\/'>REMINDER - AARMS-CMS Student Poster Session<\/a> <span class='notes_toc_author_name'>&mdash;&nbsp;Courtney Allen, Karen Julia Fletcher<\/span>      <\/div>\n    <\/div>\n    <div class='notes_toc_article'>\n      <div class='notes_toc_article_row'>\n        <div class='notes_toc_article_pdf'>\n        <\/div>\n        <a class='notes_toc_article_title_link' href='https:\/\/mathmatters.cms.math.ca\/fr\/article\/registration-for-cumc-ccem-2024\/'>Registration for CUMC\/CC\u00c9M 2024<\/a> <span class='notes_toc_author_name'>&mdash;&nbsp;CUMC Organizing Committee<\/span>      <\/div>\n    <\/div>\n<\/div>\n<\/div>\n<\/div>\n    <\/div>\n  <div class='notes_issues_issident' id='notes_issues_issident_1_6'><a href='javascript:void(0);' title=\"afficher\/masquer le contenu\" onclick='notes_issues_iss_vh(1, 6)'><img src='\/wp-content\/uploads\/2020\/01\/folder-closed.png' alt='afficher' class='notes_issues_toggles' id='notes_issues_toggle_show_1_6' ><img src='\/wp-content\/uploads\/2020\/01\/folder-open.png' alt='masquer' class='notes_issues_toggles' id='notes_issues_toggle_hide_1_6' style='display:none;'>[6] Num\u00e9ro du 10 mai 2024<\/a>\n<\/div>\n    <div class='notes_issues_isscontents' id='notes_issues_isscontents_1_6' style='display:none;'>\n<div class='notes_render_toc notes_noprint notes_toc_style_2' style='' id='notes_toc'>\n<div class='notes_toc_body'>\n  <div class='notes_toc_articles'>\n    <div class='notes_toc_article'>\n      <div class='notes_toc_section_name'>Feature<\/div>\n      <div class='notes_toc_article_row'>\n        <div class='notes_toc_article_pdf'>\n        <\/div>\n        <a class='notes_toc_article_title_link' href='https:\/\/mathmatters.cms.math.ca\/fr\/article\/2024-cms-g-de-b-robinson-award-prix-g-de-b-robinson-de-la-smc-2024\/'>2024 CMS G. de B. Robinson Award | Prix G. de B. Robinson de la SMC 2024<\/a>      <\/div>\n    <\/div>\n    <div class='notes_toc_article'>\n      <div class='notes_toc_section_name'>R\u00e9unions de la SMC<\/div>\n      <div class='notes_toc_article_row'>\n        <div class='notes_toc_article_pdf'>\n        <\/div>\n        <a class='notes_toc_article_title_link' href='https:\/\/mathmatters.cms.math.ca\/fr\/article\/2024-cms-winter-meeting-reservez-la-date\/'>R\u00e9union d'hiver 2024 de la SMC 29 novembre - 2 d\u00e9cembre, R\u00e9gion de Vancouver | R\u00e9servez la date<\/a>      <\/div>\n    <\/div>\n    <div class='notes_toc_article'>\n      <div class='notes_toc_article_row'>\n        <div class='notes_toc_article_pdf'>\n        <\/div>\n        <a class='notes_toc_article_title_link' href='https:\/\/mathmatters.cms.math.ca\/fr\/article\/reunion-dete-de-la-smc-2024-appel-dorateur-rice-s-service-de-garde-denfants\/'>R\u00e9union d\u2019\u00e9t\u00e9 de la SMC 2024 | Service de garde d'enfants<\/a>      <\/div>\n    <\/div>\n    <div class='notes_toc_article'>\n      <div class='notes_toc_article_row'>\n        <div class='notes_toc_article_pdf'>\n        <\/div>\n        <a class='notes_toc_article_title_link' href='https:\/\/mathmatters.cms.math.ca\/fr\/article\/appel-aux-sessions-scientifiques-reunion-dhiver-2024-de-la-smc\/'>Appel aux sessions scientifiques | R\u00e9union d'hiver 2024 de la SMC<\/a>      <\/div>\n    <\/div>\n    <div class='notes_toc_article'>\n      <div class='notes_toc_article_row'>\n        <div class='notes_toc_article_pdf'>\n        <\/div>\n        <a class='notes_toc_article_title_link' href='https:\/\/mathmatters.cms.math.ca\/fr\/article\/appel-aux-sessions-deducation-reunion-dhiver-2024-de-la-smc\/'>Appel aux sessions d'\u00e9ducation | R\u00e9union d'hiver 2024 de la SMC<\/a>      <\/div>\n    <\/div>\n    <div class='notes_toc_article'>\n      <div class='notes_toc_section_name'>Announcements<\/div>\n      <div class='notes_toc_article_row'>\n        <div class='notes_toc_article_pdf'>\n        <\/div>\n        <a class='notes_toc_article_title_link' href='https:\/\/mathmatters.cms.math.ca\/fr\/article\/workshop-on-galois-cohomology-and-massey-products-a-conference-in-honour-of-jan-minacs-71st-birthday\/'>Workshop on Galois Cohomology and Massey Products - A conference in honour of Jan Minac's 71st birthday<\/a> <span class='notes_toc_author_name'>&mdash;&nbsp;Fields Institute<\/span>      <\/div>\n    <\/div>\n    <div class='notes_toc_article'>\n      <div class='notes_toc_section_name'>Appel de mises en candidature<\/div>\n      <div class='notes_toc_article_row'>\n        <div class='notes_toc_article_pdf'>\n        <\/div>\n        <a class='notes_toc_article_title_link' href='https:\/\/mathmatters.cms.math.ca\/fr\/article\/appel-a-nominations-directeur-ou-directrice-au-centre-de-recherches-mathematiques-crm\/'>Appel \u00e0 nominations : Directeur ou directrice au Centre de recherches math\u00e9matiques (CRM)<\/a> <span class='notes_toc_author_name'>&mdash;&nbsp;Centre de recherches math\u00e9matiques (CRM)<\/span>      <\/div>\n    <\/div>\n    <div class='notes_toc_article'>\n      <div class='notes_toc_section_name'>Announcements<\/div>\n      <div class='notes_toc_article_row'>\n        <div class='notes_toc_article_pdf'>\n        <\/div>\n        <a class='notes_toc_article_title_link' href='https:\/\/mathmatters.cms.math.ca\/fr\/article\/wise-program\/'>WiSE Program<\/a> <span class='notes_toc_author_name'>&mdash;&nbsp;Jane Street<\/span>      <\/div>\n    <\/div>\n    <div class='notes_toc_article'>\n      <div class='notes_toc_section_name'>Annonces<\/div>\n      <div class='notes_toc_article_row'>\n        <div class='notes_toc_article_pdf'>\n        <\/div>\n        <a class='notes_toc_article_title_link' href='https:\/\/mathmatters.cms.math.ca\/fr\/article\/17eme-conference-annuelle-de-mathematiques-et-de-statistique-dottawa\/'>17\u00e8me Conf\u00e9rence annuelle de math\u00e9matiques et de statistique d'Ottawa<\/a> <span class='notes_toc_author_name'>&mdash;&nbsp;Samuel Desrochers<\/span>      <\/div>\n    <\/div>\n    <div class='notes_toc_article'>\n      <div class='notes_toc_article_row'>\n        <div class='notes_toc_article_pdf'>\n        <\/div>\n        <a class='notes_toc_article_title_link' href='https:\/\/mathmatters.cms.math.ca\/fr\/article\/vente-de-livres-de-mathematiques-et-de-livres-connexes\/'>Vente de livres de math\u00e9matiques et de livres connexes<\/a> <span class='notes_toc_author_name'>&mdash;&nbsp;Karl Dilcher<\/span>      <\/div>\n    <\/div>\n    <div class='notes_toc_article'>\n      <div class='notes_toc_section_name'>CMS Student Committee<\/div>\n      <div class='notes_toc_article_row'>\n        <div class='notes_toc_article_pdf'>\n        <\/div>\n        <a class='notes_toc_article_title_link' href='https:\/\/mathmatters.cms.math.ca\/fr\/article\/2024-canadian-undergraduate-mathematics-conference\/'>2024 Canadian Undergraduate Mathematics Conference - Vancouver, July 8th-12th<\/a> <span class='notes_toc_author_name'>&mdash;&nbsp;CUMC Organizing Committee<\/span>      <\/div>\n    <\/div>\n    <div class='notes_toc_article'>\n      <div class='notes_toc_section_name'>Comit\u00e9 \u00e9tudiant de la SMC<\/div>\n      <div class='notes_toc_article_row'>\n        <div class='notes_toc_article_pdf'>\n        <\/div>\n        <a class='notes_toc_article_title_link' href='https:\/\/mathmatters.cms.math.ca\/fr\/article\/reunion-dete-de-la-smc-2024-atelier-decriture\/'>R\u00e9union d\u2019\u00e9t\u00e9 de la SMC 2024 | Atelier d'\u00e9criture<\/a> <span class='notes_toc_author_name'>&mdash;&nbsp;Student Committee of the CMS<\/span>      <\/div>\n    <\/div>\n    <div class='notes_toc_article'>\n      <div class='notes_toc_article_row'>\n        <div class='notes_toc_article_pdf'>\n        <\/div>\n        <a class='notes_toc_article_title_link' href='https:\/\/mathmatters.cms.math.ca\/fr\/article\/appel-a-membres-du-comite-etudiant-de-la-smc\/'>Appel \u00e0 membres du comit\u00e9 \u00e9tudiant de la SMC<\/a> <span class='notes_toc_author_name'>&mdash;&nbsp;Ludovick Bouthat<\/span>      <\/div>\n    <\/div>\n<\/div>\n<\/div>\n<\/div>\n    <\/div>\n  <div class='notes_issues_issident' id='notes_issues_issident_1_5'><a href='javascript:void(0);' title=\"afficher\/masquer le contenu\" onclick='notes_issues_iss_vh(1, 5)'><img src='\/wp-content\/uploads\/2020\/01\/folder-closed.png' alt='afficher' class='notes_issues_toggles' id='notes_issues_toggle_show_1_5' ><img src='\/wp-content\/uploads\/2020\/01\/folder-open.png' alt='masquer' class='notes_issues_toggles' id='notes_issues_toggle_hide_1_5' style='display:none;'>[5] Num\u00e9ro du 3 mai 2024<\/a>\n<\/div>\n    <div class='notes_issues_isscontents' id='notes_issues_isscontents_1_5' style='display:none;'>\n<div class='notes_render_toc notes_noprint notes_toc_style_2' style='' id='notes_toc'>\n<div class='notes_toc_body'>\n  <div class='notes_toc_articles'>\n    <div class='notes_toc_article'>\n      <div class='notes_toc_section_name'>Communiqu\u00e9<\/div>\n      <div class='notes_toc_article_row'>\n        <div class='notes_toc_article_pdf'>\n        <\/div>\n        <a class='notes_toc_article_title_link' href='https:\/\/mathmatters.cms.math.ca\/fr\/article\/journee-internationale-des-femmes-en-mathematiques-les-femmes-de-la-smc\/'>Journ\u00e9e internationale des femmes en math\u00e9matiques - Les femmes de la SMC<\/a>      <\/div>\n    <\/div>\n    <div class='notes_toc_article'>\n      <div class='notes_toc_section_name'>R\u00e9unions de la SMC<\/div>\n      <div class='notes_toc_article_row'>\n        <div class='notes_toc_article_pdf'>\n        <\/div>\n        <a class='notes_toc_article_title_link' href='https:\/\/mathmatters.cms.math.ca\/fr\/article\/2024-cms-winter-meeting-reservez-la-date\/'>R\u00e9union d'hiver 2024 de la SMC 29 novembre - 2 d\u00e9cembre, R\u00e9gion de Vancouver | R\u00e9servez la date<\/a>      <\/div>\n    <\/div>\n    <div class='notes_toc_article'>\n      <div class='notes_toc_article_row'>\n        <div class='notes_toc_article_pdf'>\n        <\/div>\n        <a class='notes_toc_article_title_link' href='https:\/\/mathmatters.cms.math.ca\/fr\/article\/reunion-dete-de-la-smc-2024-appel-dorateur-rice-s-service-de-garde-denfants\/'>R\u00e9union d\u2019\u00e9t\u00e9 de la SMC 2024 | Service de garde d'enfants<\/a>      <\/div>\n    <\/div>\n    <div class='notes_toc_article'>\n      <div class='notes_toc_section_name'>CMS Meetings<\/div>\n      <div class='notes_toc_article_row'>\n        <div class='notes_toc_article_pdf'>\n        <\/div>\n        <a class='notes_toc_article_title_link' href='https:\/\/mathmatters.cms.math.ca\/fr\/article\/2024-cms-summer-meeting-early-bird-reminder\/'>2024 CMS Summer Meeting | Early Bird Reminder<\/a>      <\/div>\n    <\/div>\n    <div class='notes_toc_article'>\n      <div class='notes_toc_section_name'>R\u00e9unions de la SMC<\/div>\n      <div class='notes_toc_article_row'>\n        <div class='notes_toc_article_pdf'>\n        <\/div>\n        <a class='notes_toc_article_title_link' href='https:\/\/mathmatters.cms.math.ca\/fr\/article\/appel-aux-sessions-deducation-reunion-dhiver-2024-de-la-smc\/'>Appel aux sessions d'\u00e9ducation | R\u00e9union d'hiver 2024 de la SMC<\/a>      <\/div>\n    <\/div>\n    <div class='notes_toc_article'>\n      <div class='notes_toc_article_row'>\n        <div class='notes_toc_article_pdf'>\n        <\/div>\n        <a class='notes_toc_article_title_link' href='https:\/\/mathmatters.cms.math.ca\/fr\/article\/appel-aux-sessions-scientifiques-reunion-dhiver-2024-de-la-smc\/'>Appel aux sessions scientifiques | R\u00e9union d'hiver 2024 de la SMC<\/a>      <\/div>\n    <\/div>\n    <div class='notes_toc_article'>\n      <div class='notes_toc_section_name'>Announcements<\/div>\n      <div class='notes_toc_article_row'>\n        <div class='notes_toc_article_pdf'>\n        <\/div>\n        <a class='notes_toc_article_title_link' href='https:\/\/mathmatters.cms.math.ca\/fr\/article\/workshop-on-galois-cohomology-and-massey-products-a-conference-in-honour-of-jan-minacs-71st-birthday\/'>Workshop on Galois Cohomology and Massey Products - A conference in honour of Jan Minac's 71st birthday<\/a> <span class='notes_toc_author_name'>&mdash;&nbsp;Fields Institute<\/span>      <\/div>\n    <\/div>\n    <div class='notes_toc_article'>\n      <div class='notes_toc_section_name'>Appel de mises en candidature<\/div>\n      <div class='notes_toc_article_row'>\n        <div class='notes_toc_article_pdf'>\n        <\/div>\n        <a class='notes_toc_article_title_link' href='https:\/\/mathmatters.cms.math.ca\/fr\/article\/appel-a-nominations-directeur-ou-directrice-au-centre-de-recherches-mathematiques-crm\/'>Appel \u00e0 nominations : Directeur ou directrice au Centre de recherches math\u00e9matiques (CRM)<\/a> <span class='notes_toc_author_name'>&mdash;&nbsp;Centre de recherches math\u00e9matiques (CRM)<\/span>      <\/div>\n    <\/div>\n    <div class='notes_toc_article'>\n      <div class='notes_toc_section_name'>Announcements<\/div>\n      <div class='notes_toc_article_row'>\n        <div class='notes_toc_article_pdf'>\n        <\/div>\n        <a class='notes_toc_article_title_link' href='https:\/\/mathmatters.cms.math.ca\/fr\/article\/wise-program\/'>WiSE Program<\/a> <span class='notes_toc_author_name'>&mdash;&nbsp;Jane Street<\/span>      <\/div>\n    <\/div>\n    <div class='notes_toc_article'>\n      <div class='notes_toc_article_row'>\n        <div class='notes_toc_article_pdf'>\n        <\/div>\n        <a class='notes_toc_article_title_link' href='https:\/\/mathmatters.cms.math.ca\/fr\/article\/on-line-panel-for-international-women-in-mathematics-day\/'>On-line Panel for International Women in Mathematics Day<\/a> <span class='notes_toc_author_name'>&mdash;&nbsp;Karen Meagher<\/span>      <\/div>\n    <\/div>\n    <div class='notes_toc_article'>\n      <div class='notes_toc_section_name'>Annonces<\/div>\n      <div class='notes_toc_article_row'>\n        <div class='notes_toc_article_pdf'>\n        <\/div>\n        <a class='notes_toc_article_title_link' href='https:\/\/mathmatters.cms.math.ca\/fr\/article\/17eme-conference-annuelle-de-mathematiques-et-de-statistique-dottawa\/'>17\u00e8me Conf\u00e9rence annuelle de math\u00e9matiques et de statistique d'Ottawa<\/a> <span class='notes_toc_author_name'>&mdash;&nbsp;Samuel Desrochers<\/span>      <\/div>\n    <\/div>\n    <div class='notes_toc_article'>\n      <div class='notes_toc_article_row'>\n        <div class='notes_toc_article_pdf'>\n        <\/div>\n        <a class='notes_toc_article_title_link' href='https:\/\/mathmatters.cms.math.ca\/fr\/article\/vente-de-livres-de-mathematiques-et-de-livres-connexes\/'>Vente de livres de math\u00e9matiques et de livres connexes<\/a> <span class='notes_toc_author_name'>&mdash;&nbsp;Karl Dilcher<\/span>      <\/div>\n    <\/div>\n    <div class='notes_toc_article'>\n      <div class='notes_toc_section_name'>Announcements<\/div>\n      <div class='notes_toc_article_row'>\n        <div class='notes_toc_article_pdf'>\n        <\/div>\n        <a class='notes_toc_article_title_link' href='https:\/\/mathmatters.cms.math.ca\/fr\/article\/scimom-chats-attending-conferences-after-kids-challenges-and-solutions\/'>SciMom Chats - Attending conferences after kids: Challenges and solutions<\/a> <span class='notes_toc_author_name'>&mdash;&nbsp;Mothers in Science<\/span>      <\/div>\n    <\/div>\n    <div class='notes_toc_article'>\n      <div class='notes_toc_section_name'>Comit\u00e9 \u00e9tudiant de la SMC<\/div>\n      <div class='notes_toc_article_row'>\n        <div class='notes_toc_article_pdf'>\n        <\/div>\n        <a class='notes_toc_article_title_link' href='https:\/\/mathmatters.cms.math.ca\/fr\/article\/appel-a-membres-du-comite-etudiant-de-la-smc\/'>Appel \u00e0 membres du comit\u00e9 \u00e9tudiant de la SMC<\/a> <span class='notes_toc_author_name'>&mdash;&nbsp;Ludovick Bouthat<\/span>      <\/div>\n    <\/div>\n    <div class='notes_toc_article'>\n      <div class='notes_toc_section_name'>CMS Student Committee<\/div>\n      <div class='notes_toc_article_row'>\n        <div class='notes_toc_article_pdf'>\n        <\/div>\n        <a class='notes_toc_article_title_link' href='https:\/\/mathmatters.cms.math.ca\/fr\/article\/2024-canadian-undergraduate-mathematics-conference\/'>2024 Canadian Undergraduate Mathematics Conference - Vancouver, July 8th-12th<\/a> <span class='notes_toc_author_name'>&mdash;&nbsp;CUMC Organizing Committee<\/span>      <\/div>\n    <\/div>\n<\/div>\n<\/div>\n<\/div>\n    <\/div>\n  <div class='notes_issues_issident' id='notes_issues_issident_1_4'><a href='javascript:void(0);' title=\"afficher\/masquer le contenu\" onclick='notes_issues_iss_vh(1, 4)'><img src='\/wp-content\/uploads\/2020\/01\/folder-closed.png' alt='afficher' class='notes_issues_toggles' id='notes_issues_toggle_show_1_4' ><img src='\/wp-content\/uploads\/2020\/01\/folder-open.png' alt='masquer' class='notes_issues_toggles' id='notes_issues_toggle_hide_1_4' style='display:none;'>[4] Num\u00e9ro du 26 avril 2024<\/a>\n<\/div>\n    <div class='notes_issues_isscontents' id='notes_issues_isscontents_1_4' style='display:none;'>\n<div class='notes_render_toc notes_noprint notes_toc_style_2' style='' id='notes_toc'>\n<div class='notes_toc_body'>\n  <div class='notes_toc_articles'>\n    <div class='notes_toc_article'>\n      <div class='notes_toc_section_name'>Feature<\/div>\n      <div class='notes_toc_article_row'>\n        <div class='notes_toc_article_pdf'>\n        <\/div>\n        <a class='notes_toc_article_title_link' href='https:\/\/mathmatters.cms.math.ca\/fr\/article\/2024-cms-blair-spearman-doctoral-prize-prix-doctoral-blair-spearman-de-la-smc-2024\/'>2024 CMS Blair Spearman Doctoral Prize | Prix Doctoral Blair Spearman de la SMC 2024<\/a>      <\/div>\n    <\/div>\n    <div class='notes_toc_article'>\n      <div class='notes_toc_section_name'>R\u00e9unions de la SMC<\/div>\n      <div class='notes_toc_article_row'>\n        <div class='notes_toc_article_pdf'>\n        <\/div>\n        <a class='notes_toc_article_title_link' href='https:\/\/mathmatters.cms.math.ca\/fr\/article\/2024-cms-winter-meeting-reservez-la-date\/'>R\u00e9union d'hiver 2024 de la SMC 29 novembre - 2 d\u00e9cembre, R\u00e9gion de Vancouver | R\u00e9servez la date<\/a>      <\/div>\n    <\/div>\n    <div class='notes_toc_article'>\n      <div class='notes_toc_article_row'>\n        <div class='notes_toc_article_pdf'>\n        <\/div>\n        <a class='notes_toc_article_title_link' href='https:\/\/mathmatters.cms.math.ca\/fr\/article\/reunion-dete-de-la-smc-2024-appel-dorateur-rice-s-service-de-garde-denfants\/'>R\u00e9union d\u2019\u00e9t\u00e9 de la SMC 2024 | Service de garde d'enfants<\/a>      <\/div>\n    <\/div>\n    <div class='notes_toc_article'>\n      <div class='notes_toc_article_row'>\n        <div class='notes_toc_article_pdf'>\n        <\/div>\n        <a class='notes_toc_article_title_link' href='https:\/\/mathmatters.cms.math.ca\/fr\/article\/reunion-dete-de-la-smc-2024-financement-des-voyages-detudiants\/'>R\u00e9union d\u2019\u00e9t\u00e9 de la SMC 2024 | Financement des voyages d'\u00e9tudiants<\/a>      <\/div>\n    <\/div>\n    <div class='notes_toc_article'>\n      <div class='notes_toc_article_row'>\n        <div class='notes_toc_article_pdf'>\n        <\/div>\n        <a class='notes_toc_article_title_link' href='https:\/\/mathmatters.cms.math.ca\/fr\/article\/appel-aux-sessions-scientifiques-reunion-dhiver-2024-de-la-smc\/'>Appel aux sessions scientifiques | R\u00e9union d'hiver 2024 de la SMC<\/a>      <\/div>\n    <\/div>\n    <div class='notes_toc_article'>\n      <div class='notes_toc_article_row'>\n        <div class='notes_toc_article_pdf'>\n        <\/div>\n        <a class='notes_toc_article_title_link' href='https:\/\/mathmatters.cms.math.ca\/fr\/article\/appel-aux-sessions-deducation-reunion-dhiver-2024-de-la-smc\/'>Appel aux sessions d'\u00e9ducation | R\u00e9union d'hiver 2024 de la SMC<\/a>      <\/div>\n    <\/div>\n    <div class='notes_toc_article'>\n      <div class='notes_toc_section_name'>Appel de mises en candidature<\/div>\n      <div class='notes_toc_article_row'>\n        <div class='notes_toc_article_pdf'>\n        <\/div>\n        <a class='notes_toc_article_title_link' href='https:\/\/mathmatters.cms.math.ca\/fr\/article\/appel-a-nominations-directeur-ou-directrice-au-centre-de-recherches-mathematiques-crm\/'>Appel \u00e0 nominations : Directeur ou directrice au Centre de recherches math\u00e9matiques (CRM)<\/a> <span class='notes_toc_author_name'>&mdash;&nbsp;Centre de recherches math\u00e9matiques (CRM)<\/span>      <\/div>\n    <\/div>\n    <div class='notes_toc_article'>\n      <div class='notes_toc_section_name'>Announcements<\/div>\n      <div class='notes_toc_article_row'>\n        <div class='notes_toc_article_pdf'>\n        <\/div>\n        <a class='notes_toc_article_title_link' href='https:\/\/mathmatters.cms.math.ca\/fr\/article\/workshop-on-galois-cohomology-and-massey-products-a-conference-in-honour-of-jan-minacs-71st-birthday\/'>Workshop on Galois Cohomology and Massey Products - A conference in honour of Jan Minac's 71st birthday<\/a> <span class='notes_toc_author_name'>&mdash;&nbsp;Fields Institute<\/span>      <\/div>\n    <\/div>\n    <div class='notes_toc_article'>\n      <div class='notes_toc_article_row'>\n        <div class='notes_toc_article_pdf'>\n        <\/div>\n        <a class='notes_toc_article_title_link' href='https:\/\/mathmatters.cms.math.ca\/fr\/article\/wise-program\/'>WiSE Program<\/a> <span class='notes_toc_author_name'>&mdash;&nbsp;Jane Street<\/span>      <\/div>\n    <\/div>\n    <div class='notes_toc_article'>\n      <div class='notes_toc_article_row'>\n        <div class='notes_toc_article_pdf'>\n        <\/div>\n        <a class='notes_toc_article_title_link' href='https:\/\/mathmatters.cms.math.ca\/fr\/article\/on-line-panel-for-international-women-in-mathematics-day\/'>On-line Panel for International Women in Mathematics Day<\/a> <span class='notes_toc_author_name'>&mdash;&nbsp;Karen Meagher<\/span>      <\/div>\n    <\/div>\n    <div class='notes_toc_article'>\n      <div class='notes_toc_section_name'>Annonces<\/div>\n      <div class='notes_toc_article_row'>\n        <div class='notes_toc_article_pdf'>\n        <\/div>\n        <a class='notes_toc_article_title_link' href='https:\/\/mathmatters.cms.math.ca\/fr\/article\/17eme-conference-annuelle-de-mathematiques-et-de-statistique-dottawa\/'>17\u00e8me Conf\u00e9rence annuelle de math\u00e9matiques et de statistique d'Ottawa<\/a> <span class='notes_toc_author_name'>&mdash;&nbsp;Samuel Desrochers<\/span>      <\/div>\n    <\/div>\n    <div class='notes_toc_article'>\n      <div class='notes_toc_article_row'>\n        <div class='notes_toc_article_pdf'>\n        <\/div>\n        <a class='notes_toc_article_title_link' href='https:\/\/mathmatters.cms.math.ca\/fr\/article\/vente-de-livres-de-mathematiques-et-de-livres-connexes\/'>Vente de livres de math\u00e9matiques et de livres connexes<\/a> <span class='notes_toc_author_name'>&mdash;&nbsp;Karl Dilcher<\/span>      <\/div>\n    <\/div>\n    <div class='notes_toc_article'>\n      <div class='notes_toc_section_name'>Comit\u00e9 \u00e9tudiant de la SMC<\/div>\n      <div class='notes_toc_article_row'>\n        <div class='notes_toc_article_pdf'>\n        <\/div>\n        <a class='notes_toc_article_title_link' href='https:\/\/mathmatters.cms.math.ca\/fr\/article\/appel-a-membres-du-comite-etudiant-de-la-smc\/'>Appel \u00e0 membres du comit\u00e9 \u00e9tudiant de la SMC<\/a> <span class='notes_toc_author_name'>&mdash;&nbsp;Ludovick Bouthat<\/span>      <\/div>\n    <\/div>\n    <div class='notes_toc_article'>\n      <div class='notes_toc_section_name'>CMS Student Committee<\/div>\n      <div class='notes_toc_article_row'>\n        <div class='notes_toc_article_pdf'>\n        <\/div>\n        <a class='notes_toc_article_title_link' href='https:\/\/mathmatters.cms.math.ca\/fr\/article\/2024-canadian-undergraduate-mathematics-conference\/'>2024 Canadian Undergraduate Mathematics Conference - Vancouver, July 8th-12th<\/a> <span class='notes_toc_author_name'>&mdash;&nbsp;CUMC Organizing Committee<\/span>      <\/div>\n    <\/div>\n<\/div>\n<\/div>\n<\/div>\n    <\/div>\n  <div class='notes_issues_issident' id='notes_issues_issident_1_3'><a href='javascript:void(0);' title=\"afficher\/masquer le contenu\" onclick='notes_issues_iss_vh(1, 3)'><img src='\/wp-content\/uploads\/2020\/01\/folder-closed.png' alt='afficher' class='notes_issues_toggles' id='notes_issues_toggle_show_1_3' ><img src='\/wp-content\/uploads\/2020\/01\/folder-open.png' alt='masquer' class='notes_issues_toggles' id='notes_issues_toggle_hide_1_3' style='display:none;'>[3] Num\u00e9ro du 19 avril 2024<\/a>\n<\/div>\n    <div class='notes_issues_isscontents' id='notes_issues_isscontents_1_3' style='display:none;'>\n<div class='notes_render_toc notes_noprint notes_toc_style_2' style='' id='notes_toc'>\n<div class='notes_toc_body'>\n  <div class='notes_toc_articles'>\n    <div class='notes_toc_article'>\n      <div class='notes_toc_section_name'>Communiqu\u00e9<\/div>\n      <div class='notes_toc_article_row'>\n        <div class='notes_toc_article_pdf'>\n        <\/div>\n        <a class='notes_toc_article_title_link' href='https:\/\/mathmatters.cms.math.ca\/fr\/article\/grand-succes-pour-lequipe-de-maths-des-filles-du-canada-a-lolympiade-europeenne-de-mathematiques-pour-filles\/'>GRAND SUCC\u00c8S POUR L\u2019\u00c9QUIPE DE MATHS DES FILLES DU CANADA \u00c0 L\u2019OLYMPIADE EUROP\u00c9ENNE DE MATH\u00c9MATIQUES POUR FILLES<\/a>      <\/div>\n    <\/div>\n    <div class='notes_toc_article'>\n      <div class='notes_toc_section_name'>R\u00e9unions de la SMC<\/div>\n      <div class='notes_toc_article_row'>\n        <div class='notes_toc_article_pdf'>\n        <\/div>\n        <a class='notes_toc_article_title_link' href='https:\/\/mathmatters.cms.math.ca\/fr\/article\/2024-cms-winter-meeting-reservez-la-date\/'>R\u00e9union d'hiver 2024 de la SMC 29 novembre - 2 d\u00e9cembre, R\u00e9gion de Vancouver | R\u00e9servez la date<\/a>      <\/div>\n    <\/div>\n    <div class='notes_toc_article'>\n      <div class='notes_toc_article_row'>\n        <div class='notes_toc_article_pdf'>\n        <\/div>\n        <a class='notes_toc_article_title_link' href='https:\/\/mathmatters.cms.math.ca\/fr\/article\/reunion-dete-de-la-smc-2024-appel-dorateur-rice-s-service-de-garde-denfants\/'>R\u00e9union d\u2019\u00e9t\u00e9 de la SMC 2024 | Service de garde d'enfants<\/a>      <\/div>\n    <\/div>\n    <div class='notes_toc_article'>\n      <div class='notes_toc_article_row'>\n        <div class='notes_toc_article_pdf'>\n        <\/div>\n        <a class='notes_toc_article_title_link' href='https:\/\/mathmatters.cms.math.ca\/fr\/article\/reunion-dete-de-la-smc-2024-financement-des-voyages-detudiants\/'>R\u00e9union d\u2019\u00e9t\u00e9 de la SMC 2024 | Financement des voyages d'\u00e9tudiants<\/a>      <\/div>\n    <\/div>\n    <div class='notes_toc_article'>\n      <div class='notes_toc_article_row'>\n        <div class='notes_toc_article_pdf'>\n        <\/div>\n        <a class='notes_toc_article_title_link' href='https:\/\/mathmatters.cms.math.ca\/fr\/article\/appel-aux-sessions-scientifiques-reunion-dhiver-2024-de-la-smc\/'>Appel aux sessions scientifiques | R\u00e9union d'hiver 2024 de la SMC<\/a>      <\/div>\n    <\/div>\n    <div class='notes_toc_article'>\n      <div class='notes_toc_article_row'>\n        <div class='notes_toc_article_pdf'>\n        <\/div>\n        <a class='notes_toc_article_title_link' href='https:\/\/mathmatters.cms.math.ca\/fr\/article\/appel-aux-sessions-deducation-reunion-dhiver-2024-de-la-smc\/'>Appel aux sessions d'\u00e9ducation | R\u00e9union d'hiver 2024 de la SMC<\/a>      <\/div>\n    <\/div>\n    <div class='notes_toc_article'>\n      <div class='notes_toc_section_name'>Comit\u00e9 \u00e9tudiant de la SMC<\/div>\n      <div class='notes_toc_article_row'>\n        <div class='notes_toc_article_pdf'>\n        <\/div>\n        <a class='notes_toc_article_title_link' href='https:\/\/mathmatters.cms.math.ca\/fr\/article\/la-seance-daffiches-des-etudiants-de-laarms-cms\/'>La s\u00e9ance d\u2019affiches des \u00e9tudiants de l\u2019AARMS-CMS<\/a> <span class='notes_toc_author_name'>&mdash;&nbsp;Courtney Allen, Karen Fletcher<\/span>      <\/div>\n    <\/div>\n    <div class='notes_toc_article'>\n      <div class='notes_toc_section_name'>Announcements<\/div>\n      <div class='notes_toc_article_row'>\n        <div class='notes_toc_article_pdf'>\n        <\/div>\n        <a class='notes_toc_article_title_link' href='https:\/\/mathmatters.cms.math.ca\/fr\/article\/on-line-panel-for-international-women-in-mathematics-day\/'>On-line Panel for International Women in Mathematics Day<\/a> <span class='notes_toc_author_name'>&mdash;&nbsp;Karen Meagher<\/span>      <\/div>\n    <\/div>\n    <div class='notes_toc_article'>\n      <div class='notes_toc_section_name'>CMS Student Committee<\/div>\n      <div class='notes_toc_article_row'>\n        <div class='notes_toc_article_pdf'>\n        <\/div>\n        <a class='notes_toc_article_title_link' href='https:\/\/mathmatters.cms.math.ca\/fr\/article\/2024-canadian-undergraduate-mathematics-conference\/'>2024 Canadian Undergraduate Mathematics Conference - Vancouver, July 8th-12th<\/a> <span class='notes_toc_author_name'>&mdash;&nbsp;CUMC Organizing Committee<\/span>      <\/div>\n    <\/div>\n    <div class='notes_toc_article'>\n      <div class='notes_toc_section_name'>Announcements<\/div>\n      <div class='notes_toc_article_row'>\n        <div class='notes_toc_article_pdf'>\n        <\/div>\n        <a class='notes_toc_article_title_link' href='https:\/\/mathmatters.cms.math.ca\/fr\/article\/iciam-dianoia-volume-12-issue-2-april-2024\/'>ICIAM Dianoia. Volume 12, Issue 2 April 2024<\/a> <span class='notes_toc_author_name'>&mdash;&nbsp;ICIAM<\/span>      <\/div>\n    <\/div>\n    <div class='notes_toc_article'>\n      <div class='notes_toc_article_row'>\n        <div class='notes_toc_article_pdf'>\n        <\/div>\n        <a class='notes_toc_article_title_link' href='https:\/\/mathmatters.cms.math.ca\/fr\/article\/2slgbtq-stem-2024-last-call-for-registration\/'>2SLGBTQ+ STEM 2024: Last Call for Registration!<\/a> <span class='notes_toc_author_name'>&mdash;&nbsp;University of Regina<\/span>      <\/div>\n    <\/div>\n    <div class='notes_toc_article'>\n      <div class='notes_toc_article_row'>\n        <div class='notes_toc_article_pdf'>\n        <\/div>\n        <a class='notes_toc_article_title_link' href='https:\/\/mathmatters.cms.math.ca\/fr\/article\/queer-in-computational-and-applied-mathematics-qcam-workshop-2024\/'>Queer in Computational and Applied Mathematics (QCAM) Workshop 2024<\/a> <span class='notes_toc_author_name'>&mdash;&nbsp;QCAM Organizing Committee<\/span>      <\/div>\n    <\/div>\n    <div class='notes_toc_article'>\n      <div class='notes_toc_article_row'>\n        <div class='notes_toc_article_pdf'>\n        <\/div>\n        <a class='notes_toc_article_title_link' href='https:\/\/mathmatters.cms.math.ca\/fr\/article\/calls-for-icm-2026-satellite-events-proposals\/'>Calls for ICM 2026 Satellite Events Proposals<\/a> <span class='notes_toc_author_name'>&mdash;&nbsp;ICM 2026<\/span>      <\/div>\n    <\/div>\n    <div class='notes_toc_article'>\n      <div class='notes_toc_section_name'>Comit\u00e9 \u00e9tudiant de la SMC<\/div>\n      <div class='notes_toc_article_row'>\n        <div class='notes_toc_article_pdf'>\n        <\/div>\n        <a class='notes_toc_article_title_link' href='https:\/\/mathmatters.cms.math.ca\/fr\/article\/appel-a-membres-du-comite-etudiant-de-la-smc\/'>Appel \u00e0 membres du comit\u00e9 \u00e9tudiant de la SMC<\/a> <span class='notes_toc_author_name'>&mdash;&nbsp;Ludovick Bouthat<\/span>      <\/div>\n    <\/div>\n<\/div>\n<\/div>\n<\/div>\n    <\/div>\n  <div class='notes_issues_issident' id='notes_issues_issident_1_2'><a href='javascript:void(0);' title=\"afficher\/masquer le contenu\" onclick='notes_issues_iss_vh(1, 2)'><img src='\/wp-content\/uploads\/2020\/01\/folder-closed.png' alt='afficher' class='notes_issues_toggles' id='notes_issues_toggle_show_1_2' ><img src='\/wp-content\/uploads\/2020\/01\/folder-open.png' alt='masquer' class='notes_issues_toggles' id='notes_issues_toggle_hide_1_2' style='display:none;'>[2] Num\u00e9ro du 12 avril 2024<\/a>\n<\/div>\n    <div class='notes_issues_isscontents' id='notes_issues_isscontents_1_2' style='display:none;'>\n<div class='notes_render_toc notes_noprint notes_toc_style_2' style='' id='notes_toc'>\n<div class='notes_toc_body'>\n  <div class='notes_toc_articles'>\n    <div class='notes_toc_article'>\n      <div class='notes_toc_section_name'>Communiqu\u00e9<\/div>\n      <div class='notes_toc_article_row'>\n        <div class='notes_toc_article_pdf'>\n        <\/div>\n        <a class='notes_toc_article_title_link' href='https:\/\/mathmatters.cms.math.ca\/fr\/article\/les-resultats-de-lomc-omjc-2024-sont-connus\/'>LES R\u00c9SULTATS DE L\u2019OMC\/OMJC 2024 SONT CONNUS !<\/a>      <\/div>\n    <\/div>\n    <div class='notes_toc_article'>\n      <div class='notes_toc_section_name'>R\u00e9unions de la SMC<\/div>\n      <div class='notes_toc_article_row'>\n        <div class='notes_toc_article_pdf'>\n        <\/div>\n        <a class='notes_toc_article_title_link' href='https:\/\/mathmatters.cms.math.ca\/fr\/article\/reunion-dete-de-la-smc-2024-appel-dorateur-rice-s-service-de-garde-denfants\/'>R\u00e9union d\u2019\u00e9t\u00e9 de la SMC 2024 | Service de garde d'enfants<\/a>      <\/div>\n    <\/div>\n    <div class='notes_toc_article'>\n      <div class='notes_toc_article_row'>\n        <div class='notes_toc_article_pdf'>\n        <\/div>\n        <a class='notes_toc_article_title_link' href='https:\/\/mathmatters.cms.math.ca\/fr\/article\/2024-cms-winter-meeting-reservez-la-date\/'>R\u00e9union d'hiver 2024 de la SMC 29 novembre - 2 d\u00e9cembre, R\u00e9gion de Vancouver | R\u00e9servez la date<\/a>      <\/div>\n    <\/div>\n    <div class='notes_toc_article'>\n      <div class='notes_toc_article_row'>\n        <div class='notes_toc_article_pdf'>\n        <\/div>\n        <a class='notes_toc_article_title_link' href='https:\/\/mathmatters.cms.math.ca\/fr\/article\/reunion-dete-de-la-smc-2024-financement-des-voyages-detudiants\/'>R\u00e9union d\u2019\u00e9t\u00e9 de la SMC 2024 | Financement des voyages d'\u00e9tudiants<\/a>      <\/div>\n    <\/div>\n    <div class='notes_toc_article'>\n      <div class='notes_toc_article_row'>\n        <div class='notes_toc_article_pdf'>\n        <\/div>\n        <a class='notes_toc_article_title_link' href='https:\/\/mathmatters.cms.math.ca\/fr\/article\/appel-aux-sessions-deducation-reunion-dhiver-2024-de-la-smc\/'>Appel aux sessions d'\u00e9ducation | R\u00e9union d'hiver 2024 de la SMC<\/a>      <\/div>\n    <\/div>\n    <div class='notes_toc_article'>\n      <div class='notes_toc_article_row'>\n        <div class='notes_toc_article_pdf'>\n        <\/div>\n        <a class='notes_toc_article_title_link' href='https:\/\/mathmatters.cms.math.ca\/fr\/article\/appel-aux-sessions-scientifiques-reunion-dhiver-2024-de-la-smc\/'>Appel aux sessions scientifiques | R\u00e9union d'hiver 2024 de la SMC<\/a>      <\/div>\n    <\/div>\n    <div class='notes_toc_article'>\n      <div class='notes_toc_section_name'>Comit\u00e9 \u00e9tudiant de la SMC<\/div>\n      <div class='notes_toc_article_row'>\n        <div class='notes_toc_article_pdf'>\n        <\/div>\n        <a class='notes_toc_article_title_link' href='https:\/\/mathmatters.cms.math.ca\/fr\/article\/la-seance-daffiches-des-etudiants-de-laarms-cms\/'>La s\u00e9ance d\u2019affiches des \u00e9tudiants de l\u2019AARMS-CMS<\/a> <span class='notes_toc_author_name'>&mdash;&nbsp;Courtney Allen, Karen Fletcher<\/span>      <\/div>\n    <\/div>\n    <div class='notes_toc_article'>\n      <div class='notes_toc_section_name'>Announcements<\/div>\n      <div class='notes_toc_article_row'>\n        <div class='notes_toc_article_pdf'>\n        <\/div>\n        <a class='notes_toc_article_title_link' href='https:\/\/mathmatters.cms.math.ca\/fr\/article\/on-line-panel-for-international-women-in-mathematics-day\/'>On-line Panel for International Women in Mathematics Day<\/a> <span class='notes_toc_author_name'>&mdash;&nbsp;Karen Meagher<\/span>      <\/div>\n    <\/div>\n    <div class='notes_toc_article'>\n      <div class='notes_toc_article_row'>\n        <div class='notes_toc_article_pdf'>\n        <\/div>\n        <a class='notes_toc_article_title_link' href='https:\/\/mathmatters.cms.math.ca\/fr\/article\/international-congress-of-mathematicians-2026-invitation-for-satellite-events-in-canada\/'>INTERNATIONAL CONGRESS OF MATHEMATICIANS 2026: INVITATION FOR SATELLITE EVENTS IN CANADA<\/a> <span class='notes_toc_author_name'>&mdash;&nbsp;Edward Bierstone<\/span>      <\/div>\n    <\/div>\n    <div class='notes_toc_article'>\n      <div class='notes_toc_article_row'>\n        <div class='notes_toc_article_pdf'>\n        <\/div>\n        <a class='notes_toc_article_title_link' href='https:\/\/mathmatters.cms.math.ca\/fr\/article\/queer-in-computational-and-applied-mathematics-qcam-workshop-2024\/'>Queer in Computational and Applied Mathematics (QCAM) Workshop 2024<\/a> <span class='notes_toc_author_name'>&mdash;&nbsp;QCAM Organizing Committee<\/span>      <\/div>\n    <\/div>\n    <div class='notes_toc_article'>\n      <div class='notes_toc_article_row'>\n        <div class='notes_toc_article_pdf'>\n        <\/div>\n        <a class='notes_toc_article_title_link' href='https:\/\/mathmatters.cms.math.ca\/fr\/article\/innovation-program-for-youth\/'>Innovation Program for Youth<\/a> <span class='notes_toc_author_name'>&mdash;&nbsp;TKS - Program for Youth<\/span>      <\/div>\n    <\/div>\n    <div class='notes_toc_article'>\n      <div class='notes_toc_article_row'>\n        <div class='notes_toc_article_pdf'>\n        <\/div>\n        <a class='notes_toc_article_title_link' href='https:\/\/mathmatters.cms.math.ca\/fr\/article\/world-federation-of-national-mathematics-competitions-mini-conference-in-sydney-australia-july-6-2024\/'>World Federation of National Mathematics Competitions mini-conference in Sydney, Australia, juillet 6, 2024<\/a> <span class='notes_toc_author_name'>&mdash;&nbsp;Robert Geretschl\u00e4ger<\/span>      <\/div>\n    <\/div>\n    <div class='notes_toc_article'>\n      <div class='notes_toc_article_row'>\n        <div class='notes_toc_article_pdf'>\n        <\/div>\n        <a class='notes_toc_article_title_link' href='https:\/\/mathmatters.cms.math.ca\/fr\/article\/calls-for-icm-2026-satellite-events-proposals\/'>Calls for ICM 2026 Satellite Events Proposals<\/a> <span class='notes_toc_author_name'>&mdash;&nbsp;ICM 2026<\/span>      <\/div>\n    <\/div>\n    <div class='notes_toc_article'>\n      <div class='notes_toc_section_name'>Comit\u00e9 \u00e9tudiant de la SMC<\/div>\n      <div class='notes_toc_article_row'>\n        <div class='notes_toc_article_pdf'>\n        <\/div>\n        <a class='notes_toc_article_title_link' href='https:\/\/mathmatters.cms.math.ca\/fr\/article\/appel-a-membres-du-comite-etudiant-de-la-smc\/'>Appel \u00e0 membres du comit\u00e9 \u00e9tudiant de la SMC<\/a> <span class='notes_toc_author_name'>&mdash;&nbsp;Ludovick Bouthat<\/span>      <\/div>\n    <\/div>\n    <div class='notes_toc_article'>\n      <div class='notes_toc_section_name'>Announcements<\/div>\n      <div class='notes_toc_article_row'>\n        <div class='notes_toc_article_pdf'>\n        <\/div>\n        <a class='notes_toc_article_title_link' href='https:\/\/mathmatters.cms.math.ca\/fr\/article\/2slgbtq-stem-2024-last-call-for-registration\/'>2SLGBTQ+ STEM 2024: Last Call for Registration!<\/a> <span class='notes_toc_author_name'>&mdash;&nbsp;University of Regina<\/span>      <\/div>\n    <\/div>\n    <div class='notes_toc_article'>\n      <div class='notes_toc_article_row'>\n        <div class='notes_toc_article_pdf'>\n        <\/div>\n        <a class='notes_toc_article_title_link' href='https:\/\/mathmatters.cms.math.ca\/fr\/article\/lalo-60-first-call-for-papers\/'>LALO 60 -- First Call for Papers<\/a> <span class='notes_toc_author_name'>&mdash;&nbsp;Alex Brandt<\/span>      <\/div>\n    <\/div>\n<\/div>\n<\/div>\n<\/div>\n    <\/div>\n  <div class='notes_issues_issident' id='notes_issues_issident_1_1'><a href='javascript:void(0);' title=\"afficher\/masquer le contenu\" onclick='notes_issues_iss_vh(1, 1)'><img src='\/wp-content\/uploads\/2020\/01\/folder-closed.png' alt='afficher' class='notes_issues_toggles' id='notes_issues_toggle_show_1_1' ><img src='\/wp-content\/uploads\/2020\/01\/folder-open.png' alt='masquer' class='notes_issues_toggles' id='notes_issues_toggle_hide_1_1' style='display:none;'>[1] Num\u00e9ro du 5 avril 2024<\/a>\n<\/div>\n    <div class='notes_issues_isscontents' id='notes_issues_isscontents_1_1' style='display:none;'>\n<div class='notes_render_toc notes_noprint notes_toc_style_2' style='' id='notes_toc'>\n<div class='notes_toc_body'>\n  <div class='notes_toc_articles'>\n    <div class='notes_toc_article'>\n      <div class='notes_toc_section_name'>R\u00e9unions de la SMC<\/div>\n      <div class='notes_toc_article_row'>\n        <div class='notes_toc_article_pdf'>\n        <\/div>\n        <a class='notes_toc_article_title_link' href='https:\/\/mathmatters.cms.math.ca\/fr\/article\/reunion-dete-de-la-smc-2024-appel-dorateur-rice-s-service-de-garde-denfants\/'>R\u00e9union d\u2019\u00e9t\u00e9 de la SMC 2024 | Service de garde d'enfants<\/a>      <\/div>\n    <\/div>\n    <div class='notes_toc_article'>\n      <div class='notes_toc_article_row'>\n        <div class='notes_toc_article_pdf'>\n        <\/div>\n        <a class='notes_toc_article_title_link' href='https:\/\/mathmatters.cms.math.ca\/fr\/article\/appel-aux-sessions-scientifiques-reunion-dhiver-2024-de-la-smc\/'>Appel aux sessions scientifiques | R\u00e9union d'hiver 2024 de la SMC<\/a>      <\/div>\n    <\/div>\n    <div class='notes_toc_article'>\n      <div class='notes_toc_article_row'>\n        <div class='notes_toc_article_pdf'>\n        <\/div>\n        <a class='notes_toc_article_title_link' href='https:\/\/mathmatters.cms.math.ca\/fr\/article\/appel-aux-sessions-deducation-reunion-dhiver-2024-de-la-smc\/'>Appel aux sessions d'\u00e9ducation | R\u00e9union d'hiver 2024 de la SMC<\/a>      <\/div>\n    <\/div>\n    <div class='notes_toc_article'>\n      <div class='notes_toc_section_name'>Comit\u00e9 \u00e9tudiant de la SMC<\/div>\n      <div class='notes_toc_article_row'>\n        <div class='notes_toc_article_pdf'>\n        <\/div>\n        <a class='notes_toc_article_title_link' href='https:\/\/mathmatters.cms.math.ca\/fr\/article\/la-seance-daffiches-des-etudiants-de-laarms-cms\/'>La s\u00e9ance d\u2019affiches des \u00e9tudiants de l\u2019AARMS-CMS<\/a> <span class='notes_toc_author_name'>&mdash;&nbsp;Courtney Allen, Karen Fletcher<\/span>      <\/div>\n    <\/div>\n    <div class='notes_toc_article'>\n      <div class='notes_toc_article_row'>\n        <div class='notes_toc_article_pdf'>\n        <\/div>\n        <a class='notes_toc_article_title_link' href='https:\/\/mathmatters.cms.math.ca\/fr\/article\/evenement-carrieres-en-mathematiques\/'>\u00c9v\u00e9nement \u201ccarri\u00e8res en math\u00e9matiques\u201d<\/a> <span class='notes_toc_author_name'>&mdash;&nbsp;Karen Fletcher<\/span>      <\/div>\n    <\/div>\n    <div class='notes_toc_article'>\n      <div class='notes_toc_section_name'>Announcements<\/div>\n      <div class='notes_toc_article_row'>\n        <div class='notes_toc_article_pdf'>\n        <\/div>\n        <a class='notes_toc_article_title_link' href='https:\/\/mathmatters.cms.math.ca\/fr\/article\/international-congress-of-mathematicians-2026-invitation-for-satellite-events-in-canada\/'>INTERNATIONAL CONGRESS OF MATHEMATICIANS 2026: INVITATION FOR SATELLITE EVENTS IN CANADA<\/a> <span class='notes_toc_author_name'>&mdash;&nbsp;Edward Bierstone<\/span>      <\/div>\n    <\/div>\n    <div class='notes_toc_article'>\n      <div class='notes_toc_article_row'>\n        <div class='notes_toc_article_pdf'>\n        <\/div>\n        <a class='notes_toc_article_title_link' href='https:\/\/mathmatters.cms.math.ca\/fr\/article\/lalo-60-first-call-for-papers\/'>LALO 60 -- First Call for Papers<\/a> <span class='notes_toc_author_name'>&mdash;&nbsp;Alex Brandt<\/span>      <\/div>\n    <\/div>\n    <div class='notes_toc_article'>\n      <div class='notes_toc_section_name'>Comit\u00e9 \u00e9tudiant de la SMC<\/div>\n      <div class='notes_toc_article_row'>\n        <div class='notes_toc_article_pdf'>\n        <\/div>\n        <a class='notes_toc_article_title_link' href='https:\/\/mathmatters.cms.math.ca\/fr\/article\/appel-a-membres-du-comite-etudiant-de-la-smc\/'>Appel \u00e0 membres du comit\u00e9 \u00e9tudiant de la SMC<\/a> <span class='notes_toc_author_name'>&mdash;&nbsp;Ludovick Bouthat<\/span>      <\/div>\n    <\/div>\n<\/div>\n<\/div>\n<\/div>\n    <\/div>\n  <\/div>\n<\/div>\n\t\t\t\t\t\t<\/div>\n\t\t\t\t<\/div>\n\t\t\t\t\t<\/div>\n\t\t<\/div>\n\t\t\t\t\t<\/div>\n\t\t<\/section>\n\t\t\t\t<\/div>\n\t\t","protected":false},"excerpt":{"rendered":"<p>Num\u00e9ros r\u00e9cents<\/p>\n","protected":false},"author":3,"featured_media":0,"parent":0,"menu_order":0,"comment_status":"closed","ping_status":"closed","template":"","meta":{"footnotes":""},"class_list":["post-1671","page","type-page","status-publish"],"_links":{"self":[{"href":"https:\/\/mathmatters.cms.math.ca\/fr\/wp-json\/wp\/v2\/pages\/1671","targetHints":{"allow":["GET"]}}],"collection":[{"href":"https:\/\/mathmatters.cms.math.ca\/fr\/wp-json\/wp\/v2\/pages"}],"about":[{"href":"https:\/\/mathmatters.cms.math.ca\/fr\/wp-json\/wp\/v2\/types\/page"}],"author":[{"embeddable":true,"href":"https:\/\/mathmatters.cms.math.ca\/fr\/wp-json\/wp\/v2\/users\/3"}],"replies":[{"embeddable":true,"href":"https:\/\/mathmatters.cms.math.ca\/fr\/wp-json\/wp\/v2\/comments?post=1671"}],"version-history":[{"count":10,"href":"https:\/\/mathmatters.cms.math.ca\/fr\/wp-json\/wp\/v2\/pages\/1671\/revisions"}],"predecessor-version":[{"id":17431,"href":"https:\/\/mathmatters.cms.math.ca\/fr\/wp-json\/wp\/v2\/pages\/1671\/revisions\/17431"}],"wp:attachment":[{"href":"https:\/\/mathmatters.cms.math.ca\/fr\/wp-json\/wp\/v2\/media?parent=1671"}],"curies":[{"name":"wp","href":"https:\/\/api.w.org\/{rel}","templated":true}]}}